{"id":7308,"date":"2026-04-26T08:52:24","date_gmt":"2026-04-26T08:52:24","guid":{"rendered":""},"modified":"2026-04-26T08:52:24","modified_gmt":"2026-04-26T08:52:24","slug":"znackovy-uniflam-biokrb-50x40cm-box-bily-matny-s-dvojitou-bio-vlozkou-7308","status":"publish","type":"product","link":"https:\/\/www.domtechnikpro.com\/index.php\/produkt\/znackovy-uniflam-biokrb-50x40cm-box-bily-matny-s-dvojitou-bio-vlozkou-7308\/","title":{"rendered":"Zna\u010dkov\u00fd UNIFLAM biokrb 50x40cm BOX b\u00edl\u00fd matn\u00fd s dvojitou bio vlo\u017ekou"},"content":{"rendered":"<h3>Detailn\u00ed popis produktu<\/h3>\n<p><strong>Pro\u010d biokrb UNIFLAM?<\/strong><\/p>\n<p>Biokrby UNIFLAM jsou skv\u011bl\u00fdm \u0159e\u0161en\u00edm do prostor, kde jsou mo\u017enosti pou\u017eit\u00ed klasick\u00e9ho krbu \u010di krbov\u00fdch kamen omezen\u00e9.<\/p>\n<p>Ob\u00fdvac\u00ed pokoj s\u00a0biokrbem je \u00fatuln\u00fd a vytv\u00e1\u0159\u00ed jedine\u010dnou atmosf\u00e9ru, a plamen z\u00a0biokrbu navozuje pocit pohodl\u00ed. Biokrb nepo\u017eaduje napojen\u00ed na kom\u00edn a t\u00edmto je mo\u017en\u00e9 ho pou\u017e\u00edt kdekoliv. Design a celkov\u00e9 navr\u017een\u00ed biokrb\u016f UNIFLAM zaru\u010duje rychlou a snadnou mont\u00e1\u017e. \u0160irok\u00e1 \u0161k\u00e1la velikost\u00ed a barev umo\u017e\u0148uje jejich p\u0159izp\u016fsoben\u00ed do jak\u00e9hokoliv interi\u00e9ru.<\/p>\n<p><b>Jak\u00e9 jsou v\u00fdhody biokrbu a pro\u010d si biokrb po\u0159\u00eddit?<\/b><\/p>\n<ul>\n<li>Men\u0161\u00ed rozm\u011bry oproti klasick\u00e9mu krbu<\/li>\n<li>Absence kom\u00edna<\/li>\n<li>\u0160irok\u00e1 \u0161k\u00e1la velikost\u00ed a barev<\/li>\n<li>Jednoduch\u00e1 instalace<\/li>\n<\/ul><\/div>\n<div class=\"extended-description\">\n<h3>Dopl\u0148kov\u00e9 parametry<\/h3>\n<table class=\"detail-parameters\">\n<tbody>\n<tr>\n<th>        <span class=\"row-header-label\">            Kategorie<span class=\"row-header-label-colon\">:<\/span>        <\/span>    <\/th>\n<td>        N\u00e1st\u011bnn\u00e9    <\/td>\n<\/tr>\n<tr class=\"productEan\">\n<th>          <span class=\"row-header-label productEan__label\">              EAN<span class=\"row-header-label-colon\">:<\/span>          <\/span>      <\/th>\n<td>          <span class=\"productEan__value\">5901592606821<\/span>      <\/td>\n<\/tr>\n<tr>\n<th>                <span class=\"row-header-label\">                                            Jmenovit\u00fd v\u00fdkon<span class=\"row-header-label-colon\">:<\/span>                                    <\/span>            <\/th>\n<td>                                                            2,5 Kw                                                <\/td>\n<\/tr>\n<tr>\n<th>                <span class=\"row-header-label\">                                            Rozm\u011br<span class=\"row-header-label-colon\">:<\/span>                                    <\/span>            <\/th>\n<td>                                                            506x403x20\/150 mm                                                <\/td>\n<\/tr>\n<tr>\n<th>                <span class=\"row-header-label\">                                            Dostupnost<span class=\"row-header-label-colon\">:<\/span>                                    <\/span>            <\/th>\n<td>                                                            Dod\u00e1me za 1-2 t\u00fddny                                                <\/td>\n<\/tr>\n<tr>\n<th>                <span class=\"row-header-label\">                                            V\u00fdrobce<span class=\"row-header-label-colon\">:<\/span>                                    <\/span>            <\/th>\n<td>                                                            Uniflam                                                <\/td>\n<\/tr>\n<tr>\n<th>                <span class=\"row-header-label\">                                            Vyt\u00e1p\u011bc\u00ed schopnost<span class=\"row-header-label-colon\">:<\/span>                                    <\/span>            <\/th>\n<td>                                                            25 m3                                                <\/td>\n<\/tr>\n<tr>\n<th>                <span class=\"row-header-label\">                                            Barevn\u00e9 proveden\u00ed<span class=\"row-header-label-colon\">:<\/span>                                    <\/span>            <\/th>\n<td>                                                            b\u00edl\u00e1                                                <\/td>\n<\/tr>\n<tr>\n<th>                <span class=\"row-header-label\">                                            Celkov\u00e1 v\u00e1ha<span class=\"row-header-label-colon\">:<\/span>                                    <\/span>            <\/th>\n<td>                                                            5 kg                                                <\/td>\n<\/tr>\n<tr>\n<th>                <span class=\"row-header-label\">                                            Objem z\u00e1sobn\u00edku na biol\u00edh<span class=\"row-header-label-colon\">:<\/span>                                    <\/span>            <\/th>\n<td>                                                            0,4 l                                                <\/td>\n<\/tr>\n<tr>\n<th>                <span class=\"row-header-label\">                                                                        Jmenovit\u00fd v\u00fdkon<span class=\"row-header-label-colon\">:<\/span>                                                            <\/span>            <\/th>\n<td>2,5 Kw<\/td>\n<\/tr>\n<tr>\n<th>                <span class=\"row-header-label\">                                                                        Barevn\u00e9 proveden\u00ed<span class=\"row-header-label-colon\">:<\/span>                                                            <\/span>            <\/th>\n<td>b\u00edl\u00e1<\/td>\n<\/tr>\n<tr>\n<th>                <span class=\"row-header-label\">                                                                        Rozm\u011br<span class=\"row-header-label-colon\">:<\/span>                                                            <\/span>            <\/th>\n<td>506x403x20\/150 mm<\/td>\n<\/tr>\n<tr>\n<th>                <span class=\"row-header-label\">                                                                        Objem z\u00e1sobn\u00edku na biol\u00edh<span class=\"row-header-label-colon\">:<\/span>                                                            <\/span>            <\/th>\n<td>0,4 l<\/td>\n<\/tr>\n<tr>\n<th>                <span class=\"row-header-label\">                                                                        Celkov\u00e1 v\u00e1ha<span class=\"row-header-label-colon\">:<\/span>                                                            <\/span>            <\/th>\n<td>5 kg<\/td>\n<\/tr>\n<tr>\n<th>                <span class=\"row-header-label\">                                                                        V\u00fdrobce<span class=\"row-header-label-colon\">:<\/span>                                                            <\/span>            <\/th>\n<td>Uniflam<\/td>\n<\/tr>\n<tr>\n<th>                <span class=\"row-header-label\">                                                                        Vyt\u00e1p\u011bc\u00ed schopnost<span class=\"row-header-label-colon\">:<\/span>                                                            <\/span>            <\/th>\n<td>25 m3<\/td>\n<\/tr>\n<\/tbody>\n<\/table><\/div>\n<\/p><\/div>\n<\/p><\/div>\n","protected":false},"excerpt":{"rendered":"<p>Detailn\u00ed popis produktu Pro\u010d biokrb UNIFLAM? Biokrby UNIFLAM jsou skv\u011bl\u00fdm \u0159e\u0161en\u00edm do prostor, kde jsou mo\u017enosti pou\u017eit\u00ed klasick\u00e9ho krbu \u010di krbov\u00fdch kamen omezen\u00e9. Ob\u00fdvac\u00ed pokoj s\u00a0biokrbem je \u00fatuln\u00fd a vytv\u00e1\u0159\u00ed jedine\u010dnou atmosf\u00e9ru, a plamen z\u00a0biokrbu navozuje pocit pohodl\u00ed. Biokrb nepo\u017eaduje napojen\u00ed na kom\u00edn a t\u00edmto je mo\u017en\u00e9 ho pou\u017e\u00edt kdekoliv. Design a celkov\u00e9 navr\u017een\u00ed biokrb\u016f [&hellip;]<\/p>\n","protected":false},"featured_media":7408,"comment_status":"open","ping_status":"open","template":"","meta":[],"product_brand":[],"product_cat":[47],"product_tag":[],"class_list":{"0":"post-7308","1":"product","2":"type-product","3":"status-publish","4":"has-post-thumbnail","6":"product_cat-krby-a-kamna","8":"first","9":"instock","10":"sale","11":"shipping-taxable","12":"purchasable","13":"product-type-simple"},"yoast_head":"<!-- This site is optimized with the Yoast SEO plugin v26.8 - https:\/\/yoast.com\/product\/yoast-seo-wordpress\/ -->\n<title>Zna\u010dkov\u00fd UNIFLAM biokrb 50x40cm BOX b\u00edl\u00fd matn\u00fd s dvojitou bio vlo\u017ekou -<\/title>\n<meta name=\"robots\" content=\"index, follow, max-snippet:-1, max-image-preview:large, max-video-preview:-1\" \/>\n<link rel=\"canonical\" href=\"https:\/\/www.domtechnikpro.com\/index.php\/produkt\/znackovy-uniflam-biokrb-50x40cm-box-bily-matny-s-dvojitou-bio-vlozkou-7308\/\" \/>\n<meta property=\"og:locale\" content=\"cs_CZ\" \/>\n<meta property=\"og:type\" content=\"article\" \/>\n<meta property=\"og:title\" content=\"Zna\u010dkov\u00fd UNIFLAM biokrb 50x40cm BOX b\u00edl\u00fd matn\u00fd s dvojitou bio vlo\u017ekou -\" \/>\n<meta property=\"og:description\" content=\"Detailn\u00ed popis produktu Pro\u010d biokrb UNIFLAM? Biokrby UNIFLAM jsou skv\u011bl\u00fdm \u0159e\u0161en\u00edm do prostor, kde jsou mo\u017enosti pou\u017eit\u00ed klasick\u00e9ho krbu \u010di krbov\u00fdch kamen omezen\u00e9. Ob\u00fdvac\u00ed pokoj s\u00a0biokrbem je \u00fatuln\u00fd a vytv\u00e1\u0159\u00ed jedine\u010dnou atmosf\u00e9ru, a plamen z\u00a0biokrbu navozuje pocit pohodl\u00ed. Biokrb nepo\u017eaduje napojen\u00ed na kom\u00edn a t\u00edmto je mo\u017en\u00e9 ho pou\u017e\u00edt kdekoliv. Design a celkov\u00e9 navr\u017een\u00ed biokrb\u016f [&hellip;]\" \/>\n<meta property=\"og:url\" content=\"https:\/\/www.domtechnikpro.com\/index.php\/produkt\/znackovy-uniflam-biokrb-50x40cm-box-bily-matny-s-dvojitou-bio-vlozkou-7308\/\" \/>\n<meta property=\"og:image\" content=\"https:\/\/www.domtechnikpro.com\/wp-content\/uploads\/2026\/SK0004342-CZ20260425-091701-0-1777079823-77518-1_getimage-ashx-id-biokominek-uniflam-50x40-box-bialy.webp\" \/>\n\t<meta property=\"og:image:width\" content=\"800\" \/>\n\t<meta property=\"og:image:height\" content=\"800\" \/>\n\t<meta property=\"og:image:type\" content=\"image\/webp\" \/>\n<meta name=\"twitter:card\" content=\"summary_large_image\" \/>\n<meta name=\"twitter:label1\" content=\"Odhadovan\u00e1 doba \u010dten\u00ed\" \/>\n\t<meta name=\"twitter:data1\" content=\"1 minuta\" \/>\n<script type=\"application\/ld+json\" class=\"yoast-schema-graph\">{\"@context\":\"https:\/\/schema.org\",\"@graph\":[{\"@type\":\"WebPage\",\"@id\":\"https:\/\/www.domtechnikpro.com\/index.php\/produkt\/znackovy-uniflam-biokrb-50x40cm-box-bily-matny-s-dvojitou-bio-vlozkou-7308\/\",\"url\":\"https:\/\/www.domtechnikpro.com\/index.php\/produkt\/znackovy-uniflam-biokrb-50x40cm-box-bily-matny-s-dvojitou-bio-vlozkou-7308\/\",\"name\":\"Zna\u010dkov\u00fd UNIFLAM biokrb 50x40cm BOX b\u00edl\u00fd matn\u00fd s dvojitou bio vlo\u017ekou -\",\"isPartOf\":{\"@id\":\"https:\/\/www.domtechnikpro.com\/#website\"},\"primaryImageOfPage\":{\"@id\":\"https:\/\/www.domtechnikpro.com\/index.php\/produkt\/znackovy-uniflam-biokrb-50x40cm-box-bily-matny-s-dvojitou-bio-vlozkou-7308\/#primaryimage\"},\"image\":{\"@id\":\"https:\/\/www.domtechnikpro.com\/index.php\/produkt\/znackovy-uniflam-biokrb-50x40cm-box-bily-matny-s-dvojitou-bio-vlozkou-7308\/#primaryimage\"},\"thumbnailUrl\":\"https:\/\/www.domtechnikpro.com\/wp-content\/uploads\/2026\/SK0004342-CZ20260425-091701-0-1777079823-77518-1_getimage-ashx-id-biokominek-uniflam-50x40-box-bialy.webp\",\"datePublished\":\"2026-04-26T08:52:24+00:00\",\"breadcrumb\":{\"@id\":\"https:\/\/www.domtechnikpro.com\/index.php\/produkt\/znackovy-uniflam-biokrb-50x40cm-box-bily-matny-s-dvojitou-bio-vlozkou-7308\/#breadcrumb\"},\"inLanguage\":\"cs\",\"potentialAction\":[{\"@type\":\"ReadAction\",\"target\":[\"https:\/\/www.domtechnikpro.com\/index.php\/produkt\/znackovy-uniflam-biokrb-50x40cm-box-bily-matny-s-dvojitou-bio-vlozkou-7308\/\"]}]},{\"@type\":\"ImageObject\",\"inLanguage\":\"cs\",\"@id\":\"https:\/\/www.domtechnikpro.com\/index.php\/produkt\/znackovy-uniflam-biokrb-50x40cm-box-bily-matny-s-dvojitou-bio-vlozkou-7308\/#primaryimage\",\"url\":\"https:\/\/www.domtechnikpro.com\/wp-content\/uploads\/2026\/SK0004342-CZ20260425-091701-0-1777079823-77518-1_getimage-ashx-id-biokominek-uniflam-50x40-box-bialy.webp\",\"contentUrl\":\"https:\/\/www.domtechnikpro.com\/wp-content\/uploads\/2026\/SK0004342-CZ20260425-091701-0-1777079823-77518-1_getimage-ashx-id-biokominek-uniflam-50x40-box-bialy.webp\",\"width\":800,\"height\":800},{\"@type\":\"BreadcrumbList\",\"@id\":\"https:\/\/www.domtechnikpro.com\/index.php\/produkt\/znackovy-uniflam-biokrb-50x40cm-box-bily-matny-s-dvojitou-bio-vlozkou-7308\/#breadcrumb\",\"itemListElement\":[{\"@type\":\"ListItem\",\"position\":1,\"name\":\"Home\",\"item\":\"https:\/\/www.domtechnikpro.com\/\"},{\"@type\":\"ListItem\",\"position\":2,\"name\":\"Products\",\"item\":\"https:\/\/www.domtechnikpro.com\/index.php\/products\/\"},{\"@type\":\"ListItem\",\"position\":3,\"name\":\"Zna\u010dkov\u00fd UNIFLAM biokrb 50x40cm BOX b\u00edl\u00fd matn\u00fd s dvojitou bio vlo\u017ekou\"}]},{\"@type\":\"WebSite\",\"@id\":\"https:\/\/www.domtechnikpro.com\/#website\",\"url\":\"https:\/\/www.domtechnikpro.com\/\",\"name\":\"\",\"description\":\"\",\"potentialAction\":[{\"@type\":\"SearchAction\",\"target\":{\"@type\":\"EntryPoint\",\"urlTemplate\":\"https:\/\/www.domtechnikpro.com\/?s={search_term_string}\"},\"query-input\":{\"@type\":\"PropertyValueSpecification\",\"valueRequired\":true,\"valueName\":\"search_term_string\"}}],\"inLanguage\":\"cs\"}]}<\/script>\n<!-- \/ Yoast SEO plugin. -->","yoast_head_json":{"title":"Zna\u010dkov\u00fd UNIFLAM biokrb 50x40cm BOX b\u00edl\u00fd matn\u00fd s dvojitou bio vlo\u017ekou -","robots":{"index":"index","follow":"follow","max-snippet":"max-snippet:-1","max-image-preview":"max-image-preview:large","max-video-preview":"max-video-preview:-1"},"canonical":"https:\/\/www.domtechnikpro.com\/index.php\/produkt\/znackovy-uniflam-biokrb-50x40cm-box-bily-matny-s-dvojitou-bio-vlozkou-7308\/","og_locale":"cs_CZ","og_type":"article","og_title":"Zna\u010dkov\u00fd UNIFLAM biokrb 50x40cm BOX b\u00edl\u00fd matn\u00fd s dvojitou bio vlo\u017ekou -","og_description":"Detailn\u00ed popis produktu Pro\u010d biokrb UNIFLAM? Biokrby UNIFLAM jsou skv\u011bl\u00fdm \u0159e\u0161en\u00edm do prostor, kde jsou mo\u017enosti pou\u017eit\u00ed klasick\u00e9ho krbu \u010di krbov\u00fdch kamen omezen\u00e9. Ob\u00fdvac\u00ed pokoj s\u00a0biokrbem je \u00fatuln\u00fd a vytv\u00e1\u0159\u00ed jedine\u010dnou atmosf\u00e9ru, a plamen z\u00a0biokrbu navozuje pocit pohodl\u00ed. Biokrb nepo\u017eaduje napojen\u00ed na kom\u00edn a t\u00edmto je mo\u017en\u00e9 ho pou\u017e\u00edt kdekoliv. Design a celkov\u00e9 navr\u017een\u00ed biokrb\u016f [&hellip;]","og_url":"https:\/\/www.domtechnikpro.com\/index.php\/produkt\/znackovy-uniflam-biokrb-50x40cm-box-bily-matny-s-dvojitou-bio-vlozkou-7308\/","og_image":[{"width":800,"height":800,"url":"https:\/\/www.domtechnikpro.com\/wp-content\/uploads\/2026\/SK0004342-CZ20260425-091701-0-1777079823-77518-1_getimage-ashx-id-biokominek-uniflam-50x40-box-bialy.webp","type":"image\/webp"}],"twitter_card":"summary_large_image","twitter_misc":{"Odhadovan\u00e1 doba \u010dten\u00ed":"1 minuta"},"schema":{"@context":"https:\/\/schema.org","@graph":[{"@type":"WebPage","@id":"https:\/\/www.domtechnikpro.com\/index.php\/produkt\/znackovy-uniflam-biokrb-50x40cm-box-bily-matny-s-dvojitou-bio-vlozkou-7308\/","url":"https:\/\/www.domtechnikpro.com\/index.php\/produkt\/znackovy-uniflam-biokrb-50x40cm-box-bily-matny-s-dvojitou-bio-vlozkou-7308\/","name":"Zna\u010dkov\u00fd UNIFLAM biokrb 50x40cm BOX b\u00edl\u00fd matn\u00fd s dvojitou bio vlo\u017ekou -","isPartOf":{"@id":"https:\/\/www.domtechnikpro.com\/#website"},"primaryImageOfPage":{"@id":"https:\/\/www.domtechnikpro.com\/index.php\/produkt\/znackovy-uniflam-biokrb-50x40cm-box-bily-matny-s-dvojitou-bio-vlozkou-7308\/#primaryimage"},"image":{"@id":"https:\/\/www.domtechnikpro.com\/index.php\/produkt\/znackovy-uniflam-biokrb-50x40cm-box-bily-matny-s-dvojitou-bio-vlozkou-7308\/#primaryimage"},"thumbnailUrl":"https:\/\/www.domtechnikpro.com\/wp-content\/uploads\/2026\/SK0004342-CZ20260425-091701-0-1777079823-77518-1_getimage-ashx-id-biokominek-uniflam-50x40-box-bialy.webp","datePublished":"2026-04-26T08:52:24+00:00","breadcrumb":{"@id":"https:\/\/www.domtechnikpro.com\/index.php\/produkt\/znackovy-uniflam-biokrb-50x40cm-box-bily-matny-s-dvojitou-bio-vlozkou-7308\/#breadcrumb"},"inLanguage":"cs","potentialAction":[{"@type":"ReadAction","target":["https:\/\/www.domtechnikpro.com\/index.php\/produkt\/znackovy-uniflam-biokrb-50x40cm-box-bily-matny-s-dvojitou-bio-vlozkou-7308\/"]}]},{"@type":"ImageObject","inLanguage":"cs","@id":"https:\/\/www.domtechnikpro.com\/index.php\/produkt\/znackovy-uniflam-biokrb-50x40cm-box-bily-matny-s-dvojitou-bio-vlozkou-7308\/#primaryimage","url":"https:\/\/www.domtechnikpro.com\/wp-content\/uploads\/2026\/SK0004342-CZ20260425-091701-0-1777079823-77518-1_getimage-ashx-id-biokominek-uniflam-50x40-box-bialy.webp","contentUrl":"https:\/\/www.domtechnikpro.com\/wp-content\/uploads\/2026\/SK0004342-CZ20260425-091701-0-1777079823-77518-1_getimage-ashx-id-biokominek-uniflam-50x40-box-bialy.webp","width":800,"height":800},{"@type":"BreadcrumbList","@id":"https:\/\/www.domtechnikpro.com\/index.php\/produkt\/znackovy-uniflam-biokrb-50x40cm-box-bily-matny-s-dvojitou-bio-vlozkou-7308\/#breadcrumb","itemListElement":[{"@type":"ListItem","position":1,"name":"Home","item":"https:\/\/www.domtechnikpro.com\/"},{"@type":"ListItem","position":2,"name":"Products","item":"https:\/\/www.domtechnikpro.com\/index.php\/products\/"},{"@type":"ListItem","position":3,"name":"Zna\u010dkov\u00fd UNIFLAM biokrb 50x40cm BOX b\u00edl\u00fd matn\u00fd s dvojitou bio vlo\u017ekou"}]},{"@type":"WebSite","@id":"https:\/\/www.domtechnikpro.com\/#website","url":"https:\/\/www.domtechnikpro.com\/","name":"","description":"","potentialAction":[{"@type":"SearchAction","target":{"@type":"EntryPoint","urlTemplate":"https:\/\/www.domtechnikpro.com\/?s={search_term_string}"},"query-input":{"@type":"PropertyValueSpecification","valueRequired":true,"valueName":"search_term_string"}}],"inLanguage":"cs"}]}},"_links":{"self":[{"href":"https:\/\/www.domtechnikpro.com\/index.php\/wp-json\/wp\/v2\/product\/7308","targetHints":{"allow":["GET"]}}],"collection":[{"href":"https:\/\/www.domtechnikpro.com\/index.php\/wp-json\/wp\/v2\/product"}],"about":[{"href":"https:\/\/www.domtechnikpro.com\/index.php\/wp-json\/wp\/v2\/types\/product"}],"replies":[{"embeddable":true,"href":"https:\/\/www.domtechnikpro.com\/index.php\/wp-json\/wp\/v2\/comments?post=7308"}],"wp:featuredmedia":[{"embeddable":true,"href":"https:\/\/www.domtechnikpro.com\/index.php\/wp-json\/wp\/v2\/media\/7408"}],"wp:attachment":[{"href":"https:\/\/www.domtechnikpro.com\/index.php\/wp-json\/wp\/v2\/media?parent=7308"}],"wp:term":[{"taxonomy":"product_brand","embeddable":true,"href":"https:\/\/www.domtechnikpro.com\/index.php\/wp-json\/wp\/v2\/product_brand?post=7308"},{"taxonomy":"product_cat","embeddable":true,"href":"https:\/\/www.domtechnikpro.com\/index.php\/wp-json\/wp\/v2\/product_cat?post=7308"},{"taxonomy":"product_tag","embeddable":true,"href":"https:\/\/www.domtechnikpro.com\/index.php\/wp-json\/wp\/v2\/product_tag?post=7308"}],"curies":[{"name":"wp","href":"https:\/\/api.w.org\/{rel}","templated":true}]}}