{"id":70570,"date":"2026-04-26T09:04:53","date_gmt":"2026-04-26T09:04:53","guid":{"rendered":""},"modified":"2026-04-26T09:04:53","modified_gmt":"2026-04-26T09:04:53","slug":"znackovy-polysan-lily-obdelnikova-vana-130x70x39cm-bila-77511-70570","status":"publish","type":"product","link":"https:\/\/www.domtechnikpro.com\/index.php\/produkt\/znackovy-polysan-lily-obdelnikova-vana-130x70x39cm-bila-77511-70570\/","title":{"rendered":"Zna\u010dkov\u00fd Polysan LILY obd\u00e9ln\u00edkov\u00e1 vana 130x70x39cm, b\u00edl\u00e1 77511"},"content":{"rendered":"<div class=\"basic-description\">\n<h3>Detailn\u00ed popis produktu<\/h3>\n<div>\n<p>Vana LILY je vhodn\u00e1 do men\u0161\u00edch koupelen, kde i p\u0159es sv\u00e9 mal\u00e9 rozm\u011bry poskytne pohodlnou koupel. V kombinaci s vanovou z\u00e1st\u011bnou z\u00edsk\u00e1te i sprchovac\u00ed kout.<\/p>\n<ul>\n<li>Podm\u00ednkou z\u00e1ruky na produkt je pou\u017eit\u00ed doporu\u010den\u00e9ho typu podstavce.<\/li>\n<\/ul>\n<\/div>\n<p><\/p>\n<h2 class=\"props-title\">Vlastnosti<\/h2>\n<table>\n<tr>\n<th>Zna\u010dka<\/th>\n<td>POLYSAN<\/td>\n<\/tr>\n<tr>\n<th>3D model<\/th>\n<td>ANO<\/td>\n<\/tr>\n<tr>\n<th>Rozm\u011br<\/th>\n<td>130x70x39 cm<\/td>\n<\/tr>\n<tr>\n<th>D\u00e9lka<\/th>\n<td>1300&nbsp;mm<\/td>\n<\/tr>\n<tr>\n<th>\u0160\u00ed\u0159ka<\/th>\n<td>700&nbsp;mm<\/td>\n<\/tr>\n<tr>\n<th>V\u00fd\u0161ka<\/th>\n<td>390&nbsp;mm<\/td>\n<\/tr>\n<tr>\n<th>Objem<\/th>\n<td>167.00&nbsp;l<\/td>\n<\/tr>\n<tr>\n<th>Barva<\/th>\n<td>B\u00edl\u00e1<\/td>\n<\/tr>\n<tr>\n<th>Jin\u00e9 barevn\u00e9 proveden\u00ed<\/th>\n<td>Dle vzorn\u00edku<\/td>\n<\/tr>\n<tr>\n<th>Materi\u00e1l<\/th>\n<td>Akryl\u00e1t<\/td>\n<\/tr>\n<tr>\n<th>Tvar<\/th>\n<td>Obd\u00e9ln\u00edkov\u00e9<\/td>\n<\/tr>\n<tr>\n<th>Instalace<\/th>\n<td>Vestavn\u00e1 (k obezd\u011bn\u00ed)<\/td>\n<\/tr>\n<tr>\n<th>Pr\u016fm\u011br odpadu<\/th>\n<td>52&nbsp;mm<\/td>\n<\/tr>\n<tr>\n<th>Vlastnosti<\/th>\n<td>V\u00fd\u0161ka okraje 40 mm (Standard)<\/td>\n<\/tr>\n<tr>\n<th>Balen\u00ed neobsahuje<\/th>\n<td>Sifon, Vanov\u00e1 souprava<\/td>\n<\/tr>\n<tr>\n<th>Hmotnost \/ ks<\/th>\n<td>16.5000&nbsp;kg<\/td>\n<\/tr>\n<tr>\n<th>Balen\u00ed<\/th>\n<td>1&nbsp;ks<\/td>\n<\/tr>\n<tr>\n<th>EAN<\/th>\n<td>8590729064480<\/td>\n<\/tr>\n<tr>\n<th>Taric<\/th>\n<td>39221000<\/td>\n<\/tr>\n<tr>\n<th>Z\u00e1ruka<\/th>\n<td>10 let<\/td>\n<\/tr>\n<\/table>\n<div class=\"product-explanation-item\">\n<h3>Vanu lze vyrobit v tomto barevn\u00e9m proveden\u00ed:<\/h3>\n<p><strong>P\u0159\u00edplatek 50 % k z\u00e1kladn\u011b cen\u011b v b\u00edl\u00e9m proveden\u00ed:<\/strong><\/p>\n<p><strong>P\u0159\u00edplatek 30 % k z\u00e1kladn\u011b cen\u011b v b\u00edl\u00e9m proveden\u00ed:<\/strong><\/p>\n<\/div>\n<div class=\"product-explanation-item\">\n<h3>Akryl\u00e1t<\/h3>\n<p style=\"text-align: justify;\">Akryl\u00e1tov\u00e9 vany a vani\u010dky jsou vyr\u00e1b\u011bny ze zna\u010dkov\u00e9ho akryl\u00e1tu. Na rozd\u00edl od koextrudovan\u00fdch akryl\u00e1tov\u00fdch desek, kter\u00e9 maj\u00ed m\u011bk\u010d\u00ed povrch a men\u0161\u00ed chemickou odolnost, se vyr\u00e1b\u00ed lit\u00edm. To mj. znamen\u00e1, \u017ee je probarven\u00fd v cel\u00e9 tlou\u0161\u0165ce, pln\u011b st\u00e1lobarevn\u00fd, nepor\u00e9zn\u00ed a s vysokou povrchovou pevnost\u00ed. M\u00e1 hladk\u00fd povrch s minim\u00e1ln\u00ed mo\u017enost\u00ed uklouznut\u00ed a dob\u0159e tlum\u00ed hluk dopadaj\u00edc\u00ed vody.<\/p>\n<\/div>\n<ul>\n<li>Dokumenty &#8211; N\u00e1vod<\/li>\n<li>Dokumenty &#8211; 3D modely<\/li>\n<li>Dokumenty &#8211; 3D modely<\/li>\n<li>Dokumenty &#8211; 3D modely<\/li>\n<li>Dokumenty &#8211; N\u00e1vod<\/li>\n<li>Technick\u00fd list<\/li>\n<\/ul><\/div>\n","protected":false},"excerpt":{"rendered":"<p>Detailn\u00ed popis produktu Vana LILY je vhodn\u00e1 do men\u0161\u00edch koupelen, kde i p\u0159es sv\u00e9 mal\u00e9 rozm\u011bry poskytne pohodlnou koupel. V kombinaci s vanovou z\u00e1st\u011bnou z\u00edsk\u00e1te i sprchovac\u00ed kout. Podm\u00ednkou z\u00e1ruky na produkt je pou\u017eit\u00ed doporu\u010den\u00e9ho typu podstavce. Vlastnosti Zna\u010dka POLYSAN 3D model ANO Rozm\u011br 130x70x39 cm D\u00e9lka 1300&nbsp;mm \u0160\u00ed\u0159ka 700&nbsp;mm V\u00fd\u0161ka 390&nbsp;mm Objem 167.00&nbsp;l Barva [&hellip;]<\/p>\n","protected":false},"featured_media":70670,"comment_status":"open","ping_status":"open","template":"","meta":[],"product_brand":[],"product_cat":[144],"product_tag":[],"class_list":{"0":"post-70570","1":"product","2":"type-product","3":"status-publish","4":"has-post-thumbnail","6":"product_cat-vany","8":"first","9":"instock","10":"sale","11":"shipping-taxable","12":"purchasable","13":"product-type-simple"},"yoast_head":"<!-- This site is optimized with the Yoast SEO plugin v26.8 - https:\/\/yoast.com\/product\/yoast-seo-wordpress\/ -->\n<title>Zna\u010dkov\u00fd Polysan LILY obd\u00e9ln\u00edkov\u00e1 vana 130x70x39cm, b\u00edl\u00e1 77511 -<\/title>\n<meta name=\"robots\" content=\"index, follow, max-snippet:-1, max-image-preview:large, max-video-preview:-1\" \/>\n<link rel=\"canonical\" href=\"https:\/\/www.domtechnikpro.com\/index.php\/produkt\/znackovy-polysan-lily-obdelnikova-vana-130x70x39cm-bila-77511-70570\/\" \/>\n<meta property=\"og:locale\" content=\"cs_CZ\" \/>\n<meta property=\"og:type\" content=\"article\" \/>\n<meta property=\"og:title\" content=\"Zna\u010dkov\u00fd Polysan LILY obd\u00e9ln\u00edkov\u00e1 vana 130x70x39cm, b\u00edl\u00e1 77511 -\" \/>\n<meta property=\"og:description\" content=\"Detailn\u00ed popis produktu Vana LILY je vhodn\u00e1 do men\u0161\u00edch koupelen, kde i p\u0159es sv\u00e9 mal\u00e9 rozm\u011bry poskytne pohodlnou koupel. V kombinaci s vanovou z\u00e1st\u011bnou z\u00edsk\u00e1te i sprchovac\u00ed kout. Podm\u00ednkou z\u00e1ruky na produkt je pou\u017eit\u00ed doporu\u010den\u00e9ho typu podstavce. Vlastnosti Zna\u010dka POLYSAN 3D model ANO Rozm\u011br 130x70x39 cm D\u00e9lka 1300&nbsp;mm \u0160\u00ed\u0159ka 700&nbsp;mm V\u00fd\u0161ka 390&nbsp;mm Objem 167.00&nbsp;l Barva [&hellip;]\" \/>\n<meta property=\"og:url\" content=\"https:\/\/www.domtechnikpro.com\/index.php\/produkt\/znackovy-polysan-lily-obdelnikova-vana-130x70x39cm-bila-77511-70570\/\" \/>\n<meta property=\"og:image\" content=\"https:\/\/www.domtechnikpro.com\/wp-content\/uploads\/2026\/SK0001941-CZ20260425-093631-0-1777080994-64440-4_polysan-lily-obdelnikova-vana-130x70x39cm--bila-775.webp\" \/>\n\t<meta property=\"og:image:width\" content=\"1000\" \/>\n\t<meta property=\"og:image:height\" content=\"750\" \/>\n\t<meta property=\"og:image:type\" content=\"image\/webp\" \/>\n<meta name=\"twitter:card\" content=\"summary_large_image\" \/>\n<meta name=\"twitter:label1\" content=\"Odhadovan\u00e1 doba \u010dten\u00ed\" \/>\n\t<meta name=\"twitter:data1\" content=\"1 minuta\" \/>\n<script type=\"application\/ld+json\" class=\"yoast-schema-graph\">{\"@context\":\"https:\/\/schema.org\",\"@graph\":[{\"@type\":\"WebPage\",\"@id\":\"https:\/\/www.domtechnikpro.com\/index.php\/produkt\/znackovy-polysan-lily-obdelnikova-vana-130x70x39cm-bila-77511-70570\/\",\"url\":\"https:\/\/www.domtechnikpro.com\/index.php\/produkt\/znackovy-polysan-lily-obdelnikova-vana-130x70x39cm-bila-77511-70570\/\",\"name\":\"Zna\u010dkov\u00fd Polysan LILY obd\u00e9ln\u00edkov\u00e1 vana 130x70x39cm, b\u00edl\u00e1 77511 -\",\"isPartOf\":{\"@id\":\"https:\/\/www.domtechnikpro.com\/#website\"},\"primaryImageOfPage\":{\"@id\":\"https:\/\/www.domtechnikpro.com\/index.php\/produkt\/znackovy-polysan-lily-obdelnikova-vana-130x70x39cm-bila-77511-70570\/#primaryimage\"},\"image\":{\"@id\":\"https:\/\/www.domtechnikpro.com\/index.php\/produkt\/znackovy-polysan-lily-obdelnikova-vana-130x70x39cm-bila-77511-70570\/#primaryimage\"},\"thumbnailUrl\":\"https:\/\/www.domtechnikpro.com\/wp-content\/uploads\/2026\/SK0001941-CZ20260425-093631-0-1777080994-64440-4_polysan-lily-obdelnikova-vana-130x70x39cm--bila-775.webp\",\"datePublished\":\"2026-04-26T09:04:53+00:00\",\"breadcrumb\":{\"@id\":\"https:\/\/www.domtechnikpro.com\/index.php\/produkt\/znackovy-polysan-lily-obdelnikova-vana-130x70x39cm-bila-77511-70570\/#breadcrumb\"},\"inLanguage\":\"cs\",\"potentialAction\":[{\"@type\":\"ReadAction\",\"target\":[\"https:\/\/www.domtechnikpro.com\/index.php\/produkt\/znackovy-polysan-lily-obdelnikova-vana-130x70x39cm-bila-77511-70570\/\"]}]},{\"@type\":\"ImageObject\",\"inLanguage\":\"cs\",\"@id\":\"https:\/\/www.domtechnikpro.com\/index.php\/produkt\/znackovy-polysan-lily-obdelnikova-vana-130x70x39cm-bila-77511-70570\/#primaryimage\",\"url\":\"https:\/\/www.domtechnikpro.com\/wp-content\/uploads\/2026\/SK0001941-CZ20260425-093631-0-1777080994-64440-4_polysan-lily-obdelnikova-vana-130x70x39cm--bila-775.webp\",\"contentUrl\":\"https:\/\/www.domtechnikpro.com\/wp-content\/uploads\/2026\/SK0001941-CZ20260425-093631-0-1777080994-64440-4_polysan-lily-obdelnikova-vana-130x70x39cm--bila-775.webp\",\"width\":1000,\"height\":750},{\"@type\":\"BreadcrumbList\",\"@id\":\"https:\/\/www.domtechnikpro.com\/index.php\/produkt\/znackovy-polysan-lily-obdelnikova-vana-130x70x39cm-bila-77511-70570\/#breadcrumb\",\"itemListElement\":[{\"@type\":\"ListItem\",\"position\":1,\"name\":\"Home\",\"item\":\"https:\/\/www.domtechnikpro.com\/\"},{\"@type\":\"ListItem\",\"position\":2,\"name\":\"Products\",\"item\":\"https:\/\/www.domtechnikpro.com\/index.php\/products\/\"},{\"@type\":\"ListItem\",\"position\":3,\"name\":\"Zna\u010dkov\u00fd Polysan LILY obd\u00e9ln\u00edkov\u00e1 vana 130x70x39cm, b\u00edl\u00e1 77511\"}]},{\"@type\":\"WebSite\",\"@id\":\"https:\/\/www.domtechnikpro.com\/#website\",\"url\":\"https:\/\/www.domtechnikpro.com\/\",\"name\":\"\",\"description\":\"\",\"potentialAction\":[{\"@type\":\"SearchAction\",\"target\":{\"@type\":\"EntryPoint\",\"urlTemplate\":\"https:\/\/www.domtechnikpro.com\/?s={search_term_string}\"},\"query-input\":{\"@type\":\"PropertyValueSpecification\",\"valueRequired\":true,\"valueName\":\"search_term_string\"}}],\"inLanguage\":\"cs\"}]}<\/script>\n<!-- \/ Yoast SEO plugin. -->","yoast_head_json":{"title":"Zna\u010dkov\u00fd Polysan LILY obd\u00e9ln\u00edkov\u00e1 vana 130x70x39cm, b\u00edl\u00e1 77511 -","robots":{"index":"index","follow":"follow","max-snippet":"max-snippet:-1","max-image-preview":"max-image-preview:large","max-video-preview":"max-video-preview:-1"},"canonical":"https:\/\/www.domtechnikpro.com\/index.php\/produkt\/znackovy-polysan-lily-obdelnikova-vana-130x70x39cm-bila-77511-70570\/","og_locale":"cs_CZ","og_type":"article","og_title":"Zna\u010dkov\u00fd Polysan LILY obd\u00e9ln\u00edkov\u00e1 vana 130x70x39cm, b\u00edl\u00e1 77511 -","og_description":"Detailn\u00ed popis produktu Vana LILY je vhodn\u00e1 do men\u0161\u00edch koupelen, kde i p\u0159es sv\u00e9 mal\u00e9 rozm\u011bry poskytne pohodlnou koupel. V kombinaci s vanovou z\u00e1st\u011bnou z\u00edsk\u00e1te i sprchovac\u00ed kout. Podm\u00ednkou z\u00e1ruky na produkt je pou\u017eit\u00ed doporu\u010den\u00e9ho typu podstavce. Vlastnosti Zna\u010dka POLYSAN 3D model ANO Rozm\u011br 130x70x39 cm D\u00e9lka 1300&nbsp;mm \u0160\u00ed\u0159ka 700&nbsp;mm V\u00fd\u0161ka 390&nbsp;mm Objem 167.00&nbsp;l Barva [&hellip;]","og_url":"https:\/\/www.domtechnikpro.com\/index.php\/produkt\/znackovy-polysan-lily-obdelnikova-vana-130x70x39cm-bila-77511-70570\/","og_image":[{"width":1000,"height":750,"url":"https:\/\/www.domtechnikpro.com\/wp-content\/uploads\/2026\/SK0001941-CZ20260425-093631-0-1777080994-64440-4_polysan-lily-obdelnikova-vana-130x70x39cm--bila-775.webp","type":"image\/webp"}],"twitter_card":"summary_large_image","twitter_misc":{"Odhadovan\u00e1 doba \u010dten\u00ed":"1 minuta"},"schema":{"@context":"https:\/\/schema.org","@graph":[{"@type":"WebPage","@id":"https:\/\/www.domtechnikpro.com\/index.php\/produkt\/znackovy-polysan-lily-obdelnikova-vana-130x70x39cm-bila-77511-70570\/","url":"https:\/\/www.domtechnikpro.com\/index.php\/produkt\/znackovy-polysan-lily-obdelnikova-vana-130x70x39cm-bila-77511-70570\/","name":"Zna\u010dkov\u00fd Polysan LILY obd\u00e9ln\u00edkov\u00e1 vana 130x70x39cm, b\u00edl\u00e1 77511 -","isPartOf":{"@id":"https:\/\/www.domtechnikpro.com\/#website"},"primaryImageOfPage":{"@id":"https:\/\/www.domtechnikpro.com\/index.php\/produkt\/znackovy-polysan-lily-obdelnikova-vana-130x70x39cm-bila-77511-70570\/#primaryimage"},"image":{"@id":"https:\/\/www.domtechnikpro.com\/index.php\/produkt\/znackovy-polysan-lily-obdelnikova-vana-130x70x39cm-bila-77511-70570\/#primaryimage"},"thumbnailUrl":"https:\/\/www.domtechnikpro.com\/wp-content\/uploads\/2026\/SK0001941-CZ20260425-093631-0-1777080994-64440-4_polysan-lily-obdelnikova-vana-130x70x39cm--bila-775.webp","datePublished":"2026-04-26T09:04:53+00:00","breadcrumb":{"@id":"https:\/\/www.domtechnikpro.com\/index.php\/produkt\/znackovy-polysan-lily-obdelnikova-vana-130x70x39cm-bila-77511-70570\/#breadcrumb"},"inLanguage":"cs","potentialAction":[{"@type":"ReadAction","target":["https:\/\/www.domtechnikpro.com\/index.php\/produkt\/znackovy-polysan-lily-obdelnikova-vana-130x70x39cm-bila-77511-70570\/"]}]},{"@type":"ImageObject","inLanguage":"cs","@id":"https:\/\/www.domtechnikpro.com\/index.php\/produkt\/znackovy-polysan-lily-obdelnikova-vana-130x70x39cm-bila-77511-70570\/#primaryimage","url":"https:\/\/www.domtechnikpro.com\/wp-content\/uploads\/2026\/SK0001941-CZ20260425-093631-0-1777080994-64440-4_polysan-lily-obdelnikova-vana-130x70x39cm--bila-775.webp","contentUrl":"https:\/\/www.domtechnikpro.com\/wp-content\/uploads\/2026\/SK0001941-CZ20260425-093631-0-1777080994-64440-4_polysan-lily-obdelnikova-vana-130x70x39cm--bila-775.webp","width":1000,"height":750},{"@type":"BreadcrumbList","@id":"https:\/\/www.domtechnikpro.com\/index.php\/produkt\/znackovy-polysan-lily-obdelnikova-vana-130x70x39cm-bila-77511-70570\/#breadcrumb","itemListElement":[{"@type":"ListItem","position":1,"name":"Home","item":"https:\/\/www.domtechnikpro.com\/"},{"@type":"ListItem","position":2,"name":"Products","item":"https:\/\/www.domtechnikpro.com\/index.php\/products\/"},{"@type":"ListItem","position":3,"name":"Zna\u010dkov\u00fd Polysan LILY obd\u00e9ln\u00edkov\u00e1 vana 130x70x39cm, b\u00edl\u00e1 77511"}]},{"@type":"WebSite","@id":"https:\/\/www.domtechnikpro.com\/#website","url":"https:\/\/www.domtechnikpro.com\/","name":"","description":"","potentialAction":[{"@type":"SearchAction","target":{"@type":"EntryPoint","urlTemplate":"https:\/\/www.domtechnikpro.com\/?s={search_term_string}"},"query-input":{"@type":"PropertyValueSpecification","valueRequired":true,"valueName":"search_term_string"}}],"inLanguage":"cs"}]}},"_links":{"self":[{"href":"https:\/\/www.domtechnikpro.com\/index.php\/wp-json\/wp\/v2\/product\/70570","targetHints":{"allow":["GET"]}}],"collection":[{"href":"https:\/\/www.domtechnikpro.com\/index.php\/wp-json\/wp\/v2\/product"}],"about":[{"href":"https:\/\/www.domtechnikpro.com\/index.php\/wp-json\/wp\/v2\/types\/product"}],"replies":[{"embeddable":true,"href":"https:\/\/www.domtechnikpro.com\/index.php\/wp-json\/wp\/v2\/comments?post=70570"}],"wp:featuredmedia":[{"embeddable":true,"href":"https:\/\/www.domtechnikpro.com\/index.php\/wp-json\/wp\/v2\/media\/70670"}],"wp:attachment":[{"href":"https:\/\/www.domtechnikpro.com\/index.php\/wp-json\/wp\/v2\/media?parent=70570"}],"wp:term":[{"taxonomy":"product_brand","embeddable":true,"href":"https:\/\/www.domtechnikpro.com\/index.php\/wp-json\/wp\/v2\/product_brand?post=70570"},{"taxonomy":"product_cat","embeddable":true,"href":"https:\/\/www.domtechnikpro.com\/index.php\/wp-json\/wp\/v2\/product_cat?post=70570"},{"taxonomy":"product_tag","embeddable":true,"href":"https:\/\/www.domtechnikpro.com\/index.php\/wp-json\/wp\/v2\/product_tag?post=70570"}],"curies":[{"name":"wp","href":"https:\/\/api.w.org\/{rel}","templated":true}]}}