{"id":68989,"date":"2026-04-26T09:04:34","date_gmt":"2026-04-26T09:04:34","guid":{"rendered":""},"modified":"2026-04-26T09:04:34","modified_gmt":"2026-04-26T09:04:34","slug":"znackovy-obklad-scarlett-bianco-rektifikovany-lesk-29-8x89-8-cm-68989","status":"publish","type":"product","link":"https:\/\/www.domtechnikpro.com\/produkt\/znackovy-obklad-scarlett-bianco-rektifikovany-lesk-29-8x89-8-cm-68989\/","title":{"rendered":"Zna\u010dkov\u00fd Obklad Scarlett Bianco rektifikovan\u00fd lesk 29,8&#215;89,8 cm"},"content":{"rendered":"\n<div class=\"extended-description-inner\">\n<div class=\"extended-description\">\n<table class=\"detail-parameters\">\n<tbody>\n<tr>\n<th>        <span class=\"row-header-label\">            Kategorie<span class=\"row-header-label-colon\">:<\/span>        <\/span>    <\/th>\n<td>        Obklady do koupelny    <\/td>\n<\/tr>\n<tr class=\"productEan\">\n<th>          <span class=\"row-header-label productEan__label\">              EAN<span class=\"row-header-label-colon\">:<\/span>          <\/span>      <\/th>\n<td>          <span class=\"productEan__value\">5902610514067<\/span>      <\/td>\n<\/tr>\n<tr>\n<th>                <span class=\"row-header-label\">                                            Barva<span class=\"row-header-label-colon\">:<\/span>                                    <\/span>            <\/th>\n<td>                                                            B\u00edl\u00e1                                                <\/td>\n<\/tr>\n<tr>\n<th>                <span class=\"row-header-label\">                                            Design<span class=\"row-header-label-colon\">:<\/span>                                    <\/span>            <\/th>\n<td>                                                            Mramor                                                <\/td>\n<\/tr>\n<tr>\n<th>                <span class=\"row-header-label\">                                            Rozm\u011br<span class=\"row-header-label-colon\">:<\/span>                                    <\/span>            <\/th>\n<td>                                                            29,8 x 89,8 cm                                                <\/td>\n<\/tr>\n<tr>\n<th>                <span class=\"row-header-label\">                                            Typ produktu<span class=\"row-header-label-colon\">:<\/span>                                    <\/span>            <\/th>\n<td>                                                            Obklad na st\u011bnu                                                <\/td>\n<\/tr>\n<tr>\n<th>                <span class=\"row-header-label\">                                            Tvar<span class=\"row-header-label-colon\">:<\/span>                                    <\/span>            <\/th>\n<td>                                                            Obd\u00e9ln\u00edk                                                <\/td>\n<\/tr>\n<tr>\n<th>                <span class=\"row-header-label\">                                            Povrch<span class=\"row-header-label-colon\">:<\/span>                                    <\/span>            <\/th>\n<td>                                                            Leskl\u00fd                                                <\/td>\n<\/tr>\n<tr>\n<th>                <span class=\"row-header-label\">                                            Tlou\u0161\u0165ka<span class=\"row-header-label-colon\">:<\/span>                                    <\/span>            <\/th>\n<td>                                                            9 mm                                                <\/td>\n<\/tr>\n<tr>\n<th>                <span class=\"row-header-label\">                                            Rektifikace<span class=\"row-header-label-colon\">:<\/span>                                    <\/span>            <\/th>\n<td>                                                            Ano                                                <\/td>\n<\/tr>\n<tr>\n<th>                <span class=\"row-header-label\">                                            Mrazuvzdornost<span class=\"row-header-label-colon\">:<\/span>                                    <\/span>            <\/th>\n<td>                                                            Ne                                                <\/td>\n<\/tr>\n<tr>\n<th>                <span class=\"row-header-label\">                                            Kolekce<span class=\"row-header-label-colon\">:<\/span>                                    <\/span>            <\/th>\n<td>                                                            Scarlett                                                <\/td>\n<\/tr>\n<tr>\n<th>                <span class=\"row-header-label\">                                                                        Mno\u017estv\u00ed v balen\u00ed<span class=\"row-header-label-colon\">:<\/span>                                                            <\/span>            <\/th>\n<td>1,07 m2<\/td>\n<\/tr>\n<tr>\n<th>                <span class=\"row-header-label\">                                                                        Technologie<span class=\"row-header-label-colon\">:<\/span>                                                            <\/span>            <\/th>\n<td>Monoporosa<\/td>\n<\/tr>\n<tr>\n<th>                <span class=\"row-header-label\">                                                                        Minim\u00e1ln\u00ed \u0161\u00ed\u0159ka sp\u00e1ry mezi obklady<span class=\"row-header-label-colon\">:<\/span>                                                            <\/span>            <\/th>\n<td>2 mm<\/td>\n<\/tr>\n<\/tbody>\n<\/table><\/div>\n<\/p><\/div>\n<\/p><\/div>\n<\/p><\/div>\n<\/p><\/div>\n<\/p><\/div>\n<\/p><\/div>\n<h2 class=\"products-related-header products-header\"><\/h2>\n<div class=\"products-related-wrapper products-wrapper\">\n<div class=\"products product-slider products-block products-additional products-related\" data-columns=\"4\" data-columns-mobile=\"2\" data-testid=\"relatedProducts\">                                                                                                <\/div>\n<\/p><\/div>\n<div class=\"p-bottom no-buttons\">\n<div class=\"p-tools\">                                                                                                                                                                                                        <\/div>\n<\/p><\/div>\n<\/p><\/div>\n<\/p><\/div>\n<\/p><\/div>\n<\/div><\/div>\n<\/p><\/div>\n<div class=\"p-bottom no-buttons\">\n<div class=\"p-tools\">                                                                                                                                                                                                        <\/div>\n<\/p><\/div>\n<\/p><\/div>\n<\/p><\/div>\n<\/p><\/div>\n<\/div><\/div>\n<\/p><\/div>\n<div class=\"p-bottom no-buttons\">\n<div class=\"p-tools\">                                                                                                                                                                                                        <\/div>\n<\/p><\/div>\n<\/p><\/div>\n<\/p><\/div>\n<\/p><\/div>\n<\/div><\/div>\n<\/p><\/div>\n<div class=\"p-bottom no-buttons\">\n<div class=\"p-tools\">                                                                                                                                                                                                        <\/div>\n<\/p><\/div>\n<\/p><\/div>\n<\/p><\/div>\n<\/p><\/div>\n<\/div><\/div>\n<\/p><\/div>\n<div class=\"p-bottom no-buttons\">\n<div class=\"p-tools\">                                                                                                                                                                                                        <\/div>\n<\/p><\/div>\n<\/p><\/div>\n<\/p><\/div>\n<\/p><\/div>\n<\/div><\/div>\n<\/p><\/div>\n<div class=\"p-bottom no-buttons\">\n<div class=\"p-tools\">                                                                                                                                                                                                        <\/div>\n<\/p><\/div>\n<\/p><\/div>\n<\/p><\/div>\n<\/p><\/div>\n<\/div><\/div>\n<\/p><\/div>\n<div class=\"p-bottom no-buttons\">\n<div class=\"p-tools\">                                                                                                                                                                                                        <\/div>\n<\/p><\/div>\n<\/p><\/div>\n<\/p><\/div>\n<\/p><\/div>\n<\/div><\/div>\n<\/p><\/div>\n<div class=\"p-bottom no-buttons\">\n<div class=\"p-tools\">                                                                                                                                                                                                        <\/div>\n<\/p><\/div>\n<\/p><\/div>\n<\/p><\/div>\n<\/p><\/div>\n<\/div><\/div>\n<\/p><\/div>\n<div class=\"p-bottom no-buttons\">\n<div class=\"p-tools\">                                                                                                                                                                                                        <\/div>\n<\/p><\/div>\n<\/p><\/div>\n<\/p><\/div>\n<\/p><\/div>\n<\/div><\/div>\n<\/p><\/div>\n<div class=\"p-bottom no-buttons\">\n<div class=\"p-tools\">                                                                                                                                                                                                        <\/div>\n<\/p><\/div>\n<\/p><\/div>\n<\/p><\/div>\n<\/p><\/div>\n<\/div><\/div>\n<\/p><\/div>\n<div class=\"p-bottom no-buttons\">\n<div class=\"p-tools\">                                                                                                                                                                                                        <\/div>\n<\/p><\/div>\n<\/p><\/div>\n<\/p><\/div>\n<\/p><\/div>\n<\/div><\/div>\n<\/p><\/div>\n<div class=\"p-bottom no-buttons\">\n<div class=\"p-tools\">                                                                                                                                                                                                        <\/div>\n<\/p><\/div>\n<\/p><\/div>\n<\/p><\/div>\n<\/p><\/div>\n<\/div><\/div>\n<\/p><\/div>\n<div class=\"p-bottom no-buttons\">\n<div class=\"p-tools\">                                                                                                                                                                                                        <\/div>\n<\/p><\/div>\n<\/p><\/div>\n<\/p><\/div>\n<\/p><\/div>\n<\/div><\/div>\n<\/p><\/div>\n<div class=\"p-bottom no-buttons\">\n<div class=\"p-tools\">                                                                                                                                                                                                        <\/div>\n<\/p><\/div>\n<\/p><\/div>\n<\/p><\/div>\n<\/p><\/div>\n<\/div><\/div>\n<\/p><\/div>\n<div class=\"p-bottom no-buttons\">\n<div class=\"p-tools\">                                                                                                                                                                                                        <\/div>\n<\/p><\/div>\n<\/p><\/div>\n<\/p><\/div>\n<\/p><\/div>\n<\/div><\/div>\n<\/p><\/div>\n<div class=\"p-bottom no-buttons\">\n<div class=\"p-tools\">                                                                                                                                                                                                        <\/div>\n<\/p><\/div>\n<\/p><\/div>\n<\/p><\/div>\n<\/p><\/div>\n<\/div><\/div>\n<\/p><\/div>\n<h2 class=\"products-alternative-header products-header\"><\/h2>\n<div class=\"products-alternative-wrapper products-wrapper\">\n<div class=\"products product-slider products-block products-additional products-alternative\" data-columns=\"4\" data-columns-mobile=\"2\"  data-testid=\"alternativeProducts\">                                                                                                <\/div>\n<\/p><\/div>\n<div class=\"p-bottom no-buttons\">\n<div class=\"p-tools\">                                                                                                                                                                                                        <\/div>\n<\/p><\/div>\n<\/p><\/div>\n<\/p><\/div>\n<\/p><\/div>\n<\/div><\/div>\n<\/p><\/div>\n<div class=\"p-bottom no-buttons\">\n<div class=\"p-tools\">                                                                                                                                                                                                        <\/div>\n<\/p><\/div>\n<\/p><\/div>\n<\/p><\/div>\n<\/p><\/div>\n<\/div><\/div>\n<\/p><\/div>\n<div class=\"p-bottom no-buttons\">\n<div class=\"p-tools\">                                                                                                                                                                                                        <\/div>\n<\/p><\/div>\n<\/p><\/div>\n<\/p><\/div>\n<\/p><\/div>\n<\/div><\/div>\n<\/p><\/div>\n<div class=\"p-bottom no-buttons\">\n<div class=\"p-tools\">                                                                                                                                                                                                        <\/div>\n<\/p><\/div>\n<\/p><\/div>\n<\/p><\/div>\n<\/p><\/div>\n<\/div><\/div>\n<\/p><\/div>\n<div class=\"p-bottom no-buttons\">\n<div class=\"p-tools\">                                                                                                                                                                                                        <\/div>\n<\/p><\/div>\n<\/p><\/div>\n<\/p><\/div>\n<\/p><\/div>\n<\/div><\/div>\n<\/p><\/div>\n<div class=\"p-bottom no-buttons\">\n<div class=\"p-tools\">                                                                                                                                                                                                        <\/div>\n<\/p><\/div>\n<\/p><\/div>\n<\/p><\/div>\n<\/p><\/div>\n<\/div><\/div>\n<\/p><\/div>\n<div class=\"p-bottom no-buttons\">\n<div class=\"p-tools\">                                                                                                                                                                                                        <\/div>\n<\/p><\/div>\n<\/p><\/div>\n<\/p><\/div>\n<\/p><\/div>\n<\/div><\/div>\n<\/p><\/div>\n<div class=\"p-bottom no-buttons\">\n<div class=\"p-tools\">                                                                                                                                                                                                        <\/div>\n<\/p><\/div>\n<\/p><\/div>\n<\/p><\/div>\n<\/p><\/div>\n<\/div><\/div>\n<\/p><\/div>\n<div class=\"p-bottom no-buttons\">\n<div class=\"p-tools\">                                                                                                                                                                                                        <\/div>\n<\/p><\/div>\n<\/p><\/div>\n<\/p><\/div>\n<\/p><\/div>\n<\/div><\/div>\n<\/p><\/div>\n<div class=\"p-bottom no-buttons\">\n<div class=\"p-tools\">                                                                                                                                                                                                        <\/div>\n<\/p><\/div>\n<\/p><\/div>\n<\/p><\/div>\n<\/p><\/div>\n<\/div><\/div>\n<\/p><\/div>\n<div class=\"p-bottom no-buttons\">\n<div class=\"p-tools\">                                                                                                                                                                                                        <\/div>\n<\/p><\/div>\n<\/p><\/div>\n<\/p><\/div>\n<\/p><\/div>\n<\/div><\/div>\n<\/p><\/div>\n<div class=\"p-bottom no-buttons\">\n<div class=\"p-tools\">                                                                                                                                                                                                        <\/div>\n<\/p><\/div>\n<\/p><\/div>\n<\/p><\/div>\n<\/p><\/div>\n<\/div><\/div>\n<\/p><\/div>\n<div class=\"p-bottom no-buttons\">\n<div class=\"p-tools\">                                                                                                                                                                                                        <\/div>\n<\/p><\/div>\n<\/p><\/div>\n<\/p><\/div>\n<\/p><\/div>\n<\/div><\/div>\n<\/p><\/div>\n<div class=\"p-bottom no-buttons\">\n<div class=\"p-tools\">                                                                                                                                                                                                        <\/div>\n<\/p><\/div>\n<\/p><\/div>\n<\/p><\/div>\n<\/p><\/div>\n<\/div><\/div>\n<\/p><\/div>\n<div class=\"p-bottom no-buttons\">\n<div class=\"p-tools\">                                                                                                                                                                                                        <\/div>\n<\/p><\/div>\n<\/p><\/div>\n<\/p><\/div>\n<\/p><\/div>\n<\/div><\/div>\n<\/p><\/div>\n<div class=\"p-bottom no-buttons\">\n<div class=\"p-tools\">                                                                                                                                                                                                        <\/div>\n<\/p><\/div>\n<\/p><\/div>\n<\/p><\/div>\n<\/p><\/div>\n<\/div><\/div>\n<\/p><\/div>\n<\/p><\/div>\n<p>                    <\/main>    <\/div>\n<\/p><\/div>\n","protected":false},"excerpt":{"rendered":"<p>Kategorie: Obklady do koupelny EAN: 5902610514067 Barva: B\u00edl\u00e1 Design: Mramor Rozm\u011br: 29,8 x 89,8 cm Typ produktu: Obklad na st\u011bnu Tvar: Obd\u00e9ln\u00edk Povrch: Leskl\u00fd Tlou\u0161\u0165ka: 9 mm Rektifikace: Ano Mrazuvzdornost: Ne Kolekce: Scarlett Mno\u017estv\u00ed v balen\u00ed: 1,07 m2 Technologie: Monoporosa Minim\u00e1ln\u00ed \u0161\u00ed\u0159ka sp\u00e1ry mezi obklady: 2 mm<\/p>\n","protected":false},"featured_media":69089,"comment_status":"open","ping_status":"open","template":"","meta":[],"product_brand":[],"product_cat":[175],"product_tag":[],"class_list":{"0":"post-68989","1":"product","2":"type-product","3":"status-publish","4":"has-post-thumbnail","6":"product_cat-obklady","8":"first","9":"instock","10":"sale","11":"shipping-taxable","12":"purchasable","13":"product-type-simple"},"yoast_head":"<!-- This site is optimized with the Yoast SEO plugin v26.8 - https:\/\/yoast.com\/product\/yoast-seo-wordpress\/ -->\n<title>Zna\u010dkov\u00fd Obklad Scarlett Bianco rektifikovan\u00fd lesk 29,8x89,8 cm - Pr\u016fmyslov\u00e9 vybaven\u00ed a p\u0159\u00edslu\u0161enstv\u00ed<\/title>\n<meta name=\"robots\" content=\"index, follow, max-snippet:-1, max-image-preview:large, max-video-preview:-1\" \/>\n<link rel=\"canonical\" href=\"https:\/\/www.domtechnikpro.com\/index.php\/produkt\/znackovy-obklad-scarlett-bianco-rektifikovany-lesk-29-8x89-8-cm-68989\/\" \/>\n<meta property=\"og:locale\" content=\"cs_CZ\" \/>\n<meta property=\"og:type\" content=\"article\" \/>\n<meta property=\"og:title\" content=\"Zna\u010dkov\u00fd Obklad Scarlett Bianco rektifikovan\u00fd lesk 29,8x89,8 cm - Pr\u016fmyslov\u00e9 vybaven\u00ed a p\u0159\u00edslu\u0161enstv\u00ed\" \/>\n<meta property=\"og:description\" content=\"Kategorie: Obklady do koupelny EAN: 5902610514067 Barva: B\u00edl\u00e1 Design: Mramor Rozm\u011br: 29,8 x 89,8 cm Typ produktu: Obklad na st\u011bnu Tvar: Obd\u00e9ln\u00edk Povrch: Leskl\u00fd Tlou\u0161\u0165ka: 9 mm Rektifikace: Ano Mrazuvzdornost: Ne Kolekce: Scarlett Mno\u017estv\u00ed v balen\u00ed: 1,07 m2 Technologie: Monoporosa Minim\u00e1ln\u00ed \u0161\u00ed\u0159ka sp\u00e1ry mezi obklady: 2 mm\" \/>\n<meta property=\"og:url\" content=\"https:\/\/www.domtechnikpro.com\/index.php\/produkt\/znackovy-obklad-scarlett-bianco-rektifikovany-lesk-29-8x89-8-cm-68989\/\" \/>\n<meta property=\"og:site_name\" content=\"Pr\u016fmyslov\u00e9 vybaven\u00ed a p\u0159\u00edslu\u0161enstv\u00ed\" \/>\n<meta property=\"og:image\" content=\"https:\/\/www.domtechnikpro.com\/wp-content\/uploads\/2026\/SK0003593-CZ20260425-093604-0-1777080965-17089_27549-obklad-scarlett-bianco-rektifikovany-lesk-29-8x.webp\" \/>\n\t<meta property=\"og:image:width\" content=\"1000\" \/>\n\t<meta property=\"og:image:height\" content=\"750\" \/>\n\t<meta property=\"og:image:type\" content=\"image\/webp\" \/>\n<meta name=\"twitter:card\" content=\"summary_large_image\" \/>\n<script type=\"application\/ld+json\" class=\"yoast-schema-graph\">{\"@context\":\"https:\/\/schema.org\",\"@graph\":[{\"@type\":\"WebPage\",\"@id\":\"https:\/\/www.domtechnikpro.com\/index.php\/produkt\/znackovy-obklad-scarlett-bianco-rektifikovany-lesk-29-8x89-8-cm-68989\/\",\"url\":\"https:\/\/www.domtechnikpro.com\/index.php\/produkt\/znackovy-obklad-scarlett-bianco-rektifikovany-lesk-29-8x89-8-cm-68989\/\",\"name\":\"Zna\u010dkov\u00fd Obklad Scarlett Bianco rektifikovan\u00fd lesk 29,8x89,8 cm - Pr\u016fmyslov\u00e9 vybaven\u00ed a p\u0159\u00edslu\u0161enstv\u00ed\",\"isPartOf\":{\"@id\":\"https:\/\/www.domtechnikpro.com\/#website\"},\"primaryImageOfPage\":{\"@id\":\"https:\/\/www.domtechnikpro.com\/index.php\/produkt\/znackovy-obklad-scarlett-bianco-rektifikovany-lesk-29-8x89-8-cm-68989\/#primaryimage\"},\"image\":{\"@id\":\"https:\/\/www.domtechnikpro.com\/index.php\/produkt\/znackovy-obklad-scarlett-bianco-rektifikovany-lesk-29-8x89-8-cm-68989\/#primaryimage\"},\"thumbnailUrl\":\"https:\/\/www.domtechnikpro.com\/wp-content\/uploads\/2026\/SK0003593-CZ20260425-093604-0-1777080965-17089_27549-obklad-scarlett-bianco-rektifikovany-lesk-29-8x.webp\",\"datePublished\":\"2026-04-26T09:04:34+00:00\",\"breadcrumb\":{\"@id\":\"https:\/\/www.domtechnikpro.com\/index.php\/produkt\/znackovy-obklad-scarlett-bianco-rektifikovany-lesk-29-8x89-8-cm-68989\/#breadcrumb\"},\"inLanguage\":\"cs\",\"potentialAction\":[{\"@type\":\"ReadAction\",\"target\":[\"https:\/\/www.domtechnikpro.com\/index.php\/produkt\/znackovy-obklad-scarlett-bianco-rektifikovany-lesk-29-8x89-8-cm-68989\/\"]}]},{\"@type\":\"ImageObject\",\"inLanguage\":\"cs\",\"@id\":\"https:\/\/www.domtechnikpro.com\/index.php\/produkt\/znackovy-obklad-scarlett-bianco-rektifikovany-lesk-29-8x89-8-cm-68989\/#primaryimage\",\"url\":\"https:\/\/www.domtechnikpro.com\/wp-content\/uploads\/2026\/SK0003593-CZ20260425-093604-0-1777080965-17089_27549-obklad-scarlett-bianco-rektifikovany-lesk-29-8x.webp\",\"contentUrl\":\"https:\/\/www.domtechnikpro.com\/wp-content\/uploads\/2026\/SK0003593-CZ20260425-093604-0-1777080965-17089_27549-obklad-scarlett-bianco-rektifikovany-lesk-29-8x.webp\",\"width\":1000,\"height\":750},{\"@type\":\"BreadcrumbList\",\"@id\":\"https:\/\/www.domtechnikpro.com\/index.php\/produkt\/znackovy-obklad-scarlett-bianco-rektifikovany-lesk-29-8x89-8-cm-68989\/#breadcrumb\",\"itemListElement\":[{\"@type\":\"ListItem\",\"position\":1,\"name\":\"Home\",\"item\":\"https:\/\/www.domtechnikpro.com\/\"},{\"@type\":\"ListItem\",\"position\":2,\"name\":\"Products\",\"item\":\"https:\/\/www.domtechnikpro.com\/products\/\"},{\"@type\":\"ListItem\",\"position\":3,\"name\":\"Zna\u010dkov\u00fd Obklad Scarlett Bianco rektifikovan\u00fd lesk 29,8&#215;89,8 cm\"}]},{\"@type\":\"WebSite\",\"@id\":\"https:\/\/www.domtechnikpro.com\/#website\",\"url\":\"https:\/\/www.domtechnikpro.com\/\",\"name\":\"Pr\u016fmyslov\u00e9 vybaven\u00ed a p\u0159\u00edslu\u0161enstv\u00ed\",\"description\":\"Pr\u016fmyslov\u00e9 vybaven\u00ed a p\u0159\u00edslu\u0161enstv\u00ed\",\"publisher\":{\"@id\":\"https:\/\/www.domtechnikpro.com\/#organization\"},\"potentialAction\":[{\"@type\":\"SearchAction\",\"target\":{\"@type\":\"EntryPoint\",\"urlTemplate\":\"https:\/\/www.domtechnikpro.com\/?s={search_term_string}\"},\"query-input\":{\"@type\":\"PropertyValueSpecification\",\"valueRequired\":true,\"valueName\":\"search_term_string\"}}],\"inLanguage\":\"cs\"},{\"@type\":\"Organization\",\"@id\":\"https:\/\/www.domtechnikpro.com\/#organization\",\"name\":\"Pr\u016fmyslov\u00e9 vybaven\u00ed a p\u0159\u00edslu\u0161enstv\u00ed\",\"url\":\"https:\/\/www.domtechnikpro.com\/\",\"logo\":{\"@type\":\"ImageObject\",\"inLanguage\":\"cs\",\"@id\":\"https:\/\/www.domtechnikpro.com\/#\/schema\/logo\/image\/\",\"url\":\"https:\/\/www.domtechnikpro.com\/wp-content\/uploads\/2026\/04\/domtechnikpro_logo_full.svg\",\"contentUrl\":\"https:\/\/www.domtechnikpro.com\/wp-content\/uploads\/2026\/04\/domtechnikpro_logo_full.svg\",\"width\":920,\"height\":180,\"caption\":\"Pr\u016fmyslov\u00e9 vybaven\u00ed a p\u0159\u00edslu\u0161enstv\u00ed\"},\"image\":{\"@id\":\"https:\/\/www.domtechnikpro.com\/#\/schema\/logo\/image\/\"}}]}<\/script>\n<!-- \/ Yoast SEO plugin. -->","yoast_head_json":{"title":"Zna\u010dkov\u00fd Obklad Scarlett Bianco rektifikovan\u00fd lesk 29,8x89,8 cm - Pr\u016fmyslov\u00e9 vybaven\u00ed a p\u0159\u00edslu\u0161enstv\u00ed","robots":{"index":"index","follow":"follow","max-snippet":"max-snippet:-1","max-image-preview":"max-image-preview:large","max-video-preview":"max-video-preview:-1"},"canonical":"https:\/\/www.domtechnikpro.com\/index.php\/produkt\/znackovy-obklad-scarlett-bianco-rektifikovany-lesk-29-8x89-8-cm-68989\/","og_locale":"cs_CZ","og_type":"article","og_title":"Zna\u010dkov\u00fd Obklad Scarlett Bianco rektifikovan\u00fd lesk 29,8x89,8 cm - Pr\u016fmyslov\u00e9 vybaven\u00ed a p\u0159\u00edslu\u0161enstv\u00ed","og_description":"Kategorie: Obklady do koupelny EAN: 5902610514067 Barva: B\u00edl\u00e1 Design: Mramor Rozm\u011br: 29,8 x 89,8 cm Typ produktu: Obklad na st\u011bnu Tvar: Obd\u00e9ln\u00edk Povrch: Leskl\u00fd Tlou\u0161\u0165ka: 9 mm Rektifikace: Ano Mrazuvzdornost: Ne Kolekce: Scarlett Mno\u017estv\u00ed v balen\u00ed: 1,07 m2 Technologie: Monoporosa Minim\u00e1ln\u00ed \u0161\u00ed\u0159ka sp\u00e1ry mezi obklady: 2 mm","og_url":"https:\/\/www.domtechnikpro.com\/index.php\/produkt\/znackovy-obklad-scarlett-bianco-rektifikovany-lesk-29-8x89-8-cm-68989\/","og_site_name":"Pr\u016fmyslov\u00e9 vybaven\u00ed a p\u0159\u00edslu\u0161enstv\u00ed","og_image":[{"width":1000,"height":750,"url":"https:\/\/www.domtechnikpro.com\/wp-content\/uploads\/2026\/SK0003593-CZ20260425-093604-0-1777080965-17089_27549-obklad-scarlett-bianco-rektifikovany-lesk-29-8x.webp","type":"image\/webp"}],"twitter_card":"summary_large_image","schema":{"@context":"https:\/\/schema.org","@graph":[{"@type":"WebPage","@id":"https:\/\/www.domtechnikpro.com\/index.php\/produkt\/znackovy-obklad-scarlett-bianco-rektifikovany-lesk-29-8x89-8-cm-68989\/","url":"https:\/\/www.domtechnikpro.com\/index.php\/produkt\/znackovy-obklad-scarlett-bianco-rektifikovany-lesk-29-8x89-8-cm-68989\/","name":"Zna\u010dkov\u00fd Obklad Scarlett Bianco rektifikovan\u00fd lesk 29,8x89,8 cm - Pr\u016fmyslov\u00e9 vybaven\u00ed a p\u0159\u00edslu\u0161enstv\u00ed","isPartOf":{"@id":"https:\/\/www.domtechnikpro.com\/#website"},"primaryImageOfPage":{"@id":"https:\/\/www.domtechnikpro.com\/index.php\/produkt\/znackovy-obklad-scarlett-bianco-rektifikovany-lesk-29-8x89-8-cm-68989\/#primaryimage"},"image":{"@id":"https:\/\/www.domtechnikpro.com\/index.php\/produkt\/znackovy-obklad-scarlett-bianco-rektifikovany-lesk-29-8x89-8-cm-68989\/#primaryimage"},"thumbnailUrl":"https:\/\/www.domtechnikpro.com\/wp-content\/uploads\/2026\/SK0003593-CZ20260425-093604-0-1777080965-17089_27549-obklad-scarlett-bianco-rektifikovany-lesk-29-8x.webp","datePublished":"2026-04-26T09:04:34+00:00","breadcrumb":{"@id":"https:\/\/www.domtechnikpro.com\/index.php\/produkt\/znackovy-obklad-scarlett-bianco-rektifikovany-lesk-29-8x89-8-cm-68989\/#breadcrumb"},"inLanguage":"cs","potentialAction":[{"@type":"ReadAction","target":["https:\/\/www.domtechnikpro.com\/index.php\/produkt\/znackovy-obklad-scarlett-bianco-rektifikovany-lesk-29-8x89-8-cm-68989\/"]}]},{"@type":"ImageObject","inLanguage":"cs","@id":"https:\/\/www.domtechnikpro.com\/index.php\/produkt\/znackovy-obklad-scarlett-bianco-rektifikovany-lesk-29-8x89-8-cm-68989\/#primaryimage","url":"https:\/\/www.domtechnikpro.com\/wp-content\/uploads\/2026\/SK0003593-CZ20260425-093604-0-1777080965-17089_27549-obklad-scarlett-bianco-rektifikovany-lesk-29-8x.webp","contentUrl":"https:\/\/www.domtechnikpro.com\/wp-content\/uploads\/2026\/SK0003593-CZ20260425-093604-0-1777080965-17089_27549-obklad-scarlett-bianco-rektifikovany-lesk-29-8x.webp","width":1000,"height":750},{"@type":"BreadcrumbList","@id":"https:\/\/www.domtechnikpro.com\/index.php\/produkt\/znackovy-obklad-scarlett-bianco-rektifikovany-lesk-29-8x89-8-cm-68989\/#breadcrumb","itemListElement":[{"@type":"ListItem","position":1,"name":"Home","item":"https:\/\/www.domtechnikpro.com\/"},{"@type":"ListItem","position":2,"name":"Products","item":"https:\/\/www.domtechnikpro.com\/products\/"},{"@type":"ListItem","position":3,"name":"Zna\u010dkov\u00fd Obklad Scarlett Bianco rektifikovan\u00fd lesk 29,8&#215;89,8 cm"}]},{"@type":"WebSite","@id":"https:\/\/www.domtechnikpro.com\/#website","url":"https:\/\/www.domtechnikpro.com\/","name":"Pr\u016fmyslov\u00e9 vybaven\u00ed a p\u0159\u00edslu\u0161enstv\u00ed","description":"Pr\u016fmyslov\u00e9 vybaven\u00ed a p\u0159\u00edslu\u0161enstv\u00ed","publisher":{"@id":"https:\/\/www.domtechnikpro.com\/#organization"},"potentialAction":[{"@type":"SearchAction","target":{"@type":"EntryPoint","urlTemplate":"https:\/\/www.domtechnikpro.com\/?s={search_term_string}"},"query-input":{"@type":"PropertyValueSpecification","valueRequired":true,"valueName":"search_term_string"}}],"inLanguage":"cs"},{"@type":"Organization","@id":"https:\/\/www.domtechnikpro.com\/#organization","name":"Pr\u016fmyslov\u00e9 vybaven\u00ed a p\u0159\u00edslu\u0161enstv\u00ed","url":"https:\/\/www.domtechnikpro.com\/","logo":{"@type":"ImageObject","inLanguage":"cs","@id":"https:\/\/www.domtechnikpro.com\/#\/schema\/logo\/image\/","url":"https:\/\/www.domtechnikpro.com\/wp-content\/uploads\/2026\/04\/domtechnikpro_logo_full.svg","contentUrl":"https:\/\/www.domtechnikpro.com\/wp-content\/uploads\/2026\/04\/domtechnikpro_logo_full.svg","width":920,"height":180,"caption":"Pr\u016fmyslov\u00e9 vybaven\u00ed a p\u0159\u00edslu\u0161enstv\u00ed"},"image":{"@id":"https:\/\/www.domtechnikpro.com\/#\/schema\/logo\/image\/"}}]}},"_links":{"self":[{"href":"https:\/\/www.domtechnikpro.com\/wp-json\/wp\/v2\/product\/68989","targetHints":{"allow":["GET"]}}],"collection":[{"href":"https:\/\/www.domtechnikpro.com\/wp-json\/wp\/v2\/product"}],"about":[{"href":"https:\/\/www.domtechnikpro.com\/wp-json\/wp\/v2\/types\/product"}],"replies":[{"embeddable":true,"href":"https:\/\/www.domtechnikpro.com\/wp-json\/wp\/v2\/comments?post=68989"}],"wp:featuredmedia":[{"embeddable":true,"href":"https:\/\/www.domtechnikpro.com\/wp-json\/wp\/v2\/media\/69089"}],"wp:attachment":[{"href":"https:\/\/www.domtechnikpro.com\/wp-json\/wp\/v2\/media?parent=68989"}],"wp:term":[{"taxonomy":"product_brand","embeddable":true,"href":"https:\/\/www.domtechnikpro.com\/wp-json\/wp\/v2\/product_brand?post=68989"},{"taxonomy":"product_cat","embeddable":true,"href":"https:\/\/www.domtechnikpro.com\/wp-json\/wp\/v2\/product_cat?post=68989"},{"taxonomy":"product_tag","embeddable":true,"href":"https:\/\/www.domtechnikpro.com\/wp-json\/wp\/v2\/product_tag?post=68989"}],"curies":[{"name":"wp","href":"https:\/\/api.w.org\/{rel}","templated":true}]}}