{"id":66927,"date":"2026-04-26T09:04:10","date_gmt":"2026-04-26T09:04:10","guid":{"rendered":""},"modified":"2026-04-26T09:04:10","modified_gmt":"2026-04-26T09:04:10","slug":"znackovy-mereo-mailo-koupelnova-skrinka-121-cm-chrom-madlo-multidecor-dark-rockford-hic-66927","status":"publish","type":"product","link":"https:\/\/www.domtechnikpro.com\/produkt\/znackovy-mereo-mailo-koupelnova-skrinka-121-cm-chrom-madlo-multidecor-dark-rockford-hic-66927\/","title":{"rendered":"Zna\u010dkov\u00fd Mereo Mailo, koupelnov\u00e1 sk\u0159\u00ed\u0148ka 121 cm, chrom madlo, Multidecor, Dark Rockford Hic"},"content":{"rendered":"<p>                S\u00e9rie koupelnov\u00e9ho n\u00e1bytku Mailo umo\u017e\u0148uje kombinovat sk\u0159\u00ed\u0148ky do mnoha r\u016fzn\u00fdch variant. Vytvo\u0159it tak lze jak slo\u017eit\u00e9 kombinace do velk\u00fdch koupelen, tak minimalistick\u00e9 \u0159e\u0161en\u00ed v modern\u00edm designu. \u0160upl\u00edky jsou vybaveny designov\u00fdmi chromovan\u00fdmi \u00fachytkami a zna\u010dkov\u00fdmi pojezdy Strong s pomal\u00fdm dov\u00edr\u00e1n\u00edm. Na v\u00fdb\u011br je z mnoha barevn\u00fdch kombinac\u00ed, Multidecor. Sk\u0159\u00ed\u0148ky jsou dod\u00e1v\u00e1ny smontovan\u00e9 a v\u0161echny jsou ur\u010den\u00e9 k zav\u011b\u0161en\u00ed.\t\t\t\t<\/p>\n<div class=\"additional-desc mt-5\">\n<hr>\n<h2><strong>Mailo \u2013 elegantn\u00ed koupelnov\u00fd n\u00e1bytek <br \/>s d\u016frazem na detaily a prakti\u010dnost<\/strong><\/h2>\n<p>S\u00e9rie koupelnov\u00e9ho n\u00e1bytku Mailo je navr\u017eena pro v\u0161echny, kte\u0159\u00ed v koupeln\u011b hledaj\u00ed eleganci, funk\u010dnost a variabilitu. Nab\u00edz\u00ed promy\u0161len\u00e9 sestavy v atraktivn\u00edch dekorech, praktick\u00e9 rozm\u011bry i technick\u00e9 detaily, kter\u00e9 zp\u0159\u00edjem\u0148uj\u00ed ka\u017edodenn\u00ed pou\u017e\u00edv\u00e1n\u00ed.<\/p>\n<\/p>\n<h3><strong><br \/>\u010cist\u00fd vzhled s praktick\u00fdm \u0159e\u0161en\u00edm<\/strong><\/h3>\n<p>N\u00e1bytek s\u00e9rie Mailo se vyzna\u010duje modern\u00edm vzhledem, elegantn\u00edmi liniemi a jednoduch\u00fdm\u00a0kter\u00fd zaji\u0161\u0165uje komfortn\u00ed otev\u00edr\u00e1n\u00ed bez pot\u0159eby klasick\u00fdch madel. Minimalistick\u00e9 proveden\u00ed \u010deln\u00edch ploch neru\u0161\u00ed celkov\u00fd vzhled a z\u00e1rove\u0148 umo\u017e\u0148uje snadnou \u00fadr\u017ebu.<\/p>\n<\/p>\n<h3><strong><br \/>4 praktick\u00e9 rozm\u011bry sk\u0159\u00edn\u011bk<\/strong><\/h3>\n<p>Varianta se dv\u011bma z\u00e1suvkami:<\/p>\n<ul>\n<li><b>61 cm<\/b><\/li>\n<li><b>81 cm<\/b><\/li>\n<li><b>101 cm<\/b><\/li>\n<li><b>121 cm<\/b><\/li>\n<\/ul>\n<table border=\"0\" style=\"border-collapse: collapse; width: 84.3612%;\">\n<tbody>\n<tr>\n<td style=\"width: 50.0349%;\"><b><\/b><\/td>\n<td style=\"width: 50.0349%;\"><b><\/b><\/td>\n<\/tr>\n<\/tbody>\n<\/table>\n<p>Varianta s jednou z\u00e1suvkou:<\/p>\n<ul>\n<li><strong>81 cm<\/strong><\/li>\n<li><strong>101 cm<\/strong><\/li>\n<li><strong>121 cm<\/strong><\/li>\n<\/ul>\n<table border=\"0\" style=\"border-collapse: collapse; width: 84.2511%;\">\n<tbody>\n<tr>\n<td style=\"width: 50.0349%;\"><strong><\/strong><\/td>\n<td style=\"width: 50.0349%;\"><strong><\/strong><\/td>\n<\/tr>\n<\/tbody>\n<\/table>\n<h3><strong><br \/>Dekory skladem i na p\u0159\u00e1n\u00ed<\/strong><\/h3>\n<p>U s\u00e9rie Mailo najdete opravdu \u0161irok\u00fd v\u00fdb\u011br barev v kombinaci s chromov\u00fdm nebo \u010dern\u00fdm matn\u00fdm madlem. U ur\u010dit\u00fdch variant m\u016f\u017eete vyu\u017e\u00edt slu\u017ebu Multidecor a p\u0159izp\u016fsobit tak vzhled koupelny va\u0161emu vkusu.<\/p>\n<p>Chromov\u00e9 madlo u varianty s jednou i dv\u011b z\u00e1suvkami:<\/p>\n<ul>\n<li><strong>b\u00edl\u00e1 lesk \/ mat<\/strong> &#8211; 61 cm, 81 cm, 101 cnm, 121 cm<\/li>\n<li><strong><\/strong><strong>dub Riviera\u00a0<\/strong>&#8211; 61 cm, 81 cm, 101 cnm, 121 cm<\/li>\n<li><strong>antracit\u00a0<\/strong>&#8211; 61 cm, 81 cm, 101 cnm, 121 cm<\/li>\n<li><strong>Multidecor <\/strong>&#8211; 61 cm, 81 cm, 101 cnm, 121 cm (jen u sk\u0159\u00ed\u011bnek se dv\u011bma z\u00e1suvkami)<\/li>\n<\/ul>\n<table border=\"0\" style=\"border-collapse: collapse; width: 88.125%;\">\n<tbody>\n<tr>\n<td style=\"width: 33.3566%;\"><\/td>\n<td style=\"width: 33.3566%;\"><\/td>\n<td style=\"width: 33.3566%;\"><\/td>\n<\/tr>\n<tr>\n<td style=\"width: 33.3566%; text-align: center;\">b\u00edl\u00e1 lesk \/ mat, chromov\u00e9 madlo<\/td>\n<td style=\"width: 33.3566%; text-align: center;\">dub Riviera, chromov\u00e9 madlo<\/td>\n<td style=\"width: 33.3566%; text-align: center;\">antracit, chromov\u00e9 madlo<\/td>\n<\/tr>\n<\/tbody>\n<\/table>\n<p>\u010cern\u00e9 madlo pouze u varianty se dv\u011bma z\u00e1suvkami:<\/p>\n<ul>\n<li><strong>b\u00edl\u00e1 lesk \/ mat<\/strong> &#8211; 61 cm, 81 cm, 101 cnm, 121 cm<\/li>\n<li><strong><\/strong><strong>dub Riviera\u00a0<\/strong>&#8211; 61 cm, 81 cm, 101 cnm, 121 cm<\/li>\n<li><strong>antracit\u00a0<\/strong>&#8211; 61 cm, 81 cm, 101 cnm, 121 cm<\/li>\n<li><strong>\u0161ed\u00fd k\u00e1men mat<\/strong> &#8211; 61 cm, 81 cm<\/li>\n<li><strong>\u0161ed\u00e1 l\u00e1va mat<\/strong> &#8211; 61 cm, 81 cm<\/li>\n<li><strong>\u0161ed\u00e1 mat<\/strong> &#8211; 61 cm, 81 cm<\/li>\n<li><strong>Multidecor <\/strong>&#8211; 61 cm, 81 cm, 101 cnm, 121 cm (jen u sk\u0159\u00ed\u011bnek se dv\u011bma z\u00e1suvkami)<\/li>\n<\/ul>\n<table border=\"0\" style=\"border-collapse: collapse; width: 87.5781%;\">\n<tbody>\n<tr>\n<td style=\"width: 33.3566%;\"><\/td>\n<td style=\"width: 33.3566%;\"><\/td>\n<td style=\"width: 33.3566%;\"><\/td>\n<\/tr>\n<tr>\n<td style=\"text-align: center; width: 33.3566%;\">b\u00edl\u00e1 lesk \/ mat, \u010dern\u00e9 madlo<\/td>\n<td style=\"text-align: center; width: 33.3566%;\">dub Riviera, \u010dern\u00e9 madlo<\/td>\n<td style=\"text-align: center; width: 33.3566%;\">antracit, \u010dern\u00e9 madlo<\/td>\n<\/tr>\n<tr>\n<td style=\"width: 33.3566%;\"><\/td>\n<td style=\"width: 33.3566%;\"><\/td>\n<td style=\"width: 33.3566%;\"><\/td>\n<\/tr>\n<tr>\n<td style=\"text-align: center; width: 33.3566%;\">\u0161ed\u00fd k\u00e1men mat, \u010dern\u00e9 madlo<\/td>\n<td style=\"text-align: center; width: 33.3566%;\">\u0161ed\u00e1 l\u00e1va mat, \u010dern\u00e9 madlo<\/td>\n<td style=\"text-align: center; width: 33.3566%;\">\u0161ed\u00e1 mat, \u010dern\u00e9 madlo<\/td>\n<\/tr>\n<\/tbody>\n<\/table>\n<h3><strong><\/p>\n<p>Volnost kombinac\u00ed pro maxim\u00e1ln\u00ed p\u0159izp\u016fsoben\u00ed<\/strong><\/h3>\n<p>Sk\u0159\u00ed\u0148ky Mailo lze kombinovat s n\u011bkolika typy umyvadel:<\/p>\n<ul>\n<li><strong>Lit\u00e9 umyvadlo<\/strong> s hladk\u00fdm povrchem<\/li>\n<li><strong>Keramick\u00e9 slim umyvadlo<\/strong> pro modern\u00ed vzhled<\/li>\n<li><strong>Umyvadlo na desku <\/strong>v kombinaci s koupelnov\u00fdmi deskami na sk\u0159\u00ed\u0148ku<\/li>\n<\/ul>\n<table border=\"0\" style=\"border-collapse: collapse; width: 105.727%;\">\n<tbody>\n<tr>\n<td style=\"width: 33.3566%;\"><\/td>\n<td style=\"width: 33.3566%;\"><\/td>\n<td style=\"width: 33.3566%;\"><\/td>\n<\/tr>\n<\/tbody>\n<\/table>\n<p>\u00a0 \u00a0\u00a0 \u00a0<\/p>\n<h3><strong><br \/>Maximum \u00falo\u017en\u00e9ho prostoru \u2013 vysok\u00e9 sk\u0159\u00ed\u0148ky a galerky<\/strong><\/h3>\n<p>S\u00e9rie Mailo nab\u00edz\u00ed tak\u00e9 <strong>vysok\u00e9 sk\u0159\u00ed\u0148ky o v\u00fd\u0161ce 170 cm<\/strong>, kter\u00e9 slou\u017e\u00ed jako ide\u00e1ln\u00ed dopln\u011bk k umyvadlov\u00fdm sk\u0159\u00ed\u0148k\u00e1m. Poskytuj\u00ed velk\u00e9 mno\u017estv\u00ed \u00falo\u017en\u00e9ho prostoru a d\u00edky sv\u00e9 \u00fazk\u00e9 \u0161\u00ed\u0159ce 35 cm nezat\u011b\u017euj\u00ed prostor.<\/p>\n<p>Kombinovat m\u016f\u017eete tak\u00e9 se<strong> zrcadlov\u00fdmi galerkami<\/strong>, kter\u00e9 propojuj\u00ed estetiku a funk\u010dnost.<\/p>\n<table border=\"0\" style=\"border-collapse: collapse; width: 106.057%;\">\n<tbody>\n<tr>\n<td style=\"width: 33.3566%;\"><\/td>\n<td style=\"width: 33.3566%;\"><\/td>\n<td style=\"width: 33.3566%;\"><\/td>\n<\/tr>\n<\/tbody>\n<\/table>\n<p>S\u00e9rie Mailo je perfektn\u00ed volbou pro ty, kdo hledaj\u00ed kvalitn\u00ed a estetick\u00fd n\u00e1bytek s mo\u017enost\u00ed individu\u00e1ln\u00edho p\u0159izp\u016fsoben\u00ed. Nab\u00edz\u00ed promy\u0161len\u00e9 technick\u00e9 \u0159e\u0161en\u00ed, \u010dist\u00fd design a dostatek variant, aby koupelna mohla b\u00fdt nejen kr\u00e1sn\u00e1, ale i dokonale funk\u010dn\u00ed.<\/p>\n<table border=\"0\" style=\"border-collapse: collapse; width: 106.278%;\">\n<tbody>\n<tr>\n<td style=\"width: 33.3566%;\"><\/td>\n<td style=\"width: 33.3566%;\"><\/td>\n<td style=\"width: 33.3566%;\"><\/td>\n<\/tr>\n<\/tbody>\n<\/table>\n<\/p><\/div>\n<\/p><\/div>\n<div id=\"parametes\">\n<div class=\"param-wrapper\">\n<div class=\"param-item\">        \t        <span>Typ<\/span>        \t        <strong>        \t                Pod umyvadlo            \t    <\/strong>        \t    <\/div>\n<div class=\"param-item\">        \t        <span>Barva<\/span>        \t        <strong>        \t                Dark Rockford Hic            \t    <\/strong>        \t    <\/div>\n<div class=\"param-item\">        \t        <span>Barva madla<\/span>        \t        <strong>        \t                Chrom            \t    <\/strong>        \t    <\/div>\n<div class=\"param-item\">        \t        <span>S\u00e9rie<\/span>        \t        <strong>        \t                Mailo            \t    <\/strong>        \t    <\/div>\n<div class=\"param-item\">        \t        <span>Um\u00edst\u011bn\u00ed<\/span>        \t        <strong>        \t                K zav\u011b\u0161en\u00ed            \t    <\/strong>        \t    <\/div>\n<div class=\"param-item\">        \t        <span>\u0160\u00ed\u0159ka<\/span>        \t        <strong>        \t                1205 mm            \t    <\/strong>        \t    <\/div>\n<div class=\"param-item\">        \t        <span>Hloubka<\/span>        \t        <strong>        \t                476 mm            \t    <\/strong>        \t    <\/div>\n<div class=\"param-item\">        \t        <span>D\u00e9lka\/V\u00fd\u0161ka<\/span>        \t        <strong>        \t                700 mm            \t    <\/strong>        \t    <\/div>\n<\/p><\/div>\n<\/p><\/div>\n<div id=\"download\">\n<div class=\"downloads-wrapper underline\">                    \t    <i class=\"icon-download\" aria-hidden=\"true\"><\/i><span><\/span>                \t<\/div>\n<\/p><\/div>\n<\/p><\/div>\n<\/p><\/div>\n<\/p><\/div>\n<\/div>\n","protected":false},"excerpt":{"rendered":"<p>S\u00e9rie koupelnov\u00e9ho n\u00e1bytku Mailo umo\u017e\u0148uje kombinovat sk\u0159\u00ed\u0148ky do mnoha r\u016fzn\u00fdch variant. Vytvo\u0159it tak lze jak slo\u017eit\u00e9 kombinace do velk\u00fdch koupelen, tak minimalistick\u00e9 \u0159e\u0161en\u00ed v modern\u00edm designu. \u0160upl\u00edky jsou vybaveny designov\u00fdmi chromovan\u00fdmi \u00fachytkami a zna\u010dkov\u00fdmi pojezdy Strong s pomal\u00fdm dov\u00edr\u00e1n\u00edm. Na v\u00fdb\u011br je z mnoha barevn\u00fdch kombinac\u00ed, Multidecor. Sk\u0159\u00ed\u0148ky jsou dod\u00e1v\u00e1ny smontovan\u00e9 a v\u0161echny jsou ur\u010den\u00e9 [&hellip;]<\/p>\n","protected":false},"featured_media":67027,"comment_status":"open","ping_status":"open","template":"","meta":[],"product_brand":[],"product_cat":[203],"product_tag":[],"class_list":{"0":"post-66927","1":"product","2":"type-product","3":"status-publish","4":"has-post-thumbnail","6":"product_cat-keramika-a-nabytek","8":"first","9":"instock","10":"sale","11":"shipping-taxable","12":"purchasable","13":"product-type-simple"},"yoast_head":"<!-- This site is optimized with the Yoast SEO plugin v26.8 - https:\/\/yoast.com\/product\/yoast-seo-wordpress\/ -->\n<title>Zna\u010dkov\u00fd Mereo Mailo, koupelnov\u00e1 sk\u0159\u00ed\u0148ka 121 cm, chrom madlo, Multidecor, Dark Rockford Hic - Pr\u016fmyslov\u00e9 vybaven\u00ed a p\u0159\u00edslu\u0161enstv\u00ed<\/title>\n<meta name=\"robots\" content=\"index, follow, max-snippet:-1, max-image-preview:large, max-video-preview:-1\" \/>\n<link rel=\"canonical\" href=\"https:\/\/www.domtechnikpro.com\/index.php\/produkt\/znackovy-mereo-mailo-koupelnova-skrinka-121-cm-chrom-madlo-multidecor-dark-rockford-hic-66927\/\" \/>\n<meta property=\"og:locale\" content=\"cs_CZ\" \/>\n<meta property=\"og:type\" content=\"article\" \/>\n<meta property=\"og:title\" content=\"Zna\u010dkov\u00fd Mereo Mailo, koupelnov\u00e1 sk\u0159\u00ed\u0148ka 121 cm, chrom madlo, Multidecor, Dark Rockford Hic - Pr\u016fmyslov\u00e9 vybaven\u00ed a p\u0159\u00edslu\u0161enstv\u00ed\" \/>\n<meta property=\"og:description\" content=\"S\u00e9rie koupelnov\u00e9ho n\u00e1bytku Mailo umo\u017e\u0148uje kombinovat sk\u0159\u00ed\u0148ky do mnoha r\u016fzn\u00fdch variant. Vytvo\u0159it tak lze jak slo\u017eit\u00e9 kombinace do velk\u00fdch koupelen, tak minimalistick\u00e9 \u0159e\u0161en\u00ed v modern\u00edm designu. \u0160upl\u00edky jsou vybaveny designov\u00fdmi chromovan\u00fdmi \u00fachytkami a zna\u010dkov\u00fdmi pojezdy Strong s pomal\u00fdm dov\u00edr\u00e1n\u00edm. Na v\u00fdb\u011br je z mnoha barevn\u00fdch kombinac\u00ed, Multidecor. Sk\u0159\u00ed\u0148ky jsou dod\u00e1v\u00e1ny smontovan\u00e9 a v\u0161echny jsou ur\u010den\u00e9 [&hellip;]\" \/>\n<meta property=\"og:url\" content=\"https:\/\/www.domtechnikpro.com\/index.php\/produkt\/znackovy-mereo-mailo-koupelnova-skrinka-121-cm-chrom-madlo-multidecor-dark-rockford-hic-66927\/\" \/>\n<meta property=\"og:site_name\" content=\"Pr\u016fmyslov\u00e9 vybaven\u00ed a p\u0159\u00edslu\u0161enstv\u00ed\" \/>\n<meta property=\"og:image\" content=\"https:\/\/www.domtechnikpro.com\/wp-content\/uploads\/2026\/SK0002547-CZ20260425-093531-0-1777080932-3c49cbc6a5e525ba18208fcb7667fbce-cn593sdrh1-jpg-2023-12-08-.webp\" \/>\n\t<meta property=\"og:image:width\" content=\"800\" \/>\n\t<meta property=\"og:image:height\" content=\"800\" \/>\n\t<meta property=\"og:image:type\" content=\"image\/webp\" \/>\n<meta name=\"twitter:card\" content=\"summary_large_image\" \/>\n<meta name=\"twitter:label1\" content=\"Odhadovan\u00e1 doba \u010dten\u00ed\" \/>\n\t<meta name=\"twitter:data1\" content=\"3 minuty\" \/>\n<script type=\"application\/ld+json\" class=\"yoast-schema-graph\">{\"@context\":\"https:\/\/schema.org\",\"@graph\":[{\"@type\":\"WebPage\",\"@id\":\"https:\/\/www.domtechnikpro.com\/index.php\/produkt\/znackovy-mereo-mailo-koupelnova-skrinka-121-cm-chrom-madlo-multidecor-dark-rockford-hic-66927\/\",\"url\":\"https:\/\/www.domtechnikpro.com\/index.php\/produkt\/znackovy-mereo-mailo-koupelnova-skrinka-121-cm-chrom-madlo-multidecor-dark-rockford-hic-66927\/\",\"name\":\"Zna\u010dkov\u00fd Mereo Mailo, koupelnov\u00e1 sk\u0159\u00ed\u0148ka 121 cm, chrom madlo, Multidecor, Dark Rockford Hic - Pr\u016fmyslov\u00e9 vybaven\u00ed a p\u0159\u00edslu\u0161enstv\u00ed\",\"isPartOf\":{\"@id\":\"https:\/\/www.domtechnikpro.com\/#website\"},\"primaryImageOfPage\":{\"@id\":\"https:\/\/www.domtechnikpro.com\/index.php\/produkt\/znackovy-mereo-mailo-koupelnova-skrinka-121-cm-chrom-madlo-multidecor-dark-rockford-hic-66927\/#primaryimage\"},\"image\":{\"@id\":\"https:\/\/www.domtechnikpro.com\/index.php\/produkt\/znackovy-mereo-mailo-koupelnova-skrinka-121-cm-chrom-madlo-multidecor-dark-rockford-hic-66927\/#primaryimage\"},\"thumbnailUrl\":\"https:\/\/www.domtechnikpro.com\/wp-content\/uploads\/2026\/SK0002547-CZ20260425-093531-0-1777080932-3c49cbc6a5e525ba18208fcb7667fbce-cn593sdrh1-jpg-2023-12-08-.webp\",\"datePublished\":\"2026-04-26T09:04:10+00:00\",\"breadcrumb\":{\"@id\":\"https:\/\/www.domtechnikpro.com\/index.php\/produkt\/znackovy-mereo-mailo-koupelnova-skrinka-121-cm-chrom-madlo-multidecor-dark-rockford-hic-66927\/#breadcrumb\"},\"inLanguage\":\"cs\",\"potentialAction\":[{\"@type\":\"ReadAction\",\"target\":[\"https:\/\/www.domtechnikpro.com\/index.php\/produkt\/znackovy-mereo-mailo-koupelnova-skrinka-121-cm-chrom-madlo-multidecor-dark-rockford-hic-66927\/\"]}]},{\"@type\":\"ImageObject\",\"inLanguage\":\"cs\",\"@id\":\"https:\/\/www.domtechnikpro.com\/index.php\/produkt\/znackovy-mereo-mailo-koupelnova-skrinka-121-cm-chrom-madlo-multidecor-dark-rockford-hic-66927\/#primaryimage\",\"url\":\"https:\/\/www.domtechnikpro.com\/wp-content\/uploads\/2026\/SK0002547-CZ20260425-093531-0-1777080932-3c49cbc6a5e525ba18208fcb7667fbce-cn593sdrh1-jpg-2023-12-08-.webp\",\"contentUrl\":\"https:\/\/www.domtechnikpro.com\/wp-content\/uploads\/2026\/SK0002547-CZ20260425-093531-0-1777080932-3c49cbc6a5e525ba18208fcb7667fbce-cn593sdrh1-jpg-2023-12-08-.webp\",\"width\":800,\"height\":800},{\"@type\":\"BreadcrumbList\",\"@id\":\"https:\/\/www.domtechnikpro.com\/index.php\/produkt\/znackovy-mereo-mailo-koupelnova-skrinka-121-cm-chrom-madlo-multidecor-dark-rockford-hic-66927\/#breadcrumb\",\"itemListElement\":[{\"@type\":\"ListItem\",\"position\":1,\"name\":\"Home\",\"item\":\"https:\/\/www.domtechnikpro.com\/\"},{\"@type\":\"ListItem\",\"position\":2,\"name\":\"Products\",\"item\":\"https:\/\/www.domtechnikpro.com\/products\/\"},{\"@type\":\"ListItem\",\"position\":3,\"name\":\"Zna\u010dkov\u00fd Mereo Mailo, koupelnov\u00e1 sk\u0159\u00ed\u0148ka 121 cm, chrom madlo, Multidecor, Dark Rockford Hic\"}]},{\"@type\":\"WebSite\",\"@id\":\"https:\/\/www.domtechnikpro.com\/#website\",\"url\":\"https:\/\/www.domtechnikpro.com\/\",\"name\":\"Pr\u016fmyslov\u00e9 vybaven\u00ed a p\u0159\u00edslu\u0161enstv\u00ed\",\"description\":\"Pr\u016fmyslov\u00e9 vybaven\u00ed a p\u0159\u00edslu\u0161enstv\u00ed\",\"publisher\":{\"@id\":\"https:\/\/www.domtechnikpro.com\/#organization\"},\"potentialAction\":[{\"@type\":\"SearchAction\",\"target\":{\"@type\":\"EntryPoint\",\"urlTemplate\":\"https:\/\/www.domtechnikpro.com\/?s={search_term_string}\"},\"query-input\":{\"@type\":\"PropertyValueSpecification\",\"valueRequired\":true,\"valueName\":\"search_term_string\"}}],\"inLanguage\":\"cs\"},{\"@type\":\"Organization\",\"@id\":\"https:\/\/www.domtechnikpro.com\/#organization\",\"name\":\"Pr\u016fmyslov\u00e9 vybaven\u00ed a p\u0159\u00edslu\u0161enstv\u00ed\",\"url\":\"https:\/\/www.domtechnikpro.com\/\",\"logo\":{\"@type\":\"ImageObject\",\"inLanguage\":\"cs\",\"@id\":\"https:\/\/www.domtechnikpro.com\/#\/schema\/logo\/image\/\",\"url\":\"https:\/\/www.domtechnikpro.com\/wp-content\/uploads\/2026\/04\/domtechnikpro_logo_full.svg\",\"contentUrl\":\"https:\/\/www.domtechnikpro.com\/wp-content\/uploads\/2026\/04\/domtechnikpro_logo_full.svg\",\"width\":920,\"height\":180,\"caption\":\"Pr\u016fmyslov\u00e9 vybaven\u00ed a p\u0159\u00edslu\u0161enstv\u00ed\"},\"image\":{\"@id\":\"https:\/\/www.domtechnikpro.com\/#\/schema\/logo\/image\/\"}}]}<\/script>\n<!-- \/ Yoast SEO plugin. -->","yoast_head_json":{"title":"Zna\u010dkov\u00fd Mereo Mailo, koupelnov\u00e1 sk\u0159\u00ed\u0148ka 121 cm, chrom madlo, Multidecor, Dark Rockford Hic - Pr\u016fmyslov\u00e9 vybaven\u00ed a p\u0159\u00edslu\u0161enstv\u00ed","robots":{"index":"index","follow":"follow","max-snippet":"max-snippet:-1","max-image-preview":"max-image-preview:large","max-video-preview":"max-video-preview:-1"},"canonical":"https:\/\/www.domtechnikpro.com\/index.php\/produkt\/znackovy-mereo-mailo-koupelnova-skrinka-121-cm-chrom-madlo-multidecor-dark-rockford-hic-66927\/","og_locale":"cs_CZ","og_type":"article","og_title":"Zna\u010dkov\u00fd Mereo Mailo, koupelnov\u00e1 sk\u0159\u00ed\u0148ka 121 cm, chrom madlo, Multidecor, Dark Rockford Hic - Pr\u016fmyslov\u00e9 vybaven\u00ed a p\u0159\u00edslu\u0161enstv\u00ed","og_description":"S\u00e9rie koupelnov\u00e9ho n\u00e1bytku Mailo umo\u017e\u0148uje kombinovat sk\u0159\u00ed\u0148ky do mnoha r\u016fzn\u00fdch variant. Vytvo\u0159it tak lze jak slo\u017eit\u00e9 kombinace do velk\u00fdch koupelen, tak minimalistick\u00e9 \u0159e\u0161en\u00ed v modern\u00edm designu. \u0160upl\u00edky jsou vybaveny designov\u00fdmi chromovan\u00fdmi \u00fachytkami a zna\u010dkov\u00fdmi pojezdy Strong s pomal\u00fdm dov\u00edr\u00e1n\u00edm. Na v\u00fdb\u011br je z mnoha barevn\u00fdch kombinac\u00ed, Multidecor. Sk\u0159\u00ed\u0148ky jsou dod\u00e1v\u00e1ny smontovan\u00e9 a v\u0161echny jsou ur\u010den\u00e9 [&hellip;]","og_url":"https:\/\/www.domtechnikpro.com\/index.php\/produkt\/znackovy-mereo-mailo-koupelnova-skrinka-121-cm-chrom-madlo-multidecor-dark-rockford-hic-66927\/","og_site_name":"Pr\u016fmyslov\u00e9 vybaven\u00ed a p\u0159\u00edslu\u0161enstv\u00ed","og_image":[{"width":800,"height":800,"url":"https:\/\/www.domtechnikpro.com\/wp-content\/uploads\/2026\/SK0002547-CZ20260425-093531-0-1777080932-3c49cbc6a5e525ba18208fcb7667fbce-cn593sdrh1-jpg-2023-12-08-.webp","type":"image\/webp"}],"twitter_card":"summary_large_image","twitter_misc":{"Odhadovan\u00e1 doba \u010dten\u00ed":"3 minuty"},"schema":{"@context":"https:\/\/schema.org","@graph":[{"@type":"WebPage","@id":"https:\/\/www.domtechnikpro.com\/index.php\/produkt\/znackovy-mereo-mailo-koupelnova-skrinka-121-cm-chrom-madlo-multidecor-dark-rockford-hic-66927\/","url":"https:\/\/www.domtechnikpro.com\/index.php\/produkt\/znackovy-mereo-mailo-koupelnova-skrinka-121-cm-chrom-madlo-multidecor-dark-rockford-hic-66927\/","name":"Zna\u010dkov\u00fd Mereo Mailo, koupelnov\u00e1 sk\u0159\u00ed\u0148ka 121 cm, chrom madlo, Multidecor, Dark Rockford Hic - Pr\u016fmyslov\u00e9 vybaven\u00ed a p\u0159\u00edslu\u0161enstv\u00ed","isPartOf":{"@id":"https:\/\/www.domtechnikpro.com\/#website"},"primaryImageOfPage":{"@id":"https:\/\/www.domtechnikpro.com\/index.php\/produkt\/znackovy-mereo-mailo-koupelnova-skrinka-121-cm-chrom-madlo-multidecor-dark-rockford-hic-66927\/#primaryimage"},"image":{"@id":"https:\/\/www.domtechnikpro.com\/index.php\/produkt\/znackovy-mereo-mailo-koupelnova-skrinka-121-cm-chrom-madlo-multidecor-dark-rockford-hic-66927\/#primaryimage"},"thumbnailUrl":"https:\/\/www.domtechnikpro.com\/wp-content\/uploads\/2026\/SK0002547-CZ20260425-093531-0-1777080932-3c49cbc6a5e525ba18208fcb7667fbce-cn593sdrh1-jpg-2023-12-08-.webp","datePublished":"2026-04-26T09:04:10+00:00","breadcrumb":{"@id":"https:\/\/www.domtechnikpro.com\/index.php\/produkt\/znackovy-mereo-mailo-koupelnova-skrinka-121-cm-chrom-madlo-multidecor-dark-rockford-hic-66927\/#breadcrumb"},"inLanguage":"cs","potentialAction":[{"@type":"ReadAction","target":["https:\/\/www.domtechnikpro.com\/index.php\/produkt\/znackovy-mereo-mailo-koupelnova-skrinka-121-cm-chrom-madlo-multidecor-dark-rockford-hic-66927\/"]}]},{"@type":"ImageObject","inLanguage":"cs","@id":"https:\/\/www.domtechnikpro.com\/index.php\/produkt\/znackovy-mereo-mailo-koupelnova-skrinka-121-cm-chrom-madlo-multidecor-dark-rockford-hic-66927\/#primaryimage","url":"https:\/\/www.domtechnikpro.com\/wp-content\/uploads\/2026\/SK0002547-CZ20260425-093531-0-1777080932-3c49cbc6a5e525ba18208fcb7667fbce-cn593sdrh1-jpg-2023-12-08-.webp","contentUrl":"https:\/\/www.domtechnikpro.com\/wp-content\/uploads\/2026\/SK0002547-CZ20260425-093531-0-1777080932-3c49cbc6a5e525ba18208fcb7667fbce-cn593sdrh1-jpg-2023-12-08-.webp","width":800,"height":800},{"@type":"BreadcrumbList","@id":"https:\/\/www.domtechnikpro.com\/index.php\/produkt\/znackovy-mereo-mailo-koupelnova-skrinka-121-cm-chrom-madlo-multidecor-dark-rockford-hic-66927\/#breadcrumb","itemListElement":[{"@type":"ListItem","position":1,"name":"Home","item":"https:\/\/www.domtechnikpro.com\/"},{"@type":"ListItem","position":2,"name":"Products","item":"https:\/\/www.domtechnikpro.com\/products\/"},{"@type":"ListItem","position":3,"name":"Zna\u010dkov\u00fd Mereo Mailo, koupelnov\u00e1 sk\u0159\u00ed\u0148ka 121 cm, chrom madlo, Multidecor, Dark Rockford Hic"}]},{"@type":"WebSite","@id":"https:\/\/www.domtechnikpro.com\/#website","url":"https:\/\/www.domtechnikpro.com\/","name":"Pr\u016fmyslov\u00e9 vybaven\u00ed a p\u0159\u00edslu\u0161enstv\u00ed","description":"Pr\u016fmyslov\u00e9 vybaven\u00ed a p\u0159\u00edslu\u0161enstv\u00ed","publisher":{"@id":"https:\/\/www.domtechnikpro.com\/#organization"},"potentialAction":[{"@type":"SearchAction","target":{"@type":"EntryPoint","urlTemplate":"https:\/\/www.domtechnikpro.com\/?s={search_term_string}"},"query-input":{"@type":"PropertyValueSpecification","valueRequired":true,"valueName":"search_term_string"}}],"inLanguage":"cs"},{"@type":"Organization","@id":"https:\/\/www.domtechnikpro.com\/#organization","name":"Pr\u016fmyslov\u00e9 vybaven\u00ed a p\u0159\u00edslu\u0161enstv\u00ed","url":"https:\/\/www.domtechnikpro.com\/","logo":{"@type":"ImageObject","inLanguage":"cs","@id":"https:\/\/www.domtechnikpro.com\/#\/schema\/logo\/image\/","url":"https:\/\/www.domtechnikpro.com\/wp-content\/uploads\/2026\/04\/domtechnikpro_logo_full.svg","contentUrl":"https:\/\/www.domtechnikpro.com\/wp-content\/uploads\/2026\/04\/domtechnikpro_logo_full.svg","width":920,"height":180,"caption":"Pr\u016fmyslov\u00e9 vybaven\u00ed a p\u0159\u00edslu\u0161enstv\u00ed"},"image":{"@id":"https:\/\/www.domtechnikpro.com\/#\/schema\/logo\/image\/"}}]}},"_links":{"self":[{"href":"https:\/\/www.domtechnikpro.com\/wp-json\/wp\/v2\/product\/66927","targetHints":{"allow":["GET"]}}],"collection":[{"href":"https:\/\/www.domtechnikpro.com\/wp-json\/wp\/v2\/product"}],"about":[{"href":"https:\/\/www.domtechnikpro.com\/wp-json\/wp\/v2\/types\/product"}],"replies":[{"embeddable":true,"href":"https:\/\/www.domtechnikpro.com\/wp-json\/wp\/v2\/comments?post=66927"}],"wp:featuredmedia":[{"embeddable":true,"href":"https:\/\/www.domtechnikpro.com\/wp-json\/wp\/v2\/media\/67027"}],"wp:attachment":[{"href":"https:\/\/www.domtechnikpro.com\/wp-json\/wp\/v2\/media?parent=66927"}],"wp:term":[{"taxonomy":"product_brand","embeddable":true,"href":"https:\/\/www.domtechnikpro.com\/wp-json\/wp\/v2\/product_brand?post=66927"},{"taxonomy":"product_cat","embeddable":true,"href":"https:\/\/www.domtechnikpro.com\/wp-json\/wp\/v2\/product_cat?post=66927"},{"taxonomy":"product_tag","embeddable":true,"href":"https:\/\/www.domtechnikpro.com\/wp-json\/wp\/v2\/product_tag?post=66927"}],"curies":[{"name":"wp","href":"https:\/\/api.w.org\/{rel}","templated":true}]}}