{"id":65914,"date":"2026-04-26T09:03:59","date_gmt":"2026-04-26T09:03:59","guid":{"rendered":""},"modified":"2026-04-26T09:03:59","modified_gmt":"2026-04-26T09:03:59","slug":"znackovy-mereo-kora-lite-sprchovy-set-sprchovy-kout-80x80x185cm-chrom-alu-sklo-cire-80-cm-vanicka-sifon-65914","status":"publish","type":"product","link":"https:\/\/www.domtechnikpro.com\/produkt\/znackovy-mereo-kora-lite-sprchovy-set-sprchovy-kout-80x80x185cm-chrom-alu-sklo-cire-80-cm-vanicka-sifon-65914\/","title":{"rendered":"Zna\u010dkov\u00fd Mereo Kora Lite sprchov\u00fd set: sprchov\u00fd kout 80x80x185cm, chrom ALU, sklo \u010dir\u00e9, 80 cm, vani\u010dka, sifon"},"content":{"rendered":"<p>                Sprchov\u00e9 kouty ze s\u00e9rie Kora, kter\u00e1 vn\u00e1\u0161\u00ed do ekonomick\u00e9 t\u0159\u00eddy nov\u00fd rozm\u011br kvality. Tlou\u0161\u0165ka bezpe\u010dnostn\u00edho skla je 4\/5 mm, v designu skla \u010cir\u00e9. Sprchov\u00fd kout je osazen posuvn\u00fdmi dve\u0159mi, kter\u00e9 maj\u00ed lo\u017eiskov\u00e9 pojezdy s excentrick\u00fdm usazen\u00edm (mo\u017enost perfektn\u00edho se\u0159\u00edzen\u00ed). Dorazy zaji\u0161\u0165uj\u00ed minim\u00e1ln\u00ed n\u00e1razy p\u0159i otev\u00edr\u00e1n\u00ed a zav\u00edr\u00e1n\u00ed sprchov\u00e9ho koutu.<\/p>\n<p>Spodn\u00ed pojezdy umo\u017e\u0148uj\u00ed odklopen\u00ed posuvn\u00e9 \u010d\u00e1sti sprchov\u00e9ho koutu a vy\u010di\u0161t\u011bn\u00ed b\u011b\u017en\u011b nedostupn\u00fdch m\u00edst. T\u011bsnost mezi pevnou a posuvnou \u010d\u00e1st\u00ed je zaji\u0161t\u011bna st\u00edrac\u00edmi silikonov\u00fdmi li\u0161tami na obou dvou \u010d\u00e1stech, nejedn\u00e1 se v\u0161ak o hermeticky uzav\u0159en\u00fd v\u00fdrobek.<\/p>\n<p>Sprchov\u00e9 vani\u010dky jsou podstatnou sou\u010d\u00e1st\u00ed sprchov\u00fdch kout\u016f a sv\u00fdm designem a kvalitou zpracov\u00e1n\u00ed mohou v\u00fdrazn\u011b ovlivnit celkov\u00fd dojem ze sprchov\u00e9ho koutu.<br \/>Sprchov\u00e9 vani\u010dky z lit\u00e9ho mramoru jsou opat\u0159eny ochrannou vrstvou Gelcoat, kter\u00e1 zaji\u0161\u0165uje st\u00e1lobarevnost a odolnost proti n\u00e1razu.<\/p>\n<p>Tyto sprchov\u00e9 vani\u010dky, p\u0159edstavuj\u00ed nad\u010dasov\u00e9 a elegantn\u00ed \u0159e\u0161en\u00ed:<br \/>&#8211; snadn\u00e1 \u00fadr\u017eba <br \/>&#8211; vysok\u00e1 odolnost<br \/>&#8211; nad\u010dasov\u00fd materi\u00e1l<br \/>&#8211; otvor pro sifon \u00f8 90 mm<\/p>\n<p>Varianta mont\u00e1\u017ee lit\u00fdch vani\u010dek (no\u017ei\u010dky a panel nejsou sou\u010d\u00e1st\u00ed balen\u00ed):<br \/>&#8211; no\u017ei\u010dk\u00e1ch s panelem<br \/>&#8211; na no\u017ei\u010dk\u00e1ch obezd\u011bn\u00e1<br \/>&#8211; usazen\u00e1 na dla\u017ebu<br \/>&#8211; podezd\u011bn\u00e1<\/p>\n<p>Nosnost vani\u010dek bez no\u017ei\u010de 200 kg<br \/>Nosnost vani\u010dek s no\u017ei\u010dkami 150 kg            <\/div>\n<div id=\"parametes\">\n<div class=\"param-wrapper\">\n<div class=\"param-item\">        \t        <span>Typ<\/span>        \t        <strong>        \t                Sprchov\u00fd kout            \t    <\/strong>        \t    <\/div>\n<div class=\"param-item\">        \t        <span>Barva<\/span>        \t        <strong>        \t                Chrom            \t    <\/strong>        \t    <\/div>\n<div class=\"param-item\">        \t        <span>S\u00e9rie<\/span>        \t        <strong>        \t                Kora lite            \t    <\/strong>        \t    <\/div>\n<div class=\"param-item\">        \t        <span>Sklo<\/span>        \t        <strong>        \t                \u010cir\u00e9            \t    <\/strong>        \t    <\/div>\n<div class=\"param-item\">        \t        <span>Proveden\u00ed<\/span>        \t        <strong>        \t                L\/P univers\u00e1ln\u00ed            \t    <\/strong>        \t    <\/div>\n<div class=\"param-item\">        \t        <span>Tvar<\/span>        \t        <strong>        \t                \u010ctverec            \t    <\/strong>        \t    <\/div>\n<div class=\"param-item\">        \t        <span>Tlou\u0161\u0165ka skla<\/span>        \t        <strong>        \t                5\/4 mm            \t    <\/strong>        \t    <\/div>\n<div class=\"param-item\">        \t        <span>Zp\u016fsob otev\u00edr\u00e1n\u00ed<\/span>        \t        <strong>        \t                Zasunovac\u00ed            \t    <\/strong>        \t    <\/div>\n<div class=\"param-item\">        \t        <span>Konstrukce<\/span>        \t        <strong>        \t                Dve\u0159e \/ Dve\u0159e            \t    <\/strong>        \t    <\/div>\n<div class=\"param-item\">        \t        <span>Stavitelnost<\/span>        \t        <strong>        \t                780-900 x 780-900            \t    <\/strong>        \t    <\/div>\n<div class=\"param-item\">        \t        <span>\u0160\u00ed\u0159ka<\/span>        \t        <strong>        \t                800 mm            \t    <\/strong>        \t    <\/div>\n<div class=\"param-item\">        \t        <span>Hloubka<\/span>        \t        <strong>        \t                800 mm            \t    <\/strong>        \t    <\/div>\n<div class=\"param-item\">        \t        <span>D\u00e9lka\/V\u00fd\u0161ka<\/span>        \t        <strong>        \t                1850 mm            \t    <\/strong>        \t    <\/div>\n<div class=\"param-item\">        \t        <span>Vstupn\u00ed otvor<\/span>        \t        <strong>        \t                420            \t    <\/strong>        \t    <\/div>\n<div class=\"param-item\">        \t        <span>Materi\u00e1l<\/span>        \t        <strong>        \t                Hlin\u00edkov\u00e9 profily            \t    <\/strong>        \t    <\/div>\n<\/p><\/div>\n<\/p><\/div>\n<div id=\"download\">\n<div class=\"downloads-wrapper underline\">                    \t    <i class=\"icon-download\" aria-hidden=\"true\"><\/i><span><\/span>                \t<\/div>\n<\/p><\/div>\n<\/p><\/div>\n<div id=\"video\">\n<div class=\"swiper swiper-youtube\">\n<div class=\"swiper-wrapper\">\n<div class=\"swiper-slide\">                                <\/div>\n<\/p><\/div>\n<div class=\"control-wrapper\">\n<div class=\"sb-prev youtube-prev\"><i class=\"icon-arrow-left\"><\/i>P\u0159edchoz\u00ed<\/div>\n<div class=\"swiper-pagination\"><\/div>\n<div class=\"sb-next youtube-next\">Dal\u0161\u00ed<i class=\"icon-arrow-right\"><\/i><\/div>\n<\/p><\/div>\n<\/p><\/div>\n<\/p><\/div>\n<\/p><\/div>\n<\/p><\/div>\n<\/div>\n","protected":false},"excerpt":{"rendered":"<p>Sprchov\u00e9 kouty ze s\u00e9rie Kora, kter\u00e1 vn\u00e1\u0161\u00ed do ekonomick\u00e9 t\u0159\u00eddy nov\u00fd rozm\u011br kvality. Tlou\u0161\u0165ka bezpe\u010dnostn\u00edho skla je 4\/5 mm, v designu skla \u010cir\u00e9. Sprchov\u00fd kout je osazen posuvn\u00fdmi dve\u0159mi, kter\u00e9 maj\u00ed lo\u017eiskov\u00e9 pojezdy s excentrick\u00fdm usazen\u00edm (mo\u017enost perfektn\u00edho se\u0159\u00edzen\u00ed). Dorazy zaji\u0161\u0165uj\u00ed minim\u00e1ln\u00ed n\u00e1razy p\u0159i otev\u00edr\u00e1n\u00ed a zav\u00edr\u00e1n\u00ed sprchov\u00e9ho koutu. Spodn\u00ed pojezdy umo\u017e\u0148uj\u00ed odklopen\u00ed posuvn\u00e9 \u010d\u00e1sti [&hellip;]<\/p>\n","protected":false},"featured_media":66014,"comment_status":"open","ping_status":"open","template":"","meta":[],"product_brand":[],"product_cat":[204],"product_tag":[],"class_list":{"0":"post-65914","1":"product","2":"type-product","3":"status-publish","4":"has-post-thumbnail","6":"product_cat-sprchove-kouty-a-vanicky","8":"first","9":"instock","10":"sale","11":"shipping-taxable","12":"purchasable","13":"product-type-simple"},"yoast_head":"<!-- This site is optimized with the Yoast SEO plugin v26.8 - https:\/\/yoast.com\/product\/yoast-seo-wordpress\/ -->\n<title>Zna\u010dkov\u00fd Mereo Kora Lite sprchov\u00fd set: sprchov\u00fd kout 80x80x185cm, chrom ALU, sklo \u010dir\u00e9, 80 cm, vani\u010dka, sifon - Pr\u016fmyslov\u00e9 vybaven\u00ed a p\u0159\u00edslu\u0161enstv\u00ed<\/title>\n<meta name=\"robots\" content=\"index, follow, max-snippet:-1, max-image-preview:large, max-video-preview:-1\" \/>\n<link rel=\"canonical\" href=\"https:\/\/www.domtechnikpro.com\/index.php\/produkt\/znackovy-mereo-kora-lite-sprchovy-set-sprchovy-kout-80x80x185cm-chrom-alu-sklo-cire-80-cm-vanicka-sifon-65914\/\" \/>\n<meta property=\"og:locale\" content=\"cs_CZ\" \/>\n<meta property=\"og:type\" content=\"article\" \/>\n<meta property=\"og:title\" content=\"Zna\u010dkov\u00fd Mereo Kora Lite sprchov\u00fd set: sprchov\u00fd kout 80x80x185cm, chrom ALU, sklo \u010dir\u00e9, 80 cm, vani\u010dka, sifon - Pr\u016fmyslov\u00e9 vybaven\u00ed a p\u0159\u00edslu\u0161enstv\u00ed\" \/>\n<meta property=\"og:description\" content=\"Sprchov\u00e9 kouty ze s\u00e9rie Kora, kter\u00e1 vn\u00e1\u0161\u00ed do ekonomick\u00e9 t\u0159\u00eddy nov\u00fd rozm\u011br kvality. Tlou\u0161\u0165ka bezpe\u010dnostn\u00edho skla je 4\/5 mm, v designu skla \u010cir\u00e9. Sprchov\u00fd kout je osazen posuvn\u00fdmi dve\u0159mi, kter\u00e9 maj\u00ed lo\u017eiskov\u00e9 pojezdy s excentrick\u00fdm usazen\u00edm (mo\u017enost perfektn\u00edho se\u0159\u00edzen\u00ed). Dorazy zaji\u0161\u0165uj\u00ed minim\u00e1ln\u00ed n\u00e1razy p\u0159i otev\u00edr\u00e1n\u00ed a zav\u00edr\u00e1n\u00ed sprchov\u00e9ho koutu. Spodn\u00ed pojezdy umo\u017e\u0148uj\u00ed odklopen\u00ed posuvn\u00e9 \u010d\u00e1sti [&hellip;]\" \/>\n<meta property=\"og:url\" content=\"https:\/\/www.domtechnikpro.com\/index.php\/produkt\/znackovy-mereo-kora-lite-sprchovy-set-sprchovy-kout-80x80x185cm-chrom-alu-sklo-cire-80-cm-vanicka-sifon-65914\/\" \/>\n<meta property=\"og:site_name\" content=\"Pr\u016fmyslov\u00e9 vybaven\u00ed a p\u0159\u00edslu\u0161enstv\u00ed\" \/>\n<meta property=\"og:image\" content=\"https:\/\/www.domtechnikpro.com\/wp-content\/uploads\/2026\/SK0001928-CZ20260425-093531-0-1777080932-7ed8bdcf58289dc4d50b73d19e7f0076-ck34133zm-jpg-2025-10-02-1.webp\" \/>\n\t<meta property=\"og:image:width\" content=\"800\" \/>\n\t<meta property=\"og:image:height\" content=\"800\" \/>\n\t<meta property=\"og:image:type\" content=\"image\/webp\" \/>\n<meta name=\"twitter:card\" content=\"summary_large_image\" \/>\n<meta name=\"twitter:label1\" content=\"Odhadovan\u00e1 doba \u010dten\u00ed\" \/>\n\t<meta name=\"twitter:data1\" content=\"2 minuty\" \/>\n<script type=\"application\/ld+json\" class=\"yoast-schema-graph\">{\"@context\":\"https:\/\/schema.org\",\"@graph\":[{\"@type\":\"WebPage\",\"@id\":\"https:\/\/www.domtechnikpro.com\/index.php\/produkt\/znackovy-mereo-kora-lite-sprchovy-set-sprchovy-kout-80x80x185cm-chrom-alu-sklo-cire-80-cm-vanicka-sifon-65914\/\",\"url\":\"https:\/\/www.domtechnikpro.com\/index.php\/produkt\/znackovy-mereo-kora-lite-sprchovy-set-sprchovy-kout-80x80x185cm-chrom-alu-sklo-cire-80-cm-vanicka-sifon-65914\/\",\"name\":\"Zna\u010dkov\u00fd Mereo Kora Lite sprchov\u00fd set: sprchov\u00fd kout 80x80x185cm, chrom ALU, sklo \u010dir\u00e9, 80 cm, vani\u010dka, sifon - Pr\u016fmyslov\u00e9 vybaven\u00ed a p\u0159\u00edslu\u0161enstv\u00ed\",\"isPartOf\":{\"@id\":\"https:\/\/www.domtechnikpro.com\/#website\"},\"primaryImageOfPage\":{\"@id\":\"https:\/\/www.domtechnikpro.com\/index.php\/produkt\/znackovy-mereo-kora-lite-sprchovy-set-sprchovy-kout-80x80x185cm-chrom-alu-sklo-cire-80-cm-vanicka-sifon-65914\/#primaryimage\"},\"image\":{\"@id\":\"https:\/\/www.domtechnikpro.com\/index.php\/produkt\/znackovy-mereo-kora-lite-sprchovy-set-sprchovy-kout-80x80x185cm-chrom-alu-sklo-cire-80-cm-vanicka-sifon-65914\/#primaryimage\"},\"thumbnailUrl\":\"https:\/\/www.domtechnikpro.com\/wp-content\/uploads\/2026\/SK0001928-CZ20260425-093531-0-1777080932-7ed8bdcf58289dc4d50b73d19e7f0076-ck34133zm-jpg-2025-10-02-1.webp\",\"datePublished\":\"2026-04-26T09:03:59+00:00\",\"breadcrumb\":{\"@id\":\"https:\/\/www.domtechnikpro.com\/index.php\/produkt\/znackovy-mereo-kora-lite-sprchovy-set-sprchovy-kout-80x80x185cm-chrom-alu-sklo-cire-80-cm-vanicka-sifon-65914\/#breadcrumb\"},\"inLanguage\":\"cs\",\"potentialAction\":[{\"@type\":\"ReadAction\",\"target\":[\"https:\/\/www.domtechnikpro.com\/index.php\/produkt\/znackovy-mereo-kora-lite-sprchovy-set-sprchovy-kout-80x80x185cm-chrom-alu-sklo-cire-80-cm-vanicka-sifon-65914\/\"]}]},{\"@type\":\"ImageObject\",\"inLanguage\":\"cs\",\"@id\":\"https:\/\/www.domtechnikpro.com\/index.php\/produkt\/znackovy-mereo-kora-lite-sprchovy-set-sprchovy-kout-80x80x185cm-chrom-alu-sklo-cire-80-cm-vanicka-sifon-65914\/#primaryimage\",\"url\":\"https:\/\/www.domtechnikpro.com\/wp-content\/uploads\/2026\/SK0001928-CZ20260425-093531-0-1777080932-7ed8bdcf58289dc4d50b73d19e7f0076-ck34133zm-jpg-2025-10-02-1.webp\",\"contentUrl\":\"https:\/\/www.domtechnikpro.com\/wp-content\/uploads\/2026\/SK0001928-CZ20260425-093531-0-1777080932-7ed8bdcf58289dc4d50b73d19e7f0076-ck34133zm-jpg-2025-10-02-1.webp\",\"width\":800,\"height\":800},{\"@type\":\"BreadcrumbList\",\"@id\":\"https:\/\/www.domtechnikpro.com\/index.php\/produkt\/znackovy-mereo-kora-lite-sprchovy-set-sprchovy-kout-80x80x185cm-chrom-alu-sklo-cire-80-cm-vanicka-sifon-65914\/#breadcrumb\",\"itemListElement\":[{\"@type\":\"ListItem\",\"position\":1,\"name\":\"Home\",\"item\":\"https:\/\/www.domtechnikpro.com\/\"},{\"@type\":\"ListItem\",\"position\":2,\"name\":\"Products\",\"item\":\"https:\/\/www.domtechnikpro.com\/products\/\"},{\"@type\":\"ListItem\",\"position\":3,\"name\":\"Zna\u010dkov\u00fd Mereo Kora Lite sprchov\u00fd set: sprchov\u00fd kout 80x80x185cm, chrom ALU, sklo \u010dir\u00e9, 80 cm, vani\u010dka, sifon\"}]},{\"@type\":\"WebSite\",\"@id\":\"https:\/\/www.domtechnikpro.com\/#website\",\"url\":\"https:\/\/www.domtechnikpro.com\/\",\"name\":\"Pr\u016fmyslov\u00e9 vybaven\u00ed a p\u0159\u00edslu\u0161enstv\u00ed\",\"description\":\"Pr\u016fmyslov\u00e9 vybaven\u00ed a p\u0159\u00edslu\u0161enstv\u00ed\",\"publisher\":{\"@id\":\"https:\/\/www.domtechnikpro.com\/#organization\"},\"potentialAction\":[{\"@type\":\"SearchAction\",\"target\":{\"@type\":\"EntryPoint\",\"urlTemplate\":\"https:\/\/www.domtechnikpro.com\/?s={search_term_string}\"},\"query-input\":{\"@type\":\"PropertyValueSpecification\",\"valueRequired\":true,\"valueName\":\"search_term_string\"}}],\"inLanguage\":\"cs\"},{\"@type\":\"Organization\",\"@id\":\"https:\/\/www.domtechnikpro.com\/#organization\",\"name\":\"Pr\u016fmyslov\u00e9 vybaven\u00ed a p\u0159\u00edslu\u0161enstv\u00ed\",\"url\":\"https:\/\/www.domtechnikpro.com\/\",\"logo\":{\"@type\":\"ImageObject\",\"inLanguage\":\"cs\",\"@id\":\"https:\/\/www.domtechnikpro.com\/#\/schema\/logo\/image\/\",\"url\":\"https:\/\/www.domtechnikpro.com\/wp-content\/uploads\/2026\/04\/domtechnikpro_logo_full.svg\",\"contentUrl\":\"https:\/\/www.domtechnikpro.com\/wp-content\/uploads\/2026\/04\/domtechnikpro_logo_full.svg\",\"width\":920,\"height\":180,\"caption\":\"Pr\u016fmyslov\u00e9 vybaven\u00ed a p\u0159\u00edslu\u0161enstv\u00ed\"},\"image\":{\"@id\":\"https:\/\/www.domtechnikpro.com\/#\/schema\/logo\/image\/\"}}]}<\/script>\n<!-- \/ Yoast SEO plugin. -->","yoast_head_json":{"title":"Zna\u010dkov\u00fd Mereo Kora Lite sprchov\u00fd set: sprchov\u00fd kout 80x80x185cm, chrom ALU, sklo \u010dir\u00e9, 80 cm, vani\u010dka, sifon - Pr\u016fmyslov\u00e9 vybaven\u00ed a p\u0159\u00edslu\u0161enstv\u00ed","robots":{"index":"index","follow":"follow","max-snippet":"max-snippet:-1","max-image-preview":"max-image-preview:large","max-video-preview":"max-video-preview:-1"},"canonical":"https:\/\/www.domtechnikpro.com\/index.php\/produkt\/znackovy-mereo-kora-lite-sprchovy-set-sprchovy-kout-80x80x185cm-chrom-alu-sklo-cire-80-cm-vanicka-sifon-65914\/","og_locale":"cs_CZ","og_type":"article","og_title":"Zna\u010dkov\u00fd Mereo Kora Lite sprchov\u00fd set: sprchov\u00fd kout 80x80x185cm, chrom ALU, sklo \u010dir\u00e9, 80 cm, vani\u010dka, sifon - Pr\u016fmyslov\u00e9 vybaven\u00ed a p\u0159\u00edslu\u0161enstv\u00ed","og_description":"Sprchov\u00e9 kouty ze s\u00e9rie Kora, kter\u00e1 vn\u00e1\u0161\u00ed do ekonomick\u00e9 t\u0159\u00eddy nov\u00fd rozm\u011br kvality. Tlou\u0161\u0165ka bezpe\u010dnostn\u00edho skla je 4\/5 mm, v designu skla \u010cir\u00e9. Sprchov\u00fd kout je osazen posuvn\u00fdmi dve\u0159mi, kter\u00e9 maj\u00ed lo\u017eiskov\u00e9 pojezdy s excentrick\u00fdm usazen\u00edm (mo\u017enost perfektn\u00edho se\u0159\u00edzen\u00ed). Dorazy zaji\u0161\u0165uj\u00ed minim\u00e1ln\u00ed n\u00e1razy p\u0159i otev\u00edr\u00e1n\u00ed a zav\u00edr\u00e1n\u00ed sprchov\u00e9ho koutu. Spodn\u00ed pojezdy umo\u017e\u0148uj\u00ed odklopen\u00ed posuvn\u00e9 \u010d\u00e1sti [&hellip;]","og_url":"https:\/\/www.domtechnikpro.com\/index.php\/produkt\/znackovy-mereo-kora-lite-sprchovy-set-sprchovy-kout-80x80x185cm-chrom-alu-sklo-cire-80-cm-vanicka-sifon-65914\/","og_site_name":"Pr\u016fmyslov\u00e9 vybaven\u00ed a p\u0159\u00edslu\u0161enstv\u00ed","og_image":[{"width":800,"height":800,"url":"https:\/\/www.domtechnikpro.com\/wp-content\/uploads\/2026\/SK0001928-CZ20260425-093531-0-1777080932-7ed8bdcf58289dc4d50b73d19e7f0076-ck34133zm-jpg-2025-10-02-1.webp","type":"image\/webp"}],"twitter_card":"summary_large_image","twitter_misc":{"Odhadovan\u00e1 doba \u010dten\u00ed":"2 minuty"},"schema":{"@context":"https:\/\/schema.org","@graph":[{"@type":"WebPage","@id":"https:\/\/www.domtechnikpro.com\/index.php\/produkt\/znackovy-mereo-kora-lite-sprchovy-set-sprchovy-kout-80x80x185cm-chrom-alu-sklo-cire-80-cm-vanicka-sifon-65914\/","url":"https:\/\/www.domtechnikpro.com\/index.php\/produkt\/znackovy-mereo-kora-lite-sprchovy-set-sprchovy-kout-80x80x185cm-chrom-alu-sklo-cire-80-cm-vanicka-sifon-65914\/","name":"Zna\u010dkov\u00fd Mereo Kora Lite sprchov\u00fd set: sprchov\u00fd kout 80x80x185cm, chrom ALU, sklo \u010dir\u00e9, 80 cm, vani\u010dka, sifon - Pr\u016fmyslov\u00e9 vybaven\u00ed a p\u0159\u00edslu\u0161enstv\u00ed","isPartOf":{"@id":"https:\/\/www.domtechnikpro.com\/#website"},"primaryImageOfPage":{"@id":"https:\/\/www.domtechnikpro.com\/index.php\/produkt\/znackovy-mereo-kora-lite-sprchovy-set-sprchovy-kout-80x80x185cm-chrom-alu-sklo-cire-80-cm-vanicka-sifon-65914\/#primaryimage"},"image":{"@id":"https:\/\/www.domtechnikpro.com\/index.php\/produkt\/znackovy-mereo-kora-lite-sprchovy-set-sprchovy-kout-80x80x185cm-chrom-alu-sklo-cire-80-cm-vanicka-sifon-65914\/#primaryimage"},"thumbnailUrl":"https:\/\/www.domtechnikpro.com\/wp-content\/uploads\/2026\/SK0001928-CZ20260425-093531-0-1777080932-7ed8bdcf58289dc4d50b73d19e7f0076-ck34133zm-jpg-2025-10-02-1.webp","datePublished":"2026-04-26T09:03:59+00:00","breadcrumb":{"@id":"https:\/\/www.domtechnikpro.com\/index.php\/produkt\/znackovy-mereo-kora-lite-sprchovy-set-sprchovy-kout-80x80x185cm-chrom-alu-sklo-cire-80-cm-vanicka-sifon-65914\/#breadcrumb"},"inLanguage":"cs","potentialAction":[{"@type":"ReadAction","target":["https:\/\/www.domtechnikpro.com\/index.php\/produkt\/znackovy-mereo-kora-lite-sprchovy-set-sprchovy-kout-80x80x185cm-chrom-alu-sklo-cire-80-cm-vanicka-sifon-65914\/"]}]},{"@type":"ImageObject","inLanguage":"cs","@id":"https:\/\/www.domtechnikpro.com\/index.php\/produkt\/znackovy-mereo-kora-lite-sprchovy-set-sprchovy-kout-80x80x185cm-chrom-alu-sklo-cire-80-cm-vanicka-sifon-65914\/#primaryimage","url":"https:\/\/www.domtechnikpro.com\/wp-content\/uploads\/2026\/SK0001928-CZ20260425-093531-0-1777080932-7ed8bdcf58289dc4d50b73d19e7f0076-ck34133zm-jpg-2025-10-02-1.webp","contentUrl":"https:\/\/www.domtechnikpro.com\/wp-content\/uploads\/2026\/SK0001928-CZ20260425-093531-0-1777080932-7ed8bdcf58289dc4d50b73d19e7f0076-ck34133zm-jpg-2025-10-02-1.webp","width":800,"height":800},{"@type":"BreadcrumbList","@id":"https:\/\/www.domtechnikpro.com\/index.php\/produkt\/znackovy-mereo-kora-lite-sprchovy-set-sprchovy-kout-80x80x185cm-chrom-alu-sklo-cire-80-cm-vanicka-sifon-65914\/#breadcrumb","itemListElement":[{"@type":"ListItem","position":1,"name":"Home","item":"https:\/\/www.domtechnikpro.com\/"},{"@type":"ListItem","position":2,"name":"Products","item":"https:\/\/www.domtechnikpro.com\/products\/"},{"@type":"ListItem","position":3,"name":"Zna\u010dkov\u00fd Mereo Kora Lite sprchov\u00fd set: sprchov\u00fd kout 80x80x185cm, chrom ALU, sklo \u010dir\u00e9, 80 cm, vani\u010dka, sifon"}]},{"@type":"WebSite","@id":"https:\/\/www.domtechnikpro.com\/#website","url":"https:\/\/www.domtechnikpro.com\/","name":"Pr\u016fmyslov\u00e9 vybaven\u00ed a p\u0159\u00edslu\u0161enstv\u00ed","description":"Pr\u016fmyslov\u00e9 vybaven\u00ed a p\u0159\u00edslu\u0161enstv\u00ed","publisher":{"@id":"https:\/\/www.domtechnikpro.com\/#organization"},"potentialAction":[{"@type":"SearchAction","target":{"@type":"EntryPoint","urlTemplate":"https:\/\/www.domtechnikpro.com\/?s={search_term_string}"},"query-input":{"@type":"PropertyValueSpecification","valueRequired":true,"valueName":"search_term_string"}}],"inLanguage":"cs"},{"@type":"Organization","@id":"https:\/\/www.domtechnikpro.com\/#organization","name":"Pr\u016fmyslov\u00e9 vybaven\u00ed a p\u0159\u00edslu\u0161enstv\u00ed","url":"https:\/\/www.domtechnikpro.com\/","logo":{"@type":"ImageObject","inLanguage":"cs","@id":"https:\/\/www.domtechnikpro.com\/#\/schema\/logo\/image\/","url":"https:\/\/www.domtechnikpro.com\/wp-content\/uploads\/2026\/04\/domtechnikpro_logo_full.svg","contentUrl":"https:\/\/www.domtechnikpro.com\/wp-content\/uploads\/2026\/04\/domtechnikpro_logo_full.svg","width":920,"height":180,"caption":"Pr\u016fmyslov\u00e9 vybaven\u00ed a p\u0159\u00edslu\u0161enstv\u00ed"},"image":{"@id":"https:\/\/www.domtechnikpro.com\/#\/schema\/logo\/image\/"}}]}},"_links":{"self":[{"href":"https:\/\/www.domtechnikpro.com\/wp-json\/wp\/v2\/product\/65914","targetHints":{"allow":["GET"]}}],"collection":[{"href":"https:\/\/www.domtechnikpro.com\/wp-json\/wp\/v2\/product"}],"about":[{"href":"https:\/\/www.domtechnikpro.com\/wp-json\/wp\/v2\/types\/product"}],"replies":[{"embeddable":true,"href":"https:\/\/www.domtechnikpro.com\/wp-json\/wp\/v2\/comments?post=65914"}],"wp:featuredmedia":[{"embeddable":true,"href":"https:\/\/www.domtechnikpro.com\/wp-json\/wp\/v2\/media\/66014"}],"wp:attachment":[{"href":"https:\/\/www.domtechnikpro.com\/wp-json\/wp\/v2\/media?parent=65914"}],"wp:term":[{"taxonomy":"product_brand","embeddable":true,"href":"https:\/\/www.domtechnikpro.com\/wp-json\/wp\/v2\/product_brand?post=65914"},{"taxonomy":"product_cat","embeddable":true,"href":"https:\/\/www.domtechnikpro.com\/wp-json\/wp\/v2\/product_cat?post=65914"},{"taxonomy":"product_tag","embeddable":true,"href":"https:\/\/www.domtechnikpro.com\/wp-json\/wp\/v2\/product_tag?post=65914"}],"curies":[{"name":"wp","href":"https:\/\/api.w.org\/{rel}","templated":true}]}}