{"id":65515,"date":"2026-04-26T09:03:54","date_gmt":"2026-04-26T09:03:54","guid":{"rendered":""},"modified":"2026-04-26T09:03:54","modified_gmt":"2026-04-26T09:03:54","slug":"znackovy-mereo-bino-koupelnova-skrinka-vysoka-163-cm-dvojita-multidecor-sedy-kamen-65515","status":"publish","type":"product","link":"https:\/\/www.domtechnikpro.com\/produkt\/znackovy-mereo-bino-koupelnova-skrinka-vysoka-163-cm-dvojita-multidecor-sedy-kamen-65515\/","title":{"rendered":"Zna\u010dkov\u00fd Mereo Bino, koupelnov\u00e1 sk\u0159\u00ed\u0148ka vysok\u00e1 163 cm, dvojit\u00e1, Multidecor, \u0160ed\u00fd k\u00e1men"},"content":{"rendered":"<p>                Jednoduchost, efektivnost, elegance. To jsou hlavn\u00ed spole\u010dn\u00e9 jmenovatele koupelnov\u00e9ho n\u00e1bytku Bino, kter\u00fd ozdob\u00ed ka\u017edou koupelnu. D\u00edky kombinaci inovac\u00ed a spolehliv\u00e9ho p\u0159\u00edstupu pak vznik\u00e1 kvalitn\u00ed a z\u00e1rove\u0148 velmi modern\u00ed n\u00e1bytek. Barevn\u00e9 kombinace zaji\u0161\u0165uj\u00ed, \u017ee bude n\u00e1bytek ladit do ka\u017ed\u00e9ho typu koupelny. U\u017eivatelsky velmi praktick\u00e9 jsou pak dv\u011b plnov\u00fdsuvn\u00e9 z\u00e1suvky se samozav\u00edrac\u00edmi pojezdy a tlumen\u00edm Strong. Sk\u0159\u00ed\u0148ka se dod\u00e1v\u00e1 ve slo\u017een\u00e9m stavu.\t\t\t\t<\/p>\n<div class=\"additional-desc mt-5\">\n<hr>\n<h2><strong>Bino \u2013 stylov\u00e1 koupelna s maximem prostoru<\/strong><\/h2>\n<p><span>Stylov\u00fd koupelnov\u00fd n\u00e1bytek s chromovan\u00fdmi \u00fachytkami ze s\u00e9rie <\/span>Bino<span> ozdob\u00ed ka\u017edou koupelnu. Na v\u00fdb\u011br je velk\u00fd po\u010det dopl\u0148kov\u00fdch n\u00edzk\u00fdch a vysok\u00fdch sk\u0159\u00edn\u011bk. S\u00e9rie Bino se tak snadno p\u0159izp\u016fsob\u00ed jak minimalistick\u00e9mu prostoru, tak i koupeln\u011b, kter\u00e1 pot\u0159ebuje maximum \u00falo\u017en\u00e9ho prostoru bez kompromisu na stylu.<\/span><\/p>\n<\/p>\n<h3 data-start=\"536\" data-end=\"579\"><strong data-start=\"539\" data-end=\"579\"><br \/>Nad\u010dasov\u00fd design s d\u016frazem na detail<\/strong><\/h3>\n<p data-start=\"581\" data-end=\"893\">Charakteristick\u00fdm prvkem s\u00e9rie jsou<strong> <\/strong>chromovan\u00e9 \u00fachytky, kter\u00e9 v kombinaci s leskl\u00fdmi b\u00edl\u00fdmi \u010dely p\u016fsob\u00ed elegantn\u011b a nad\u010dasov\u011b. Pro milovn\u00edky p\u0159\u00edrodn\u00edch t\u00f3n\u016f jsou k dispozici tak\u00e9 varianty v dubov\u00e9m proveden\u00ed, p\u0159\u00edpadn\u011b mo\u017enost dal\u0161\u00edch povrchov\u00fdch \u00faprav d\u00edky slu\u017eb\u011b Multidecor.<\/p>\n<h3 data-start=\"2543\" data-end=\"2588\"><strong data-start=\"2546\" data-end=\"2588\">Barevn\u00e9 varianty a mo\u017enost Multidecoru<\/strong><\/h3>\n<p data-start=\"2590\" data-end=\"2617\">T\u0159i z\u00e1kladn\u00ed barevn\u00e9 kombinace m\u00e1me skladem, nebo m\u016f\u017eete vyu\u017e\u00edt slu\u017ebu Multidecor:<\/p>\n<ul>\n<li data-start=\"2621\" data-end=\"2636\"><strong data-start=\"2621\" data-end=\"2634\">B\u00edl\u00fd lesk<\/strong><\/li>\n<li data-start=\"2621\" data-end=\"2636\"><strong data-start=\"2639\" data-end=\"2668\">Dub Arlington<\/strong><\/li>\n<li data-start=\"2621\" data-end=\"2636\"><strong data-start=\"2673\" data-end=\"2693\">Dub Sand Barbera<\/strong><\/li>\n<li data-start=\"2621\" data-end=\"2636\"><strong data-start=\"2673\" data-end=\"2693\">Multidecor<\/strong><\/li>\n<\/ul>\n<p data-start=\"2697\" data-end=\"2883\">Pokud v\u00e1m nevyhovuje \u017e\u00e1dn\u00e1 z p\u0159eddefinovan\u00fdch kombinac\u00ed, m\u016f\u017eete vyu\u017e\u00edt mo\u017enost Multidecor, kter\u00e1 v\u00e1m umo\u017en\u00ed navrhnout si povrchov\u00e9 proveden\u00ed n\u00e1bytku z \u0161irok\u00e9 palety dekor\u016f a odst\u00edn\u016f.<\/p>\n<table border=\"0\" style=\"border-collapse: collapse; width: 117.291%;\">\n<tbody>\n<tr>\n<td style=\"width: 33.3566%;\"><\/td>\n<td style=\"width: 33.3566%;\"><\/td>\n<td style=\"width: 33.3566%;\"><\/td>\n<\/tr>\n<\/tbody>\n<\/table>\n<h3 data-start=\"900\" data-end=\"939\"><strong data-start=\"903\" data-end=\"939\"><br \/>\u0160irok\u00e1 nab\u00eddka rozm\u011br\u016f a variant<\/strong><\/h3>\n<p data-start=\"941\" data-end=\"1020\">S\u00e9rie Bino je dostupn\u00e1 ve \u010dty\u0159ech praktick\u00fdch \u0161\u00ed\u0159k\u00e1ch umyvadlov\u00fdch sk\u0159\u00edn\u011bk:<\/p>\n<ul>\n<li data-start=\"1024\" data-end=\"1035\"><strong data-start=\"1024\" data-end=\"1033\">61 cm<\/strong><\/li>\n<li data-start=\"1024\" data-end=\"1035\"><strong data-start=\"1038\" data-end=\"1047\">81 cm<\/strong><\/li>\n<li data-start=\"1024\" data-end=\"1035\"><strong data-start=\"1052\" data-end=\"1062\">101 cm<\/strong><\/li>\n<li data-start=\"1024\" data-end=\"1035\"><strong data-start=\"1067\" data-end=\"1077\">121 cm<\/strong> \u2013 s dvojumyvadlem<\/li>\n<\/ul>\n<p data-start=\"1109\" data-end=\"1212\">D\u00edky tomu si m\u016f\u017eete snadno vybrat variantu, kter\u00e1 se hod\u00ed do men\u0161\u00ed koupelny i do prostorn\u00e9ho interi\u00e9ru.<\/p>\n<h3 data-start=\"1219\" data-end=\"1256\"><strong data-start=\"1222\" data-end=\"1256\">V\u00fdb\u011br z n\u011bkolika typ\u016f umyvadel<\/strong><\/h3>\n<p data-start=\"1258\" data-end=\"1346\">Sk\u0159\u00ed\u0148ky Bino lze kombinovat s r\u016fzn\u00fdmi typy umyvadel, a to podle stylu i pot\u0159eb prostoru:<\/p>\n<ul>\n<li data-start=\"1350\" data-end=\"1400\"><strong data-start=\"1350\" data-end=\"1367\">Lit\u00e9 umyvadlo<\/strong> \u2013 odoln\u00e9 a snadno udr\u017eovateln\u00e9<\/li>\n<li data-start=\"1350\" data-end=\"1400\"><strong data-start=\"1403\" data-end=\"1430\">Keramick\u00e9 slim umyvadlo<\/strong> \u2013 tenk\u00fd profil pro modern\u00ed vzhled<\/li>\n<li data-start=\"1350\" data-end=\"1400\"><strong data-start=\"1469\" data-end=\"1490\">Umyvadlo na desku<\/strong> \u2013 v kombinaci s deskou pod umyvadlo, ide\u00e1ln\u00ed pro designov\u00e9 koupelny<\/li>\n<\/ul>\n<table border=\"0\" style=\"border-collapse: collapse; width: 117.291%;\">\n<tbody>\n<tr>\n<td style=\"width: 33.3566%;\">\n<h2 data-start=\"1569\" data-end=\"1615\"><strong data-start=\"1572\" data-end=\"1615\"><\/strong><\/h2>\n<\/td>\n<td style=\"width: 33.3566%;\"><\/td>\n<td style=\"width: 33.3566%;\"><\/td>\n<\/tr>\n<tr>\n<td style=\"width: 33.3566%; text-align: center;\">lit\u00e9 umyvadlo<\/td>\n<td style=\"width: 33.3566%; text-align: center;\">keramick\u00e9 slim umyvadlo<\/td>\n<td style=\"width: 33.3566%; text-align: center;\">umyvadlo na desku<\/td>\n<\/tr>\n<\/tbody>\n<\/table>\n<h3 data-start=\"1569\" data-end=\"1615\"><strong data-start=\"1572\" data-end=\"1615\"><\/p>\n<p>Kdy\u017e pot\u0159ebujete v\u00edce \u00falo\u017en\u00e9ho prostoru<\/strong><\/h3>\n<p data-start=\"1617\" data-end=\"1745\">S\u00e9rie Bino nab\u00edz\u00ed \u0161irok\u00e9 spektrum <strong data-start=\"1651\" data-end=\"1682\">dopln\u011bn\u00fdch sk\u0159\u00edn\u011bk a sestav<\/strong>, kter\u00e9 umo\u017e\u0148uj\u00ed vytvo\u0159it sestavu podle va\u0161ich \u00falo\u017en\u00fdch pot\u0159eb:<\/p>\n<ul>\n<li data-start=\"1749\" data-end=\"1811\"><strong data-start=\"1749\" data-end=\"1773\">Spodn\u00ed sk\u0159\u00ed\u0148ka 50 cm<\/strong> \u2013 kompaktn\u00ed varianta se 2 z\u00e1suvkami<\/li>\n<li data-start=\"1749\" data-end=\"1811\"><strong data-start=\"1814\" data-end=\"1837\">Horn\u00ed sk\u0159\u00ed\u0148ka 63 cm<\/strong> \u2013 otev\u0159en\u00fd prostor s 1 policovou deskou (lev\u00e1\/prav\u00e1 varianta)<\/li>\n<li data-start=\"1749\" data-end=\"1811\"><strong data-start=\"1882\" data-end=\"1929\">Vysok\u00e1 jednodv\u00e9\u0159ov\u00e1 sk\u0159\u00ed\u0148ka (163 \u00d7 32,5 cm)<\/strong> \u2013 2 vnit\u0159n\u00ed police + 2 z\u00e1suvky (lev\u00e1\/prav\u00e1 varianta)<\/li>\n<li data-start=\"1749\" data-end=\"1811\"><strong data-start=\"1965\" data-end=\"2011\">Vysok\u00e1 dvoudv\u00e9\u0159ov\u00e1 sk\u0159\u00ed\u0148ka (163 \u00d7 65,1 cm)<\/strong> \u2013 2 police + 2 z\u00e1suvky pro maxim\u00e1ln\u00ed \u00falo\u017en\u00fd komfort<\/li>\n<\/ul>\n<p data-start=\"2065\" data-end=\"2234\">Pro je\u0161t\u011b lep\u0161\u00ed vyu\u017eit\u00ed prostoru a sjednocen\u00ed vzhledu m\u016f\u017eete sk\u0159\u00ed\u0148ky kombinovat se zrcadlovou galerkou, kter\u00e1 z\u00e1rove\u0148 slou\u017e\u00ed jako praktick\u00e9 zrcadlo i \u00falo\u017en\u00fd prostor.<\/p>\n<table border=\"0\" style=\"border-collapse: collapse; width: 131.498%;\">\n<tbody>\n<tr>\n<td style=\"width: 25.0186%;\"><\/td>\n<td style=\"width: 25.0186%;\"><\/td>\n<td style=\"width: 25.0186%;\"><\/td>\n<td style=\"width: 25.0186%;\"><\/td>\n<\/tr>\n<\/tbody>\n<\/table>\n<p data-start=\"2065\" data-end=\"2234\">\n<h3 data-start=\"2241\" data-end=\"2295\"><strong data-start=\"2244\" data-end=\"2295\"><br \/>Kvalita zpracov\u00e1n\u00ed a pohodl\u00ed p\u0159i ka\u017ed\u00e9m pou\u017eit\u00ed<\/strong><\/h3>\n<p data-start=\"2297\" data-end=\"2536\">Z\u00e1suvky i dv\u00ed\u0159ka jsou vybaveny <strong data-start=\"2328\" data-end=\"2378\">kvalitn\u00edmi pojezdy Strong s tlumen\u00fdm dov\u00edr\u00e1n\u00edm<\/strong>, co\u017e zaji\u0161\u0165uje tich\u00fd chod, vysokou odolnost a dlouhou \u017eivotnost i p\u0159i \u010dast\u00e9m otev\u00edr\u00e1n\u00ed. N\u00e1bytek je vyr\u00e1b\u011bn s d\u016frazem na precizn\u00ed zpracov\u00e1n\u00ed a snadnou mont\u00e1\u017e.<\/p>\n<p data-start=\"2297\" data-end=\"2536\">\n<p data-start=\"2297\" data-end=\"2536\">\n<p>S\u00e9rie Bino je ide\u00e1ln\u00edm \u0159e\u0161en\u00edm pro ty, kdo hledaj\u00ed elegantn\u00ed a praktick\u00fd n\u00e1bytek s mo\u017enost\u00ed sestaven\u00ed podle konkr\u00e9tn\u00edch prostorov\u00fdch i estetick\u00fdch po\u017eadavk\u016f. D\u00edky \u0161irok\u00e9 nab\u00eddce rozm\u011br\u016f, kombinac\u00ed a dekor\u016f vytvo\u0159\u00edte koupelnu, kter\u00e1 bude nejen kr\u00e1sn\u00e1, ale i dokonale funk\u010dn\u00ed.<\/p>\n<\/p><\/div>\n<\/p><\/div>\n<div id=\"parametes\">\n<div class=\"param-wrapper\">\n<div class=\"param-item\">        \t        <span>Typ<\/span>        \t        <strong>        \t                Vysok\u00e1            \t    <\/strong>        \t    <\/div>\n<div class=\"param-item\">        \t        <span>Barva<\/span>        \t        <strong>        \t                \u0160ed\u00fd k\u00e1men            \t    <\/strong>        \t    <\/div>\n<div class=\"param-item\">        \t        <span>Barva madla<\/span>        \t        <strong>        \t                Chrom            \t    <\/strong>        \t    <\/div>\n<div class=\"param-item\">        \t        <span>S\u00e9rie<\/span>        \t        <strong>        \t                Bino            \t    <\/strong>        \t    <\/div>\n<div class=\"param-item\">        \t        <span>Um\u00edst\u011bn\u00ed<\/span>        \t        <strong>        \t                K zav\u011b\u0161en\u00ed            \t    <\/strong>        \t    <\/div>\n<div class=\"param-item\">        \t        <span>\u0160\u00ed\u0159ka<\/span>        \t        <strong>        \t                651 mm            \t    <\/strong>        \t    <\/div>\n<div class=\"param-item\">        \t        <span>Hloubka<\/span>        \t        <strong>        \t                330 mm            \t    <\/strong>        \t    <\/div>\n<div class=\"param-item\">        \t        <span>D\u00e9lka\/V\u00fd\u0161ka<\/span>        \t        <strong>        \t                1630 mm            \t    <\/strong>        \t    <\/div>\n<\/p><\/div>\n<\/p><\/div>\n<div id=\"download\">\n<div class=\"downloads-wrapper underline\">                    \t    <i class=\"icon-download\" aria-hidden=\"true\"><\/i><span><\/span>                \t<\/div>\n<\/p><\/div>\n<\/p><\/div>\n<\/p><\/div>\n<\/p><\/div>\n<\/div>\n","protected":false},"excerpt":{"rendered":"<p>Jednoduchost, efektivnost, elegance. To jsou hlavn\u00ed spole\u010dn\u00e9 jmenovatele koupelnov\u00e9ho n\u00e1bytku Bino, kter\u00fd ozdob\u00ed ka\u017edou koupelnu. D\u00edky kombinaci inovac\u00ed a spolehliv\u00e9ho p\u0159\u00edstupu pak vznik\u00e1 kvalitn\u00ed a z\u00e1rove\u0148 velmi modern\u00ed n\u00e1bytek. Barevn\u00e9 kombinace zaji\u0161\u0165uj\u00ed, \u017ee bude n\u00e1bytek ladit do ka\u017ed\u00e9ho typu koupelny. U\u017eivatelsky velmi praktick\u00e9 jsou pak dv\u011b plnov\u00fdsuvn\u00e9 z\u00e1suvky se samozav\u00edrac\u00edmi pojezdy a tlumen\u00edm Strong. Sk\u0159\u00ed\u0148ka [&hellip;]<\/p>\n","protected":false},"featured_media":65615,"comment_status":"open","ping_status":"open","template":"","meta":[],"product_brand":[],"product_cat":[203],"product_tag":[],"class_list":{"0":"post-65515","1":"product","2":"type-product","3":"status-publish","4":"has-post-thumbnail","6":"product_cat-keramika-a-nabytek","8":"first","9":"instock","10":"sale","11":"shipping-taxable","12":"purchasable","13":"product-type-simple"},"yoast_head":"<!-- This site is optimized with the Yoast SEO plugin v26.8 - https:\/\/yoast.com\/product\/yoast-seo-wordpress\/ -->\n<title>Zna\u010dkov\u00fd Mereo Bino, koupelnov\u00e1 sk\u0159\u00ed\u0148ka vysok\u00e1 163 cm, dvojit\u00e1, Multidecor, \u0160ed\u00fd k\u00e1men - Pr\u016fmyslov\u00e9 vybaven\u00ed a p\u0159\u00edslu\u0161enstv\u00ed<\/title>\n<meta name=\"robots\" content=\"index, follow, max-snippet:-1, max-image-preview:large, max-video-preview:-1\" \/>\n<link rel=\"canonical\" href=\"https:\/\/www.domtechnikpro.com\/index.php\/produkt\/znackovy-mereo-bino-koupelnova-skrinka-vysoka-163-cm-dvojita-multidecor-sedy-kamen-65515\/\" \/>\n<meta property=\"og:locale\" content=\"cs_CZ\" \/>\n<meta property=\"og:type\" content=\"article\" \/>\n<meta property=\"og:title\" content=\"Zna\u010dkov\u00fd Mereo Bino, koupelnov\u00e1 sk\u0159\u00ed\u0148ka vysok\u00e1 163 cm, dvojit\u00e1, Multidecor, \u0160ed\u00fd k\u00e1men - Pr\u016fmyslov\u00e9 vybaven\u00ed a p\u0159\u00edslu\u0161enstv\u00ed\" \/>\n<meta property=\"og:description\" content=\"Jednoduchost, efektivnost, elegance. To jsou hlavn\u00ed spole\u010dn\u00e9 jmenovatele koupelnov\u00e9ho n\u00e1bytku Bino, kter\u00fd ozdob\u00ed ka\u017edou koupelnu. D\u00edky kombinaci inovac\u00ed a spolehliv\u00e9ho p\u0159\u00edstupu pak vznik\u00e1 kvalitn\u00ed a z\u00e1rove\u0148 velmi modern\u00ed n\u00e1bytek. Barevn\u00e9 kombinace zaji\u0161\u0165uj\u00ed, \u017ee bude n\u00e1bytek ladit do ka\u017ed\u00e9ho typu koupelny. U\u017eivatelsky velmi praktick\u00e9 jsou pak dv\u011b plnov\u00fdsuvn\u00e9 z\u00e1suvky se samozav\u00edrac\u00edmi pojezdy a tlumen\u00edm Strong. Sk\u0159\u00ed\u0148ka [&hellip;]\" \/>\n<meta property=\"og:url\" content=\"https:\/\/www.domtechnikpro.com\/index.php\/produkt\/znackovy-mereo-bino-koupelnova-skrinka-vysoka-163-cm-dvojita-multidecor-sedy-kamen-65515\/\" \/>\n<meta property=\"og:site_name\" content=\"Pr\u016fmyslov\u00e9 vybaven\u00ed a p\u0159\u00edslu\u0161enstv\u00ed\" \/>\n<meta property=\"og:image\" content=\"https:\/\/www.domtechnikpro.com\/wp-content\/uploads\/2026\/SK0001637-CZ20260425-093531-0-1777080932-aa2644298c3306e2a7f0531b985d9830-cn699seka-jpg-2024-04-10-1.webp\" \/>\n\t<meta property=\"og:image:width\" content=\"800\" \/>\n\t<meta property=\"og:image:height\" content=\"800\" \/>\n\t<meta property=\"og:image:type\" content=\"image\/webp\" \/>\n<meta name=\"twitter:card\" content=\"summary_large_image\" \/>\n<meta name=\"twitter:label1\" content=\"Odhadovan\u00e1 doba \u010dten\u00ed\" \/>\n\t<meta name=\"twitter:data1\" content=\"3 minuty\" \/>\n<script type=\"application\/ld+json\" class=\"yoast-schema-graph\">{\"@context\":\"https:\/\/schema.org\",\"@graph\":[{\"@type\":\"WebPage\",\"@id\":\"https:\/\/www.domtechnikpro.com\/index.php\/produkt\/znackovy-mereo-bino-koupelnova-skrinka-vysoka-163-cm-dvojita-multidecor-sedy-kamen-65515\/\",\"url\":\"https:\/\/www.domtechnikpro.com\/index.php\/produkt\/znackovy-mereo-bino-koupelnova-skrinka-vysoka-163-cm-dvojita-multidecor-sedy-kamen-65515\/\",\"name\":\"Zna\u010dkov\u00fd Mereo Bino, koupelnov\u00e1 sk\u0159\u00ed\u0148ka vysok\u00e1 163 cm, dvojit\u00e1, Multidecor, \u0160ed\u00fd k\u00e1men - Pr\u016fmyslov\u00e9 vybaven\u00ed a p\u0159\u00edslu\u0161enstv\u00ed\",\"isPartOf\":{\"@id\":\"https:\/\/www.domtechnikpro.com\/#website\"},\"primaryImageOfPage\":{\"@id\":\"https:\/\/www.domtechnikpro.com\/index.php\/produkt\/znackovy-mereo-bino-koupelnova-skrinka-vysoka-163-cm-dvojita-multidecor-sedy-kamen-65515\/#primaryimage\"},\"image\":{\"@id\":\"https:\/\/www.domtechnikpro.com\/index.php\/produkt\/znackovy-mereo-bino-koupelnova-skrinka-vysoka-163-cm-dvojita-multidecor-sedy-kamen-65515\/#primaryimage\"},\"thumbnailUrl\":\"https:\/\/www.domtechnikpro.com\/wp-content\/uploads\/2026\/SK0001637-CZ20260425-093531-0-1777080932-aa2644298c3306e2a7f0531b985d9830-cn699seka-jpg-2024-04-10-1.webp\",\"datePublished\":\"2026-04-26T09:03:54+00:00\",\"breadcrumb\":{\"@id\":\"https:\/\/www.domtechnikpro.com\/index.php\/produkt\/znackovy-mereo-bino-koupelnova-skrinka-vysoka-163-cm-dvojita-multidecor-sedy-kamen-65515\/#breadcrumb\"},\"inLanguage\":\"cs\",\"potentialAction\":[{\"@type\":\"ReadAction\",\"target\":[\"https:\/\/www.domtechnikpro.com\/index.php\/produkt\/znackovy-mereo-bino-koupelnova-skrinka-vysoka-163-cm-dvojita-multidecor-sedy-kamen-65515\/\"]}]},{\"@type\":\"ImageObject\",\"inLanguage\":\"cs\",\"@id\":\"https:\/\/www.domtechnikpro.com\/index.php\/produkt\/znackovy-mereo-bino-koupelnova-skrinka-vysoka-163-cm-dvojita-multidecor-sedy-kamen-65515\/#primaryimage\",\"url\":\"https:\/\/www.domtechnikpro.com\/wp-content\/uploads\/2026\/SK0001637-CZ20260425-093531-0-1777080932-aa2644298c3306e2a7f0531b985d9830-cn699seka-jpg-2024-04-10-1.webp\",\"contentUrl\":\"https:\/\/www.domtechnikpro.com\/wp-content\/uploads\/2026\/SK0001637-CZ20260425-093531-0-1777080932-aa2644298c3306e2a7f0531b985d9830-cn699seka-jpg-2024-04-10-1.webp\",\"width\":800,\"height\":800},{\"@type\":\"BreadcrumbList\",\"@id\":\"https:\/\/www.domtechnikpro.com\/index.php\/produkt\/znackovy-mereo-bino-koupelnova-skrinka-vysoka-163-cm-dvojita-multidecor-sedy-kamen-65515\/#breadcrumb\",\"itemListElement\":[{\"@type\":\"ListItem\",\"position\":1,\"name\":\"Home\",\"item\":\"https:\/\/www.domtechnikpro.com\/\"},{\"@type\":\"ListItem\",\"position\":2,\"name\":\"Products\",\"item\":\"https:\/\/www.domtechnikpro.com\/products\/\"},{\"@type\":\"ListItem\",\"position\":3,\"name\":\"Zna\u010dkov\u00fd Mereo Bino, koupelnov\u00e1 sk\u0159\u00ed\u0148ka vysok\u00e1 163 cm, dvojit\u00e1, Multidecor, \u0160ed\u00fd k\u00e1men\"}]},{\"@type\":\"WebSite\",\"@id\":\"https:\/\/www.domtechnikpro.com\/#website\",\"url\":\"https:\/\/www.domtechnikpro.com\/\",\"name\":\"Pr\u016fmyslov\u00e9 vybaven\u00ed a p\u0159\u00edslu\u0161enstv\u00ed\",\"description\":\"Pr\u016fmyslov\u00e9 vybaven\u00ed a p\u0159\u00edslu\u0161enstv\u00ed\",\"publisher\":{\"@id\":\"https:\/\/www.domtechnikpro.com\/#organization\"},\"potentialAction\":[{\"@type\":\"SearchAction\",\"target\":{\"@type\":\"EntryPoint\",\"urlTemplate\":\"https:\/\/www.domtechnikpro.com\/?s={search_term_string}\"},\"query-input\":{\"@type\":\"PropertyValueSpecification\",\"valueRequired\":true,\"valueName\":\"search_term_string\"}}],\"inLanguage\":\"cs\"},{\"@type\":\"Organization\",\"@id\":\"https:\/\/www.domtechnikpro.com\/#organization\",\"name\":\"Pr\u016fmyslov\u00e9 vybaven\u00ed a p\u0159\u00edslu\u0161enstv\u00ed\",\"url\":\"https:\/\/www.domtechnikpro.com\/\",\"logo\":{\"@type\":\"ImageObject\",\"inLanguage\":\"cs\",\"@id\":\"https:\/\/www.domtechnikpro.com\/#\/schema\/logo\/image\/\",\"url\":\"https:\/\/www.domtechnikpro.com\/wp-content\/uploads\/2026\/04\/domtechnikpro_logo_full.svg\",\"contentUrl\":\"https:\/\/www.domtechnikpro.com\/wp-content\/uploads\/2026\/04\/domtechnikpro_logo_full.svg\",\"width\":920,\"height\":180,\"caption\":\"Pr\u016fmyslov\u00e9 vybaven\u00ed a p\u0159\u00edslu\u0161enstv\u00ed\"},\"image\":{\"@id\":\"https:\/\/www.domtechnikpro.com\/#\/schema\/logo\/image\/\"}}]}<\/script>\n<!-- \/ Yoast SEO plugin. -->","yoast_head_json":{"title":"Zna\u010dkov\u00fd Mereo Bino, koupelnov\u00e1 sk\u0159\u00ed\u0148ka vysok\u00e1 163 cm, dvojit\u00e1, Multidecor, \u0160ed\u00fd k\u00e1men - Pr\u016fmyslov\u00e9 vybaven\u00ed a p\u0159\u00edslu\u0161enstv\u00ed","robots":{"index":"index","follow":"follow","max-snippet":"max-snippet:-1","max-image-preview":"max-image-preview:large","max-video-preview":"max-video-preview:-1"},"canonical":"https:\/\/www.domtechnikpro.com\/index.php\/produkt\/znackovy-mereo-bino-koupelnova-skrinka-vysoka-163-cm-dvojita-multidecor-sedy-kamen-65515\/","og_locale":"cs_CZ","og_type":"article","og_title":"Zna\u010dkov\u00fd Mereo Bino, koupelnov\u00e1 sk\u0159\u00ed\u0148ka vysok\u00e1 163 cm, dvojit\u00e1, Multidecor, \u0160ed\u00fd k\u00e1men - Pr\u016fmyslov\u00e9 vybaven\u00ed a p\u0159\u00edslu\u0161enstv\u00ed","og_description":"Jednoduchost, efektivnost, elegance. To jsou hlavn\u00ed spole\u010dn\u00e9 jmenovatele koupelnov\u00e9ho n\u00e1bytku Bino, kter\u00fd ozdob\u00ed ka\u017edou koupelnu. D\u00edky kombinaci inovac\u00ed a spolehliv\u00e9ho p\u0159\u00edstupu pak vznik\u00e1 kvalitn\u00ed a z\u00e1rove\u0148 velmi modern\u00ed n\u00e1bytek. Barevn\u00e9 kombinace zaji\u0161\u0165uj\u00ed, \u017ee bude n\u00e1bytek ladit do ka\u017ed\u00e9ho typu koupelny. U\u017eivatelsky velmi praktick\u00e9 jsou pak dv\u011b plnov\u00fdsuvn\u00e9 z\u00e1suvky se samozav\u00edrac\u00edmi pojezdy a tlumen\u00edm Strong. Sk\u0159\u00ed\u0148ka [&hellip;]","og_url":"https:\/\/www.domtechnikpro.com\/index.php\/produkt\/znackovy-mereo-bino-koupelnova-skrinka-vysoka-163-cm-dvojita-multidecor-sedy-kamen-65515\/","og_site_name":"Pr\u016fmyslov\u00e9 vybaven\u00ed a p\u0159\u00edslu\u0161enstv\u00ed","og_image":[{"width":800,"height":800,"url":"https:\/\/www.domtechnikpro.com\/wp-content\/uploads\/2026\/SK0001637-CZ20260425-093531-0-1777080932-aa2644298c3306e2a7f0531b985d9830-cn699seka-jpg-2024-04-10-1.webp","type":"image\/webp"}],"twitter_card":"summary_large_image","twitter_misc":{"Odhadovan\u00e1 doba \u010dten\u00ed":"3 minuty"},"schema":{"@context":"https:\/\/schema.org","@graph":[{"@type":"WebPage","@id":"https:\/\/www.domtechnikpro.com\/index.php\/produkt\/znackovy-mereo-bino-koupelnova-skrinka-vysoka-163-cm-dvojita-multidecor-sedy-kamen-65515\/","url":"https:\/\/www.domtechnikpro.com\/index.php\/produkt\/znackovy-mereo-bino-koupelnova-skrinka-vysoka-163-cm-dvojita-multidecor-sedy-kamen-65515\/","name":"Zna\u010dkov\u00fd Mereo Bino, koupelnov\u00e1 sk\u0159\u00ed\u0148ka vysok\u00e1 163 cm, dvojit\u00e1, Multidecor, \u0160ed\u00fd k\u00e1men - Pr\u016fmyslov\u00e9 vybaven\u00ed a p\u0159\u00edslu\u0161enstv\u00ed","isPartOf":{"@id":"https:\/\/www.domtechnikpro.com\/#website"},"primaryImageOfPage":{"@id":"https:\/\/www.domtechnikpro.com\/index.php\/produkt\/znackovy-mereo-bino-koupelnova-skrinka-vysoka-163-cm-dvojita-multidecor-sedy-kamen-65515\/#primaryimage"},"image":{"@id":"https:\/\/www.domtechnikpro.com\/index.php\/produkt\/znackovy-mereo-bino-koupelnova-skrinka-vysoka-163-cm-dvojita-multidecor-sedy-kamen-65515\/#primaryimage"},"thumbnailUrl":"https:\/\/www.domtechnikpro.com\/wp-content\/uploads\/2026\/SK0001637-CZ20260425-093531-0-1777080932-aa2644298c3306e2a7f0531b985d9830-cn699seka-jpg-2024-04-10-1.webp","datePublished":"2026-04-26T09:03:54+00:00","breadcrumb":{"@id":"https:\/\/www.domtechnikpro.com\/index.php\/produkt\/znackovy-mereo-bino-koupelnova-skrinka-vysoka-163-cm-dvojita-multidecor-sedy-kamen-65515\/#breadcrumb"},"inLanguage":"cs","potentialAction":[{"@type":"ReadAction","target":["https:\/\/www.domtechnikpro.com\/index.php\/produkt\/znackovy-mereo-bino-koupelnova-skrinka-vysoka-163-cm-dvojita-multidecor-sedy-kamen-65515\/"]}]},{"@type":"ImageObject","inLanguage":"cs","@id":"https:\/\/www.domtechnikpro.com\/index.php\/produkt\/znackovy-mereo-bino-koupelnova-skrinka-vysoka-163-cm-dvojita-multidecor-sedy-kamen-65515\/#primaryimage","url":"https:\/\/www.domtechnikpro.com\/wp-content\/uploads\/2026\/SK0001637-CZ20260425-093531-0-1777080932-aa2644298c3306e2a7f0531b985d9830-cn699seka-jpg-2024-04-10-1.webp","contentUrl":"https:\/\/www.domtechnikpro.com\/wp-content\/uploads\/2026\/SK0001637-CZ20260425-093531-0-1777080932-aa2644298c3306e2a7f0531b985d9830-cn699seka-jpg-2024-04-10-1.webp","width":800,"height":800},{"@type":"BreadcrumbList","@id":"https:\/\/www.domtechnikpro.com\/index.php\/produkt\/znackovy-mereo-bino-koupelnova-skrinka-vysoka-163-cm-dvojita-multidecor-sedy-kamen-65515\/#breadcrumb","itemListElement":[{"@type":"ListItem","position":1,"name":"Home","item":"https:\/\/www.domtechnikpro.com\/"},{"@type":"ListItem","position":2,"name":"Products","item":"https:\/\/www.domtechnikpro.com\/products\/"},{"@type":"ListItem","position":3,"name":"Zna\u010dkov\u00fd Mereo Bino, koupelnov\u00e1 sk\u0159\u00ed\u0148ka vysok\u00e1 163 cm, dvojit\u00e1, Multidecor, \u0160ed\u00fd k\u00e1men"}]},{"@type":"WebSite","@id":"https:\/\/www.domtechnikpro.com\/#website","url":"https:\/\/www.domtechnikpro.com\/","name":"Pr\u016fmyslov\u00e9 vybaven\u00ed a p\u0159\u00edslu\u0161enstv\u00ed","description":"Pr\u016fmyslov\u00e9 vybaven\u00ed a p\u0159\u00edslu\u0161enstv\u00ed","publisher":{"@id":"https:\/\/www.domtechnikpro.com\/#organization"},"potentialAction":[{"@type":"SearchAction","target":{"@type":"EntryPoint","urlTemplate":"https:\/\/www.domtechnikpro.com\/?s={search_term_string}"},"query-input":{"@type":"PropertyValueSpecification","valueRequired":true,"valueName":"search_term_string"}}],"inLanguage":"cs"},{"@type":"Organization","@id":"https:\/\/www.domtechnikpro.com\/#organization","name":"Pr\u016fmyslov\u00e9 vybaven\u00ed a p\u0159\u00edslu\u0161enstv\u00ed","url":"https:\/\/www.domtechnikpro.com\/","logo":{"@type":"ImageObject","inLanguage":"cs","@id":"https:\/\/www.domtechnikpro.com\/#\/schema\/logo\/image\/","url":"https:\/\/www.domtechnikpro.com\/wp-content\/uploads\/2026\/04\/domtechnikpro_logo_full.svg","contentUrl":"https:\/\/www.domtechnikpro.com\/wp-content\/uploads\/2026\/04\/domtechnikpro_logo_full.svg","width":920,"height":180,"caption":"Pr\u016fmyslov\u00e9 vybaven\u00ed a p\u0159\u00edslu\u0161enstv\u00ed"},"image":{"@id":"https:\/\/www.domtechnikpro.com\/#\/schema\/logo\/image\/"}}]}},"_links":{"self":[{"href":"https:\/\/www.domtechnikpro.com\/wp-json\/wp\/v2\/product\/65515","targetHints":{"allow":["GET"]}}],"collection":[{"href":"https:\/\/www.domtechnikpro.com\/wp-json\/wp\/v2\/product"}],"about":[{"href":"https:\/\/www.domtechnikpro.com\/wp-json\/wp\/v2\/types\/product"}],"replies":[{"embeddable":true,"href":"https:\/\/www.domtechnikpro.com\/wp-json\/wp\/v2\/comments?post=65515"}],"wp:featuredmedia":[{"embeddable":true,"href":"https:\/\/www.domtechnikpro.com\/wp-json\/wp\/v2\/media\/65615"}],"wp:attachment":[{"href":"https:\/\/www.domtechnikpro.com\/wp-json\/wp\/v2\/media?parent=65515"}],"wp:term":[{"taxonomy":"product_brand","embeddable":true,"href":"https:\/\/www.domtechnikpro.com\/wp-json\/wp\/v2\/product_brand?post=65515"},{"taxonomy":"product_cat","embeddable":true,"href":"https:\/\/www.domtechnikpro.com\/wp-json\/wp\/v2\/product_cat?post=65515"},{"taxonomy":"product_tag","embeddable":true,"href":"https:\/\/www.domtechnikpro.com\/wp-json\/wp\/v2\/product_tag?post=65515"}],"curies":[{"name":"wp","href":"https:\/\/api.w.org\/{rel}","templated":true}]}}