{"id":56984,"date":"2026-04-26T09:02:07","date_gmt":"2026-04-26T09:02:07","guid":{"rendered":""},"modified":"2026-04-26T09:02:07","modified_gmt":"2026-04-26T09:02:07","slug":"sapho-zuno-umyvadlo-keramick-eacute-do-n-aacute-bytku-i-na-ze-271-55cm-b-iacute-l-aacute-vysoce-kvalitni-56984","status":"publish","type":"product","link":"https:\/\/www.domtechnikpro.com\/produkt\/sapho-zuno-umyvadlo-keramick-eacute-do-n-aacute-bytku-i-na-ze-271-55cm-b-iacute-l-aacute-vysoce-kvalitni-56984\/","title":{"rendered":"SAPHO | ZUNO | umyvadlo keramick&eacute; | do n&aacute;bytku i na ze&#271; | 55cm | b&iacute;l&aacute; Vysoce Kvalitn\u00ed"},"content":{"rendered":"<p><!-- More info -->\t\t\t\t\t<\/p>\n<section id=\"idTab1\" class=\"page-product-box tab-pane active\" role=\"tabpanel\" aria-labelledby=\"idTab1\">\t\t\t\t\t\t<!-- full description -->\t\t\t\t\t\t<\/p>\n<div class=\"rte\">N\u00e1bytkov\u00e9 umyvadlo pro sk\u0159\u00ed\u0148ky VEGA<\/p>\n<p>Rozm\u011br\t   \t55&#215;45 cm<br \/>\u0160\u00ed\u0159ka\t   \t550 mm<br \/>Hloubka\t   \t450 mm<br \/>Barva\t   \tB\u00edl\u00e1 <br \/>Materi\u00e1l\t   \tKeramika<br \/>Instalace\t   \tDo n\u00e1bytku, N\u00e1st\u011bnn\u00e1-\u0161rouby<br \/>Typ umyvadla\tN\u00e1bytkov\u00e9 umyvadlo<br \/>Otvor pro baterii\t1 otvor<br \/>P\u0159epad\t   \tANO<br \/>Tvar\t   \tObd\u00e9ln\u00edk<\/div>\n<\/section>\n<p>\t\t\t\t\t<!--end  More info -->\t\t\t\t\t\t\t\t\t\t\t\t\t\t\t\t\t\t\t\t\t\t\t\t\t\t\t\t\t\t\t<\/div>\n<\/p><\/div>\n<p><!--QTR Accessories --><\/p>\n","protected":false},"excerpt":{"rendered":"<p>N\u00e1bytkov\u00e9 umyvadlo pro sk\u0159\u00ed\u0148ky VEGA Rozm\u011br 55&#215;45 cm\u0160\u00ed\u0159ka 550 mmHloubka 450 mmBarva B\u00edl\u00e1 Materi\u00e1l KeramikaInstalace Do n\u00e1bytku, N\u00e1st\u011bnn\u00e1-\u0161roubyTyp umyvadla N\u00e1bytkov\u00e9 umyvadloOtvor pro baterii 1 otvorP\u0159epad ANOTvar Obd\u00e9ln\u00edk<\/p>\n","protected":false},"featured_media":57084,"comment_status":"open","ping_status":"open","template":"","meta":[],"product_brand":[],"product_cat":[172],"product_tag":[],"class_list":{"0":"post-56984","1":"product","2":"type-product","3":"status-publish","4":"has-post-thumbnail","6":"product_cat-sanit-aacute-rn-iacute-vybaven-iacute","8":"first","9":"instock","10":"sale","11":"shipping-taxable","12":"purchasable","13":"product-type-simple"},"yoast_head":"<!-- This site is optimized with the Yoast SEO plugin v26.8 - https:\/\/yoast.com\/product\/yoast-seo-wordpress\/ -->\n<title>SAPHO | ZUNO | umyvadlo keramick&eacute; | do n&aacute;bytku i na ze&#271; | 55cm | b&iacute;l&aacute; Vysoce Kvalitn\u00ed -<\/title>\n<meta name=\"robots\" content=\"index, follow, max-snippet:-1, max-image-preview:large, max-video-preview:-1\" \/>\n<link rel=\"canonical\" href=\"https:\/\/www.domtechnikpro.com\/index.php\/produkt\/sapho-zuno-umyvadlo-keramick-eacute-do-n-aacute-bytku-i-na-ze-271-55cm-b-iacute-l-aacute-vysoce-kvalitni-56984\/\" \/>\n<meta property=\"og:locale\" content=\"cs_CZ\" \/>\n<meta property=\"og:type\" content=\"article\" \/>\n<meta property=\"og:title\" content=\"SAPHO | ZUNO | umyvadlo keramick&eacute; | do n&aacute;bytku i na ze&#271; | 55cm | b&iacute;l&aacute; Vysoce Kvalitn\u00ed -\" \/>\n<meta property=\"og:description\" content=\"N\u00e1bytkov\u00e9 umyvadlo pro sk\u0159\u00ed\u0148ky VEGA Rozm\u011br 55&#215;45 cm\u0160\u00ed\u0159ka 550 mmHloubka 450 mmBarva B\u00edl\u00e1 Materi\u00e1l KeramikaInstalace Do n\u00e1bytku, N\u00e1st\u011bnn\u00e1-\u0161roubyTyp umyvadla N\u00e1bytkov\u00e9 umyvadloOtvor pro baterii 1 otvorP\u0159epad ANOTvar Obd\u00e9ln\u00edk\" \/>\n<meta property=\"og:url\" content=\"https:\/\/www.domtechnikpro.com\/index.php\/produkt\/sapho-zuno-umyvadlo-keramick-eacute-do-n-aacute-bytku-i-na-ze-271-55cm-b-iacute-l-aacute-vysoce-kvalitni-56984\/\" \/>\n<meta property=\"og:image\" content=\"https:\/\/www.domtechnikpro.com\/wp-content\/uploads\/2026\/SK0002587-CZ20260425-093107-0-1777080667-59842-large_default.webp\" \/>\n\t<meta property=\"og:image:width\" content=\"470\" \/>\n\t<meta property=\"og:image:height\" content=\"470\" \/>\n\t<meta property=\"og:image:type\" content=\"image\/webp\" \/>\n<meta name=\"twitter:card\" content=\"summary_large_image\" \/>\n<script type=\"application\/ld+json\" class=\"yoast-schema-graph\">{\"@context\":\"https:\/\/schema.org\",\"@graph\":[{\"@type\":\"WebPage\",\"@id\":\"https:\/\/www.domtechnikpro.com\/index.php\/produkt\/sapho-zuno-umyvadlo-keramick-eacute-do-n-aacute-bytku-i-na-ze-271-55cm-b-iacute-l-aacute-vysoce-kvalitni-56984\/\",\"url\":\"https:\/\/www.domtechnikpro.com\/index.php\/produkt\/sapho-zuno-umyvadlo-keramick-eacute-do-n-aacute-bytku-i-na-ze-271-55cm-b-iacute-l-aacute-vysoce-kvalitni-56984\/\",\"name\":\"SAPHO | ZUNO | umyvadlo keramick&eacute; | do n&aacute;bytku i na ze&#271; | 55cm | b&iacute;l&aacute; Vysoce Kvalitn\u00ed -\",\"isPartOf\":{\"@id\":\"https:\/\/www.domtechnikpro.com\/#website\"},\"primaryImageOfPage\":{\"@id\":\"https:\/\/www.domtechnikpro.com\/index.php\/produkt\/sapho-zuno-umyvadlo-keramick-eacute-do-n-aacute-bytku-i-na-ze-271-55cm-b-iacute-l-aacute-vysoce-kvalitni-56984\/#primaryimage\"},\"image\":{\"@id\":\"https:\/\/www.domtechnikpro.com\/index.php\/produkt\/sapho-zuno-umyvadlo-keramick-eacute-do-n-aacute-bytku-i-na-ze-271-55cm-b-iacute-l-aacute-vysoce-kvalitni-56984\/#primaryimage\"},\"thumbnailUrl\":\"https:\/\/www.domtechnikpro.com\/wp-content\/uploads\/2026\/SK0002587-CZ20260425-093107-0-1777080667-59842-large_default.webp\",\"datePublished\":\"2026-04-26T09:02:07+00:00\",\"breadcrumb\":{\"@id\":\"https:\/\/www.domtechnikpro.com\/index.php\/produkt\/sapho-zuno-umyvadlo-keramick-eacute-do-n-aacute-bytku-i-na-ze-271-55cm-b-iacute-l-aacute-vysoce-kvalitni-56984\/#breadcrumb\"},\"inLanguage\":\"cs\",\"potentialAction\":[{\"@type\":\"ReadAction\",\"target\":[\"https:\/\/www.domtechnikpro.com\/index.php\/produkt\/sapho-zuno-umyvadlo-keramick-eacute-do-n-aacute-bytku-i-na-ze-271-55cm-b-iacute-l-aacute-vysoce-kvalitni-56984\/\"]}]},{\"@type\":\"ImageObject\",\"inLanguage\":\"cs\",\"@id\":\"https:\/\/www.domtechnikpro.com\/index.php\/produkt\/sapho-zuno-umyvadlo-keramick-eacute-do-n-aacute-bytku-i-na-ze-271-55cm-b-iacute-l-aacute-vysoce-kvalitni-56984\/#primaryimage\",\"url\":\"https:\/\/www.domtechnikpro.com\/wp-content\/uploads\/2026\/SK0002587-CZ20260425-093107-0-1777080667-59842-large_default.webp\",\"contentUrl\":\"https:\/\/www.domtechnikpro.com\/wp-content\/uploads\/2026\/SK0002587-CZ20260425-093107-0-1777080667-59842-large_default.webp\",\"width\":470,\"height\":470},{\"@type\":\"BreadcrumbList\",\"@id\":\"https:\/\/www.domtechnikpro.com\/index.php\/produkt\/sapho-zuno-umyvadlo-keramick-eacute-do-n-aacute-bytku-i-na-ze-271-55cm-b-iacute-l-aacute-vysoce-kvalitni-56984\/#breadcrumb\",\"itemListElement\":[{\"@type\":\"ListItem\",\"position\":1,\"name\":\"Home\",\"item\":\"https:\/\/www.domtechnikpro.com\/\"},{\"@type\":\"ListItem\",\"position\":2,\"name\":\"Products\",\"item\":\"https:\/\/www.domtechnikpro.com\/products\/\"},{\"@type\":\"ListItem\",\"position\":3,\"name\":\"SAPHO | ZUNO | umyvadlo keramick&eacute; | do n&aacute;bytku i na ze&#271; | 55cm | b&iacute;l&aacute; Vysoce Kvalitn\u00ed\"}]},{\"@type\":\"WebSite\",\"@id\":\"https:\/\/www.domtechnikpro.com\/#website\",\"url\":\"https:\/\/www.domtechnikpro.com\/\",\"name\":\"\",\"description\":\"\",\"potentialAction\":[{\"@type\":\"SearchAction\",\"target\":{\"@type\":\"EntryPoint\",\"urlTemplate\":\"https:\/\/www.domtechnikpro.com\/?s={search_term_string}\"},\"query-input\":{\"@type\":\"PropertyValueSpecification\",\"valueRequired\":true,\"valueName\":\"search_term_string\"}}],\"inLanguage\":\"cs\"}]}<\/script>\n<!-- \/ Yoast SEO plugin. -->","yoast_head_json":{"title":"SAPHO | ZUNO | umyvadlo keramick&eacute; | do n&aacute;bytku i na ze&#271; | 55cm | b&iacute;l&aacute; Vysoce Kvalitn\u00ed -","robots":{"index":"index","follow":"follow","max-snippet":"max-snippet:-1","max-image-preview":"max-image-preview:large","max-video-preview":"max-video-preview:-1"},"canonical":"https:\/\/www.domtechnikpro.com\/index.php\/produkt\/sapho-zuno-umyvadlo-keramick-eacute-do-n-aacute-bytku-i-na-ze-271-55cm-b-iacute-l-aacute-vysoce-kvalitni-56984\/","og_locale":"cs_CZ","og_type":"article","og_title":"SAPHO | ZUNO | umyvadlo keramick&eacute; | do n&aacute;bytku i na ze&#271; | 55cm | b&iacute;l&aacute; Vysoce Kvalitn\u00ed -","og_description":"N\u00e1bytkov\u00e9 umyvadlo pro sk\u0159\u00ed\u0148ky VEGA Rozm\u011br 55&#215;45 cm\u0160\u00ed\u0159ka 550 mmHloubka 450 mmBarva B\u00edl\u00e1 Materi\u00e1l KeramikaInstalace Do n\u00e1bytku, N\u00e1st\u011bnn\u00e1-\u0161roubyTyp umyvadla N\u00e1bytkov\u00e9 umyvadloOtvor pro baterii 1 otvorP\u0159epad ANOTvar Obd\u00e9ln\u00edk","og_url":"https:\/\/www.domtechnikpro.com\/index.php\/produkt\/sapho-zuno-umyvadlo-keramick-eacute-do-n-aacute-bytku-i-na-ze-271-55cm-b-iacute-l-aacute-vysoce-kvalitni-56984\/","og_image":[{"width":470,"height":470,"url":"https:\/\/www.domtechnikpro.com\/wp-content\/uploads\/2026\/SK0002587-CZ20260425-093107-0-1777080667-59842-large_default.webp","type":"image\/webp"}],"twitter_card":"summary_large_image","schema":{"@context":"https:\/\/schema.org","@graph":[{"@type":"WebPage","@id":"https:\/\/www.domtechnikpro.com\/index.php\/produkt\/sapho-zuno-umyvadlo-keramick-eacute-do-n-aacute-bytku-i-na-ze-271-55cm-b-iacute-l-aacute-vysoce-kvalitni-56984\/","url":"https:\/\/www.domtechnikpro.com\/index.php\/produkt\/sapho-zuno-umyvadlo-keramick-eacute-do-n-aacute-bytku-i-na-ze-271-55cm-b-iacute-l-aacute-vysoce-kvalitni-56984\/","name":"SAPHO | ZUNO | umyvadlo keramick&eacute; | do n&aacute;bytku i na ze&#271; | 55cm | b&iacute;l&aacute; Vysoce Kvalitn\u00ed -","isPartOf":{"@id":"https:\/\/www.domtechnikpro.com\/#website"},"primaryImageOfPage":{"@id":"https:\/\/www.domtechnikpro.com\/index.php\/produkt\/sapho-zuno-umyvadlo-keramick-eacute-do-n-aacute-bytku-i-na-ze-271-55cm-b-iacute-l-aacute-vysoce-kvalitni-56984\/#primaryimage"},"image":{"@id":"https:\/\/www.domtechnikpro.com\/index.php\/produkt\/sapho-zuno-umyvadlo-keramick-eacute-do-n-aacute-bytku-i-na-ze-271-55cm-b-iacute-l-aacute-vysoce-kvalitni-56984\/#primaryimage"},"thumbnailUrl":"https:\/\/www.domtechnikpro.com\/wp-content\/uploads\/2026\/SK0002587-CZ20260425-093107-0-1777080667-59842-large_default.webp","datePublished":"2026-04-26T09:02:07+00:00","breadcrumb":{"@id":"https:\/\/www.domtechnikpro.com\/index.php\/produkt\/sapho-zuno-umyvadlo-keramick-eacute-do-n-aacute-bytku-i-na-ze-271-55cm-b-iacute-l-aacute-vysoce-kvalitni-56984\/#breadcrumb"},"inLanguage":"cs","potentialAction":[{"@type":"ReadAction","target":["https:\/\/www.domtechnikpro.com\/index.php\/produkt\/sapho-zuno-umyvadlo-keramick-eacute-do-n-aacute-bytku-i-na-ze-271-55cm-b-iacute-l-aacute-vysoce-kvalitni-56984\/"]}]},{"@type":"ImageObject","inLanguage":"cs","@id":"https:\/\/www.domtechnikpro.com\/index.php\/produkt\/sapho-zuno-umyvadlo-keramick-eacute-do-n-aacute-bytku-i-na-ze-271-55cm-b-iacute-l-aacute-vysoce-kvalitni-56984\/#primaryimage","url":"https:\/\/www.domtechnikpro.com\/wp-content\/uploads\/2026\/SK0002587-CZ20260425-093107-0-1777080667-59842-large_default.webp","contentUrl":"https:\/\/www.domtechnikpro.com\/wp-content\/uploads\/2026\/SK0002587-CZ20260425-093107-0-1777080667-59842-large_default.webp","width":470,"height":470},{"@type":"BreadcrumbList","@id":"https:\/\/www.domtechnikpro.com\/index.php\/produkt\/sapho-zuno-umyvadlo-keramick-eacute-do-n-aacute-bytku-i-na-ze-271-55cm-b-iacute-l-aacute-vysoce-kvalitni-56984\/#breadcrumb","itemListElement":[{"@type":"ListItem","position":1,"name":"Home","item":"https:\/\/www.domtechnikpro.com\/"},{"@type":"ListItem","position":2,"name":"Products","item":"https:\/\/www.domtechnikpro.com\/products\/"},{"@type":"ListItem","position":3,"name":"SAPHO | ZUNO | umyvadlo keramick&eacute; | do n&aacute;bytku i na ze&#271; | 55cm | b&iacute;l&aacute; Vysoce Kvalitn\u00ed"}]},{"@type":"WebSite","@id":"https:\/\/www.domtechnikpro.com\/#website","url":"https:\/\/www.domtechnikpro.com\/","name":"","description":"","potentialAction":[{"@type":"SearchAction","target":{"@type":"EntryPoint","urlTemplate":"https:\/\/www.domtechnikpro.com\/?s={search_term_string}"},"query-input":{"@type":"PropertyValueSpecification","valueRequired":true,"valueName":"search_term_string"}}],"inLanguage":"cs"}]}},"_links":{"self":[{"href":"https:\/\/www.domtechnikpro.com\/wp-json\/wp\/v2\/product\/56984","targetHints":{"allow":["GET"]}}],"collection":[{"href":"https:\/\/www.domtechnikpro.com\/wp-json\/wp\/v2\/product"}],"about":[{"href":"https:\/\/www.domtechnikpro.com\/wp-json\/wp\/v2\/types\/product"}],"replies":[{"embeddable":true,"href":"https:\/\/www.domtechnikpro.com\/wp-json\/wp\/v2\/comments?post=56984"}],"wp:featuredmedia":[{"embeddable":true,"href":"https:\/\/www.domtechnikpro.com\/wp-json\/wp\/v2\/media\/57084"}],"wp:attachment":[{"href":"https:\/\/www.domtechnikpro.com\/wp-json\/wp\/v2\/media?parent=56984"}],"wp:term":[{"taxonomy":"product_brand","embeddable":true,"href":"https:\/\/www.domtechnikpro.com\/wp-json\/wp\/v2\/product_brand?post=56984"},{"taxonomy":"product_cat","embeddable":true,"href":"https:\/\/www.domtechnikpro.com\/wp-json\/wp\/v2\/product_cat?post=56984"},{"taxonomy":"product_tag","embeddable":true,"href":"https:\/\/www.domtechnikpro.com\/wp-json\/wp\/v2\/product_tag?post=56984"}],"curies":[{"name":"wp","href":"https:\/\/api.w.org\/{rel}","templated":true}]}}