{"id":56374,"date":"2026-04-26T09:02:00","date_gmt":"2026-04-26T09:02:00","guid":{"rendered":""},"modified":"2026-04-26T09:02:00","modified_gmt":"2026-04-26T09:02:00","slug":"znackovy-profin-ulp-ukon-269-ovac-iacute-oblouk-pvc-tmav-283-hn-283-d-aacute-9281-h-7mm-d-2-5m-56374","status":"publish","type":"product","link":"https:\/\/www.domtechnikpro.com\/index.php\/produkt\/znackovy-profin-ulp-ukon-269-ovac-iacute-oblouk-pvc-tmav-283-hn-283-d-aacute-9281-h-7mm-d-2-5m-56374\/","title":{"rendered":"Zna\u010dkov\u00fd PROFIN | ULP | ukon&#269;ovac&iacute; | oblouk | pvc | tmav&#283; hn&#283;d&aacute;=9281 | H=7mm | D=2.5m"},"content":{"rendered":"<p><!-- More info -->\t\t\t\t\t<\/p>\n<section id=\"idTab1\" class=\"page-product-box tab-pane active\" role=\"tabpanel\" aria-labelledby=\"idTab1\">\t\t\t\t\t\t<!-- full description -->\t\t\t\t\t\t<\/p>\n<div class=\"rte\">Ukon\u010dovac\u00ed li\u0161ta obl\u00e1 PVC<\/p>\n<p>Plastov\u00e9 li\u0161ty z kvalitn\u00edho dovozov\u00e9ho PVC s uzav\u0159en\u00fdm tvarem slou\u017e\u00ed k ukon\u010dov\u00e1n\u00ed obklad\u016f a dla\u017eeb a p\u0159\u00edtomnost\u00ed dutiny ve tvaru profilu jsou vhodn\u00e9 pro kombinaci s dopl\u0148kov\u00fdmi prvky k li\u0161t\u00e1m Profin. V p\u0159\u00edpad\u011b nerovn\u00e9ho proveden\u00ed roh\u016f je lze pou\u017eit i jako vn\u011bj\u0161\u00ed rohov\u00e9 li\u0161ty.<\/p>\n<p>Barevn\u00e9 proveden\u00ed:<br \/>b\u00edl\u00e1 1167<br \/>bahama 0204<br \/>sv\u011btle hn\u011bd\u00e1 8603<br \/>karamel 0354<br \/>\u010derveno hn\u011bd\u00e1 8103<br \/>st\u0159edn\u011b hn\u011bd\u00e1 9010<br \/>hn\u011bd\u00e1 9281<br \/>cihlov\u00e1 9052<br \/>terakota 2104<br \/>r\u016f\u017eov\u00e1 0546<br \/>\u010derven\u00e1 7715<br \/>modr\u00e1 6615<br \/>\u017elut\u00e1 2305<br \/>jasm\u00edn 7499<br \/>sv\u011btle zelen\u00e1 1737<br \/>zelen\u00e1 1395<br \/>\u0161edozelen\u00e1 2177<br \/>tmav\u011b zelen\u00e1 0460<br \/>holub\u00ed \u0161ed\u00e1 4459<br \/>\u0161ed\u00e1 4431<br \/>tmav\u011b \u0161ed\u00e1 4403<br \/>modro \u0161ed\u00e1 0157<br \/>\u010dern\u00e1 4482<br \/>broskvov\u00e1 8506<br \/>vanilka 2008<\/div>\n<\/section>\n<p>\t\t\t\t\t<!--end  More info -->\t\t\t\t\t\t\t\t\t\t\t\t\t<!-- Data sheet -->\t\t\t\t\t<\/p>\n<section id=\"idTab2\" class=\"page-product-box tab-pane\" role=\"tabpanel\" aria-labelledby=\"idTab2\">\n<table class=\"table-data-sheet\">\n<tr class=\"odd\">\n<td>MATERI\u00c1L<\/td>\n<td>PLAST <\/td>\n<\/tr>\n<tr class=\"even\">\n<td>BARVA PVC<\/td>\n<td>hn\u011bd\u00e1 | 9281 <\/td>\n<\/tr>\n<\/table>\n<\/section>\n<p>\t\t\t\t\t<!--end Data sheet -->\t\t\t\t\t\t\t\t\t\t\t\t\t\t\t\t\t\t\t\t\t\t\t\t\t\t\t<\/div>\n<\/p><\/div>\n<p><!--QTR Accessories --><\/p>\n","protected":false},"excerpt":{"rendered":"<p>Ukon\u010dovac\u00ed li\u0161ta obl\u00e1 PVC Plastov\u00e9 li\u0161ty z kvalitn\u00edho dovozov\u00e9ho PVC s uzav\u0159en\u00fdm tvarem slou\u017e\u00ed k ukon\u010dov\u00e1n\u00ed obklad\u016f a dla\u017eeb a p\u0159\u00edtomnost\u00ed dutiny ve tvaru profilu jsou vhodn\u00e9 pro kombinaci s dopl\u0148kov\u00fdmi prvky k li\u0161t\u00e1m Profin. V p\u0159\u00edpad\u011b nerovn\u00e9ho proveden\u00ed roh\u016f je lze pou\u017eit i jako vn\u011bj\u0161\u00ed rohov\u00e9 li\u0161ty. Barevn\u00e9 proveden\u00ed:b\u00edl\u00e1 1167bahama 0204sv\u011btle hn\u011bd\u00e1 8603karamel 0354\u010derveno [&hellip;]<\/p>\n","protected":false},"featured_media":56474,"comment_status":"open","ping_status":"open","template":"","meta":[],"product_brand":[],"product_cat":[179,178],"product_tag":[],"class_list":{"0":"post-56374","1":"product","2":"type-product","3":"status-publish","4":"has-post-thumbnail","6":"product_cat-li-scaron-ty","7":"product_cat-profily","9":"first","10":"instock","11":"sale","12":"shipping-taxable","13":"purchasable","14":"product-type-simple"},"yoast_head":"<!-- This site is optimized with the Yoast SEO plugin v26.8 - https:\/\/yoast.com\/product\/yoast-seo-wordpress\/ -->\n<title>Zna\u010dkov\u00fd PROFIN | ULP | ukon&#269;ovac&iacute; | oblouk | pvc | tmav&#283; hn&#283;d&aacute;=9281 | H=7mm | D=2.5m -<\/title>\n<meta name=\"robots\" content=\"index, follow, max-snippet:-1, max-image-preview:large, max-video-preview:-1\" \/>\n<link rel=\"canonical\" href=\"https:\/\/www.domtechnikpro.com\/index.php\/produkt\/znackovy-profin-ulp-ukon-269-ovac-iacute-oblouk-pvc-tmav-283-hn-283-d-aacute-9281-h-7mm-d-2-5m-56374\/\" \/>\n<meta property=\"og:locale\" content=\"cs_CZ\" \/>\n<meta property=\"og:type\" content=\"article\" \/>\n<meta property=\"og:title\" content=\"Zna\u010dkov\u00fd PROFIN | ULP | ukon&#269;ovac&iacute; | oblouk | pvc | tmav&#283; hn&#283;d&aacute;=9281 | H=7mm | D=2.5m -\" \/>\n<meta property=\"og:description\" content=\"Ukon\u010dovac\u00ed li\u0161ta obl\u00e1 PVC Plastov\u00e9 li\u0161ty z kvalitn\u00edho dovozov\u00e9ho PVC s uzav\u0159en\u00fdm tvarem slou\u017e\u00ed k ukon\u010dov\u00e1n\u00ed obklad\u016f a dla\u017eeb a p\u0159\u00edtomnost\u00ed dutiny ve tvaru profilu jsou vhodn\u00e9 pro kombinaci s dopl\u0148kov\u00fdmi prvky k li\u0161t\u00e1m Profin. V p\u0159\u00edpad\u011b nerovn\u00e9ho proveden\u00ed roh\u016f je lze pou\u017eit i jako vn\u011bj\u0161\u00ed rohov\u00e9 li\u0161ty. Barevn\u00e9 proveden\u00ed:b\u00edl\u00e1 1167bahama 0204sv\u011btle hn\u011bd\u00e1 8603karamel 0354\u010derveno [&hellip;]\" \/>\n<meta property=\"og:url\" content=\"https:\/\/www.domtechnikpro.com\/index.php\/produkt\/znackovy-profin-ulp-ukon-269-ovac-iacute-oblouk-pvc-tmav-283-hn-283-d-aacute-9281-h-7mm-d-2-5m-56374\/\" \/>\n<meta property=\"og:image\" content=\"https:\/\/www.domtechnikpro.com\/wp-content\/uploads\/2026\/SK0002022-CZ20260425-093107-0-1777080667-55694-large_default.webp\" \/>\n\t<meta property=\"og:image:width\" content=\"470\" \/>\n\t<meta property=\"og:image:height\" content=\"470\" \/>\n\t<meta property=\"og:image:type\" content=\"image\/webp\" \/>\n<meta name=\"twitter:card\" content=\"summary_large_image\" \/>\n<meta name=\"twitter:label1\" content=\"Odhadovan\u00e1 doba \u010dten\u00ed\" \/>\n\t<meta name=\"twitter:data1\" content=\"1 minuta\" \/>\n<script type=\"application\/ld+json\" class=\"yoast-schema-graph\">{\"@context\":\"https:\/\/schema.org\",\"@graph\":[{\"@type\":\"WebPage\",\"@id\":\"https:\/\/www.domtechnikpro.com\/index.php\/produkt\/znackovy-profin-ulp-ukon-269-ovac-iacute-oblouk-pvc-tmav-283-hn-283-d-aacute-9281-h-7mm-d-2-5m-56374\/\",\"url\":\"https:\/\/www.domtechnikpro.com\/index.php\/produkt\/znackovy-profin-ulp-ukon-269-ovac-iacute-oblouk-pvc-tmav-283-hn-283-d-aacute-9281-h-7mm-d-2-5m-56374\/\",\"name\":\"Zna\u010dkov\u00fd PROFIN | ULP | ukon&#269;ovac&iacute; | oblouk | pvc | tmav&#283; hn&#283;d&aacute;=9281 | H=7mm | D=2.5m -\",\"isPartOf\":{\"@id\":\"https:\/\/www.domtechnikpro.com\/#website\"},\"primaryImageOfPage\":{\"@id\":\"https:\/\/www.domtechnikpro.com\/index.php\/produkt\/znackovy-profin-ulp-ukon-269-ovac-iacute-oblouk-pvc-tmav-283-hn-283-d-aacute-9281-h-7mm-d-2-5m-56374\/#primaryimage\"},\"image\":{\"@id\":\"https:\/\/www.domtechnikpro.com\/index.php\/produkt\/znackovy-profin-ulp-ukon-269-ovac-iacute-oblouk-pvc-tmav-283-hn-283-d-aacute-9281-h-7mm-d-2-5m-56374\/#primaryimage\"},\"thumbnailUrl\":\"https:\/\/www.domtechnikpro.com\/wp-content\/uploads\/2026\/SK0002022-CZ20260425-093107-0-1777080667-55694-large_default.webp\",\"datePublished\":\"2026-04-26T09:02:00+00:00\",\"breadcrumb\":{\"@id\":\"https:\/\/www.domtechnikpro.com\/index.php\/produkt\/znackovy-profin-ulp-ukon-269-ovac-iacute-oblouk-pvc-tmav-283-hn-283-d-aacute-9281-h-7mm-d-2-5m-56374\/#breadcrumb\"},\"inLanguage\":\"cs\",\"potentialAction\":[{\"@type\":\"ReadAction\",\"target\":[\"https:\/\/www.domtechnikpro.com\/index.php\/produkt\/znackovy-profin-ulp-ukon-269-ovac-iacute-oblouk-pvc-tmav-283-hn-283-d-aacute-9281-h-7mm-d-2-5m-56374\/\"]}]},{\"@type\":\"ImageObject\",\"inLanguage\":\"cs\",\"@id\":\"https:\/\/www.domtechnikpro.com\/index.php\/produkt\/znackovy-profin-ulp-ukon-269-ovac-iacute-oblouk-pvc-tmav-283-hn-283-d-aacute-9281-h-7mm-d-2-5m-56374\/#primaryimage\",\"url\":\"https:\/\/www.domtechnikpro.com\/wp-content\/uploads\/2026\/SK0002022-CZ20260425-093107-0-1777080667-55694-large_default.webp\",\"contentUrl\":\"https:\/\/www.domtechnikpro.com\/wp-content\/uploads\/2026\/SK0002022-CZ20260425-093107-0-1777080667-55694-large_default.webp\",\"width\":470,\"height\":470},{\"@type\":\"BreadcrumbList\",\"@id\":\"https:\/\/www.domtechnikpro.com\/index.php\/produkt\/znackovy-profin-ulp-ukon-269-ovac-iacute-oblouk-pvc-tmav-283-hn-283-d-aacute-9281-h-7mm-d-2-5m-56374\/#breadcrumb\",\"itemListElement\":[{\"@type\":\"ListItem\",\"position\":1,\"name\":\"Home\",\"item\":\"https:\/\/www.domtechnikpro.com\/\"},{\"@type\":\"ListItem\",\"position\":2,\"name\":\"Products\",\"item\":\"https:\/\/www.domtechnikpro.com\/index.php\/products\/\"},{\"@type\":\"ListItem\",\"position\":3,\"name\":\"Zna\u010dkov\u00fd PROFIN | ULP | ukon&#269;ovac&iacute; | oblouk | pvc | tmav&#283; hn&#283;d&aacute;=9281 | H=7mm | D=2.5m\"}]},{\"@type\":\"WebSite\",\"@id\":\"https:\/\/www.domtechnikpro.com\/#website\",\"url\":\"https:\/\/www.domtechnikpro.com\/\",\"name\":\"\",\"description\":\"\",\"potentialAction\":[{\"@type\":\"SearchAction\",\"target\":{\"@type\":\"EntryPoint\",\"urlTemplate\":\"https:\/\/www.domtechnikpro.com\/?s={search_term_string}\"},\"query-input\":{\"@type\":\"PropertyValueSpecification\",\"valueRequired\":true,\"valueName\":\"search_term_string\"}}],\"inLanguage\":\"cs\"}]}<\/script>\n<!-- \/ Yoast SEO plugin. -->","yoast_head_json":{"title":"Zna\u010dkov\u00fd PROFIN | ULP | ukon&#269;ovac&iacute; | oblouk | pvc | tmav&#283; hn&#283;d&aacute;=9281 | H=7mm | D=2.5m -","robots":{"index":"index","follow":"follow","max-snippet":"max-snippet:-1","max-image-preview":"max-image-preview:large","max-video-preview":"max-video-preview:-1"},"canonical":"https:\/\/www.domtechnikpro.com\/index.php\/produkt\/znackovy-profin-ulp-ukon-269-ovac-iacute-oblouk-pvc-tmav-283-hn-283-d-aacute-9281-h-7mm-d-2-5m-56374\/","og_locale":"cs_CZ","og_type":"article","og_title":"Zna\u010dkov\u00fd PROFIN | ULP | ukon&#269;ovac&iacute; | oblouk | pvc | tmav&#283; hn&#283;d&aacute;=9281 | H=7mm | D=2.5m -","og_description":"Ukon\u010dovac\u00ed li\u0161ta obl\u00e1 PVC Plastov\u00e9 li\u0161ty z kvalitn\u00edho dovozov\u00e9ho PVC s uzav\u0159en\u00fdm tvarem slou\u017e\u00ed k ukon\u010dov\u00e1n\u00ed obklad\u016f a dla\u017eeb a p\u0159\u00edtomnost\u00ed dutiny ve tvaru profilu jsou vhodn\u00e9 pro kombinaci s dopl\u0148kov\u00fdmi prvky k li\u0161t\u00e1m Profin. V p\u0159\u00edpad\u011b nerovn\u00e9ho proveden\u00ed roh\u016f je lze pou\u017eit i jako vn\u011bj\u0161\u00ed rohov\u00e9 li\u0161ty. Barevn\u00e9 proveden\u00ed:b\u00edl\u00e1 1167bahama 0204sv\u011btle hn\u011bd\u00e1 8603karamel 0354\u010derveno [&hellip;]","og_url":"https:\/\/www.domtechnikpro.com\/index.php\/produkt\/znackovy-profin-ulp-ukon-269-ovac-iacute-oblouk-pvc-tmav-283-hn-283-d-aacute-9281-h-7mm-d-2-5m-56374\/","og_image":[{"width":470,"height":470,"url":"https:\/\/www.domtechnikpro.com\/wp-content\/uploads\/2026\/SK0002022-CZ20260425-093107-0-1777080667-55694-large_default.webp","type":"image\/webp"}],"twitter_card":"summary_large_image","twitter_misc":{"Odhadovan\u00e1 doba \u010dten\u00ed":"1 minuta"},"schema":{"@context":"https:\/\/schema.org","@graph":[{"@type":"WebPage","@id":"https:\/\/www.domtechnikpro.com\/index.php\/produkt\/znackovy-profin-ulp-ukon-269-ovac-iacute-oblouk-pvc-tmav-283-hn-283-d-aacute-9281-h-7mm-d-2-5m-56374\/","url":"https:\/\/www.domtechnikpro.com\/index.php\/produkt\/znackovy-profin-ulp-ukon-269-ovac-iacute-oblouk-pvc-tmav-283-hn-283-d-aacute-9281-h-7mm-d-2-5m-56374\/","name":"Zna\u010dkov\u00fd PROFIN | ULP | ukon&#269;ovac&iacute; | oblouk | pvc | tmav&#283; hn&#283;d&aacute;=9281 | H=7mm | D=2.5m -","isPartOf":{"@id":"https:\/\/www.domtechnikpro.com\/#website"},"primaryImageOfPage":{"@id":"https:\/\/www.domtechnikpro.com\/index.php\/produkt\/znackovy-profin-ulp-ukon-269-ovac-iacute-oblouk-pvc-tmav-283-hn-283-d-aacute-9281-h-7mm-d-2-5m-56374\/#primaryimage"},"image":{"@id":"https:\/\/www.domtechnikpro.com\/index.php\/produkt\/znackovy-profin-ulp-ukon-269-ovac-iacute-oblouk-pvc-tmav-283-hn-283-d-aacute-9281-h-7mm-d-2-5m-56374\/#primaryimage"},"thumbnailUrl":"https:\/\/www.domtechnikpro.com\/wp-content\/uploads\/2026\/SK0002022-CZ20260425-093107-0-1777080667-55694-large_default.webp","datePublished":"2026-04-26T09:02:00+00:00","breadcrumb":{"@id":"https:\/\/www.domtechnikpro.com\/index.php\/produkt\/znackovy-profin-ulp-ukon-269-ovac-iacute-oblouk-pvc-tmav-283-hn-283-d-aacute-9281-h-7mm-d-2-5m-56374\/#breadcrumb"},"inLanguage":"cs","potentialAction":[{"@type":"ReadAction","target":["https:\/\/www.domtechnikpro.com\/index.php\/produkt\/znackovy-profin-ulp-ukon-269-ovac-iacute-oblouk-pvc-tmav-283-hn-283-d-aacute-9281-h-7mm-d-2-5m-56374\/"]}]},{"@type":"ImageObject","inLanguage":"cs","@id":"https:\/\/www.domtechnikpro.com\/index.php\/produkt\/znackovy-profin-ulp-ukon-269-ovac-iacute-oblouk-pvc-tmav-283-hn-283-d-aacute-9281-h-7mm-d-2-5m-56374\/#primaryimage","url":"https:\/\/www.domtechnikpro.com\/wp-content\/uploads\/2026\/SK0002022-CZ20260425-093107-0-1777080667-55694-large_default.webp","contentUrl":"https:\/\/www.domtechnikpro.com\/wp-content\/uploads\/2026\/SK0002022-CZ20260425-093107-0-1777080667-55694-large_default.webp","width":470,"height":470},{"@type":"BreadcrumbList","@id":"https:\/\/www.domtechnikpro.com\/index.php\/produkt\/znackovy-profin-ulp-ukon-269-ovac-iacute-oblouk-pvc-tmav-283-hn-283-d-aacute-9281-h-7mm-d-2-5m-56374\/#breadcrumb","itemListElement":[{"@type":"ListItem","position":1,"name":"Home","item":"https:\/\/www.domtechnikpro.com\/"},{"@type":"ListItem","position":2,"name":"Products","item":"https:\/\/www.domtechnikpro.com\/index.php\/products\/"},{"@type":"ListItem","position":3,"name":"Zna\u010dkov\u00fd PROFIN | ULP | ukon&#269;ovac&iacute; | oblouk | pvc | tmav&#283; hn&#283;d&aacute;=9281 | H=7mm | D=2.5m"}]},{"@type":"WebSite","@id":"https:\/\/www.domtechnikpro.com\/#website","url":"https:\/\/www.domtechnikpro.com\/","name":"","description":"","potentialAction":[{"@type":"SearchAction","target":{"@type":"EntryPoint","urlTemplate":"https:\/\/www.domtechnikpro.com\/?s={search_term_string}"},"query-input":{"@type":"PropertyValueSpecification","valueRequired":true,"valueName":"search_term_string"}}],"inLanguage":"cs"}]}},"_links":{"self":[{"href":"https:\/\/www.domtechnikpro.com\/index.php\/wp-json\/wp\/v2\/product\/56374","targetHints":{"allow":["GET"]}}],"collection":[{"href":"https:\/\/www.domtechnikpro.com\/index.php\/wp-json\/wp\/v2\/product"}],"about":[{"href":"https:\/\/www.domtechnikpro.com\/index.php\/wp-json\/wp\/v2\/types\/product"}],"replies":[{"embeddable":true,"href":"https:\/\/www.domtechnikpro.com\/index.php\/wp-json\/wp\/v2\/comments?post=56374"}],"wp:featuredmedia":[{"embeddable":true,"href":"https:\/\/www.domtechnikpro.com\/index.php\/wp-json\/wp\/v2\/media\/56474"}],"wp:attachment":[{"href":"https:\/\/www.domtechnikpro.com\/index.php\/wp-json\/wp\/v2\/media?parent=56374"}],"wp:term":[{"taxonomy":"product_brand","embeddable":true,"href":"https:\/\/www.domtechnikpro.com\/index.php\/wp-json\/wp\/v2\/product_brand?post=56374"},{"taxonomy":"product_cat","embeddable":true,"href":"https:\/\/www.domtechnikpro.com\/index.php\/wp-json\/wp\/v2\/product_cat?post=56374"},{"taxonomy":"product_tag","embeddable":true,"href":"https:\/\/www.domtechnikpro.com\/index.php\/wp-json\/wp\/v2\/product_tag?post=56374"}],"curies":[{"name":"wp","href":"https:\/\/api.w.org\/{rel}","templated":true}]}}