{"id":55707,"date":"2026-04-26T09:01:53","date_gmt":"2026-04-26T09:01:53","guid":{"rendered":""},"modified":"2026-04-26T09:01:53","modified_gmt":"2026-04-26T09:01:53","slug":"vernazza-blanco-decor-doria-30x90-01s-rekt-vyprodej-55707","status":"publish","type":"product","link":"https:\/\/www.domtechnikpro.com\/index.php\/produkt\/vernazza-blanco-decor-doria-30x90-01s-rekt-vyprodej-55707\/","title":{"rendered":"VERNAZZA blanco | decor doria | 30&#215;90 | 01S | rekt V\u00fdprodej"},"content":{"rendered":"<p><!-- More info -->\t\t\t\t\t<\/p>\n<section id=\"idTab1\" class=\"page-product-box tab-pane active\" role=\"tabpanel\" aria-labelledby=\"idTab1\">\t\t\t\t\t\t<!-- full description -->\t\t\t\t\t\t<\/p>\n<div class=\"rte\">S\u00e9rie VERNAZZA p\u0159edstavuje porcel\u00e1nov\u00fd matn\u00fd obklad imituj\u00edc\u00ed mramor s por\u00e9zn\u00edm povrchem. Rektifikovan\u00fd.<\/p>\n<p>S obklady a dla\u017ebami v imitaci mramoru dod\u00e1te ka\u017ed\u00e9 m\u00edstnosti punc luxusu a vykouzl\u00edte nad\u010dasov\u00fd minimalistick\u00fd modern\u00ed prostor. D\u00edky rektifikaci je mo\u017en\u00e1 pokl\u00e1dka s minim\u00e1ln\u00edmi sp\u00e1rami \u010d\u00edm\u017e cel\u00fd prostor bude p\u016fsobit kompaktn\u011bj\u0161\u00edm dojmem a mnohem v\u00edce esteticky.<\/p><\/div>\n<\/section>\n<p>\t\t\t\t\t<!--end  More info -->\t\t\t\t\t\t\t\t\t\t\t\t\t<!-- Data sheet -->\t\t\t\t\t<\/p>\n<section id=\"idTab2\" class=\"page-product-box tab-pane\" role=\"tabpanel\" aria-labelledby=\"idTab2\">\n<table class=\"table-data-sheet\">\n<tr class=\"odd\">\n<td>POVRCHOV\u00c1 \u00daPRAVA<\/td>\n<td>mat <\/td>\n<\/tr>\n<tr class=\"even\">\n<td>FORM\u00c1T | ROZM\u011aR<\/td>\n<td>VF = velk\u00fd form\u00e1t = XL <\/td>\n<\/tr>\n<tr class=\"odd\">\n<td>TYP | POU\u017dIT\u00cd<\/td>\n<td>dekor, obklad &#8211; st\u011bna <\/td>\n<\/tr>\n<tr class=\"even\">\n<td>REKTIFIKACE<\/td>\n<td>Ano <\/td>\n<\/tr>\n<tr class=\"odd\">\n<td>JAKOST<\/td>\n<td>01S <\/td>\n<\/tr>\n<tr class=\"even\">\n<td>VARIABILITA | ROZD\u00cdLNOST<\/td>\n<td>V2 <\/td>\n<\/tr>\n<tr class=\"odd\">\n<td>VZHLED | IMITACE<\/td>\n<td>mramor<\/td>\n<\/tr>\n<\/table>\n<\/section>\n<p>\t\t\t\t\t<!--end Data sheet -->\t\t\t\t\t\t\t\t\t\t\t\t\t\t\t\t\t<!--Download -->\t\t\t\t\t<\/p>\n<section id=\"idTab4\" class=\"page-product-box tab-pane\" role=\"tabpanel\" aria-labelledby=\"idTab4\">\n<div class=\"row\">\n<div class=\"col-lg-4\">\n<h4>VERNAZZA-DORIA-img.jpg<\/h4>\n<p class=\"text-muted\">Soubor<\/p>\n<p>\t\t\t\t\t\t\t\t\t\t\t\t\t\t\t\t\t\t\t<i class=\"fa fa-download\"><\/i>\t\t\t\t\t\t\t\t\t\tKe sta\u017een&iacute; (103.61k)\t\t\t\t\t\t\t\t\t\t\t\t\t\t\t\t\t\t<\/p>\n<hr \/><\/div>\n<\/p><\/div>\n<\/section>\n<p>\t\t\t\t\t<!--end Download -->\t\t\t\t\t\t\t\t\t\t\t\t\t\t\t\t\t\t\t<\/div>\n<\/p><\/div>\n<p><!--QTR Accessories --><\/p>\n","protected":false},"excerpt":{"rendered":"<p>S\u00e9rie VERNAZZA p\u0159edstavuje porcel\u00e1nov\u00fd matn\u00fd obklad imituj\u00edc\u00ed mramor s por\u00e9zn\u00edm povrchem. Rektifikovan\u00fd. S obklady a dla\u017ebami v imitaci mramoru dod\u00e1te ka\u017ed\u00e9 m\u00edstnosti punc luxusu a vykouzl\u00edte nad\u010dasov\u00fd minimalistick\u00fd modern\u00ed prostor. D\u00edky rektifikaci je mo\u017en\u00e1 pokl\u00e1dka s minim\u00e1ln\u00edmi sp\u00e1rami \u010d\u00edm\u017e cel\u00fd prostor bude p\u016fsobit kompaktn\u011bj\u0161\u00edm dojmem a mnohem v\u00edce esteticky. POVRCHOV\u00c1 \u00daPRAVA mat FORM\u00c1T | ROZM\u011aR [&hellip;]<\/p>\n","protected":false},"featured_media":55807,"comment_status":"open","ping_status":"open","template":"","meta":[],"product_brand":[],"product_cat":[176,175],"product_tag":[],"class_list":{"0":"post-55707","1":"product","2":"type-product","3":"status-publish","4":"has-post-thumbnail","6":"product_cat-dlazby","7":"product_cat-obklady","9":"first","10":"instock","11":"sale","12":"shipping-taxable","13":"purchasable","14":"product-type-simple"},"yoast_head":"<!-- This site is optimized with the Yoast SEO plugin v26.8 - https:\/\/yoast.com\/product\/yoast-seo-wordpress\/ -->\n<title>VERNAZZA blanco | decor doria | 30x90 | 01S | rekt V\u00fdprodej -<\/title>\n<meta name=\"robots\" content=\"index, follow, max-snippet:-1, max-image-preview:large, max-video-preview:-1\" \/>\n<link rel=\"canonical\" href=\"https:\/\/www.domtechnikpro.com\/index.php\/produkt\/vernazza-blanco-decor-doria-30x90-01s-rekt-vyprodej-55707\/\" \/>\n<meta property=\"og:locale\" content=\"cs_CZ\" \/>\n<meta property=\"og:type\" content=\"article\" \/>\n<meta property=\"og:title\" content=\"VERNAZZA blanco | decor doria | 30x90 | 01S | rekt V\u00fdprodej -\" \/>\n<meta property=\"og:description\" content=\"S\u00e9rie VERNAZZA p\u0159edstavuje porcel\u00e1nov\u00fd matn\u00fd obklad imituj\u00edc\u00ed mramor s por\u00e9zn\u00edm povrchem. Rektifikovan\u00fd. S obklady a dla\u017ebami v imitaci mramoru dod\u00e1te ka\u017ed\u00e9 m\u00edstnosti punc luxusu a vykouzl\u00edte nad\u010dasov\u00fd minimalistick\u00fd modern\u00ed prostor. D\u00edky rektifikaci je mo\u017en\u00e1 pokl\u00e1dka s minim\u00e1ln\u00edmi sp\u00e1rami \u010d\u00edm\u017e cel\u00fd prostor bude p\u016fsobit kompaktn\u011bj\u0161\u00edm dojmem a mnohem v\u00edce esteticky. POVRCHOV\u00c1 \u00daPRAVA mat FORM\u00c1T | ROZM\u011aR [&hellip;]\" \/>\n<meta property=\"og:url\" content=\"https:\/\/www.domtechnikpro.com\/index.php\/produkt\/vernazza-blanco-decor-doria-30x90-01s-rekt-vyprodej-55707\/\" \/>\n<meta property=\"og:image\" content=\"https:\/\/www.domtechnikpro.com\/wp-content\/uploads\/2026\/SK0001360-CZ20260425-093107-0-1777080667-51645-large_default.webp\" \/>\n\t<meta property=\"og:image:width\" content=\"470\" \/>\n\t<meta property=\"og:image:height\" content=\"470\" \/>\n\t<meta property=\"og:image:type\" content=\"image\/webp\" \/>\n<meta name=\"twitter:card\" content=\"summary_large_image\" \/>\n<meta name=\"twitter:label1\" content=\"Odhadovan\u00e1 doba \u010dten\u00ed\" \/>\n\t<meta name=\"twitter:data1\" content=\"1 minuta\" \/>\n<script type=\"application\/ld+json\" class=\"yoast-schema-graph\">{\"@context\":\"https:\/\/schema.org\",\"@graph\":[{\"@type\":\"WebPage\",\"@id\":\"https:\/\/www.domtechnikpro.com\/index.php\/produkt\/vernazza-blanco-decor-doria-30x90-01s-rekt-vyprodej-55707\/\",\"url\":\"https:\/\/www.domtechnikpro.com\/index.php\/produkt\/vernazza-blanco-decor-doria-30x90-01s-rekt-vyprodej-55707\/\",\"name\":\"VERNAZZA blanco | decor doria | 30x90 | 01S | rekt V\u00fdprodej -\",\"isPartOf\":{\"@id\":\"https:\/\/www.domtechnikpro.com\/#website\"},\"primaryImageOfPage\":{\"@id\":\"https:\/\/www.domtechnikpro.com\/index.php\/produkt\/vernazza-blanco-decor-doria-30x90-01s-rekt-vyprodej-55707\/#primaryimage\"},\"image\":{\"@id\":\"https:\/\/www.domtechnikpro.com\/index.php\/produkt\/vernazza-blanco-decor-doria-30x90-01s-rekt-vyprodej-55707\/#primaryimage\"},\"thumbnailUrl\":\"https:\/\/www.domtechnikpro.com\/wp-content\/uploads\/2026\/SK0001360-CZ20260425-093107-0-1777080667-51645-large_default.webp\",\"datePublished\":\"2026-04-26T09:01:53+00:00\",\"breadcrumb\":{\"@id\":\"https:\/\/www.domtechnikpro.com\/index.php\/produkt\/vernazza-blanco-decor-doria-30x90-01s-rekt-vyprodej-55707\/#breadcrumb\"},\"inLanguage\":\"cs\",\"potentialAction\":[{\"@type\":\"ReadAction\",\"target\":[\"https:\/\/www.domtechnikpro.com\/index.php\/produkt\/vernazza-blanco-decor-doria-30x90-01s-rekt-vyprodej-55707\/\"]}]},{\"@type\":\"ImageObject\",\"inLanguage\":\"cs\",\"@id\":\"https:\/\/www.domtechnikpro.com\/index.php\/produkt\/vernazza-blanco-decor-doria-30x90-01s-rekt-vyprodej-55707\/#primaryimage\",\"url\":\"https:\/\/www.domtechnikpro.com\/wp-content\/uploads\/2026\/SK0001360-CZ20260425-093107-0-1777080667-51645-large_default.webp\",\"contentUrl\":\"https:\/\/www.domtechnikpro.com\/wp-content\/uploads\/2026\/SK0001360-CZ20260425-093107-0-1777080667-51645-large_default.webp\",\"width\":470,\"height\":470},{\"@type\":\"BreadcrumbList\",\"@id\":\"https:\/\/www.domtechnikpro.com\/index.php\/produkt\/vernazza-blanco-decor-doria-30x90-01s-rekt-vyprodej-55707\/#breadcrumb\",\"itemListElement\":[{\"@type\":\"ListItem\",\"position\":1,\"name\":\"Home\",\"item\":\"https:\/\/www.domtechnikpro.com\/\"},{\"@type\":\"ListItem\",\"position\":2,\"name\":\"Products\",\"item\":\"https:\/\/www.domtechnikpro.com\/index.php\/products\/\"},{\"@type\":\"ListItem\",\"position\":3,\"name\":\"VERNAZZA blanco | decor doria | 30&#215;90 | 01S | rekt V\u00fdprodej\"}]},{\"@type\":\"WebSite\",\"@id\":\"https:\/\/www.domtechnikpro.com\/#website\",\"url\":\"https:\/\/www.domtechnikpro.com\/\",\"name\":\"\",\"description\":\"\",\"potentialAction\":[{\"@type\":\"SearchAction\",\"target\":{\"@type\":\"EntryPoint\",\"urlTemplate\":\"https:\/\/www.domtechnikpro.com\/?s={search_term_string}\"},\"query-input\":{\"@type\":\"PropertyValueSpecification\",\"valueRequired\":true,\"valueName\":\"search_term_string\"}}],\"inLanguage\":\"cs\"}]}<\/script>\n<!-- \/ Yoast SEO plugin. -->","yoast_head_json":{"title":"VERNAZZA blanco | decor doria | 30x90 | 01S | rekt V\u00fdprodej -","robots":{"index":"index","follow":"follow","max-snippet":"max-snippet:-1","max-image-preview":"max-image-preview:large","max-video-preview":"max-video-preview:-1"},"canonical":"https:\/\/www.domtechnikpro.com\/index.php\/produkt\/vernazza-blanco-decor-doria-30x90-01s-rekt-vyprodej-55707\/","og_locale":"cs_CZ","og_type":"article","og_title":"VERNAZZA blanco | decor doria | 30x90 | 01S | rekt V\u00fdprodej -","og_description":"S\u00e9rie VERNAZZA p\u0159edstavuje porcel\u00e1nov\u00fd matn\u00fd obklad imituj\u00edc\u00ed mramor s por\u00e9zn\u00edm povrchem. Rektifikovan\u00fd. S obklady a dla\u017ebami v imitaci mramoru dod\u00e1te ka\u017ed\u00e9 m\u00edstnosti punc luxusu a vykouzl\u00edte nad\u010dasov\u00fd minimalistick\u00fd modern\u00ed prostor. D\u00edky rektifikaci je mo\u017en\u00e1 pokl\u00e1dka s minim\u00e1ln\u00edmi sp\u00e1rami \u010d\u00edm\u017e cel\u00fd prostor bude p\u016fsobit kompaktn\u011bj\u0161\u00edm dojmem a mnohem v\u00edce esteticky. POVRCHOV\u00c1 \u00daPRAVA mat FORM\u00c1T | ROZM\u011aR [&hellip;]","og_url":"https:\/\/www.domtechnikpro.com\/index.php\/produkt\/vernazza-blanco-decor-doria-30x90-01s-rekt-vyprodej-55707\/","og_image":[{"width":470,"height":470,"url":"https:\/\/www.domtechnikpro.com\/wp-content\/uploads\/2026\/SK0001360-CZ20260425-093107-0-1777080667-51645-large_default.webp","type":"image\/webp"}],"twitter_card":"summary_large_image","twitter_misc":{"Odhadovan\u00e1 doba \u010dten\u00ed":"1 minuta"},"schema":{"@context":"https:\/\/schema.org","@graph":[{"@type":"WebPage","@id":"https:\/\/www.domtechnikpro.com\/index.php\/produkt\/vernazza-blanco-decor-doria-30x90-01s-rekt-vyprodej-55707\/","url":"https:\/\/www.domtechnikpro.com\/index.php\/produkt\/vernazza-blanco-decor-doria-30x90-01s-rekt-vyprodej-55707\/","name":"VERNAZZA blanco | decor doria | 30x90 | 01S | rekt V\u00fdprodej -","isPartOf":{"@id":"https:\/\/www.domtechnikpro.com\/#website"},"primaryImageOfPage":{"@id":"https:\/\/www.domtechnikpro.com\/index.php\/produkt\/vernazza-blanco-decor-doria-30x90-01s-rekt-vyprodej-55707\/#primaryimage"},"image":{"@id":"https:\/\/www.domtechnikpro.com\/index.php\/produkt\/vernazza-blanco-decor-doria-30x90-01s-rekt-vyprodej-55707\/#primaryimage"},"thumbnailUrl":"https:\/\/www.domtechnikpro.com\/wp-content\/uploads\/2026\/SK0001360-CZ20260425-093107-0-1777080667-51645-large_default.webp","datePublished":"2026-04-26T09:01:53+00:00","breadcrumb":{"@id":"https:\/\/www.domtechnikpro.com\/index.php\/produkt\/vernazza-blanco-decor-doria-30x90-01s-rekt-vyprodej-55707\/#breadcrumb"},"inLanguage":"cs","potentialAction":[{"@type":"ReadAction","target":["https:\/\/www.domtechnikpro.com\/index.php\/produkt\/vernazza-blanco-decor-doria-30x90-01s-rekt-vyprodej-55707\/"]}]},{"@type":"ImageObject","inLanguage":"cs","@id":"https:\/\/www.domtechnikpro.com\/index.php\/produkt\/vernazza-blanco-decor-doria-30x90-01s-rekt-vyprodej-55707\/#primaryimage","url":"https:\/\/www.domtechnikpro.com\/wp-content\/uploads\/2026\/SK0001360-CZ20260425-093107-0-1777080667-51645-large_default.webp","contentUrl":"https:\/\/www.domtechnikpro.com\/wp-content\/uploads\/2026\/SK0001360-CZ20260425-093107-0-1777080667-51645-large_default.webp","width":470,"height":470},{"@type":"BreadcrumbList","@id":"https:\/\/www.domtechnikpro.com\/index.php\/produkt\/vernazza-blanco-decor-doria-30x90-01s-rekt-vyprodej-55707\/#breadcrumb","itemListElement":[{"@type":"ListItem","position":1,"name":"Home","item":"https:\/\/www.domtechnikpro.com\/"},{"@type":"ListItem","position":2,"name":"Products","item":"https:\/\/www.domtechnikpro.com\/index.php\/products\/"},{"@type":"ListItem","position":3,"name":"VERNAZZA blanco | decor doria | 30&#215;90 | 01S | rekt V\u00fdprodej"}]},{"@type":"WebSite","@id":"https:\/\/www.domtechnikpro.com\/#website","url":"https:\/\/www.domtechnikpro.com\/","name":"","description":"","potentialAction":[{"@type":"SearchAction","target":{"@type":"EntryPoint","urlTemplate":"https:\/\/www.domtechnikpro.com\/?s={search_term_string}"},"query-input":{"@type":"PropertyValueSpecification","valueRequired":true,"valueName":"search_term_string"}}],"inLanguage":"cs"}]}},"_links":{"self":[{"href":"https:\/\/www.domtechnikpro.com\/index.php\/wp-json\/wp\/v2\/product\/55707","targetHints":{"allow":["GET"]}}],"collection":[{"href":"https:\/\/www.domtechnikpro.com\/index.php\/wp-json\/wp\/v2\/product"}],"about":[{"href":"https:\/\/www.domtechnikpro.com\/index.php\/wp-json\/wp\/v2\/types\/product"}],"replies":[{"embeddable":true,"href":"https:\/\/www.domtechnikpro.com\/index.php\/wp-json\/wp\/v2\/comments?post=55707"}],"wp:featuredmedia":[{"embeddable":true,"href":"https:\/\/www.domtechnikpro.com\/index.php\/wp-json\/wp\/v2\/media\/55807"}],"wp:attachment":[{"href":"https:\/\/www.domtechnikpro.com\/index.php\/wp-json\/wp\/v2\/media?parent=55707"}],"wp:term":[{"taxonomy":"product_brand","embeddable":true,"href":"https:\/\/www.domtechnikpro.com\/index.php\/wp-json\/wp\/v2\/product_brand?post=55707"},{"taxonomy":"product_cat","embeddable":true,"href":"https:\/\/www.domtechnikpro.com\/index.php\/wp-json\/wp\/v2\/product_cat?post=55707"},{"taxonomy":"product_tag","embeddable":true,"href":"https:\/\/www.domtechnikpro.com\/index.php\/wp-json\/wp\/v2\/product_tag?post=55707"}],"curies":[{"name":"wp","href":"https:\/\/api.w.org\/{rel}","templated":true}]}}