{"id":55307,"date":"2026-04-26T09:01:48","date_gmt":"2026-04-26T09:01:48","guid":{"rendered":""},"modified":"2026-04-26T09:01:48","modified_gmt":"2026-04-26T09:01:48","slug":"znackovy-sprchove-dvere-mexen-lima-90-cm-zlate-55307","status":"publish","type":"product","link":"https:\/\/www.domtechnikpro.com\/index.php\/produkt\/znackovy-sprchove-dvere-mexen-lima-90-cm-zlate-55307\/","title":{"rendered":"Zna\u010dkov\u00fd Sprchov\u00e9 dve\u0159e MEXEN LIMA 90 cm &#8211; zlat\u00e9"},"content":{"rendered":"<div class=\"tabs__content-outer\" id=\"tab_description\" data-hash=\"description\" data-tabindex=\"-1\">\n<div class=\"tabs__content toggle_description\" id=\"content_description\">\n<div class=\"wysiwyg-content\">\n<div class=\"product__tab product__description full-width\">\n<div class=\"container\">\n<div >\n<h3><span style=\"vertical-align: inherit;\"><span style=\"vertical-align: inherit;\">Sprchov\u00e9 dve\u0159e MAXMAX LIMA 90 cm &#8211; zlat\u00e9<\/span><\/span><\/h3>\n<p><span style=\"vertical-align: inherit;\"><span style=\"vertical-align: inherit;\">Skv\u011bl\u00e1 volba <\/span><\/span><strong><span style=\"vertical-align: inherit;\"><span style=\"vertical-align: inherit;\">do ka\u017ed\u00e9 koupelny. <\/span><\/span><\/strong><span style=\"vertical-align: inherit;\"><span style=\"vertical-align: inherit;\">Elegantn\u00ed sprchov\u00e9 dve\u0159e jsou vyrobeny z <\/span><\/span><strong><span style=\"vertical-align: inherit;\"><span style=\"vertical-align: inherit;\">6 mm tlust\u00e9ho tvrzen\u00e9ho \u010dir\u00e9ho skla. <\/span><\/span><\/strong><span style=\"vertical-align: inherit;\"><span style=\"vertical-align: inherit;\">\u00a0Aplikovan\u00e1 <\/span><\/span><strong><span style=\"vertical-align: inherit;\"><span style=\"vertical-align: inherit;\">povrchov\u00e1 \u00faprava<\/span><\/span><\/strong><span style=\"vertical-align: inherit;\"><span style=\"vertical-align: inherit;\"> zaji\u0161\u0165uje <\/span><\/span><strong><span style=\"vertical-align: inherit;\"><span style=\"vertical-align: inherit;\">maxim\u00e1ln\u00ed komfort<\/span><\/span><\/strong><span style=\"vertical-align: inherit;\"><span style=\"vertical-align: inherit;\"> v\u0161em u\u017eivatel\u016fm. <\/span><span style=\"vertical-align: inherit;\">Tato technologie <\/span><\/span><strong>\u00a0<\/strong><span style=\"vertical-align: inherit;\"><span style=\"vertical-align: inherit;\">vy\u017eaduje <\/span><\/span><strong><span style=\"vertical-align: inherit;\"><span style=\"vertical-align: inherit;\">jedine\u010dn\u00e9 vlastnosti<\/span><\/span><\/strong><span style=\"vertical-align: inherit;\"><span style=\"vertical-align: inherit;\"> zabra\u0148uj\u00edc\u00ed zne\u010di\u0161t\u011bn\u00ed skla &#8211; povrch sta\u010d\u00ed pouze opl\u00e1chnout vodou. <\/span><span style=\"vertical-align: inherit;\">Dve\u0159e jsou uchyceny <\/span><\/span><strong><span style=\"vertical-align: inherit;\"><span style=\"vertical-align: inherit;\">v hlin\u00edkov\u00e9m profilu se zlatou povrchovou \u00fapravou<\/span><\/span><\/strong><span style=\"vertical-align: inherit;\"><span style=\"vertical-align: inherit;\"> a jsou <strong>vybaveny t\u011bsn\u011bn\u00edm<\/strong> zabra\u0148uj\u00edc\u00edm \u00faniku vody mimo sprchov\u00fd kout.<\/span><\/span><span style=\"vertical-align: inherit;\"><span style=\"vertical-align: inherit;\">\u00a0<\/span><\/span><strong><span style=\"vertical-align: inherit;\"><span style=\"vertical-align: inherit;\">Sprchov\u00e9 dve\u0159e jsou zalamovac\u00ed\u00a0<\/span><\/span><\/strong><span style=\"vertical-align: inherit;\"><span style=\"vertical-align: inherit;\"> (dv\u011b skla spojena kvalitn\u00edmi panty s mo\u017enost\u00ed slo\u017een\u00ed dovnit\u0159 i ven). <\/span><span style=\"vertical-align: inherit;\">K otev\u00edr\u00e1n\u00ed slou\u017e\u00ed decentn\u00ed <\/span><\/span><strong><span style=\"vertical-align: inherit;\"><span style=\"vertical-align: inherit;\">kovov\u00e1 rukoje\u0165.<\/span><\/span><\/strong><\/p>\n<p><span style=\"vertical-align: inherit;\"><span style=\"vertical-align: inherit;\">Dve\u0159e jsou <\/span><\/span><strong><span style=\"vertical-align: inherit;\"><span style=\"vertical-align: inherit;\">univerz\u00e1ln\u00ed<\/span><\/span><\/strong><span style=\"vertical-align: inherit;\"><span style=\"vertical-align: inherit;\"> &#8211; p\u0159i mont\u00e1\u017ei si zvol\u00edte otev\u00edr\u00e1n\u00ed doprava \u010di doleva. <\/span><span style=\"vertical-align: inherit;\">Profilov\u00e1 <\/span><\/span><strong><span style=\"vertical-align: inherit;\"><span style=\"vertical-align: inherit;\">li\u0161ta umo\u017e\u0148uje regulaci<\/span><\/span><\/strong><span style=\"vertical-align: inherit;\"><span style=\"vertical-align: inherit;\"> pro vyrovn\u00e1n\u00ed p\u0159\u00edpadn\u00fdch nerovnost\u00ed st\u011bn. <\/span><span style=\"vertical-align: inherit;\">Sprchov\u00e9 dve\u0159e lze nainstalovat <\/span><\/span><strong><span style=\"vertical-align: inherit;\"><span style=\"vertical-align: inherit;\">na sprchovou vani\u010dku nebo p\u0159\u00edmo na podlahu se \u017elabem. <\/span><\/span><\/strong><span style=\"vertical-align: inherit;\"><span style=\"vertical-align: inherit;\">\u00a0Vani\u010dka nen\u00ed sou\u010d\u00e1st\u00ed sprchov\u00fdch dve\u0159\u00ed. <\/span><\/span><strong><span style=\"vertical-align: inherit;\"><span style=\"vertical-align: inherit;\">Sprchov\u00e9 vani\u010dky, odtokov\u00e9 \u017elaby a dal\u0161\u00ed vybaven\u00ed koupelen m\u016f\u017eete<\/span><\/span><\/strong><span style=\"vertical-align: inherit;\"><span style=\"vertical-align: inherit;\"> dokoupit v na\u0161em eshopu.\u00a0<\/span><\/span><\/p>\n<div><strong><span><span style=\"vertical-align: inherit;\"><span style=\"vertical-align: inherit;\">V\u00fd\u0161ka dve\u0159\u00ed (A): 192 cm<\/span><\/span><\/span><\/strong><\/div>\n<div><strong><span><span style=\"vertical-align: inherit;\"><span style=\"vertical-align: inherit;\">N <\/span><\/span><\/span><\/strong><strong><span><span style=\"vertical-align: inherit;\"><span style=\"vertical-align: inherit;\">astaviteln\u00fd rozsah celkov\u00e9 \u0161\u00ed\u0159ky dve\u0159\u00ed (B): 89,3 &#8211; 90,8 cm<\/span><\/span><\/span><\/strong><br \/><span><\/span><\/div>\n<div><strong><span><span style=\"vertical-align: inherit;\"><span style=\"vertical-align: inherit;\">\u0160\u00ed\u0159ka skla \u010d\u00e1sti dve\u0159\u00ed (C): 40,3 cm<\/span><\/span><\/span><\/strong><\/div>\n<div>\n<div><strong><span><span style=\"vertical-align: inherit;\"><span style=\"vertical-align: inherit;\">\u0160\u00ed\u0159ka skla \u010d\u00e1sti dve\u0159\u00ed (D): 40,2 cm<\/span><\/span><\/span><\/strong><\/div>\n<\/p><\/div>\n<div><strong><span style=\"vertical-align: inherit;\"><span style=\"vertical-align: inherit;\">\u0160\u00ed\u0159ka vstupu (X): 82,5 cm<\/span><\/span><\/strong><span><\/span><\/div>\n<\/div><\/div>\n<\/p><\/div>\n<\/p><\/div>\n<\/p><\/div>\n","protected":false},"excerpt":{"rendered":"<p>Sprchov\u00e9 dve\u0159e MAXMAX LIMA 90 cm &#8211; zlat\u00e9 Skv\u011bl\u00e1 volba do ka\u017ed\u00e9 koupelny. Elegantn\u00ed sprchov\u00e9 dve\u0159e jsou vyrobeny z 6 mm tlust\u00e9ho tvrzen\u00e9ho \u010dir\u00e9ho skla. \u00a0Aplikovan\u00e1 povrchov\u00e1 \u00faprava zaji\u0161\u0165uje maxim\u00e1ln\u00ed komfort v\u0161em u\u017eivatel\u016fm. Tato technologie \u00a0vy\u017eaduje jedine\u010dn\u00e9 vlastnosti zabra\u0148uj\u00edc\u00ed zne\u010di\u0161t\u011bn\u00ed skla &#8211; povrch sta\u010d\u00ed pouze opl\u00e1chnout vodou. Dve\u0159e jsou uchyceny v hlin\u00edkov\u00e9m profilu se zlatou [&hellip;]<\/p>\n","protected":false},"featured_media":55407,"comment_status":"open","ping_status":"open","template":"","meta":[],"product_brand":[],"product_cat":[171],"product_tag":[],"class_list":{"0":"post-55307","1":"product","2":"type-product","3":"status-publish","4":"has-post-thumbnail","6":"product_cat-koupelna","8":"first","9":"instock","10":"sale","11":"shipping-taxable","12":"purchasable","13":"product-type-simple"},"yoast_head":"<!-- This site is optimized with the Yoast SEO plugin v26.8 - https:\/\/yoast.com\/product\/yoast-seo-wordpress\/ -->\n<title>Zna\u010dkov\u00fd Sprchov\u00e9 dve\u0159e MEXEN LIMA 90 cm - zlat\u00e9 -<\/title>\n<meta name=\"robots\" content=\"index, follow, max-snippet:-1, max-image-preview:large, max-video-preview:-1\" \/>\n<link rel=\"canonical\" href=\"https:\/\/www.domtechnikpro.com\/index.php\/produkt\/znackovy-sprchove-dvere-mexen-lima-90-cm-zlate-55307\/\" \/>\n<meta property=\"og:locale\" content=\"cs_CZ\" \/>\n<meta property=\"og:type\" content=\"article\" \/>\n<meta property=\"og:title\" content=\"Zna\u010dkov\u00fd Sprchov\u00e9 dve\u0159e MEXEN LIMA 90 cm - zlat\u00e9 -\" \/>\n<meta property=\"og:description\" content=\"Sprchov\u00e9 dve\u0159e MAXMAX LIMA 90 cm &#8211; zlat\u00e9 Skv\u011bl\u00e1 volba do ka\u017ed\u00e9 koupelny. Elegantn\u00ed sprchov\u00e9 dve\u0159e jsou vyrobeny z 6 mm tlust\u00e9ho tvrzen\u00e9ho \u010dir\u00e9ho skla. \u00a0Aplikovan\u00e1 povrchov\u00e1 \u00faprava zaji\u0161\u0165uje maxim\u00e1ln\u00ed komfort v\u0161em u\u017eivatel\u016fm. Tato technologie \u00a0vy\u017eaduje jedine\u010dn\u00e9 vlastnosti zabra\u0148uj\u00edc\u00ed zne\u010di\u0161t\u011bn\u00ed skla &#8211; povrch sta\u010d\u00ed pouze opl\u00e1chnout vodou. Dve\u0159e jsou uchyceny v hlin\u00edkov\u00e9m profilu se zlatou [&hellip;]\" \/>\n<meta property=\"og:url\" content=\"https:\/\/www.domtechnikpro.com\/index.php\/produkt\/znackovy-sprchove-dvere-mexen-lima-90-cm-zlate-55307\/\" \/>\n<meta property=\"og:image\" content=\"https:\/\/www.domtechnikpro.com\/wp-content\/uploads\/2026\/SK0002487-CZ20260425-093041-0-1777080643-lima-gold-dvere_t8j4-1b.webp\" \/>\n\t<meta property=\"og:image:width\" content=\"664\" \/>\n\t<meta property=\"og:image:height\" content=\"800\" \/>\n\t<meta property=\"og:image:type\" content=\"image\/webp\" \/>\n<meta name=\"twitter:card\" content=\"summary_large_image\" \/>\n<meta name=\"twitter:label1\" content=\"Odhadovan\u00e1 doba \u010dten\u00ed\" \/>\n\t<meta name=\"twitter:data1\" content=\"1 minuta\" \/>\n<script type=\"application\/ld+json\" class=\"yoast-schema-graph\">{\"@context\":\"https:\/\/schema.org\",\"@graph\":[{\"@type\":\"WebPage\",\"@id\":\"https:\/\/www.domtechnikpro.com\/index.php\/produkt\/znackovy-sprchove-dvere-mexen-lima-90-cm-zlate-55307\/\",\"url\":\"https:\/\/www.domtechnikpro.com\/index.php\/produkt\/znackovy-sprchove-dvere-mexen-lima-90-cm-zlate-55307\/\",\"name\":\"Zna\u010dkov\u00fd Sprchov\u00e9 dve\u0159e MEXEN LIMA 90 cm - zlat\u00e9 -\",\"isPartOf\":{\"@id\":\"https:\/\/www.domtechnikpro.com\/#website\"},\"primaryImageOfPage\":{\"@id\":\"https:\/\/www.domtechnikpro.com\/index.php\/produkt\/znackovy-sprchove-dvere-mexen-lima-90-cm-zlate-55307\/#primaryimage\"},\"image\":{\"@id\":\"https:\/\/www.domtechnikpro.com\/index.php\/produkt\/znackovy-sprchove-dvere-mexen-lima-90-cm-zlate-55307\/#primaryimage\"},\"thumbnailUrl\":\"https:\/\/www.domtechnikpro.com\/wp-content\/uploads\/2026\/SK0002487-CZ20260425-093041-0-1777080643-lima-gold-dvere_t8j4-1b.webp\",\"datePublished\":\"2026-04-26T09:01:48+00:00\",\"breadcrumb\":{\"@id\":\"https:\/\/www.domtechnikpro.com\/index.php\/produkt\/znackovy-sprchove-dvere-mexen-lima-90-cm-zlate-55307\/#breadcrumb\"},\"inLanguage\":\"cs\",\"potentialAction\":[{\"@type\":\"ReadAction\",\"target\":[\"https:\/\/www.domtechnikpro.com\/index.php\/produkt\/znackovy-sprchove-dvere-mexen-lima-90-cm-zlate-55307\/\"]}]},{\"@type\":\"ImageObject\",\"inLanguage\":\"cs\",\"@id\":\"https:\/\/www.domtechnikpro.com\/index.php\/produkt\/znackovy-sprchove-dvere-mexen-lima-90-cm-zlate-55307\/#primaryimage\",\"url\":\"https:\/\/www.domtechnikpro.com\/wp-content\/uploads\/2026\/SK0002487-CZ20260425-093041-0-1777080643-lima-gold-dvere_t8j4-1b.webp\",\"contentUrl\":\"https:\/\/www.domtechnikpro.com\/wp-content\/uploads\/2026\/SK0002487-CZ20260425-093041-0-1777080643-lima-gold-dvere_t8j4-1b.webp\",\"width\":664,\"height\":800},{\"@type\":\"BreadcrumbList\",\"@id\":\"https:\/\/www.domtechnikpro.com\/index.php\/produkt\/znackovy-sprchove-dvere-mexen-lima-90-cm-zlate-55307\/#breadcrumb\",\"itemListElement\":[{\"@type\":\"ListItem\",\"position\":1,\"name\":\"Home\",\"item\":\"https:\/\/www.domtechnikpro.com\/\"},{\"@type\":\"ListItem\",\"position\":2,\"name\":\"Products\",\"item\":\"https:\/\/www.domtechnikpro.com\/index.php\/products\/\"},{\"@type\":\"ListItem\",\"position\":3,\"name\":\"Zna\u010dkov\u00fd Sprchov\u00e9 dve\u0159e MEXEN LIMA 90 cm &#8211; zlat\u00e9\"}]},{\"@type\":\"WebSite\",\"@id\":\"https:\/\/www.domtechnikpro.com\/#website\",\"url\":\"https:\/\/www.domtechnikpro.com\/\",\"name\":\"\",\"description\":\"\",\"potentialAction\":[{\"@type\":\"SearchAction\",\"target\":{\"@type\":\"EntryPoint\",\"urlTemplate\":\"https:\/\/www.domtechnikpro.com\/?s={search_term_string}\"},\"query-input\":{\"@type\":\"PropertyValueSpecification\",\"valueRequired\":true,\"valueName\":\"search_term_string\"}}],\"inLanguage\":\"cs\"}]}<\/script>\n<!-- \/ Yoast SEO plugin. -->","yoast_head_json":{"title":"Zna\u010dkov\u00fd Sprchov\u00e9 dve\u0159e MEXEN LIMA 90 cm - zlat\u00e9 -","robots":{"index":"index","follow":"follow","max-snippet":"max-snippet:-1","max-image-preview":"max-image-preview:large","max-video-preview":"max-video-preview:-1"},"canonical":"https:\/\/www.domtechnikpro.com\/index.php\/produkt\/znackovy-sprchove-dvere-mexen-lima-90-cm-zlate-55307\/","og_locale":"cs_CZ","og_type":"article","og_title":"Zna\u010dkov\u00fd Sprchov\u00e9 dve\u0159e MEXEN LIMA 90 cm - zlat\u00e9 -","og_description":"Sprchov\u00e9 dve\u0159e MAXMAX LIMA 90 cm &#8211; zlat\u00e9 Skv\u011bl\u00e1 volba do ka\u017ed\u00e9 koupelny. Elegantn\u00ed sprchov\u00e9 dve\u0159e jsou vyrobeny z 6 mm tlust\u00e9ho tvrzen\u00e9ho \u010dir\u00e9ho skla. \u00a0Aplikovan\u00e1 povrchov\u00e1 \u00faprava zaji\u0161\u0165uje maxim\u00e1ln\u00ed komfort v\u0161em u\u017eivatel\u016fm. Tato technologie \u00a0vy\u017eaduje jedine\u010dn\u00e9 vlastnosti zabra\u0148uj\u00edc\u00ed zne\u010di\u0161t\u011bn\u00ed skla &#8211; povrch sta\u010d\u00ed pouze opl\u00e1chnout vodou. Dve\u0159e jsou uchyceny v hlin\u00edkov\u00e9m profilu se zlatou [&hellip;]","og_url":"https:\/\/www.domtechnikpro.com\/index.php\/produkt\/znackovy-sprchove-dvere-mexen-lima-90-cm-zlate-55307\/","og_image":[{"width":664,"height":800,"url":"https:\/\/www.domtechnikpro.com\/wp-content\/uploads\/2026\/SK0002487-CZ20260425-093041-0-1777080643-lima-gold-dvere_t8j4-1b.webp","type":"image\/webp"}],"twitter_card":"summary_large_image","twitter_misc":{"Odhadovan\u00e1 doba \u010dten\u00ed":"1 minuta"},"schema":{"@context":"https:\/\/schema.org","@graph":[{"@type":"WebPage","@id":"https:\/\/www.domtechnikpro.com\/index.php\/produkt\/znackovy-sprchove-dvere-mexen-lima-90-cm-zlate-55307\/","url":"https:\/\/www.domtechnikpro.com\/index.php\/produkt\/znackovy-sprchove-dvere-mexen-lima-90-cm-zlate-55307\/","name":"Zna\u010dkov\u00fd Sprchov\u00e9 dve\u0159e MEXEN LIMA 90 cm - zlat\u00e9 -","isPartOf":{"@id":"https:\/\/www.domtechnikpro.com\/#website"},"primaryImageOfPage":{"@id":"https:\/\/www.domtechnikpro.com\/index.php\/produkt\/znackovy-sprchove-dvere-mexen-lima-90-cm-zlate-55307\/#primaryimage"},"image":{"@id":"https:\/\/www.domtechnikpro.com\/index.php\/produkt\/znackovy-sprchove-dvere-mexen-lima-90-cm-zlate-55307\/#primaryimage"},"thumbnailUrl":"https:\/\/www.domtechnikpro.com\/wp-content\/uploads\/2026\/SK0002487-CZ20260425-093041-0-1777080643-lima-gold-dvere_t8j4-1b.webp","datePublished":"2026-04-26T09:01:48+00:00","breadcrumb":{"@id":"https:\/\/www.domtechnikpro.com\/index.php\/produkt\/znackovy-sprchove-dvere-mexen-lima-90-cm-zlate-55307\/#breadcrumb"},"inLanguage":"cs","potentialAction":[{"@type":"ReadAction","target":["https:\/\/www.domtechnikpro.com\/index.php\/produkt\/znackovy-sprchove-dvere-mexen-lima-90-cm-zlate-55307\/"]}]},{"@type":"ImageObject","inLanguage":"cs","@id":"https:\/\/www.domtechnikpro.com\/index.php\/produkt\/znackovy-sprchove-dvere-mexen-lima-90-cm-zlate-55307\/#primaryimage","url":"https:\/\/www.domtechnikpro.com\/wp-content\/uploads\/2026\/SK0002487-CZ20260425-093041-0-1777080643-lima-gold-dvere_t8j4-1b.webp","contentUrl":"https:\/\/www.domtechnikpro.com\/wp-content\/uploads\/2026\/SK0002487-CZ20260425-093041-0-1777080643-lima-gold-dvere_t8j4-1b.webp","width":664,"height":800},{"@type":"BreadcrumbList","@id":"https:\/\/www.domtechnikpro.com\/index.php\/produkt\/znackovy-sprchove-dvere-mexen-lima-90-cm-zlate-55307\/#breadcrumb","itemListElement":[{"@type":"ListItem","position":1,"name":"Home","item":"https:\/\/www.domtechnikpro.com\/"},{"@type":"ListItem","position":2,"name":"Products","item":"https:\/\/www.domtechnikpro.com\/index.php\/products\/"},{"@type":"ListItem","position":3,"name":"Zna\u010dkov\u00fd Sprchov\u00e9 dve\u0159e MEXEN LIMA 90 cm &#8211; zlat\u00e9"}]},{"@type":"WebSite","@id":"https:\/\/www.domtechnikpro.com\/#website","url":"https:\/\/www.domtechnikpro.com\/","name":"","description":"","potentialAction":[{"@type":"SearchAction","target":{"@type":"EntryPoint","urlTemplate":"https:\/\/www.domtechnikpro.com\/?s={search_term_string}"},"query-input":{"@type":"PropertyValueSpecification","valueRequired":true,"valueName":"search_term_string"}}],"inLanguage":"cs"}]}},"_links":{"self":[{"href":"https:\/\/www.domtechnikpro.com\/index.php\/wp-json\/wp\/v2\/product\/55307","targetHints":{"allow":["GET"]}}],"collection":[{"href":"https:\/\/www.domtechnikpro.com\/index.php\/wp-json\/wp\/v2\/product"}],"about":[{"href":"https:\/\/www.domtechnikpro.com\/index.php\/wp-json\/wp\/v2\/types\/product"}],"replies":[{"embeddable":true,"href":"https:\/\/www.domtechnikpro.com\/index.php\/wp-json\/wp\/v2\/comments?post=55307"}],"wp:featuredmedia":[{"embeddable":true,"href":"https:\/\/www.domtechnikpro.com\/index.php\/wp-json\/wp\/v2\/media\/55407"}],"wp:attachment":[{"href":"https:\/\/www.domtechnikpro.com\/index.php\/wp-json\/wp\/v2\/media?parent=55307"}],"wp:term":[{"taxonomy":"product_brand","embeddable":true,"href":"https:\/\/www.domtechnikpro.com\/index.php\/wp-json\/wp\/v2\/product_brand?post=55307"},{"taxonomy":"product_cat","embeddable":true,"href":"https:\/\/www.domtechnikpro.com\/index.php\/wp-json\/wp\/v2\/product_cat?post=55307"},{"taxonomy":"product_tag","embeddable":true,"href":"https:\/\/www.domtechnikpro.com\/index.php\/wp-json\/wp\/v2\/product_tag?post=55307"}],"curies":[{"name":"wp","href":"https:\/\/api.w.org\/{rel}","templated":true}]}}