{"id":52987,"date":"2026-04-26T09:01:21","date_gmt":"2026-04-26T09:01:21","guid":{"rendered":""},"modified":"2026-04-26T09:01:21","modified_gmt":"2026-04-26T09:01:21","slug":"sezonni-sleva-kuchynska-baterie-mexen-modena-cerna-671900-70-52987","status":"publish","type":"product","link":"https:\/\/www.domtechnikpro.com\/index.php\/produkt\/sezonni-sleva-kuchynska-baterie-mexen-modena-cerna-671900-70-52987\/","title":{"rendered":"Sez\u00f3nn\u00ed Sleva Kuchy\u0148sk\u00e1 baterie MEXEN MODENA &#8211; \u010dern\u00e1, 671900-70"},"content":{"rendered":"<div class=\"tabs__content-outer\" id=\"tab_description\" data-hash=\"description\" data-tabindex=\"-1\">\n<div class=\"tabs__content toggle_description\" id=\"content_description\">\n<div class=\"wysiwyg-content\">\n<div class=\"product__tab product__description full-width\">\n<div class=\"container\">\n<div >\n<h3>Kuchy\u0148sk\u00e1 baterie MODENA &#8211; \u010dern\u00e1<\/h3>\n<p><span>T\u011blo modern\u00ed vodovodn\u00ed baterie\u00a0je vyrobeno z <strong>mosazi<\/strong>, kter\u00e9 je pokryto <strong>vrstvou \u010dern\u00e9 matn\u00e9 barvy<\/strong>.\u00a0<\/span><span>Tato technika chr\u00e1n\u00ed baterii p\u0159ed po\u0161kr\u00e1b\u00e1n\u00edm a koroz\u00ed.\u00a0Baterie se hod\u00ed do ka\u017ed\u00e9 kuchyn\u011b a lze ji bez probl\u00e9mu kombinovat s keramikou i sklem. Syst\u00e9m uvnit\u0159 baterie efektivn\u011b <strong>provzdu\u0161\u0148uje vodu<\/strong>, co\u017e p\u0159in\u00e1\u0161\u00ed ni\u017e\u0161\u00ed spot\u0159ebu.\u00a0<\/span><span>Dod\u00e1v\u00e1no s t\u011bsn\u011bn\u00edm a mont\u00e1\u017en\u00edmi \u0161rouby.<\/span><\/p>\n<p><strong>Parametry:\u00a0<\/strong><\/p>\n<ul>\n<li>typ um\u00edst\u011bn\u00ed: stoj\u00e1nkov\u00e1\u00a0<\/li>\n<li>materi\u00e1l: mosaz, nerezov\u00e1 ocel\u00a0<\/li>\n<li>typ hlavy: keramick\u00e1\u00a0<\/li>\n<li>povrchov\u00e1 \u00faprava: \u010dern\u00e1 matn\u00e1\u00a0<\/li>\n<li>p\u0159ipojen\u00ed: 3\/8&#8243;\u00a0<\/li>\n<li>v\u00fd\u0161ka: 35,1 cm\u00a0<\/li>\n<\/ul>\n<\/div><\/div>\n<\/p><\/div>\n<\/p><\/div>\n<\/p><\/div>\n","protected":false},"excerpt":{"rendered":"<p>Kuchy\u0148sk\u00e1 baterie MODENA &#8211; \u010dern\u00e1 T\u011blo modern\u00ed vodovodn\u00ed baterie\u00a0je vyrobeno z mosazi, kter\u00e9 je pokryto vrstvou \u010dern\u00e9 matn\u00e9 barvy.\u00a0Tato technika chr\u00e1n\u00ed baterii p\u0159ed po\u0161kr\u00e1b\u00e1n\u00edm a koroz\u00ed.\u00a0Baterie se hod\u00ed do ka\u017ed\u00e9 kuchyn\u011b a lze ji bez probl\u00e9mu kombinovat s keramikou i sklem. Syst\u00e9m uvnit\u0159 baterie efektivn\u011b provzdu\u0161\u0148uje vodu, co\u017e p\u0159in\u00e1\u0161\u00ed ni\u017e\u0161\u00ed spot\u0159ebu.\u00a0Dod\u00e1v\u00e1no s t\u011bsn\u011bn\u00edm a mont\u00e1\u017en\u00edmi [&hellip;]<\/p>\n","protected":false},"featured_media":53087,"comment_status":"open","ping_status":"open","template":"","meta":[],"product_brand":[],"product_cat":[171],"product_tag":[],"class_list":{"0":"post-52987","1":"product","2":"type-product","3":"status-publish","4":"has-post-thumbnail","6":"product_cat-koupelna","8":"first","9":"instock","10":"sale","11":"shipping-taxable","12":"purchasable","13":"product-type-simple"},"yoast_head":"<!-- This site is optimized with the Yoast SEO plugin v26.8 - https:\/\/yoast.com\/product\/yoast-seo-wordpress\/ -->\n<title>Sez\u00f3nn\u00ed Sleva Kuchy\u0148sk\u00e1 baterie MEXEN MODENA - \u010dern\u00e1, 671900-70 -<\/title>\n<meta name=\"robots\" content=\"index, follow, max-snippet:-1, max-image-preview:large, max-video-preview:-1\" \/>\n<link rel=\"canonical\" href=\"https:\/\/www.domtechnikpro.com\/index.php\/produkt\/sezonni-sleva-kuchynska-baterie-mexen-modena-cerna-671900-70-52987\/\" \/>\n<meta property=\"og:locale\" content=\"cs_CZ\" \/>\n<meta property=\"og:type\" content=\"article\" \/>\n<meta property=\"og:title\" content=\"Sez\u00f3nn\u00ed Sleva Kuchy\u0148sk\u00e1 baterie MEXEN MODENA - \u010dern\u00e1, 671900-70 -\" \/>\n<meta property=\"og:description\" content=\"Kuchy\u0148sk\u00e1 baterie MODENA &#8211; \u010dern\u00e1 T\u011blo modern\u00ed vodovodn\u00ed baterie\u00a0je vyrobeno z mosazi, kter\u00e9 je pokryto vrstvou \u010dern\u00e9 matn\u00e9 barvy.\u00a0Tato technika chr\u00e1n\u00ed baterii p\u0159ed po\u0161kr\u00e1b\u00e1n\u00edm a koroz\u00ed.\u00a0Baterie se hod\u00ed do ka\u017ed\u00e9 kuchyn\u011b a lze ji bez probl\u00e9mu kombinovat s keramikou i sklem. Syst\u00e9m uvnit\u0159 baterie efektivn\u011b provzdu\u0161\u0148uje vodu, co\u017e p\u0159in\u00e1\u0161\u00ed ni\u017e\u0161\u00ed spot\u0159ebu.\u00a0Dod\u00e1v\u00e1no s t\u011bsn\u011bn\u00edm a mont\u00e1\u017en\u00edmi [&hellip;]\" \/>\n<meta property=\"og:url\" content=\"https:\/\/www.domtechnikpro.com\/index.php\/produkt\/sezonni-sleva-kuchynska-baterie-mexen-modena-cerna-671900-70-52987\/\" \/>\n<meta property=\"og:image\" content=\"https:\/\/www.domtechnikpro.com\/wp-content\/uploads\/2026\/SK0001360-CZ20260425-093041-0-1777080643-kuchynska-baterie-mexen-modena-cerna.webp\" \/>\n\t<meta property=\"og:image:width\" content=\"460\" \/>\n\t<meta property=\"og:image:height\" content=\"680\" \/>\n\t<meta property=\"og:image:type\" content=\"image\/webp\" \/>\n<meta name=\"twitter:card\" content=\"summary_large_image\" \/>\n<meta name=\"twitter:label1\" content=\"Odhadovan\u00e1 doba \u010dten\u00ed\" \/>\n\t<meta name=\"twitter:data1\" content=\"1 minuta\" \/>\n<script type=\"application\/ld+json\" class=\"yoast-schema-graph\">{\"@context\":\"https:\/\/schema.org\",\"@graph\":[{\"@type\":\"WebPage\",\"@id\":\"https:\/\/www.domtechnikpro.com\/index.php\/produkt\/sezonni-sleva-kuchynska-baterie-mexen-modena-cerna-671900-70-52987\/\",\"url\":\"https:\/\/www.domtechnikpro.com\/index.php\/produkt\/sezonni-sleva-kuchynska-baterie-mexen-modena-cerna-671900-70-52987\/\",\"name\":\"Sez\u00f3nn\u00ed Sleva Kuchy\u0148sk\u00e1 baterie MEXEN MODENA - \u010dern\u00e1, 671900-70 -\",\"isPartOf\":{\"@id\":\"https:\/\/www.domtechnikpro.com\/#website\"},\"primaryImageOfPage\":{\"@id\":\"https:\/\/www.domtechnikpro.com\/index.php\/produkt\/sezonni-sleva-kuchynska-baterie-mexen-modena-cerna-671900-70-52987\/#primaryimage\"},\"image\":{\"@id\":\"https:\/\/www.domtechnikpro.com\/index.php\/produkt\/sezonni-sleva-kuchynska-baterie-mexen-modena-cerna-671900-70-52987\/#primaryimage\"},\"thumbnailUrl\":\"https:\/\/www.domtechnikpro.com\/wp-content\/uploads\/2026\/SK0001360-CZ20260425-093041-0-1777080643-kuchynska-baterie-mexen-modena-cerna.webp\",\"datePublished\":\"2026-04-26T09:01:21+00:00\",\"breadcrumb\":{\"@id\":\"https:\/\/www.domtechnikpro.com\/index.php\/produkt\/sezonni-sleva-kuchynska-baterie-mexen-modena-cerna-671900-70-52987\/#breadcrumb\"},\"inLanguage\":\"cs\",\"potentialAction\":[{\"@type\":\"ReadAction\",\"target\":[\"https:\/\/www.domtechnikpro.com\/index.php\/produkt\/sezonni-sleva-kuchynska-baterie-mexen-modena-cerna-671900-70-52987\/\"]}]},{\"@type\":\"ImageObject\",\"inLanguage\":\"cs\",\"@id\":\"https:\/\/www.domtechnikpro.com\/index.php\/produkt\/sezonni-sleva-kuchynska-baterie-mexen-modena-cerna-671900-70-52987\/#primaryimage\",\"url\":\"https:\/\/www.domtechnikpro.com\/wp-content\/uploads\/2026\/SK0001360-CZ20260425-093041-0-1777080643-kuchynska-baterie-mexen-modena-cerna.webp\",\"contentUrl\":\"https:\/\/www.domtechnikpro.com\/wp-content\/uploads\/2026\/SK0001360-CZ20260425-093041-0-1777080643-kuchynska-baterie-mexen-modena-cerna.webp\",\"width\":460,\"height\":680},{\"@type\":\"BreadcrumbList\",\"@id\":\"https:\/\/www.domtechnikpro.com\/index.php\/produkt\/sezonni-sleva-kuchynska-baterie-mexen-modena-cerna-671900-70-52987\/#breadcrumb\",\"itemListElement\":[{\"@type\":\"ListItem\",\"position\":1,\"name\":\"Home\",\"item\":\"https:\/\/www.domtechnikpro.com\/\"},{\"@type\":\"ListItem\",\"position\":2,\"name\":\"Products\",\"item\":\"https:\/\/www.domtechnikpro.com\/index.php\/products\/\"},{\"@type\":\"ListItem\",\"position\":3,\"name\":\"Sez\u00f3nn\u00ed Sleva Kuchy\u0148sk\u00e1 baterie MEXEN MODENA &#8211; \u010dern\u00e1, 671900-70\"}]},{\"@type\":\"WebSite\",\"@id\":\"https:\/\/www.domtechnikpro.com\/#website\",\"url\":\"https:\/\/www.domtechnikpro.com\/\",\"name\":\"\",\"description\":\"\",\"potentialAction\":[{\"@type\":\"SearchAction\",\"target\":{\"@type\":\"EntryPoint\",\"urlTemplate\":\"https:\/\/www.domtechnikpro.com\/?s={search_term_string}\"},\"query-input\":{\"@type\":\"PropertyValueSpecification\",\"valueRequired\":true,\"valueName\":\"search_term_string\"}}],\"inLanguage\":\"cs\"}]}<\/script>\n<!-- \/ Yoast SEO plugin. -->","yoast_head_json":{"title":"Sez\u00f3nn\u00ed Sleva Kuchy\u0148sk\u00e1 baterie MEXEN MODENA - \u010dern\u00e1, 671900-70 -","robots":{"index":"index","follow":"follow","max-snippet":"max-snippet:-1","max-image-preview":"max-image-preview:large","max-video-preview":"max-video-preview:-1"},"canonical":"https:\/\/www.domtechnikpro.com\/index.php\/produkt\/sezonni-sleva-kuchynska-baterie-mexen-modena-cerna-671900-70-52987\/","og_locale":"cs_CZ","og_type":"article","og_title":"Sez\u00f3nn\u00ed Sleva Kuchy\u0148sk\u00e1 baterie MEXEN MODENA - \u010dern\u00e1, 671900-70 -","og_description":"Kuchy\u0148sk\u00e1 baterie MODENA &#8211; \u010dern\u00e1 T\u011blo modern\u00ed vodovodn\u00ed baterie\u00a0je vyrobeno z mosazi, kter\u00e9 je pokryto vrstvou \u010dern\u00e9 matn\u00e9 barvy.\u00a0Tato technika chr\u00e1n\u00ed baterii p\u0159ed po\u0161kr\u00e1b\u00e1n\u00edm a koroz\u00ed.\u00a0Baterie se hod\u00ed do ka\u017ed\u00e9 kuchyn\u011b a lze ji bez probl\u00e9mu kombinovat s keramikou i sklem. Syst\u00e9m uvnit\u0159 baterie efektivn\u011b provzdu\u0161\u0148uje vodu, co\u017e p\u0159in\u00e1\u0161\u00ed ni\u017e\u0161\u00ed spot\u0159ebu.\u00a0Dod\u00e1v\u00e1no s t\u011bsn\u011bn\u00edm a mont\u00e1\u017en\u00edmi [&hellip;]","og_url":"https:\/\/www.domtechnikpro.com\/index.php\/produkt\/sezonni-sleva-kuchynska-baterie-mexen-modena-cerna-671900-70-52987\/","og_image":[{"width":460,"height":680,"url":"https:\/\/www.domtechnikpro.com\/wp-content\/uploads\/2026\/SK0001360-CZ20260425-093041-0-1777080643-kuchynska-baterie-mexen-modena-cerna.webp","type":"image\/webp"}],"twitter_card":"summary_large_image","twitter_misc":{"Odhadovan\u00e1 doba \u010dten\u00ed":"1 minuta"},"schema":{"@context":"https:\/\/schema.org","@graph":[{"@type":"WebPage","@id":"https:\/\/www.domtechnikpro.com\/index.php\/produkt\/sezonni-sleva-kuchynska-baterie-mexen-modena-cerna-671900-70-52987\/","url":"https:\/\/www.domtechnikpro.com\/index.php\/produkt\/sezonni-sleva-kuchynska-baterie-mexen-modena-cerna-671900-70-52987\/","name":"Sez\u00f3nn\u00ed Sleva Kuchy\u0148sk\u00e1 baterie MEXEN MODENA - \u010dern\u00e1, 671900-70 -","isPartOf":{"@id":"https:\/\/www.domtechnikpro.com\/#website"},"primaryImageOfPage":{"@id":"https:\/\/www.domtechnikpro.com\/index.php\/produkt\/sezonni-sleva-kuchynska-baterie-mexen-modena-cerna-671900-70-52987\/#primaryimage"},"image":{"@id":"https:\/\/www.domtechnikpro.com\/index.php\/produkt\/sezonni-sleva-kuchynska-baterie-mexen-modena-cerna-671900-70-52987\/#primaryimage"},"thumbnailUrl":"https:\/\/www.domtechnikpro.com\/wp-content\/uploads\/2026\/SK0001360-CZ20260425-093041-0-1777080643-kuchynska-baterie-mexen-modena-cerna.webp","datePublished":"2026-04-26T09:01:21+00:00","breadcrumb":{"@id":"https:\/\/www.domtechnikpro.com\/index.php\/produkt\/sezonni-sleva-kuchynska-baterie-mexen-modena-cerna-671900-70-52987\/#breadcrumb"},"inLanguage":"cs","potentialAction":[{"@type":"ReadAction","target":["https:\/\/www.domtechnikpro.com\/index.php\/produkt\/sezonni-sleva-kuchynska-baterie-mexen-modena-cerna-671900-70-52987\/"]}]},{"@type":"ImageObject","inLanguage":"cs","@id":"https:\/\/www.domtechnikpro.com\/index.php\/produkt\/sezonni-sleva-kuchynska-baterie-mexen-modena-cerna-671900-70-52987\/#primaryimage","url":"https:\/\/www.domtechnikpro.com\/wp-content\/uploads\/2026\/SK0001360-CZ20260425-093041-0-1777080643-kuchynska-baterie-mexen-modena-cerna.webp","contentUrl":"https:\/\/www.domtechnikpro.com\/wp-content\/uploads\/2026\/SK0001360-CZ20260425-093041-0-1777080643-kuchynska-baterie-mexen-modena-cerna.webp","width":460,"height":680},{"@type":"BreadcrumbList","@id":"https:\/\/www.domtechnikpro.com\/index.php\/produkt\/sezonni-sleva-kuchynska-baterie-mexen-modena-cerna-671900-70-52987\/#breadcrumb","itemListElement":[{"@type":"ListItem","position":1,"name":"Home","item":"https:\/\/www.domtechnikpro.com\/"},{"@type":"ListItem","position":2,"name":"Products","item":"https:\/\/www.domtechnikpro.com\/index.php\/products\/"},{"@type":"ListItem","position":3,"name":"Sez\u00f3nn\u00ed Sleva Kuchy\u0148sk\u00e1 baterie MEXEN MODENA &#8211; \u010dern\u00e1, 671900-70"}]},{"@type":"WebSite","@id":"https:\/\/www.domtechnikpro.com\/#website","url":"https:\/\/www.domtechnikpro.com\/","name":"","description":"","potentialAction":[{"@type":"SearchAction","target":{"@type":"EntryPoint","urlTemplate":"https:\/\/www.domtechnikpro.com\/?s={search_term_string}"},"query-input":{"@type":"PropertyValueSpecification","valueRequired":true,"valueName":"search_term_string"}}],"inLanguage":"cs"}]}},"_links":{"self":[{"href":"https:\/\/www.domtechnikpro.com\/index.php\/wp-json\/wp\/v2\/product\/52987","targetHints":{"allow":["GET"]}}],"collection":[{"href":"https:\/\/www.domtechnikpro.com\/index.php\/wp-json\/wp\/v2\/product"}],"about":[{"href":"https:\/\/www.domtechnikpro.com\/index.php\/wp-json\/wp\/v2\/types\/product"}],"replies":[{"embeddable":true,"href":"https:\/\/www.domtechnikpro.com\/index.php\/wp-json\/wp\/v2\/comments?post=52987"}],"wp:featuredmedia":[{"embeddable":true,"href":"https:\/\/www.domtechnikpro.com\/index.php\/wp-json\/wp\/v2\/media\/53087"}],"wp:attachment":[{"href":"https:\/\/www.domtechnikpro.com\/index.php\/wp-json\/wp\/v2\/media?parent=52987"}],"wp:term":[{"taxonomy":"product_brand","embeddable":true,"href":"https:\/\/www.domtechnikpro.com\/index.php\/wp-json\/wp\/v2\/product_brand?post=52987"},{"taxonomy":"product_cat","embeddable":true,"href":"https:\/\/www.domtechnikpro.com\/index.php\/wp-json\/wp\/v2\/product_cat?post=52987"},{"taxonomy":"product_tag","embeddable":true,"href":"https:\/\/www.domtechnikpro.com\/index.php\/wp-json\/wp\/v2\/product_tag?post=52987"}],"curies":[{"name":"wp","href":"https:\/\/api.w.org\/{rel}","templated":true}]}}