{"id":50753,"date":"2026-04-26T09:00:54","date_gmt":"2026-04-26T09:00:54","guid":{"rendered":""},"modified":"2026-04-26T09:00:54","modified_gmt":"2026-04-26T09:00:54","slug":"zrcadlo-naturel-country-65x80-cm-palisandr-countryzrc65pa-rychle-dodani-50753","status":"publish","type":"product","link":"https:\/\/www.domtechnikpro.com\/index.php\/produkt\/zrcadlo-naturel-country-65x80-cm-palisandr-countryzrc65pa-rychle-dodani-50753\/","title":{"rendered":"Zrcadlo Naturel Country 65&#215;80 cm, palisandr, COUNTRYZRC65PA Rychl\u00e9 Dod\u00e1n\u00ed"},"content":{"rendered":"<div class=\"basic-description\">\n<p><span style=\"font-family: 'times new roman', times; font-size: 12pt;\">Materi\u00e1l: masiv d\u0159evo<\/span><\/p>\n<p><span style=\"font-family: 'times new roman', times; font-size: 12pt;\">Barva: palisandr<\/span><\/p>\n<p><span style=\"font-family: 'times new roman', times; font-size: 12pt;\">Orientace: <strong>na v\u00fd\u0161ku i na \u0161\u00ed\u0159ku<\/strong><\/span><\/p>\n<p><span style=\"font-family: 'times new roman', times; font-size: 12pt;\">\u0160\u00ed\u0159ka: 65 cm<\/span><\/p>\n<p><span style=\"font-family: 'times new roman', times; font-size: 12pt;\">V\u00fd\u0161ka: 80 cm<\/span><\/p>\n<p><span style=\"font-family: 'times new roman', times; font-size: 12pt;\">Zrcadlo je vyroben\u00e9 z\u00a0m\u011bkk\u00e9ho masivn\u00edho d\u0159eva \u2013 smrku, upraven\u00e9ho\u00a0dr\u00e1s\u00e1n\u00edm. Mo\u017enost zav\u011b\u0161en\u00ed na \u0161\u00ed\u0159ku i na v\u00fd\u0161ku.<\/span><\/p>\n<p><span style=\"font-family: 'times new roman', times; font-size: 12pt;\">Jedn\u00e1 se o p\u0159\u00edrodn\u00ed materi\u00e1l s\u00a0origin\u00e1ln\u00edm vzhledem u ka\u017ed\u00e9ho kusu, co se vzhledu (kresby) d\u0159eva t\u00fdk\u00e1. P\u0159\u00edpustn\u00e9 vady jsou pouze zarostl\u00e9 suky, p\u0159\u00edpadn\u011b vyschl\u00e9 smoln\u00edky.<\/span><\/p>\n<p><span style=\"font-family: 'times new roman', times; font-size: 12pt;\">Dr\u00e1s\u00e1n\u00ed je technologick\u00fd proces, p\u0159i kter\u00e9m doch\u00e1z\u00ed k odstran\u011bn\u00ed m\u011bk\u010d\u00edch struktur z opracovan\u00e9 plochy d\u0159eva, d\u00edky \u010demu\u017e vznik\u00e1 reli\u00e9fn\u00ed povrch.<\/span><\/p>\n<p><span style=\"font-family: 'times new roman', times; font-size: 12pt;\">N\u00e1t\u011bry:<\/span><\/p>\n<ul>\n<li><span style=\"font-family: 'times new roman', times; font-size: 12pt;\">Z\u00e1kladn\u00ed n\u00e1t\u011br je proveden pomoc\u00ed venkovn\u00edho oleje na d\u0159evo v odst\u00ednu palisandr. Tento n\u00e1t\u011br slou\u017e\u00ed k hloubkov\u00e9 penetraci materi\u00e1lu, co\u017e zvy\u0161uje odolnost d\u0159eva v\u016f\u010di vod\u011b.<\/span><\/li>\n<li><span style=\"font-family: 'times new roman', times; font-size: 12pt;\">Dvojit\u00fd vrchn\u00ed n\u00e1t\u011br prov\u00e1d\u00edme p\u0159\u00edrodn\u00edm tvrdovoskov\u00fdm olejem. Tento siln\u011b vodoodpudiv\u00fd n\u00e1t\u011br je po zaschnut\u00ed nete\u010dn\u00fd v\u016f\u010di lidem i zv\u00ed\u0159at\u016fm.<\/span><\/li>\n<\/ul>\n<p><span style=\"font-family: 'times new roman', times; font-size: 12pt;\">D\u0159evo nesm\u00ed b\u00fdt dlouhodob\u011b vystaveno stojat\u00e9 vod\u011b!<\/span><\/p>\n<p><span style=\"font-family: 'times new roman', times; font-size: 12pt;\">\u00dadr\u017eba: ot\u00edrat doporu\u010dujeme pouze lehce navlh\u010den\u00fdm had\u0159\u00edkem. Po n\u011bjak\u00e9m \u010dase je mo\u017eno pou\u017e\u00edt k o\u0161et\u0159en\u00ed n\u00e1t\u011bru m\u00fddlov\u00fd roztok.<\/span><\/p>\n<\/p><\/div>\n<\/p><\/div>\n<\/p><\/div>\n","protected":false},"excerpt":{"rendered":"<p>Materi\u00e1l: masiv d\u0159evo Barva: palisandr Orientace: na v\u00fd\u0161ku i na \u0161\u00ed\u0159ku \u0160\u00ed\u0159ka: 65 cm V\u00fd\u0161ka: 80 cm Zrcadlo je vyroben\u00e9 z\u00a0m\u011bkk\u00e9ho masivn\u00edho d\u0159eva \u2013 smrku, upraven\u00e9ho\u00a0dr\u00e1s\u00e1n\u00edm. Mo\u017enost zav\u011b\u0161en\u00ed na \u0161\u00ed\u0159ku i na v\u00fd\u0161ku. Jedn\u00e1 se o p\u0159\u00edrodn\u00ed materi\u00e1l s\u00a0origin\u00e1ln\u00edm vzhledem u ka\u017ed\u00e9ho kusu, co se vzhledu (kresby) d\u0159eva t\u00fdk\u00e1. P\u0159\u00edpustn\u00e9 vady jsou pouze zarostl\u00e9 suky, [&hellip;]<\/p>\n","protected":false},"featured_media":50853,"comment_status":"open","ping_status":"open","template":"","meta":[],"product_brand":[],"product_cat":[147],"product_tag":[],"class_list":{"0":"post-50753","1":"product","2":"type-product","3":"status-publish","4":"has-post-thumbnail","6":"product_cat-koupelnovy-nabytek","8":"first","9":"instock","10":"sale","11":"shipping-taxable","12":"purchasable","13":"product-type-simple"},"yoast_head":"<!-- This site is optimized with the Yoast SEO plugin v26.8 - https:\/\/yoast.com\/product\/yoast-seo-wordpress\/ -->\n<title>Zrcadlo Naturel Country 65x80 cm, palisandr, COUNTRYZRC65PA Rychl\u00e9 Dod\u00e1n\u00ed -<\/title>\n<meta name=\"robots\" content=\"index, follow, max-snippet:-1, max-image-preview:large, max-video-preview:-1\" \/>\n<link rel=\"canonical\" href=\"https:\/\/www.domtechnikpro.com\/index.php\/produkt\/zrcadlo-naturel-country-65x80-cm-palisandr-countryzrc65pa-rychle-dodani-50753\/\" \/>\n<meta property=\"og:locale\" content=\"cs_CZ\" \/>\n<meta property=\"og:type\" content=\"article\" \/>\n<meta property=\"og:title\" content=\"Zrcadlo Naturel Country 65x80 cm, palisandr, COUNTRYZRC65PA Rychl\u00e9 Dod\u00e1n\u00ed -\" \/>\n<meta property=\"og:description\" content=\"Materi\u00e1l: masiv d\u0159evo Barva: palisandr Orientace: na v\u00fd\u0161ku i na \u0161\u00ed\u0159ku \u0160\u00ed\u0159ka: 65 cm V\u00fd\u0161ka: 80 cm Zrcadlo je vyroben\u00e9 z\u00a0m\u011bkk\u00e9ho masivn\u00edho d\u0159eva \u2013 smrku, upraven\u00e9ho\u00a0dr\u00e1s\u00e1n\u00edm. Mo\u017enost zav\u011b\u0161en\u00ed na \u0161\u00ed\u0159ku i na v\u00fd\u0161ku. Jedn\u00e1 se o p\u0159\u00edrodn\u00ed materi\u00e1l s\u00a0origin\u00e1ln\u00edm vzhledem u ka\u017ed\u00e9ho kusu, co se vzhledu (kresby) d\u0159eva t\u00fdk\u00e1. P\u0159\u00edpustn\u00e9 vady jsou pouze zarostl\u00e9 suky, [&hellip;]\" \/>\n<meta property=\"og:url\" content=\"https:\/\/www.domtechnikpro.com\/index.php\/produkt\/zrcadlo-naturel-country-65x80-cm-palisandr-countryzrc65pa-rychle-dodani-50753\/\" \/>\n<meta property=\"og:image\" content=\"https:\/\/www.domtechnikpro.com\/wp-content\/uploads\/2026\/SK0002047-CZ20260425-092934-0-1777080574-66536-2_im-1200-countryzrc65pa-002.webp\" \/>\n\t<meta property=\"og:image:width\" content=\"533\" \/>\n\t<meta property=\"og:image:height\" content=\"800\" \/>\n\t<meta property=\"og:image:type\" content=\"image\/webp\" \/>\n<meta name=\"twitter:card\" content=\"summary_large_image\" \/>\n<meta name=\"twitter:label1\" content=\"Odhadovan\u00e1 doba \u010dten\u00ed\" \/>\n\t<meta name=\"twitter:data1\" content=\"1 minuta\" \/>\n<script type=\"application\/ld+json\" class=\"yoast-schema-graph\">{\"@context\":\"https:\/\/schema.org\",\"@graph\":[{\"@type\":\"WebPage\",\"@id\":\"https:\/\/www.domtechnikpro.com\/index.php\/produkt\/zrcadlo-naturel-country-65x80-cm-palisandr-countryzrc65pa-rychle-dodani-50753\/\",\"url\":\"https:\/\/www.domtechnikpro.com\/index.php\/produkt\/zrcadlo-naturel-country-65x80-cm-palisandr-countryzrc65pa-rychle-dodani-50753\/\",\"name\":\"Zrcadlo Naturel Country 65x80 cm, palisandr, COUNTRYZRC65PA Rychl\u00e9 Dod\u00e1n\u00ed -\",\"isPartOf\":{\"@id\":\"https:\/\/www.domtechnikpro.com\/#website\"},\"primaryImageOfPage\":{\"@id\":\"https:\/\/www.domtechnikpro.com\/index.php\/produkt\/zrcadlo-naturel-country-65x80-cm-palisandr-countryzrc65pa-rychle-dodani-50753\/#primaryimage\"},\"image\":{\"@id\":\"https:\/\/www.domtechnikpro.com\/index.php\/produkt\/zrcadlo-naturel-country-65x80-cm-palisandr-countryzrc65pa-rychle-dodani-50753\/#primaryimage\"},\"thumbnailUrl\":\"https:\/\/www.domtechnikpro.com\/wp-content\/uploads\/2026\/SK0002047-CZ20260425-092934-0-1777080574-66536-2_im-1200-countryzrc65pa-002.webp\",\"datePublished\":\"2026-04-26T09:00:54+00:00\",\"breadcrumb\":{\"@id\":\"https:\/\/www.domtechnikpro.com\/index.php\/produkt\/zrcadlo-naturel-country-65x80-cm-palisandr-countryzrc65pa-rychle-dodani-50753\/#breadcrumb\"},\"inLanguage\":\"cs\",\"potentialAction\":[{\"@type\":\"ReadAction\",\"target\":[\"https:\/\/www.domtechnikpro.com\/index.php\/produkt\/zrcadlo-naturel-country-65x80-cm-palisandr-countryzrc65pa-rychle-dodani-50753\/\"]}]},{\"@type\":\"ImageObject\",\"inLanguage\":\"cs\",\"@id\":\"https:\/\/www.domtechnikpro.com\/index.php\/produkt\/zrcadlo-naturel-country-65x80-cm-palisandr-countryzrc65pa-rychle-dodani-50753\/#primaryimage\",\"url\":\"https:\/\/www.domtechnikpro.com\/wp-content\/uploads\/2026\/SK0002047-CZ20260425-092934-0-1777080574-66536-2_im-1200-countryzrc65pa-002.webp\",\"contentUrl\":\"https:\/\/www.domtechnikpro.com\/wp-content\/uploads\/2026\/SK0002047-CZ20260425-092934-0-1777080574-66536-2_im-1200-countryzrc65pa-002.webp\",\"width\":533,\"height\":800},{\"@type\":\"BreadcrumbList\",\"@id\":\"https:\/\/www.domtechnikpro.com\/index.php\/produkt\/zrcadlo-naturel-country-65x80-cm-palisandr-countryzrc65pa-rychle-dodani-50753\/#breadcrumb\",\"itemListElement\":[{\"@type\":\"ListItem\",\"position\":1,\"name\":\"Home\",\"item\":\"https:\/\/www.domtechnikpro.com\/\"},{\"@type\":\"ListItem\",\"position\":2,\"name\":\"Products\",\"item\":\"https:\/\/www.domtechnikpro.com\/index.php\/products\/\"},{\"@type\":\"ListItem\",\"position\":3,\"name\":\"Zrcadlo Naturel Country 65&#215;80 cm, palisandr, COUNTRYZRC65PA Rychl\u00e9 Dod\u00e1n\u00ed\"}]},{\"@type\":\"WebSite\",\"@id\":\"https:\/\/www.domtechnikpro.com\/#website\",\"url\":\"https:\/\/www.domtechnikpro.com\/\",\"name\":\"\",\"description\":\"\",\"potentialAction\":[{\"@type\":\"SearchAction\",\"target\":{\"@type\":\"EntryPoint\",\"urlTemplate\":\"https:\/\/www.domtechnikpro.com\/?s={search_term_string}\"},\"query-input\":{\"@type\":\"PropertyValueSpecification\",\"valueRequired\":true,\"valueName\":\"search_term_string\"}}],\"inLanguage\":\"cs\"}]}<\/script>\n<!-- \/ Yoast SEO plugin. -->","yoast_head_json":{"title":"Zrcadlo Naturel Country 65x80 cm, palisandr, COUNTRYZRC65PA Rychl\u00e9 Dod\u00e1n\u00ed -","robots":{"index":"index","follow":"follow","max-snippet":"max-snippet:-1","max-image-preview":"max-image-preview:large","max-video-preview":"max-video-preview:-1"},"canonical":"https:\/\/www.domtechnikpro.com\/index.php\/produkt\/zrcadlo-naturel-country-65x80-cm-palisandr-countryzrc65pa-rychle-dodani-50753\/","og_locale":"cs_CZ","og_type":"article","og_title":"Zrcadlo Naturel Country 65x80 cm, palisandr, COUNTRYZRC65PA Rychl\u00e9 Dod\u00e1n\u00ed -","og_description":"Materi\u00e1l: masiv d\u0159evo Barva: palisandr Orientace: na v\u00fd\u0161ku i na \u0161\u00ed\u0159ku \u0160\u00ed\u0159ka: 65 cm V\u00fd\u0161ka: 80 cm Zrcadlo je vyroben\u00e9 z\u00a0m\u011bkk\u00e9ho masivn\u00edho d\u0159eva \u2013 smrku, upraven\u00e9ho\u00a0dr\u00e1s\u00e1n\u00edm. Mo\u017enost zav\u011b\u0161en\u00ed na \u0161\u00ed\u0159ku i na v\u00fd\u0161ku. Jedn\u00e1 se o p\u0159\u00edrodn\u00ed materi\u00e1l s\u00a0origin\u00e1ln\u00edm vzhledem u ka\u017ed\u00e9ho kusu, co se vzhledu (kresby) d\u0159eva t\u00fdk\u00e1. P\u0159\u00edpustn\u00e9 vady jsou pouze zarostl\u00e9 suky, [&hellip;]","og_url":"https:\/\/www.domtechnikpro.com\/index.php\/produkt\/zrcadlo-naturel-country-65x80-cm-palisandr-countryzrc65pa-rychle-dodani-50753\/","og_image":[{"width":533,"height":800,"url":"https:\/\/www.domtechnikpro.com\/wp-content\/uploads\/2026\/SK0002047-CZ20260425-092934-0-1777080574-66536-2_im-1200-countryzrc65pa-002.webp","type":"image\/webp"}],"twitter_card":"summary_large_image","twitter_misc":{"Odhadovan\u00e1 doba \u010dten\u00ed":"1 minuta"},"schema":{"@context":"https:\/\/schema.org","@graph":[{"@type":"WebPage","@id":"https:\/\/www.domtechnikpro.com\/index.php\/produkt\/zrcadlo-naturel-country-65x80-cm-palisandr-countryzrc65pa-rychle-dodani-50753\/","url":"https:\/\/www.domtechnikpro.com\/index.php\/produkt\/zrcadlo-naturel-country-65x80-cm-palisandr-countryzrc65pa-rychle-dodani-50753\/","name":"Zrcadlo Naturel Country 65x80 cm, palisandr, COUNTRYZRC65PA Rychl\u00e9 Dod\u00e1n\u00ed -","isPartOf":{"@id":"https:\/\/www.domtechnikpro.com\/#website"},"primaryImageOfPage":{"@id":"https:\/\/www.domtechnikpro.com\/index.php\/produkt\/zrcadlo-naturel-country-65x80-cm-palisandr-countryzrc65pa-rychle-dodani-50753\/#primaryimage"},"image":{"@id":"https:\/\/www.domtechnikpro.com\/index.php\/produkt\/zrcadlo-naturel-country-65x80-cm-palisandr-countryzrc65pa-rychle-dodani-50753\/#primaryimage"},"thumbnailUrl":"https:\/\/www.domtechnikpro.com\/wp-content\/uploads\/2026\/SK0002047-CZ20260425-092934-0-1777080574-66536-2_im-1200-countryzrc65pa-002.webp","datePublished":"2026-04-26T09:00:54+00:00","breadcrumb":{"@id":"https:\/\/www.domtechnikpro.com\/index.php\/produkt\/zrcadlo-naturel-country-65x80-cm-palisandr-countryzrc65pa-rychle-dodani-50753\/#breadcrumb"},"inLanguage":"cs","potentialAction":[{"@type":"ReadAction","target":["https:\/\/www.domtechnikpro.com\/index.php\/produkt\/zrcadlo-naturel-country-65x80-cm-palisandr-countryzrc65pa-rychle-dodani-50753\/"]}]},{"@type":"ImageObject","inLanguage":"cs","@id":"https:\/\/www.domtechnikpro.com\/index.php\/produkt\/zrcadlo-naturel-country-65x80-cm-palisandr-countryzrc65pa-rychle-dodani-50753\/#primaryimage","url":"https:\/\/www.domtechnikpro.com\/wp-content\/uploads\/2026\/SK0002047-CZ20260425-092934-0-1777080574-66536-2_im-1200-countryzrc65pa-002.webp","contentUrl":"https:\/\/www.domtechnikpro.com\/wp-content\/uploads\/2026\/SK0002047-CZ20260425-092934-0-1777080574-66536-2_im-1200-countryzrc65pa-002.webp","width":533,"height":800},{"@type":"BreadcrumbList","@id":"https:\/\/www.domtechnikpro.com\/index.php\/produkt\/zrcadlo-naturel-country-65x80-cm-palisandr-countryzrc65pa-rychle-dodani-50753\/#breadcrumb","itemListElement":[{"@type":"ListItem","position":1,"name":"Home","item":"https:\/\/www.domtechnikpro.com\/"},{"@type":"ListItem","position":2,"name":"Products","item":"https:\/\/www.domtechnikpro.com\/index.php\/products\/"},{"@type":"ListItem","position":3,"name":"Zrcadlo Naturel Country 65&#215;80 cm, palisandr, COUNTRYZRC65PA Rychl\u00e9 Dod\u00e1n\u00ed"}]},{"@type":"WebSite","@id":"https:\/\/www.domtechnikpro.com\/#website","url":"https:\/\/www.domtechnikpro.com\/","name":"","description":"","potentialAction":[{"@type":"SearchAction","target":{"@type":"EntryPoint","urlTemplate":"https:\/\/www.domtechnikpro.com\/?s={search_term_string}"},"query-input":{"@type":"PropertyValueSpecification","valueRequired":true,"valueName":"search_term_string"}}],"inLanguage":"cs"}]}},"_links":{"self":[{"href":"https:\/\/www.domtechnikpro.com\/index.php\/wp-json\/wp\/v2\/product\/50753","targetHints":{"allow":["GET"]}}],"collection":[{"href":"https:\/\/www.domtechnikpro.com\/index.php\/wp-json\/wp\/v2\/product"}],"about":[{"href":"https:\/\/www.domtechnikpro.com\/index.php\/wp-json\/wp\/v2\/types\/product"}],"replies":[{"embeddable":true,"href":"https:\/\/www.domtechnikpro.com\/index.php\/wp-json\/wp\/v2\/comments?post=50753"}],"wp:featuredmedia":[{"embeddable":true,"href":"https:\/\/www.domtechnikpro.com\/index.php\/wp-json\/wp\/v2\/media\/50853"}],"wp:attachment":[{"href":"https:\/\/www.domtechnikpro.com\/index.php\/wp-json\/wp\/v2\/media?parent=50753"}],"wp:term":[{"taxonomy":"product_brand","embeddable":true,"href":"https:\/\/www.domtechnikpro.com\/index.php\/wp-json\/wp\/v2\/product_brand?post=50753"},{"taxonomy":"product_cat","embeddable":true,"href":"https:\/\/www.domtechnikpro.com\/index.php\/wp-json\/wp\/v2\/product_cat?post=50753"},{"taxonomy":"product_tag","embeddable":true,"href":"https:\/\/www.domtechnikpro.com\/index.php\/wp-json\/wp\/v2\/product_tag?post=50753"}],"curies":[{"name":"wp","href":"https:\/\/api.w.org\/{rel}","templated":true}]}}