{"id":48134,"date":"2026-04-26T09:00:21","date_gmt":"2026-04-26T09:00:21","guid":{"rendered":""},"modified":"2026-04-26T09:00:21","modified_gmt":"2026-04-26T09:00:21","slug":"znackovy-sapho-tabella-otopne-teleso-490x1190-mm-bila-mat-mi1149-48134","status":"publish","type":"product","link":"https:\/\/www.domtechnikpro.com\/index.php\/produkt\/znackovy-sapho-tabella-otopne-teleso-490x1190-mm-bila-mat-mi1149-48134\/","title":{"rendered":"Zna\u010dkov\u00fd Sapho TABELLA otopn\u00e9 t\u011bleso 490&#215;1190 mm, b\u00edl\u00e1 mat, MI1149"},"content":{"rendered":"<div class=\"basic-description\">\n<div class=\"product-explanation-list\">\n<div class=\"product-explanation-item\">\n<h3><span style=\"font-size: 14pt;\">\u00dast\u0159edn\u00ed vyt\u00e1p\u011bn\u00ed<\/span><\/h3>\n<div><\/div>\n<p>V p\u0159\u00edpad\u011b \u00fast\u0159edn\u00edho vyt\u00e1p\u011bn\u00ed je d\u016fle\u017eit\u00fd v\u00fdb\u011br p\u0159ipojovac\u00ed sady ventil\u016f. Na v\u00fdb\u011br je pou\u017eit\u00ed ru\u010dn\u00edho ventilu nebo ventilu s&nbsp;termostatickou hlavic\u00ed.<\/p>\n<p><strong>Ru\u010dn\u00ed ventil:<\/strong><span>&nbsp;<\/span>Ovl\u00e1dac\u00ed<span>&nbsp;<\/span><strong>hlavice ventilu lze instalovat na levou \/ pravou stranu<\/strong><span>&nbsp;<\/span><strong>bez ohledu na m\u00edsto p\u0159\u00edvodu tepl\u00e9 vody.<\/strong><span>&nbsp;<\/span>Ovl\u00e1d\u00e1n\u00ed regulace teploty je manu\u00e1ln\u00ed.<br \/><strong>Ventil s&nbsp;termostatickou hlavic\u00ed:<\/strong><span>&nbsp;<\/span>Integrovan\u00fd termostat udr\u017euje nastavenou teplotu okol\u00ed.<span>&nbsp;<\/span><strong>Termostatick\u00e1 hlavice mus\u00ed b\u00fdt v&nbsp;m\u00edst\u011b p\u0159\u00edvodu tepl\u00e9 vody (mimo MONO ONE).<\/strong><\/p>\n<p>N\u00e1mi nab\u00edzen\u00e9 p\u0159ipojovac\u00ed ventily jsou dod\u00e1v\u00e1ny v\u010detn\u011b sv\u011brn\u00e9ho \u0161rouben\u00ed na nejb\u011b\u017en\u011bj\u0161\u00ed potrub\u00ed (\u00d815 mm Cu a&nbsp;\u00d816 mm Alupex), pro dopojen\u00ed tak nen\u00ed t\u0159eba nic dokupovat. Pro zakryt\u00ed p\u0159\u00edvodn\u00edch trubek a&nbsp;otvor\u016f ve zdi doporu\u010dujeme p\u0159ikoupit kryc\u00ed rozety.<\/p>\n<div><strong>Topen\u00ed s&nbsp;p\u0159ipojovac\u00ed rozte\u010d\u00ed 50 mm<\/strong><\/div>\n<div><strong>Topen\u00ed s&nbsp;bo\u010dn\u00edm p\u0159ipojen\u00edm<\/strong><\/div>\n<div><strong>Topen\u00ed s&nbsp;jednobodov\u00fdm p\u0159ipojen\u00edm<\/strong><\/div>\n<div><span style=\"font-family: var(--template-headings-font),sans-serif; font-size: 14pt; font-weight: bold;\">Popis<\/span><\/div>\n<\/div>\n<\/div>\n<p>&nbsp;<\/p>\n<ul>\n<li>Doporu\u010dujeme dokoupit dr\u017e\u00e1ky ru\u010dn\u00edk\u016f z&nbsp;brou\u0161en\u00e9 nerez oceli. Na jeden radi\u00e1tor je mo\u017eno pou\u017e\u00edt 2 dr\u017e\u00e1ky ru\u010dn\u00edk\u016f.<\/li>\n<\/ul>\n<p>&nbsp;<\/p>\n<h2><span style=\"font-size: 14pt;\">Popis s\u00e9rie<\/span><\/h2>\n<p>Origin\u00e1ln\u00ed, v\u00fdjime\u010dn\u011b ultra tenk\u00e9 radi\u00e1tory kr\u00e1sn\u00fdch elegantn\u00edch tvar\u016f budou nejen zdrojem tepla, ale i&nbsp;designov\u00fdm prvkem koupelny. Radi\u00e1tor je vyroben z&nbsp;uhl\u00edkov\u00e9 oceli o&nbsp;tlou\u0161\u0165ce 10 mm.&nbsp;S p\u0159ipojen\u00edm na okruh \u00fast\u0159edn\u00edho vyt\u00e1p\u011bn\u00ed, se st\u0159edov\u00fdm p\u0159ipojen\u00edm 50 mm.<\/p>\n<ul>\n<li><span>Topn\u00e9 t\u011bleso doporu\u010dujeme doplnit o&nbsp;praktick\u00e9 dr\u017e\u00e1ky ru\u010dn\u00edk\u016f z&nbsp;brou\u0161en\u00e9 oceli, kter\u00e9 jsou k&nbsp;dokoupen\u00ed<\/span><\/li>\n<li>P\u0159ipojovac\u00ed ventily nejsou sou\u010d\u00e1st\u00ed balen\u00ed<\/li>\n<\/ul><\/div>\n<\/p><\/div>\n<\/p><\/div>\n","protected":false},"excerpt":{"rendered":"<p>\u00dast\u0159edn\u00ed vyt\u00e1p\u011bn\u00ed V p\u0159\u00edpad\u011b \u00fast\u0159edn\u00edho vyt\u00e1p\u011bn\u00ed je d\u016fle\u017eit\u00fd v\u00fdb\u011br p\u0159ipojovac\u00ed sady ventil\u016f. Na v\u00fdb\u011br je pou\u017eit\u00ed ru\u010dn\u00edho ventilu nebo ventilu s&nbsp;termostatickou hlavic\u00ed. Ru\u010dn\u00ed ventil:&nbsp;Ovl\u00e1dac\u00ed&nbsp;hlavice ventilu lze instalovat na levou \/ pravou stranu&nbsp;bez ohledu na m\u00edsto p\u0159\u00edvodu tepl\u00e9 vody.&nbsp;Ovl\u00e1d\u00e1n\u00ed regulace teploty je manu\u00e1ln\u00ed.Ventil s&nbsp;termostatickou hlavic\u00ed:&nbsp;Integrovan\u00fd termostat udr\u017euje nastavenou teplotu okol\u00ed.&nbsp;Termostatick\u00e1 hlavice mus\u00ed b\u00fdt v&nbsp;m\u00edst\u011b p\u0159\u00edvodu tepl\u00e9 [&hellip;]<\/p>\n","protected":false},"featured_media":48234,"comment_status":"open","ping_status":"open","template":"","meta":[],"product_brand":[],"product_cat":[168],"product_tag":[],"class_list":{"0":"post-48134","1":"product","2":"type-product","3":"status-publish","4":"has-post-thumbnail","6":"product_cat-vybaveni-koupelny","8":"first","9":"instock","10":"sale","11":"shipping-taxable","12":"purchasable","13":"product-type-simple"},"yoast_head":"<!-- This site is optimized with the Yoast SEO plugin v26.8 - https:\/\/yoast.com\/product\/yoast-seo-wordpress\/ -->\n<title>Zna\u010dkov\u00fd Sapho TABELLA otopn\u00e9 t\u011bleso 490x1190 mm, b\u00edl\u00e1 mat, MI1149 -<\/title>\n<meta name=\"robots\" content=\"index, follow, max-snippet:-1, max-image-preview:large, max-video-preview:-1\" \/>\n<link rel=\"canonical\" href=\"https:\/\/www.domtechnikpro.com\/index.php\/produkt\/znackovy-sapho-tabella-otopne-teleso-490x1190-mm-bila-mat-mi1149-48134\/\" \/>\n<meta property=\"og:locale\" content=\"cs_CZ\" \/>\n<meta property=\"og:type\" content=\"article\" \/>\n<meta property=\"og:title\" content=\"Zna\u010dkov\u00fd Sapho TABELLA otopn\u00e9 t\u011bleso 490x1190 mm, b\u00edl\u00e1 mat, MI1149 -\" \/>\n<meta property=\"og:description\" content=\"\u00dast\u0159edn\u00ed vyt\u00e1p\u011bn\u00ed V p\u0159\u00edpad\u011b \u00fast\u0159edn\u00edho vyt\u00e1p\u011bn\u00ed je d\u016fle\u017eit\u00fd v\u00fdb\u011br p\u0159ipojovac\u00ed sady ventil\u016f. Na v\u00fdb\u011br je pou\u017eit\u00ed ru\u010dn\u00edho ventilu nebo ventilu s&nbsp;termostatickou hlavic\u00ed. Ru\u010dn\u00ed ventil:&nbsp;Ovl\u00e1dac\u00ed&nbsp;hlavice ventilu lze instalovat na levou \/ pravou stranu&nbsp;bez ohledu na m\u00edsto p\u0159\u00edvodu tepl\u00e9 vody.&nbsp;Ovl\u00e1d\u00e1n\u00ed regulace teploty je manu\u00e1ln\u00ed.Ventil s&nbsp;termostatickou hlavic\u00ed:&nbsp;Integrovan\u00fd termostat udr\u017euje nastavenou teplotu okol\u00ed.&nbsp;Termostatick\u00e1 hlavice mus\u00ed b\u00fdt v&nbsp;m\u00edst\u011b p\u0159\u00edvodu tepl\u00e9 [&hellip;]\" \/>\n<meta property=\"og:url\" content=\"https:\/\/www.domtechnikpro.com\/index.php\/produkt\/znackovy-sapho-tabella-otopne-teleso-490x1190-mm-bila-mat-mi1149-48134\/\" \/>\n<meta property=\"og:image\" content=\"https:\/\/www.domtechnikpro.com\/wp-content\/uploads\/2026\/SK0001844-CZ20260425-092706-0-1777080427-62684_mi1149-tabela-topeni-bila-cesta.webp\" \/>\n\t<meta property=\"og:image:width\" content=\"533\" \/>\n\t<meta property=\"og:image:height\" content=\"800\" \/>\n\t<meta property=\"og:image:type\" content=\"image\/webp\" \/>\n<meta name=\"twitter:card\" content=\"summary_large_image\" \/>\n<meta name=\"twitter:label1\" content=\"Odhadovan\u00e1 doba \u010dten\u00ed\" \/>\n\t<meta name=\"twitter:data1\" content=\"2 minuty\" \/>\n<script type=\"application\/ld+json\" class=\"yoast-schema-graph\">{\"@context\":\"https:\/\/schema.org\",\"@graph\":[{\"@type\":\"WebPage\",\"@id\":\"https:\/\/www.domtechnikpro.com\/index.php\/produkt\/znackovy-sapho-tabella-otopne-teleso-490x1190-mm-bila-mat-mi1149-48134\/\",\"url\":\"https:\/\/www.domtechnikpro.com\/index.php\/produkt\/znackovy-sapho-tabella-otopne-teleso-490x1190-mm-bila-mat-mi1149-48134\/\",\"name\":\"Zna\u010dkov\u00fd Sapho TABELLA otopn\u00e9 t\u011bleso 490x1190 mm, b\u00edl\u00e1 mat, MI1149 -\",\"isPartOf\":{\"@id\":\"https:\/\/www.domtechnikpro.com\/#website\"},\"primaryImageOfPage\":{\"@id\":\"https:\/\/www.domtechnikpro.com\/index.php\/produkt\/znackovy-sapho-tabella-otopne-teleso-490x1190-mm-bila-mat-mi1149-48134\/#primaryimage\"},\"image\":{\"@id\":\"https:\/\/www.domtechnikpro.com\/index.php\/produkt\/znackovy-sapho-tabella-otopne-teleso-490x1190-mm-bila-mat-mi1149-48134\/#primaryimage\"},\"thumbnailUrl\":\"https:\/\/www.domtechnikpro.com\/wp-content\/uploads\/2026\/SK0001844-CZ20260425-092706-0-1777080427-62684_mi1149-tabela-topeni-bila-cesta.webp\",\"datePublished\":\"2026-04-26T09:00:21+00:00\",\"breadcrumb\":{\"@id\":\"https:\/\/www.domtechnikpro.com\/index.php\/produkt\/znackovy-sapho-tabella-otopne-teleso-490x1190-mm-bila-mat-mi1149-48134\/#breadcrumb\"},\"inLanguage\":\"cs\",\"potentialAction\":[{\"@type\":\"ReadAction\",\"target\":[\"https:\/\/www.domtechnikpro.com\/index.php\/produkt\/znackovy-sapho-tabella-otopne-teleso-490x1190-mm-bila-mat-mi1149-48134\/\"]}]},{\"@type\":\"ImageObject\",\"inLanguage\":\"cs\",\"@id\":\"https:\/\/www.domtechnikpro.com\/index.php\/produkt\/znackovy-sapho-tabella-otopne-teleso-490x1190-mm-bila-mat-mi1149-48134\/#primaryimage\",\"url\":\"https:\/\/www.domtechnikpro.com\/wp-content\/uploads\/2026\/SK0001844-CZ20260425-092706-0-1777080427-62684_mi1149-tabela-topeni-bila-cesta.webp\",\"contentUrl\":\"https:\/\/www.domtechnikpro.com\/wp-content\/uploads\/2026\/SK0001844-CZ20260425-092706-0-1777080427-62684_mi1149-tabela-topeni-bila-cesta.webp\",\"width\":533,\"height\":800},{\"@type\":\"BreadcrumbList\",\"@id\":\"https:\/\/www.domtechnikpro.com\/index.php\/produkt\/znackovy-sapho-tabella-otopne-teleso-490x1190-mm-bila-mat-mi1149-48134\/#breadcrumb\",\"itemListElement\":[{\"@type\":\"ListItem\",\"position\":1,\"name\":\"Home\",\"item\":\"https:\/\/www.domtechnikpro.com\/\"},{\"@type\":\"ListItem\",\"position\":2,\"name\":\"Products\",\"item\":\"https:\/\/www.domtechnikpro.com\/index.php\/products\/\"},{\"@type\":\"ListItem\",\"position\":3,\"name\":\"Zna\u010dkov\u00fd Sapho TABELLA otopn\u00e9 t\u011bleso 490&#215;1190 mm, b\u00edl\u00e1 mat, MI1149\"}]},{\"@type\":\"WebSite\",\"@id\":\"https:\/\/www.domtechnikpro.com\/#website\",\"url\":\"https:\/\/www.domtechnikpro.com\/\",\"name\":\"\",\"description\":\"\",\"potentialAction\":[{\"@type\":\"SearchAction\",\"target\":{\"@type\":\"EntryPoint\",\"urlTemplate\":\"https:\/\/www.domtechnikpro.com\/?s={search_term_string}\"},\"query-input\":{\"@type\":\"PropertyValueSpecification\",\"valueRequired\":true,\"valueName\":\"search_term_string\"}}],\"inLanguage\":\"cs\"}]}<\/script>\n<!-- \/ Yoast SEO plugin. -->","yoast_head_json":{"title":"Zna\u010dkov\u00fd Sapho TABELLA otopn\u00e9 t\u011bleso 490x1190 mm, b\u00edl\u00e1 mat, MI1149 -","robots":{"index":"index","follow":"follow","max-snippet":"max-snippet:-1","max-image-preview":"max-image-preview:large","max-video-preview":"max-video-preview:-1"},"canonical":"https:\/\/www.domtechnikpro.com\/index.php\/produkt\/znackovy-sapho-tabella-otopne-teleso-490x1190-mm-bila-mat-mi1149-48134\/","og_locale":"cs_CZ","og_type":"article","og_title":"Zna\u010dkov\u00fd Sapho TABELLA otopn\u00e9 t\u011bleso 490x1190 mm, b\u00edl\u00e1 mat, MI1149 -","og_description":"\u00dast\u0159edn\u00ed vyt\u00e1p\u011bn\u00ed V p\u0159\u00edpad\u011b \u00fast\u0159edn\u00edho vyt\u00e1p\u011bn\u00ed je d\u016fle\u017eit\u00fd v\u00fdb\u011br p\u0159ipojovac\u00ed sady ventil\u016f. Na v\u00fdb\u011br je pou\u017eit\u00ed ru\u010dn\u00edho ventilu nebo ventilu s&nbsp;termostatickou hlavic\u00ed. Ru\u010dn\u00ed ventil:&nbsp;Ovl\u00e1dac\u00ed&nbsp;hlavice ventilu lze instalovat na levou \/ pravou stranu&nbsp;bez ohledu na m\u00edsto p\u0159\u00edvodu tepl\u00e9 vody.&nbsp;Ovl\u00e1d\u00e1n\u00ed regulace teploty je manu\u00e1ln\u00ed.Ventil s&nbsp;termostatickou hlavic\u00ed:&nbsp;Integrovan\u00fd termostat udr\u017euje nastavenou teplotu okol\u00ed.&nbsp;Termostatick\u00e1 hlavice mus\u00ed b\u00fdt v&nbsp;m\u00edst\u011b p\u0159\u00edvodu tepl\u00e9 [&hellip;]","og_url":"https:\/\/www.domtechnikpro.com\/index.php\/produkt\/znackovy-sapho-tabella-otopne-teleso-490x1190-mm-bila-mat-mi1149-48134\/","og_image":[{"width":533,"height":800,"url":"https:\/\/www.domtechnikpro.com\/wp-content\/uploads\/2026\/SK0001844-CZ20260425-092706-0-1777080427-62684_mi1149-tabela-topeni-bila-cesta.webp","type":"image\/webp"}],"twitter_card":"summary_large_image","twitter_misc":{"Odhadovan\u00e1 doba \u010dten\u00ed":"2 minuty"},"schema":{"@context":"https:\/\/schema.org","@graph":[{"@type":"WebPage","@id":"https:\/\/www.domtechnikpro.com\/index.php\/produkt\/znackovy-sapho-tabella-otopne-teleso-490x1190-mm-bila-mat-mi1149-48134\/","url":"https:\/\/www.domtechnikpro.com\/index.php\/produkt\/znackovy-sapho-tabella-otopne-teleso-490x1190-mm-bila-mat-mi1149-48134\/","name":"Zna\u010dkov\u00fd Sapho TABELLA otopn\u00e9 t\u011bleso 490x1190 mm, b\u00edl\u00e1 mat, MI1149 -","isPartOf":{"@id":"https:\/\/www.domtechnikpro.com\/#website"},"primaryImageOfPage":{"@id":"https:\/\/www.domtechnikpro.com\/index.php\/produkt\/znackovy-sapho-tabella-otopne-teleso-490x1190-mm-bila-mat-mi1149-48134\/#primaryimage"},"image":{"@id":"https:\/\/www.domtechnikpro.com\/index.php\/produkt\/znackovy-sapho-tabella-otopne-teleso-490x1190-mm-bila-mat-mi1149-48134\/#primaryimage"},"thumbnailUrl":"https:\/\/www.domtechnikpro.com\/wp-content\/uploads\/2026\/SK0001844-CZ20260425-092706-0-1777080427-62684_mi1149-tabela-topeni-bila-cesta.webp","datePublished":"2026-04-26T09:00:21+00:00","breadcrumb":{"@id":"https:\/\/www.domtechnikpro.com\/index.php\/produkt\/znackovy-sapho-tabella-otopne-teleso-490x1190-mm-bila-mat-mi1149-48134\/#breadcrumb"},"inLanguage":"cs","potentialAction":[{"@type":"ReadAction","target":["https:\/\/www.domtechnikpro.com\/index.php\/produkt\/znackovy-sapho-tabella-otopne-teleso-490x1190-mm-bila-mat-mi1149-48134\/"]}]},{"@type":"ImageObject","inLanguage":"cs","@id":"https:\/\/www.domtechnikpro.com\/index.php\/produkt\/znackovy-sapho-tabella-otopne-teleso-490x1190-mm-bila-mat-mi1149-48134\/#primaryimage","url":"https:\/\/www.domtechnikpro.com\/wp-content\/uploads\/2026\/SK0001844-CZ20260425-092706-0-1777080427-62684_mi1149-tabela-topeni-bila-cesta.webp","contentUrl":"https:\/\/www.domtechnikpro.com\/wp-content\/uploads\/2026\/SK0001844-CZ20260425-092706-0-1777080427-62684_mi1149-tabela-topeni-bila-cesta.webp","width":533,"height":800},{"@type":"BreadcrumbList","@id":"https:\/\/www.domtechnikpro.com\/index.php\/produkt\/znackovy-sapho-tabella-otopne-teleso-490x1190-mm-bila-mat-mi1149-48134\/#breadcrumb","itemListElement":[{"@type":"ListItem","position":1,"name":"Home","item":"https:\/\/www.domtechnikpro.com\/"},{"@type":"ListItem","position":2,"name":"Products","item":"https:\/\/www.domtechnikpro.com\/index.php\/products\/"},{"@type":"ListItem","position":3,"name":"Zna\u010dkov\u00fd Sapho TABELLA otopn\u00e9 t\u011bleso 490&#215;1190 mm, b\u00edl\u00e1 mat, MI1149"}]},{"@type":"WebSite","@id":"https:\/\/www.domtechnikpro.com\/#website","url":"https:\/\/www.domtechnikpro.com\/","name":"","description":"","potentialAction":[{"@type":"SearchAction","target":{"@type":"EntryPoint","urlTemplate":"https:\/\/www.domtechnikpro.com\/?s={search_term_string}"},"query-input":{"@type":"PropertyValueSpecification","valueRequired":true,"valueName":"search_term_string"}}],"inLanguage":"cs"}]}},"_links":{"self":[{"href":"https:\/\/www.domtechnikpro.com\/index.php\/wp-json\/wp\/v2\/product\/48134","targetHints":{"allow":["GET"]}}],"collection":[{"href":"https:\/\/www.domtechnikpro.com\/index.php\/wp-json\/wp\/v2\/product"}],"about":[{"href":"https:\/\/www.domtechnikpro.com\/index.php\/wp-json\/wp\/v2\/types\/product"}],"replies":[{"embeddable":true,"href":"https:\/\/www.domtechnikpro.com\/index.php\/wp-json\/wp\/v2\/comments?post=48134"}],"wp:featuredmedia":[{"embeddable":true,"href":"https:\/\/www.domtechnikpro.com\/index.php\/wp-json\/wp\/v2\/media\/48234"}],"wp:attachment":[{"href":"https:\/\/www.domtechnikpro.com\/index.php\/wp-json\/wp\/v2\/media?parent=48134"}],"wp:term":[{"taxonomy":"product_brand","embeddable":true,"href":"https:\/\/www.domtechnikpro.com\/index.php\/wp-json\/wp\/v2\/product_brand?post=48134"},{"taxonomy":"product_cat","embeddable":true,"href":"https:\/\/www.domtechnikpro.com\/index.php\/wp-json\/wp\/v2\/product_cat?post=48134"},{"taxonomy":"product_tag","embeddable":true,"href":"https:\/\/www.domtechnikpro.com\/index.php\/wp-json\/wp\/v2\/product_tag?post=48134"}],"curies":[{"name":"wp","href":"https:\/\/api.w.org\/{rel}","templated":true}]}}