{"id":47724,"date":"2026-04-26T09:00:15","date_gmt":"2026-04-26T09:00:15","guid":{"rendered":""},"modified":"2026-04-26T09:00:15","modified_gmt":"2026-04-26T09:00:15","slug":"ronal-solino-bocni-stena-v-90deg-aluchrom-solt1-span-class-product-appendix-pri-platbe-prevodem-sleva-span-nizka-cena-47724","status":"publish","type":"product","link":"https:\/\/www.domtechnikpro.com\/index.php\/produkt\/ronal-solino-bocni-stena-v-90deg-aluchrom-solt1-span-class-product-appendix-pri-platbe-prevodem-sleva-span-nizka-cena-47724\/","title":{"rendered":"Ronal, SOLINO bo\u010dn\u00ed st\u011bna v 90\u00b0 aluchrom, SOLT1 <span class=\"product-appendix\"> + p\u0159i platb\u011b p\u0159evodem sleva<\/span> N\u00edzk\u00e1 Cena"},"content":{"rendered":"<div class=\"basic-description\">\n<p><span style=\"color: #ff0000;\"><strong>SOLT1 \/ Bo\u010dn\u00ed st\u011bna<\/strong>&nbsp;(<strong>pouze pro kombinaci s dve\u0159mi<\/strong>) &#8211;&nbsp;<strong>POZOR &#8211; nelze instalovat jako samostatn\u011b stoj\u00edc\u00ed !!!<\/strong><\/span><\/p>\n<p><strong>Bo\u010dn\u00ed st\u011bnu lze kombinovat s SOL1 (jednok\u0159\u00eddl\u00e9 dve\u0159e), SOL13 (jednok\u0159\u00eddl\u00e9 dve\u0159e s pevnou st\u011bnou v rovin\u011b), SOLF1 (dvoud\u00edln\u00e9 skl\u00e1dac\u00ed dve\u0159e) nebo SOLF13 (dvoud\u00edln\u00e9 skl\u00e1dac\u00ed dve\u0159e s pevnou st\u011bnou v rovin\u011b).<\/strong><\/p>\n<p><span style=\"font-family: 'times new roman', times; font-size: 12pt;\">&#8211; 6mm bezpe\u010dnostn\u00ed sklo, v\u010detn\u011b rohov\u00e9 vzp\u011bry<\/span><\/p>\n<p><span>&#8211; <strong>Barva profilu:<\/strong> 50=aluchrom<\/span><\/p>\n<p><span>&#8211; <strong>Sklo:<\/strong> 07=\u010dir\u00e9, 87=Screen, 88=b\u00edl\u00e9 linky<\/span><\/p>\n<p><strong>V p\u0159\u00edpad\u011b mont\u00e1\u017ee na dla\u017ebu je nutno vz\u00edt v \u00favahu rozd\u00edl mezi nomin\u00e1ln\u00ed a fyzickou \u0161\u00ed\u0159kou. Skute\u010dn\u00e1 \u0161\u00ed\u0159ka (na st\u0159ed skla) dve\u0159\u00ed s bo\u010dn\u00ed st\u011bnou je o 32 mm men\u0161\u00ed ne\u017e \u0161\u00ed\u0159ka v objednac\u00edm k\u00f3du (s toleranc\u00ed -7 a\u017e +10 mm).<\/strong><\/p>\n<p><span style=\"font-family: 'times new roman', times; font-size: 12pt;\">Do objedn\u00e1vky je nutno uv\u00e9st, zda bude mont\u00e1\u017e na vani\u010dku nebo na dla\u017ebu.<\/span><\/p>\n<p><span style=\"font-size: 12pt;\"><strong><span style=\"font-family: 'times new roman', times;\">Voliteln\u00e9 p\u0159\u00edslu\u0161enstv\u00ed:<\/span><\/strong><\/span><\/p>\n<p><span style=\"font-family: 'times new roman', times; font-size: 12pt;\">Za p\u0159\u00edplatek lze objednat stabiliza\u010dn\u00ed vzp\u011bru s upevn\u011bn\u00edm ze\u010f-sklo v d\u00e9lce 1500 mm v proveden\u00ed 50=aluchrom nebo 06=\u010dern\u00e1 matn\u00e1. Cenu sd\u011bl\u00edme na z\u00e1klad\u011b popt\u00e1vky.<\/span><\/p>\n<\/p><\/div>\n<\/p><\/div>\n<\/p><\/div>\n","protected":false},"excerpt":{"rendered":"<p>SOLT1 \/ Bo\u010dn\u00ed st\u011bna&nbsp;(pouze pro kombinaci s dve\u0159mi) &#8211;&nbsp;POZOR &#8211; nelze instalovat jako samostatn\u011b stoj\u00edc\u00ed !!! Bo\u010dn\u00ed st\u011bnu lze kombinovat s SOL1 (jednok\u0159\u00eddl\u00e9 dve\u0159e), SOL13 (jednok\u0159\u00eddl\u00e9 dve\u0159e s pevnou st\u011bnou v rovin\u011b), SOLF1 (dvoud\u00edln\u00e9 skl\u00e1dac\u00ed dve\u0159e) nebo SOLF13 (dvoud\u00edln\u00e9 skl\u00e1dac\u00ed dve\u0159e s pevnou st\u011bnou v rovin\u011b). &#8211; 6mm bezpe\u010dnostn\u00ed sklo, v\u010detn\u011b rohov\u00e9 vzp\u011bry &#8211; Barva [&hellip;]<\/p>\n","protected":false},"featured_media":47824,"comment_status":"open","ping_status":"open","template":"","meta":[],"product_brand":[],"product_cat":[170],"product_tag":[],"class_list":{"0":"post-47724","1":"product","2":"type-product","3":"status-publish","4":"has-post-thumbnail","6":"product_cat-sprchove-kouty-vanicky-a-zlaby","8":"first","9":"instock","10":"sale","11":"shipping-taxable","12":"purchasable","13":"product-type-simple"},"yoast_head":"<!-- This site is optimized with the Yoast SEO plugin v26.8 - https:\/\/yoast.com\/product\/yoast-seo-wordpress\/ -->\n<title>Ronal, SOLINO bo\u010dn\u00ed st\u011bna v 90\u00b0 aluchrom, SOLT1  + p\u0159i platb\u011b p\u0159evodem sleva N\u00edzk\u00e1 Cena -<\/title>\n<meta name=\"robots\" content=\"index, follow, max-snippet:-1, max-image-preview:large, max-video-preview:-1\" \/>\n<link rel=\"canonical\" href=\"https:\/\/www.domtechnikpro.com\/index.php\/produkt\/ronal-solino-bocni-stena-v-90deg-aluchrom-solt1-span-class-product-appendix-pri-platbe-prevodem-sleva-span-nizka-cena-47724\/\" \/>\n<meta property=\"og:locale\" content=\"cs_CZ\" \/>\n<meta property=\"og:type\" content=\"article\" \/>\n<meta property=\"og:title\" content=\"Ronal, SOLINO bo\u010dn\u00ed st\u011bna v 90\u00b0 aluchrom, SOLT1  + p\u0159i platb\u011b p\u0159evodem sleva N\u00edzk\u00e1 Cena -\" \/>\n<meta property=\"og:description\" content=\"SOLT1 \/ Bo\u010dn\u00ed st\u011bna&nbsp;(pouze pro kombinaci s dve\u0159mi) &#8211;&nbsp;POZOR &#8211; nelze instalovat jako samostatn\u011b stoj\u00edc\u00ed !!! Bo\u010dn\u00ed st\u011bnu lze kombinovat s SOL1 (jednok\u0159\u00eddl\u00e9 dve\u0159e), SOL13 (jednok\u0159\u00eddl\u00e9 dve\u0159e s pevnou st\u011bnou v rovin\u011b), SOLF1 (dvoud\u00edln\u00e9 skl\u00e1dac\u00ed dve\u0159e) nebo SOLF13 (dvoud\u00edln\u00e9 skl\u00e1dac\u00ed dve\u0159e s pevnou st\u011bnou v rovin\u011b). &#8211; 6mm bezpe\u010dnostn\u00ed sklo, v\u010detn\u011b rohov\u00e9 vzp\u011bry &#8211; Barva [&hellip;]\" \/>\n<meta property=\"og:url\" content=\"https:\/\/www.domtechnikpro.com\/index.php\/produkt\/ronal-solino-bocni-stena-v-90deg-aluchrom-solt1-span-class-product-appendix-pri-platbe-prevodem-sleva-span-nizka-cena-47724\/\" \/>\n<meta property=\"og:image\" content=\"https:\/\/www.domtechnikpro.com\/wp-content\/uploads\/2026\/SK0001473-CZ20260425-092706-0-1777080427-60449-5_ronal-solino-sol1-solt1.webp\" \/>\n\t<meta property=\"og:image:width\" content=\"533\" \/>\n\t<meta property=\"og:image:height\" content=\"800\" \/>\n\t<meta property=\"og:image:type\" content=\"image\/webp\" \/>\n<meta name=\"twitter:card\" content=\"summary_large_image\" \/>\n<meta name=\"twitter:label1\" content=\"Odhadovan\u00e1 doba \u010dten\u00ed\" \/>\n\t<meta name=\"twitter:data1\" content=\"1 minuta\" \/>\n<script type=\"application\/ld+json\" class=\"yoast-schema-graph\">{\"@context\":\"https:\/\/schema.org\",\"@graph\":[{\"@type\":\"WebPage\",\"@id\":\"https:\/\/www.domtechnikpro.com\/index.php\/produkt\/ronal-solino-bocni-stena-v-90deg-aluchrom-solt1-span-class-product-appendix-pri-platbe-prevodem-sleva-span-nizka-cena-47724\/\",\"url\":\"https:\/\/www.domtechnikpro.com\/index.php\/produkt\/ronal-solino-bocni-stena-v-90deg-aluchrom-solt1-span-class-product-appendix-pri-platbe-prevodem-sleva-span-nizka-cena-47724\/\",\"name\":\"Ronal, SOLINO bo\u010dn\u00ed st\u011bna v 90\u00b0 aluchrom, SOLT1 + p\u0159i platb\u011b p\u0159evodem sleva N\u00edzk\u00e1 Cena -\",\"isPartOf\":{\"@id\":\"https:\/\/www.domtechnikpro.com\/#website\"},\"primaryImageOfPage\":{\"@id\":\"https:\/\/www.domtechnikpro.com\/index.php\/produkt\/ronal-solino-bocni-stena-v-90deg-aluchrom-solt1-span-class-product-appendix-pri-platbe-prevodem-sleva-span-nizka-cena-47724\/#primaryimage\"},\"image\":{\"@id\":\"https:\/\/www.domtechnikpro.com\/index.php\/produkt\/ronal-solino-bocni-stena-v-90deg-aluchrom-solt1-span-class-product-appendix-pri-platbe-prevodem-sleva-span-nizka-cena-47724\/#primaryimage\"},\"thumbnailUrl\":\"https:\/\/www.domtechnikpro.com\/wp-content\/uploads\/2026\/SK0001473-CZ20260425-092706-0-1777080427-60449-5_ronal-solino-sol1-solt1.webp\",\"datePublished\":\"2026-04-26T09:00:15+00:00\",\"breadcrumb\":{\"@id\":\"https:\/\/www.domtechnikpro.com\/index.php\/produkt\/ronal-solino-bocni-stena-v-90deg-aluchrom-solt1-span-class-product-appendix-pri-platbe-prevodem-sleva-span-nizka-cena-47724\/#breadcrumb\"},\"inLanguage\":\"cs\",\"potentialAction\":[{\"@type\":\"ReadAction\",\"target\":[\"https:\/\/www.domtechnikpro.com\/index.php\/produkt\/ronal-solino-bocni-stena-v-90deg-aluchrom-solt1-span-class-product-appendix-pri-platbe-prevodem-sleva-span-nizka-cena-47724\/\"]}]},{\"@type\":\"ImageObject\",\"inLanguage\":\"cs\",\"@id\":\"https:\/\/www.domtechnikpro.com\/index.php\/produkt\/ronal-solino-bocni-stena-v-90deg-aluchrom-solt1-span-class-product-appendix-pri-platbe-prevodem-sleva-span-nizka-cena-47724\/#primaryimage\",\"url\":\"https:\/\/www.domtechnikpro.com\/wp-content\/uploads\/2026\/SK0001473-CZ20260425-092706-0-1777080427-60449-5_ronal-solino-sol1-solt1.webp\",\"contentUrl\":\"https:\/\/www.domtechnikpro.com\/wp-content\/uploads\/2026\/SK0001473-CZ20260425-092706-0-1777080427-60449-5_ronal-solino-sol1-solt1.webp\",\"width\":533,\"height\":800},{\"@type\":\"BreadcrumbList\",\"@id\":\"https:\/\/www.domtechnikpro.com\/index.php\/produkt\/ronal-solino-bocni-stena-v-90deg-aluchrom-solt1-span-class-product-appendix-pri-platbe-prevodem-sleva-span-nizka-cena-47724\/#breadcrumb\",\"itemListElement\":[{\"@type\":\"ListItem\",\"position\":1,\"name\":\"Home\",\"item\":\"https:\/\/www.domtechnikpro.com\/\"},{\"@type\":\"ListItem\",\"position\":2,\"name\":\"Products\",\"item\":\"https:\/\/www.domtechnikpro.com\/index.php\/products\/\"},{\"@type\":\"ListItem\",\"position\":3,\"name\":\"Ronal, SOLINO bo\u010dn\u00ed st\u011bna v 90\u00b0 aluchrom, SOLT1 + p\u0159i platb\u011b p\u0159evodem sleva N\u00edzk\u00e1 Cena\"}]},{\"@type\":\"WebSite\",\"@id\":\"https:\/\/www.domtechnikpro.com\/#website\",\"url\":\"https:\/\/www.domtechnikpro.com\/\",\"name\":\"\",\"description\":\"\",\"potentialAction\":[{\"@type\":\"SearchAction\",\"target\":{\"@type\":\"EntryPoint\",\"urlTemplate\":\"https:\/\/www.domtechnikpro.com\/?s={search_term_string}\"},\"query-input\":{\"@type\":\"PropertyValueSpecification\",\"valueRequired\":true,\"valueName\":\"search_term_string\"}}],\"inLanguage\":\"cs\"}]}<\/script>\n<!-- \/ Yoast SEO plugin. -->","yoast_head_json":{"title":"Ronal, SOLINO bo\u010dn\u00ed st\u011bna v 90\u00b0 aluchrom, SOLT1  + p\u0159i platb\u011b p\u0159evodem sleva N\u00edzk\u00e1 Cena -","robots":{"index":"index","follow":"follow","max-snippet":"max-snippet:-1","max-image-preview":"max-image-preview:large","max-video-preview":"max-video-preview:-1"},"canonical":"https:\/\/www.domtechnikpro.com\/index.php\/produkt\/ronal-solino-bocni-stena-v-90deg-aluchrom-solt1-span-class-product-appendix-pri-platbe-prevodem-sleva-span-nizka-cena-47724\/","og_locale":"cs_CZ","og_type":"article","og_title":"Ronal, SOLINO bo\u010dn\u00ed st\u011bna v 90\u00b0 aluchrom, SOLT1  + p\u0159i platb\u011b p\u0159evodem sleva N\u00edzk\u00e1 Cena -","og_description":"SOLT1 \/ Bo\u010dn\u00ed st\u011bna&nbsp;(pouze pro kombinaci s dve\u0159mi) &#8211;&nbsp;POZOR &#8211; nelze instalovat jako samostatn\u011b stoj\u00edc\u00ed !!! Bo\u010dn\u00ed st\u011bnu lze kombinovat s SOL1 (jednok\u0159\u00eddl\u00e9 dve\u0159e), SOL13 (jednok\u0159\u00eddl\u00e9 dve\u0159e s pevnou st\u011bnou v rovin\u011b), SOLF1 (dvoud\u00edln\u00e9 skl\u00e1dac\u00ed dve\u0159e) nebo SOLF13 (dvoud\u00edln\u00e9 skl\u00e1dac\u00ed dve\u0159e s pevnou st\u011bnou v rovin\u011b). &#8211; 6mm bezpe\u010dnostn\u00ed sklo, v\u010detn\u011b rohov\u00e9 vzp\u011bry &#8211; Barva [&hellip;]","og_url":"https:\/\/www.domtechnikpro.com\/index.php\/produkt\/ronal-solino-bocni-stena-v-90deg-aluchrom-solt1-span-class-product-appendix-pri-platbe-prevodem-sleva-span-nizka-cena-47724\/","og_image":[{"width":533,"height":800,"url":"https:\/\/www.domtechnikpro.com\/wp-content\/uploads\/2026\/SK0001473-CZ20260425-092706-0-1777080427-60449-5_ronal-solino-sol1-solt1.webp","type":"image\/webp"}],"twitter_card":"summary_large_image","twitter_misc":{"Odhadovan\u00e1 doba \u010dten\u00ed":"1 minuta"},"schema":{"@context":"https:\/\/schema.org","@graph":[{"@type":"WebPage","@id":"https:\/\/www.domtechnikpro.com\/index.php\/produkt\/ronal-solino-bocni-stena-v-90deg-aluchrom-solt1-span-class-product-appendix-pri-platbe-prevodem-sleva-span-nizka-cena-47724\/","url":"https:\/\/www.domtechnikpro.com\/index.php\/produkt\/ronal-solino-bocni-stena-v-90deg-aluchrom-solt1-span-class-product-appendix-pri-platbe-prevodem-sleva-span-nizka-cena-47724\/","name":"Ronal, SOLINO bo\u010dn\u00ed st\u011bna v 90\u00b0 aluchrom, SOLT1 + p\u0159i platb\u011b p\u0159evodem sleva N\u00edzk\u00e1 Cena -","isPartOf":{"@id":"https:\/\/www.domtechnikpro.com\/#website"},"primaryImageOfPage":{"@id":"https:\/\/www.domtechnikpro.com\/index.php\/produkt\/ronal-solino-bocni-stena-v-90deg-aluchrom-solt1-span-class-product-appendix-pri-platbe-prevodem-sleva-span-nizka-cena-47724\/#primaryimage"},"image":{"@id":"https:\/\/www.domtechnikpro.com\/index.php\/produkt\/ronal-solino-bocni-stena-v-90deg-aluchrom-solt1-span-class-product-appendix-pri-platbe-prevodem-sleva-span-nizka-cena-47724\/#primaryimage"},"thumbnailUrl":"https:\/\/www.domtechnikpro.com\/wp-content\/uploads\/2026\/SK0001473-CZ20260425-092706-0-1777080427-60449-5_ronal-solino-sol1-solt1.webp","datePublished":"2026-04-26T09:00:15+00:00","breadcrumb":{"@id":"https:\/\/www.domtechnikpro.com\/index.php\/produkt\/ronal-solino-bocni-stena-v-90deg-aluchrom-solt1-span-class-product-appendix-pri-platbe-prevodem-sleva-span-nizka-cena-47724\/#breadcrumb"},"inLanguage":"cs","potentialAction":[{"@type":"ReadAction","target":["https:\/\/www.domtechnikpro.com\/index.php\/produkt\/ronal-solino-bocni-stena-v-90deg-aluchrom-solt1-span-class-product-appendix-pri-platbe-prevodem-sleva-span-nizka-cena-47724\/"]}]},{"@type":"ImageObject","inLanguage":"cs","@id":"https:\/\/www.domtechnikpro.com\/index.php\/produkt\/ronal-solino-bocni-stena-v-90deg-aluchrom-solt1-span-class-product-appendix-pri-platbe-prevodem-sleva-span-nizka-cena-47724\/#primaryimage","url":"https:\/\/www.domtechnikpro.com\/wp-content\/uploads\/2026\/SK0001473-CZ20260425-092706-0-1777080427-60449-5_ronal-solino-sol1-solt1.webp","contentUrl":"https:\/\/www.domtechnikpro.com\/wp-content\/uploads\/2026\/SK0001473-CZ20260425-092706-0-1777080427-60449-5_ronal-solino-sol1-solt1.webp","width":533,"height":800},{"@type":"BreadcrumbList","@id":"https:\/\/www.domtechnikpro.com\/index.php\/produkt\/ronal-solino-bocni-stena-v-90deg-aluchrom-solt1-span-class-product-appendix-pri-platbe-prevodem-sleva-span-nizka-cena-47724\/#breadcrumb","itemListElement":[{"@type":"ListItem","position":1,"name":"Home","item":"https:\/\/www.domtechnikpro.com\/"},{"@type":"ListItem","position":2,"name":"Products","item":"https:\/\/www.domtechnikpro.com\/index.php\/products\/"},{"@type":"ListItem","position":3,"name":"Ronal, SOLINO bo\u010dn\u00ed st\u011bna v 90\u00b0 aluchrom, SOLT1 + p\u0159i platb\u011b p\u0159evodem sleva N\u00edzk\u00e1 Cena"}]},{"@type":"WebSite","@id":"https:\/\/www.domtechnikpro.com\/#website","url":"https:\/\/www.domtechnikpro.com\/","name":"","description":"","potentialAction":[{"@type":"SearchAction","target":{"@type":"EntryPoint","urlTemplate":"https:\/\/www.domtechnikpro.com\/?s={search_term_string}"},"query-input":{"@type":"PropertyValueSpecification","valueRequired":true,"valueName":"search_term_string"}}],"inLanguage":"cs"}]}},"_links":{"self":[{"href":"https:\/\/www.domtechnikpro.com\/index.php\/wp-json\/wp\/v2\/product\/47724","targetHints":{"allow":["GET"]}}],"collection":[{"href":"https:\/\/www.domtechnikpro.com\/index.php\/wp-json\/wp\/v2\/product"}],"about":[{"href":"https:\/\/www.domtechnikpro.com\/index.php\/wp-json\/wp\/v2\/types\/product"}],"replies":[{"embeddable":true,"href":"https:\/\/www.domtechnikpro.com\/index.php\/wp-json\/wp\/v2\/comments?post=47724"}],"wp:featuredmedia":[{"embeddable":true,"href":"https:\/\/www.domtechnikpro.com\/index.php\/wp-json\/wp\/v2\/media\/47824"}],"wp:attachment":[{"href":"https:\/\/www.domtechnikpro.com\/index.php\/wp-json\/wp\/v2\/media?parent=47724"}],"wp:term":[{"taxonomy":"product_brand","embeddable":true,"href":"https:\/\/www.domtechnikpro.com\/index.php\/wp-json\/wp\/v2\/product_brand?post=47724"},{"taxonomy":"product_cat","embeddable":true,"href":"https:\/\/www.domtechnikpro.com\/index.php\/wp-json\/wp\/v2\/product_cat?post=47724"},{"taxonomy":"product_tag","embeddable":true,"href":"https:\/\/www.domtechnikpro.com\/index.php\/wp-json\/wp\/v2\/product_tag?post=47724"}],"curies":[{"name":"wp","href":"https:\/\/api.w.org\/{rel}","templated":true}]}}