{"id":47718,"date":"2026-04-26T09:00:15","date_gmt":"2026-04-26T09:00:15","guid":{"rendered":""},"modified":"2026-04-26T09:00:15","modified_gmt":"2026-04-26T09:00:15","slug":"ronal-solino-black-line-jednokridle-dvere-sol1-s-90-cm-span-class-product-appendix-pri-platbe-prevodem-sleva-span-novinka-47718","status":"publish","type":"product","link":"https:\/\/www.domtechnikpro.com\/index.php\/produkt\/ronal-solino-black-line-jednokridle-dvere-sol1-s-90-cm-span-class-product-appendix-pri-platbe-prevodem-sleva-span-novinka-47718\/","title":{"rendered":"Ronal, SOLINO Black Line jednok\u0159\u00eddl\u00e9 dve\u0159e SOL1, \u0161. 90 cm <span class=\"product-appendix\"> + p\u0159i platb\u011b p\u0159evodem sleva<\/span> Novinka"},"content":{"rendered":"<div class=\"basic-description\">\n<p style=\"text-align: justify;\"><span><strong>Jednok\u0159\u00eddl\u00e9 dve\u0159e Solino SOL1. P<\/strong><\/span><span><strong>roveden\u00ed univerz\u00e1ln\u00ed &#8211; sprchov\u00e9 dve\u0159e lze instalovat vlevo i vpravo.<\/strong><\/span><\/p>\n<p><span><strong><\/strong><\/span><\/p>\n<p><span style=\"color: #ff0000;\"><strong>Jednok\u0159\u00eddl\u00e9 dve\u0159e SOL1 lze instalovat do oblo\u017een\u00e9 niky (nutn\u00e9 z\u00e1rove\u0148 objednat n\u00e1st\u011bnn\u00fd profil V.SOL.06), nebo v kombinaci s bo\u010dn\u00ed st\u011bnou SOLT1.&nbsp;<\/strong><\/span><\/p>\n<p><span><strong><\/strong><\/span><span><strong>Doporu\u010dujeme mont\u00e1\u017e s prahovou li\u0161tou S.SOL.06.&nbsp;<\/strong><\/span><\/p>\n<p><span>Otv\u00edr\u00e1n\u00ed standardn\u011b pouze ven \/ otv\u00edr\u00e1n\u00ed dve\u0159\u00ed ven i dovnit\u0159 &#8211; viz. voliteln\u00e9 p\u0159\u00edslu\u0161enstv\u00ed.<\/span><\/p>\n<p><span>Rohov\u00fd vstup &#8211; otv\u00edr\u00e1n\u00ed dve\u0159\u00ed standardn\u011b ven i dovnit\u0159.&nbsp;<strong>Pro rohov\u00fd vstup je pot\u0159eba objednat 2 ks (2x SOL1).<\/strong><\/span><\/p>\n<p><span><strong>Parametry:<\/strong><\/span><\/p>\n<p><span style=\"font-family: 'times new roman', times; font-size: 12pt;\">\u0160\u00ed\u0159ka celkov\u00e1: 900 mm<\/span><\/p>\n<p><span style=\"font-family: 'times new roman', times; font-size: 12pt;\">\u0160\u00ed\u0159ka vstupu, dve\u0159e: 798 mm<\/span><\/p>\n<p><span style=\"font-family: 'times new roman', times; font-size: 12pt;\">\u0160\u00ed\u0159ka vstupu, rohov\u00fd vstup: 1125 mm<\/span><\/p>\n<p><span style=\"font-family: 'times new roman', times; font-size: 12pt;\">Barva: 06=\u010dern\u00e1 matn\u00e1<\/span><\/p>\n<p><span style=\"font-family: 'times new roman', times; font-size: 12pt;\">sklo: 07=\u010dir\u00e9, 88=Screen, 88=b\u00edl\u00e9 linky<\/span><\/p>\n<p><span style=\"font-family: 'times new roman', times; font-size: 12pt;\">V\u00fd\u0161ka: 2000 mm<\/span><\/p>\n<p><span><strong>Voliteln\u00e9 p\u0159\u00edslu\u0161enstv\u00ed:<\/strong><\/span><\/p>\n<p><span>SMGS.06.1500 &#8211; Stabiliza\u010dn\u00ed vzp\u011bra, upevn\u011bn\u00ed st\u011bna-sklo, d\u00e9lka 1500 mm<\/span><\/p>\n<p><span>V2.SOL.06 &#8211; Mont\u00e1\u017en\u00ed sada: dve\u0159e v nice, otv\u00edr\u00e1n\u00ed ven i dovnit\u0159<\/span><\/p>\n<p><span>V3.SOL.06 &#8211; Mont\u00e1\u017en\u00ed sada: dve\u0159e + bo\u010dn\u00ed st\u011bna, otv\u00edr\u00e1n\u00ed ven i dovnit\u0159<\/span><\/p>\n<p><span style=\"color: #ff0000;\"><strong>V p\u0159\u00edpad\u011b mont\u00e1\u017ee na dla\u017ebu je nutno vz\u00edt v \u00favahu rozd\u00edl mezi nomin\u00e1ln\u00ed a fyzickou \u0161\u00ed\u0159kou.&nbsp;<\/strong><strong>Skute\u010dn\u00e1 \u0161\u00ed\u0159ka (na st\u0159ed skla) dve\u0159\u00ed s bo\u010dn\u00ed st\u011bnou je o 32 mm men\u0161\u00ed ne\u017e \u0161\u00ed\u0159ka v objednac\u00edm k\u00f3du. (s toleranc\u00ed -7 a\u017e +10 mm).&nbsp;<\/strong><\/span><\/p>\n<p>&nbsp;<\/p>\n<p><span><strong>\u0160\u00ed\u0159ka dve\u0159\u00ed v nice je v\u010detn\u011b n\u00e1st\u011bnn\u00e9ho profilu V.SOL.06.<\/strong><\/span><\/p>\n<p><span style=\"color: #ff0000;\"><strong>Obr\u00e1zek je ilustra\u010dn\u00ed &#8211; vani\u010dka, baterie ani hlavov\u00e1 sprcha nen\u00ed sou\u010d\u00e1st\u00ed.<\/strong><\/span><\/p>\n<\/p><\/div>\n<\/p><\/div>\n<\/p><\/div>\n","protected":false},"excerpt":{"rendered":"<p>Jednok\u0159\u00eddl\u00e9 dve\u0159e Solino SOL1. Proveden\u00ed univerz\u00e1ln\u00ed &#8211; sprchov\u00e9 dve\u0159e lze instalovat vlevo i vpravo. Jednok\u0159\u00eddl\u00e9 dve\u0159e SOL1 lze instalovat do oblo\u017een\u00e9 niky (nutn\u00e9 z\u00e1rove\u0148 objednat n\u00e1st\u011bnn\u00fd profil V.SOL.06), nebo v kombinaci s bo\u010dn\u00ed st\u011bnou SOLT1.&nbsp; Doporu\u010dujeme mont\u00e1\u017e s prahovou li\u0161tou S.SOL.06.&nbsp; Otv\u00edr\u00e1n\u00ed standardn\u011b pouze ven \/ otv\u00edr\u00e1n\u00ed dve\u0159\u00ed ven i dovnit\u0159 &#8211; viz. voliteln\u00e9 p\u0159\u00edslu\u0161enstv\u00ed. [&hellip;]<\/p>\n","protected":false},"featured_media":47818,"comment_status":"open","ping_status":"open","template":"","meta":[],"product_brand":[],"product_cat":[170],"product_tag":[],"class_list":{"0":"post-47718","1":"product","2":"type-product","3":"status-publish","4":"has-post-thumbnail","6":"product_cat-sprchove-kouty-vanicky-a-zlaby","8":"first","9":"instock","10":"sale","11":"shipping-taxable","12":"purchasable","13":"product-type-simple"},"yoast_head":"<!-- This site is optimized with the Yoast SEO plugin v26.8 - https:\/\/yoast.com\/product\/yoast-seo-wordpress\/ -->\n<title>Ronal, SOLINO Black Line jednok\u0159\u00eddl\u00e9 dve\u0159e SOL1, \u0161. 90 cm  + p\u0159i platb\u011b p\u0159evodem sleva Novinka -<\/title>\n<meta name=\"robots\" content=\"index, follow, max-snippet:-1, max-image-preview:large, max-video-preview:-1\" \/>\n<link rel=\"canonical\" href=\"https:\/\/www.domtechnikpro.com\/index.php\/produkt\/ronal-solino-black-line-jednokridle-dvere-sol1-s-90-cm-span-class-product-appendix-pri-platbe-prevodem-sleva-span-novinka-47718\/\" \/>\n<meta property=\"og:locale\" content=\"cs_CZ\" \/>\n<meta property=\"og:type\" content=\"article\" \/>\n<meta property=\"og:title\" content=\"Ronal, SOLINO Black Line jednok\u0159\u00eddl\u00e9 dve\u0159e SOL1, \u0161. 90 cm  + p\u0159i platb\u011b p\u0159evodem sleva Novinka -\" \/>\n<meta property=\"og:description\" content=\"Jednok\u0159\u00eddl\u00e9 dve\u0159e Solino SOL1. Proveden\u00ed univerz\u00e1ln\u00ed &#8211; sprchov\u00e9 dve\u0159e lze instalovat vlevo i vpravo. Jednok\u0159\u00eddl\u00e9 dve\u0159e SOL1 lze instalovat do oblo\u017een\u00e9 niky (nutn\u00e9 z\u00e1rove\u0148 objednat n\u00e1st\u011bnn\u00fd profil V.SOL.06), nebo v kombinaci s bo\u010dn\u00ed st\u011bnou SOLT1.&nbsp; Doporu\u010dujeme mont\u00e1\u017e s prahovou li\u0161tou S.SOL.06.&nbsp; Otv\u00edr\u00e1n\u00ed standardn\u011b pouze ven \/ otv\u00edr\u00e1n\u00ed dve\u0159\u00ed ven i dovnit\u0159 &#8211; viz. voliteln\u00e9 p\u0159\u00edslu\u0161enstv\u00ed. [&hellip;]\" \/>\n<meta property=\"og:url\" content=\"https:\/\/www.domtechnikpro.com\/index.php\/produkt\/ronal-solino-black-line-jednokridle-dvere-sol1-s-90-cm-span-class-product-appendix-pri-platbe-prevodem-sleva-span-novinka-47718\/\" \/>\n<meta property=\"og:image\" content=\"https:\/\/www.domtechnikpro.com\/wp-content\/uploads\/2026\/SK0001467-CZ20260425-092706-0-1777080427-60419-4_ronal-solino-sol1-black-line.webp\" \/>\n\t<meta property=\"og:image:width\" content=\"533\" \/>\n\t<meta property=\"og:image:height\" content=\"800\" \/>\n\t<meta property=\"og:image:type\" content=\"image\/webp\" \/>\n<meta name=\"twitter:card\" content=\"summary_large_image\" \/>\n<meta name=\"twitter:label1\" content=\"Odhadovan\u00e1 doba \u010dten\u00ed\" \/>\n\t<meta name=\"twitter:data1\" content=\"1 minuta\" \/>\n<script type=\"application\/ld+json\" class=\"yoast-schema-graph\">{\"@context\":\"https:\/\/schema.org\",\"@graph\":[{\"@type\":\"WebPage\",\"@id\":\"https:\/\/www.domtechnikpro.com\/index.php\/produkt\/ronal-solino-black-line-jednokridle-dvere-sol1-s-90-cm-span-class-product-appendix-pri-platbe-prevodem-sleva-span-novinka-47718\/\",\"url\":\"https:\/\/www.domtechnikpro.com\/index.php\/produkt\/ronal-solino-black-line-jednokridle-dvere-sol1-s-90-cm-span-class-product-appendix-pri-platbe-prevodem-sleva-span-novinka-47718\/\",\"name\":\"Ronal, SOLINO Black Line jednok\u0159\u00eddl\u00e9 dve\u0159e SOL1, \u0161. 90 cm + p\u0159i platb\u011b p\u0159evodem sleva Novinka -\",\"isPartOf\":{\"@id\":\"https:\/\/www.domtechnikpro.com\/#website\"},\"primaryImageOfPage\":{\"@id\":\"https:\/\/www.domtechnikpro.com\/index.php\/produkt\/ronal-solino-black-line-jednokridle-dvere-sol1-s-90-cm-span-class-product-appendix-pri-platbe-prevodem-sleva-span-novinka-47718\/#primaryimage\"},\"image\":{\"@id\":\"https:\/\/www.domtechnikpro.com\/index.php\/produkt\/ronal-solino-black-line-jednokridle-dvere-sol1-s-90-cm-span-class-product-appendix-pri-platbe-prevodem-sleva-span-novinka-47718\/#primaryimage\"},\"thumbnailUrl\":\"https:\/\/www.domtechnikpro.com\/wp-content\/uploads\/2026\/SK0001467-CZ20260425-092706-0-1777080427-60419-4_ronal-solino-sol1-black-line.webp\",\"datePublished\":\"2026-04-26T09:00:15+00:00\",\"breadcrumb\":{\"@id\":\"https:\/\/www.domtechnikpro.com\/index.php\/produkt\/ronal-solino-black-line-jednokridle-dvere-sol1-s-90-cm-span-class-product-appendix-pri-platbe-prevodem-sleva-span-novinka-47718\/#breadcrumb\"},\"inLanguage\":\"cs\",\"potentialAction\":[{\"@type\":\"ReadAction\",\"target\":[\"https:\/\/www.domtechnikpro.com\/index.php\/produkt\/ronal-solino-black-line-jednokridle-dvere-sol1-s-90-cm-span-class-product-appendix-pri-platbe-prevodem-sleva-span-novinka-47718\/\"]}]},{\"@type\":\"ImageObject\",\"inLanguage\":\"cs\",\"@id\":\"https:\/\/www.domtechnikpro.com\/index.php\/produkt\/ronal-solino-black-line-jednokridle-dvere-sol1-s-90-cm-span-class-product-appendix-pri-platbe-prevodem-sleva-span-novinka-47718\/#primaryimage\",\"url\":\"https:\/\/www.domtechnikpro.com\/wp-content\/uploads\/2026\/SK0001467-CZ20260425-092706-0-1777080427-60419-4_ronal-solino-sol1-black-line.webp\",\"contentUrl\":\"https:\/\/www.domtechnikpro.com\/wp-content\/uploads\/2026\/SK0001467-CZ20260425-092706-0-1777080427-60419-4_ronal-solino-sol1-black-line.webp\",\"width\":533,\"height\":800},{\"@type\":\"BreadcrumbList\",\"@id\":\"https:\/\/www.domtechnikpro.com\/index.php\/produkt\/ronal-solino-black-line-jednokridle-dvere-sol1-s-90-cm-span-class-product-appendix-pri-platbe-prevodem-sleva-span-novinka-47718\/#breadcrumb\",\"itemListElement\":[{\"@type\":\"ListItem\",\"position\":1,\"name\":\"Home\",\"item\":\"https:\/\/www.domtechnikpro.com\/\"},{\"@type\":\"ListItem\",\"position\":2,\"name\":\"Products\",\"item\":\"https:\/\/www.domtechnikpro.com\/index.php\/products\/\"},{\"@type\":\"ListItem\",\"position\":3,\"name\":\"Ronal, SOLINO Black Line jednok\u0159\u00eddl\u00e9 dve\u0159e SOL1, \u0161. 90 cm + p\u0159i platb\u011b p\u0159evodem sleva Novinka\"}]},{\"@type\":\"WebSite\",\"@id\":\"https:\/\/www.domtechnikpro.com\/#website\",\"url\":\"https:\/\/www.domtechnikpro.com\/\",\"name\":\"\",\"description\":\"\",\"potentialAction\":[{\"@type\":\"SearchAction\",\"target\":{\"@type\":\"EntryPoint\",\"urlTemplate\":\"https:\/\/www.domtechnikpro.com\/?s={search_term_string}\"},\"query-input\":{\"@type\":\"PropertyValueSpecification\",\"valueRequired\":true,\"valueName\":\"search_term_string\"}}],\"inLanguage\":\"cs\"}]}<\/script>\n<!-- \/ Yoast SEO plugin. -->","yoast_head_json":{"title":"Ronal, SOLINO Black Line jednok\u0159\u00eddl\u00e9 dve\u0159e SOL1, \u0161. 90 cm  + p\u0159i platb\u011b p\u0159evodem sleva Novinka -","robots":{"index":"index","follow":"follow","max-snippet":"max-snippet:-1","max-image-preview":"max-image-preview:large","max-video-preview":"max-video-preview:-1"},"canonical":"https:\/\/www.domtechnikpro.com\/index.php\/produkt\/ronal-solino-black-line-jednokridle-dvere-sol1-s-90-cm-span-class-product-appendix-pri-platbe-prevodem-sleva-span-novinka-47718\/","og_locale":"cs_CZ","og_type":"article","og_title":"Ronal, SOLINO Black Line jednok\u0159\u00eddl\u00e9 dve\u0159e SOL1, \u0161. 90 cm  + p\u0159i platb\u011b p\u0159evodem sleva Novinka -","og_description":"Jednok\u0159\u00eddl\u00e9 dve\u0159e Solino SOL1. Proveden\u00ed univerz\u00e1ln\u00ed &#8211; sprchov\u00e9 dve\u0159e lze instalovat vlevo i vpravo. Jednok\u0159\u00eddl\u00e9 dve\u0159e SOL1 lze instalovat do oblo\u017een\u00e9 niky (nutn\u00e9 z\u00e1rove\u0148 objednat n\u00e1st\u011bnn\u00fd profil V.SOL.06), nebo v kombinaci s bo\u010dn\u00ed st\u011bnou SOLT1.&nbsp; Doporu\u010dujeme mont\u00e1\u017e s prahovou li\u0161tou S.SOL.06.&nbsp; Otv\u00edr\u00e1n\u00ed standardn\u011b pouze ven \/ otv\u00edr\u00e1n\u00ed dve\u0159\u00ed ven i dovnit\u0159 &#8211; viz. voliteln\u00e9 p\u0159\u00edslu\u0161enstv\u00ed. [&hellip;]","og_url":"https:\/\/www.domtechnikpro.com\/index.php\/produkt\/ronal-solino-black-line-jednokridle-dvere-sol1-s-90-cm-span-class-product-appendix-pri-platbe-prevodem-sleva-span-novinka-47718\/","og_image":[{"width":533,"height":800,"url":"https:\/\/www.domtechnikpro.com\/wp-content\/uploads\/2026\/SK0001467-CZ20260425-092706-0-1777080427-60419-4_ronal-solino-sol1-black-line.webp","type":"image\/webp"}],"twitter_card":"summary_large_image","twitter_misc":{"Odhadovan\u00e1 doba \u010dten\u00ed":"1 minuta"},"schema":{"@context":"https:\/\/schema.org","@graph":[{"@type":"WebPage","@id":"https:\/\/www.domtechnikpro.com\/index.php\/produkt\/ronal-solino-black-line-jednokridle-dvere-sol1-s-90-cm-span-class-product-appendix-pri-platbe-prevodem-sleva-span-novinka-47718\/","url":"https:\/\/www.domtechnikpro.com\/index.php\/produkt\/ronal-solino-black-line-jednokridle-dvere-sol1-s-90-cm-span-class-product-appendix-pri-platbe-prevodem-sleva-span-novinka-47718\/","name":"Ronal, SOLINO Black Line jednok\u0159\u00eddl\u00e9 dve\u0159e SOL1, \u0161. 90 cm + p\u0159i platb\u011b p\u0159evodem sleva Novinka -","isPartOf":{"@id":"https:\/\/www.domtechnikpro.com\/#website"},"primaryImageOfPage":{"@id":"https:\/\/www.domtechnikpro.com\/index.php\/produkt\/ronal-solino-black-line-jednokridle-dvere-sol1-s-90-cm-span-class-product-appendix-pri-platbe-prevodem-sleva-span-novinka-47718\/#primaryimage"},"image":{"@id":"https:\/\/www.domtechnikpro.com\/index.php\/produkt\/ronal-solino-black-line-jednokridle-dvere-sol1-s-90-cm-span-class-product-appendix-pri-platbe-prevodem-sleva-span-novinka-47718\/#primaryimage"},"thumbnailUrl":"https:\/\/www.domtechnikpro.com\/wp-content\/uploads\/2026\/SK0001467-CZ20260425-092706-0-1777080427-60419-4_ronal-solino-sol1-black-line.webp","datePublished":"2026-04-26T09:00:15+00:00","breadcrumb":{"@id":"https:\/\/www.domtechnikpro.com\/index.php\/produkt\/ronal-solino-black-line-jednokridle-dvere-sol1-s-90-cm-span-class-product-appendix-pri-platbe-prevodem-sleva-span-novinka-47718\/#breadcrumb"},"inLanguage":"cs","potentialAction":[{"@type":"ReadAction","target":["https:\/\/www.domtechnikpro.com\/index.php\/produkt\/ronal-solino-black-line-jednokridle-dvere-sol1-s-90-cm-span-class-product-appendix-pri-platbe-prevodem-sleva-span-novinka-47718\/"]}]},{"@type":"ImageObject","inLanguage":"cs","@id":"https:\/\/www.domtechnikpro.com\/index.php\/produkt\/ronal-solino-black-line-jednokridle-dvere-sol1-s-90-cm-span-class-product-appendix-pri-platbe-prevodem-sleva-span-novinka-47718\/#primaryimage","url":"https:\/\/www.domtechnikpro.com\/wp-content\/uploads\/2026\/SK0001467-CZ20260425-092706-0-1777080427-60419-4_ronal-solino-sol1-black-line.webp","contentUrl":"https:\/\/www.domtechnikpro.com\/wp-content\/uploads\/2026\/SK0001467-CZ20260425-092706-0-1777080427-60419-4_ronal-solino-sol1-black-line.webp","width":533,"height":800},{"@type":"BreadcrumbList","@id":"https:\/\/www.domtechnikpro.com\/index.php\/produkt\/ronal-solino-black-line-jednokridle-dvere-sol1-s-90-cm-span-class-product-appendix-pri-platbe-prevodem-sleva-span-novinka-47718\/#breadcrumb","itemListElement":[{"@type":"ListItem","position":1,"name":"Home","item":"https:\/\/www.domtechnikpro.com\/"},{"@type":"ListItem","position":2,"name":"Products","item":"https:\/\/www.domtechnikpro.com\/index.php\/products\/"},{"@type":"ListItem","position":3,"name":"Ronal, SOLINO Black Line jednok\u0159\u00eddl\u00e9 dve\u0159e SOL1, \u0161. 90 cm + p\u0159i platb\u011b p\u0159evodem sleva Novinka"}]},{"@type":"WebSite","@id":"https:\/\/www.domtechnikpro.com\/#website","url":"https:\/\/www.domtechnikpro.com\/","name":"","description":"","potentialAction":[{"@type":"SearchAction","target":{"@type":"EntryPoint","urlTemplate":"https:\/\/www.domtechnikpro.com\/?s={search_term_string}"},"query-input":{"@type":"PropertyValueSpecification","valueRequired":true,"valueName":"search_term_string"}}],"inLanguage":"cs"}]}},"_links":{"self":[{"href":"https:\/\/www.domtechnikpro.com\/index.php\/wp-json\/wp\/v2\/product\/47718","targetHints":{"allow":["GET"]}}],"collection":[{"href":"https:\/\/www.domtechnikpro.com\/index.php\/wp-json\/wp\/v2\/product"}],"about":[{"href":"https:\/\/www.domtechnikpro.com\/index.php\/wp-json\/wp\/v2\/types\/product"}],"replies":[{"embeddable":true,"href":"https:\/\/www.domtechnikpro.com\/index.php\/wp-json\/wp\/v2\/comments?post=47718"}],"wp:featuredmedia":[{"embeddable":true,"href":"https:\/\/www.domtechnikpro.com\/index.php\/wp-json\/wp\/v2\/media\/47818"}],"wp:attachment":[{"href":"https:\/\/www.domtechnikpro.com\/index.php\/wp-json\/wp\/v2\/media?parent=47718"}],"wp:term":[{"taxonomy":"product_brand","embeddable":true,"href":"https:\/\/www.domtechnikpro.com\/index.php\/wp-json\/wp\/v2\/product_brand?post=47718"},{"taxonomy":"product_cat","embeddable":true,"href":"https:\/\/www.domtechnikpro.com\/index.php\/wp-json\/wp\/v2\/product_cat?post=47718"},{"taxonomy":"product_tag","embeddable":true,"href":"https:\/\/www.domtechnikpro.com\/index.php\/wp-json\/wp\/v2\/product_tag?post=47718"}],"curies":[{"name":"wp","href":"https:\/\/api.w.org\/{rel}","templated":true}]}}