{"id":47711,"date":"2026-04-26T09:00:15","date_gmt":"2026-04-26T09:00:15","guid":{"rendered":""},"modified":"2026-04-26T09:00:15","modified_gmt":"2026-04-26T09:00:15","slug":"vyhodna-nabidka-ronal-annea-black-line-bocni-stena-cerna-mat-sklo-cire-ant-antw-47711","status":"publish","type":"product","link":"https:\/\/www.domtechnikpro.com\/index.php\/produkt\/vyhodna-nabidka-ronal-annea-black-line-bocni-stena-cerna-mat-sklo-cire-ant-antw-47711\/","title":{"rendered":"V\u00fdhodn\u00e1 Nab\u00eddka Ronal, ANNEA Black Line bo\u010dn\u00ed st\u011bna, \u010dern\u00e1 mat, sklo \u010dir\u00e9 ANT \/ ANTW"},"content":{"rendered":"<div class=\"basic-description\">\n<p><span style=\"font-size: 12pt; color: #ff0000;\"><strong><span style=\"font-family: 'times new roman', times;\">ANT \/ ANTW Bo\u010dn\u00ed st\u011bna (pouze pro kombinaci s dve\u0159mi) &#8211;&nbsp;POZOR &#8211; nelze instalovat jako samostatn\u011b stoj\u00edc\u00ed !!!<\/span><\/strong><\/span><\/p>\n<p><span style=\"font-family: 'times new roman', times; font-size: 12pt;\"><strong>Bo\u010dn\u00ed st\u011bnu ANT<\/strong> lze kombinovat s AN1C (jednok\u0159\u00eddl\u00e9 dve\u0159e) nebo AN13 (jednok\u0159\u00eddl\u00e9 dve\u0159e s pevnou st\u011bnou v rovin\u011b). <strong>Bo\u010dn\u00ed st\u011bnu ANTW<\/strong> lze kombinovat s AN13W (jednok\u0159\u00eddl\u00e9 dve\u0159e s pevnou st\u011bnou v rovin\u011b &#8211; s L kov\u00e1n\u00edm).<\/span><\/p>\n<p><span style=\"font-family: 'times new roman', times; font-size: 12pt;\">6 mm bezpe\u010dnostn\u00ed sklo s antiplakovou \u00fapravou Aqua-Perle, v\u010detn\u011b rohov\u00e9 vzp\u011bry.<\/span><\/p>\n<p>\u0160\u00ed\u0159ka: 700, 750, 800, 900, 1000, 1200 mm&nbsp;<\/p>\n<p><span style=\"font-family: 'times new roman', times; font-size: 12pt;\">V\u00fd\u0161ka: 2000 mm<\/span><\/p>\n<p><span style=\"font-family: 'times new roman', times; font-size: 12pt;\">Barva: 06=\u010dern\u00e1 matn\u00e1<\/span><\/p>\n<p><span style=\"font-family: 'times new roman', times; font-size: 12pt;\">sklo: 07=\u010dir\u00e9<\/span><\/p>\n<p><span style=\"color: #ff0000;\"><strong>V p\u0159\u00edpad\u011b mont\u00e1\u017ee na dla\u017ebu je nutno vz\u00edt v \u00favahu rozd\u00edl mezi nomin\u00e1ln\u00ed a fyzickou \u0161\u00ed\u0159kou.&nbsp;<\/strong><\/span><\/p>\n<p><span>Do objedn\u00e1vky je nutno uv\u00e9st, zda bude mont\u00e1\u017e na vani\u010dku nebo na dla\u017ebu.<\/span>&nbsp;<\/p>\n<\/p><\/div>\n<\/p><\/div>\n<\/p><\/div>\n","protected":false},"excerpt":{"rendered":"<p>ANT \/ ANTW Bo\u010dn\u00ed st\u011bna (pouze pro kombinaci s dve\u0159mi) &#8211;&nbsp;POZOR &#8211; nelze instalovat jako samostatn\u011b stoj\u00edc\u00ed !!! Bo\u010dn\u00ed st\u011bnu ANT lze kombinovat s AN1C (jednok\u0159\u00eddl\u00e9 dve\u0159e) nebo AN13 (jednok\u0159\u00eddl\u00e9 dve\u0159e s pevnou st\u011bnou v rovin\u011b). Bo\u010dn\u00ed st\u011bnu ANTW lze kombinovat s AN13W (jednok\u0159\u00eddl\u00e9 dve\u0159e s pevnou st\u011bnou v rovin\u011b &#8211; s L kov\u00e1n\u00edm). 6 [&hellip;]<\/p>\n","protected":false},"featured_media":47811,"comment_status":"open","ping_status":"open","template":"","meta":[],"product_brand":[],"product_cat":[170],"product_tag":[],"class_list":{"0":"post-47711","1":"product","2":"type-product","3":"status-publish","4":"has-post-thumbnail","6":"product_cat-sprchove-kouty-vanicky-a-zlaby","8":"first","9":"instock","10":"sale","11":"shipping-taxable","12":"purchasable","13":"product-type-simple"},"yoast_head":"<!-- This site is optimized with the Yoast SEO plugin v26.8 - https:\/\/yoast.com\/product\/yoast-seo-wordpress\/ -->\n<title>V\u00fdhodn\u00e1 Nab\u00eddka Ronal, ANNEA Black Line bo\u010dn\u00ed st\u011bna, \u010dern\u00e1 mat, sklo \u010dir\u00e9 ANT \/ ANTW -<\/title>\n<meta name=\"robots\" content=\"index, follow, max-snippet:-1, max-image-preview:large, max-video-preview:-1\" \/>\n<link rel=\"canonical\" href=\"https:\/\/www.domtechnikpro.com\/index.php\/produkt\/vyhodna-nabidka-ronal-annea-black-line-bocni-stena-cerna-mat-sklo-cire-ant-antw-47711\/\" \/>\n<meta property=\"og:locale\" content=\"cs_CZ\" \/>\n<meta property=\"og:type\" content=\"article\" \/>\n<meta property=\"og:title\" content=\"V\u00fdhodn\u00e1 Nab\u00eddka Ronal, ANNEA Black Line bo\u010dn\u00ed st\u011bna, \u010dern\u00e1 mat, sklo \u010dir\u00e9 ANT \/ ANTW -\" \/>\n<meta property=\"og:description\" content=\"ANT \/ ANTW Bo\u010dn\u00ed st\u011bna (pouze pro kombinaci s dve\u0159mi) &#8211;&nbsp;POZOR &#8211; nelze instalovat jako samostatn\u011b stoj\u00edc\u00ed !!! Bo\u010dn\u00ed st\u011bnu ANT lze kombinovat s AN1C (jednok\u0159\u00eddl\u00e9 dve\u0159e) nebo AN13 (jednok\u0159\u00eddl\u00e9 dve\u0159e s pevnou st\u011bnou v rovin\u011b). Bo\u010dn\u00ed st\u011bnu ANTW lze kombinovat s AN13W (jednok\u0159\u00eddl\u00e9 dve\u0159e s pevnou st\u011bnou v rovin\u011b &#8211; s L kov\u00e1n\u00edm). 6 [&hellip;]\" \/>\n<meta property=\"og:url\" content=\"https:\/\/www.domtechnikpro.com\/index.php\/produkt\/vyhodna-nabidka-ronal-annea-black-line-bocni-stena-cerna-mat-sklo-cire-ant-antw-47711\/\" \/>\n<meta property=\"og:image\" content=\"https:\/\/www.domtechnikpro.com\/wp-content\/uploads\/2026\/SK0001459-CZ20260425-092706-0-1777080427-60347-2_ronal-annea-an1c-ant-black-line.webp\" \/>\n\t<meta property=\"og:image:width\" content=\"533\" \/>\n\t<meta property=\"og:image:height\" content=\"800\" \/>\n\t<meta property=\"og:image:type\" content=\"image\/webp\" \/>\n<meta name=\"twitter:card\" content=\"summary_large_image\" \/>\n<meta name=\"twitter:label1\" content=\"Odhadovan\u00e1 doba \u010dten\u00ed\" \/>\n\t<meta name=\"twitter:data1\" content=\"1 minuta\" \/>\n<script type=\"application\/ld+json\" class=\"yoast-schema-graph\">{\"@context\":\"https:\/\/schema.org\",\"@graph\":[{\"@type\":\"WebPage\",\"@id\":\"https:\/\/www.domtechnikpro.com\/index.php\/produkt\/vyhodna-nabidka-ronal-annea-black-line-bocni-stena-cerna-mat-sklo-cire-ant-antw-47711\/\",\"url\":\"https:\/\/www.domtechnikpro.com\/index.php\/produkt\/vyhodna-nabidka-ronal-annea-black-line-bocni-stena-cerna-mat-sklo-cire-ant-antw-47711\/\",\"name\":\"V\u00fdhodn\u00e1 Nab\u00eddka Ronal, ANNEA Black Line bo\u010dn\u00ed st\u011bna, \u010dern\u00e1 mat, sklo \u010dir\u00e9 ANT \/ ANTW -\",\"isPartOf\":{\"@id\":\"https:\/\/www.domtechnikpro.com\/#website\"},\"primaryImageOfPage\":{\"@id\":\"https:\/\/www.domtechnikpro.com\/index.php\/produkt\/vyhodna-nabidka-ronal-annea-black-line-bocni-stena-cerna-mat-sklo-cire-ant-antw-47711\/#primaryimage\"},\"image\":{\"@id\":\"https:\/\/www.domtechnikpro.com\/index.php\/produkt\/vyhodna-nabidka-ronal-annea-black-line-bocni-stena-cerna-mat-sklo-cire-ant-antw-47711\/#primaryimage\"},\"thumbnailUrl\":\"https:\/\/www.domtechnikpro.com\/wp-content\/uploads\/2026\/SK0001459-CZ20260425-092706-0-1777080427-60347-2_ronal-annea-an1c-ant-black-line.webp\",\"datePublished\":\"2026-04-26T09:00:15+00:00\",\"breadcrumb\":{\"@id\":\"https:\/\/www.domtechnikpro.com\/index.php\/produkt\/vyhodna-nabidka-ronal-annea-black-line-bocni-stena-cerna-mat-sklo-cire-ant-antw-47711\/#breadcrumb\"},\"inLanguage\":\"cs\",\"potentialAction\":[{\"@type\":\"ReadAction\",\"target\":[\"https:\/\/www.domtechnikpro.com\/index.php\/produkt\/vyhodna-nabidka-ronal-annea-black-line-bocni-stena-cerna-mat-sklo-cire-ant-antw-47711\/\"]}]},{\"@type\":\"ImageObject\",\"inLanguage\":\"cs\",\"@id\":\"https:\/\/www.domtechnikpro.com\/index.php\/produkt\/vyhodna-nabidka-ronal-annea-black-line-bocni-stena-cerna-mat-sklo-cire-ant-antw-47711\/#primaryimage\",\"url\":\"https:\/\/www.domtechnikpro.com\/wp-content\/uploads\/2026\/SK0001459-CZ20260425-092706-0-1777080427-60347-2_ronal-annea-an1c-ant-black-line.webp\",\"contentUrl\":\"https:\/\/www.domtechnikpro.com\/wp-content\/uploads\/2026\/SK0001459-CZ20260425-092706-0-1777080427-60347-2_ronal-annea-an1c-ant-black-line.webp\",\"width\":533,\"height\":800},{\"@type\":\"BreadcrumbList\",\"@id\":\"https:\/\/www.domtechnikpro.com\/index.php\/produkt\/vyhodna-nabidka-ronal-annea-black-line-bocni-stena-cerna-mat-sklo-cire-ant-antw-47711\/#breadcrumb\",\"itemListElement\":[{\"@type\":\"ListItem\",\"position\":1,\"name\":\"Home\",\"item\":\"https:\/\/www.domtechnikpro.com\/\"},{\"@type\":\"ListItem\",\"position\":2,\"name\":\"Products\",\"item\":\"https:\/\/www.domtechnikpro.com\/index.php\/products\/\"},{\"@type\":\"ListItem\",\"position\":3,\"name\":\"V\u00fdhodn\u00e1 Nab\u00eddka Ronal, ANNEA Black Line bo\u010dn\u00ed st\u011bna, \u010dern\u00e1 mat, sklo \u010dir\u00e9 ANT \/ ANTW\"}]},{\"@type\":\"WebSite\",\"@id\":\"https:\/\/www.domtechnikpro.com\/#website\",\"url\":\"https:\/\/www.domtechnikpro.com\/\",\"name\":\"\",\"description\":\"\",\"potentialAction\":[{\"@type\":\"SearchAction\",\"target\":{\"@type\":\"EntryPoint\",\"urlTemplate\":\"https:\/\/www.domtechnikpro.com\/?s={search_term_string}\"},\"query-input\":{\"@type\":\"PropertyValueSpecification\",\"valueRequired\":true,\"valueName\":\"search_term_string\"}}],\"inLanguage\":\"cs\"}]}<\/script>\n<!-- \/ Yoast SEO plugin. -->","yoast_head_json":{"title":"V\u00fdhodn\u00e1 Nab\u00eddka Ronal, ANNEA Black Line bo\u010dn\u00ed st\u011bna, \u010dern\u00e1 mat, sklo \u010dir\u00e9 ANT \/ ANTW -","robots":{"index":"index","follow":"follow","max-snippet":"max-snippet:-1","max-image-preview":"max-image-preview:large","max-video-preview":"max-video-preview:-1"},"canonical":"https:\/\/www.domtechnikpro.com\/index.php\/produkt\/vyhodna-nabidka-ronal-annea-black-line-bocni-stena-cerna-mat-sklo-cire-ant-antw-47711\/","og_locale":"cs_CZ","og_type":"article","og_title":"V\u00fdhodn\u00e1 Nab\u00eddka Ronal, ANNEA Black Line bo\u010dn\u00ed st\u011bna, \u010dern\u00e1 mat, sklo \u010dir\u00e9 ANT \/ ANTW -","og_description":"ANT \/ ANTW Bo\u010dn\u00ed st\u011bna (pouze pro kombinaci s dve\u0159mi) &#8211;&nbsp;POZOR &#8211; nelze instalovat jako samostatn\u011b stoj\u00edc\u00ed !!! Bo\u010dn\u00ed st\u011bnu ANT lze kombinovat s AN1C (jednok\u0159\u00eddl\u00e9 dve\u0159e) nebo AN13 (jednok\u0159\u00eddl\u00e9 dve\u0159e s pevnou st\u011bnou v rovin\u011b). Bo\u010dn\u00ed st\u011bnu ANTW lze kombinovat s AN13W (jednok\u0159\u00eddl\u00e9 dve\u0159e s pevnou st\u011bnou v rovin\u011b &#8211; s L kov\u00e1n\u00edm). 6 [&hellip;]","og_url":"https:\/\/www.domtechnikpro.com\/index.php\/produkt\/vyhodna-nabidka-ronal-annea-black-line-bocni-stena-cerna-mat-sklo-cire-ant-antw-47711\/","og_image":[{"width":533,"height":800,"url":"https:\/\/www.domtechnikpro.com\/wp-content\/uploads\/2026\/SK0001459-CZ20260425-092706-0-1777080427-60347-2_ronal-annea-an1c-ant-black-line.webp","type":"image\/webp"}],"twitter_card":"summary_large_image","twitter_misc":{"Odhadovan\u00e1 doba \u010dten\u00ed":"1 minuta"},"schema":{"@context":"https:\/\/schema.org","@graph":[{"@type":"WebPage","@id":"https:\/\/www.domtechnikpro.com\/index.php\/produkt\/vyhodna-nabidka-ronal-annea-black-line-bocni-stena-cerna-mat-sklo-cire-ant-antw-47711\/","url":"https:\/\/www.domtechnikpro.com\/index.php\/produkt\/vyhodna-nabidka-ronal-annea-black-line-bocni-stena-cerna-mat-sklo-cire-ant-antw-47711\/","name":"V\u00fdhodn\u00e1 Nab\u00eddka Ronal, ANNEA Black Line bo\u010dn\u00ed st\u011bna, \u010dern\u00e1 mat, sklo \u010dir\u00e9 ANT \/ ANTW -","isPartOf":{"@id":"https:\/\/www.domtechnikpro.com\/#website"},"primaryImageOfPage":{"@id":"https:\/\/www.domtechnikpro.com\/index.php\/produkt\/vyhodna-nabidka-ronal-annea-black-line-bocni-stena-cerna-mat-sklo-cire-ant-antw-47711\/#primaryimage"},"image":{"@id":"https:\/\/www.domtechnikpro.com\/index.php\/produkt\/vyhodna-nabidka-ronal-annea-black-line-bocni-stena-cerna-mat-sklo-cire-ant-antw-47711\/#primaryimage"},"thumbnailUrl":"https:\/\/www.domtechnikpro.com\/wp-content\/uploads\/2026\/SK0001459-CZ20260425-092706-0-1777080427-60347-2_ronal-annea-an1c-ant-black-line.webp","datePublished":"2026-04-26T09:00:15+00:00","breadcrumb":{"@id":"https:\/\/www.domtechnikpro.com\/index.php\/produkt\/vyhodna-nabidka-ronal-annea-black-line-bocni-stena-cerna-mat-sklo-cire-ant-antw-47711\/#breadcrumb"},"inLanguage":"cs","potentialAction":[{"@type":"ReadAction","target":["https:\/\/www.domtechnikpro.com\/index.php\/produkt\/vyhodna-nabidka-ronal-annea-black-line-bocni-stena-cerna-mat-sklo-cire-ant-antw-47711\/"]}]},{"@type":"ImageObject","inLanguage":"cs","@id":"https:\/\/www.domtechnikpro.com\/index.php\/produkt\/vyhodna-nabidka-ronal-annea-black-line-bocni-stena-cerna-mat-sklo-cire-ant-antw-47711\/#primaryimage","url":"https:\/\/www.domtechnikpro.com\/wp-content\/uploads\/2026\/SK0001459-CZ20260425-092706-0-1777080427-60347-2_ronal-annea-an1c-ant-black-line.webp","contentUrl":"https:\/\/www.domtechnikpro.com\/wp-content\/uploads\/2026\/SK0001459-CZ20260425-092706-0-1777080427-60347-2_ronal-annea-an1c-ant-black-line.webp","width":533,"height":800},{"@type":"BreadcrumbList","@id":"https:\/\/www.domtechnikpro.com\/index.php\/produkt\/vyhodna-nabidka-ronal-annea-black-line-bocni-stena-cerna-mat-sklo-cire-ant-antw-47711\/#breadcrumb","itemListElement":[{"@type":"ListItem","position":1,"name":"Home","item":"https:\/\/www.domtechnikpro.com\/"},{"@type":"ListItem","position":2,"name":"Products","item":"https:\/\/www.domtechnikpro.com\/index.php\/products\/"},{"@type":"ListItem","position":3,"name":"V\u00fdhodn\u00e1 Nab\u00eddka Ronal, ANNEA Black Line bo\u010dn\u00ed st\u011bna, \u010dern\u00e1 mat, sklo \u010dir\u00e9 ANT \/ ANTW"}]},{"@type":"WebSite","@id":"https:\/\/www.domtechnikpro.com\/#website","url":"https:\/\/www.domtechnikpro.com\/","name":"","description":"","potentialAction":[{"@type":"SearchAction","target":{"@type":"EntryPoint","urlTemplate":"https:\/\/www.domtechnikpro.com\/?s={search_term_string}"},"query-input":{"@type":"PropertyValueSpecification","valueRequired":true,"valueName":"search_term_string"}}],"inLanguage":"cs"}]}},"_links":{"self":[{"href":"https:\/\/www.domtechnikpro.com\/index.php\/wp-json\/wp\/v2\/product\/47711","targetHints":{"allow":["GET"]}}],"collection":[{"href":"https:\/\/www.domtechnikpro.com\/index.php\/wp-json\/wp\/v2\/product"}],"about":[{"href":"https:\/\/www.domtechnikpro.com\/index.php\/wp-json\/wp\/v2\/types\/product"}],"replies":[{"embeddable":true,"href":"https:\/\/www.domtechnikpro.com\/index.php\/wp-json\/wp\/v2\/comments?post=47711"}],"wp:featuredmedia":[{"embeddable":true,"href":"https:\/\/www.domtechnikpro.com\/index.php\/wp-json\/wp\/v2\/media\/47811"}],"wp:attachment":[{"href":"https:\/\/www.domtechnikpro.com\/index.php\/wp-json\/wp\/v2\/media?parent=47711"}],"wp:term":[{"taxonomy":"product_brand","embeddable":true,"href":"https:\/\/www.domtechnikpro.com\/index.php\/wp-json\/wp\/v2\/product_brand?post=47711"},{"taxonomy":"product_cat","embeddable":true,"href":"https:\/\/www.domtechnikpro.com\/index.php\/wp-json\/wp\/v2\/product_cat?post=47711"},{"taxonomy":"product_tag","embeddable":true,"href":"https:\/\/www.domtechnikpro.com\/index.php\/wp-json\/wp\/v2\/product_tag?post=47711"}],"curies":[{"name":"wp","href":"https:\/\/api.w.org\/{rel}","templated":true}]}}