{"id":45109,"date":"2026-04-26T08:59:46","date_gmt":"2026-04-26T08:59:46","guid":{"rendered":""},"modified":"2026-04-26T08:59:46","modified_gmt":"2026-04-26T08:59:46","slug":"ravak-campanula-ii-obdelnikova-vana-170x75-cm-bez-nozicek-levny-45109","status":"publish","type":"product","link":"https:\/\/www.domtechnikpro.com\/index.php\/produkt\/ravak-campanula-ii-obdelnikova-vana-170x75-cm-bez-nozicek-levny-45109\/","title":{"rendered":"Ravak Campanula II Obd\u00e9ln\u00edkov\u00e1 vana 170&#215;75 cm, bez no\u017ei\u010dek Levn\u00fd"},"content":{"rendered":"<div class=\"ProductDetail-content NoFixImageContainer\" id=\"productDescription\">\n<div class=\"Heading\">\n<h2 class=\"Heading-title\">Popis produktu <span class=''>Ravak Campanula II Obd\u00e9ln\u00edkov\u00e1 vana 170&#215;75 cm, bez no\u017ei\u010dek<\/span><\/h2>\n<\/p><\/div>\n<div class=\"ProductDetailContent\">\n<p><span style=\"color:rgb(62, 62, 62); font-family:open sans,sans-serif; font-size:16px\">Ur\u010dena k&nbsp;rozmazlov&aacute;n&iacute;. P\u0159&iacute;jemn\u011b obl&eacute; okraje na obou stran&aacute;ch vany a odtok um&iacute;st\u011bn&yacute; uprost\u0159ed zp\u0159&iacute;jemn&iacute; koup&aacute;n&iacute; i&nbsp;dv\u011bma lidem najednou. V&nbsp;z&aacute;plav\u011b pragmaticky jednoduch&yacute;ch van p\u016fsob&iacute; vana Campanula jako sen o&nbsp;romantick&yacute;ch ve\u010derech ve vo\u0148av&eacute; koupeli p\u0159i sv&iacute;\u010dk&aacute;ch. Campanula II je p\u0159ipravena k&nbsp;dopln\u011bn&iacute; nap\u0159&iacute;klad o&nbsp;m\u011bkk&yacute; podhlavn&iacute;k \u010di k&nbsp;zabudov&aacute;n&iacute; hydromas&aacute;\u017en&iacute;ho syst&eacute;mu nebo podvodn&iacute;ho osv\u011btlen&iacute; &ndash; chromoterapie H2O. Ud\u011blejte si na sebe \u010das a nechte se h&yacute;\u010dkat.<\/span><\/p>\n<ul>\n<li><span style=\"font-size:16px\">V rozm\u011brech 180 x 80 cm, 170 x 75 cm<\/span><\/li>\n<li><span style=\"font-size:16px\">standardn&iacute; z&aacute;ruka 10 let<\/span><\/li>\n<\/ul>\n<p><span style=\"font-size:16px\">Vana Campanula II vych&aacute;z&iacute; z&nbsp;atribut\u016f sv&eacute; p\u0159edch\u016fdkyn\u011b, ale v&nbsp;modern&iacute;m pojet&iacute;.&nbsp;Nab&iacute;z&iacute; v&iacute;ce prostoru v&nbsp;oblasti ramen a kolen, linie jsou prota\u017een\u011bj&scaron;&iacute; a odpov&iacute;daj&iacute; sou\u010dasn&yacute;m trend\u016fm.&nbsp;K obl&iacute;benosti jist\u011b p\u0159isp\u011bje i&nbsp;mo\u017enost koup&aacute;n&iacute; ve dvou.<\/span><\/p>\n<p><span style=\"font-size:16px\">K van\u011b lze&nbsp;dokoupit p\u0159&iacute;slu&scaron;enstv&iacute;&nbsp;(podporu, vanov&yacute; odtokov&yacute; komplet) p\u0159&iacute;p. praktick&eacute; dopl\u0148ky &ndash; \u010deln&iacute; i&nbsp;bo\u010dn&iacute; panel, podhlavn&iacute;k, vanovou z&aacute;st\u011bnu (VS2, VS3, VS5, PVS1, GVS1, GVS2, EVS1), p\u0159&iacute;padn\u011b vanov&eacute; dve\u0159e AVDP3. Mo\u017enost osazen&iacute; hydromas&aacute;\u017en&iacute;m syst&eacute;mem.<\/span><\/p>\n<\/p><\/div>\n<div class=\"ProductDetailContent\">\n<div class=\"ProductDetailContent-item\">\n<div style=\"background-color:#f9f9f9; border-left:5px solid #4caf50; border-radius:8px; box-shadow:0 4px 12px rgba(0,0,0,0.1); font-family:Arial,sans-serif; margin-bottom:20px; padding:25px 20px 20px 20px; position:relative\"><!-- Ikona info v lev\u00e9m horn\u00edm rohu --><\/p>\n<div style=\"align-items:center; background-color:#4caf50; border-radius:50%; color:#ffffff; display:flex; font-size:18px; font-weight:bold; height:30px; justify-content:center; left:-10px; position:absolute; top:-10px; width:30px\">i<\/div>\n<h3 style=\"margin-left:15px\">\u2705 Kvalitn\u00ed mont\u00e1\u017e vany je z\u00e1klad pohodln\u00e9ho koup\u00e1n\u00ed \u2013 nechte to na n\u00e1s<\/h3>\n<p>Spr\u00e1vn\u00e1 mont\u00e1\u017e <strong>vany<\/strong> je kl\u00ed\u010dem k jej\u00ed dlouh\u00e9 \u017eivotnosti, bezpe\u010dnosti i bezprobl\u00e9mov\u00e9mu provozu. A\u0165 u\u017e se jedn\u00e1 o klasickou <strong>obd\u00e9ln\u00edkovou vanu<\/strong>, <strong>rohovou<\/strong>, <strong>asymetrickou<\/strong> \u010di <strong>voln\u011b stoj\u00edc\u00ed<\/strong>, je v\u017edy d\u016fle\u017eit\u00e9 zajistit precizn\u00ed usazen\u00ed, stabilitu a pe\u010dliv\u00e9 ut\u011bsn\u011bn\u00ed v\u0161ech napojen\u00ed.<\/p>\n<p><strong>Nab\u00edz\u00edme odbornou mont\u00e1\u017e van v\u0161ech typ\u016f i zna\u010dek<\/strong>. Postar\u00e1me se o p\u0159esn\u00e9 zam\u011b\u0159en\u00ed, demont\u00e1\u017e p\u016fvodn\u00ed vany, p\u0159\u00edpravu prostoru, instalaci vany v\u010detn\u011b napojen\u00ed na odpad a vodu, i osazen\u00ed <strong>vanov\u00e9 baterie<\/strong> nebo <strong>vanov\u00e9 z\u00e1st\u011bny<\/strong>. Po dokon\u010den\u00ed v\u017edy d\u016fsledn\u011b otestujeme funk\u010dnost a db\u00e1me na \u010dist\u00fd a profesion\u00e1ln\u00ed v\u00fdstup.<\/p>\n<p><strong>Mont\u00e1\u017e vany p\u0159enechte zku\u0161en\u00fdm odborn\u00edk\u016fm<\/strong>, vyhnete se nep\u0159esnostem, net\u011bsnostem nebo probl\u00e9m\u016fm s podlahou a izolac\u00ed. Pracujeme rychle, pe\u010dliv\u011b a s respektem k va\u0161emu interi\u00e9ru.<\/p>\n<\/div><\/div>\n<\/p><\/div>\n<\/p><\/div>\n<\/p><\/div>\n<\/p><\/div>\n","protected":false},"excerpt":{"rendered":"<p>Popis produktu Ravak Campanula II Obd\u00e9ln\u00edkov\u00e1 vana 170&#215;75 cm, bez no\u017ei\u010dek Ur\u010dena k&nbsp;rozmazlov&aacute;n&iacute;. P\u0159&iacute;jemn\u011b obl&eacute; okraje na obou stran&aacute;ch vany a odtok um&iacute;st\u011bn&yacute; uprost\u0159ed zp\u0159&iacute;jemn&iacute; koup&aacute;n&iacute; i&nbsp;dv\u011bma lidem najednou. V&nbsp;z&aacute;plav\u011b pragmaticky jednoduch&yacute;ch van p\u016fsob&iacute; vana Campanula jako sen o&nbsp;romantick&yacute;ch ve\u010derech ve vo\u0148av&eacute; koupeli p\u0159i sv&iacute;\u010dk&aacute;ch. Campanula II je p\u0159ipravena k&nbsp;dopln\u011bn&iacute; nap\u0159&iacute;klad o&nbsp;m\u011bkk&yacute; podhlavn&iacute;k \u010di k&nbsp;zabudov&aacute;n&iacute; [&hellip;]<\/p>\n","protected":false},"featured_media":45209,"comment_status":"open","ping_status":"open","template":"","meta":[],"product_brand":[],"product_cat":[162],"product_tag":[],"class_list":{"0":"post-45109","1":"product","2":"type-product","3":"status-publish","4":"has-post-thumbnail","6":"product_cat-koupelny","8":"first","9":"instock","10":"sale","11":"shipping-taxable","12":"purchasable","13":"product-type-simple"},"yoast_head":"<!-- This site is optimized with the Yoast SEO plugin v26.8 - https:\/\/yoast.com\/product\/yoast-seo-wordpress\/ -->\n<title>Ravak Campanula II Obd\u00e9ln\u00edkov\u00e1 vana 170x75 cm, bez no\u017ei\u010dek Levn\u00fd -<\/title>\n<meta name=\"robots\" content=\"index, follow, max-snippet:-1, max-image-preview:large, max-video-preview:-1\" \/>\n<link rel=\"canonical\" href=\"https:\/\/www.domtechnikpro.com\/index.php\/produkt\/ravak-campanula-ii-obdelnikova-vana-170x75-cm-bez-nozicek-levny-45109\/\" \/>\n<meta property=\"og:locale\" content=\"cs_CZ\" \/>\n<meta property=\"og:type\" content=\"article\" \/>\n<meta property=\"og:title\" content=\"Ravak Campanula II Obd\u00e9ln\u00edkov\u00e1 vana 170x75 cm, bez no\u017ei\u010dek Levn\u00fd -\" \/>\n<meta property=\"og:description\" content=\"Popis produktu Ravak Campanula II Obd\u00e9ln\u00edkov\u00e1 vana 170&#215;75 cm, bez no\u017ei\u010dek Ur\u010dena k&nbsp;rozmazlov&aacute;n&iacute;. P\u0159&iacute;jemn\u011b obl&eacute; okraje na obou stran&aacute;ch vany a odtok um&iacute;st\u011bn&yacute; uprost\u0159ed zp\u0159&iacute;jemn&iacute; koup&aacute;n&iacute; i&nbsp;dv\u011bma lidem najednou. V&nbsp;z&aacute;plav\u011b pragmaticky jednoduch&yacute;ch van p\u016fsob&iacute; vana Campanula jako sen o&nbsp;romantick&yacute;ch ve\u010derech ve vo\u0148av&eacute; koupeli p\u0159i sv&iacute;\u010dk&aacute;ch. Campanula II je p\u0159ipravena k&nbsp;dopln\u011bn&iacute; nap\u0159&iacute;klad o&nbsp;m\u011bkk&yacute; podhlavn&iacute;k \u010di k&nbsp;zabudov&aacute;n&iacute; [&hellip;]\" \/>\n<meta property=\"og:url\" content=\"https:\/\/www.domtechnikpro.com\/index.php\/produkt\/ravak-campanula-ii-obdelnikova-vana-170x75-cm-bez-nozicek-levny-45109\/\" \/>\n<meta property=\"og:image\" content=\"https:\/\/www.domtechnikpro.com\/wp-content\/uploads\/2026\/SK0001482-CZ20260425-092632-0-1777080397-ravak-campanula-ii-obdelnikova-vana-170x75-cm-bez-nozicek-5.webp\" \/>\n\t<meta property=\"og:image:width\" content=\"600\" \/>\n\t<meta property=\"og:image:height\" content=\"286\" \/>\n\t<meta property=\"og:image:type\" content=\"image\/webp\" \/>\n<meta name=\"twitter:card\" content=\"summary_large_image\" \/>\n<meta name=\"twitter:label1\" content=\"Odhadovan\u00e1 doba \u010dten\u00ed\" \/>\n\t<meta name=\"twitter:data1\" content=\"2 minuty\" \/>\n<script type=\"application\/ld+json\" class=\"yoast-schema-graph\">{\"@context\":\"https:\/\/schema.org\",\"@graph\":[{\"@type\":\"WebPage\",\"@id\":\"https:\/\/www.domtechnikpro.com\/index.php\/produkt\/ravak-campanula-ii-obdelnikova-vana-170x75-cm-bez-nozicek-levny-45109\/\",\"url\":\"https:\/\/www.domtechnikpro.com\/index.php\/produkt\/ravak-campanula-ii-obdelnikova-vana-170x75-cm-bez-nozicek-levny-45109\/\",\"name\":\"Ravak Campanula II Obd\u00e9ln\u00edkov\u00e1 vana 170x75 cm, bez no\u017ei\u010dek Levn\u00fd -\",\"isPartOf\":{\"@id\":\"https:\/\/www.domtechnikpro.com\/#website\"},\"primaryImageOfPage\":{\"@id\":\"https:\/\/www.domtechnikpro.com\/index.php\/produkt\/ravak-campanula-ii-obdelnikova-vana-170x75-cm-bez-nozicek-levny-45109\/#primaryimage\"},\"image\":{\"@id\":\"https:\/\/www.domtechnikpro.com\/index.php\/produkt\/ravak-campanula-ii-obdelnikova-vana-170x75-cm-bez-nozicek-levny-45109\/#primaryimage\"},\"thumbnailUrl\":\"https:\/\/www.domtechnikpro.com\/wp-content\/uploads\/2026\/SK0001482-CZ20260425-092632-0-1777080397-ravak-campanula-ii-obdelnikova-vana-170x75-cm-bez-nozicek-5.webp\",\"datePublished\":\"2026-04-26T08:59:46+00:00\",\"breadcrumb\":{\"@id\":\"https:\/\/www.domtechnikpro.com\/index.php\/produkt\/ravak-campanula-ii-obdelnikova-vana-170x75-cm-bez-nozicek-levny-45109\/#breadcrumb\"},\"inLanguage\":\"cs\",\"potentialAction\":[{\"@type\":\"ReadAction\",\"target\":[\"https:\/\/www.domtechnikpro.com\/index.php\/produkt\/ravak-campanula-ii-obdelnikova-vana-170x75-cm-bez-nozicek-levny-45109\/\"]}]},{\"@type\":\"ImageObject\",\"inLanguage\":\"cs\",\"@id\":\"https:\/\/www.domtechnikpro.com\/index.php\/produkt\/ravak-campanula-ii-obdelnikova-vana-170x75-cm-bez-nozicek-levny-45109\/#primaryimage\",\"url\":\"https:\/\/www.domtechnikpro.com\/wp-content\/uploads\/2026\/SK0001482-CZ20260425-092632-0-1777080397-ravak-campanula-ii-obdelnikova-vana-170x75-cm-bez-nozicek-5.webp\",\"contentUrl\":\"https:\/\/www.domtechnikpro.com\/wp-content\/uploads\/2026\/SK0001482-CZ20260425-092632-0-1777080397-ravak-campanula-ii-obdelnikova-vana-170x75-cm-bez-nozicek-5.webp\",\"width\":600,\"height\":286},{\"@type\":\"BreadcrumbList\",\"@id\":\"https:\/\/www.domtechnikpro.com\/index.php\/produkt\/ravak-campanula-ii-obdelnikova-vana-170x75-cm-bez-nozicek-levny-45109\/#breadcrumb\",\"itemListElement\":[{\"@type\":\"ListItem\",\"position\":1,\"name\":\"Home\",\"item\":\"https:\/\/www.domtechnikpro.com\/\"},{\"@type\":\"ListItem\",\"position\":2,\"name\":\"Products\",\"item\":\"https:\/\/www.domtechnikpro.com\/index.php\/products\/\"},{\"@type\":\"ListItem\",\"position\":3,\"name\":\"Ravak Campanula II Obd\u00e9ln\u00edkov\u00e1 vana 170&#215;75 cm, bez no\u017ei\u010dek Levn\u00fd\"}]},{\"@type\":\"WebSite\",\"@id\":\"https:\/\/www.domtechnikpro.com\/#website\",\"url\":\"https:\/\/www.domtechnikpro.com\/\",\"name\":\"\",\"description\":\"\",\"potentialAction\":[{\"@type\":\"SearchAction\",\"target\":{\"@type\":\"EntryPoint\",\"urlTemplate\":\"https:\/\/www.domtechnikpro.com\/?s={search_term_string}\"},\"query-input\":{\"@type\":\"PropertyValueSpecification\",\"valueRequired\":true,\"valueName\":\"search_term_string\"}}],\"inLanguage\":\"cs\"}]}<\/script>\n<!-- \/ Yoast SEO plugin. -->","yoast_head_json":{"title":"Ravak Campanula II Obd\u00e9ln\u00edkov\u00e1 vana 170x75 cm, bez no\u017ei\u010dek Levn\u00fd -","robots":{"index":"index","follow":"follow","max-snippet":"max-snippet:-1","max-image-preview":"max-image-preview:large","max-video-preview":"max-video-preview:-1"},"canonical":"https:\/\/www.domtechnikpro.com\/index.php\/produkt\/ravak-campanula-ii-obdelnikova-vana-170x75-cm-bez-nozicek-levny-45109\/","og_locale":"cs_CZ","og_type":"article","og_title":"Ravak Campanula II Obd\u00e9ln\u00edkov\u00e1 vana 170x75 cm, bez no\u017ei\u010dek Levn\u00fd -","og_description":"Popis produktu Ravak Campanula II Obd\u00e9ln\u00edkov\u00e1 vana 170&#215;75 cm, bez no\u017ei\u010dek Ur\u010dena k&nbsp;rozmazlov&aacute;n&iacute;. P\u0159&iacute;jemn\u011b obl&eacute; okraje na obou stran&aacute;ch vany a odtok um&iacute;st\u011bn&yacute; uprost\u0159ed zp\u0159&iacute;jemn&iacute; koup&aacute;n&iacute; i&nbsp;dv\u011bma lidem najednou. V&nbsp;z&aacute;plav\u011b pragmaticky jednoduch&yacute;ch van p\u016fsob&iacute; vana Campanula jako sen o&nbsp;romantick&yacute;ch ve\u010derech ve vo\u0148av&eacute; koupeli p\u0159i sv&iacute;\u010dk&aacute;ch. Campanula II je p\u0159ipravena k&nbsp;dopln\u011bn&iacute; nap\u0159&iacute;klad o&nbsp;m\u011bkk&yacute; podhlavn&iacute;k \u010di k&nbsp;zabudov&aacute;n&iacute; [&hellip;]","og_url":"https:\/\/www.domtechnikpro.com\/index.php\/produkt\/ravak-campanula-ii-obdelnikova-vana-170x75-cm-bez-nozicek-levny-45109\/","og_image":[{"width":600,"height":286,"url":"https:\/\/www.domtechnikpro.com\/wp-content\/uploads\/2026\/SK0001482-CZ20260425-092632-0-1777080397-ravak-campanula-ii-obdelnikova-vana-170x75-cm-bez-nozicek-5.webp","type":"image\/webp"}],"twitter_card":"summary_large_image","twitter_misc":{"Odhadovan\u00e1 doba \u010dten\u00ed":"2 minuty"},"schema":{"@context":"https:\/\/schema.org","@graph":[{"@type":"WebPage","@id":"https:\/\/www.domtechnikpro.com\/index.php\/produkt\/ravak-campanula-ii-obdelnikova-vana-170x75-cm-bez-nozicek-levny-45109\/","url":"https:\/\/www.domtechnikpro.com\/index.php\/produkt\/ravak-campanula-ii-obdelnikova-vana-170x75-cm-bez-nozicek-levny-45109\/","name":"Ravak Campanula II Obd\u00e9ln\u00edkov\u00e1 vana 170x75 cm, bez no\u017ei\u010dek Levn\u00fd -","isPartOf":{"@id":"https:\/\/www.domtechnikpro.com\/#website"},"primaryImageOfPage":{"@id":"https:\/\/www.domtechnikpro.com\/index.php\/produkt\/ravak-campanula-ii-obdelnikova-vana-170x75-cm-bez-nozicek-levny-45109\/#primaryimage"},"image":{"@id":"https:\/\/www.domtechnikpro.com\/index.php\/produkt\/ravak-campanula-ii-obdelnikova-vana-170x75-cm-bez-nozicek-levny-45109\/#primaryimage"},"thumbnailUrl":"https:\/\/www.domtechnikpro.com\/wp-content\/uploads\/2026\/SK0001482-CZ20260425-092632-0-1777080397-ravak-campanula-ii-obdelnikova-vana-170x75-cm-bez-nozicek-5.webp","datePublished":"2026-04-26T08:59:46+00:00","breadcrumb":{"@id":"https:\/\/www.domtechnikpro.com\/index.php\/produkt\/ravak-campanula-ii-obdelnikova-vana-170x75-cm-bez-nozicek-levny-45109\/#breadcrumb"},"inLanguage":"cs","potentialAction":[{"@type":"ReadAction","target":["https:\/\/www.domtechnikpro.com\/index.php\/produkt\/ravak-campanula-ii-obdelnikova-vana-170x75-cm-bez-nozicek-levny-45109\/"]}]},{"@type":"ImageObject","inLanguage":"cs","@id":"https:\/\/www.domtechnikpro.com\/index.php\/produkt\/ravak-campanula-ii-obdelnikova-vana-170x75-cm-bez-nozicek-levny-45109\/#primaryimage","url":"https:\/\/www.domtechnikpro.com\/wp-content\/uploads\/2026\/SK0001482-CZ20260425-092632-0-1777080397-ravak-campanula-ii-obdelnikova-vana-170x75-cm-bez-nozicek-5.webp","contentUrl":"https:\/\/www.domtechnikpro.com\/wp-content\/uploads\/2026\/SK0001482-CZ20260425-092632-0-1777080397-ravak-campanula-ii-obdelnikova-vana-170x75-cm-bez-nozicek-5.webp","width":600,"height":286},{"@type":"BreadcrumbList","@id":"https:\/\/www.domtechnikpro.com\/index.php\/produkt\/ravak-campanula-ii-obdelnikova-vana-170x75-cm-bez-nozicek-levny-45109\/#breadcrumb","itemListElement":[{"@type":"ListItem","position":1,"name":"Home","item":"https:\/\/www.domtechnikpro.com\/"},{"@type":"ListItem","position":2,"name":"Products","item":"https:\/\/www.domtechnikpro.com\/index.php\/products\/"},{"@type":"ListItem","position":3,"name":"Ravak Campanula II Obd\u00e9ln\u00edkov\u00e1 vana 170&#215;75 cm, bez no\u017ei\u010dek Levn\u00fd"}]},{"@type":"WebSite","@id":"https:\/\/www.domtechnikpro.com\/#website","url":"https:\/\/www.domtechnikpro.com\/","name":"","description":"","potentialAction":[{"@type":"SearchAction","target":{"@type":"EntryPoint","urlTemplate":"https:\/\/www.domtechnikpro.com\/?s={search_term_string}"},"query-input":{"@type":"PropertyValueSpecification","valueRequired":true,"valueName":"search_term_string"}}],"inLanguage":"cs"}]}},"_links":{"self":[{"href":"https:\/\/www.domtechnikpro.com\/index.php\/wp-json\/wp\/v2\/product\/45109","targetHints":{"allow":["GET"]}}],"collection":[{"href":"https:\/\/www.domtechnikpro.com\/index.php\/wp-json\/wp\/v2\/product"}],"about":[{"href":"https:\/\/www.domtechnikpro.com\/index.php\/wp-json\/wp\/v2\/types\/product"}],"replies":[{"embeddable":true,"href":"https:\/\/www.domtechnikpro.com\/index.php\/wp-json\/wp\/v2\/comments?post=45109"}],"wp:featuredmedia":[{"embeddable":true,"href":"https:\/\/www.domtechnikpro.com\/index.php\/wp-json\/wp\/v2\/media\/45209"}],"wp:attachment":[{"href":"https:\/\/www.domtechnikpro.com\/index.php\/wp-json\/wp\/v2\/media?parent=45109"}],"wp:term":[{"taxonomy":"product_brand","embeddable":true,"href":"https:\/\/www.domtechnikpro.com\/index.php\/wp-json\/wp\/v2\/product_brand?post=45109"},{"taxonomy":"product_cat","embeddable":true,"href":"https:\/\/www.domtechnikpro.com\/index.php\/wp-json\/wp\/v2\/product_cat?post=45109"},{"taxonomy":"product_tag","embeddable":true,"href":"https:\/\/www.domtechnikpro.com\/index.php\/wp-json\/wp\/v2\/product_tag?post=45109"}],"curies":[{"name":"wp","href":"https:\/\/api.w.org\/{rel}","templated":true}]}}