{"id":45108,"date":"2026-04-26T08:59:46","date_gmt":"2026-04-26T08:59:46","guid":{"rendered":""},"modified":"2026-04-26T08:59:46","modified_gmt":"2026-04-26T08:59:46","slug":"ravak-vanda-ii-akrylatova-obdelnikova-vana-170x70-cm-bez-nozicek-ihned-k-objednani-45108","status":"publish","type":"product","link":"https:\/\/www.domtechnikpro.com\/index.php\/produkt\/ravak-vanda-ii-akrylatova-obdelnikova-vana-170x70-cm-bez-nozicek-ihned-k-objednani-45108\/","title":{"rendered":"Ravak Vanda II Akryl\u00e1tov\u00e1 obd\u00e9ln\u00edkov\u00e1 vana 170&#215;70 cm, bez no\u017ei\u010dek Ihned K Objedn\u00e1n\u00ed"},"content":{"rendered":"<div class=\"ProductDetail-content NoFixImageContainer\" id=\"productDescription\">\n<div class=\"Heading\">\n<h2 class=\"Heading-title\">Popis produktu <span class=''>Ravak Vanda II Akryl\u00e1tov\u00e1 obd\u00e9ln\u00edkov\u00e1 vana 170&#215;70 cm, bez no\u017ei\u010dek<\/span><\/h2>\n<\/p><\/div>\n<div class=\"ProductDetailContent\">\n<p><span style=\"font-size:16px\">Kdy\u017e v&iacute;te, co v&aacute;m ud\u011bl&aacute; dob\u0159e. Seznamte se s nejobl&iacute;ben\u011bj&scaron;&iacute; obd&eacute;ln&iacute;kovou vanou ze sortimentu RAVAK. Vana Vanda II je charakteristick&aacute; sv&yacute;mi podru\u010dkami, kter&eacute; jsou ide&aacute;ln&iacute; nap\u0159&iacute;klad pro \u010dten&iacute; b\u011bhem koupele nebo i k pohodln\u011bj&scaron;&iacute;mu vst&aacute;v&aacute;n&iacute;. Vanda je natolik obl&iacute;ben&aacute;, \u017ee u\u017e existuje ve t\u0159ech variant&aacute;ch d&eacute;lek. Vybrat si tak m\u016f\u017eete p\u0159esn\u011b tu, kterou v&aacute;m rozm\u011bry va&scaron;&iacute; koupelny dovol&iacute;. Obd&eacute;ln&iacute;kov&aacute; vana Vanda II m&aacute; v&yacute;razn&eacute; vnit\u0159n&iacute; \u010dlen\u011bn&iacute;. Jej&iacute; podru\u010dky nejv&iacute;ce vyhov&iacute; t\u011bm, kte\u0159&iacute; si ve van\u011b r&aacute;di \u010dtou, p\u0159&iacute;padn\u011b ocen&iacute; pevnou oporu p\u0159i vst&aacute;v&aacute;n&iacute; z koupele. Vanu si m\u016f\u017eete d&aacute;le vylep&scaron;ovat podle sv&yacute;ch p\u0159&aacute;n&iacute;. M&iacute;sto obkl&aacute;d&aacute;n&iacute; vany vyu\u017eijte jej&iacute; ergonomicky tvarovan&yacute; \u010deln&iacute; panel nebo nap\u0159&iacute;klad nerezov&eacute; madlo pro zv&yacute;&scaron;en&iacute; komfortu p\u0159i vst&aacute;v&aacute;n&iacute; z koupele. Mno\u017estv&iacute; kompatibiln&iacute;ch vanov&yacute;ch z&aacute;st\u011bn v&aacute;m uleh\u010d&iacute; sprchov&aacute;n&iacute;.<\/span><\/p>\n<ul>\n<li><span style=\"font-size:16px\">v rozm\u011brech 170\/160\/150 x 70 cm<\/span><\/li>\n<li><span style=\"font-size:16px\">Z&aacute;ruka 10 let<\/span><\/li>\n<\/ul>\n<p><span style=\"font-size:16px\">Vana Vanda II m&aacute; modern&iacute; a prakti\u010dt\u011bj&scaron;&iacute; design ne\u017e jej&iacute; p\u0159edch\u016fdkyn\u011b. Obl&iacute;ben&eacute; podru\u010dky jsou nyn&iacute; um&iacute;st\u011bn&eacute; n&iacute;\u017ee a p\u0159&iacute;mo vyb&iacute;zej&iacute; k relaxaci t\u0159eba p\u0159i \u010dten&iacute; ve van\u011b. Jej&iacute; modern&iacute; v&yacute;raz podtrhuje ergonomick&yacute; panel s prolisem pro lep&scaron;&iacute; p\u0159&iacute;stup k van\u011b. Nov\u011b tak&eacute; nab&iacute;z&iacute;me vanu Vanda II v d&eacute;lce 170 cm.<\/span><\/p>\n<\/p><\/div>\n<div class=\"ProductDetailContent\">\n<div class=\"ProductDetailContent-item\">\n<div style=\"background-color:#f9f9f9; border-left:5px solid #4caf50; border-radius:8px; box-shadow:0 4px 12px rgba(0,0,0,0.1); font-family:Arial,sans-serif; margin-bottom:20px; padding:25px 20px 20px 20px; position:relative\"><!-- Ikona info v lev\u00e9m horn\u00edm rohu --><\/p>\n<div style=\"align-items:center; background-color:#4caf50; border-radius:50%; color:#ffffff; display:flex; font-size:18px; font-weight:bold; height:30px; justify-content:center; left:-10px; position:absolute; top:-10px; width:30px\">i<\/div>\n<h3 style=\"margin-left:15px\">\u2705 Kvalitn\u00ed mont\u00e1\u017e vany je z\u00e1klad pohodln\u00e9ho koup\u00e1n\u00ed \u2013 nechte to na n\u00e1s<\/h3>\n<p>Spr\u00e1vn\u00e1 mont\u00e1\u017e <strong>vany<\/strong> je kl\u00ed\u010dem k jej\u00ed dlouh\u00e9 \u017eivotnosti, bezpe\u010dnosti i bezprobl\u00e9mov\u00e9mu provozu. A\u0165 u\u017e se jedn\u00e1 o klasickou <strong>obd\u00e9ln\u00edkovou vanu<\/strong>, <strong>rohovou<\/strong>, <strong>asymetrickou<\/strong> \u010di <strong>voln\u011b stoj\u00edc\u00ed<\/strong>, je v\u017edy d\u016fle\u017eit\u00e9 zajistit precizn\u00ed usazen\u00ed, stabilitu a pe\u010dliv\u00e9 ut\u011bsn\u011bn\u00ed v\u0161ech napojen\u00ed.<\/p>\n<p><strong>Nab\u00edz\u00edme odbornou mont\u00e1\u017e van v\u0161ech typ\u016f i zna\u010dek<\/strong>. Postar\u00e1me se o p\u0159esn\u00e9 zam\u011b\u0159en\u00ed, demont\u00e1\u017e p\u016fvodn\u00ed vany, p\u0159\u00edpravu prostoru, instalaci vany v\u010detn\u011b napojen\u00ed na odpad a vodu, i osazen\u00ed <strong>vanov\u00e9 baterie<\/strong> nebo <strong>vanov\u00e9 z\u00e1st\u011bny<\/strong>. Po dokon\u010den\u00ed v\u017edy d\u016fsledn\u011b otestujeme funk\u010dnost a db\u00e1me na \u010dist\u00fd a profesion\u00e1ln\u00ed v\u00fdstup.<\/p>\n<p><strong>Mont\u00e1\u017e vany p\u0159enechte zku\u0161en\u00fdm odborn\u00edk\u016fm<\/strong>, vyhnete se nep\u0159esnostem, net\u011bsnostem nebo probl\u00e9m\u016fm s podlahou a izolac\u00ed. Pracujeme rychle, pe\u010dliv\u011b a s respektem k va\u0161emu interi\u00e9ru.<\/p>\n<\/div><\/div>\n<\/p><\/div>\n<\/p><\/div>\n<\/p><\/div>\n<\/p><\/div>\n","protected":false},"excerpt":{"rendered":"<p>Popis produktu Ravak Vanda II Akryl\u00e1tov\u00e1 obd\u00e9ln\u00edkov\u00e1 vana 170&#215;70 cm, bez no\u017ei\u010dek Kdy\u017e v&iacute;te, co v&aacute;m ud\u011bl&aacute; dob\u0159e. Seznamte se s nejobl&iacute;ben\u011bj&scaron;&iacute; obd&eacute;ln&iacute;kovou vanou ze sortimentu RAVAK. Vana Vanda II je charakteristick&aacute; sv&yacute;mi podru\u010dkami, kter&eacute; jsou ide&aacute;ln&iacute; nap\u0159&iacute;klad pro \u010dten&iacute; b\u011bhem koupele nebo i k pohodln\u011bj&scaron;&iacute;mu vst&aacute;v&aacute;n&iacute;. Vanda je natolik obl&iacute;ben&aacute;, \u017ee u\u017e existuje ve [&hellip;]<\/p>\n","protected":false},"featured_media":45208,"comment_status":"open","ping_status":"open","template":"","meta":[],"product_brand":[],"product_cat":[162],"product_tag":[],"class_list":{"0":"post-45108","1":"product","2":"type-product","3":"status-publish","4":"has-post-thumbnail","6":"product_cat-koupelny","8":"first","9":"instock","10":"sale","11":"shipping-taxable","12":"purchasable","13":"product-type-simple"},"yoast_head":"<!-- This site is optimized with the Yoast SEO plugin v26.8 - https:\/\/yoast.com\/product\/yoast-seo-wordpress\/ -->\n<title>Ravak Vanda II Akryl\u00e1tov\u00e1 obd\u00e9ln\u00edkov\u00e1 vana 170x70 cm, bez no\u017ei\u010dek Ihned K Objedn\u00e1n\u00ed -<\/title>\n<meta name=\"robots\" content=\"index, follow, max-snippet:-1, max-image-preview:large, max-video-preview:-1\" \/>\n<link rel=\"canonical\" href=\"https:\/\/www.domtechnikpro.com\/index.php\/produkt\/ravak-vanda-ii-akrylatova-obdelnikova-vana-170x70-cm-bez-nozicek-ihned-k-objednani-45108\/\" \/>\n<meta property=\"og:locale\" content=\"cs_CZ\" \/>\n<meta property=\"og:type\" content=\"article\" \/>\n<meta property=\"og:title\" content=\"Ravak Vanda II Akryl\u00e1tov\u00e1 obd\u00e9ln\u00edkov\u00e1 vana 170x70 cm, bez no\u017ei\u010dek Ihned K Objedn\u00e1n\u00ed -\" \/>\n<meta property=\"og:description\" content=\"Popis produktu Ravak Vanda II Akryl\u00e1tov\u00e1 obd\u00e9ln\u00edkov\u00e1 vana 170&#215;70 cm, bez no\u017ei\u010dek Kdy\u017e v&iacute;te, co v&aacute;m ud\u011bl&aacute; dob\u0159e. Seznamte se s nejobl&iacute;ben\u011bj&scaron;&iacute; obd&eacute;ln&iacute;kovou vanou ze sortimentu RAVAK. Vana Vanda II je charakteristick&aacute; sv&yacute;mi podru\u010dkami, kter&eacute; jsou ide&aacute;ln&iacute; nap\u0159&iacute;klad pro \u010dten&iacute; b\u011bhem koupele nebo i k pohodln\u011bj&scaron;&iacute;mu vst&aacute;v&aacute;n&iacute;. Vanda je natolik obl&iacute;ben&aacute;, \u017ee u\u017e existuje ve [&hellip;]\" \/>\n<meta property=\"og:url\" content=\"https:\/\/www.domtechnikpro.com\/index.php\/produkt\/ravak-vanda-ii-akrylatova-obdelnikova-vana-170x70-cm-bez-nozicek-ihned-k-objednani-45108\/\" \/>\n<meta property=\"og:image\" content=\"https:\/\/www.domtechnikpro.com\/wp-content\/uploads\/2026\/SK0001481-CZ20260425-092632-0-1777080397-ravak-vanda-ii-akrylatova-obdelnikova-vana-170x70-cm-bez-no.webp\" \/>\n\t<meta property=\"og:image:width\" content=\"600\" \/>\n\t<meta property=\"og:image:height\" content=\"284\" \/>\n\t<meta property=\"og:image:type\" content=\"image\/webp\" \/>\n<meta name=\"twitter:card\" content=\"summary_large_image\" \/>\n<meta name=\"twitter:label1\" content=\"Odhadovan\u00e1 doba \u010dten\u00ed\" \/>\n\t<meta name=\"twitter:data1\" content=\"3 minuty\" \/>\n<script type=\"application\/ld+json\" class=\"yoast-schema-graph\">{\"@context\":\"https:\/\/schema.org\",\"@graph\":[{\"@type\":\"WebPage\",\"@id\":\"https:\/\/www.domtechnikpro.com\/index.php\/produkt\/ravak-vanda-ii-akrylatova-obdelnikova-vana-170x70-cm-bez-nozicek-ihned-k-objednani-45108\/\",\"url\":\"https:\/\/www.domtechnikpro.com\/index.php\/produkt\/ravak-vanda-ii-akrylatova-obdelnikova-vana-170x70-cm-bez-nozicek-ihned-k-objednani-45108\/\",\"name\":\"Ravak Vanda II Akryl\u00e1tov\u00e1 obd\u00e9ln\u00edkov\u00e1 vana 170x70 cm, bez no\u017ei\u010dek Ihned K Objedn\u00e1n\u00ed -\",\"isPartOf\":{\"@id\":\"https:\/\/www.domtechnikpro.com\/#website\"},\"primaryImageOfPage\":{\"@id\":\"https:\/\/www.domtechnikpro.com\/index.php\/produkt\/ravak-vanda-ii-akrylatova-obdelnikova-vana-170x70-cm-bez-nozicek-ihned-k-objednani-45108\/#primaryimage\"},\"image\":{\"@id\":\"https:\/\/www.domtechnikpro.com\/index.php\/produkt\/ravak-vanda-ii-akrylatova-obdelnikova-vana-170x70-cm-bez-nozicek-ihned-k-objednani-45108\/#primaryimage\"},\"thumbnailUrl\":\"https:\/\/www.domtechnikpro.com\/wp-content\/uploads\/2026\/SK0001481-CZ20260425-092632-0-1777080397-ravak-vanda-ii-akrylatova-obdelnikova-vana-170x70-cm-bez-no.webp\",\"datePublished\":\"2026-04-26T08:59:46+00:00\",\"breadcrumb\":{\"@id\":\"https:\/\/www.domtechnikpro.com\/index.php\/produkt\/ravak-vanda-ii-akrylatova-obdelnikova-vana-170x70-cm-bez-nozicek-ihned-k-objednani-45108\/#breadcrumb\"},\"inLanguage\":\"cs\",\"potentialAction\":[{\"@type\":\"ReadAction\",\"target\":[\"https:\/\/www.domtechnikpro.com\/index.php\/produkt\/ravak-vanda-ii-akrylatova-obdelnikova-vana-170x70-cm-bez-nozicek-ihned-k-objednani-45108\/\"]}]},{\"@type\":\"ImageObject\",\"inLanguage\":\"cs\",\"@id\":\"https:\/\/www.domtechnikpro.com\/index.php\/produkt\/ravak-vanda-ii-akrylatova-obdelnikova-vana-170x70-cm-bez-nozicek-ihned-k-objednani-45108\/#primaryimage\",\"url\":\"https:\/\/www.domtechnikpro.com\/wp-content\/uploads\/2026\/SK0001481-CZ20260425-092632-0-1777080397-ravak-vanda-ii-akrylatova-obdelnikova-vana-170x70-cm-bez-no.webp\",\"contentUrl\":\"https:\/\/www.domtechnikpro.com\/wp-content\/uploads\/2026\/SK0001481-CZ20260425-092632-0-1777080397-ravak-vanda-ii-akrylatova-obdelnikova-vana-170x70-cm-bez-no.webp\",\"width\":600,\"height\":284},{\"@type\":\"BreadcrumbList\",\"@id\":\"https:\/\/www.domtechnikpro.com\/index.php\/produkt\/ravak-vanda-ii-akrylatova-obdelnikova-vana-170x70-cm-bez-nozicek-ihned-k-objednani-45108\/#breadcrumb\",\"itemListElement\":[{\"@type\":\"ListItem\",\"position\":1,\"name\":\"Home\",\"item\":\"https:\/\/www.domtechnikpro.com\/\"},{\"@type\":\"ListItem\",\"position\":2,\"name\":\"Products\",\"item\":\"https:\/\/www.domtechnikpro.com\/index.php\/products\/\"},{\"@type\":\"ListItem\",\"position\":3,\"name\":\"Ravak Vanda II Akryl\u00e1tov\u00e1 obd\u00e9ln\u00edkov\u00e1 vana 170&#215;70 cm, bez no\u017ei\u010dek Ihned K Objedn\u00e1n\u00ed\"}]},{\"@type\":\"WebSite\",\"@id\":\"https:\/\/www.domtechnikpro.com\/#website\",\"url\":\"https:\/\/www.domtechnikpro.com\/\",\"name\":\"\",\"description\":\"\",\"potentialAction\":[{\"@type\":\"SearchAction\",\"target\":{\"@type\":\"EntryPoint\",\"urlTemplate\":\"https:\/\/www.domtechnikpro.com\/?s={search_term_string}\"},\"query-input\":{\"@type\":\"PropertyValueSpecification\",\"valueRequired\":true,\"valueName\":\"search_term_string\"}}],\"inLanguage\":\"cs\"}]}<\/script>\n<!-- \/ Yoast SEO plugin. -->","yoast_head_json":{"title":"Ravak Vanda II Akryl\u00e1tov\u00e1 obd\u00e9ln\u00edkov\u00e1 vana 170x70 cm, bez no\u017ei\u010dek Ihned K Objedn\u00e1n\u00ed -","robots":{"index":"index","follow":"follow","max-snippet":"max-snippet:-1","max-image-preview":"max-image-preview:large","max-video-preview":"max-video-preview:-1"},"canonical":"https:\/\/www.domtechnikpro.com\/index.php\/produkt\/ravak-vanda-ii-akrylatova-obdelnikova-vana-170x70-cm-bez-nozicek-ihned-k-objednani-45108\/","og_locale":"cs_CZ","og_type":"article","og_title":"Ravak Vanda II Akryl\u00e1tov\u00e1 obd\u00e9ln\u00edkov\u00e1 vana 170x70 cm, bez no\u017ei\u010dek Ihned K Objedn\u00e1n\u00ed -","og_description":"Popis produktu Ravak Vanda II Akryl\u00e1tov\u00e1 obd\u00e9ln\u00edkov\u00e1 vana 170&#215;70 cm, bez no\u017ei\u010dek Kdy\u017e v&iacute;te, co v&aacute;m ud\u011bl&aacute; dob\u0159e. Seznamte se s nejobl&iacute;ben\u011bj&scaron;&iacute; obd&eacute;ln&iacute;kovou vanou ze sortimentu RAVAK. Vana Vanda II je charakteristick&aacute; sv&yacute;mi podru\u010dkami, kter&eacute; jsou ide&aacute;ln&iacute; nap\u0159&iacute;klad pro \u010dten&iacute; b\u011bhem koupele nebo i k pohodln\u011bj&scaron;&iacute;mu vst&aacute;v&aacute;n&iacute;. Vanda je natolik obl&iacute;ben&aacute;, \u017ee u\u017e existuje ve [&hellip;]","og_url":"https:\/\/www.domtechnikpro.com\/index.php\/produkt\/ravak-vanda-ii-akrylatova-obdelnikova-vana-170x70-cm-bez-nozicek-ihned-k-objednani-45108\/","og_image":[{"width":600,"height":284,"url":"https:\/\/www.domtechnikpro.com\/wp-content\/uploads\/2026\/SK0001481-CZ20260425-092632-0-1777080397-ravak-vanda-ii-akrylatova-obdelnikova-vana-170x70-cm-bez-no.webp","type":"image\/webp"}],"twitter_card":"summary_large_image","twitter_misc":{"Odhadovan\u00e1 doba \u010dten\u00ed":"3 minuty"},"schema":{"@context":"https:\/\/schema.org","@graph":[{"@type":"WebPage","@id":"https:\/\/www.domtechnikpro.com\/index.php\/produkt\/ravak-vanda-ii-akrylatova-obdelnikova-vana-170x70-cm-bez-nozicek-ihned-k-objednani-45108\/","url":"https:\/\/www.domtechnikpro.com\/index.php\/produkt\/ravak-vanda-ii-akrylatova-obdelnikova-vana-170x70-cm-bez-nozicek-ihned-k-objednani-45108\/","name":"Ravak Vanda II Akryl\u00e1tov\u00e1 obd\u00e9ln\u00edkov\u00e1 vana 170x70 cm, bez no\u017ei\u010dek Ihned K Objedn\u00e1n\u00ed -","isPartOf":{"@id":"https:\/\/www.domtechnikpro.com\/#website"},"primaryImageOfPage":{"@id":"https:\/\/www.domtechnikpro.com\/index.php\/produkt\/ravak-vanda-ii-akrylatova-obdelnikova-vana-170x70-cm-bez-nozicek-ihned-k-objednani-45108\/#primaryimage"},"image":{"@id":"https:\/\/www.domtechnikpro.com\/index.php\/produkt\/ravak-vanda-ii-akrylatova-obdelnikova-vana-170x70-cm-bez-nozicek-ihned-k-objednani-45108\/#primaryimage"},"thumbnailUrl":"https:\/\/www.domtechnikpro.com\/wp-content\/uploads\/2026\/SK0001481-CZ20260425-092632-0-1777080397-ravak-vanda-ii-akrylatova-obdelnikova-vana-170x70-cm-bez-no.webp","datePublished":"2026-04-26T08:59:46+00:00","breadcrumb":{"@id":"https:\/\/www.domtechnikpro.com\/index.php\/produkt\/ravak-vanda-ii-akrylatova-obdelnikova-vana-170x70-cm-bez-nozicek-ihned-k-objednani-45108\/#breadcrumb"},"inLanguage":"cs","potentialAction":[{"@type":"ReadAction","target":["https:\/\/www.domtechnikpro.com\/index.php\/produkt\/ravak-vanda-ii-akrylatova-obdelnikova-vana-170x70-cm-bez-nozicek-ihned-k-objednani-45108\/"]}]},{"@type":"ImageObject","inLanguage":"cs","@id":"https:\/\/www.domtechnikpro.com\/index.php\/produkt\/ravak-vanda-ii-akrylatova-obdelnikova-vana-170x70-cm-bez-nozicek-ihned-k-objednani-45108\/#primaryimage","url":"https:\/\/www.domtechnikpro.com\/wp-content\/uploads\/2026\/SK0001481-CZ20260425-092632-0-1777080397-ravak-vanda-ii-akrylatova-obdelnikova-vana-170x70-cm-bez-no.webp","contentUrl":"https:\/\/www.domtechnikpro.com\/wp-content\/uploads\/2026\/SK0001481-CZ20260425-092632-0-1777080397-ravak-vanda-ii-akrylatova-obdelnikova-vana-170x70-cm-bez-no.webp","width":600,"height":284},{"@type":"BreadcrumbList","@id":"https:\/\/www.domtechnikpro.com\/index.php\/produkt\/ravak-vanda-ii-akrylatova-obdelnikova-vana-170x70-cm-bez-nozicek-ihned-k-objednani-45108\/#breadcrumb","itemListElement":[{"@type":"ListItem","position":1,"name":"Home","item":"https:\/\/www.domtechnikpro.com\/"},{"@type":"ListItem","position":2,"name":"Products","item":"https:\/\/www.domtechnikpro.com\/index.php\/products\/"},{"@type":"ListItem","position":3,"name":"Ravak Vanda II Akryl\u00e1tov\u00e1 obd\u00e9ln\u00edkov\u00e1 vana 170&#215;70 cm, bez no\u017ei\u010dek Ihned K Objedn\u00e1n\u00ed"}]},{"@type":"WebSite","@id":"https:\/\/www.domtechnikpro.com\/#website","url":"https:\/\/www.domtechnikpro.com\/","name":"","description":"","potentialAction":[{"@type":"SearchAction","target":{"@type":"EntryPoint","urlTemplate":"https:\/\/www.domtechnikpro.com\/?s={search_term_string}"},"query-input":{"@type":"PropertyValueSpecification","valueRequired":true,"valueName":"search_term_string"}}],"inLanguage":"cs"}]}},"_links":{"self":[{"href":"https:\/\/www.domtechnikpro.com\/index.php\/wp-json\/wp\/v2\/product\/45108","targetHints":{"allow":["GET"]}}],"collection":[{"href":"https:\/\/www.domtechnikpro.com\/index.php\/wp-json\/wp\/v2\/product"}],"about":[{"href":"https:\/\/www.domtechnikpro.com\/index.php\/wp-json\/wp\/v2\/types\/product"}],"replies":[{"embeddable":true,"href":"https:\/\/www.domtechnikpro.com\/index.php\/wp-json\/wp\/v2\/comments?post=45108"}],"wp:featuredmedia":[{"embeddable":true,"href":"https:\/\/www.domtechnikpro.com\/index.php\/wp-json\/wp\/v2\/media\/45208"}],"wp:attachment":[{"href":"https:\/\/www.domtechnikpro.com\/index.php\/wp-json\/wp\/v2\/media?parent=45108"}],"wp:term":[{"taxonomy":"product_brand","embeddable":true,"href":"https:\/\/www.domtechnikpro.com\/index.php\/wp-json\/wp\/v2\/product_brand?post=45108"},{"taxonomy":"product_cat","embeddable":true,"href":"https:\/\/www.domtechnikpro.com\/index.php\/wp-json\/wp\/v2\/product_cat?post=45108"},{"taxonomy":"product_tag","embeddable":true,"href":"https:\/\/www.domtechnikpro.com\/index.php\/wp-json\/wp\/v2\/product_tag?post=45108"}],"curies":[{"name":"wp","href":"https:\/\/api.w.org\/{rel}","templated":true}]}}