{"id":44292,"date":"2026-04-26T08:59:36","date_gmt":"2026-04-26T08:59:36","guid":{"rendered":""},"modified":"2026-04-26T08:59:36","modified_gmt":"2026-04-26T08:59:36","slug":"znackovy-pirenei-wc-stetka-zavesna-mlecne-sklo-bila-mat-koupelny-sanita-cz-44292","status":"publish","type":"product","link":"https:\/\/www.domtechnikpro.com\/index.php\/produkt\/znackovy-pirenei-wc-stetka-zavesna-mlecne-sklo-bila-mat-koupelny-sanita-cz-44292\/","title":{"rendered":"Zna\u010dkov\u00fd PIRENEI WC \u0161t\u011btka z\u00e1v\u011bsn\u00e1, ml\u00e9\u010dn\u00e9 sklo, b\u00edl\u00e1 mat &#8211; koupelny-sanita.cz"},"content":{"rendered":"<div class=\"basic-description\">\n<h3>Detailn\u00ed popis produktu<\/h3>\n<p style=\"text-align: justify;\">Snad inspirov\u00e1n pohledem na kr\u00e1su Pyrenej\u00ed navrhl design\u00e9r s\u00e9rii dopl\u0148k\u016f PIRENEI. Masivn\u00ed z\u00e1kladna, kombinace p\u0159\u00edm\u00fdch lini\u00ed a zaoblen\u00fdch hran je spojen\u00edm elegance a majest\u00e1tnosti. Na v\u00fdb\u011br jsou dopl\u0148ky v proveden\u00ed v chromov\u00e9, matn\u00e9 \u010dern\u00e9, matn\u00e9 b\u00edl\u00e9, gun metal, zlat\u00e9 a matn\u00e9 zlat\u00e9 variant\u011b.<\/p>\n<div class=\"product-explanation-item\">\n<h3>Doporu\u010den\u00e1 \u00fadr\u017eba koupelnov\u00fdch dopl\u0148k\u016f v \u010dern\u00e9 nebo b\u00edl\u00e9 variant\u011b:<\/h3>\n<p style=\"text-align: justify;\">Pro zachov\u00e1n\u00ed estetick\u00e9 kvality se doporu\u010duje \u010distit povrch \u010dern\u00fdch a b\u00edl\u00fdch v\u00fdrobk\u016f (koupelnov\u00fdch dopl\u0148k\u016f, stojan\u016f a dal\u0161\u00edch), pouze m\u011bkk\u00fdm had\u0159\u00edkem a vodou. Z\u00e1rove\u0148 se doporu\u010duje v\u017edy po pou\u017eit\u00ed ot\u0159\u00edt povrch do sucha, aby na povrchu nez\u016fst\u00e1valy kapky vody, kter\u00e9 by se n\u00e1sledn\u011b mohly za\u010d\u00edt usazovat ve form\u011b vodn\u00edho kamene. Pro \u010di\u0161t\u011bn\u00ed se nesm\u00ed pou\u017e\u00edvat abrazivn\u00ed prost\u0159edky ani agresivn\u00ed \u010distic\u00ed prost\u0159edky.<\/p>\n<\/div><\/div>\n<div class=\"extended-description\">\n<h3>Dopl\u0148kov\u00e9 parametry<\/h3>\n<table class=\"detail-parameters\">\n<tbody>\n<tr>\n<th>        <span class=\"row-header-label\">            Kategorie<span class=\"row-header-label-colon\">:<\/span>        <\/span>    <\/th>\n<td>            <\/td>\n<\/tr>\n<tr>\n<th>            <span class=\"row-header-label\">                Z\u00e1ruka<span class=\"row-header-label-colon\">:<\/span>            <\/span>        <\/th>\n<td>            120        <\/td>\n<\/tr>\n<tr>\n<th>            <span class=\"row-header-label\">                Hmotnost<span class=\"row-header-label-colon\">:<\/span>            <\/span>        <\/th>\n<td>            0.956 kg        <\/td>\n<\/tr>\n<tr class=\"productEan\">\n<th>          <span class=\"row-header-label productEan__label\">              EAN<span class=\"row-header-label-colon\">:<\/span>          <\/span>      <\/th>\n<td>          <span class=\"productEan__value\">8003341301999<\/span>      <\/td>\n<\/tr>\n<tr>\n<th>                <span class=\"row-header-label\">                                            3D model<span class=\"row-header-label-colon\">:<\/span>                                    <\/span>            <\/th>\n<td>                                                            ANO                                                <\/td>\n<\/tr>\n<tr>\n<th>                <span class=\"row-header-label\">                                            Balen\u00ed<span class=\"row-header-label-colon\">:<\/span>                                    <\/span>            <\/th>\n<td>                                                            1 ks                                                <\/td>\n<\/tr>\n<tr>\n<th>                <span class=\"row-header-label\">                                            Barva<span class=\"row-header-label-colon\">:<\/span>                                    <\/span>            <\/th>\n<td>                                                            B\u00edl\u00e1                                                <\/td>\n<\/tr>\n<tr>\n<th>                <span class=\"row-header-label\">                                            Dostupnost<span class=\"row-header-label-colon\">:<\/span>                                    <\/span>            <\/th>\n<td>                                                            Skladem                                                <\/td>\n<\/tr>\n<tr>\n<th>                <span class=\"row-header-label\">                                            Druh<span class=\"row-header-label-colon\">:<\/span>                                    <\/span>            <\/th>\n<td>                                                            WC \u0161t\u011btka                                                <\/td>\n<\/tr>\n<tr>\n<th>                <span class=\"row-header-label\">                                            Hloubka<span class=\"row-header-label-colon\">:<\/span>                                    <\/span>            <\/th>\n<td>                                                            105 mm                                                <\/td>\n<\/tr>\n<tr>\n<th>                <span class=\"row-header-label\">                                            Instalace<span class=\"row-header-label-colon\">:<\/span>                                    <\/span>            <\/th>\n<td>                                                            Vrt\u00e1n\u00ed                                                <\/td>\n<\/tr>\n<tr>\n<th>                <span class=\"row-header-label\">                                            Materi\u00e1l<span class=\"row-header-label-colon\">:<\/span>                                    <\/span>            <\/th>\n<td>                                                            Sklo;Slitina                                                <\/td>\n<\/tr>\n<tr>\n<th>                <span class=\"row-header-label\">                                            Pr\u016fm\u011br<span class=\"row-header-label-colon\">:<\/span>                                    <\/span>            <\/th>\n<td>                                                            85 mm                                                <\/td>\n<\/tr>\n<tr>\n<th>                <span class=\"row-header-label\">                                            Rozm\u011br<span class=\"row-header-label-colon\">:<\/span>                                    <\/span>            <\/th>\n<td>                                                            85x379x105 mm                                                <\/td>\n<\/tr>\n<tr>\n<th>                <span class=\"row-header-label\">                                            \u0160\u00ed\u0159ka<span class=\"row-header-label-colon\">:<\/span>                                    <\/span>            <\/th>\n<td>                                                            85 mm                                                <\/td>\n<\/tr>\n<tr>\n<th>                <span class=\"row-header-label\">                                            Tvar<span class=\"row-header-label-colon\">:<\/span>                                    <\/span>            <\/th>\n<td>                                                            Kruhov\u00e9                                                <\/td>\n<\/tr>\n<tr>\n<th>                <span class=\"row-header-label\">                                            \u00dadr\u017eba<span class=\"row-header-label-colon\">:<\/span>                                    <\/span>            <\/th>\n<td>                                                            Dle doporu\u010den\u00ed                                                <\/td>\n<\/tr>\n<tr>\n<th>                <span class=\"row-header-label\">                                            V\u00fd\u0161ka<span class=\"row-header-label-colon\">:<\/span>                                    <\/span>            <\/th>\n<td>                                                            379 mm                                                <\/td>\n<\/tr>\n<tr>\n<th>                <span class=\"row-header-label\">                                            Z\u00e1ruka<span class=\"row-header-label-colon\">:<\/span>                                    <\/span>            <\/th>\n<td>                                                            10 let                                                <\/td>\n<\/tr>\n<\/tbody>\n<\/table><\/div>\n<\/p><\/div>\n<\/p><\/div>\n","protected":false},"excerpt":{"rendered":"<p>Detailn\u00ed popis produktu Snad inspirov\u00e1n pohledem na kr\u00e1su Pyrenej\u00ed navrhl design\u00e9r s\u00e9rii dopl\u0148k\u016f PIRENEI. Masivn\u00ed z\u00e1kladna, kombinace p\u0159\u00edm\u00fdch lini\u00ed a zaoblen\u00fdch hran je spojen\u00edm elegance a majest\u00e1tnosti. Na v\u00fdb\u011br jsou dopl\u0148ky v proveden\u00ed v chromov\u00e9, matn\u00e9 \u010dern\u00e9, matn\u00e9 b\u00edl\u00e9, gun metal, zlat\u00e9 a matn\u00e9 zlat\u00e9 variant\u011b. Doporu\u010den\u00e1 \u00fadr\u017eba koupelnov\u00fdch dopl\u0148k\u016f v \u010dern\u00e9 nebo b\u00edl\u00e9 variant\u011b: [&hellip;]<\/p>\n","protected":false},"featured_media":44392,"comment_status":"open","ping_status":"open","template":"","meta":[],"product_brand":[],"product_cat":[140],"product_tag":[],"class_list":{"0":"post-44292","1":"product","2":"type-product","3":"status-publish","4":"has-post-thumbnail","6":"product_cat-koupelnove-doplnky","8":"first","9":"instock","10":"sale","11":"shipping-taxable","12":"purchasable","13":"product-type-simple"},"yoast_head":"<!-- This site is optimized with the Yoast SEO plugin v26.8 - https:\/\/yoast.com\/product\/yoast-seo-wordpress\/ -->\n<title>Zna\u010dkov\u00fd PIRENEI WC \u0161t\u011btka z\u00e1v\u011bsn\u00e1, ml\u00e9\u010dn\u00e9 sklo, b\u00edl\u00e1 mat - koupelny-sanita.cz -<\/title>\n<meta name=\"robots\" content=\"index, follow, max-snippet:-1, max-image-preview:large, max-video-preview:-1\" \/>\n<link rel=\"canonical\" href=\"https:\/\/www.domtechnikpro.com\/index.php\/produkt\/znackovy-pirenei-wc-stetka-zavesna-mlecne-sklo-bila-mat-koupelny-sanita-cz-44292\/\" \/>\n<meta property=\"og:locale\" content=\"cs_CZ\" \/>\n<meta property=\"og:type\" content=\"article\" \/>\n<meta property=\"og:title\" content=\"Zna\u010dkov\u00fd PIRENEI WC \u0161t\u011btka z\u00e1v\u011bsn\u00e1, ml\u00e9\u010dn\u00e9 sklo, b\u00edl\u00e1 mat - koupelny-sanita.cz -\" \/>\n<meta property=\"og:description\" content=\"Detailn\u00ed popis produktu Snad inspirov\u00e1n pohledem na kr\u00e1su Pyrenej\u00ed navrhl design\u00e9r s\u00e9rii dopl\u0148k\u016f PIRENEI. Masivn\u00ed z\u00e1kladna, kombinace p\u0159\u00edm\u00fdch lini\u00ed a zaoblen\u00fdch hran je spojen\u00edm elegance a majest\u00e1tnosti. Na v\u00fdb\u011br jsou dopl\u0148ky v proveden\u00ed v chromov\u00e9, matn\u00e9 \u010dern\u00e9, matn\u00e9 b\u00edl\u00e9, gun metal, zlat\u00e9 a matn\u00e9 zlat\u00e9 variant\u011b. Doporu\u010den\u00e1 \u00fadr\u017eba koupelnov\u00fdch dopl\u0148k\u016f v \u010dern\u00e9 nebo b\u00edl\u00e9 variant\u011b: [&hellip;]\" \/>\n<meta property=\"og:url\" content=\"https:\/\/www.domtechnikpro.com\/index.php\/produkt\/znackovy-pirenei-wc-stetka-zavesna-mlecne-sklo-bila-mat-koupelny-sanita-cz-44292\/\" \/>\n<meta property=\"og:image\" content=\"https:\/\/www.domtechnikpro.com\/wp-content\/uploads\/2026\/SK0002373-CZ20260425-092556-0-1777080363-32782-1_pi330302-137417478712857.webp\" \/>\n\t<meta property=\"og:image:width\" content=\"1000\" \/>\n\t<meta property=\"og:image:height\" content=\"750\" \/>\n\t<meta property=\"og:image:type\" content=\"image\/webp\" \/>\n<meta name=\"twitter:card\" content=\"summary_large_image\" \/>\n<meta name=\"twitter:label1\" content=\"Odhadovan\u00e1 doba \u010dten\u00ed\" \/>\n\t<meta name=\"twitter:data1\" content=\"1 minuta\" \/>\n<script type=\"application\/ld+json\" class=\"yoast-schema-graph\">{\"@context\":\"https:\/\/schema.org\",\"@graph\":[{\"@type\":\"WebPage\",\"@id\":\"https:\/\/www.domtechnikpro.com\/index.php\/produkt\/znackovy-pirenei-wc-stetka-zavesna-mlecne-sklo-bila-mat-koupelny-sanita-cz-44292\/\",\"url\":\"https:\/\/www.domtechnikpro.com\/index.php\/produkt\/znackovy-pirenei-wc-stetka-zavesna-mlecne-sklo-bila-mat-koupelny-sanita-cz-44292\/\",\"name\":\"Zna\u010dkov\u00fd PIRENEI WC \u0161t\u011btka z\u00e1v\u011bsn\u00e1, ml\u00e9\u010dn\u00e9 sklo, b\u00edl\u00e1 mat - koupelny-sanita.cz -\",\"isPartOf\":{\"@id\":\"https:\/\/www.domtechnikpro.com\/#website\"},\"primaryImageOfPage\":{\"@id\":\"https:\/\/www.domtechnikpro.com\/index.php\/produkt\/znackovy-pirenei-wc-stetka-zavesna-mlecne-sklo-bila-mat-koupelny-sanita-cz-44292\/#primaryimage\"},\"image\":{\"@id\":\"https:\/\/www.domtechnikpro.com\/index.php\/produkt\/znackovy-pirenei-wc-stetka-zavesna-mlecne-sklo-bila-mat-koupelny-sanita-cz-44292\/#primaryimage\"},\"thumbnailUrl\":\"https:\/\/www.domtechnikpro.com\/wp-content\/uploads\/2026\/SK0002373-CZ20260425-092556-0-1777080363-32782-1_pi330302-137417478712857.webp\",\"datePublished\":\"2026-04-26T08:59:36+00:00\",\"breadcrumb\":{\"@id\":\"https:\/\/www.domtechnikpro.com\/index.php\/produkt\/znackovy-pirenei-wc-stetka-zavesna-mlecne-sklo-bila-mat-koupelny-sanita-cz-44292\/#breadcrumb\"},\"inLanguage\":\"cs\",\"potentialAction\":[{\"@type\":\"ReadAction\",\"target\":[\"https:\/\/www.domtechnikpro.com\/index.php\/produkt\/znackovy-pirenei-wc-stetka-zavesna-mlecne-sklo-bila-mat-koupelny-sanita-cz-44292\/\"]}]},{\"@type\":\"ImageObject\",\"inLanguage\":\"cs\",\"@id\":\"https:\/\/www.domtechnikpro.com\/index.php\/produkt\/znackovy-pirenei-wc-stetka-zavesna-mlecne-sklo-bila-mat-koupelny-sanita-cz-44292\/#primaryimage\",\"url\":\"https:\/\/www.domtechnikpro.com\/wp-content\/uploads\/2026\/SK0002373-CZ20260425-092556-0-1777080363-32782-1_pi330302-137417478712857.webp\",\"contentUrl\":\"https:\/\/www.domtechnikpro.com\/wp-content\/uploads\/2026\/SK0002373-CZ20260425-092556-0-1777080363-32782-1_pi330302-137417478712857.webp\",\"width\":1000,\"height\":750},{\"@type\":\"BreadcrumbList\",\"@id\":\"https:\/\/www.domtechnikpro.com\/index.php\/produkt\/znackovy-pirenei-wc-stetka-zavesna-mlecne-sklo-bila-mat-koupelny-sanita-cz-44292\/#breadcrumb\",\"itemListElement\":[{\"@type\":\"ListItem\",\"position\":1,\"name\":\"Home\",\"item\":\"https:\/\/www.domtechnikpro.com\/\"},{\"@type\":\"ListItem\",\"position\":2,\"name\":\"Products\",\"item\":\"https:\/\/www.domtechnikpro.com\/index.php\/products\/\"},{\"@type\":\"ListItem\",\"position\":3,\"name\":\"Zna\u010dkov\u00fd PIRENEI WC \u0161t\u011btka z\u00e1v\u011bsn\u00e1, ml\u00e9\u010dn\u00e9 sklo, b\u00edl\u00e1 mat &#8211; koupelny-sanita.cz\"}]},{\"@type\":\"WebSite\",\"@id\":\"https:\/\/www.domtechnikpro.com\/#website\",\"url\":\"https:\/\/www.domtechnikpro.com\/\",\"name\":\"\",\"description\":\"\",\"potentialAction\":[{\"@type\":\"SearchAction\",\"target\":{\"@type\":\"EntryPoint\",\"urlTemplate\":\"https:\/\/www.domtechnikpro.com\/?s={search_term_string}\"},\"query-input\":{\"@type\":\"PropertyValueSpecification\",\"valueRequired\":true,\"valueName\":\"search_term_string\"}}],\"inLanguage\":\"cs\"}]}<\/script>\n<!-- \/ Yoast SEO plugin. -->","yoast_head_json":{"title":"Zna\u010dkov\u00fd PIRENEI WC \u0161t\u011btka z\u00e1v\u011bsn\u00e1, ml\u00e9\u010dn\u00e9 sklo, b\u00edl\u00e1 mat - koupelny-sanita.cz -","robots":{"index":"index","follow":"follow","max-snippet":"max-snippet:-1","max-image-preview":"max-image-preview:large","max-video-preview":"max-video-preview:-1"},"canonical":"https:\/\/www.domtechnikpro.com\/index.php\/produkt\/znackovy-pirenei-wc-stetka-zavesna-mlecne-sklo-bila-mat-koupelny-sanita-cz-44292\/","og_locale":"cs_CZ","og_type":"article","og_title":"Zna\u010dkov\u00fd PIRENEI WC \u0161t\u011btka z\u00e1v\u011bsn\u00e1, ml\u00e9\u010dn\u00e9 sklo, b\u00edl\u00e1 mat - koupelny-sanita.cz -","og_description":"Detailn\u00ed popis produktu Snad inspirov\u00e1n pohledem na kr\u00e1su Pyrenej\u00ed navrhl design\u00e9r s\u00e9rii dopl\u0148k\u016f PIRENEI. Masivn\u00ed z\u00e1kladna, kombinace p\u0159\u00edm\u00fdch lini\u00ed a zaoblen\u00fdch hran je spojen\u00edm elegance a majest\u00e1tnosti. Na v\u00fdb\u011br jsou dopl\u0148ky v proveden\u00ed v chromov\u00e9, matn\u00e9 \u010dern\u00e9, matn\u00e9 b\u00edl\u00e9, gun metal, zlat\u00e9 a matn\u00e9 zlat\u00e9 variant\u011b. Doporu\u010den\u00e1 \u00fadr\u017eba koupelnov\u00fdch dopl\u0148k\u016f v \u010dern\u00e9 nebo b\u00edl\u00e9 variant\u011b: [&hellip;]","og_url":"https:\/\/www.domtechnikpro.com\/index.php\/produkt\/znackovy-pirenei-wc-stetka-zavesna-mlecne-sklo-bila-mat-koupelny-sanita-cz-44292\/","og_image":[{"width":1000,"height":750,"url":"https:\/\/www.domtechnikpro.com\/wp-content\/uploads\/2026\/SK0002373-CZ20260425-092556-0-1777080363-32782-1_pi330302-137417478712857.webp","type":"image\/webp"}],"twitter_card":"summary_large_image","twitter_misc":{"Odhadovan\u00e1 doba \u010dten\u00ed":"1 minuta"},"schema":{"@context":"https:\/\/schema.org","@graph":[{"@type":"WebPage","@id":"https:\/\/www.domtechnikpro.com\/index.php\/produkt\/znackovy-pirenei-wc-stetka-zavesna-mlecne-sklo-bila-mat-koupelny-sanita-cz-44292\/","url":"https:\/\/www.domtechnikpro.com\/index.php\/produkt\/znackovy-pirenei-wc-stetka-zavesna-mlecne-sklo-bila-mat-koupelny-sanita-cz-44292\/","name":"Zna\u010dkov\u00fd PIRENEI WC \u0161t\u011btka z\u00e1v\u011bsn\u00e1, ml\u00e9\u010dn\u00e9 sklo, b\u00edl\u00e1 mat - koupelny-sanita.cz -","isPartOf":{"@id":"https:\/\/www.domtechnikpro.com\/#website"},"primaryImageOfPage":{"@id":"https:\/\/www.domtechnikpro.com\/index.php\/produkt\/znackovy-pirenei-wc-stetka-zavesna-mlecne-sklo-bila-mat-koupelny-sanita-cz-44292\/#primaryimage"},"image":{"@id":"https:\/\/www.domtechnikpro.com\/index.php\/produkt\/znackovy-pirenei-wc-stetka-zavesna-mlecne-sklo-bila-mat-koupelny-sanita-cz-44292\/#primaryimage"},"thumbnailUrl":"https:\/\/www.domtechnikpro.com\/wp-content\/uploads\/2026\/SK0002373-CZ20260425-092556-0-1777080363-32782-1_pi330302-137417478712857.webp","datePublished":"2026-04-26T08:59:36+00:00","breadcrumb":{"@id":"https:\/\/www.domtechnikpro.com\/index.php\/produkt\/znackovy-pirenei-wc-stetka-zavesna-mlecne-sklo-bila-mat-koupelny-sanita-cz-44292\/#breadcrumb"},"inLanguage":"cs","potentialAction":[{"@type":"ReadAction","target":["https:\/\/www.domtechnikpro.com\/index.php\/produkt\/znackovy-pirenei-wc-stetka-zavesna-mlecne-sklo-bila-mat-koupelny-sanita-cz-44292\/"]}]},{"@type":"ImageObject","inLanguage":"cs","@id":"https:\/\/www.domtechnikpro.com\/index.php\/produkt\/znackovy-pirenei-wc-stetka-zavesna-mlecne-sklo-bila-mat-koupelny-sanita-cz-44292\/#primaryimage","url":"https:\/\/www.domtechnikpro.com\/wp-content\/uploads\/2026\/SK0002373-CZ20260425-092556-0-1777080363-32782-1_pi330302-137417478712857.webp","contentUrl":"https:\/\/www.domtechnikpro.com\/wp-content\/uploads\/2026\/SK0002373-CZ20260425-092556-0-1777080363-32782-1_pi330302-137417478712857.webp","width":1000,"height":750},{"@type":"BreadcrumbList","@id":"https:\/\/www.domtechnikpro.com\/index.php\/produkt\/znackovy-pirenei-wc-stetka-zavesna-mlecne-sklo-bila-mat-koupelny-sanita-cz-44292\/#breadcrumb","itemListElement":[{"@type":"ListItem","position":1,"name":"Home","item":"https:\/\/www.domtechnikpro.com\/"},{"@type":"ListItem","position":2,"name":"Products","item":"https:\/\/www.domtechnikpro.com\/index.php\/products\/"},{"@type":"ListItem","position":3,"name":"Zna\u010dkov\u00fd PIRENEI WC \u0161t\u011btka z\u00e1v\u011bsn\u00e1, ml\u00e9\u010dn\u00e9 sklo, b\u00edl\u00e1 mat &#8211; koupelny-sanita.cz"}]},{"@type":"WebSite","@id":"https:\/\/www.domtechnikpro.com\/#website","url":"https:\/\/www.domtechnikpro.com\/","name":"","description":"","potentialAction":[{"@type":"SearchAction","target":{"@type":"EntryPoint","urlTemplate":"https:\/\/www.domtechnikpro.com\/?s={search_term_string}"},"query-input":{"@type":"PropertyValueSpecification","valueRequired":true,"valueName":"search_term_string"}}],"inLanguage":"cs"}]}},"_links":{"self":[{"href":"https:\/\/www.domtechnikpro.com\/index.php\/wp-json\/wp\/v2\/product\/44292","targetHints":{"allow":["GET"]}}],"collection":[{"href":"https:\/\/www.domtechnikpro.com\/index.php\/wp-json\/wp\/v2\/product"}],"about":[{"href":"https:\/\/www.domtechnikpro.com\/index.php\/wp-json\/wp\/v2\/types\/product"}],"replies":[{"embeddable":true,"href":"https:\/\/www.domtechnikpro.com\/index.php\/wp-json\/wp\/v2\/comments?post=44292"}],"wp:featuredmedia":[{"embeddable":true,"href":"https:\/\/www.domtechnikpro.com\/index.php\/wp-json\/wp\/v2\/media\/44392"}],"wp:attachment":[{"href":"https:\/\/www.domtechnikpro.com\/index.php\/wp-json\/wp\/v2\/media?parent=44292"}],"wp:term":[{"taxonomy":"product_brand","embeddable":true,"href":"https:\/\/www.domtechnikpro.com\/index.php\/wp-json\/wp\/v2\/product_brand?post=44292"},{"taxonomy":"product_cat","embeddable":true,"href":"https:\/\/www.domtechnikpro.com\/index.php\/wp-json\/wp\/v2\/product_cat?post=44292"},{"taxonomy":"product_tag","embeddable":true,"href":"https:\/\/www.domtechnikpro.com\/index.php\/wp-json\/wp\/v2\/product_tag?post=44292"}],"curies":[{"name":"wp","href":"https:\/\/api.w.org\/{rel}","templated":true}]}}