{"id":44115,"date":"2026-04-26T08:59:34","date_gmt":"2026-04-26T08:59:34","guid":{"rendered":""},"modified":"2026-04-26T08:59:34","modified_gmt":"2026-04-26T08:59:34","slug":"zapustna-zrcadlova-galerka-s-led-osvetlenim-integra-65x70-cm-jen-po-omezenou-doba-44115","status":"publish","type":"product","link":"https:\/\/www.domtechnikpro.com\/index.php\/produkt\/zapustna-zrcadlova-galerka-s-led-osvetlenim-integra-65x70-cm-jen-po-omezenou-doba-44115\/","title":{"rendered":"Z\u00e1pustn\u00e1 zrcadlov\u00e1 galerka s LED osv\u011btlen\u00edm Integra 65&#215;70 cm Jen Po Omezenou Doba"},"content":{"rendered":"<div class=\"basic-description\">\n<h3>Detailn\u00ed popis produktu<\/h3>\n<div>\n<p>INTEGRA galerka &#8211; z\u00e1pustn\u00e1 zrcadlov\u00e1 sk\u0159\u00ed\u0148ka s LED osv\u011btlen\u00edm<\/p>\n<ul>\n<li>1x oboustrann\u00e1 zrcadlov\u00e1 dv\u00ed\u0159ka s lepen\u00fdm pantem na vnit\u0159n\u00edm zrcadle<\/li>\n<li>3 v\u00fd\u0161kov\u011b nastaviteln\u00e9 sklen\u011bn\u00e9 police<\/li>\n<li>korpus lamino Titan alu<\/li>\n<li>vertik\u00e1ln\u00ed LED osv\u011btlen\u00ed v hlin\u00edkov\u00e9m profilu se st\u00ednidlem<\/li>\n<li>ml\u00e9\u010dn\u00e9 vypoukl\u00e9 st\u00ednidlo s perfektn\u00edm rozptylem sv\u011btla (nejsou vid\u011bt   jednotliv\u00e9 LED body)<\/li>\n<li>zapnut\u00ed\/vypnut\u00ed osv\u011btlen\u00ed p\u0159es extern\u00ed vyp\u00edna\u010d<\/li>\n<li>sv\u011bteln\u00fd tok 2x 1260 lm<\/li>\n<li>v\u00fdkon 25,2 W<\/li>\n<li>kovov\u00e1 \u00fachytka pro snadn\u00e9 otv\u00edr\u00e1n\u00ed<\/li>\n<li>prav\u00e9 nebo lev\u00e9 otev\u00edr\u00e1n\u00ed<\/li>\n<li>min. hloubka niky pro instalaci je 140 mm<\/li>\n<\/ul>\n<\/div>\n<p style=\"text-align: justify;\">Zrcadlov\u00e9 sk\u0159\u00ed\u0148ky INTEGRA jsou ur\u010den\u00e9 pro vestavbu. Na prvn\u00ed pohled vypadaj\u00ed jako&nbsp; zrcadla, ov\u0161em s v\u00fdhodou skryt\u00e9ho \u00falo\u017en\u00e9ho prostoru.&nbsp;Galerky nab\u00edz\u00edme v \u0161\u00ed\u0159ce od 65 do 125 cm. Varianta 65 cm je jednodv\u00e9\u0159ov\u00e1 s mo\u017enost\u00ed volby strany otev\u00edr\u00e1n\u00ed, ostatn\u00ed modely jsou v\u00edcedv\u00e9\u0159ov\u00e9. Dv\u00ed\u0159ka jsou oboustrann\u011b zrcadlov\u00e1, co\u017e je nespornou v\u00fdhodou. Nav\u00edc jsou opat\u0159ena praktickou kovovou \u00fachytkou pro snadn\u00e9 otev\u00edr\u00e1n\u00ed. Sv\u011b\u017e\u00ed design podtrhuj\u00ed sklen\u011bn\u00e9 v\u00fd\u0161kov\u011b nastavitel\u00e9 poli\u010dky. U v\u00edcedv\u00e9\u0159ov\u00fdch galerek je prostor za ka\u017ed\u00fdmi dv\u00ed\u0159ky odd\u011blen, co\u017e umo\u017e\u0148uje nez\u00e1visl\u00e9 nastaven\u00ed poli\u010dek v ka\u017ed\u00e9 \u010d\u00e1sti. Integrovan\u00e9 vertik\u00e1ln\u00ed LED osv\u011btlen\u00ed po stran\u00e1ch galerky je t\u0159e\u0161inkou k dokonalosti.Pokud byste r\u00e1di komfort \u00falo\u017en\u00e9ho m\u00edsta pro nezbytn\u00e9 kosmetick\u00e9 drobnosti, ale klasick\u00e9 galerky v\u00e1s odrazuj\u00ed sv\u00fdm z\u00e1b\u011brem prostoru, ur\u010dit\u011b si Integru zamilujete.&nbsp;Jedinou nev\u00fdhodou je nutnost po\u010d\u00edtat ji\u017e p\u0159i v\u00fdstavb\u011b \u010di rekonstrukci koupelny s nikou pro zabudov\u00e1n\u00ed vybran\u00e9ho modelu, v\u010detn\u011b p\u0159\u00edvodn\u00edho kabelu pro zapojen\u00ed osv\u011btlen\u00ed.&nbsp;<\/p>\n<p><span><\/span><\/p>\n<div class=\"product-explanation-item\">\n<h3>Sm\u011br otev\u00edr\u00e1n\u00ed &#8211; univerz\u00e1ln\u00ed<\/h3>\n<p style=\"text-align: justify;\">Instalace je mo\u017en\u00e1 s lev\u00fdm nebo prav\u00fdm otev\u00edr\u00e1n\u00edm dve\u0159\u00ed.<\/p>\n<\/div>\n<div class=\"product-explanation-item\">\n<h3>Barva LED: Denn\u00ed b\u00edl\u00e1<\/h3>\n<p style=\"text-align: justify;\">Pro ur\u010den\u00ed barvy sv\u011btla se pou\u017e\u00edv\u00e1 pojem \u201eteplota chromati\u010dnosti\u201c. Jej\u00ed hodnoty se ud\u00e1vaj\u00ed v jednotk\u00e1ch Kelvin\u016f (K). Denn\u00ed b\u00edl\u00e1 je barva vyza\u0159ovan\u00e9ho sv\u011btla v rozmez\u00ed 4000 &#8211; 5000 K. Toto sv\u011btlo je pocitov\u011b neutr\u00e1ln\u00ed, nejv\u00edce p\u0159ipom\u00edn\u00e1 denn\u00ed sv\u011btlo. Nezkresluje vn\u00edm\u00e1n\u00ed barev osv\u011btlen\u00fdch p\u0159edm\u011bt\u016f, proto je vhodn\u00e9 do obytn\u00fdch prostor, kuchyn\u00ed a koupelen.<\/p>\n<p style=\"text-align: justify;\">\n<\/div>\n<div class=\"product-explanation-item\">\n<h3>Zpomalovac\u00ed panty<\/h3>\n<div style=\"float: left;\"><\/div>\n<p>N\u00e1bytek je vybaven mechanismem zpomalovac\u00edch pant\u016f u dv\u00ed\u0159ek. Dv\u00ed\u0159ka sta\u010d\u00ed jen lehce postr\u010dit a ona se ji\u017e sama dov\u0159ou.<\/p>\n<\/div>\n<p><b>Video ke shl\u00e9dnut\u00ed<\/b><video width=\"640\" height=\"480\" controls><source src=\"https:\/\/ubc.k2.cz\/K2FTPdata\/UBC\/video\/produkt_ostatne\/in085-zapustna-galerka-integra.mp4\" type=\"video\/mp4\">V\u00e1\u0161 prohl\u00ed\u017ee\u010d nepodporuje video tag.<\/video>                            <\/div>\n<div class=\"extended-description\">\n<h3>Dopl\u0148kov\u00e9 parametry<\/h3>\n<table class=\"detail-parameters\">\n<tbody>\n<tr>\n<th>        <span class=\"row-header-label\">            Kategorie<span class=\"row-header-label-colon\">:<\/span>        <\/span>    <\/th>\n<td>            <\/td>\n<\/tr>\n<tr>\n<th>            <span class=\"row-header-label\">                Z\u00e1ruka<span class=\"row-header-label-colon\">:<\/span>            <\/span>        <\/th>\n<td>            24        <\/td>\n<\/tr>\n<tr>\n<th>            <span class=\"row-header-label\">                Hmotnost<span class=\"row-header-label-colon\">:<\/span>            <\/span>        <\/th>\n<td>            19 kg        <\/td>\n<\/tr>\n<tr class=\"productEan\">\n<th>          <span class=\"row-header-label productEan__label\">              EAN<span class=\"row-header-label-colon\">:<\/span>          <\/span>      <\/th>\n<td>          <span class=\"productEan__value\">8590913880278<\/span>      <\/td>\n<\/tr>\n<tr>\n<th>                <span class=\"row-header-label\">                                            3D model<span class=\"row-header-label-colon\">:<\/span>                                    <\/span>            <\/th>\n<td>                                                            ANO                                                <\/td>\n<\/tr>\n<tr>\n<th>                <span class=\"row-header-label\">                                            Balen\u00ed<span class=\"row-header-label-colon\">:<\/span>                                    <\/span>            <\/th>\n<td>                                                            1 ks                                                <\/td>\n<\/tr>\n<tr>\n<th>                <span class=\"row-header-label\">                                            Barva<span class=\"row-header-label-colon\">:<\/span>                                    <\/span>            <\/th>\n<td>                                                            \u0160ed\u00e1                                                <\/td>\n<\/tr>\n<tr>\n<th>                <span class=\"row-header-label\">                                            Barva LED<span class=\"row-header-label-colon\">:<\/span>                                    <\/span>            <\/th>\n<td>                                                            Denn\u00ed b\u00edl\u00e1 (4 000 &#8211; 5 000 K)                                                <\/td>\n<\/tr>\n<tr>\n<th>                <span class=\"row-header-label\">                                            Dostupnost<span class=\"row-header-label-colon\">:<\/span>                                    <\/span>            <\/th>\n<td>                                                            Skladem                                                <\/td>\n<\/tr>\n<tr>\n<th>                <span class=\"row-header-label\">                                            Hloubka<span class=\"row-header-label-colon\">:<\/span>                                    <\/span>            <\/th>\n<td>                                                            165 mm                                                <\/td>\n<\/tr>\n<tr>\n<th>                <span class=\"row-header-label\">                                            Materi\u00e1l<span class=\"row-header-label-colon\">:<\/span>                                    <\/span>            <\/th>\n<td>                                                            MDF\/lamino                                                <\/td>\n<\/tr>\n<tr>\n<th>                <span class=\"row-header-label\">                                            Ovl\u00e1d\u00e1n\u00ed sv\u011btla<span class=\"row-header-label-colon\">:<\/span>                                    <\/span>            <\/th>\n<td>                                                            Nen\u00ed sou\u010d\u00e1st\u00ed                                                <\/td>\n<\/tr>\n<tr>\n<th>                <span class=\"row-header-label\">                                            P\u0159\u00edkon<span class=\"row-header-label-colon\">:<\/span>                                    <\/span>            <\/th>\n<td>                                                            25.2 W                                                <\/td>\n<\/tr>\n<tr>\n<th>                <span class=\"row-header-label\">                                            Rozm\u011br<span class=\"row-header-label-colon\">:<\/span>                                    <\/span>            <\/th>\n<td>                                                            65,2x70x16,5 cm                                                <\/td>\n<\/tr>\n<tr>\n<th>                <span class=\"row-header-label\">                                            Sm\u011br otev\u00edr\u00e1n\u00ed<span class=\"row-header-label-colon\">:<\/span>                                    <\/span>            <\/th>\n<td>                                                            Univerz\u00e1ln\u00ed                                                <\/td>\n<\/tr>\n<tr>\n<th>                <span class=\"row-header-label\">                                            Stupe\u0148 kryt\u00ed<span class=\"row-header-label-colon\">:<\/span>                                    <\/span>            <\/th>\n<td>                                                            IP44                                                <\/td>\n<\/tr>\n<tr>\n<th>                <span class=\"row-header-label\">                                            Sv\u00edtivost<span class=\"row-header-label-colon\">:<\/span>                                    <\/span>            <\/th>\n<td>                                                            2520 lm                                                <\/td>\n<\/tr>\n<tr>\n<th>                <span class=\"row-header-label\">                                            \u0160\u00ed\u0159ka<span class=\"row-header-label-colon\">:<\/span>                                    <\/span>            <\/th>\n<td>                                                            654 mm                                                <\/td>\n<\/tr>\n<tr>\n<th>                <span class=\"row-header-label\">                                            Typ osv\u011btlen\u00ed<span class=\"row-header-label-colon\">:<\/span>                                    <\/span>            <\/th>\n<td>                                                            LED                                                <\/td>\n<\/tr>\n<tr>\n<th>                <span class=\"row-header-label\">                                            V\u00fdbava<span class=\"row-header-label-colon\">:<\/span>                                    <\/span>            <\/th>\n<td>                                                            Osv\u011btlen\u00ed;Oboustrann\u00e1 zrcadlov\u00e1 dv\u00ed\u0159ka;Zpomalovac\u00ed panty;Z\u00e1pustn\u00e9 do zdi                                                <\/td>\n<\/tr>\n<tr>\n<th>                <span class=\"row-header-label\">                                            V\u00fd\u0161ka<span class=\"row-header-label-colon\">:<\/span>                                    <\/span>            <\/th>\n<td>                                                            700 mm                                                <\/td>\n<\/tr>\n<tr>\n<th>                <span class=\"row-header-label\">                                            Z\u00e1ruka<span class=\"row-header-label-colon\">:<\/span>                                    <\/span>            <\/th>\n<td>                                                            2 roky                                                <\/td>\n<\/tr>\n<\/tbody>\n<\/table><\/div>\n<\/p><\/div>\n<\/p><\/div>\n","protected":false},"excerpt":{"rendered":"<p>Detailn\u00ed popis produktu INTEGRA galerka &#8211; z\u00e1pustn\u00e1 zrcadlov\u00e1 sk\u0159\u00ed\u0148ka s LED osv\u011btlen\u00edm 1x oboustrann\u00e1 zrcadlov\u00e1 dv\u00ed\u0159ka s lepen\u00fdm pantem na vnit\u0159n\u00edm zrcadle 3 v\u00fd\u0161kov\u011b nastaviteln\u00e9 sklen\u011bn\u00e9 police korpus lamino Titan alu vertik\u00e1ln\u00ed LED osv\u011btlen\u00ed v hlin\u00edkov\u00e9m profilu se st\u00ednidlem ml\u00e9\u010dn\u00e9 vypoukl\u00e9 st\u00ednidlo s perfektn\u00edm rozptylem sv\u011btla (nejsou vid\u011bt jednotliv\u00e9 LED body) zapnut\u00ed\/vypnut\u00ed osv\u011btlen\u00ed p\u0159es extern\u00ed [&hellip;]<\/p>\n","protected":false},"featured_media":44215,"comment_status":"open","ping_status":"open","template":"","meta":[],"product_brand":[],"product_cat":[146],"product_tag":[],"class_list":{"0":"post-44115","1":"product","2":"type-product","3":"status-publish","4":"has-post-thumbnail","6":"product_cat-galerky","8":"first","9":"instock","10":"sale","11":"shipping-taxable","12":"purchasable","13":"product-type-simple"},"yoast_head":"<!-- This site is optimized with the Yoast SEO plugin v26.8 - https:\/\/yoast.com\/product\/yoast-seo-wordpress\/ -->\n<title>Z\u00e1pustn\u00e1 zrcadlov\u00e1 galerka s LED osv\u011btlen\u00edm Integra 65x70 cm Jen Po Omezenou Doba -<\/title>\n<meta name=\"robots\" content=\"index, follow, max-snippet:-1, max-image-preview:large, max-video-preview:-1\" \/>\n<link rel=\"canonical\" href=\"https:\/\/www.domtechnikpro.com\/index.php\/produkt\/zapustna-zrcadlova-galerka-s-led-osvetlenim-integra-65x70-cm-jen-po-omezenou-doba-44115\/\" \/>\n<meta property=\"og:locale\" content=\"cs_CZ\" \/>\n<meta property=\"og:type\" content=\"article\" \/>\n<meta property=\"og:title\" content=\"Z\u00e1pustn\u00e1 zrcadlov\u00e1 galerka s LED osv\u011btlen\u00edm Integra 65x70 cm Jen Po Omezenou Doba -\" \/>\n<meta property=\"og:description\" content=\"Detailn\u00ed popis produktu INTEGRA galerka &#8211; z\u00e1pustn\u00e1 zrcadlov\u00e1 sk\u0159\u00ed\u0148ka s LED osv\u011btlen\u00edm 1x oboustrann\u00e1 zrcadlov\u00e1 dv\u00ed\u0159ka s lepen\u00fdm pantem na vnit\u0159n\u00edm zrcadle 3 v\u00fd\u0161kov\u011b nastaviteln\u00e9 sklen\u011bn\u00e9 police korpus lamino Titan alu vertik\u00e1ln\u00ed LED osv\u011btlen\u00ed v hlin\u00edkov\u00e9m profilu se st\u00ednidlem ml\u00e9\u010dn\u00e9 vypoukl\u00e9 st\u00ednidlo s perfektn\u00edm rozptylem sv\u011btla (nejsou vid\u011bt jednotliv\u00e9 LED body) zapnut\u00ed\/vypnut\u00ed osv\u011btlen\u00ed p\u0159es extern\u00ed [&hellip;]\" \/>\n<meta property=\"og:url\" content=\"https:\/\/www.domtechnikpro.com\/index.php\/produkt\/zapustna-zrcadlova-galerka-s-led-osvetlenim-integra-65x70-cm-jen-po-omezenou-doba-44115\/\" \/>\n<meta property=\"og:image\" content=\"https:\/\/www.domtechnikpro.com\/wp-content\/uploads\/2026\/SK0002289-CZ20260425-092556-0-1777080363-31762-4_in065-203478370620695.webp\" \/>\n\t<meta property=\"og:image:width\" content=\"1000\" \/>\n\t<meta property=\"og:image:height\" content=\"750\" \/>\n\t<meta property=\"og:image:type\" content=\"image\/webp\" \/>\n<meta name=\"twitter:card\" content=\"summary_large_image\" \/>\n<meta name=\"twitter:label1\" content=\"Odhadovan\u00e1 doba \u010dten\u00ed\" \/>\n\t<meta name=\"twitter:data1\" content=\"3 minuty\" \/>\n<script type=\"application\/ld+json\" class=\"yoast-schema-graph\">{\"@context\":\"https:\/\/schema.org\",\"@graph\":[{\"@type\":\"WebPage\",\"@id\":\"https:\/\/www.domtechnikpro.com\/index.php\/produkt\/zapustna-zrcadlova-galerka-s-led-osvetlenim-integra-65x70-cm-jen-po-omezenou-doba-44115\/\",\"url\":\"https:\/\/www.domtechnikpro.com\/index.php\/produkt\/zapustna-zrcadlova-galerka-s-led-osvetlenim-integra-65x70-cm-jen-po-omezenou-doba-44115\/\",\"name\":\"Z\u00e1pustn\u00e1 zrcadlov\u00e1 galerka s LED osv\u011btlen\u00edm Integra 65x70 cm Jen Po Omezenou Doba -\",\"isPartOf\":{\"@id\":\"https:\/\/www.domtechnikpro.com\/#website\"},\"primaryImageOfPage\":{\"@id\":\"https:\/\/www.domtechnikpro.com\/index.php\/produkt\/zapustna-zrcadlova-galerka-s-led-osvetlenim-integra-65x70-cm-jen-po-omezenou-doba-44115\/#primaryimage\"},\"image\":{\"@id\":\"https:\/\/www.domtechnikpro.com\/index.php\/produkt\/zapustna-zrcadlova-galerka-s-led-osvetlenim-integra-65x70-cm-jen-po-omezenou-doba-44115\/#primaryimage\"},\"thumbnailUrl\":\"https:\/\/www.domtechnikpro.com\/wp-content\/uploads\/2026\/SK0002289-CZ20260425-092556-0-1777080363-31762-4_in065-203478370620695.webp\",\"datePublished\":\"2026-04-26T08:59:34+00:00\",\"breadcrumb\":{\"@id\":\"https:\/\/www.domtechnikpro.com\/index.php\/produkt\/zapustna-zrcadlova-galerka-s-led-osvetlenim-integra-65x70-cm-jen-po-omezenou-doba-44115\/#breadcrumb\"},\"inLanguage\":\"cs\",\"potentialAction\":[{\"@type\":\"ReadAction\",\"target\":[\"https:\/\/www.domtechnikpro.com\/index.php\/produkt\/zapustna-zrcadlova-galerka-s-led-osvetlenim-integra-65x70-cm-jen-po-omezenou-doba-44115\/\"]}]},{\"@type\":\"ImageObject\",\"inLanguage\":\"cs\",\"@id\":\"https:\/\/www.domtechnikpro.com\/index.php\/produkt\/zapustna-zrcadlova-galerka-s-led-osvetlenim-integra-65x70-cm-jen-po-omezenou-doba-44115\/#primaryimage\",\"url\":\"https:\/\/www.domtechnikpro.com\/wp-content\/uploads\/2026\/SK0002289-CZ20260425-092556-0-1777080363-31762-4_in065-203478370620695.webp\",\"contentUrl\":\"https:\/\/www.domtechnikpro.com\/wp-content\/uploads\/2026\/SK0002289-CZ20260425-092556-0-1777080363-31762-4_in065-203478370620695.webp\",\"width\":1000,\"height\":750},{\"@type\":\"BreadcrumbList\",\"@id\":\"https:\/\/www.domtechnikpro.com\/index.php\/produkt\/zapustna-zrcadlova-galerka-s-led-osvetlenim-integra-65x70-cm-jen-po-omezenou-doba-44115\/#breadcrumb\",\"itemListElement\":[{\"@type\":\"ListItem\",\"position\":1,\"name\":\"Home\",\"item\":\"https:\/\/www.domtechnikpro.com\/\"},{\"@type\":\"ListItem\",\"position\":2,\"name\":\"Products\",\"item\":\"https:\/\/www.domtechnikpro.com\/index.php\/products\/\"},{\"@type\":\"ListItem\",\"position\":3,\"name\":\"Z\u00e1pustn\u00e1 zrcadlov\u00e1 galerka s LED osv\u011btlen\u00edm Integra 65&#215;70 cm Jen Po Omezenou Doba\"}]},{\"@type\":\"WebSite\",\"@id\":\"https:\/\/www.domtechnikpro.com\/#website\",\"url\":\"https:\/\/www.domtechnikpro.com\/\",\"name\":\"\",\"description\":\"\",\"potentialAction\":[{\"@type\":\"SearchAction\",\"target\":{\"@type\":\"EntryPoint\",\"urlTemplate\":\"https:\/\/www.domtechnikpro.com\/?s={search_term_string}\"},\"query-input\":{\"@type\":\"PropertyValueSpecification\",\"valueRequired\":true,\"valueName\":\"search_term_string\"}}],\"inLanguage\":\"cs\"}]}<\/script>\n<!-- \/ Yoast SEO plugin. -->","yoast_head_json":{"title":"Z\u00e1pustn\u00e1 zrcadlov\u00e1 galerka s LED osv\u011btlen\u00edm Integra 65x70 cm Jen Po Omezenou Doba -","robots":{"index":"index","follow":"follow","max-snippet":"max-snippet:-1","max-image-preview":"max-image-preview:large","max-video-preview":"max-video-preview:-1"},"canonical":"https:\/\/www.domtechnikpro.com\/index.php\/produkt\/zapustna-zrcadlova-galerka-s-led-osvetlenim-integra-65x70-cm-jen-po-omezenou-doba-44115\/","og_locale":"cs_CZ","og_type":"article","og_title":"Z\u00e1pustn\u00e1 zrcadlov\u00e1 galerka s LED osv\u011btlen\u00edm Integra 65x70 cm Jen Po Omezenou Doba -","og_description":"Detailn\u00ed popis produktu INTEGRA galerka &#8211; z\u00e1pustn\u00e1 zrcadlov\u00e1 sk\u0159\u00ed\u0148ka s LED osv\u011btlen\u00edm 1x oboustrann\u00e1 zrcadlov\u00e1 dv\u00ed\u0159ka s lepen\u00fdm pantem na vnit\u0159n\u00edm zrcadle 3 v\u00fd\u0161kov\u011b nastaviteln\u00e9 sklen\u011bn\u00e9 police korpus lamino Titan alu vertik\u00e1ln\u00ed LED osv\u011btlen\u00ed v hlin\u00edkov\u00e9m profilu se st\u00ednidlem ml\u00e9\u010dn\u00e9 vypoukl\u00e9 st\u00ednidlo s perfektn\u00edm rozptylem sv\u011btla (nejsou vid\u011bt jednotliv\u00e9 LED body) zapnut\u00ed\/vypnut\u00ed osv\u011btlen\u00ed p\u0159es extern\u00ed [&hellip;]","og_url":"https:\/\/www.domtechnikpro.com\/index.php\/produkt\/zapustna-zrcadlova-galerka-s-led-osvetlenim-integra-65x70-cm-jen-po-omezenou-doba-44115\/","og_image":[{"width":1000,"height":750,"url":"https:\/\/www.domtechnikpro.com\/wp-content\/uploads\/2026\/SK0002289-CZ20260425-092556-0-1777080363-31762-4_in065-203478370620695.webp","type":"image\/webp"}],"twitter_card":"summary_large_image","twitter_misc":{"Odhadovan\u00e1 doba \u010dten\u00ed":"3 minuty"},"schema":{"@context":"https:\/\/schema.org","@graph":[{"@type":"WebPage","@id":"https:\/\/www.domtechnikpro.com\/index.php\/produkt\/zapustna-zrcadlova-galerka-s-led-osvetlenim-integra-65x70-cm-jen-po-omezenou-doba-44115\/","url":"https:\/\/www.domtechnikpro.com\/index.php\/produkt\/zapustna-zrcadlova-galerka-s-led-osvetlenim-integra-65x70-cm-jen-po-omezenou-doba-44115\/","name":"Z\u00e1pustn\u00e1 zrcadlov\u00e1 galerka s LED osv\u011btlen\u00edm Integra 65x70 cm Jen Po Omezenou Doba -","isPartOf":{"@id":"https:\/\/www.domtechnikpro.com\/#website"},"primaryImageOfPage":{"@id":"https:\/\/www.domtechnikpro.com\/index.php\/produkt\/zapustna-zrcadlova-galerka-s-led-osvetlenim-integra-65x70-cm-jen-po-omezenou-doba-44115\/#primaryimage"},"image":{"@id":"https:\/\/www.domtechnikpro.com\/index.php\/produkt\/zapustna-zrcadlova-galerka-s-led-osvetlenim-integra-65x70-cm-jen-po-omezenou-doba-44115\/#primaryimage"},"thumbnailUrl":"https:\/\/www.domtechnikpro.com\/wp-content\/uploads\/2026\/SK0002289-CZ20260425-092556-0-1777080363-31762-4_in065-203478370620695.webp","datePublished":"2026-04-26T08:59:34+00:00","breadcrumb":{"@id":"https:\/\/www.domtechnikpro.com\/index.php\/produkt\/zapustna-zrcadlova-galerka-s-led-osvetlenim-integra-65x70-cm-jen-po-omezenou-doba-44115\/#breadcrumb"},"inLanguage":"cs","potentialAction":[{"@type":"ReadAction","target":["https:\/\/www.domtechnikpro.com\/index.php\/produkt\/zapustna-zrcadlova-galerka-s-led-osvetlenim-integra-65x70-cm-jen-po-omezenou-doba-44115\/"]}]},{"@type":"ImageObject","inLanguage":"cs","@id":"https:\/\/www.domtechnikpro.com\/index.php\/produkt\/zapustna-zrcadlova-galerka-s-led-osvetlenim-integra-65x70-cm-jen-po-omezenou-doba-44115\/#primaryimage","url":"https:\/\/www.domtechnikpro.com\/wp-content\/uploads\/2026\/SK0002289-CZ20260425-092556-0-1777080363-31762-4_in065-203478370620695.webp","contentUrl":"https:\/\/www.domtechnikpro.com\/wp-content\/uploads\/2026\/SK0002289-CZ20260425-092556-0-1777080363-31762-4_in065-203478370620695.webp","width":1000,"height":750},{"@type":"BreadcrumbList","@id":"https:\/\/www.domtechnikpro.com\/index.php\/produkt\/zapustna-zrcadlova-galerka-s-led-osvetlenim-integra-65x70-cm-jen-po-omezenou-doba-44115\/#breadcrumb","itemListElement":[{"@type":"ListItem","position":1,"name":"Home","item":"https:\/\/www.domtechnikpro.com\/"},{"@type":"ListItem","position":2,"name":"Products","item":"https:\/\/www.domtechnikpro.com\/index.php\/products\/"},{"@type":"ListItem","position":3,"name":"Z\u00e1pustn\u00e1 zrcadlov\u00e1 galerka s LED osv\u011btlen\u00edm Integra 65&#215;70 cm Jen Po Omezenou Doba"}]},{"@type":"WebSite","@id":"https:\/\/www.domtechnikpro.com\/#website","url":"https:\/\/www.domtechnikpro.com\/","name":"","description":"","potentialAction":[{"@type":"SearchAction","target":{"@type":"EntryPoint","urlTemplate":"https:\/\/www.domtechnikpro.com\/?s={search_term_string}"},"query-input":{"@type":"PropertyValueSpecification","valueRequired":true,"valueName":"search_term_string"}}],"inLanguage":"cs"}]}},"_links":{"self":[{"href":"https:\/\/www.domtechnikpro.com\/index.php\/wp-json\/wp\/v2\/product\/44115","targetHints":{"allow":["GET"]}}],"collection":[{"href":"https:\/\/www.domtechnikpro.com\/index.php\/wp-json\/wp\/v2\/product"}],"about":[{"href":"https:\/\/www.domtechnikpro.com\/index.php\/wp-json\/wp\/v2\/types\/product"}],"replies":[{"embeddable":true,"href":"https:\/\/www.domtechnikpro.com\/index.php\/wp-json\/wp\/v2\/comments?post=44115"}],"wp:featuredmedia":[{"embeddable":true,"href":"https:\/\/www.domtechnikpro.com\/index.php\/wp-json\/wp\/v2\/media\/44215"}],"wp:attachment":[{"href":"https:\/\/www.domtechnikpro.com\/index.php\/wp-json\/wp\/v2\/media?parent=44115"}],"wp:term":[{"taxonomy":"product_brand","embeddable":true,"href":"https:\/\/www.domtechnikpro.com\/index.php\/wp-json\/wp\/v2\/product_brand?post=44115"},{"taxonomy":"product_cat","embeddable":true,"href":"https:\/\/www.domtechnikpro.com\/index.php\/wp-json\/wp\/v2\/product_cat?post=44115"},{"taxonomy":"product_tag","embeddable":true,"href":"https:\/\/www.domtechnikpro.com\/index.php\/wp-json\/wp\/v2\/product_tag?post=44115"}],"curies":[{"name":"wp","href":"https:\/\/api.w.org\/{rel}","templated":true}]}}