{"id":42924,"date":"2026-04-26T08:59:19","date_gmt":"2026-04-26T08:59:19","guid":{"rendered":""},"modified":"2026-04-26T08:59:19","modified_gmt":"2026-04-26T08:59:19","slug":"zrcadlo-s-led-osvetlenim-a-dotykovym-spinacem-1200x700x30mm-vysoce-kvalitni-42924","status":"publish","type":"product","link":"https:\/\/www.domtechnikpro.com\/index.php\/produkt\/zrcadlo-s-led-osvetlenim-a-dotykovym-spinacem-1200x700x30mm-vysoce-kvalitni-42924\/","title":{"rendered":"Zrcadlo s LED osv\u011btlen\u00edm a dotykov\u00fdm sp\u00edna\u010dem, 1200x700x30mm Vysoce Kvalitn\u00ed"},"content":{"rendered":"<div class=\"basic-description\">\n<h3>Detailn\u00ed popis produktu<\/h3>\n<p><strong>Zrcadlo s LED osv\u011btlen\u00edm v horn\u00ed a doln\u00ed \u010d\u00e1sti<\/strong><span>, ovl\u00e1d\u00e1n\u00ed&nbsp;<\/span><strong>dotykov\u00fdm<\/strong><span>&nbsp;sp\u00edna\u010dem.&nbsp;<\/span><strong>Zaoblen\u00e9 hrany<\/strong><span>&nbsp;zrcadla dod\u00e1vaj\u00ed modern\u00ed vzhled.<\/span><\/p>\n<p>Zrcadlo p\u016fsob\u00ed velmi jednodu\u0161e a z\u00e1rove\u0148 elegantn\u011b. D\u00edky matn\u00e9 \u00faprav\u011b horn\u00edho krytu je osv\u011btlen\u00ed p\u0159\u00edjemn\u00e9, pohodln\u00e9 ale tak\u00e9 dostate\u010dn\u011b siln\u00e9 na \u0159\u00e1dn\u00e9 osv\u011btlen\u00ed. Kvalitn\u00ed zpracov\u00e1n\u00ed zaru\u010duje dlouhou \u017eivotnost zrcadla.<\/p>\n<ul>\n<li>Rozm\u011bry: 1200x700x30 mm<\/li>\n<li>5 mm zrcadlo s vysoce le\u0161t\u011bn\u00fdmi hranami<\/li>\n<li>N\u00edzk\u00e1 spot\u0159eba energie d\u00edky vod\u011bodoln\u00fdm LED p\u00e1sk\u016fm.<\/li>\n<li>Horn\u00ed LED osv\u011btlen\u00ed matn\u00e9mu rozptyln\u00e9mu krytu s p\u0159ehledem osv\u011btl\u00ed do v\u0161ech stran, spodn\u00ed osv\u011btlen\u00ed napom\u00e1h\u00e1 odstran\u011bn\u00ed, ne\u017e\u00e1douc\u00edch st\u00edn\u016f z tv\u00e1\u0159e.<\/li>\n<li>Zrcadlo disponuje 228 kusy LED diod o celkov\u00e9m v\u00fdkonu 14 W, teplota osv\u011btlen\u00ed 6400K<\/li>\n<li>Dotykov\u00fd vyp\u00edna\u010d ve st\u0159edu zrcadla<\/li>\n<li>Optim\u00e1ln\u00ed ochrana proti tepeln\u00e9mu nam\u00e1h\u00e1n\u00ed d\u00edky vzd\u00e1lenosti 30mm od st\u011bny<\/li>\n<li>Vhodn\u00e9 do vlhk\u00fdch m\u00edstnost\u00ed a koupelen<\/li>\n<li>T\u0159\u00edda kryt\u00ed IP44<\/li>\n<\/ul>\n<p>Zrcadlo ze zadn\u00ed strany otev\u0159en\u00e9 pro pohodln\u00e9 p\u0159ipojen\u00ed el. proudu. V zadn\u00ed \u010d\u00e1sti zrcadla je hlin\u00edkov\u00fd r\u00e1m, kter\u00fd je um\u00edst\u011bn 3 cm od kraje, aby nebyl viditeln\u00fd. \u0160\u00ed\u0159ka r\u00e1mu je 2,5 cm a umo\u017e\u0148uje tak efektivn\u00ed chlazen\u00ed zdroje osv\u011btlen\u00ed. V r\u00e1mu zrcadla jsou um\u00edst\u011bny i otvory pro zav\u011b\u0161en\u00ed. Instala\u010dn\u00ed materi\u00e1l je tak\u00e9 sou\u010d\u00e1st\u00ed balen\u00ed.<\/p>\n<p>Zrcadlo je baleno do ochrann\u00e9 f\u00f3lie a PVC obalu. Pro bezpe\u010dnou p\u0159epravu je zrcadlo chr\u00e1n\u011bno tvarovan\u00fdm polystyrenem s vyztu\u017een\u00fdmi rohy a pevn\u00e9ho dvojit\u00e9ho kartonu.&nbsp;<\/p>\n<p>Tento model zrcadla dod\u00e1v\u00e1me ve \u010dty\u0159ech rozm\u011brech:<\/p>\n<h2><\/h2>\n<h2><\/h2>\n<h2><\/h2>\n<h2><\/h2>\n<\/p><\/div>\n<div class=\"extended-description\">\n<h3>Dopl\u0148kov\u00e9 parametry<\/h3>\n<table class=\"detail-parameters\">\n<tbody>\n<tr>\n<th>        <span class=\"row-header-label\">            Kategorie<span class=\"row-header-label-colon\">:<\/span>        <\/span>    <\/th>\n<td>            <\/td>\n<\/tr>\n<tr>\n<th>            <span class=\"row-header-label\">                Z\u00e1ruka<span class=\"row-header-label-colon\">:<\/span>            <\/span>        <\/th>\n<td>            24m        <\/td>\n<\/tr>\n<tr>\n<th>            <span class=\"row-header-label\">                Hmotnost<span class=\"row-header-label-colon\">:<\/span>            <\/span>        <\/th>\n<td>            15.9 kg        <\/td>\n<\/tr>\n<tr>\n<th>                <span class=\"row-header-label\">                                            Dostupnost<span class=\"row-header-label-colon\">:<\/span>                                    <\/span>            <\/th>\n<td>                                                            Skladem                                                <\/td>\n<\/tr>\n<tr>\n<th>                <span class=\"row-header-label\">                                                                        Hloubka<span class=\"row-header-label-colon\">:<\/span>                                                            <\/span>            <\/th>\n<td>3 cm<\/td>\n<\/tr>\n<tr>\n<th>                <span class=\"row-header-label\">                                                                        V\u00fd\u0161ka<span class=\"row-header-label-colon\">:<\/span>                                                            <\/span>            <\/th>\n<td>70 cm<\/td>\n<\/tr>\n<tr>\n<th>                <span class=\"row-header-label\">                                                                        \u0160\u00ed\u0159ka<span class=\"row-header-label-colon\">:<\/span>                                                            <\/span>            <\/th>\n<td>100 cm<\/td>\n<\/tr>\n<tr>\n<th>                <span class=\"row-header-label\">                                                                        Typ osv\u011btlen\u00ed<span class=\"row-header-label-colon\">:<\/span>                                                            <\/span>            <\/th>\n<td>LED, 228 ks<\/td>\n<\/tr>\n<tr>\n<th>                <span class=\"row-header-label\">                                                                        Spot\u0159eba<span class=\"row-header-label-colon\">:<\/span>                                                            <\/span>            <\/th>\n<td>14 W<\/td>\n<\/tr>\n<tr>\n<th>                <span class=\"row-header-label\">                                                                        Kryt\u00ed<span class=\"row-header-label-colon\">:<\/span>                                                            <\/span>            <\/th>\n<td>IP 44<\/td>\n<\/tr>\n<\/tbody>\n<\/table><\/div>\n<\/p><\/div>\n<\/p><\/div>\n","protected":false},"excerpt":{"rendered":"<p>Detailn\u00ed popis produktu Zrcadlo s LED osv\u011btlen\u00edm v horn\u00ed a doln\u00ed \u010d\u00e1sti, ovl\u00e1d\u00e1n\u00ed&nbsp;dotykov\u00fdm&nbsp;sp\u00edna\u010dem.&nbsp;Zaoblen\u00e9 hrany&nbsp;zrcadla dod\u00e1vaj\u00ed modern\u00ed vzhled. Zrcadlo p\u016fsob\u00ed velmi jednodu\u0161e a z\u00e1rove\u0148 elegantn\u011b. D\u00edky matn\u00e9 \u00faprav\u011b horn\u00edho krytu je osv\u011btlen\u00ed p\u0159\u00edjemn\u00e9, pohodln\u00e9 ale tak\u00e9 dostate\u010dn\u011b siln\u00e9 na \u0159\u00e1dn\u00e9 osv\u011btlen\u00ed. Kvalitn\u00ed zpracov\u00e1n\u00ed zaru\u010duje dlouhou \u017eivotnost zrcadla. Rozm\u011bry: 1200x700x30 mm 5 mm zrcadlo s vysoce le\u0161t\u011bn\u00fdmi [&hellip;]<\/p>\n","protected":false},"featured_media":43024,"comment_status":"open","ping_status":"open","template":"","meta":[],"product_brand":[],"product_cat":[155],"product_tag":[],"class_list":{"0":"post-42924","1":"product","2":"type-product","3":"status-publish","4":"has-post-thumbnail","6":"product_cat-zrcadla","8":"first","9":"instock","10":"sale","11":"shipping-taxable","12":"purchasable","13":"product-type-simple"},"yoast_head":"<!-- This site is optimized with the Yoast SEO plugin v26.8 - https:\/\/yoast.com\/product\/yoast-seo-wordpress\/ -->\n<title>Zrcadlo s LED osv\u011btlen\u00edm a dotykov\u00fdm sp\u00edna\u010dem, 1200x700x30mm Vysoce Kvalitn\u00ed -<\/title>\n<meta name=\"robots\" content=\"index, follow, max-snippet:-1, max-image-preview:large, max-video-preview:-1\" \/>\n<link rel=\"canonical\" href=\"https:\/\/www.domtechnikpro.com\/index.php\/produkt\/zrcadlo-s-led-osvetlenim-a-dotykovym-spinacem-1200x700x30mm-vysoce-kvalitni-42924\/\" \/>\n<meta property=\"og:locale\" content=\"cs_CZ\" \/>\n<meta property=\"og:type\" content=\"article\" \/>\n<meta property=\"og:title\" content=\"Zrcadlo s LED osv\u011btlen\u00edm a dotykov\u00fdm sp\u00edna\u010dem, 1200x700x30mm Vysoce Kvalitn\u00ed -\" \/>\n<meta property=\"og:description\" content=\"Detailn\u00ed popis produktu Zrcadlo s LED osv\u011btlen\u00edm v horn\u00ed a doln\u00ed \u010d\u00e1sti, ovl\u00e1d\u00e1n\u00ed&nbsp;dotykov\u00fdm&nbsp;sp\u00edna\u010dem.&nbsp;Zaoblen\u00e9 hrany&nbsp;zrcadla dod\u00e1vaj\u00ed modern\u00ed vzhled. Zrcadlo p\u016fsob\u00ed velmi jednodu\u0161e a z\u00e1rove\u0148 elegantn\u011b. D\u00edky matn\u00e9 \u00faprav\u011b horn\u00edho krytu je osv\u011btlen\u00ed p\u0159\u00edjemn\u00e9, pohodln\u00e9 ale tak\u00e9 dostate\u010dn\u011b siln\u00e9 na \u0159\u00e1dn\u00e9 osv\u011btlen\u00ed. Kvalitn\u00ed zpracov\u00e1n\u00ed zaru\u010duje dlouhou \u017eivotnost zrcadla. Rozm\u011bry: 1200x700x30 mm 5 mm zrcadlo s vysoce le\u0161t\u011bn\u00fdmi [&hellip;]\" \/>\n<meta property=\"og:url\" content=\"https:\/\/www.domtechnikpro.com\/index.php\/produkt\/zrcadlo-s-led-osvetlenim-a-dotykovym-spinacem-1200x700x30mm-vysoce-kvalitni-42924\/\" \/>\n<meta property=\"og:image\" content=\"https:\/\/www.domtechnikpro.com\/wp-content\/uploads\/2026\/SK0001657-CZ20260425-092556-0-1777080363-22198-1_zrcadlo-s-led-osvetlenim-a-dotykovym-spinacem--1200.webp\" \/>\n\t<meta property=\"og:image:width\" content=\"1000\" \/>\n\t<meta property=\"og:image:height\" content=\"750\" \/>\n\t<meta property=\"og:image:type\" content=\"image\/webp\" \/>\n<meta name=\"twitter:card\" content=\"summary_large_image\" \/>\n<meta name=\"twitter:label1\" content=\"Odhadovan\u00e1 doba \u010dten\u00ed\" \/>\n\t<meta name=\"twitter:data1\" content=\"2 minuty\" \/>\n<script type=\"application\/ld+json\" class=\"yoast-schema-graph\">{\"@context\":\"https:\/\/schema.org\",\"@graph\":[{\"@type\":\"WebPage\",\"@id\":\"https:\/\/www.domtechnikpro.com\/index.php\/produkt\/zrcadlo-s-led-osvetlenim-a-dotykovym-spinacem-1200x700x30mm-vysoce-kvalitni-42924\/\",\"url\":\"https:\/\/www.domtechnikpro.com\/index.php\/produkt\/zrcadlo-s-led-osvetlenim-a-dotykovym-spinacem-1200x700x30mm-vysoce-kvalitni-42924\/\",\"name\":\"Zrcadlo s LED osv\u011btlen\u00edm a dotykov\u00fdm sp\u00edna\u010dem, 1200x700x30mm Vysoce Kvalitn\u00ed -\",\"isPartOf\":{\"@id\":\"https:\/\/www.domtechnikpro.com\/#website\"},\"primaryImageOfPage\":{\"@id\":\"https:\/\/www.domtechnikpro.com\/index.php\/produkt\/zrcadlo-s-led-osvetlenim-a-dotykovym-spinacem-1200x700x30mm-vysoce-kvalitni-42924\/#primaryimage\"},\"image\":{\"@id\":\"https:\/\/www.domtechnikpro.com\/index.php\/produkt\/zrcadlo-s-led-osvetlenim-a-dotykovym-spinacem-1200x700x30mm-vysoce-kvalitni-42924\/#primaryimage\"},\"thumbnailUrl\":\"https:\/\/www.domtechnikpro.com\/wp-content\/uploads\/2026\/SK0001657-CZ20260425-092556-0-1777080363-22198-1_zrcadlo-s-led-osvetlenim-a-dotykovym-spinacem--1200.webp\",\"datePublished\":\"2026-04-26T08:59:19+00:00\",\"breadcrumb\":{\"@id\":\"https:\/\/www.domtechnikpro.com\/index.php\/produkt\/zrcadlo-s-led-osvetlenim-a-dotykovym-spinacem-1200x700x30mm-vysoce-kvalitni-42924\/#breadcrumb\"},\"inLanguage\":\"cs\",\"potentialAction\":[{\"@type\":\"ReadAction\",\"target\":[\"https:\/\/www.domtechnikpro.com\/index.php\/produkt\/zrcadlo-s-led-osvetlenim-a-dotykovym-spinacem-1200x700x30mm-vysoce-kvalitni-42924\/\"]}]},{\"@type\":\"ImageObject\",\"inLanguage\":\"cs\",\"@id\":\"https:\/\/www.domtechnikpro.com\/index.php\/produkt\/zrcadlo-s-led-osvetlenim-a-dotykovym-spinacem-1200x700x30mm-vysoce-kvalitni-42924\/#primaryimage\",\"url\":\"https:\/\/www.domtechnikpro.com\/wp-content\/uploads\/2026\/SK0001657-CZ20260425-092556-0-1777080363-22198-1_zrcadlo-s-led-osvetlenim-a-dotykovym-spinacem--1200.webp\",\"contentUrl\":\"https:\/\/www.domtechnikpro.com\/wp-content\/uploads\/2026\/SK0001657-CZ20260425-092556-0-1777080363-22198-1_zrcadlo-s-led-osvetlenim-a-dotykovym-spinacem--1200.webp\",\"width\":1000,\"height\":750},{\"@type\":\"BreadcrumbList\",\"@id\":\"https:\/\/www.domtechnikpro.com\/index.php\/produkt\/zrcadlo-s-led-osvetlenim-a-dotykovym-spinacem-1200x700x30mm-vysoce-kvalitni-42924\/#breadcrumb\",\"itemListElement\":[{\"@type\":\"ListItem\",\"position\":1,\"name\":\"Home\",\"item\":\"https:\/\/www.domtechnikpro.com\/\"},{\"@type\":\"ListItem\",\"position\":2,\"name\":\"Products\",\"item\":\"https:\/\/www.domtechnikpro.com\/index.php\/products\/\"},{\"@type\":\"ListItem\",\"position\":3,\"name\":\"Zrcadlo s LED osv\u011btlen\u00edm a dotykov\u00fdm sp\u00edna\u010dem, 1200x700x30mm Vysoce Kvalitn\u00ed\"}]},{\"@type\":\"WebSite\",\"@id\":\"https:\/\/www.domtechnikpro.com\/#website\",\"url\":\"https:\/\/www.domtechnikpro.com\/\",\"name\":\"\",\"description\":\"\",\"potentialAction\":[{\"@type\":\"SearchAction\",\"target\":{\"@type\":\"EntryPoint\",\"urlTemplate\":\"https:\/\/www.domtechnikpro.com\/?s={search_term_string}\"},\"query-input\":{\"@type\":\"PropertyValueSpecification\",\"valueRequired\":true,\"valueName\":\"search_term_string\"}}],\"inLanguage\":\"cs\"}]}<\/script>\n<!-- \/ Yoast SEO plugin. -->","yoast_head_json":{"title":"Zrcadlo s LED osv\u011btlen\u00edm a dotykov\u00fdm sp\u00edna\u010dem, 1200x700x30mm Vysoce Kvalitn\u00ed -","robots":{"index":"index","follow":"follow","max-snippet":"max-snippet:-1","max-image-preview":"max-image-preview:large","max-video-preview":"max-video-preview:-1"},"canonical":"https:\/\/www.domtechnikpro.com\/index.php\/produkt\/zrcadlo-s-led-osvetlenim-a-dotykovym-spinacem-1200x700x30mm-vysoce-kvalitni-42924\/","og_locale":"cs_CZ","og_type":"article","og_title":"Zrcadlo s LED osv\u011btlen\u00edm a dotykov\u00fdm sp\u00edna\u010dem, 1200x700x30mm Vysoce Kvalitn\u00ed -","og_description":"Detailn\u00ed popis produktu Zrcadlo s LED osv\u011btlen\u00edm v horn\u00ed a doln\u00ed \u010d\u00e1sti, ovl\u00e1d\u00e1n\u00ed&nbsp;dotykov\u00fdm&nbsp;sp\u00edna\u010dem.&nbsp;Zaoblen\u00e9 hrany&nbsp;zrcadla dod\u00e1vaj\u00ed modern\u00ed vzhled. Zrcadlo p\u016fsob\u00ed velmi jednodu\u0161e a z\u00e1rove\u0148 elegantn\u011b. D\u00edky matn\u00e9 \u00faprav\u011b horn\u00edho krytu je osv\u011btlen\u00ed p\u0159\u00edjemn\u00e9, pohodln\u00e9 ale tak\u00e9 dostate\u010dn\u011b siln\u00e9 na \u0159\u00e1dn\u00e9 osv\u011btlen\u00ed. Kvalitn\u00ed zpracov\u00e1n\u00ed zaru\u010duje dlouhou \u017eivotnost zrcadla. Rozm\u011bry: 1200x700x30 mm 5 mm zrcadlo s vysoce le\u0161t\u011bn\u00fdmi [&hellip;]","og_url":"https:\/\/www.domtechnikpro.com\/index.php\/produkt\/zrcadlo-s-led-osvetlenim-a-dotykovym-spinacem-1200x700x30mm-vysoce-kvalitni-42924\/","og_image":[{"width":1000,"height":750,"url":"https:\/\/www.domtechnikpro.com\/wp-content\/uploads\/2026\/SK0001657-CZ20260425-092556-0-1777080363-22198-1_zrcadlo-s-led-osvetlenim-a-dotykovym-spinacem--1200.webp","type":"image\/webp"}],"twitter_card":"summary_large_image","twitter_misc":{"Odhadovan\u00e1 doba \u010dten\u00ed":"2 minuty"},"schema":{"@context":"https:\/\/schema.org","@graph":[{"@type":"WebPage","@id":"https:\/\/www.domtechnikpro.com\/index.php\/produkt\/zrcadlo-s-led-osvetlenim-a-dotykovym-spinacem-1200x700x30mm-vysoce-kvalitni-42924\/","url":"https:\/\/www.domtechnikpro.com\/index.php\/produkt\/zrcadlo-s-led-osvetlenim-a-dotykovym-spinacem-1200x700x30mm-vysoce-kvalitni-42924\/","name":"Zrcadlo s LED osv\u011btlen\u00edm a dotykov\u00fdm sp\u00edna\u010dem, 1200x700x30mm Vysoce Kvalitn\u00ed -","isPartOf":{"@id":"https:\/\/www.domtechnikpro.com\/#website"},"primaryImageOfPage":{"@id":"https:\/\/www.domtechnikpro.com\/index.php\/produkt\/zrcadlo-s-led-osvetlenim-a-dotykovym-spinacem-1200x700x30mm-vysoce-kvalitni-42924\/#primaryimage"},"image":{"@id":"https:\/\/www.domtechnikpro.com\/index.php\/produkt\/zrcadlo-s-led-osvetlenim-a-dotykovym-spinacem-1200x700x30mm-vysoce-kvalitni-42924\/#primaryimage"},"thumbnailUrl":"https:\/\/www.domtechnikpro.com\/wp-content\/uploads\/2026\/SK0001657-CZ20260425-092556-0-1777080363-22198-1_zrcadlo-s-led-osvetlenim-a-dotykovym-spinacem--1200.webp","datePublished":"2026-04-26T08:59:19+00:00","breadcrumb":{"@id":"https:\/\/www.domtechnikpro.com\/index.php\/produkt\/zrcadlo-s-led-osvetlenim-a-dotykovym-spinacem-1200x700x30mm-vysoce-kvalitni-42924\/#breadcrumb"},"inLanguage":"cs","potentialAction":[{"@type":"ReadAction","target":["https:\/\/www.domtechnikpro.com\/index.php\/produkt\/zrcadlo-s-led-osvetlenim-a-dotykovym-spinacem-1200x700x30mm-vysoce-kvalitni-42924\/"]}]},{"@type":"ImageObject","inLanguage":"cs","@id":"https:\/\/www.domtechnikpro.com\/index.php\/produkt\/zrcadlo-s-led-osvetlenim-a-dotykovym-spinacem-1200x700x30mm-vysoce-kvalitni-42924\/#primaryimage","url":"https:\/\/www.domtechnikpro.com\/wp-content\/uploads\/2026\/SK0001657-CZ20260425-092556-0-1777080363-22198-1_zrcadlo-s-led-osvetlenim-a-dotykovym-spinacem--1200.webp","contentUrl":"https:\/\/www.domtechnikpro.com\/wp-content\/uploads\/2026\/SK0001657-CZ20260425-092556-0-1777080363-22198-1_zrcadlo-s-led-osvetlenim-a-dotykovym-spinacem--1200.webp","width":1000,"height":750},{"@type":"BreadcrumbList","@id":"https:\/\/www.domtechnikpro.com\/index.php\/produkt\/zrcadlo-s-led-osvetlenim-a-dotykovym-spinacem-1200x700x30mm-vysoce-kvalitni-42924\/#breadcrumb","itemListElement":[{"@type":"ListItem","position":1,"name":"Home","item":"https:\/\/www.domtechnikpro.com\/"},{"@type":"ListItem","position":2,"name":"Products","item":"https:\/\/www.domtechnikpro.com\/index.php\/products\/"},{"@type":"ListItem","position":3,"name":"Zrcadlo s LED osv\u011btlen\u00edm a dotykov\u00fdm sp\u00edna\u010dem, 1200x700x30mm Vysoce Kvalitn\u00ed"}]},{"@type":"WebSite","@id":"https:\/\/www.domtechnikpro.com\/#website","url":"https:\/\/www.domtechnikpro.com\/","name":"","description":"","potentialAction":[{"@type":"SearchAction","target":{"@type":"EntryPoint","urlTemplate":"https:\/\/www.domtechnikpro.com\/?s={search_term_string}"},"query-input":{"@type":"PropertyValueSpecification","valueRequired":true,"valueName":"search_term_string"}}],"inLanguage":"cs"}]}},"_links":{"self":[{"href":"https:\/\/www.domtechnikpro.com\/index.php\/wp-json\/wp\/v2\/product\/42924","targetHints":{"allow":["GET"]}}],"collection":[{"href":"https:\/\/www.domtechnikpro.com\/index.php\/wp-json\/wp\/v2\/product"}],"about":[{"href":"https:\/\/www.domtechnikpro.com\/index.php\/wp-json\/wp\/v2\/types\/product"}],"replies":[{"embeddable":true,"href":"https:\/\/www.domtechnikpro.com\/index.php\/wp-json\/wp\/v2\/comments?post=42924"}],"wp:featuredmedia":[{"embeddable":true,"href":"https:\/\/www.domtechnikpro.com\/index.php\/wp-json\/wp\/v2\/media\/43024"}],"wp:attachment":[{"href":"https:\/\/www.domtechnikpro.com\/index.php\/wp-json\/wp\/v2\/media?parent=42924"}],"wp:term":[{"taxonomy":"product_brand","embeddable":true,"href":"https:\/\/www.domtechnikpro.com\/index.php\/wp-json\/wp\/v2\/product_brand?post=42924"},{"taxonomy":"product_cat","embeddable":true,"href":"https:\/\/www.domtechnikpro.com\/index.php\/wp-json\/wp\/v2\/product_cat?post=42924"},{"taxonomy":"product_tag","embeddable":true,"href":"https:\/\/www.domtechnikpro.com\/index.php\/wp-json\/wp\/v2\/product_tag?post=42924"}],"curies":[{"name":"wp","href":"https:\/\/api.w.org\/{rel}","templated":true}]}}