{"id":42921,"date":"2026-04-26T08:59:19","date_gmt":"2026-04-26T08:59:19","guid":{"rendered":""},"modified":"2026-04-26T08:59:19","modified_gmt":"2026-04-26T08:59:19","slug":"zrcadlo-s-led-osvetlenim-a-nastavitelnou-teplotou-svetla-900x600x30mm-primo-od-vyrobce-42921","status":"publish","type":"product","link":"https:\/\/www.domtechnikpro.com\/index.php\/produkt\/zrcadlo-s-led-osvetlenim-a-nastavitelnou-teplotou-svetla-900x600x30mm-primo-od-vyrobce-42921\/","title":{"rendered":"Zrcadlo s LED osv\u011btlen\u00edm a nastavitelnou teplotou sv\u011btla, 900x600x30mm P\u0159\u00edmo Od V\u00fdrobce"},"content":{"rendered":"<div class=\"basic-description\">\n<h3>Detailn\u00ed popis produktu<\/h3>\n<p>                                    Zrcadlo je osv\u011btlen\u00e9 ve vrchn\u00ed a spodn\u00ed \u010d\u00e1sti.Elegantn\u00ed design, kvalitn\u00ed zpracov\u00e1n\u00ed a dlouh\u00e1 \u017eivotnost.D\u00edky rozptyln\u00e9mu hranolu, kter\u00fd kryje osv\u011btlen\u00ed zrcadla a d\u00edky mo\u017enosti p\u0159izp\u016fsoben\u00ed teploty osv\u011btlen\u00ed pouh\u00fdm dlouh\u00fdm stiskem vyp\u00edna\u010de, bude jist\u011b zrcadlo vhodn\u00fdm koupelnov\u00fdm dopl\u0148kem pro ka\u017ed\u00e9ho.Kr\u00e1sn\u00fdm detailem jsou strany zrcadla, kter\u00e9 tak\u00e9 kryje zrcadlov\u00e1 plocha, zrcadlo tak p\u016fsob\u00ed ucelen\u00fdm dojmem, kter\u00fd neru\u0161\u00ed r\u00e1m.<\/p>\n<ul>\n<li>5 mm zrcadlo s vysoce le\u0161t\u011bn\u00fdmi hranami<\/li>\n<li>N\u00edzk\u00e1 spot\u0159eba energie d\u00edky vod\u011bodoln\u00edm LED p\u00e1sk\u016fm.<\/li>\n<li>Horn\u00ed LED osv\u011btlen\u00ed matn\u00e9mu rozptyln\u00e9mu krytu s p\u0159ehledem osv\u011btl\u00ed do v\u0161ech stran, spodn\u00ed osv\u011btlen\u00ed napom\u00e1h\u00e1 ostran\u011bn\u00ed, ne\u017e\u00e1douc\u00edch st\u00edn\u016f z tv\u00e1\u0159e.<\/li>\n<li>Nastaviteln\u00e1 teplota osv\u011btlen\u00ed v rozsahu 3000K &#8211; 6500K, dlouh\u00e9 podr\u017een\u00ed vyp\u00edna\u010de<\/li>\n<li>Zrcadlo disponuje 216 LED diodami o celkov\u00e9m v\u00fdkonu 8.64W<\/li>\n<li>Dotykov\u00fd vyp\u00edna\u010d ve st\u0159edu zrcadla<\/li>\n<li>Optim\u00e1ln\u00ed ochrana proti tepeln\u00e9mu nam\u00e1h\u00e1n\u00ed diky vzd\u00e1lenosti 30mm od st\u011bny<\/li>\n<li>Vhodn\u00e9 do vlhk\u00fdch m\u00edstnost\u00ed a koupelen<\/li>\n<li>T\u0159\u00edda kryt\u00ed IP44<\/li>\n<li>Rozm\u011bry: 900x600x30mm<\/li>\n<\/ul><\/div>\n<div class=\"extended-description\">\n<h3>Dopl\u0148kov\u00e9 parametry<\/h3>\n<table class=\"detail-parameters\">\n<tbody>\n<tr>\n<th>        <span class=\"row-header-label\">            Kategorie<span class=\"row-header-label-colon\">:<\/span>        <\/span>    <\/th>\n<td>            <\/td>\n<\/tr>\n<tr>\n<th>            <span class=\"row-header-label\">                Z\u00e1ruka<span class=\"row-header-label-colon\">:<\/span>            <\/span>        <\/th>\n<td>            24m        <\/td>\n<\/tr>\n<tr>\n<th>            <span class=\"row-header-label\">                Hmotnost<span class=\"row-header-label-colon\">:<\/span>            <\/span>        <\/th>\n<td>            6 kg        <\/td>\n<\/tr>\n<tr>\n<th>                <span class=\"row-header-label\">                                            Dostupnost<span class=\"row-header-label-colon\">:<\/span>                                    <\/span>            <\/th>\n<td>                                                            Skladem                                                <\/td>\n<\/tr>\n<\/tbody>\n<\/table><\/div>\n<\/p><\/div>\n<\/p><\/div>\n","protected":false},"excerpt":{"rendered":"<p>Detailn\u00ed popis produktu Zrcadlo je osv\u011btlen\u00e9 ve vrchn\u00ed a spodn\u00ed \u010d\u00e1sti.Elegantn\u00ed design, kvalitn\u00ed zpracov\u00e1n\u00ed a dlouh\u00e1 \u017eivotnost.D\u00edky rozptyln\u00e9mu hranolu, kter\u00fd kryje osv\u011btlen\u00ed zrcadla a d\u00edky mo\u017enosti p\u0159izp\u016fsoben\u00ed teploty osv\u011btlen\u00ed pouh\u00fdm dlouh\u00fdm stiskem vyp\u00edna\u010de, bude jist\u011b zrcadlo vhodn\u00fdm koupelnov\u00fdm dopl\u0148kem pro ka\u017ed\u00e9ho.Kr\u00e1sn\u00fdm detailem jsou strany zrcadla, kter\u00e9 tak\u00e9 kryje zrcadlov\u00e1 plocha, zrcadlo tak p\u016fsob\u00ed ucelen\u00fdm dojmem, [&hellip;]<\/p>\n","protected":false},"featured_media":43021,"comment_status":"open","ping_status":"open","template":"","meta":[],"product_brand":[],"product_cat":[155],"product_tag":[],"class_list":{"0":"post-42921","1":"product","2":"type-product","3":"status-publish","4":"has-post-thumbnail","6":"product_cat-zrcadla","8":"first","9":"instock","10":"sale","11":"shipping-taxable","12":"purchasable","13":"product-type-simple"},"yoast_head":"<!-- This site is optimized with the Yoast SEO plugin v26.8 - https:\/\/yoast.com\/product\/yoast-seo-wordpress\/ -->\n<title>Zrcadlo s LED osv\u011btlen\u00edm a nastavitelnou teplotou sv\u011btla, 900x600x30mm P\u0159\u00edmo Od V\u00fdrobce -<\/title>\n<meta name=\"robots\" content=\"index, follow, max-snippet:-1, max-image-preview:large, max-video-preview:-1\" \/>\n<link rel=\"canonical\" href=\"https:\/\/www.domtechnikpro.com\/index.php\/produkt\/zrcadlo-s-led-osvetlenim-a-nastavitelnou-teplotou-svetla-900x600x30mm-primo-od-vyrobce-42921\/\" \/>\n<meta property=\"og:locale\" content=\"cs_CZ\" \/>\n<meta property=\"og:type\" content=\"article\" \/>\n<meta property=\"og:title\" content=\"Zrcadlo s LED osv\u011btlen\u00edm a nastavitelnou teplotou sv\u011btla, 900x600x30mm P\u0159\u00edmo Od V\u00fdrobce -\" \/>\n<meta property=\"og:description\" content=\"Detailn\u00ed popis produktu Zrcadlo je osv\u011btlen\u00e9 ve vrchn\u00ed a spodn\u00ed \u010d\u00e1sti.Elegantn\u00ed design, kvalitn\u00ed zpracov\u00e1n\u00ed a dlouh\u00e1 \u017eivotnost.D\u00edky rozptyln\u00e9mu hranolu, kter\u00fd kryje osv\u011btlen\u00ed zrcadla a d\u00edky mo\u017enosti p\u0159izp\u016fsoben\u00ed teploty osv\u011btlen\u00ed pouh\u00fdm dlouh\u00fdm stiskem vyp\u00edna\u010de, bude jist\u011b zrcadlo vhodn\u00fdm koupelnov\u00fdm dopl\u0148kem pro ka\u017ed\u00e9ho.Kr\u00e1sn\u00fdm detailem jsou strany zrcadla, kter\u00e9 tak\u00e9 kryje zrcadlov\u00e1 plocha, zrcadlo tak p\u016fsob\u00ed ucelen\u00fdm dojmem, [&hellip;]\" \/>\n<meta property=\"og:url\" content=\"https:\/\/www.domtechnikpro.com\/index.php\/produkt\/zrcadlo-s-led-osvetlenim-a-nastavitelnou-teplotou-svetla-900x600x30mm-primo-od-vyrobce-42921\/\" \/>\n<meta property=\"og:image\" content=\"https:\/\/www.domtechnikpro.com\/wp-content\/uploads\/2026\/SK0001654-CZ20260425-092556-0-1777080363-22189_zrcadlo-s-led-osvetlenim-a-nastavitelnou-teplotou-sve.webp\" \/>\n\t<meta property=\"og:image:width\" content=\"1000\" \/>\n\t<meta property=\"og:image:height\" content=\"750\" \/>\n\t<meta property=\"og:image:type\" content=\"image\/webp\" \/>\n<meta name=\"twitter:card\" content=\"summary_large_image\" \/>\n<meta name=\"twitter:label1\" content=\"Odhadovan\u00e1 doba \u010dten\u00ed\" \/>\n\t<meta name=\"twitter:data1\" content=\"1 minuta\" \/>\n<script type=\"application\/ld+json\" class=\"yoast-schema-graph\">{\"@context\":\"https:\/\/schema.org\",\"@graph\":[{\"@type\":\"WebPage\",\"@id\":\"https:\/\/www.domtechnikpro.com\/index.php\/produkt\/zrcadlo-s-led-osvetlenim-a-nastavitelnou-teplotou-svetla-900x600x30mm-primo-od-vyrobce-42921\/\",\"url\":\"https:\/\/www.domtechnikpro.com\/index.php\/produkt\/zrcadlo-s-led-osvetlenim-a-nastavitelnou-teplotou-svetla-900x600x30mm-primo-od-vyrobce-42921\/\",\"name\":\"Zrcadlo s LED osv\u011btlen\u00edm a nastavitelnou teplotou sv\u011btla, 900x600x30mm P\u0159\u00edmo Od V\u00fdrobce -\",\"isPartOf\":{\"@id\":\"https:\/\/www.domtechnikpro.com\/#website\"},\"primaryImageOfPage\":{\"@id\":\"https:\/\/www.domtechnikpro.com\/index.php\/produkt\/zrcadlo-s-led-osvetlenim-a-nastavitelnou-teplotou-svetla-900x600x30mm-primo-od-vyrobce-42921\/#primaryimage\"},\"image\":{\"@id\":\"https:\/\/www.domtechnikpro.com\/index.php\/produkt\/zrcadlo-s-led-osvetlenim-a-nastavitelnou-teplotou-svetla-900x600x30mm-primo-od-vyrobce-42921\/#primaryimage\"},\"thumbnailUrl\":\"https:\/\/www.domtechnikpro.com\/wp-content\/uploads\/2026\/SK0001654-CZ20260425-092556-0-1777080363-22189_zrcadlo-s-led-osvetlenim-a-nastavitelnou-teplotou-sve.webp\",\"datePublished\":\"2026-04-26T08:59:19+00:00\",\"breadcrumb\":{\"@id\":\"https:\/\/www.domtechnikpro.com\/index.php\/produkt\/zrcadlo-s-led-osvetlenim-a-nastavitelnou-teplotou-svetla-900x600x30mm-primo-od-vyrobce-42921\/#breadcrumb\"},\"inLanguage\":\"cs\",\"potentialAction\":[{\"@type\":\"ReadAction\",\"target\":[\"https:\/\/www.domtechnikpro.com\/index.php\/produkt\/zrcadlo-s-led-osvetlenim-a-nastavitelnou-teplotou-svetla-900x600x30mm-primo-od-vyrobce-42921\/\"]}]},{\"@type\":\"ImageObject\",\"inLanguage\":\"cs\",\"@id\":\"https:\/\/www.domtechnikpro.com\/index.php\/produkt\/zrcadlo-s-led-osvetlenim-a-nastavitelnou-teplotou-svetla-900x600x30mm-primo-od-vyrobce-42921\/#primaryimage\",\"url\":\"https:\/\/www.domtechnikpro.com\/wp-content\/uploads\/2026\/SK0001654-CZ20260425-092556-0-1777080363-22189_zrcadlo-s-led-osvetlenim-a-nastavitelnou-teplotou-sve.webp\",\"contentUrl\":\"https:\/\/www.domtechnikpro.com\/wp-content\/uploads\/2026\/SK0001654-CZ20260425-092556-0-1777080363-22189_zrcadlo-s-led-osvetlenim-a-nastavitelnou-teplotou-sve.webp\",\"width\":1000,\"height\":750},{\"@type\":\"BreadcrumbList\",\"@id\":\"https:\/\/www.domtechnikpro.com\/index.php\/produkt\/zrcadlo-s-led-osvetlenim-a-nastavitelnou-teplotou-svetla-900x600x30mm-primo-od-vyrobce-42921\/#breadcrumb\",\"itemListElement\":[{\"@type\":\"ListItem\",\"position\":1,\"name\":\"Home\",\"item\":\"https:\/\/www.domtechnikpro.com\/\"},{\"@type\":\"ListItem\",\"position\":2,\"name\":\"Products\",\"item\":\"https:\/\/www.domtechnikpro.com\/index.php\/products\/\"},{\"@type\":\"ListItem\",\"position\":3,\"name\":\"Zrcadlo s LED osv\u011btlen\u00edm a nastavitelnou teplotou sv\u011btla, 900x600x30mm P\u0159\u00edmo Od V\u00fdrobce\"}]},{\"@type\":\"WebSite\",\"@id\":\"https:\/\/www.domtechnikpro.com\/#website\",\"url\":\"https:\/\/www.domtechnikpro.com\/\",\"name\":\"\",\"description\":\"\",\"potentialAction\":[{\"@type\":\"SearchAction\",\"target\":{\"@type\":\"EntryPoint\",\"urlTemplate\":\"https:\/\/www.domtechnikpro.com\/?s={search_term_string}\"},\"query-input\":{\"@type\":\"PropertyValueSpecification\",\"valueRequired\":true,\"valueName\":\"search_term_string\"}}],\"inLanguage\":\"cs\"}]}<\/script>\n<!-- \/ Yoast SEO plugin. -->","yoast_head_json":{"title":"Zrcadlo s LED osv\u011btlen\u00edm a nastavitelnou teplotou sv\u011btla, 900x600x30mm P\u0159\u00edmo Od V\u00fdrobce -","robots":{"index":"index","follow":"follow","max-snippet":"max-snippet:-1","max-image-preview":"max-image-preview:large","max-video-preview":"max-video-preview:-1"},"canonical":"https:\/\/www.domtechnikpro.com\/index.php\/produkt\/zrcadlo-s-led-osvetlenim-a-nastavitelnou-teplotou-svetla-900x600x30mm-primo-od-vyrobce-42921\/","og_locale":"cs_CZ","og_type":"article","og_title":"Zrcadlo s LED osv\u011btlen\u00edm a nastavitelnou teplotou sv\u011btla, 900x600x30mm P\u0159\u00edmo Od V\u00fdrobce -","og_description":"Detailn\u00ed popis produktu Zrcadlo je osv\u011btlen\u00e9 ve vrchn\u00ed a spodn\u00ed \u010d\u00e1sti.Elegantn\u00ed design, kvalitn\u00ed zpracov\u00e1n\u00ed a dlouh\u00e1 \u017eivotnost.D\u00edky rozptyln\u00e9mu hranolu, kter\u00fd kryje osv\u011btlen\u00ed zrcadla a d\u00edky mo\u017enosti p\u0159izp\u016fsoben\u00ed teploty osv\u011btlen\u00ed pouh\u00fdm dlouh\u00fdm stiskem vyp\u00edna\u010de, bude jist\u011b zrcadlo vhodn\u00fdm koupelnov\u00fdm dopl\u0148kem pro ka\u017ed\u00e9ho.Kr\u00e1sn\u00fdm detailem jsou strany zrcadla, kter\u00e9 tak\u00e9 kryje zrcadlov\u00e1 plocha, zrcadlo tak p\u016fsob\u00ed ucelen\u00fdm dojmem, [&hellip;]","og_url":"https:\/\/www.domtechnikpro.com\/index.php\/produkt\/zrcadlo-s-led-osvetlenim-a-nastavitelnou-teplotou-svetla-900x600x30mm-primo-od-vyrobce-42921\/","og_image":[{"width":1000,"height":750,"url":"https:\/\/www.domtechnikpro.com\/wp-content\/uploads\/2026\/SK0001654-CZ20260425-092556-0-1777080363-22189_zrcadlo-s-led-osvetlenim-a-nastavitelnou-teplotou-sve.webp","type":"image\/webp"}],"twitter_card":"summary_large_image","twitter_misc":{"Odhadovan\u00e1 doba \u010dten\u00ed":"1 minuta"},"schema":{"@context":"https:\/\/schema.org","@graph":[{"@type":"WebPage","@id":"https:\/\/www.domtechnikpro.com\/index.php\/produkt\/zrcadlo-s-led-osvetlenim-a-nastavitelnou-teplotou-svetla-900x600x30mm-primo-od-vyrobce-42921\/","url":"https:\/\/www.domtechnikpro.com\/index.php\/produkt\/zrcadlo-s-led-osvetlenim-a-nastavitelnou-teplotou-svetla-900x600x30mm-primo-od-vyrobce-42921\/","name":"Zrcadlo s LED osv\u011btlen\u00edm a nastavitelnou teplotou sv\u011btla, 900x600x30mm P\u0159\u00edmo Od V\u00fdrobce -","isPartOf":{"@id":"https:\/\/www.domtechnikpro.com\/#website"},"primaryImageOfPage":{"@id":"https:\/\/www.domtechnikpro.com\/index.php\/produkt\/zrcadlo-s-led-osvetlenim-a-nastavitelnou-teplotou-svetla-900x600x30mm-primo-od-vyrobce-42921\/#primaryimage"},"image":{"@id":"https:\/\/www.domtechnikpro.com\/index.php\/produkt\/zrcadlo-s-led-osvetlenim-a-nastavitelnou-teplotou-svetla-900x600x30mm-primo-od-vyrobce-42921\/#primaryimage"},"thumbnailUrl":"https:\/\/www.domtechnikpro.com\/wp-content\/uploads\/2026\/SK0001654-CZ20260425-092556-0-1777080363-22189_zrcadlo-s-led-osvetlenim-a-nastavitelnou-teplotou-sve.webp","datePublished":"2026-04-26T08:59:19+00:00","breadcrumb":{"@id":"https:\/\/www.domtechnikpro.com\/index.php\/produkt\/zrcadlo-s-led-osvetlenim-a-nastavitelnou-teplotou-svetla-900x600x30mm-primo-od-vyrobce-42921\/#breadcrumb"},"inLanguage":"cs","potentialAction":[{"@type":"ReadAction","target":["https:\/\/www.domtechnikpro.com\/index.php\/produkt\/zrcadlo-s-led-osvetlenim-a-nastavitelnou-teplotou-svetla-900x600x30mm-primo-od-vyrobce-42921\/"]}]},{"@type":"ImageObject","inLanguage":"cs","@id":"https:\/\/www.domtechnikpro.com\/index.php\/produkt\/zrcadlo-s-led-osvetlenim-a-nastavitelnou-teplotou-svetla-900x600x30mm-primo-od-vyrobce-42921\/#primaryimage","url":"https:\/\/www.domtechnikpro.com\/wp-content\/uploads\/2026\/SK0001654-CZ20260425-092556-0-1777080363-22189_zrcadlo-s-led-osvetlenim-a-nastavitelnou-teplotou-sve.webp","contentUrl":"https:\/\/www.domtechnikpro.com\/wp-content\/uploads\/2026\/SK0001654-CZ20260425-092556-0-1777080363-22189_zrcadlo-s-led-osvetlenim-a-nastavitelnou-teplotou-sve.webp","width":1000,"height":750},{"@type":"BreadcrumbList","@id":"https:\/\/www.domtechnikpro.com\/index.php\/produkt\/zrcadlo-s-led-osvetlenim-a-nastavitelnou-teplotou-svetla-900x600x30mm-primo-od-vyrobce-42921\/#breadcrumb","itemListElement":[{"@type":"ListItem","position":1,"name":"Home","item":"https:\/\/www.domtechnikpro.com\/"},{"@type":"ListItem","position":2,"name":"Products","item":"https:\/\/www.domtechnikpro.com\/index.php\/products\/"},{"@type":"ListItem","position":3,"name":"Zrcadlo s LED osv\u011btlen\u00edm a nastavitelnou teplotou sv\u011btla, 900x600x30mm P\u0159\u00edmo Od V\u00fdrobce"}]},{"@type":"WebSite","@id":"https:\/\/www.domtechnikpro.com\/#website","url":"https:\/\/www.domtechnikpro.com\/","name":"","description":"","potentialAction":[{"@type":"SearchAction","target":{"@type":"EntryPoint","urlTemplate":"https:\/\/www.domtechnikpro.com\/?s={search_term_string}"},"query-input":{"@type":"PropertyValueSpecification","valueRequired":true,"valueName":"search_term_string"}}],"inLanguage":"cs"}]}},"_links":{"self":[{"href":"https:\/\/www.domtechnikpro.com\/index.php\/wp-json\/wp\/v2\/product\/42921","targetHints":{"allow":["GET"]}}],"collection":[{"href":"https:\/\/www.domtechnikpro.com\/index.php\/wp-json\/wp\/v2\/product"}],"about":[{"href":"https:\/\/www.domtechnikpro.com\/index.php\/wp-json\/wp\/v2\/types\/product"}],"replies":[{"embeddable":true,"href":"https:\/\/www.domtechnikpro.com\/index.php\/wp-json\/wp\/v2\/comments?post=42921"}],"wp:featuredmedia":[{"embeddable":true,"href":"https:\/\/www.domtechnikpro.com\/index.php\/wp-json\/wp\/v2\/media\/43021"}],"wp:attachment":[{"href":"https:\/\/www.domtechnikpro.com\/index.php\/wp-json\/wp\/v2\/media?parent=42921"}],"wp:term":[{"taxonomy":"product_brand","embeddable":true,"href":"https:\/\/www.domtechnikpro.com\/index.php\/wp-json\/wp\/v2\/product_brand?post=42921"},{"taxonomy":"product_cat","embeddable":true,"href":"https:\/\/www.domtechnikpro.com\/index.php\/wp-json\/wp\/v2\/product_cat?post=42921"},{"taxonomy":"product_tag","embeddable":true,"href":"https:\/\/www.domtechnikpro.com\/index.php\/wp-json\/wp\/v2\/product_tag?post=42921"}],"curies":[{"name":"wp","href":"https:\/\/api.w.org\/{rel}","templated":true}]}}