{"id":42771,"date":"2026-04-26T08:59:17","date_gmt":"2026-04-26T08:59:17","guid":{"rendered":""},"modified":"2026-04-26T08:59:17","modified_gmt":"2026-04-26T08:59:17","slug":"led-zrcadlo-lumi-160x60-cm-s-hodinami-a-kosmetickym-zrcatkem-vikendova-akce-42771","status":"publish","type":"product","link":"https:\/\/www.domtechnikpro.com\/index.php\/produkt\/led-zrcadlo-lumi-160x60-cm-s-hodinami-a-kosmetickym-zrcatkem-vikendova-akce-42771\/","title":{"rendered":"LED zrcadlo LUMI 160&#215;60 cm s hodinami a kosmetick\u00fdm zrc\u00e1tkem V\u00edkendov\u00e1 Akce"},"content":{"rendered":"<div class=\"basic-description\">\n<h3>Detailn\u00ed popis produktu<\/h3>\n<p><strong>Obd\u00e9ln\u00edkov\u00e9 zrcadlo s LED osv\u011btlen\u00edm, hodinami s podsv\u00edcen\u00edm a kosmetick\u00fdm zrc\u00e1tkem s vlastn\u00edm osv\u011btlen\u00edm.<\/strong><\/p>\n<p>Dokonal\u00fd odraz zaji\u0161\u0165uje <strong>5mm zrcadlo s vysoce le\u0161t\u011bn\u00fdmi hranami<\/strong>.<\/p>\n<p><strong>Osv\u011btlen\u00ed zrcadla zaji\u0161\u0165uje 338 ks LED diod<\/strong>, kter\u00e9 jsou vedeny po cel\u00e9m obvodu zrcadla ve <strong>2 cm \u0161irok\u00e9m p\u00e1su z matn\u00e9ho skla<\/strong>. Vzd\u00e1lenost sv\u011bteln\u00e9ho p\u00e1su od kraje zrcadla je 1 cm. <strong>Samostatn\u00e9 kruhov\u00e9 osv\u011btlen\u00ed zv\u011bt\u0161ovac\u00edho kosmetick\u00e9ho zrcadla s 50 ks LED diod<\/strong>. Spot\u0159eba osv\u011btlen\u00ed zrcadla a hodin je <strong>pouze 22 W<\/strong> se sv\u00edtivost\u00ed 6500 K (denn\u00ed b\u00edl\u00e1).<\/p>\n<p>Zrcadlo je vybaveno <strong>dotykov\u00fdm sp\u00edna\u010dem<\/strong>, kter\u00fd je um\u00edst\u011bn uprost\u0159ed doln\u00ed \u010d\u00e1sti zrcadla. Ovl\u00e1d\u00e1n\u00ed je \u0159e\u0161eno lehk\u00fdm dotykem bez mechanick\u00e9ho pohybu. Ve vypnut\u00e9m stavu je sp\u00edna\u010d podsv\u00edcen\u00fd pro snadnou orientaci ve tm\u011b. Po zapnut\u00ed podsv\u00edcen\u00ed zhasne.<\/p>\n<p>Sou\u010d\u00e1st\u00ed zrcadla jsou <strong>zabudovan\u00e9 b\u00edle podsv\u00edcen\u00e9 hodiny<\/strong>, kter\u00e9 sv\u00edt\u00ed i p\u0159i vypnut\u00e9m zrcadle.<\/p>\n<p><strong>Zrcadlo m\u00e1 kovov\u00fd r\u00e1m na zadn\u00ed stran\u011b<\/strong>, kter\u00fd zaji\u0161\u0165uje ochranu proti p\u0159eh\u0159\u00e1t\u00ed a z\u00e1rove\u0148 vytv\u00e1\u0159\u00ed <strong>vzd\u00e1lenost od st\u011bny 32 mm<\/strong>. <strong>Zadn\u00ed \u010d\u00e1st je otev\u0159en\u00e1<\/strong> pro snadn\u00e9 p\u0159ipojen\u00ed p\u0159\u00edvodu elekt\u0159iny. Zrcadlo je zapojen\u00e9 v\u010detn\u011b osv\u011btlen\u00ed \u2013 sta\u010d\u00ed p\u0159ipojit p\u0159\u00edvodn\u00ed kabel. Sou\u010d\u00e1st\u00ed balen\u00ed je mont\u00e1\u017en\u00ed sada (hmo\u017edinky a \u0161rouby).<\/p>\n<p>Tento model <strong>dod\u00e1v\u00e1me v n\u011bkolika rozm\u011brech<\/strong>, aby vyhovoval r\u016fzn\u00fdm typ\u016fm koupelen.<\/p>\n<p><strong>V alternativn\u00edm zbo\u017e\u00ed naleznete n\u00e1sleduj\u00edc\u00ed rozm\u011bry:<\/strong><\/p>\n<ul>\n<li><\/li>\n<li><\/li>\n<li><\/li>\n<li><\/li>\n<\/ul><\/div>\n<div class=\"extended-description\">\n<h3>Dopl\u0148kov\u00e9 parametry<\/h3>\n<table class=\"detail-parameters\">\n<tbody>\n<tr>\n<th>        <span class=\"row-header-label\">            Kategorie<span class=\"row-header-label-colon\">:<\/span>        <\/span>    <\/th>\n<td>            <\/td>\n<\/tr>\n<tr>\n<th>            <span class=\"row-header-label\">                Z\u00e1ruka<span class=\"row-header-label-colon\">:<\/span>            <\/span>        <\/th>\n<td>            2 roky        <\/td>\n<\/tr>\n<tr>\n<th>            <span class=\"row-header-label\">                Hmotnost<span class=\"row-header-label-colon\">:<\/span>            <\/span>        <\/th>\n<td>            15 kg        <\/td>\n<\/tr>\n<tr class=\"productEan\">\n<th>          <span class=\"row-header-label productEan__label\">              EAN<span class=\"row-header-label-colon\">:<\/span>          <\/span>      <\/th>\n<td>          <span class=\"productEan__value\">8594194530136<\/span>      <\/td>\n<\/tr>\n<tr>\n<th>                <span class=\"row-header-label\">                                            Dostupnost<span class=\"row-header-label-colon\">:<\/span>                                    <\/span>            <\/th>\n<td>                                                            Skladem                                                <\/td>\n<\/tr>\n<tr>\n<th>                <span class=\"row-header-label\">                                            Hloubka<span class=\"row-header-label-colon\">:<\/span>                                    <\/span>            <\/th>\n<td>                                                            32 mm                                                <\/td>\n<\/tr>\n<tr>\n<th>                <span class=\"row-header-label\">                                            Kryt\u00ed<span class=\"row-header-label-colon\">:<\/span>                                    <\/span>            <\/th>\n<td>                                                            IP44                                                <\/td>\n<\/tr>\n<tr>\n<th>                <span class=\"row-header-label\">                                            Objednac\u00ed k\u00f3d<span class=\"row-header-label-colon\">:<\/span>                                    <\/span>            <\/th>\n<td>                                                            BSSLMC08160                                                <\/td>\n<\/tr>\n<tr>\n<th>                <span class=\"row-header-label\">                                            P\u0159\u00edkon<span class=\"row-header-label-colon\">:<\/span>                                    <\/span>            <\/th>\n<td>                                                            22 W                                                <\/td>\n<\/tr>\n<tr>\n<th>                <span class=\"row-header-label\">                                            Rozm\u011br<span class=\"row-header-label-colon\">:<\/span>                                    <\/span>            <\/th>\n<td>                                                            160x60x3,2 cm                                                <\/td>\n<\/tr>\n<tr>\n<th>                <span class=\"row-header-label\">                                            Sv\u00edtivost<span class=\"row-header-label-colon\">:<\/span>                                    <\/span>            <\/th>\n<td>                                                            2274 Lumen\u016f, 6500 K denn\u00ed b\u00edl\u00e1                                                <\/td>\n<\/tr>\n<tr>\n<th>                <span class=\"row-header-label\">                                            \u0160\u00ed\u0159ka<span class=\"row-header-label-colon\">:<\/span>                                    <\/span>            <\/th>\n<td>                                                            160 cm                                                <\/td>\n<\/tr>\n<tr>\n<th>                <span class=\"row-header-label\">                                            Typ osv\u011btlen\u00ed<span class=\"row-header-label-colon\">:<\/span>                                    <\/span>            <\/th>\n<td>                                                            LED                                                <\/td>\n<\/tr>\n<tr>\n<th>                <span class=\"row-header-label\">                                            Typ zrcadla<span class=\"row-header-label-colon\">:<\/span>                                    <\/span>            <\/th>\n<td>                                                            Podsv\u00edcen\u00e1 zrcadla                                                <\/td>\n<\/tr>\n<tr>\n<th>                <span class=\"row-header-label\">                                            V\u00fdbava<span class=\"row-header-label-colon\">:<\/span>                                    <\/span>            <\/th>\n<td>                                                            LED osv\u011btlen\u00ed, hodiny, kosmetick\u00e9 zrc\u00e1tko 5x zoom                                                <\/td>\n<\/tr>\n<tr>\n<th>                <span class=\"row-header-label\">                                            V\u00fdrobce<span class=\"row-header-label-colon\">:<\/span>                                    <\/span>            <\/th>\n<td>                                                            bss                                                <\/td>\n<\/tr>\n<tr>\n<th>                <span class=\"row-header-label\">                                            V\u00fd\u0161ka<span class=\"row-header-label-colon\">:<\/span>                                    <\/span>            <\/th>\n<td>                                                            60 cm                                                <\/td>\n<\/tr>\n<\/tbody>\n<\/table><\/div>\n<\/p><\/div>\n<\/p><\/div>\n","protected":false},"excerpt":{"rendered":"<p>Detailn\u00ed popis produktu Obd\u00e9ln\u00edkov\u00e9 zrcadlo s LED osv\u011btlen\u00edm, hodinami s podsv\u00edcen\u00edm a kosmetick\u00fdm zrc\u00e1tkem s vlastn\u00edm osv\u011btlen\u00edm. Dokonal\u00fd odraz zaji\u0161\u0165uje 5mm zrcadlo s vysoce le\u0161t\u011bn\u00fdmi hranami. Osv\u011btlen\u00ed zrcadla zaji\u0161\u0165uje 338 ks LED diod, kter\u00e9 jsou vedeny po cel\u00e9m obvodu zrcadla ve 2 cm \u0161irok\u00e9m p\u00e1su z matn\u00e9ho skla. Vzd\u00e1lenost sv\u011bteln\u00e9ho p\u00e1su od kraje zrcadla je [&hellip;]<\/p>\n","protected":false},"featured_media":42871,"comment_status":"open","ping_status":"open","template":"","meta":[],"product_brand":[],"product_cat":[155],"product_tag":[],"class_list":{"0":"post-42771","1":"product","2":"type-product","3":"status-publish","4":"has-post-thumbnail","6":"product_cat-zrcadla","8":"first","9":"instock","10":"sale","11":"shipping-taxable","12":"purchasable","13":"product-type-simple"},"yoast_head":"<!-- This site is optimized with the Yoast SEO plugin v26.8 - https:\/\/yoast.com\/product\/yoast-seo-wordpress\/ -->\n<title>LED zrcadlo LUMI 160x60 cm s hodinami a kosmetick\u00fdm zrc\u00e1tkem V\u00edkendov\u00e1 Akce -<\/title>\n<meta name=\"robots\" content=\"index, follow, max-snippet:-1, max-image-preview:large, max-video-preview:-1\" \/>\n<link rel=\"canonical\" href=\"https:\/\/www.domtechnikpro.com\/index.php\/produkt\/led-zrcadlo-lumi-160x60-cm-s-hodinami-a-kosmetickym-zrcatkem-vikendova-akce-42771\/\" \/>\n<meta property=\"og:locale\" content=\"cs_CZ\" \/>\n<meta property=\"og:type\" content=\"article\" \/>\n<meta property=\"og:title\" content=\"LED zrcadlo LUMI 160x60 cm s hodinami a kosmetick\u00fdm zrc\u00e1tkem V\u00edkendov\u00e1 Akce -\" \/>\n<meta property=\"og:description\" content=\"Detailn\u00ed popis produktu Obd\u00e9ln\u00edkov\u00e9 zrcadlo s LED osv\u011btlen\u00edm, hodinami s podsv\u00edcen\u00edm a kosmetick\u00fdm zrc\u00e1tkem s vlastn\u00edm osv\u011btlen\u00edm. Dokonal\u00fd odraz zaji\u0161\u0165uje 5mm zrcadlo s vysoce le\u0161t\u011bn\u00fdmi hranami. Osv\u011btlen\u00ed zrcadla zaji\u0161\u0165uje 338 ks LED diod, kter\u00e9 jsou vedeny po cel\u00e9m obvodu zrcadla ve 2 cm \u0161irok\u00e9m p\u00e1su z matn\u00e9ho skla. Vzd\u00e1lenost sv\u011bteln\u00e9ho p\u00e1su od kraje zrcadla je [&hellip;]\" \/>\n<meta property=\"og:url\" content=\"https:\/\/www.domtechnikpro.com\/index.php\/produkt\/led-zrcadlo-lumi-160x60-cm-s-hodinami-a-kosmetickym-zrcatkem-vikendova-akce-42771\/\" \/>\n<meta property=\"og:image\" content=\"https:\/\/www.domtechnikpro.com\/wp-content\/uploads\/2026\/SK0001604-CZ20260425-092556-0-1777080363-21898-1_led-zrcadlo-lumi-160x60-cm-s-hodinami-a-kosmetickym.webp\" \/>\n\t<meta property=\"og:image:width\" content=\"1000\" \/>\n\t<meta property=\"og:image:height\" content=\"750\" \/>\n\t<meta property=\"og:image:type\" content=\"image\/webp\" \/>\n<meta name=\"twitter:card\" content=\"summary_large_image\" \/>\n<meta name=\"twitter:label1\" content=\"Odhadovan\u00e1 doba \u010dten\u00ed\" \/>\n\t<meta name=\"twitter:data1\" content=\"2 minuty\" \/>\n<script type=\"application\/ld+json\" class=\"yoast-schema-graph\">{\"@context\":\"https:\/\/schema.org\",\"@graph\":[{\"@type\":\"WebPage\",\"@id\":\"https:\/\/www.domtechnikpro.com\/index.php\/produkt\/led-zrcadlo-lumi-160x60-cm-s-hodinami-a-kosmetickym-zrcatkem-vikendova-akce-42771\/\",\"url\":\"https:\/\/www.domtechnikpro.com\/index.php\/produkt\/led-zrcadlo-lumi-160x60-cm-s-hodinami-a-kosmetickym-zrcatkem-vikendova-akce-42771\/\",\"name\":\"LED zrcadlo LUMI 160x60 cm s hodinami a kosmetick\u00fdm zrc\u00e1tkem V\u00edkendov\u00e1 Akce -\",\"isPartOf\":{\"@id\":\"https:\/\/www.domtechnikpro.com\/#website\"},\"primaryImageOfPage\":{\"@id\":\"https:\/\/www.domtechnikpro.com\/index.php\/produkt\/led-zrcadlo-lumi-160x60-cm-s-hodinami-a-kosmetickym-zrcatkem-vikendova-akce-42771\/#primaryimage\"},\"image\":{\"@id\":\"https:\/\/www.domtechnikpro.com\/index.php\/produkt\/led-zrcadlo-lumi-160x60-cm-s-hodinami-a-kosmetickym-zrcatkem-vikendova-akce-42771\/#primaryimage\"},\"thumbnailUrl\":\"https:\/\/www.domtechnikpro.com\/wp-content\/uploads\/2026\/SK0001604-CZ20260425-092556-0-1777080363-21898-1_led-zrcadlo-lumi-160x60-cm-s-hodinami-a-kosmetickym.webp\",\"datePublished\":\"2026-04-26T08:59:17+00:00\",\"breadcrumb\":{\"@id\":\"https:\/\/www.domtechnikpro.com\/index.php\/produkt\/led-zrcadlo-lumi-160x60-cm-s-hodinami-a-kosmetickym-zrcatkem-vikendova-akce-42771\/#breadcrumb\"},\"inLanguage\":\"cs\",\"potentialAction\":[{\"@type\":\"ReadAction\",\"target\":[\"https:\/\/www.domtechnikpro.com\/index.php\/produkt\/led-zrcadlo-lumi-160x60-cm-s-hodinami-a-kosmetickym-zrcatkem-vikendova-akce-42771\/\"]}]},{\"@type\":\"ImageObject\",\"inLanguage\":\"cs\",\"@id\":\"https:\/\/www.domtechnikpro.com\/index.php\/produkt\/led-zrcadlo-lumi-160x60-cm-s-hodinami-a-kosmetickym-zrcatkem-vikendova-akce-42771\/#primaryimage\",\"url\":\"https:\/\/www.domtechnikpro.com\/wp-content\/uploads\/2026\/SK0001604-CZ20260425-092556-0-1777080363-21898-1_led-zrcadlo-lumi-160x60-cm-s-hodinami-a-kosmetickym.webp\",\"contentUrl\":\"https:\/\/www.domtechnikpro.com\/wp-content\/uploads\/2026\/SK0001604-CZ20260425-092556-0-1777080363-21898-1_led-zrcadlo-lumi-160x60-cm-s-hodinami-a-kosmetickym.webp\",\"width\":1000,\"height\":750},{\"@type\":\"BreadcrumbList\",\"@id\":\"https:\/\/www.domtechnikpro.com\/index.php\/produkt\/led-zrcadlo-lumi-160x60-cm-s-hodinami-a-kosmetickym-zrcatkem-vikendova-akce-42771\/#breadcrumb\",\"itemListElement\":[{\"@type\":\"ListItem\",\"position\":1,\"name\":\"Home\",\"item\":\"https:\/\/www.domtechnikpro.com\/\"},{\"@type\":\"ListItem\",\"position\":2,\"name\":\"Products\",\"item\":\"https:\/\/www.domtechnikpro.com\/index.php\/products\/\"},{\"@type\":\"ListItem\",\"position\":3,\"name\":\"LED zrcadlo LUMI 160&#215;60 cm s hodinami a kosmetick\u00fdm zrc\u00e1tkem V\u00edkendov\u00e1 Akce\"}]},{\"@type\":\"WebSite\",\"@id\":\"https:\/\/www.domtechnikpro.com\/#website\",\"url\":\"https:\/\/www.domtechnikpro.com\/\",\"name\":\"\",\"description\":\"\",\"potentialAction\":[{\"@type\":\"SearchAction\",\"target\":{\"@type\":\"EntryPoint\",\"urlTemplate\":\"https:\/\/www.domtechnikpro.com\/?s={search_term_string}\"},\"query-input\":{\"@type\":\"PropertyValueSpecification\",\"valueRequired\":true,\"valueName\":\"search_term_string\"}}],\"inLanguage\":\"cs\"}]}<\/script>\n<!-- \/ Yoast SEO plugin. -->","yoast_head_json":{"title":"LED zrcadlo LUMI 160x60 cm s hodinami a kosmetick\u00fdm zrc\u00e1tkem V\u00edkendov\u00e1 Akce -","robots":{"index":"index","follow":"follow","max-snippet":"max-snippet:-1","max-image-preview":"max-image-preview:large","max-video-preview":"max-video-preview:-1"},"canonical":"https:\/\/www.domtechnikpro.com\/index.php\/produkt\/led-zrcadlo-lumi-160x60-cm-s-hodinami-a-kosmetickym-zrcatkem-vikendova-akce-42771\/","og_locale":"cs_CZ","og_type":"article","og_title":"LED zrcadlo LUMI 160x60 cm s hodinami a kosmetick\u00fdm zrc\u00e1tkem V\u00edkendov\u00e1 Akce -","og_description":"Detailn\u00ed popis produktu Obd\u00e9ln\u00edkov\u00e9 zrcadlo s LED osv\u011btlen\u00edm, hodinami s podsv\u00edcen\u00edm a kosmetick\u00fdm zrc\u00e1tkem s vlastn\u00edm osv\u011btlen\u00edm. Dokonal\u00fd odraz zaji\u0161\u0165uje 5mm zrcadlo s vysoce le\u0161t\u011bn\u00fdmi hranami. Osv\u011btlen\u00ed zrcadla zaji\u0161\u0165uje 338 ks LED diod, kter\u00e9 jsou vedeny po cel\u00e9m obvodu zrcadla ve 2 cm \u0161irok\u00e9m p\u00e1su z matn\u00e9ho skla. Vzd\u00e1lenost sv\u011bteln\u00e9ho p\u00e1su od kraje zrcadla je [&hellip;]","og_url":"https:\/\/www.domtechnikpro.com\/index.php\/produkt\/led-zrcadlo-lumi-160x60-cm-s-hodinami-a-kosmetickym-zrcatkem-vikendova-akce-42771\/","og_image":[{"width":1000,"height":750,"url":"https:\/\/www.domtechnikpro.com\/wp-content\/uploads\/2026\/SK0001604-CZ20260425-092556-0-1777080363-21898-1_led-zrcadlo-lumi-160x60-cm-s-hodinami-a-kosmetickym.webp","type":"image\/webp"}],"twitter_card":"summary_large_image","twitter_misc":{"Odhadovan\u00e1 doba \u010dten\u00ed":"2 minuty"},"schema":{"@context":"https:\/\/schema.org","@graph":[{"@type":"WebPage","@id":"https:\/\/www.domtechnikpro.com\/index.php\/produkt\/led-zrcadlo-lumi-160x60-cm-s-hodinami-a-kosmetickym-zrcatkem-vikendova-akce-42771\/","url":"https:\/\/www.domtechnikpro.com\/index.php\/produkt\/led-zrcadlo-lumi-160x60-cm-s-hodinami-a-kosmetickym-zrcatkem-vikendova-akce-42771\/","name":"LED zrcadlo LUMI 160x60 cm s hodinami a kosmetick\u00fdm zrc\u00e1tkem V\u00edkendov\u00e1 Akce -","isPartOf":{"@id":"https:\/\/www.domtechnikpro.com\/#website"},"primaryImageOfPage":{"@id":"https:\/\/www.domtechnikpro.com\/index.php\/produkt\/led-zrcadlo-lumi-160x60-cm-s-hodinami-a-kosmetickym-zrcatkem-vikendova-akce-42771\/#primaryimage"},"image":{"@id":"https:\/\/www.domtechnikpro.com\/index.php\/produkt\/led-zrcadlo-lumi-160x60-cm-s-hodinami-a-kosmetickym-zrcatkem-vikendova-akce-42771\/#primaryimage"},"thumbnailUrl":"https:\/\/www.domtechnikpro.com\/wp-content\/uploads\/2026\/SK0001604-CZ20260425-092556-0-1777080363-21898-1_led-zrcadlo-lumi-160x60-cm-s-hodinami-a-kosmetickym.webp","datePublished":"2026-04-26T08:59:17+00:00","breadcrumb":{"@id":"https:\/\/www.domtechnikpro.com\/index.php\/produkt\/led-zrcadlo-lumi-160x60-cm-s-hodinami-a-kosmetickym-zrcatkem-vikendova-akce-42771\/#breadcrumb"},"inLanguage":"cs","potentialAction":[{"@type":"ReadAction","target":["https:\/\/www.domtechnikpro.com\/index.php\/produkt\/led-zrcadlo-lumi-160x60-cm-s-hodinami-a-kosmetickym-zrcatkem-vikendova-akce-42771\/"]}]},{"@type":"ImageObject","inLanguage":"cs","@id":"https:\/\/www.domtechnikpro.com\/index.php\/produkt\/led-zrcadlo-lumi-160x60-cm-s-hodinami-a-kosmetickym-zrcatkem-vikendova-akce-42771\/#primaryimage","url":"https:\/\/www.domtechnikpro.com\/wp-content\/uploads\/2026\/SK0001604-CZ20260425-092556-0-1777080363-21898-1_led-zrcadlo-lumi-160x60-cm-s-hodinami-a-kosmetickym.webp","contentUrl":"https:\/\/www.domtechnikpro.com\/wp-content\/uploads\/2026\/SK0001604-CZ20260425-092556-0-1777080363-21898-1_led-zrcadlo-lumi-160x60-cm-s-hodinami-a-kosmetickym.webp","width":1000,"height":750},{"@type":"BreadcrumbList","@id":"https:\/\/www.domtechnikpro.com\/index.php\/produkt\/led-zrcadlo-lumi-160x60-cm-s-hodinami-a-kosmetickym-zrcatkem-vikendova-akce-42771\/#breadcrumb","itemListElement":[{"@type":"ListItem","position":1,"name":"Home","item":"https:\/\/www.domtechnikpro.com\/"},{"@type":"ListItem","position":2,"name":"Products","item":"https:\/\/www.domtechnikpro.com\/index.php\/products\/"},{"@type":"ListItem","position":3,"name":"LED zrcadlo LUMI 160&#215;60 cm s hodinami a kosmetick\u00fdm zrc\u00e1tkem V\u00edkendov\u00e1 Akce"}]},{"@type":"WebSite","@id":"https:\/\/www.domtechnikpro.com\/#website","url":"https:\/\/www.domtechnikpro.com\/","name":"","description":"","potentialAction":[{"@type":"SearchAction","target":{"@type":"EntryPoint","urlTemplate":"https:\/\/www.domtechnikpro.com\/?s={search_term_string}"},"query-input":{"@type":"PropertyValueSpecification","valueRequired":true,"valueName":"search_term_string"}}],"inLanguage":"cs"}]}},"_links":{"self":[{"href":"https:\/\/www.domtechnikpro.com\/index.php\/wp-json\/wp\/v2\/product\/42771","targetHints":{"allow":["GET"]}}],"collection":[{"href":"https:\/\/www.domtechnikpro.com\/index.php\/wp-json\/wp\/v2\/product"}],"about":[{"href":"https:\/\/www.domtechnikpro.com\/index.php\/wp-json\/wp\/v2\/types\/product"}],"replies":[{"embeddable":true,"href":"https:\/\/www.domtechnikpro.com\/index.php\/wp-json\/wp\/v2\/comments?post=42771"}],"wp:featuredmedia":[{"embeddable":true,"href":"https:\/\/www.domtechnikpro.com\/index.php\/wp-json\/wp\/v2\/media\/42871"}],"wp:attachment":[{"href":"https:\/\/www.domtechnikpro.com\/index.php\/wp-json\/wp\/v2\/media?parent=42771"}],"wp:term":[{"taxonomy":"product_brand","embeddable":true,"href":"https:\/\/www.domtechnikpro.com\/index.php\/wp-json\/wp\/v2\/product_brand?post=42771"},{"taxonomy":"product_cat","embeddable":true,"href":"https:\/\/www.domtechnikpro.com\/index.php\/wp-json\/wp\/v2\/product_cat?post=42771"},{"taxonomy":"product_tag","embeddable":true,"href":"https:\/\/www.domtechnikpro.com\/index.php\/wp-json\/wp\/v2\/product_tag?post=42771"}],"curies":[{"name":"wp","href":"https:\/\/api.w.org\/{rel}","templated":true}]}}