{"id":42698,"date":"2026-04-26T08:59:17","date_gmt":"2026-04-26T08:59:17","guid":{"rendered":""},"modified":"2026-04-26T08:59:17","modified_gmt":"2026-04-26T08:59:17","slug":"jizera-vana-170x70x39cm-bila-nova-kolekce-42698","status":"publish","type":"product","link":"https:\/\/www.domtechnikpro.com\/index.php\/produkt\/jizera-vana-170x70x39cm-bila-nova-kolekce-42698\/","title":{"rendered":"JIZERA vana 170x70x39cm, b\u00edl\u00e1 Nov\u00e1 Kolekce"},"content":{"rendered":"<div class=\"basic-description\">\n<h3>Detailn\u00ed popis produktu<\/h3>\n<p>Obd\u00e9ln\u00edkov\u00e1 plastov\u00e1 vana JIZERA pat\u0159\u00ed ke koupelnov\u00e9 klasice.\u00a0Hod\u00ed se p\u0159i rekonstrukci bytov\u00e9ho j\u00e1dra, kde nahrad\u00ed\u00a0smaltovanou vanu odpov\u00eddaj\u00edc\u00ed d\u00e9lky. Vanov\u00e1 sko\u0159epina je vyrobena ze sendvi\u010de plast\u016f &#8211; koextrudovan\u00e9ho sanit\u00e1rn\u00edho materi\u00e1lu ABS\/PMMA (polymetylmetakryl\u00e1t). Na rubov\u00e9 stran\u011b je opat\u0159ena laminac\u00ed polyesterovou prysky\u0159ic\u00ed se skeln\u00fdm vl\u00e1knem.<\/p>\n<div class=\"product-explanation-item\">\n<h3><span>ABS\/PMMA<\/span><\/h3>\n<p style=\"text-align: justify;\">ABS\/PMMA je z pohledov\u00e9 \u010d\u00e1sti tvo\u0159en slabou vrstvou akryl\u00e1tu, kter\u00fd je ve spodn\u00ed \u010d\u00e1sti dopln\u011bn vrstvou ABS plastu. Celkov\u00e1 tlou\u0161\u0165ka vstupn\u00edho materi\u00e1lu je 3,2 mm a tuhost fin\u00e1ln\u00edho v\u00fdrobku je na podobn\u00e9 \u00farovni jako u produkt\u016f ze 100% akryl\u00e1tu.<\/p>\n<\/div><\/div>\n<div class=\"extended-description\">\n<h3>Dopl\u0148kov\u00e9 parametry<\/h3>\n<table class=\"detail-parameters\">\n<tbody>\n<tr>\n<th>        <span class=\"row-header-label\">            Kategorie<span class=\"row-header-label-colon\">:<\/span>        <\/span>    <\/th>\n<td>            <\/td>\n<\/tr>\n<tr>\n<th>            <span class=\"row-header-label\">                Z\u00e1ruka<span class=\"row-header-label-colon\">:<\/span>            <\/span>        <\/th>\n<td>            24        <\/td>\n<\/tr>\n<tr>\n<th>            <span class=\"row-header-label\">                Hmotnost<span class=\"row-header-label-colon\">:<\/span>            <\/span>        <\/th>\n<td>            17.75 kg        <\/td>\n<\/tr>\n<tr class=\"productEan\">\n<th>          <span class=\"row-header-label productEan__label\">              EAN<span class=\"row-header-label-colon\">:<\/span>          <\/span>      <\/th>\n<td>          <span class=\"productEan__value\">8590913814327<\/span>      <\/td>\n<\/tr>\n<tr>\n<th>                <span class=\"row-header-label\">                                            Balen\u00ed<span class=\"row-header-label-colon\">:<\/span>                                    <\/span>            <\/th>\n<td>                                                            1 ks                                                <\/td>\n<\/tr>\n<tr>\n<th>                <span class=\"row-header-label\">                                            Barva<span class=\"row-header-label-colon\">:<\/span>                                    <\/span>            <\/th>\n<td>                                                            B\u00edl\u00e1                                                <\/td>\n<\/tr>\n<tr>\n<th>                <span class=\"row-header-label\">                                            D\u00e9lka<span class=\"row-header-label-colon\">:<\/span>                                    <\/span>            <\/th>\n<td>                                                            1700 mm                                                <\/td>\n<\/tr>\n<tr>\n<th>                <span class=\"row-header-label\">                                            Dostupnost<span class=\"row-header-label-colon\">:<\/span>                                    <\/span>            <\/th>\n<td>                                                            Skladem                                                <\/td>\n<\/tr>\n<tr>\n<th>                <span class=\"row-header-label\">                                            Instalace<span class=\"row-header-label-colon\">:<\/span>                                    <\/span>            <\/th>\n<td>                                                            Vestavn\u00e1 (k obezd\u011bn\u00ed)                                                <\/td>\n<\/tr>\n<tr>\n<th>                <span class=\"row-header-label\">                                            Materi\u00e1l<span class=\"row-header-label-colon\">:<\/span>                                    <\/span>            <\/th>\n<td>                                                            ABS\/PMMA                                                <\/td>\n<\/tr>\n<tr>\n<th>                <span class=\"row-header-label\">                                            Objem<span class=\"row-header-label-colon\">:<\/span>                                    <\/span>            <\/th>\n<td>                                                            170 l                                                <\/td>\n<\/tr>\n<tr>\n<th>                <span class=\"row-header-label\">                                            Pr\u016fm\u011br odpadu<span class=\"row-header-label-colon\">:<\/span>                                    <\/span>            <\/th>\n<td>                                                            52 mm                                                <\/td>\n<\/tr>\n<tr>\n<th>                <span class=\"row-header-label\">                                            Rozm\u011br<span class=\"row-header-label-colon\">:<\/span>                                    <\/span>            <\/th>\n<td>                                                            170x70x39 cm                                                <\/td>\n<\/tr>\n<tr>\n<th>                <span class=\"row-header-label\">                                            \u0160\u00ed\u0159ka<span class=\"row-header-label-colon\">:<\/span>                                    <\/span>            <\/th>\n<td>                                                            700 mm                                                <\/td>\n<\/tr>\n<tr>\n<th>                <span class=\"row-header-label\">                                            Tvar<span class=\"row-header-label-colon\">:<\/span>                                    <\/span>            <\/th>\n<td>                                                            Obd\u00e9ln\u00edkov\u00e9                                                <\/td>\n<\/tr>\n<tr>\n<th>                <span class=\"row-header-label\">                                            Vlastnosti<span class=\"row-header-label-colon\">:<\/span>                                    <\/span>            <\/th>\n<td>                                                            V\u00fd\u0161ka okraje 40 mm (Standard)                                                <\/td>\n<\/tr>\n<tr>\n<th>                <span class=\"row-header-label\">                                            V\u00fd\u0161ka<span class=\"row-header-label-colon\">:<\/span>                                    <\/span>            <\/th>\n<td>                                                            390 mm                                                <\/td>\n<\/tr>\n<tr>\n<th>                <span class=\"row-header-label\">                                            Z\u00e1ruka<span class=\"row-header-label-colon\">:<\/span>                                    <\/span>            <\/th>\n<td>                                                            2 roky                                                <\/td>\n<\/tr>\n<\/tbody>\n<\/table><\/div>\n<\/p><\/div>\n<\/p><\/div>\n","protected":false},"excerpt":{"rendered":"<p>Detailn\u00ed popis produktu Obd\u00e9ln\u00edkov\u00e1 plastov\u00e1 vana JIZERA pat\u0159\u00ed ke koupelnov\u00e9 klasice.\u00a0Hod\u00ed se p\u0159i rekonstrukci bytov\u00e9ho j\u00e1dra, kde nahrad\u00ed\u00a0smaltovanou vanu odpov\u00eddaj\u00edc\u00ed d\u00e9lky. Vanov\u00e1 sko\u0159epina je vyrobena ze sendvi\u010de plast\u016f &#8211; koextrudovan\u00e9ho sanit\u00e1rn\u00edho materi\u00e1lu ABS\/PMMA (polymetylmetakryl\u00e1t). Na rubov\u00e9 stran\u011b je opat\u0159ena laminac\u00ed polyesterovou prysky\u0159ic\u00ed se skeln\u00fdm vl\u00e1knem. ABS\/PMMA ABS\/PMMA je z pohledov\u00e9 \u010d\u00e1sti tvo\u0159en slabou vrstvou akryl\u00e1tu, [&hellip;]<\/p>\n","protected":false},"featured_media":42798,"comment_status":"open","ping_status":"open","template":"","meta":[],"product_brand":[],"product_cat":[144],"product_tag":[],"class_list":{"0":"post-42698","1":"product","2":"type-product","3":"status-publish","4":"has-post-thumbnail","6":"product_cat-vany","8":"first","9":"instock","10":"sale","11":"shipping-taxable","12":"purchasable","13":"product-type-simple"},"yoast_head":"<!-- This site is optimized with the Yoast SEO plugin v26.8 - https:\/\/yoast.com\/product\/yoast-seo-wordpress\/ -->\n<title>JIZERA vana 170x70x39cm, b\u00edl\u00e1 Nov\u00e1 Kolekce -<\/title>\n<meta name=\"robots\" content=\"index, follow, max-snippet:-1, max-image-preview:large, max-video-preview:-1\" \/>\n<link rel=\"canonical\" href=\"https:\/\/www.domtechnikpro.com\/index.php\/produkt\/jizera-vana-170x70x39cm-bila-nova-kolekce-42698\/\" \/>\n<meta property=\"og:locale\" content=\"cs_CZ\" \/>\n<meta property=\"og:type\" content=\"article\" \/>\n<meta property=\"og:title\" content=\"JIZERA vana 170x70x39cm, b\u00edl\u00e1 Nov\u00e1 Kolekce -\" \/>\n<meta property=\"og:description\" content=\"Detailn\u00ed popis produktu Obd\u00e9ln\u00edkov\u00e1 plastov\u00e1 vana JIZERA pat\u0159\u00ed ke koupelnov\u00e9 klasice.\u00a0Hod\u00ed se p\u0159i rekonstrukci bytov\u00e9ho j\u00e1dra, kde nahrad\u00ed\u00a0smaltovanou vanu odpov\u00eddaj\u00edc\u00ed d\u00e9lky. Vanov\u00e1 sko\u0159epina je vyrobena ze sendvi\u010de plast\u016f &#8211; koextrudovan\u00e9ho sanit\u00e1rn\u00edho materi\u00e1lu ABS\/PMMA (polymetylmetakryl\u00e1t). Na rubov\u00e9 stran\u011b je opat\u0159ena laminac\u00ed polyesterovou prysky\u0159ic\u00ed se skeln\u00fdm vl\u00e1knem. ABS\/PMMA ABS\/PMMA je z pohledov\u00e9 \u010d\u00e1sti tvo\u0159en slabou vrstvou akryl\u00e1tu, [&hellip;]\" \/>\n<meta property=\"og:url\" content=\"https:\/\/www.domtechnikpro.com\/index.php\/produkt\/jizera-vana-170x70x39cm-bila-nova-kolekce-42698\/\" \/>\n<meta property=\"og:image\" content=\"https:\/\/www.domtechnikpro.com\/wp-content\/uploads\/2026\/SK0001528-CZ20260425-092556-0-1777080363-20215-1_g1770-264608640150345.webp\" \/>\n\t<meta property=\"og:image:width\" content=\"1000\" \/>\n\t<meta property=\"og:image:height\" content=\"750\" \/>\n\t<meta property=\"og:image:type\" content=\"image\/webp\" \/>\n<meta name=\"twitter:card\" content=\"summary_large_image\" \/>\n<meta name=\"twitter:label1\" content=\"Odhadovan\u00e1 doba \u010dten\u00ed\" \/>\n\t<meta name=\"twitter:data1\" content=\"1 minuta\" \/>\n<script type=\"application\/ld+json\" class=\"yoast-schema-graph\">{\"@context\":\"https:\/\/schema.org\",\"@graph\":[{\"@type\":\"WebPage\",\"@id\":\"https:\/\/www.domtechnikpro.com\/index.php\/produkt\/jizera-vana-170x70x39cm-bila-nova-kolekce-42698\/\",\"url\":\"https:\/\/www.domtechnikpro.com\/index.php\/produkt\/jizera-vana-170x70x39cm-bila-nova-kolekce-42698\/\",\"name\":\"JIZERA vana 170x70x39cm, b\u00edl\u00e1 Nov\u00e1 Kolekce -\",\"isPartOf\":{\"@id\":\"https:\/\/www.domtechnikpro.com\/#website\"},\"primaryImageOfPage\":{\"@id\":\"https:\/\/www.domtechnikpro.com\/index.php\/produkt\/jizera-vana-170x70x39cm-bila-nova-kolekce-42698\/#primaryimage\"},\"image\":{\"@id\":\"https:\/\/www.domtechnikpro.com\/index.php\/produkt\/jizera-vana-170x70x39cm-bila-nova-kolekce-42698\/#primaryimage\"},\"thumbnailUrl\":\"https:\/\/www.domtechnikpro.com\/wp-content\/uploads\/2026\/SK0001528-CZ20260425-092556-0-1777080363-20215-1_g1770-264608640150345.webp\",\"datePublished\":\"2026-04-26T08:59:17+00:00\",\"breadcrumb\":{\"@id\":\"https:\/\/www.domtechnikpro.com\/index.php\/produkt\/jizera-vana-170x70x39cm-bila-nova-kolekce-42698\/#breadcrumb\"},\"inLanguage\":\"cs\",\"potentialAction\":[{\"@type\":\"ReadAction\",\"target\":[\"https:\/\/www.domtechnikpro.com\/index.php\/produkt\/jizera-vana-170x70x39cm-bila-nova-kolekce-42698\/\"]}]},{\"@type\":\"ImageObject\",\"inLanguage\":\"cs\",\"@id\":\"https:\/\/www.domtechnikpro.com\/index.php\/produkt\/jizera-vana-170x70x39cm-bila-nova-kolekce-42698\/#primaryimage\",\"url\":\"https:\/\/www.domtechnikpro.com\/wp-content\/uploads\/2026\/SK0001528-CZ20260425-092556-0-1777080363-20215-1_g1770-264608640150345.webp\",\"contentUrl\":\"https:\/\/www.domtechnikpro.com\/wp-content\/uploads\/2026\/SK0001528-CZ20260425-092556-0-1777080363-20215-1_g1770-264608640150345.webp\",\"width\":1000,\"height\":750},{\"@type\":\"BreadcrumbList\",\"@id\":\"https:\/\/www.domtechnikpro.com\/index.php\/produkt\/jizera-vana-170x70x39cm-bila-nova-kolekce-42698\/#breadcrumb\",\"itemListElement\":[{\"@type\":\"ListItem\",\"position\":1,\"name\":\"Home\",\"item\":\"https:\/\/www.domtechnikpro.com\/\"},{\"@type\":\"ListItem\",\"position\":2,\"name\":\"Products\",\"item\":\"https:\/\/www.domtechnikpro.com\/index.php\/products\/\"},{\"@type\":\"ListItem\",\"position\":3,\"name\":\"JIZERA vana 170x70x39cm, b\u00edl\u00e1 Nov\u00e1 Kolekce\"}]},{\"@type\":\"WebSite\",\"@id\":\"https:\/\/www.domtechnikpro.com\/#website\",\"url\":\"https:\/\/www.domtechnikpro.com\/\",\"name\":\"\",\"description\":\"\",\"potentialAction\":[{\"@type\":\"SearchAction\",\"target\":{\"@type\":\"EntryPoint\",\"urlTemplate\":\"https:\/\/www.domtechnikpro.com\/?s={search_term_string}\"},\"query-input\":{\"@type\":\"PropertyValueSpecification\",\"valueRequired\":true,\"valueName\":\"search_term_string\"}}],\"inLanguage\":\"cs\"}]}<\/script>\n<!-- \/ Yoast SEO plugin. -->","yoast_head_json":{"title":"JIZERA vana 170x70x39cm, b\u00edl\u00e1 Nov\u00e1 Kolekce -","robots":{"index":"index","follow":"follow","max-snippet":"max-snippet:-1","max-image-preview":"max-image-preview:large","max-video-preview":"max-video-preview:-1"},"canonical":"https:\/\/www.domtechnikpro.com\/index.php\/produkt\/jizera-vana-170x70x39cm-bila-nova-kolekce-42698\/","og_locale":"cs_CZ","og_type":"article","og_title":"JIZERA vana 170x70x39cm, b\u00edl\u00e1 Nov\u00e1 Kolekce -","og_description":"Detailn\u00ed popis produktu Obd\u00e9ln\u00edkov\u00e1 plastov\u00e1 vana JIZERA pat\u0159\u00ed ke koupelnov\u00e9 klasice.\u00a0Hod\u00ed se p\u0159i rekonstrukci bytov\u00e9ho j\u00e1dra, kde nahrad\u00ed\u00a0smaltovanou vanu odpov\u00eddaj\u00edc\u00ed d\u00e9lky. Vanov\u00e1 sko\u0159epina je vyrobena ze sendvi\u010de plast\u016f &#8211; koextrudovan\u00e9ho sanit\u00e1rn\u00edho materi\u00e1lu ABS\/PMMA (polymetylmetakryl\u00e1t). Na rubov\u00e9 stran\u011b je opat\u0159ena laminac\u00ed polyesterovou prysky\u0159ic\u00ed se skeln\u00fdm vl\u00e1knem. ABS\/PMMA ABS\/PMMA je z pohledov\u00e9 \u010d\u00e1sti tvo\u0159en slabou vrstvou akryl\u00e1tu, [&hellip;]","og_url":"https:\/\/www.domtechnikpro.com\/index.php\/produkt\/jizera-vana-170x70x39cm-bila-nova-kolekce-42698\/","og_image":[{"width":1000,"height":750,"url":"https:\/\/www.domtechnikpro.com\/wp-content\/uploads\/2026\/SK0001528-CZ20260425-092556-0-1777080363-20215-1_g1770-264608640150345.webp","type":"image\/webp"}],"twitter_card":"summary_large_image","twitter_misc":{"Odhadovan\u00e1 doba \u010dten\u00ed":"1 minuta"},"schema":{"@context":"https:\/\/schema.org","@graph":[{"@type":"WebPage","@id":"https:\/\/www.domtechnikpro.com\/index.php\/produkt\/jizera-vana-170x70x39cm-bila-nova-kolekce-42698\/","url":"https:\/\/www.domtechnikpro.com\/index.php\/produkt\/jizera-vana-170x70x39cm-bila-nova-kolekce-42698\/","name":"JIZERA vana 170x70x39cm, b\u00edl\u00e1 Nov\u00e1 Kolekce -","isPartOf":{"@id":"https:\/\/www.domtechnikpro.com\/#website"},"primaryImageOfPage":{"@id":"https:\/\/www.domtechnikpro.com\/index.php\/produkt\/jizera-vana-170x70x39cm-bila-nova-kolekce-42698\/#primaryimage"},"image":{"@id":"https:\/\/www.domtechnikpro.com\/index.php\/produkt\/jizera-vana-170x70x39cm-bila-nova-kolekce-42698\/#primaryimage"},"thumbnailUrl":"https:\/\/www.domtechnikpro.com\/wp-content\/uploads\/2026\/SK0001528-CZ20260425-092556-0-1777080363-20215-1_g1770-264608640150345.webp","datePublished":"2026-04-26T08:59:17+00:00","breadcrumb":{"@id":"https:\/\/www.domtechnikpro.com\/index.php\/produkt\/jizera-vana-170x70x39cm-bila-nova-kolekce-42698\/#breadcrumb"},"inLanguage":"cs","potentialAction":[{"@type":"ReadAction","target":["https:\/\/www.domtechnikpro.com\/index.php\/produkt\/jizera-vana-170x70x39cm-bila-nova-kolekce-42698\/"]}]},{"@type":"ImageObject","inLanguage":"cs","@id":"https:\/\/www.domtechnikpro.com\/index.php\/produkt\/jizera-vana-170x70x39cm-bila-nova-kolekce-42698\/#primaryimage","url":"https:\/\/www.domtechnikpro.com\/wp-content\/uploads\/2026\/SK0001528-CZ20260425-092556-0-1777080363-20215-1_g1770-264608640150345.webp","contentUrl":"https:\/\/www.domtechnikpro.com\/wp-content\/uploads\/2026\/SK0001528-CZ20260425-092556-0-1777080363-20215-1_g1770-264608640150345.webp","width":1000,"height":750},{"@type":"BreadcrumbList","@id":"https:\/\/www.domtechnikpro.com\/index.php\/produkt\/jizera-vana-170x70x39cm-bila-nova-kolekce-42698\/#breadcrumb","itemListElement":[{"@type":"ListItem","position":1,"name":"Home","item":"https:\/\/www.domtechnikpro.com\/"},{"@type":"ListItem","position":2,"name":"Products","item":"https:\/\/www.domtechnikpro.com\/index.php\/products\/"},{"@type":"ListItem","position":3,"name":"JIZERA vana 170x70x39cm, b\u00edl\u00e1 Nov\u00e1 Kolekce"}]},{"@type":"WebSite","@id":"https:\/\/www.domtechnikpro.com\/#website","url":"https:\/\/www.domtechnikpro.com\/","name":"","description":"","potentialAction":[{"@type":"SearchAction","target":{"@type":"EntryPoint","urlTemplate":"https:\/\/www.domtechnikpro.com\/?s={search_term_string}"},"query-input":{"@type":"PropertyValueSpecification","valueRequired":true,"valueName":"search_term_string"}}],"inLanguage":"cs"}]}},"_links":{"self":[{"href":"https:\/\/www.domtechnikpro.com\/index.php\/wp-json\/wp\/v2\/product\/42698","targetHints":{"allow":["GET"]}}],"collection":[{"href":"https:\/\/www.domtechnikpro.com\/index.php\/wp-json\/wp\/v2\/product"}],"about":[{"href":"https:\/\/www.domtechnikpro.com\/index.php\/wp-json\/wp\/v2\/types\/product"}],"replies":[{"embeddable":true,"href":"https:\/\/www.domtechnikpro.com\/index.php\/wp-json\/wp\/v2\/comments?post=42698"}],"wp:featuredmedia":[{"embeddable":true,"href":"https:\/\/www.domtechnikpro.com\/index.php\/wp-json\/wp\/v2\/media\/42798"}],"wp:attachment":[{"href":"https:\/\/www.domtechnikpro.com\/index.php\/wp-json\/wp\/v2\/media?parent=42698"}],"wp:term":[{"taxonomy":"product_brand","embeddable":true,"href":"https:\/\/www.domtechnikpro.com\/index.php\/wp-json\/wp\/v2\/product_brand?post=42698"},{"taxonomy":"product_cat","embeddable":true,"href":"https:\/\/www.domtechnikpro.com\/index.php\/wp-json\/wp\/v2\/product_cat?post=42698"},{"taxonomy":"product_tag","embeddable":true,"href":"https:\/\/www.domtechnikpro.com\/index.php\/wp-json\/wp\/v2\/product_tag?post=42698"}],"curies":[{"name":"wp","href":"https:\/\/api.w.org\/{rel}","templated":true}]}}