{"id":40174,"date":"2026-04-26T08:58:44","date_gmt":"2026-04-26T08:58:44","guid":{"rendered":""},"modified":"2026-04-26T08:58:44","modified_gmt":"2026-04-26T08:58:44","slug":"sniezka-r-fasadni-akrylova-barva-extra-finalni-vyprodej-40174","status":"publish","type":"product","link":"https:\/\/www.domtechnikpro.com\/index.php\/produkt\/sniezka-r-fasadni-akrylova-barva-extra-finalni-vyprodej-40174\/","title":{"rendered":"\u015aNIE\u017bKA\u00ae Fas\u00e1dn\u00ed akrylov\u00e1 barva EXTRA Fin\u00e1ln\u00ed V\u00fdprodej"},"content":{"rendered":"<div class=\"basic-description\">\n<h3>Detailn\u00ed popis produktu<\/h3>\n<h3 class=\"western\"><span style=\"font-size: 14pt;\"><strong><span style=\"font-family: inherit;\">Vlastnosti a v\u00fdhody<\/span><\/strong><\/span><\/h3>\n<ul>\n<li>\n<p style=\"margin-bottom: 0cm;\"><span style=\"font-size: 12pt;\"><strong><span style=\"font-family: inherit;\"><span class=\"show-tooltip\" title=\"Fas\u00e1da je vn\u011bj\u0161\u00ed ob\u00e1lka budovy, tedy obvodov\u00fd pl\u00e1\u0161\u0165, kter\u00fd chr\u00e1n\u00ed stavbu p\u0159ed vlivy po\u010das\u00ed a slou\u017e\u00ed k estetick\u00e9mu a funk\u010dn\u00edmu \u00fa\u010delu. Fas\u00e1da hraje d\u016fle\u017eitou roli v celkov\u00e9m vzhledu budovy a m\u016f\u017ee m\u00edt vliv na tepelnou izolaci, ochranu proti vlhkosti a&amp;hellip;\">fas\u00e1dy<\/span>&nbsp;a&nbsp;interi\u00e9ry<\/span><\/strong><\/span><\/p>\n<p><span style=\"font-size: 12pt;\"><span style=\"font-family: inherit;\"><\/span><\/span><\/li>\n<li><span style=\"font-size: 12pt;\"><strong><span style=\"font-family: inherit;\">odoln\u00e1&nbsp;v\u016f\u010di&nbsp;ot\u011bru<\/span><\/strong><\/span><\/li>\n<li><span style=\"font-size: 12pt;\"><strong><span style=\"font-family: inherit;\">st\u00e1l\u00e9&nbsp;a&nbsp;\u017eiv\u00e9&nbsp;barvy<\/span><\/strong><\/span><\/li>\n<li><span style=\"font-size: 12pt;\"><strong><span style=\"font-family: inherit;\">odoln\u00e1&nbsp;proti&nbsp;pov\u011btrnostn\u00edm&nbsp;vliv\u016fm<\/span><\/strong><\/span><\/li>\n<li><span style=\"font-size: 12pt;\"><strong><span style=\"font-family: inherit;\">zaru\u010duje&nbsp;&#8222;d\u00fdch\u00e1n\u00ed&nbsp;st\u011bn&#8220;<\/span><\/strong><\/span><br \/><span style=\"font-family: inherit; font-size: 12pt;\"><\/span><\/li>\n<\/ul>\n<h3 class=\"western\"><span style=\"font-size: 14pt;\"><strong><span style=\"font-family: inherit;\">Pou\u017eit\u00ed<\/span><\/strong><\/span><\/h3>\n<ul>\n<li>\n<div><span style=\"font-size: 12pt;\"><strong><span style=\"font-family: inherit;\">Je ur\u010dena&nbsp;na ochrann\u00e9&nbsp;a&nbsp;dekorativn\u00ed&nbsp;malov\u00e1n\u00ed&nbsp;fas\u00e1d&nbsp;budov&nbsp;a&nbsp;st\u011bn&nbsp;uvnit\u0159&nbsp;m\u00edstnost\u00ed.<\/span><\/strong><\/span><\/div>\n<\/li>\n<li>\n<div><span style=\"font-size: 12pt;\"><strong><span style=\"font-family: inherit;\">V\u00fdborn\u011b&nbsp;p\u0159ilnav\u00e1&nbsp;k&nbsp;<span class=\"show-tooltip\" title=\"Cement je pojivo pou\u017e\u00edvan\u00e9 ve stavebnictv\u00ed k v\u00fdrob\u011b betonu a malt.&amp;nbsp;Hlavn\u00ed slo\u017ekou cementu je portlandit, kter\u00fd se z\u00edsk\u00e1v\u00e1 spalov\u00e1n\u00edm v\u00e1pence s j\u00edlem \u010di p\u00edskem a p\u0159\u00edpadn\u00fdmi p\u0159\u00edm\u011bsemi p\u0159i vysok\u00fdch teplot\u00e1ch.&amp;nbsp;Existuje n\u011bkolik typ\u016f cementu,&amp;hellip;\">cementov\u00fdm<\/span>,&nbsp;v\u00e1penno-cementov\u00fdm,&nbsp;<span class=\"show-tooltip\" title=\"S\u00e1dra - Hemihydr\u00e1t&amp;nbsp;s\u00edranu v\u00e1penat\u00e9ho&amp;nbsp;CaSO4&amp;nbsp;\u00b7 \u00bd H2O&amp;nbsp;je za b\u011b\u017en\u00fdch podm\u00ednek pevn\u00e1 mikrokrystalick\u00e1 l\u00e1tka b\u00edl\u00e9 barvy, um\u011ble vyr\u00e1b\u011bn\u00fd materi\u00e1l \u0161irok\u00e9ho pou\u017eit\u00ed&amp;nbsp;ve stavebnictv\u00ed, p\u0159i drobn\u00fdch oprav\u00e1ch v&amp;nbsp;dom\u00e1cnosti, na&amp;hellip;\">s\u00e1drov\u00fdm<\/span>,&nbsp;<span class=\"show-tooltip\" title=\"S\u00e1drokarton je stavebn\u00ed materi\u00e1l slo\u017een\u00fd z vrstev s\u00e1dry (gipsu) spojen\u00fdch mezi dv\u011bma vrstvami pevn\u00e9ho pap\u00edru.&amp;nbsp;Tento materi\u00e1l kombinuje lehkost, pevnost a snadnou manipulaci, co\u017e ho \u010din\u00ed popul\u00e1rn\u00edm pro vnit\u0159n\u00ed stavebn\u00ed \u00fapravy.S\u00e1drokarton se&amp;hellip;\">s\u00e1drokartonov\u00fdm<\/span>,&nbsp;<span class=\"show-tooltip\" title=\"D\u0159evo&amp;nbsp;je tvrd\u00e9 a p\u00f3rovit\u00e9&amp;nbsp;rostlinn\u00e9 pletivo&amp;nbsp;(tk\u00e1\u0148), je\u017e tvo\u0159\u00ed kmeny, ko\u0159eny a v\u011btve strom\u016f, ke\u0159\u016f a dal\u0161\u00edch&amp;nbsp;d\u0159evin. Skl\u00e1d\u00e1 se z&amp;nbsp;celul\u00f3zov\u00fdch&amp;nbsp;vl\u00e1ken s vysokou pevnost\u00ed v tahu a&amp;nbsp;ligninov\u00e9&amp;nbsp;v\u00fdpln\u011b, kter\u00e1&amp;hellip;\">d\u0159ev\u011bn\u00fdm<\/span>&nbsp;podklad\u016fm&nbsp;a&nbsp;podklad\u016fm&nbsp;d\u0159ev\u011bn\u00e9ho&nbsp;p\u016fvodu.&nbsp;<\/span><\/strong><\/span><\/div>\n<p><span style=\"font-size: 12pt; font-family: inherit;\"><\/span><\/li>\n<\/ul>\n<h3><span style=\"font-size: 12pt; font-family: inherit;\"><span style=\"font-size: 14pt;\"><strong>Aplikace<\/strong><\/span><br \/><\/span><\/h3>\n<h4><span style=\"font-size: 12pt; font-family: inherit;\"><strong>P\u0159\u00edprava podkladu<\/strong><br \/><\/span><\/h4>\n<ul>\n<li><span style=\"font-family: inherit; font-size: 12pt;\">Podklad mus\u00ed b\u00fdt <span class=\"show-tooltip\" title=\"Pevnost je materi\u00e1lov\u00e1 vlastnost charakterizuj\u00edc\u00ed schopnost materi\u00e1lu odol\u00e1vat vn\u011bj\u0161\u00edm sil\u00e1m, kter\u00e9 by mohly zp\u016fsobit jeho deformaci, roztr\u017een\u00ed nebo jin\u00e9 formy selh\u00e1n\u00ed.Pevnost je z\u00e1kladn\u00edm parametrem pro posouzen\u00ed odolnosti materi\u00e1l\u016f v konstrukci a&amp;hellip;\">pevn\u00fd<\/span>, such\u00fd, bez prachu a mastnoty<\/span><\/li>\n<li><span style=\"font-family: inherit; font-size: 12pt;\">\u010derstv\u00e9 <span class=\"show-tooltip\" title=\"Om\u00edtka je vrstva materi\u00e1lu, kter\u00e1 se nan\u00e1\u0161\u00ed na povrch st\u011bn nebo strop\u016f budov a slou\u017e\u00ed k vytvo\u0159en\u00ed hladk\u00e9, rovnom\u011brn\u00e9 a dekorativn\u00ed povrchov\u00e9 \u00fapravy. Om\u00edtka m\u016f\u017ee plnit r\u016fzn\u00e9 funkce, v\u010detn\u011b estetick\u00fdch, ochrann\u00fdch a tepeln\u011b izola\u010dn\u00edch.&amp;nbsp;Zakr\u00fdv\u00e1&amp;hellip;\">om\u00edtky<\/span> lze nat\u00edrat po 4 t\u00fddnech vyzr\u00e1n\u00ed<\/span><\/li>\n<li><span style=\"font-family: inherit; font-size: 12pt;\">Praskliny v om\u00edtce a nerovnosti opravte Akryl PUTZ\u00ae FD12 fas\u00e1da <span class=\"show-tooltip\" title=\"Tmel je materi\u00e1l pou\u017e\u00edvan\u00fd k vypln\u011bn\u00ed a t\u011bsn\u011bn\u00ed mezer, sp\u00e1r nebo trhlin mezi r\u016fzn\u00fdmi materi\u00e1ly. Tmel m\u00e1 za \u00fakol zajistit, aby spoj mezi r\u016fzn\u00fdmi \u010d\u00e1stmi byl pevn\u00fd, vodot\u011bsn\u00fd, prachot\u011bsn\u00fd a odoln\u00fd proti vn\u011bj\u0161\u00edm vliv\u016fm. Tmel je b\u011b\u017en\u011b pou\u017e\u00edv\u00e1n v&amp;hellip;\">tmelem<\/span> alespo\u0148 3 t\u00fddny p\u0159ed pl\u00e1novan\u00fdm startem malby barvou<\/span><\/li>\n<li><span style=\"font-family: inherit; font-size: 12pt;\">star\u00e9 n\u00e1t\u011bry lepidla odstra\u0148te, omyjte a opl\u00e1chn\u011bte <span class=\"show-tooltip\" title=\"Voda,&amp;nbsp;chemick\u00fdm vzorcem&amp;nbsp;H2O,&amp;nbsp;systematick\u00fd n\u00e1zev&amp;nbsp;oxidan, je&amp;nbsp;chemick\u00e1 slou\u010denina&amp;nbsp;vod\u00edku&amp;nbsp;a&amp;nbsp;kysl\u00edku. Spolu se&amp;nbsp;vzduchem, resp.&amp;nbsp;zemskou atmosf\u00e9rou, tvo\u0159\u00ed z\u00e1kladn\u00ed podm\u00ednky pro&amp;hellip;\">vodou<\/span> s obsahem \u010distic\u00edch prost\u0159edk\u016f<\/span><\/li>\n<li><span style=\"font-family: inherit; font-size: 12pt;\">star\u00e9 n\u00e1t\u011bry a vodou \u0159editeln\u00e9 n\u00e1t\u011brov\u00e9 hmoty, \u0161patn\u011b p\u0159ilnav\u00e9 k podkladu se odstran\u00ed,&nbsp;promyjte star\u00fd n\u00e1t\u011br se nechejte zaschnout<\/span><br \/><span style=\"font-size: 12pt; font-family: inherit;\"><\/span><\/li>\n<li><span style=\"font-size: 12pt; font-family: inherit;\">vhodn\u00fd primer &#8211; nap\u0159. ACRYL PUTZ\u00ae GP41.<\/span><\/li>\n<li><span style=\"font-family: inherit; font-size: 12pt;\">Spr\u00e1vn\u011b nat\u0159en\u00fd povrch by m\u011bl b\u00fdt matn\u00fd.<\/span><\/li>\n<li><span style=\"font-family: inherit; font-size: 12pt;\"><span class=\"show-tooltip\" title=\"Pl\u00edse\u0148 (pl\u00edsn\u011b) je typ mikroskopick\u00fdch organism\u016f, kter\u00fd se vyskytuje ve form\u011b viditeln\u00fdch koloni\u00ed na povrchu organick\u00fdch materi\u00e1l\u016f, jako jsou potraviny, d\u0159evo, pap\u00edr, textilie, st\u011bny, koupelny a dal\u0161\u00ed vlhk\u00e1 m\u00edsta. Pl\u00edsn\u011b jsou&amp;hellip;\">Plesniv\u00e1<\/span> m\u00edsta mechanicky \u010distit a dezinfikovat fungicidn\u00ed <span class=\"show-tooltip\" title=\"Impregnace je obecn\u011b proces nebo postup aplikace l\u00e1tky na materi\u00e1l s c\u00edlem zlep\u0161it jeho vlastnosti nebo ochr\u00e1nit ho p\u0159ed vn\u011bj\u0161\u00edmi vlivy. Impregnace m\u016f\u017ee b\u00fdt pou\u017eita v r\u016fzn\u00fdch kontextech a na r\u016fzn\u00e9 materi\u00e1ly, a to s ohledem na po\u017eadovan\u00fd&amp;hellip;\">impregnac\u00ed<\/span>, s ohledem na pot\u0159ebu odstran\u011bn\u00ed p\u0159\u00ed\u010diny pl\u00edsn\u00ed.<\/span><br \/><span style=\"font-size: 12pt; font-family: inherit;\"><\/span><\/li>\n<\/ul>\n<h4><span style=\"font-size: 12pt; font-family: inherit;\"><strong>P\u0159\u00edprava v\u00fdrobku<\/strong><br \/><\/span><\/h4>\n<ul>\n<li><span style=\"font-family: inherit; font-size: 12pt;\">D\u016fkladn\u011b prom\u00edchat p\u0159ed malov\u00e1n\u00edm<\/span><\/li>\n<li><span style=\"font-family: inherit; font-size: 12pt;\"><span class=\"show-tooltip\" title=\"B\u00edl\u00e1 je barva, kter\u00e1 vznik\u00e1 odrazem v\u0161ech viditeln\u00fdch vlnov\u00fdch d\u00e9lek sv\u011btla v p\u0159ibli\u017en\u011b stejn\u00e9m pom\u011bru. V d\u016fsledku tohoto odrazu se jev\u00ed lidsk\u00e9mu oku jako nejjasn\u011bj\u0161\u00ed barva a p\u0159edstavuje naprostou neutralitu. Na barevn\u00e9m spektru b\u00edl\u00e1 barva&amp;hellip;\">B\u00edl\u00e1<\/span> barva a jin\u00e9 odst\u00edny m\u016f\u017eou b\u00fdt libovoln\u011b vz\u00e1jemn\u011b sm\u00edchan\u00e9<\/span><\/li>\n<li><span style=\"font-family: inherit; font-size: 12pt;\">Prvn\u00ed vrstvu v z\u00e1vislosti na savosti podkladu z\u0159e\u010fte p\u0159\u00eddavkem a\u017e 20% vody v objemu.<\/span><\/li>\n<li><span style=\"font-family: inherit; font-size: 12pt;\">P\u0159i p\u0159ekryt\u00ed star\u00fdch, dob\u0159e p\u0159ilnav\u00fdch n\u00e1t\u011br\u016f <span class=\"show-tooltip\" title=\"Disperze je pojem, kter\u00fd m\u016f\u017ee m\u00edt r\u016fzn\u00e9 v\u00fdznamy v z\u00e1vislosti na kontextu, ve kter\u00e9m je pou\u017e\u00edv\u00e1n:V chemii a fyzice:Disperze jako rozpt\u00fdlen\u00ed \u010d\u00e1stic: Tento term\u00edn se pou\u017e\u00edv\u00e1 k popisu stavu, kdy jsou \u010d\u00e1stice jedn\u00e9 l\u00e1tky rozpt\u00fdleny v jin\u00e9 l\u00e1tce. M\u016f\u017ee&amp;hellip;\">disperzn\u00ed<\/span> barvou se ne\u0159ed\u00ed nebo se \u0159ed\u00ed p\u0159id\u00e1n\u00edm vody pouze 3 &#8211; 5%<\/span><br \/><span style=\"font-size: 12pt; font-family: inherit;\"><\/span><\/li>\n<\/ul>\n<h4><span style=\"font-size: 12pt; font-family: inherit;\"><strong>Malba<\/strong><br \/><\/span><\/h4>\n<ul>\n<li><span style=\"font-family: inherit; font-size: 12pt;\">Barva a okoln\u00ed <span class=\"show-tooltip\" title=\"Teplota&amp;nbsp;je charakteristika tepeln\u00e9ho&amp;nbsp;stavu&amp;nbsp;hmoty. Je to jedna z nejd\u016fle\u017eit\u011bj\u0161\u00edch fyzik\u00e1ln\u00edch veli\u010din. Teplota ovliv\u0148uje aktivitu (energii) ve\u0161ker\u00fdch \u010d\u00e1stic ve vesm\u00edru a zp\u016fsobuje zm\u011bnu rozm\u011br\u016f, tvaru&amp;hellip;\">teplota<\/span> podkladu nesm\u00ed b\u00fdt ni\u017e\u0161\u00ed ne\u017e + 5 \u00b0 C<\/span><\/li>\n<li><span style=\"font-family: inherit; font-size: 12pt;\">Nenan\u00e1\u0161ejte barvu v exteri\u00e9ru za \u0161patn\u00fdch pov\u011btrnostn\u00edch podm\u00ednek, tj. p\u0159i mlze, de\u0161ti, sn\u011bhu &#8230;<\/span><\/li>\n<li><span style=\"font-size: 12pt; font-family: inherit;\">Nan\u00e1\u0161\u00ed <span class=\"show-tooltip\" title=\"\u0160t\u011btec je n\u00e1stroj pou\u017e\u00edvan\u00fd pro malov\u00e1n\u00ed, nan\u00e1\u0161en\u00ed laku, barvy, lepidel nebo jin\u00fdch podobn\u00fdch l\u00e1tek na povrchy. Skl\u00e1d\u00e1 se z h\u0159betu (t\u011bla) a chlup\u016f (vl\u00e1ken), kter\u00e9 jsou p\u0159ipevn\u011bny k h\u0159betu. Chlupy mohou b\u00fdt vyrobeny z r\u016fzn\u00fdch materi\u00e1l\u016f, jako&amp;hellip;\">\u0161t\u011btcem<\/span>, v\u00e1le\u010dkem nebo st\u0159\u00edk\u00e1n\u00edm ve dvou vrstv\u00e1ch.<\/span><\/li>\n<li><span style=\"font-family: inherit; font-size: 12pt;\">Druh\u00e1 vrstva po zaschnut\u00ed p\u0159edchoz\u00ed, tj asi po 2 &#8211; 4 hodin\u00e1ch<\/span><\/li>\n<li><span style=\"font-size: 12pt; font-family: inherit;\"><span class=\"show-tooltip\" title=\"N\u00e1stroj&amp;nbsp;je pracovn\u00ed prost\u0159edek, pom\u016fcka k zpracov\u00e1n\u00ed n\u011b\u010deho (pracovn\u00ed n\u00e1stroj, \u0159emeslnick\u00fd n\u00e1stroj, chirurgick\u00fd n\u00e1stroj aj.), p\u0159\u00edp. v\u00fdrobn\u00ed pom\u016fcka slou\u017e\u00edc\u00ed p\u0159i ru\u010dn\u00edm nebo strojn\u00edm obr\u00e1b\u011bn\u00ed ke zm\u011bn\u011b velikosti nebo tvaru opracov\u00e1van\u00e9ho&amp;hellip;\">N\u00e1stroje<\/span> po malov\u00e1n\u00ed umyjte ve vod\u011b.<\/span><\/li>\n<\/ul>\n<h3 class=\"western\"><span style=\"font-size: 14pt;\"><strong><span style=\"font-family: inherit;\"><span class=\"show-tooltip\" title=\"Spot\u0159eba materi\u00e1lu je m\u011b\u0159en\u00ed mno\u017estv\u00ed surovin, komponent\u016f nebo materi\u00e1l\u016f, kter\u00e9 jsou pou\u017eity p\u0159i v\u00fdrob\u011b, konstrukci, instalaci, aplikaci nebo provozu n\u011bjak\u00e9ho v\u00fdrobku, za\u0159\u00edzen\u00ed nebo syst\u00e9mu.Spot\u0159eba materi\u00e1lu m\u016f\u017ee b\u00fdt vyj\u00e1d\u0159ena v r\u016fzn\u00fdch&amp;hellip;\">Spot\u0159eba<\/span>&nbsp;<\/span><\/strong><\/span><\/h3>\n<ul>\n<li>\n<div><span style=\"font-size: 12pt; font-family: inherit;\">cca 110 &#8211; 130 ml\/m<sup>2&nbsp;<\/sup>v jedn\u00e9 vrstv\u011b<\/span><\/div>\n<\/li>\n<li>\n<div><span style=\"font-size: 12pt; font-family: inherit;\">Vydatnost:&nbsp;do 9 m<sup>2<\/sup>\/l v jedn\u00e9 vrstv\u011b<br \/><\/span><\/div>\n<\/li>\n<\/ul>\n<h3 class=\"western\"><span style=\"font-size: 14pt;\"><strong><span style=\"font-family: inherit;\">Velikosti balen\u00ed<\/span><\/strong><\/span><\/h3>\n<ul>\n<li><span style=\"font-size: 12pt; font-family: inherit;\"><span class=\"show-tooltip\" title=\"Plastyn\u011bkdy tak\u00e9 naz\u00fdvan\u00e9 plastick\u00e9 \u010di um\u011bl\u00e9 hmoty, p\u0159edstavuj\u00ed \u0161irokou \u0161k\u00e1lu syntetick\u00fdch nebo \u010d\u00e1ste\u010dn\u011b syntetick\u00fdch organick\u00fdch slou\u010denin a polymern\u00edch materi\u00e1l\u016f. \u010casto obsahuj\u00ed p\u0159\u00edsady zlep\u0161uj\u00edc\u00ed jejich funk\u010dn\u00ed vlastnosti, nap\u0159\u00edklad&amp;hellip;\">plastov\u00e9<\/span> kbel\u00edky <span style=\"color: #008000;\">1 l (doprodej)<\/span>, 5 l, 10 l, <span style=\"color: #008000;\">15 l<\/span><\/span><span style=\"color: #008000;\">&nbsp;(doprodej)<\/span><\/li>\n<\/ul>\n<p>&nbsp;<\/p>\n<\/p><\/div>\n","protected":false},"excerpt":{"rendered":"<p>Detailn\u00ed popis produktu Vlastnosti a v\u00fdhody fas\u00e1dy&nbsp;a&nbsp;interi\u00e9ry odoln\u00e1&nbsp;v\u016f\u010di&nbsp;ot\u011bru st\u00e1l\u00e9&nbsp;a&nbsp;\u017eiv\u00e9&nbsp;barvy odoln\u00e1&nbsp;proti&nbsp;pov\u011btrnostn\u00edm&nbsp;vliv\u016fm zaru\u010duje&nbsp;&#8222;d\u00fdch\u00e1n\u00ed&nbsp;st\u011bn&#8220; Pou\u017eit\u00ed Je ur\u010dena&nbsp;na ochrann\u00e9&nbsp;a&nbsp;dekorativn\u00ed&nbsp;malov\u00e1n\u00ed&nbsp;fas\u00e1d&nbsp;budov&nbsp;a&nbsp;st\u011bn&nbsp;uvnit\u0159&nbsp;m\u00edstnost\u00ed. V\u00fdborn\u011b&nbsp;p\u0159ilnav\u00e1&nbsp;k&nbsp;cementov\u00fdm,&nbsp;v\u00e1penno-cementov\u00fdm,&nbsp;s\u00e1drov\u00fdm,&nbsp;s\u00e1drokartonov\u00fdm,&nbsp;d\u0159ev\u011bn\u00fdm&nbsp;podklad\u016fm&nbsp;a&nbsp;podklad\u016fm&nbsp;d\u0159ev\u011bn\u00e9ho&nbsp;p\u016fvodu.&nbsp; Aplikace P\u0159\u00edprava podkladu Podklad mus\u00ed b\u00fdt pevn\u00fd, such\u00fd, bez prachu a mastnoty \u010derstv\u00e9 om\u00edtky lze nat\u00edrat po 4 t\u00fddnech vyzr\u00e1n\u00ed Praskliny v om\u00edtce a nerovnosti opravte Akryl PUTZ\u00ae FD12 fas\u00e1da tmelem alespo\u0148 3 t\u00fddny p\u0159ed pl\u00e1novan\u00fdm startem malby barvou [&hellip;]<\/p>\n","protected":false},"featured_media":40274,"comment_status":"open","ping_status":"open","template":"","meta":[],"product_brand":[],"product_cat":[133],"product_tag":[],"class_list":{"0":"post-40174","1":"product","2":"type-product","3":"status-publish","4":"has-post-thumbnail","6":"product_cat-barvy-amp-laky","8":"first","9":"instock","10":"sale","11":"shipping-taxable","12":"purchasable","13":"product-type-simple"},"yoast_head":"<!-- This site is optimized with the Yoast SEO plugin v26.8 - https:\/\/yoast.com\/product\/yoast-seo-wordpress\/ -->\n<title>\u015aNIE\u017bKA\u00ae Fas\u00e1dn\u00ed akrylov\u00e1 barva EXTRA Fin\u00e1ln\u00ed V\u00fdprodej -<\/title>\n<meta name=\"robots\" content=\"index, follow, max-snippet:-1, max-image-preview:large, max-video-preview:-1\" \/>\n<link rel=\"canonical\" href=\"https:\/\/www.domtechnikpro.com\/index.php\/produkt\/sniezka-r-fasadni-akrylova-barva-extra-finalni-vyprodej-40174\/\" \/>\n<meta property=\"og:locale\" content=\"cs_CZ\" \/>\n<meta property=\"og:type\" content=\"article\" \/>\n<meta property=\"og:title\" content=\"\u015aNIE\u017bKA\u00ae Fas\u00e1dn\u00ed akrylov\u00e1 barva EXTRA Fin\u00e1ln\u00ed V\u00fdprodej -\" \/>\n<meta property=\"og:description\" content=\"Detailn\u00ed popis produktu Vlastnosti a v\u00fdhody fas\u00e1dy&nbsp;a&nbsp;interi\u00e9ry odoln\u00e1&nbsp;v\u016f\u010di&nbsp;ot\u011bru st\u00e1l\u00e9&nbsp;a&nbsp;\u017eiv\u00e9&nbsp;barvy odoln\u00e1&nbsp;proti&nbsp;pov\u011btrnostn\u00edm&nbsp;vliv\u016fm zaru\u010duje&nbsp;&#8222;d\u00fdch\u00e1n\u00ed&nbsp;st\u011bn&#8220; Pou\u017eit\u00ed Je ur\u010dena&nbsp;na ochrann\u00e9&nbsp;a&nbsp;dekorativn\u00ed&nbsp;malov\u00e1n\u00ed&nbsp;fas\u00e1d&nbsp;budov&nbsp;a&nbsp;st\u011bn&nbsp;uvnit\u0159&nbsp;m\u00edstnost\u00ed. V\u00fdborn\u011b&nbsp;p\u0159ilnav\u00e1&nbsp;k&nbsp;cementov\u00fdm,&nbsp;v\u00e1penno-cementov\u00fdm,&nbsp;s\u00e1drov\u00fdm,&nbsp;s\u00e1drokartonov\u00fdm,&nbsp;d\u0159ev\u011bn\u00fdm&nbsp;podklad\u016fm&nbsp;a&nbsp;podklad\u016fm&nbsp;d\u0159ev\u011bn\u00e9ho&nbsp;p\u016fvodu.&nbsp; Aplikace P\u0159\u00edprava podkladu Podklad mus\u00ed b\u00fdt pevn\u00fd, such\u00fd, bez prachu a mastnoty \u010derstv\u00e9 om\u00edtky lze nat\u00edrat po 4 t\u00fddnech vyzr\u00e1n\u00ed Praskliny v om\u00edtce a nerovnosti opravte Akryl PUTZ\u00ae FD12 fas\u00e1da tmelem alespo\u0148 3 t\u00fddny p\u0159ed pl\u00e1novan\u00fdm startem malby barvou [&hellip;]\" \/>\n<meta property=\"og:url\" content=\"https:\/\/www.domtechnikpro.com\/index.php\/produkt\/sniezka-r-fasadni-akrylova-barva-extra-finalni-vyprodej-40174\/\" \/>\n<meta property=\"og:image\" content=\"https:\/\/www.domtechnikpro.com\/wp-content\/uploads\/2026\/SK0001595-CZ20260425-092522-0-1777080324-46655-1_sniezka-extra-fasadova.webp\" \/>\n\t<meta property=\"og:image:width\" content=\"1000\" \/>\n\t<meta property=\"og:image:height\" content=\"750\" \/>\n\t<meta property=\"og:image:type\" content=\"image\/webp\" \/>\n<meta name=\"twitter:card\" content=\"summary_large_image\" \/>\n<meta name=\"twitter:label1\" content=\"Odhadovan\u00e1 doba \u010dten\u00ed\" \/>\n\t<meta name=\"twitter:data1\" content=\"2 minuty\" \/>\n<script type=\"application\/ld+json\" class=\"yoast-schema-graph\">{\"@context\":\"https:\/\/schema.org\",\"@graph\":[{\"@type\":\"WebPage\",\"@id\":\"https:\/\/www.domtechnikpro.com\/index.php\/produkt\/sniezka-r-fasadni-akrylova-barva-extra-finalni-vyprodej-40174\/\",\"url\":\"https:\/\/www.domtechnikpro.com\/index.php\/produkt\/sniezka-r-fasadni-akrylova-barva-extra-finalni-vyprodej-40174\/\",\"name\":\"\u015aNIE\u017bKA\u00ae Fas\u00e1dn\u00ed akrylov\u00e1 barva EXTRA Fin\u00e1ln\u00ed V\u00fdprodej -\",\"isPartOf\":{\"@id\":\"https:\/\/www.domtechnikpro.com\/#website\"},\"primaryImageOfPage\":{\"@id\":\"https:\/\/www.domtechnikpro.com\/index.php\/produkt\/sniezka-r-fasadni-akrylova-barva-extra-finalni-vyprodej-40174\/#primaryimage\"},\"image\":{\"@id\":\"https:\/\/www.domtechnikpro.com\/index.php\/produkt\/sniezka-r-fasadni-akrylova-barva-extra-finalni-vyprodej-40174\/#primaryimage\"},\"thumbnailUrl\":\"https:\/\/www.domtechnikpro.com\/wp-content\/uploads\/2026\/SK0001595-CZ20260425-092522-0-1777080324-46655-1_sniezka-extra-fasadova.webp\",\"datePublished\":\"2026-04-26T08:58:44+00:00\",\"breadcrumb\":{\"@id\":\"https:\/\/www.domtechnikpro.com\/index.php\/produkt\/sniezka-r-fasadni-akrylova-barva-extra-finalni-vyprodej-40174\/#breadcrumb\"},\"inLanguage\":\"cs\",\"potentialAction\":[{\"@type\":\"ReadAction\",\"target\":[\"https:\/\/www.domtechnikpro.com\/index.php\/produkt\/sniezka-r-fasadni-akrylova-barva-extra-finalni-vyprodej-40174\/\"]}]},{\"@type\":\"ImageObject\",\"inLanguage\":\"cs\",\"@id\":\"https:\/\/www.domtechnikpro.com\/index.php\/produkt\/sniezka-r-fasadni-akrylova-barva-extra-finalni-vyprodej-40174\/#primaryimage\",\"url\":\"https:\/\/www.domtechnikpro.com\/wp-content\/uploads\/2026\/SK0001595-CZ20260425-092522-0-1777080324-46655-1_sniezka-extra-fasadova.webp\",\"contentUrl\":\"https:\/\/www.domtechnikpro.com\/wp-content\/uploads\/2026\/SK0001595-CZ20260425-092522-0-1777080324-46655-1_sniezka-extra-fasadova.webp\",\"width\":1000,\"height\":750},{\"@type\":\"BreadcrumbList\",\"@id\":\"https:\/\/www.domtechnikpro.com\/index.php\/produkt\/sniezka-r-fasadni-akrylova-barva-extra-finalni-vyprodej-40174\/#breadcrumb\",\"itemListElement\":[{\"@type\":\"ListItem\",\"position\":1,\"name\":\"Home\",\"item\":\"https:\/\/www.domtechnikpro.com\/\"},{\"@type\":\"ListItem\",\"position\":2,\"name\":\"Products\",\"item\":\"https:\/\/www.domtechnikpro.com\/index.php\/products\/\"},{\"@type\":\"ListItem\",\"position\":3,\"name\":\"\u015aNIE\u017bKA\u00ae Fas\u00e1dn\u00ed akrylov\u00e1 barva EXTRA Fin\u00e1ln\u00ed V\u00fdprodej\"}]},{\"@type\":\"WebSite\",\"@id\":\"https:\/\/www.domtechnikpro.com\/#website\",\"url\":\"https:\/\/www.domtechnikpro.com\/\",\"name\":\"\",\"description\":\"\",\"potentialAction\":[{\"@type\":\"SearchAction\",\"target\":{\"@type\":\"EntryPoint\",\"urlTemplate\":\"https:\/\/www.domtechnikpro.com\/?s={search_term_string}\"},\"query-input\":{\"@type\":\"PropertyValueSpecification\",\"valueRequired\":true,\"valueName\":\"search_term_string\"}}],\"inLanguage\":\"cs\"}]}<\/script>\n<!-- \/ Yoast SEO plugin. -->","yoast_head_json":{"title":"\u015aNIE\u017bKA\u00ae Fas\u00e1dn\u00ed akrylov\u00e1 barva EXTRA Fin\u00e1ln\u00ed V\u00fdprodej -","robots":{"index":"index","follow":"follow","max-snippet":"max-snippet:-1","max-image-preview":"max-image-preview:large","max-video-preview":"max-video-preview:-1"},"canonical":"https:\/\/www.domtechnikpro.com\/index.php\/produkt\/sniezka-r-fasadni-akrylova-barva-extra-finalni-vyprodej-40174\/","og_locale":"cs_CZ","og_type":"article","og_title":"\u015aNIE\u017bKA\u00ae Fas\u00e1dn\u00ed akrylov\u00e1 barva EXTRA Fin\u00e1ln\u00ed V\u00fdprodej -","og_description":"Detailn\u00ed popis produktu Vlastnosti a v\u00fdhody fas\u00e1dy&nbsp;a&nbsp;interi\u00e9ry odoln\u00e1&nbsp;v\u016f\u010di&nbsp;ot\u011bru st\u00e1l\u00e9&nbsp;a&nbsp;\u017eiv\u00e9&nbsp;barvy odoln\u00e1&nbsp;proti&nbsp;pov\u011btrnostn\u00edm&nbsp;vliv\u016fm zaru\u010duje&nbsp;&#8222;d\u00fdch\u00e1n\u00ed&nbsp;st\u011bn&#8220; Pou\u017eit\u00ed Je ur\u010dena&nbsp;na ochrann\u00e9&nbsp;a&nbsp;dekorativn\u00ed&nbsp;malov\u00e1n\u00ed&nbsp;fas\u00e1d&nbsp;budov&nbsp;a&nbsp;st\u011bn&nbsp;uvnit\u0159&nbsp;m\u00edstnost\u00ed. V\u00fdborn\u011b&nbsp;p\u0159ilnav\u00e1&nbsp;k&nbsp;cementov\u00fdm,&nbsp;v\u00e1penno-cementov\u00fdm,&nbsp;s\u00e1drov\u00fdm,&nbsp;s\u00e1drokartonov\u00fdm,&nbsp;d\u0159ev\u011bn\u00fdm&nbsp;podklad\u016fm&nbsp;a&nbsp;podklad\u016fm&nbsp;d\u0159ev\u011bn\u00e9ho&nbsp;p\u016fvodu.&nbsp; Aplikace P\u0159\u00edprava podkladu Podklad mus\u00ed b\u00fdt pevn\u00fd, such\u00fd, bez prachu a mastnoty \u010derstv\u00e9 om\u00edtky lze nat\u00edrat po 4 t\u00fddnech vyzr\u00e1n\u00ed Praskliny v om\u00edtce a nerovnosti opravte Akryl PUTZ\u00ae FD12 fas\u00e1da tmelem alespo\u0148 3 t\u00fddny p\u0159ed pl\u00e1novan\u00fdm startem malby barvou [&hellip;]","og_url":"https:\/\/www.domtechnikpro.com\/index.php\/produkt\/sniezka-r-fasadni-akrylova-barva-extra-finalni-vyprodej-40174\/","og_image":[{"width":1000,"height":750,"url":"https:\/\/www.domtechnikpro.com\/wp-content\/uploads\/2026\/SK0001595-CZ20260425-092522-0-1777080324-46655-1_sniezka-extra-fasadova.webp","type":"image\/webp"}],"twitter_card":"summary_large_image","twitter_misc":{"Odhadovan\u00e1 doba \u010dten\u00ed":"2 minuty"},"schema":{"@context":"https:\/\/schema.org","@graph":[{"@type":"WebPage","@id":"https:\/\/www.domtechnikpro.com\/index.php\/produkt\/sniezka-r-fasadni-akrylova-barva-extra-finalni-vyprodej-40174\/","url":"https:\/\/www.domtechnikpro.com\/index.php\/produkt\/sniezka-r-fasadni-akrylova-barva-extra-finalni-vyprodej-40174\/","name":"\u015aNIE\u017bKA\u00ae Fas\u00e1dn\u00ed akrylov\u00e1 barva EXTRA Fin\u00e1ln\u00ed V\u00fdprodej -","isPartOf":{"@id":"https:\/\/www.domtechnikpro.com\/#website"},"primaryImageOfPage":{"@id":"https:\/\/www.domtechnikpro.com\/index.php\/produkt\/sniezka-r-fasadni-akrylova-barva-extra-finalni-vyprodej-40174\/#primaryimage"},"image":{"@id":"https:\/\/www.domtechnikpro.com\/index.php\/produkt\/sniezka-r-fasadni-akrylova-barva-extra-finalni-vyprodej-40174\/#primaryimage"},"thumbnailUrl":"https:\/\/www.domtechnikpro.com\/wp-content\/uploads\/2026\/SK0001595-CZ20260425-092522-0-1777080324-46655-1_sniezka-extra-fasadova.webp","datePublished":"2026-04-26T08:58:44+00:00","breadcrumb":{"@id":"https:\/\/www.domtechnikpro.com\/index.php\/produkt\/sniezka-r-fasadni-akrylova-barva-extra-finalni-vyprodej-40174\/#breadcrumb"},"inLanguage":"cs","potentialAction":[{"@type":"ReadAction","target":["https:\/\/www.domtechnikpro.com\/index.php\/produkt\/sniezka-r-fasadni-akrylova-barva-extra-finalni-vyprodej-40174\/"]}]},{"@type":"ImageObject","inLanguage":"cs","@id":"https:\/\/www.domtechnikpro.com\/index.php\/produkt\/sniezka-r-fasadni-akrylova-barva-extra-finalni-vyprodej-40174\/#primaryimage","url":"https:\/\/www.domtechnikpro.com\/wp-content\/uploads\/2026\/SK0001595-CZ20260425-092522-0-1777080324-46655-1_sniezka-extra-fasadova.webp","contentUrl":"https:\/\/www.domtechnikpro.com\/wp-content\/uploads\/2026\/SK0001595-CZ20260425-092522-0-1777080324-46655-1_sniezka-extra-fasadova.webp","width":1000,"height":750},{"@type":"BreadcrumbList","@id":"https:\/\/www.domtechnikpro.com\/index.php\/produkt\/sniezka-r-fasadni-akrylova-barva-extra-finalni-vyprodej-40174\/#breadcrumb","itemListElement":[{"@type":"ListItem","position":1,"name":"Home","item":"https:\/\/www.domtechnikpro.com\/"},{"@type":"ListItem","position":2,"name":"Products","item":"https:\/\/www.domtechnikpro.com\/index.php\/products\/"},{"@type":"ListItem","position":3,"name":"\u015aNIE\u017bKA\u00ae Fas\u00e1dn\u00ed akrylov\u00e1 barva EXTRA Fin\u00e1ln\u00ed V\u00fdprodej"}]},{"@type":"WebSite","@id":"https:\/\/www.domtechnikpro.com\/#website","url":"https:\/\/www.domtechnikpro.com\/","name":"","description":"","potentialAction":[{"@type":"SearchAction","target":{"@type":"EntryPoint","urlTemplate":"https:\/\/www.domtechnikpro.com\/?s={search_term_string}"},"query-input":{"@type":"PropertyValueSpecification","valueRequired":true,"valueName":"search_term_string"}}],"inLanguage":"cs"}]}},"_links":{"self":[{"href":"https:\/\/www.domtechnikpro.com\/index.php\/wp-json\/wp\/v2\/product\/40174","targetHints":{"allow":["GET"]}}],"collection":[{"href":"https:\/\/www.domtechnikpro.com\/index.php\/wp-json\/wp\/v2\/product"}],"about":[{"href":"https:\/\/www.domtechnikpro.com\/index.php\/wp-json\/wp\/v2\/types\/product"}],"replies":[{"embeddable":true,"href":"https:\/\/www.domtechnikpro.com\/index.php\/wp-json\/wp\/v2\/comments?post=40174"}],"wp:featuredmedia":[{"embeddable":true,"href":"https:\/\/www.domtechnikpro.com\/index.php\/wp-json\/wp\/v2\/media\/40274"}],"wp:attachment":[{"href":"https:\/\/www.domtechnikpro.com\/index.php\/wp-json\/wp\/v2\/media?parent=40174"}],"wp:term":[{"taxonomy":"product_brand","embeddable":true,"href":"https:\/\/www.domtechnikpro.com\/index.php\/wp-json\/wp\/v2\/product_brand?post=40174"},{"taxonomy":"product_cat","embeddable":true,"href":"https:\/\/www.domtechnikpro.com\/index.php\/wp-json\/wp\/v2\/product_cat?post=40174"},{"taxonomy":"product_tag","embeddable":true,"href":"https:\/\/www.domtechnikpro.com\/index.php\/wp-json\/wp\/v2\/product_tag?post=40174"}],"curies":[{"name":"wp","href":"https:\/\/api.w.org\/{rel}","templated":true}]}}