{"id":40116,"date":"2026-04-26T08:58:44","date_gmt":"2026-04-26T08:58:44","guid":{"rendered":""},"modified":"2026-04-26T08:58:44","modified_gmt":"2026-04-26T08:58:44","slug":"lignofix-r-i-profi-1-4-koncentrovany-pripravek-k-osetreni-a-ochrane-napadeneho-dreva-novinka-40116","status":"publish","type":"product","link":"https:\/\/www.domtechnikpro.com\/index.php\/produkt\/lignofix-r-i-profi-1-4-koncentrovany-pripravek-k-osetreni-a-ochrane-napadeneho-dreva-novinka-40116\/","title":{"rendered":"LIGNOFIX\u00ae I-PROFI 1:4 koncentrovan\u00fd p\u0159\u00edpravek k o\u0161et\u0159en\u00ed a ochran\u011b napaden\u00e9ho d\u0159eva Novinka"},"content":{"rendered":"<div class=\"basic-description\">\n<h3>Detailn\u00ed popis produktu<\/h3>\n<h3 class=\"western\"><span style=\"font-size: 14pt; color: #333333;\"><strong><span style=\"font-family: inherit;\">Vlastnosti a v\u00fdhody<\/span><\/strong><\/span><\/h3>\n<ul>\n<li>\n<p style=\"margin-bottom: 0cm;\"><span style=\"font-size: 12pt; color: #333333;\"><strong><span style=\"font-family: inherit;\"><span class=\"show-tooltip\" title=\"Koncentrace se v obecn\u00e9m smyslu vztahuje k mno\u017estv\u00ed jedn\u00e9 l\u00e1tky obsa\u017een\u00e9 v dan\u00e9m objemu nebo hmotnosti jin\u00e9 l\u00e1tky nebo sm\u011bsi.Tento term\u00edn se pou\u017e\u00edv\u00e1 v r\u016fzn\u00fdch kontextech v\u010detn\u011b chemie, fyziky, biologie, l\u00e9ka\u0159stv\u00ed, pr\u016fmyslu a dal\u0161\u00edch&amp;hellip;\">Koncentrovan\u00fd<\/span> <span class=\"show-tooltip\" title=\"Kapalina je skupenstv\u00ed l\u00e1tky, kter\u00e9 se vyzna\u010duje t\u00edm, \u017ee m\u00e1 pevn\u00fd objem, ale nen\u00ed schopna udr\u017eet sv\u016fj tvar a p\u0159izp\u016fsobuje se tvaru n\u00e1doby, do kter\u00e9 je um\u00edst\u011bna. Kapaliny zahrnuj\u00ed \u0161irokou \u0161k\u00e1lu l\u00e1tek, od vody a oleje po alkoholy a benz\u00edn.Kapaliny&amp;hellip;\">kapaln\u00fd<\/span> p\u0159\u00edpravek s likvida\u010dn\u00edm a preventivn\u00edm \u00fa\u010dinkem proti <span class=\"show-tooltip\" title=\"D\u0159evokazov\u00e9, odborn\u011b zn\u00e1m\u00e9 jako xylof\u00e1gov\u00e9, p\u0159edstavuj\u00ed vy\u0161\u0161\u00ed organismy, zejm\u00e9na hmyz, kter\u00fd se alespo\u0148 v ur\u010dit\u00fdch f\u00e1z\u00edch sv\u00e9ho v\u00fdvoje \u017eiv\u00ed d\u0159evem. Jejich p\u0159irozen\u00fdm chov\u00e1n\u00edm p\u0159isp\u00edvaj\u00ed k rozkladu d\u0159eva v p\u0159\u00edrod\u011b, av\u0161ak mohou tak\u00e9 zp\u016fsobit \u0161kody&amp;hellip;\">d\u0159evokazn\u00e9mu<\/span> hmyzu (nap\u0159. \u010dervoto\u010d, tesa\u0159\u00edk), d\u0159evokazn\u00fdm houb\u00e1m (nap\u0159. d\u0159evomorka dom\u00e1c\u00ed), d\u0159evozbarvuj\u00edc\u00edm houb\u00e1m a pl\u00edsn\u00edm.<\/span><\/strong><\/span><\/p>\n<\/li>\n<li>\n<p style=\"margin-bottom: 0cm;\"><span style=\"font-size: 12pt; color: #333333;\"><strong><span style=\"font-family: inherit;\">Ur\u010den\u00fd pro interi\u00e9ry, exteri\u00e9ry, je dlouhodob\u011b \u00fa\u010dinn\u00fd<\/span><\/strong><\/span><\/p>\n<\/li>\n<li>\n<p style=\"margin-bottom: 0cm;\"><span style=\"font-size: 12pt; color: #333333;\"><strong><span style=\"font-family: inherit;\">Je vhodn\u00fd pro ochranu vz\u00e1cn\u00e9ho <span class=\"show-tooltip\" title=\"D\u0159evo&amp;nbsp;je tvrd\u00e9 a p\u00f3rovit\u00e9&amp;nbsp;rostlinn\u00e9 pletivo&amp;nbsp;(tk\u00e1\u0148), je\u017e tvo\u0159\u00ed kmeny, ko\u0159eny a v\u011btve strom\u016f, ke\u0159\u016f a dal\u0161\u00edch&amp;nbsp;d\u0159evin. Skl\u00e1d\u00e1 se z&amp;nbsp;celul\u00f3zov\u00fdch&amp;nbsp;vl\u00e1ken s vysokou pevnost\u00ed v tahu a&amp;nbsp;ligninov\u00e9&amp;nbsp;v\u00fdpln\u011b, kter\u00e1&amp;hellip;\">d\u0159eva<\/span> a historick\u00fdch p\u0159edm\u011bt\u016f.<\/span><\/strong><\/span><\/p>\n<\/li>\n<li>\n<p style=\"margin-bottom: 0cm;\"><span style=\"font-size: 12pt; color: #333333;\"><strong><span style=\"font-family: inherit;\">V\u00fdhodou je mo\u017enost aplikace i p\u0159i teplot\u011b okol\u00ed ni\u017e\u0161\u00ed ne\u017e 5 \u00b0C.<\/span><\/strong><\/span><\/p>\n<\/li>\n<li><span style=\"font-size: 12pt; color: #333333;\"><strong><span style=\"font-family: inherit;\">Obsahuje <span class=\"show-tooltip\" title=\"Regul\u00e1tor je za\u0159\u00edzen\u00ed, mechanismus nebo syst\u00e9m navr\u017een\u00fd k \u0159\u00edzen\u00ed, ovl\u00e1d\u00e1n\u00ed nebo stabilizaci ur\u010dit\u00e9ho parametru, procesu nebo syst\u00e9mu. Jeho hlavn\u00edm \u00fa\u010delem je udr\u017eovat po\u017eadovan\u00e9 hodnoty, nastaven\u00ed nebo podm\u00ednky v souladu s ur\u010dit\u00fdmi po\u017eadavky nebo&amp;hellip;\">regul\u00e1tory<\/span> r\u016fstu hmyzu, kter\u00e9 spolehliv\u011b likviduj\u00ed v\u0161echna jeho v\u00fdvojov\u00e1 st\u00e1dia a dlouhodob\u011b chr\u00e1n\u00ed o\u0161et\u0159en\u00e9 d\u0159evo p\u0159ed dal\u0161\u00edm napaden\u00edm<\/span><\/strong><\/span><\/li>\n<li><span style=\"font-size: 12pt; color: #333333;\"><strong><span style=\"font-family: inherit;\">Testace na d\u0159evokazn\u00fd hmyz dle EN 46 prok\u00e1zala 100% \u00fa\u010dinek<\/span><\/strong><\/span><\/li>\n<\/ul>\n<p style=\"margin-bottom: 0cm;\"><span style=\"font-size: 12pt; color: #333333;\"><strong><span style=\"font-family: inherit;\">Barva: \u010dir\u00e1, <span class=\"show-tooltip\" title=\"Zelen\u00e1 je barva, kter\u00e1 se nach\u00e1z\u00ed mezi modrou a \u017elutou v barevn\u00e9m spektru. Vlnov\u00e1 d\u00e9lka zelen\u00e9ho sv\u011btla se pohybuje mezi 520\u2013570 nm. Zelen\u00e1 je pova\u017eov\u00e1na za uklid\u0148uj\u00edc\u00ed a harmonizuj\u00edc\u00ed barvu, kter\u00e1 vyvol\u00e1v\u00e1 pocit rovnov\u00e1hy a sv\u011b\u017eesti.&amp;nbsp;Je to&amp;hellip;\">zelen\u00e1<\/span><\/span><\/strong><\/span><\/p>\n<h3 class=\"western\"><span style=\"font-size: 14pt; color: #333333;\"><strong><span style=\"font-family: inherit;\">Pou\u017eit\u00ed<\/span><\/strong><\/span><\/h3>\n<ul>\n<li>\n<p style=\"margin-bottom: 0cm;\"><span style=\"font-size: 12pt; color: #333333;\"><strong><span style=\"font-family: inherit;\">Kapaln\u00fd p\u0159\u00edpravek k o\u0161et\u0159en\u00ed d\u0159eva napaden\u00e9ho d\u0159evokazn\u00fdm hmyzem (\u010dervoto\u010d, tesa\u0159\u00edk apod.) a k preventivn\u00edmu o\u0161et\u0159en\u00ed d\u0159eva proti d\u0159evokazn\u00e9mu hmyzu v interi\u00e9rech (st\u0159e\u0161n\u00ed <span class=\"show-tooltip\" title=\"Konstrukce je proces tvorby a sestaven\u00ed r\u016fzn\u00fdch prvk\u016f nebo sou\u010d\u00e1st\u00ed do funk\u010dn\u00edho celku, kter\u00fd m\u016f\u017ee slou\u017eit k ur\u010dit\u00e9mu \u00fa\u010delu. V kontextu stavebnictv\u00ed a in\u017een\u00fdrstv\u00ed zahrnuje konstrukce tvorbu budov, most\u016f, silnic, pr\u016fmyslov\u00fdch za\u0159\u00edzen\u00ed,&amp;hellip;\">konstrukce<\/span>, oblo\u017een\u00ed, schody, podlahy atd.) a v exteri\u00e9rech bez p\u0159\u00edm\u00e9ho a trval\u00e9ho kontaktu se <span class=\"show-tooltip\" title=\"Zem\u011b je t\u0159et\u00ed planetou od Slunce ve slune\u010dn\u00ed soustav\u011b a je jedinou planetou, na kter\u00e9 je dosud zn\u00e1m \u017eivot.&amp;nbsp;Zem\u011b je p\u0159ibli\u017en\u011b 4,5 miliardy let star\u00e1, co\u017e z n\u00ed \u010din\u00ed jednu z nejstar\u0161\u00edch planet ve slune\u010dn\u00ed soustav\u011b.&amp;nbsp;Velikost: Pr\u016fm\u011br Zem\u011b&amp;hellip;\">zem\u00ed<\/span> (st\u0159e\u0161n\u00ed podbit\u00ed, d\u0159ev\u011bn\u00e9 <span class=\"show-tooltip\" title=\"Stavba je proces tvorby a vytv\u00e1\u0159en\u00ed r\u016fzn\u00fdch stavebn\u00edch objekt\u016f nebo konstrukc\u00ed. Stavba m\u016f\u017ee zahrnovat v\u00fdstavbu budov, most\u016f, silnic, tunel\u016f, hr\u00e1z\u00ed, pr\u016fmyslov\u00fdch za\u0159\u00edzen\u00ed, vodn\u00edch n\u00e1dr\u017e\u00ed, sportovn\u00edch za\u0159\u00edzen\u00ed a dal\u0161\u00edch&amp;hellip;\">stavby<\/span>, ploty, krovy atd.).<\/span><\/strong><\/span><\/p>\n<\/li>\n<li>\n<p style=\"margin-bottom: 0cm;\"><span style=\"font-size: 12pt; color: #333333;\"><strong><span style=\"font-family: inherit;\">Vhodn\u00fd jako insekticidn\u00ed penetrace pod lazurovac\u00ed n\u00e1t\u011bry, <span class=\"show-tooltip\" title=\"Email je odoln\u00fd povlak pou\u017e\u00edvan\u00fd pro ochranu a dekoraci povrch\u016f v interi\u00e9ru i exteri\u00e9ru.&amp;nbsp;\u058d Podklad, nap\u0159\u00edklad kovov\u00fd nebo z m\u011bkk\u00e9ho d\u0159eva, je obvykle pokryt vrstvou z\u00e1kladn\u00ed barvy, na kterou je n\u00e1sledn\u011b aplikov\u00e1na vrchn\u00ed lakovan\u00e1 vrstva -&amp;hellip;\">emaily<\/span>, <span class=\"show-tooltip\" title=\"Lak je povlak nebo n\u00e1t\u011br, kter\u00fd se nan\u00e1\u0161\u00ed na povrchy s c\u00edlem zv\u00fd\u0161it jejich odolnost, estetick\u00fd vzhled nebo ochranu. Existuje mnoho r\u016fzn\u00fdch typ\u016f lak\u016f, z nich\u017e ka\u017ed\u00fd je ur\u010den pro specifick\u00e9 pou\u017eit\u00ed a materi\u00e1ly:Vodou \u0159editeln\u00fd lak: Typ&amp;hellip;\">laky<\/span> apod.<\/span><\/strong><\/span><\/p>\n<\/li>\n<li>\n<p style=\"margin-bottom: 0cm;\"><span style=\"font-size: 12pt; font-family: inherit; color: #333333;\"><strong>Nesm\u00ed b\u00fdt pou\u017e\u00edv\u00e1n na d\u0159evo p\u0159ich\u00e1zej\u00edc\u00ed do p\u0159\u00edm\u00e9ho kontaktu s potravinami, n\u00e1poji a krmivy ani k o\u0161et\u0159en\u00ed d\u0159eva na v\u00fdrobu d\u011btsk\u00e9ho n\u00e1bytku a hra\u010dek.<\/strong><\/span><\/p>\n<\/li>\n<li>\n<p><span style=\"font-size: 12pt; font-family: inherit; color: #333333;\"><strong><span style=\"background: transparent;\">Biocidn\u00ed p\u0159\u00edpravek \u2013 pou\u017e\u00edvejte jej bezpe\u010dn\u011b! P\u0159ed pou\u017eit\u00edm si v\u017edy p\u0159e\u010dt\u011bte \u00fadaje uveden\u00e9 na obalu v\u00fdrobku<\/span><\/strong><\/span><\/p>\n<\/li>\n<\/ul>\n<h3 class=\"western\"><span style=\"font-size: 14pt; color: #333333;\"><strong><span style=\"font-family: inherit;\"><span class=\"show-tooltip\" title=\"\u0158ed\u011bn\u00ed je proces, p\u0159i kter\u00e9m se jedna l\u00e1tka (obvykle tekutina) o ur\u010dit\u00e9 hustot\u011b nebo koncentraci \u0159ed\u00ed sm\u00edch\u00e1n\u00edm s jinou l\u00e1tkou ni\u017e\u0161\u00ed hustoty v takov\u00e9m mno\u017estv\u00ed, aby bylo dosa\u017eeno po\u017eadovan\u00e9 v\u00fdsledn\u00e9 sm\u011bsi - roztoku o ni\u017e\u0161\u00ed hustot\u011b.Tento term\u00edn se&amp;hellip;\">\u0158ed\u011bn\u00ed<\/span><\/span><\/strong><\/span><\/h3>\n<ul>\n<li>\n<p><span style=\"font-family: inherit; font-size: 12pt; color: #333333;\">a\u017e 1:4 s <span class=\"show-tooltip\" title=\"Voda,&amp;nbsp;chemick\u00fdm vzorcem&amp;nbsp;H2O,&amp;nbsp;systematick\u00fd n\u00e1zev&amp;nbsp;oxidan, je&amp;nbsp;chemick\u00e1 slou\u010denina&amp;nbsp;vod\u00edku&amp;nbsp;a&amp;nbsp;kysl\u00edku. Spolu se&amp;nbsp;vzduchem, resp.&amp;nbsp;zemskou atmosf\u00e9rou, tvo\u0159\u00ed z\u00e1kladn\u00ed podm\u00ednky pro&amp;hellip;\">vodou<\/span><\/span><\/p>\n<\/li>\n<\/ul>\n<h3 class=\"western\"><span style=\"font-size: 14pt; color: #333333;\"><strong><span style=\"font-family: inherit;\"><span class=\"show-tooltip\" title=\"Spot\u0159eba materi\u00e1lu je m\u011b\u0159en\u00ed mno\u017estv\u00ed surovin, komponent\u016f nebo materi\u00e1l\u016f, kter\u00e9 jsou pou\u017eity p\u0159i v\u00fdrob\u011b, konstrukci, instalaci, aplikaci nebo provozu n\u011bjak\u00e9ho v\u00fdrobku, za\u0159\u00edzen\u00ed nebo syst\u00e9mu.Spot\u0159eba materi\u00e1lu m\u016f\u017ee b\u00fdt vyj\u00e1d\u0159ena v r\u016fzn\u00fdch&amp;hellip;\">Spot\u0159eba<\/span><\/span><\/strong><\/span><\/h3>\n<ul>\n<li>\n<p style=\"margin-bottom: 0cm;\"><span style=\"font-size: 12pt; font-family: inherit; color: #333333;\"><strong>30 g\/m<\/strong><strong><sup>2<\/sup><\/strong><\/span><\/p>\n<\/li>\n<li>\n<p><span style=\"font-family: inherit; font-size: 12pt; color: #333333;\">Vydatnost: 30 m<sup>2<\/sup>\/kg (dle savosti d\u0159eva)<\/span><\/p>\n<\/li>\n<\/ul>\n<h3 class=\"western\"><span style=\"font-size: 14pt; color: #333333;\"><strong><span style=\"font-family: inherit;\">Velikosti balen\u00ed<\/span><\/strong><\/span><\/h3>\n<ul>\n<li>\n<p style=\"margin-bottom: 0cm;\"><span style=\"font-family: inherit; font-size: 12pt; color: #333333;\">0,5 kg, 1 kg, 5 kg<\/span><\/p>\n<\/li>\n<\/ul>\n<div id=\"gtx-trans\" style=\"position: absolute; left: 105px; top: 237.516px;\">&nbsp;<\/div>\n<\/p><\/div>\n","protected":false},"excerpt":{"rendered":"<p>Detailn\u00ed popis produktu Vlastnosti a v\u00fdhody Koncentrovan\u00fd kapaln\u00fd p\u0159\u00edpravek s likvida\u010dn\u00edm a preventivn\u00edm \u00fa\u010dinkem proti d\u0159evokazn\u00e9mu hmyzu (nap\u0159. \u010dervoto\u010d, tesa\u0159\u00edk), d\u0159evokazn\u00fdm houb\u00e1m (nap\u0159. d\u0159evomorka dom\u00e1c\u00ed), d\u0159evozbarvuj\u00edc\u00edm houb\u00e1m a pl\u00edsn\u00edm. Ur\u010den\u00fd pro interi\u00e9ry, exteri\u00e9ry, je dlouhodob\u011b \u00fa\u010dinn\u00fd Je vhodn\u00fd pro ochranu vz\u00e1cn\u00e9ho d\u0159eva a historick\u00fdch p\u0159edm\u011bt\u016f. V\u00fdhodou je mo\u017enost aplikace i p\u0159i teplot\u011b okol\u00ed ni\u017e\u0161\u00ed ne\u017e [&hellip;]<\/p>\n","protected":false},"featured_media":40216,"comment_status":"open","ping_status":"open","template":"","meta":[],"product_brand":[],"product_cat":[133],"product_tag":[],"class_list":{"0":"post-40116","1":"product","2":"type-product","3":"status-publish","4":"has-post-thumbnail","6":"product_cat-barvy-amp-laky","8":"first","9":"instock","10":"sale","11":"shipping-taxable","12":"purchasable","13":"product-type-simple"},"yoast_head":"<!-- This site is optimized with the Yoast SEO plugin v26.8 - https:\/\/yoast.com\/product\/yoast-seo-wordpress\/ -->\n<title>LIGNOFIX\u00ae I-PROFI 1:4 koncentrovan\u00fd p\u0159\u00edpravek k o\u0161et\u0159en\u00ed a ochran\u011b napaden\u00e9ho d\u0159eva Novinka -<\/title>\n<meta name=\"robots\" content=\"index, follow, max-snippet:-1, max-image-preview:large, max-video-preview:-1\" \/>\n<link rel=\"canonical\" href=\"https:\/\/www.domtechnikpro.com\/index.php\/produkt\/lignofix-r-i-profi-1-4-koncentrovany-pripravek-k-osetreni-a-ochrane-napadeneho-dreva-novinka-40116\/\" \/>\n<meta property=\"og:locale\" content=\"cs_CZ\" \/>\n<meta property=\"og:type\" content=\"article\" \/>\n<meta property=\"og:title\" content=\"LIGNOFIX\u00ae I-PROFI 1:4 koncentrovan\u00fd p\u0159\u00edpravek k o\u0161et\u0159en\u00ed a ochran\u011b napaden\u00e9ho d\u0159eva Novinka -\" \/>\n<meta property=\"og:description\" content=\"Detailn\u00ed popis produktu Vlastnosti a v\u00fdhody Koncentrovan\u00fd kapaln\u00fd p\u0159\u00edpravek s likvida\u010dn\u00edm a preventivn\u00edm \u00fa\u010dinkem proti d\u0159evokazn\u00e9mu hmyzu (nap\u0159. \u010dervoto\u010d, tesa\u0159\u00edk), d\u0159evokazn\u00fdm houb\u00e1m (nap\u0159. d\u0159evomorka dom\u00e1c\u00ed), d\u0159evozbarvuj\u00edc\u00edm houb\u00e1m a pl\u00edsn\u00edm. Ur\u010den\u00fd pro interi\u00e9ry, exteri\u00e9ry, je dlouhodob\u011b \u00fa\u010dinn\u00fd Je vhodn\u00fd pro ochranu vz\u00e1cn\u00e9ho d\u0159eva a historick\u00fdch p\u0159edm\u011bt\u016f. V\u00fdhodou je mo\u017enost aplikace i p\u0159i teplot\u011b okol\u00ed ni\u017e\u0161\u00ed ne\u017e [&hellip;]\" \/>\n<meta property=\"og:url\" content=\"https:\/\/www.domtechnikpro.com\/index.php\/produkt\/lignofix-r-i-profi-1-4-koncentrovany-pripravek-k-osetreni-a-ochrane-napadeneho-dreva-novinka-40116\/\" \/>\n<meta property=\"og:image\" content=\"https:\/\/www.domtechnikpro.com\/wp-content\/uploads\/2026\/SK0001535-CZ20260425-092522-0-1777080324-45173_lignofix-i-profi-1.webp\" \/>\n\t<meta property=\"og:image:width\" content=\"1000\" \/>\n\t<meta property=\"og:image:height\" content=\"750\" \/>\n\t<meta property=\"og:image:type\" content=\"image\/webp\" \/>\n<meta name=\"twitter:card\" content=\"summary_large_image\" \/>\n<meta name=\"twitter:label1\" content=\"Odhadovan\u00e1 doba \u010dten\u00ed\" \/>\n\t<meta name=\"twitter:data1\" content=\"2 minuty\" \/>\n<script type=\"application\/ld+json\" class=\"yoast-schema-graph\">{\"@context\":\"https:\/\/schema.org\",\"@graph\":[{\"@type\":\"WebPage\",\"@id\":\"https:\/\/www.domtechnikpro.com\/index.php\/produkt\/lignofix-r-i-profi-1-4-koncentrovany-pripravek-k-osetreni-a-ochrane-napadeneho-dreva-novinka-40116\/\",\"url\":\"https:\/\/www.domtechnikpro.com\/index.php\/produkt\/lignofix-r-i-profi-1-4-koncentrovany-pripravek-k-osetreni-a-ochrane-napadeneho-dreva-novinka-40116\/\",\"name\":\"LIGNOFIX\u00ae I-PROFI 1:4 koncentrovan\u00fd p\u0159\u00edpravek k o\u0161et\u0159en\u00ed a ochran\u011b napaden\u00e9ho d\u0159eva Novinka -\",\"isPartOf\":{\"@id\":\"https:\/\/www.domtechnikpro.com\/#website\"},\"primaryImageOfPage\":{\"@id\":\"https:\/\/www.domtechnikpro.com\/index.php\/produkt\/lignofix-r-i-profi-1-4-koncentrovany-pripravek-k-osetreni-a-ochrane-napadeneho-dreva-novinka-40116\/#primaryimage\"},\"image\":{\"@id\":\"https:\/\/www.domtechnikpro.com\/index.php\/produkt\/lignofix-r-i-profi-1-4-koncentrovany-pripravek-k-osetreni-a-ochrane-napadeneho-dreva-novinka-40116\/#primaryimage\"},\"thumbnailUrl\":\"https:\/\/www.domtechnikpro.com\/wp-content\/uploads\/2026\/SK0001535-CZ20260425-092522-0-1777080324-45173_lignofix-i-profi-1.webp\",\"datePublished\":\"2026-04-26T08:58:44+00:00\",\"breadcrumb\":{\"@id\":\"https:\/\/www.domtechnikpro.com\/index.php\/produkt\/lignofix-r-i-profi-1-4-koncentrovany-pripravek-k-osetreni-a-ochrane-napadeneho-dreva-novinka-40116\/#breadcrumb\"},\"inLanguage\":\"cs\",\"potentialAction\":[{\"@type\":\"ReadAction\",\"target\":[\"https:\/\/www.domtechnikpro.com\/index.php\/produkt\/lignofix-r-i-profi-1-4-koncentrovany-pripravek-k-osetreni-a-ochrane-napadeneho-dreva-novinka-40116\/\"]}]},{\"@type\":\"ImageObject\",\"inLanguage\":\"cs\",\"@id\":\"https:\/\/www.domtechnikpro.com\/index.php\/produkt\/lignofix-r-i-profi-1-4-koncentrovany-pripravek-k-osetreni-a-ochrane-napadeneho-dreva-novinka-40116\/#primaryimage\",\"url\":\"https:\/\/www.domtechnikpro.com\/wp-content\/uploads\/2026\/SK0001535-CZ20260425-092522-0-1777080324-45173_lignofix-i-profi-1.webp\",\"contentUrl\":\"https:\/\/www.domtechnikpro.com\/wp-content\/uploads\/2026\/SK0001535-CZ20260425-092522-0-1777080324-45173_lignofix-i-profi-1.webp\",\"width\":1000,\"height\":750},{\"@type\":\"BreadcrumbList\",\"@id\":\"https:\/\/www.domtechnikpro.com\/index.php\/produkt\/lignofix-r-i-profi-1-4-koncentrovany-pripravek-k-osetreni-a-ochrane-napadeneho-dreva-novinka-40116\/#breadcrumb\",\"itemListElement\":[{\"@type\":\"ListItem\",\"position\":1,\"name\":\"Home\",\"item\":\"https:\/\/www.domtechnikpro.com\/\"},{\"@type\":\"ListItem\",\"position\":2,\"name\":\"Products\",\"item\":\"https:\/\/www.domtechnikpro.com\/index.php\/products\/\"},{\"@type\":\"ListItem\",\"position\":3,\"name\":\"LIGNOFIX\u00ae I-PROFI 1:4 koncentrovan\u00fd p\u0159\u00edpravek k o\u0161et\u0159en\u00ed a ochran\u011b napaden\u00e9ho d\u0159eva Novinka\"}]},{\"@type\":\"WebSite\",\"@id\":\"https:\/\/www.domtechnikpro.com\/#website\",\"url\":\"https:\/\/www.domtechnikpro.com\/\",\"name\":\"\",\"description\":\"\",\"potentialAction\":[{\"@type\":\"SearchAction\",\"target\":{\"@type\":\"EntryPoint\",\"urlTemplate\":\"https:\/\/www.domtechnikpro.com\/?s={search_term_string}\"},\"query-input\":{\"@type\":\"PropertyValueSpecification\",\"valueRequired\":true,\"valueName\":\"search_term_string\"}}],\"inLanguage\":\"cs\"}]}<\/script>\n<!-- \/ Yoast SEO plugin. -->","yoast_head_json":{"title":"LIGNOFIX\u00ae I-PROFI 1:4 koncentrovan\u00fd p\u0159\u00edpravek k o\u0161et\u0159en\u00ed a ochran\u011b napaden\u00e9ho d\u0159eva Novinka -","robots":{"index":"index","follow":"follow","max-snippet":"max-snippet:-1","max-image-preview":"max-image-preview:large","max-video-preview":"max-video-preview:-1"},"canonical":"https:\/\/www.domtechnikpro.com\/index.php\/produkt\/lignofix-r-i-profi-1-4-koncentrovany-pripravek-k-osetreni-a-ochrane-napadeneho-dreva-novinka-40116\/","og_locale":"cs_CZ","og_type":"article","og_title":"LIGNOFIX\u00ae I-PROFI 1:4 koncentrovan\u00fd p\u0159\u00edpravek k o\u0161et\u0159en\u00ed a ochran\u011b napaden\u00e9ho d\u0159eva Novinka -","og_description":"Detailn\u00ed popis produktu Vlastnosti a v\u00fdhody Koncentrovan\u00fd kapaln\u00fd p\u0159\u00edpravek s likvida\u010dn\u00edm a preventivn\u00edm \u00fa\u010dinkem proti d\u0159evokazn\u00e9mu hmyzu (nap\u0159. \u010dervoto\u010d, tesa\u0159\u00edk), d\u0159evokazn\u00fdm houb\u00e1m (nap\u0159. d\u0159evomorka dom\u00e1c\u00ed), d\u0159evozbarvuj\u00edc\u00edm houb\u00e1m a pl\u00edsn\u00edm. Ur\u010den\u00fd pro interi\u00e9ry, exteri\u00e9ry, je dlouhodob\u011b \u00fa\u010dinn\u00fd Je vhodn\u00fd pro ochranu vz\u00e1cn\u00e9ho d\u0159eva a historick\u00fdch p\u0159edm\u011bt\u016f. V\u00fdhodou je mo\u017enost aplikace i p\u0159i teplot\u011b okol\u00ed ni\u017e\u0161\u00ed ne\u017e [&hellip;]","og_url":"https:\/\/www.domtechnikpro.com\/index.php\/produkt\/lignofix-r-i-profi-1-4-koncentrovany-pripravek-k-osetreni-a-ochrane-napadeneho-dreva-novinka-40116\/","og_image":[{"width":1000,"height":750,"url":"https:\/\/www.domtechnikpro.com\/wp-content\/uploads\/2026\/SK0001535-CZ20260425-092522-0-1777080324-45173_lignofix-i-profi-1.webp","type":"image\/webp"}],"twitter_card":"summary_large_image","twitter_misc":{"Odhadovan\u00e1 doba \u010dten\u00ed":"2 minuty"},"schema":{"@context":"https:\/\/schema.org","@graph":[{"@type":"WebPage","@id":"https:\/\/www.domtechnikpro.com\/index.php\/produkt\/lignofix-r-i-profi-1-4-koncentrovany-pripravek-k-osetreni-a-ochrane-napadeneho-dreva-novinka-40116\/","url":"https:\/\/www.domtechnikpro.com\/index.php\/produkt\/lignofix-r-i-profi-1-4-koncentrovany-pripravek-k-osetreni-a-ochrane-napadeneho-dreva-novinka-40116\/","name":"LIGNOFIX\u00ae I-PROFI 1:4 koncentrovan\u00fd p\u0159\u00edpravek k o\u0161et\u0159en\u00ed a ochran\u011b napaden\u00e9ho d\u0159eva Novinka -","isPartOf":{"@id":"https:\/\/www.domtechnikpro.com\/#website"},"primaryImageOfPage":{"@id":"https:\/\/www.domtechnikpro.com\/index.php\/produkt\/lignofix-r-i-profi-1-4-koncentrovany-pripravek-k-osetreni-a-ochrane-napadeneho-dreva-novinka-40116\/#primaryimage"},"image":{"@id":"https:\/\/www.domtechnikpro.com\/index.php\/produkt\/lignofix-r-i-profi-1-4-koncentrovany-pripravek-k-osetreni-a-ochrane-napadeneho-dreva-novinka-40116\/#primaryimage"},"thumbnailUrl":"https:\/\/www.domtechnikpro.com\/wp-content\/uploads\/2026\/SK0001535-CZ20260425-092522-0-1777080324-45173_lignofix-i-profi-1.webp","datePublished":"2026-04-26T08:58:44+00:00","breadcrumb":{"@id":"https:\/\/www.domtechnikpro.com\/index.php\/produkt\/lignofix-r-i-profi-1-4-koncentrovany-pripravek-k-osetreni-a-ochrane-napadeneho-dreva-novinka-40116\/#breadcrumb"},"inLanguage":"cs","potentialAction":[{"@type":"ReadAction","target":["https:\/\/www.domtechnikpro.com\/index.php\/produkt\/lignofix-r-i-profi-1-4-koncentrovany-pripravek-k-osetreni-a-ochrane-napadeneho-dreva-novinka-40116\/"]}]},{"@type":"ImageObject","inLanguage":"cs","@id":"https:\/\/www.domtechnikpro.com\/index.php\/produkt\/lignofix-r-i-profi-1-4-koncentrovany-pripravek-k-osetreni-a-ochrane-napadeneho-dreva-novinka-40116\/#primaryimage","url":"https:\/\/www.domtechnikpro.com\/wp-content\/uploads\/2026\/SK0001535-CZ20260425-092522-0-1777080324-45173_lignofix-i-profi-1.webp","contentUrl":"https:\/\/www.domtechnikpro.com\/wp-content\/uploads\/2026\/SK0001535-CZ20260425-092522-0-1777080324-45173_lignofix-i-profi-1.webp","width":1000,"height":750},{"@type":"BreadcrumbList","@id":"https:\/\/www.domtechnikpro.com\/index.php\/produkt\/lignofix-r-i-profi-1-4-koncentrovany-pripravek-k-osetreni-a-ochrane-napadeneho-dreva-novinka-40116\/#breadcrumb","itemListElement":[{"@type":"ListItem","position":1,"name":"Home","item":"https:\/\/www.domtechnikpro.com\/"},{"@type":"ListItem","position":2,"name":"Products","item":"https:\/\/www.domtechnikpro.com\/index.php\/products\/"},{"@type":"ListItem","position":3,"name":"LIGNOFIX\u00ae I-PROFI 1:4 koncentrovan\u00fd p\u0159\u00edpravek k o\u0161et\u0159en\u00ed a ochran\u011b napaden\u00e9ho d\u0159eva Novinka"}]},{"@type":"WebSite","@id":"https:\/\/www.domtechnikpro.com\/#website","url":"https:\/\/www.domtechnikpro.com\/","name":"","description":"","potentialAction":[{"@type":"SearchAction","target":{"@type":"EntryPoint","urlTemplate":"https:\/\/www.domtechnikpro.com\/?s={search_term_string}"},"query-input":{"@type":"PropertyValueSpecification","valueRequired":true,"valueName":"search_term_string"}}],"inLanguage":"cs"}]}},"_links":{"self":[{"href":"https:\/\/www.domtechnikpro.com\/index.php\/wp-json\/wp\/v2\/product\/40116","targetHints":{"allow":["GET"]}}],"collection":[{"href":"https:\/\/www.domtechnikpro.com\/index.php\/wp-json\/wp\/v2\/product"}],"about":[{"href":"https:\/\/www.domtechnikpro.com\/index.php\/wp-json\/wp\/v2\/types\/product"}],"replies":[{"embeddable":true,"href":"https:\/\/www.domtechnikpro.com\/index.php\/wp-json\/wp\/v2\/comments?post=40116"}],"wp:featuredmedia":[{"embeddable":true,"href":"https:\/\/www.domtechnikpro.com\/index.php\/wp-json\/wp\/v2\/media\/40216"}],"wp:attachment":[{"href":"https:\/\/www.domtechnikpro.com\/index.php\/wp-json\/wp\/v2\/media?parent=40116"}],"wp:term":[{"taxonomy":"product_brand","embeddable":true,"href":"https:\/\/www.domtechnikpro.com\/index.php\/wp-json\/wp\/v2\/product_brand?post=40116"},{"taxonomy":"product_cat","embeddable":true,"href":"https:\/\/www.domtechnikpro.com\/index.php\/wp-json\/wp\/v2\/product_cat?post=40116"},{"taxonomy":"product_tag","embeddable":true,"href":"https:\/\/www.domtechnikpro.com\/index.php\/wp-json\/wp\/v2\/product_tag?post=40116"}],"curies":[{"name":"wp","href":"https:\/\/api.w.org\/{rel}","templated":true}]}}