{"id":3726,"date":"2026-04-26T08:52:00","date_gmt":"2026-04-26T08:52:00","guid":{"rendered":""},"modified":"2026-04-26T08:52:00","modified_gmt":"2026-04-26T08:52:00","slug":"ovladaci-kabel-jyty-o-4x1-pro-merici-ridici-a-automatizacni-systemy-modry-hnedy-sedy-cerny-akcni-cena-3726","status":"publish","type":"product","link":"https:\/\/www.domtechnikpro.com\/index.php\/produkt\/ovladaci-kabel-jyty-o-4x1-pro-merici-ridici-a-automatizacni-systemy-modry-hnedy-sedy-cerny-akcni-cena-3726\/","title":{"rendered":"Ovl\u00e1dac\u00ed kabel JYTY-O 4&#215;1 pro m\u011b\u0159\u00edc\u00ed, \u0159\u00edd\u00edc\u00ed a automatiza\u010dn\u00ed syst\u00e9my, \/modr\u00fd-hn\u011bd\u00fd-\u0161ed\u00fd-\u010dern\u00fd\/ Ak\u010dn\u00ed Cena"},"content":{"rendered":"<div id=\"e8878026\" class=\"pages\">\n<div id=\"PDDescription\" class=\"UserContentView userContent v1a v1 bs-view dcon dc150 PDDescription\" >\n<p><span style=\"color: #008080; font-family: tahoma, arial, helvetica, sans-serif;\"><strong><span style=\"font-size: 24px;\">Ovl\u00e1dac\u00ed kabel JYTY-O 4&#215;1 pro m\u011b\u0159\u00edc\u00ed, \u0159\u00edd\u00edc\u00ed a automatiza\u010dn\u00ed syst\u00e9my, \/modr\u00fd-hn\u011bd\u00fd-\u0161ed\u00fd-\u010dern\u00fd\/<\/span><\/strong><\/span><\/p>\n<p><span style=\"color: #000000; font-family: tahoma, arial, helvetica, sans-serif; font-size: 14px;\"><strong><span style=\"text-transform: none; text-indent: 0px; letter-spacing: normal; font-style: normal; font-weight: 400; word-spacing: 0px; float: none; display: inline !important; white-space: normal; orphans: 2; widows: 2; background-color: #ffffff; -webkit-text-stroke-width: 0px; font-variant-ligatures: normal; font-variant-caps: normal; text-decoration-thickness: initial; text-decoration-style: initial; text-decoration-color: initial;\">JYTY-O kabel 4&#215;1 je ide\u00e1ln\u00ed pro pevn\u00e9 ulo\u017een\u00ed pro m\u011b\u0159ic\u00ed, \u0159\u00eddic\u00ed a automatiza\u010dn\u00ed syst\u00e9my v pr\u016fmyslov\u00e9m odv\u011btv\u00ed.<\/span><\/strong><\/span><\/p>\n<p><span style=\"color: #000000; font-family: tahoma, arial, helvetica, sans-serif; font-size: 14px;\"><strong><span style=\"text-transform: none; text-indent: 0px; letter-spacing: normal; font-style: normal; font-weight: 400; word-spacing: 0px; float: none; display: inline !important; white-space: normal; orphans: 2; widows: 2; background-color: #ffffff; -webkit-text-stroke-width: 0px; font-variant-ligatures: normal; font-variant-caps: normal; text-decoration-thickness: initial; text-decoration-style: initial; text-decoration-color: initial;\"><span style=\"font-family: tahoma, arial, helvetica, sans-serif; font-size: 14px;\">Zku\u0161ebn\u00ed nap\u011bt\u00ed: <span style=\"font-family: tahoma, arial, helvetica, sans-serif; font-size: 14px;\">pro pr\u016fm\u011br 1,00 mm 1 kV\/50Hz a pro 1,8 mm 2kV\/50Hz<\/span><\/span><\/span><\/strong><\/span><\/p>\n<p><span style=\"color: #008080;\"><strong><span style=\"font-family: tahoma, arial, helvetica, sans-serif; font-size: 14px;\">Specifikace kabelu<\/span><\/strong><\/span><br \/><span style=\"font-family: tahoma, arial, helvetica, sans-serif; font-size: 14px;\"><span style=\"color: #000000;\">Jmenovit\u00e9 nap\u011bt\u00ed: 250 V pro pr\u016fm\u011br j\u00e1dra 1,00 mm a 380 V pro pr\u016fm\u011br j\u00e1dra 1,8 mm<\/span><br \/><\/span><\/p>\n<p><span style=\"color: #008080;\"><strong><span style=\"font-family: tahoma, arial, helvetica, sans-serif; font-size: 14px;\">Technick\u00e9 detaily<\/span><\/strong><\/span><br \/><span style=\"color: #000000; font-family: tahoma, arial, helvetica, sans-serif; font-size: 14px;\">Minim\u00e1ln\u00ed teplota: +5\u00b0C<\/span><br \/><span style=\"color: #000000; font-family: tahoma, arial, helvetica, sans-serif; font-size: 14px;\">Rozsah teploty p\u0159i provozu: -30\u00b0C &#8211; 85\u00b0C<\/span><br \/><span style=\"color: #000000; font-family: tahoma, arial, helvetica, sans-serif; font-size: 14px;\">Rozsah teplot p\u0159i zkratu: 160\u00b0C\/5s<\/span><br \/><span style=\"color: #000000; font-family: tahoma, arial, helvetica, sans-serif; font-size: 14px;\">Polom\u011br ohybu kabelu: 12x pr\u016fm\u011br kabelu<\/span><\/p>\n<p><span style=\"color: #008080;\"><strong><span style=\"font-family: tahoma, arial, helvetica, sans-serif; font-size: 14px;\">Parametry<\/span><\/strong><\/span><br \/><span style=\"color: #000000; font-family: tahoma, arial, helvetica, sans-serif; font-size: 14px;\">Pr\u016fm\u011br vodi\u010de: 1 mm<\/span><br \/><span style=\"color: #000000; font-family: tahoma, arial, helvetica, sans-serif; font-size: 14px;\">T\u0159\u00edda vodi\u010de: T\u0159. 1 = jednodr\u00e1tov\u00e9<\/span><br \/><span style=\"color: #000000; font-family: tahoma, arial, helvetica, sans-serif; font-size: 14px;\">Po\u010det \u017eil: 4<\/span><br \/><span style=\"color: #000000; font-family: tahoma, arial, helvetica, sans-serif; font-size: 14px;\">Spl\u00e9tan\u00fd prvek: Ne<\/span><br \/><span style=\"color: #000000; font-family: tahoma, arial, helvetica, sans-serif; font-size: 14px;\">Izolace \u017eil: PVC<\/span><br \/><span style=\"color: #000000; font-family: tahoma, arial, helvetica, sans-serif; font-size: 14px;\">Zna\u010den\u00ed \u017eil: Barva<\/span><br \/><span style=\"color: #000000; font-family: tahoma, arial, helvetica, sans-serif; font-size: 14px;\">Ochrann\u00fd vodi\u010d: Ne<\/span><br \/><span style=\"color: #000000; font-family: tahoma, arial, helvetica, sans-serif; font-size: 14px;\">St\u00edn\u011bn\u00ed p\u00e1ru vodi\u010d\u016f: Bez<\/span><br \/><span style=\"color: #000000; font-family: tahoma, arial, helvetica, sans-serif; font-size: 14px;\">St\u00edn\u011bn\u00ed cel\u00e9ho kabelu: F\u00f3lie<\/span><br \/><span style=\"color: #000000; font-family: tahoma, arial, helvetica, sans-serif; font-size: 14px;\">Materi\u00e1l pl\u00e1\u0161t\u011b: PVC<\/span><br \/><span style=\"color: #000000; font-family: tahoma, arial, helvetica, sans-serif; font-size: 14px;\">Barva pl\u00e1\u0161t\u011b: \u0160ed\u00e1<\/span><br \/><span style=\"color: #000000; font-family: tahoma, arial, helvetica, sans-serif; font-size: 14px;\">Samozh\u00e1\u0161ivost: Dle EN 60332-1-2<\/span><br \/><span style=\"color: #000000; font-family: tahoma, arial, helvetica, sans-serif; font-size: 14px;\">Vn\u011bj\u0161\u00ed pr\u016fm\u011br cca: 7,4 mm<\/span><br \/><span style=\"color: #000000; font-family: tahoma, arial, helvetica, sans-serif; font-size: 14px;\">Max. vn\u011bj\u0161\u00ed teplota kabelu, pevn\u011b ulo\u017een\u00e9ho: 85 \u00b0C<\/span><br \/><span style=\"color: #000000; font-family: tahoma, arial, helvetica, sans-serif; font-size: 14px;\">Jmenovit\u00e9 nap\u011bt\u00ed U: 250 V<\/span><\/p>\n<p>\u00a0<\/p>\n<div id=\"PDTable3\" class=\"ProductDetailTableView v3a v3 bs-view dcon dc175 PDTable3\" >\n<table>\n<thead><\/thead>\n<tbody>\n<tr class=\"attribute attr_bsshop_maker\">\n<td class=\"caption\">V\u00fdrobce<\/td>\n<td class=\"value\">KABELY-CEN<\/td>\n<\/tr>\n<\/tbody>\n<\/table><\/div>\n<\/div>\n<\/div>\n<div id=\"e8878027\" class=\"tabs\">\n","protected":false},"excerpt":{"rendered":"<p>Ovl\u00e1dac\u00ed kabel JYTY-O 4&#215;1 pro m\u011b\u0159\u00edc\u00ed, \u0159\u00edd\u00edc\u00ed a automatiza\u010dn\u00ed syst\u00e9my, \/modr\u00fd-hn\u011bd\u00fd-\u0161ed\u00fd-\u010dern\u00fd\/ JYTY-O kabel 4&#215;1 je ide\u00e1ln\u00ed pro pevn\u00e9 ulo\u017een\u00ed pro m\u011b\u0159ic\u00ed, \u0159\u00eddic\u00ed a automatiza\u010dn\u00ed syst\u00e9my v pr\u016fmyslov\u00e9m odv\u011btv\u00ed. Zku\u0161ebn\u00ed nap\u011bt\u00ed: pro pr\u016fm\u011br 1,00 mm 1 kV\/50Hz a pro 1,8 mm 2kV\/50Hz Specifikace kabeluJmenovit\u00e9 nap\u011bt\u00ed: 250 V pro pr\u016fm\u011br j\u00e1dra 1,00 mm a 380 V pro [&hellip;]<\/p>\n","protected":false},"featured_media":3826,"comment_status":"open","ping_status":"open","template":"","meta":[],"product_brand":[],"product_cat":[39],"product_tag":[],"class_list":{"0":"post-3726","1":"product","2":"type-product","3":"status-publish","4":"has-post-thumbnail","6":"product_cat-elektromateri-225-l","8":"first","9":"instock","10":"sale","11":"shipping-taxable","12":"purchasable","13":"product-type-simple"},"yoast_head":"<!-- This site is optimized with the Yoast SEO plugin v26.8 - https:\/\/yoast.com\/product\/yoast-seo-wordpress\/ -->\n<title>Ovl\u00e1dac\u00ed kabel JYTY-O 4x1 pro m\u011b\u0159\u00edc\u00ed, \u0159\u00edd\u00edc\u00ed a automatiza\u010dn\u00ed syst\u00e9my, \/modr\u00fd-hn\u011bd\u00fd-\u0161ed\u00fd-\u010dern\u00fd\/ Ak\u010dn\u00ed Cena -<\/title>\n<meta name=\"robots\" content=\"index, follow, max-snippet:-1, max-image-preview:large, max-video-preview:-1\" \/>\n<link rel=\"canonical\" href=\"https:\/\/www.domtechnikpro.com\/index.php\/produkt\/ovladaci-kabel-jyty-o-4x1-pro-merici-ridici-a-automatizacni-systemy-modry-hnedy-sedy-cerny-akcni-cena-3726\/\" \/>\n<meta property=\"og:locale\" content=\"cs_CZ\" \/>\n<meta property=\"og:type\" content=\"article\" \/>\n<meta property=\"og:title\" content=\"Ovl\u00e1dac\u00ed kabel JYTY-O 4x1 pro m\u011b\u0159\u00edc\u00ed, \u0159\u00edd\u00edc\u00ed a automatiza\u010dn\u00ed syst\u00e9my, \/modr\u00fd-hn\u011bd\u00fd-\u0161ed\u00fd-\u010dern\u00fd\/ Ak\u010dn\u00ed Cena -\" \/>\n<meta property=\"og:description\" content=\"Ovl\u00e1dac\u00ed kabel JYTY-O 4&#215;1 pro m\u011b\u0159\u00edc\u00ed, \u0159\u00edd\u00edc\u00ed a automatiza\u010dn\u00ed syst\u00e9my, \/modr\u00fd-hn\u011bd\u00fd-\u0161ed\u00fd-\u010dern\u00fd\/ JYTY-O kabel 4&#215;1 je ide\u00e1ln\u00ed pro pevn\u00e9 ulo\u017een\u00ed pro m\u011b\u0159ic\u00ed, \u0159\u00eddic\u00ed a automatiza\u010dn\u00ed syst\u00e9my v pr\u016fmyslov\u00e9m odv\u011btv\u00ed. Zku\u0161ebn\u00ed nap\u011bt\u00ed: pro pr\u016fm\u011br 1,00 mm 1 kV\/50Hz a pro 1,8 mm 2kV\/50Hz Specifikace kabeluJmenovit\u00e9 nap\u011bt\u00ed: 250 V pro pr\u016fm\u011br j\u00e1dra 1,00 mm a 380 V pro [&hellip;]\" \/>\n<meta property=\"og:url\" content=\"https:\/\/www.domtechnikpro.com\/index.php\/produkt\/ovladaci-kabel-jyty-o-4x1-pro-merici-ridici-a-automatizacni-systemy-modry-hnedy-sedy-cerny-akcni-cena-3726\/\" \/>\n<meta property=\"og:image\" content=\"https:\/\/www.domtechnikpro.com\/wp-content\/uploads\/2026\/SK0001347-CZ20260425-091623-0-1777079785-ovladaci-kabel-jyty-o-4x1-pro-merici-ridici-a-automatizacni.webp\" \/>\n\t<meta property=\"og:image:width\" content=\"1000\" \/>\n\t<meta property=\"og:image:height\" content=\"525\" \/>\n\t<meta property=\"og:image:type\" content=\"image\/webp\" \/>\n<meta name=\"twitter:card\" content=\"summary_large_image\" \/>\n<meta name=\"twitter:label1\" content=\"Odhadovan\u00e1 doba \u010dten\u00ed\" \/>\n\t<meta name=\"twitter:data1\" content=\"1 minuta\" \/>\n<script type=\"application\/ld+json\" class=\"yoast-schema-graph\">{\"@context\":\"https:\/\/schema.org\",\"@graph\":[{\"@type\":\"WebPage\",\"@id\":\"https:\/\/www.domtechnikpro.com\/index.php\/produkt\/ovladaci-kabel-jyty-o-4x1-pro-merici-ridici-a-automatizacni-systemy-modry-hnedy-sedy-cerny-akcni-cena-3726\/\",\"url\":\"https:\/\/www.domtechnikpro.com\/index.php\/produkt\/ovladaci-kabel-jyty-o-4x1-pro-merici-ridici-a-automatizacni-systemy-modry-hnedy-sedy-cerny-akcni-cena-3726\/\",\"name\":\"Ovl\u00e1dac\u00ed kabel JYTY-O 4x1 pro m\u011b\u0159\u00edc\u00ed, \u0159\u00edd\u00edc\u00ed a automatiza\u010dn\u00ed syst\u00e9my, \/modr\u00fd-hn\u011bd\u00fd-\u0161ed\u00fd-\u010dern\u00fd\/ Ak\u010dn\u00ed Cena -\",\"isPartOf\":{\"@id\":\"https:\/\/www.domtechnikpro.com\/#website\"},\"primaryImageOfPage\":{\"@id\":\"https:\/\/www.domtechnikpro.com\/index.php\/produkt\/ovladaci-kabel-jyty-o-4x1-pro-merici-ridici-a-automatizacni-systemy-modry-hnedy-sedy-cerny-akcni-cena-3726\/#primaryimage\"},\"image\":{\"@id\":\"https:\/\/www.domtechnikpro.com\/index.php\/produkt\/ovladaci-kabel-jyty-o-4x1-pro-merici-ridici-a-automatizacni-systemy-modry-hnedy-sedy-cerny-akcni-cena-3726\/#primaryimage\"},\"thumbnailUrl\":\"https:\/\/www.domtechnikpro.com\/wp-content\/uploads\/2026\/SK0001347-CZ20260425-091623-0-1777079785-ovladaci-kabel-jyty-o-4x1-pro-merici-ridici-a-automatizacni.webp\",\"datePublished\":\"2026-04-26T08:52:00+00:00\",\"breadcrumb\":{\"@id\":\"https:\/\/www.domtechnikpro.com\/index.php\/produkt\/ovladaci-kabel-jyty-o-4x1-pro-merici-ridici-a-automatizacni-systemy-modry-hnedy-sedy-cerny-akcni-cena-3726\/#breadcrumb\"},\"inLanguage\":\"cs\",\"potentialAction\":[{\"@type\":\"ReadAction\",\"target\":[\"https:\/\/www.domtechnikpro.com\/index.php\/produkt\/ovladaci-kabel-jyty-o-4x1-pro-merici-ridici-a-automatizacni-systemy-modry-hnedy-sedy-cerny-akcni-cena-3726\/\"]}]},{\"@type\":\"ImageObject\",\"inLanguage\":\"cs\",\"@id\":\"https:\/\/www.domtechnikpro.com\/index.php\/produkt\/ovladaci-kabel-jyty-o-4x1-pro-merici-ridici-a-automatizacni-systemy-modry-hnedy-sedy-cerny-akcni-cena-3726\/#primaryimage\",\"url\":\"https:\/\/www.domtechnikpro.com\/wp-content\/uploads\/2026\/SK0001347-CZ20260425-091623-0-1777079785-ovladaci-kabel-jyty-o-4x1-pro-merici-ridici-a-automatizacni.webp\",\"contentUrl\":\"https:\/\/www.domtechnikpro.com\/wp-content\/uploads\/2026\/SK0001347-CZ20260425-091623-0-1777079785-ovladaci-kabel-jyty-o-4x1-pro-merici-ridici-a-automatizacni.webp\",\"width\":1000,\"height\":525},{\"@type\":\"BreadcrumbList\",\"@id\":\"https:\/\/www.domtechnikpro.com\/index.php\/produkt\/ovladaci-kabel-jyty-o-4x1-pro-merici-ridici-a-automatizacni-systemy-modry-hnedy-sedy-cerny-akcni-cena-3726\/#breadcrumb\",\"itemListElement\":[{\"@type\":\"ListItem\",\"position\":1,\"name\":\"Home\",\"item\":\"https:\/\/www.domtechnikpro.com\/\"},{\"@type\":\"ListItem\",\"position\":2,\"name\":\"Products\",\"item\":\"https:\/\/www.domtechnikpro.com\/index.php\/products\/\"},{\"@type\":\"ListItem\",\"position\":3,\"name\":\"Ovl\u00e1dac\u00ed kabel JYTY-O 4&#215;1 pro m\u011b\u0159\u00edc\u00ed, \u0159\u00edd\u00edc\u00ed a automatiza\u010dn\u00ed syst\u00e9my, \/modr\u00fd-hn\u011bd\u00fd-\u0161ed\u00fd-\u010dern\u00fd\/ Ak\u010dn\u00ed Cena\"}]},{\"@type\":\"WebSite\",\"@id\":\"https:\/\/www.domtechnikpro.com\/#website\",\"url\":\"https:\/\/www.domtechnikpro.com\/\",\"name\":\"\",\"description\":\"\",\"potentialAction\":[{\"@type\":\"SearchAction\",\"target\":{\"@type\":\"EntryPoint\",\"urlTemplate\":\"https:\/\/www.domtechnikpro.com\/?s={search_term_string}\"},\"query-input\":{\"@type\":\"PropertyValueSpecification\",\"valueRequired\":true,\"valueName\":\"search_term_string\"}}],\"inLanguage\":\"cs\"}]}<\/script>\n<!-- \/ Yoast SEO plugin. -->","yoast_head_json":{"title":"Ovl\u00e1dac\u00ed kabel JYTY-O 4x1 pro m\u011b\u0159\u00edc\u00ed, \u0159\u00edd\u00edc\u00ed a automatiza\u010dn\u00ed syst\u00e9my, \/modr\u00fd-hn\u011bd\u00fd-\u0161ed\u00fd-\u010dern\u00fd\/ Ak\u010dn\u00ed Cena -","robots":{"index":"index","follow":"follow","max-snippet":"max-snippet:-1","max-image-preview":"max-image-preview:large","max-video-preview":"max-video-preview:-1"},"canonical":"https:\/\/www.domtechnikpro.com\/index.php\/produkt\/ovladaci-kabel-jyty-o-4x1-pro-merici-ridici-a-automatizacni-systemy-modry-hnedy-sedy-cerny-akcni-cena-3726\/","og_locale":"cs_CZ","og_type":"article","og_title":"Ovl\u00e1dac\u00ed kabel JYTY-O 4x1 pro m\u011b\u0159\u00edc\u00ed, \u0159\u00edd\u00edc\u00ed a automatiza\u010dn\u00ed syst\u00e9my, \/modr\u00fd-hn\u011bd\u00fd-\u0161ed\u00fd-\u010dern\u00fd\/ Ak\u010dn\u00ed Cena -","og_description":"Ovl\u00e1dac\u00ed kabel JYTY-O 4&#215;1 pro m\u011b\u0159\u00edc\u00ed, \u0159\u00edd\u00edc\u00ed a automatiza\u010dn\u00ed syst\u00e9my, \/modr\u00fd-hn\u011bd\u00fd-\u0161ed\u00fd-\u010dern\u00fd\/ JYTY-O kabel 4&#215;1 je ide\u00e1ln\u00ed pro pevn\u00e9 ulo\u017een\u00ed pro m\u011b\u0159ic\u00ed, \u0159\u00eddic\u00ed a automatiza\u010dn\u00ed syst\u00e9my v pr\u016fmyslov\u00e9m odv\u011btv\u00ed. Zku\u0161ebn\u00ed nap\u011bt\u00ed: pro pr\u016fm\u011br 1,00 mm 1 kV\/50Hz a pro 1,8 mm 2kV\/50Hz Specifikace kabeluJmenovit\u00e9 nap\u011bt\u00ed: 250 V pro pr\u016fm\u011br j\u00e1dra 1,00 mm a 380 V pro [&hellip;]","og_url":"https:\/\/www.domtechnikpro.com\/index.php\/produkt\/ovladaci-kabel-jyty-o-4x1-pro-merici-ridici-a-automatizacni-systemy-modry-hnedy-sedy-cerny-akcni-cena-3726\/","og_image":[{"width":1000,"height":525,"url":"https:\/\/www.domtechnikpro.com\/wp-content\/uploads\/2026\/SK0001347-CZ20260425-091623-0-1777079785-ovladaci-kabel-jyty-o-4x1-pro-merici-ridici-a-automatizacni.webp","type":"image\/webp"}],"twitter_card":"summary_large_image","twitter_misc":{"Odhadovan\u00e1 doba \u010dten\u00ed":"1 minuta"},"schema":{"@context":"https:\/\/schema.org","@graph":[{"@type":"WebPage","@id":"https:\/\/www.domtechnikpro.com\/index.php\/produkt\/ovladaci-kabel-jyty-o-4x1-pro-merici-ridici-a-automatizacni-systemy-modry-hnedy-sedy-cerny-akcni-cena-3726\/","url":"https:\/\/www.domtechnikpro.com\/index.php\/produkt\/ovladaci-kabel-jyty-o-4x1-pro-merici-ridici-a-automatizacni-systemy-modry-hnedy-sedy-cerny-akcni-cena-3726\/","name":"Ovl\u00e1dac\u00ed kabel JYTY-O 4x1 pro m\u011b\u0159\u00edc\u00ed, \u0159\u00edd\u00edc\u00ed a automatiza\u010dn\u00ed syst\u00e9my, \/modr\u00fd-hn\u011bd\u00fd-\u0161ed\u00fd-\u010dern\u00fd\/ Ak\u010dn\u00ed Cena -","isPartOf":{"@id":"https:\/\/www.domtechnikpro.com\/#website"},"primaryImageOfPage":{"@id":"https:\/\/www.domtechnikpro.com\/index.php\/produkt\/ovladaci-kabel-jyty-o-4x1-pro-merici-ridici-a-automatizacni-systemy-modry-hnedy-sedy-cerny-akcni-cena-3726\/#primaryimage"},"image":{"@id":"https:\/\/www.domtechnikpro.com\/index.php\/produkt\/ovladaci-kabel-jyty-o-4x1-pro-merici-ridici-a-automatizacni-systemy-modry-hnedy-sedy-cerny-akcni-cena-3726\/#primaryimage"},"thumbnailUrl":"https:\/\/www.domtechnikpro.com\/wp-content\/uploads\/2026\/SK0001347-CZ20260425-091623-0-1777079785-ovladaci-kabel-jyty-o-4x1-pro-merici-ridici-a-automatizacni.webp","datePublished":"2026-04-26T08:52:00+00:00","breadcrumb":{"@id":"https:\/\/www.domtechnikpro.com\/index.php\/produkt\/ovladaci-kabel-jyty-o-4x1-pro-merici-ridici-a-automatizacni-systemy-modry-hnedy-sedy-cerny-akcni-cena-3726\/#breadcrumb"},"inLanguage":"cs","potentialAction":[{"@type":"ReadAction","target":["https:\/\/www.domtechnikpro.com\/index.php\/produkt\/ovladaci-kabel-jyty-o-4x1-pro-merici-ridici-a-automatizacni-systemy-modry-hnedy-sedy-cerny-akcni-cena-3726\/"]}]},{"@type":"ImageObject","inLanguage":"cs","@id":"https:\/\/www.domtechnikpro.com\/index.php\/produkt\/ovladaci-kabel-jyty-o-4x1-pro-merici-ridici-a-automatizacni-systemy-modry-hnedy-sedy-cerny-akcni-cena-3726\/#primaryimage","url":"https:\/\/www.domtechnikpro.com\/wp-content\/uploads\/2026\/SK0001347-CZ20260425-091623-0-1777079785-ovladaci-kabel-jyty-o-4x1-pro-merici-ridici-a-automatizacni.webp","contentUrl":"https:\/\/www.domtechnikpro.com\/wp-content\/uploads\/2026\/SK0001347-CZ20260425-091623-0-1777079785-ovladaci-kabel-jyty-o-4x1-pro-merici-ridici-a-automatizacni.webp","width":1000,"height":525},{"@type":"BreadcrumbList","@id":"https:\/\/www.domtechnikpro.com\/index.php\/produkt\/ovladaci-kabel-jyty-o-4x1-pro-merici-ridici-a-automatizacni-systemy-modry-hnedy-sedy-cerny-akcni-cena-3726\/#breadcrumb","itemListElement":[{"@type":"ListItem","position":1,"name":"Home","item":"https:\/\/www.domtechnikpro.com\/"},{"@type":"ListItem","position":2,"name":"Products","item":"https:\/\/www.domtechnikpro.com\/index.php\/products\/"},{"@type":"ListItem","position":3,"name":"Ovl\u00e1dac\u00ed kabel JYTY-O 4&#215;1 pro m\u011b\u0159\u00edc\u00ed, \u0159\u00edd\u00edc\u00ed a automatiza\u010dn\u00ed syst\u00e9my, \/modr\u00fd-hn\u011bd\u00fd-\u0161ed\u00fd-\u010dern\u00fd\/ Ak\u010dn\u00ed Cena"}]},{"@type":"WebSite","@id":"https:\/\/www.domtechnikpro.com\/#website","url":"https:\/\/www.domtechnikpro.com\/","name":"","description":"","potentialAction":[{"@type":"SearchAction","target":{"@type":"EntryPoint","urlTemplate":"https:\/\/www.domtechnikpro.com\/?s={search_term_string}"},"query-input":{"@type":"PropertyValueSpecification","valueRequired":true,"valueName":"search_term_string"}}],"inLanguage":"cs"}]}},"_links":{"self":[{"href":"https:\/\/www.domtechnikpro.com\/index.php\/wp-json\/wp\/v2\/product\/3726","targetHints":{"allow":["GET"]}}],"collection":[{"href":"https:\/\/www.domtechnikpro.com\/index.php\/wp-json\/wp\/v2\/product"}],"about":[{"href":"https:\/\/www.domtechnikpro.com\/index.php\/wp-json\/wp\/v2\/types\/product"}],"replies":[{"embeddable":true,"href":"https:\/\/www.domtechnikpro.com\/index.php\/wp-json\/wp\/v2\/comments?post=3726"}],"wp:featuredmedia":[{"embeddable":true,"href":"https:\/\/www.domtechnikpro.com\/index.php\/wp-json\/wp\/v2\/media\/3826"}],"wp:attachment":[{"href":"https:\/\/www.domtechnikpro.com\/index.php\/wp-json\/wp\/v2\/media?parent=3726"}],"wp:term":[{"taxonomy":"product_brand","embeddable":true,"href":"https:\/\/www.domtechnikpro.com\/index.php\/wp-json\/wp\/v2\/product_brand?post=3726"},{"taxonomy":"product_cat","embeddable":true,"href":"https:\/\/www.domtechnikpro.com\/index.php\/wp-json\/wp\/v2\/product_cat?post=3726"},{"taxonomy":"product_tag","embeddable":true,"href":"https:\/\/www.domtechnikpro.com\/index.php\/wp-json\/wp\/v2\/product_tag?post=3726"}],"curies":[{"name":"wp","href":"https:\/\/api.w.org\/{rel}","templated":true}]}}