{"id":35589,"date":"2026-04-26T08:57:49","date_gmt":"2026-04-26T08:57:49","guid":{"rendered":""},"modified":"2026-04-26T08:57:49","modified_gmt":"2026-04-26T08:57:49","slug":"znackovy-osmo-vzorek-selska-barva-2203-smrkove-zluta-35589","status":"publish","type":"product","link":"https:\/\/www.domtechnikpro.com\/index.php\/produkt\/znackovy-osmo-vzorek-selska-barva-2203-smrkove-zluta-35589\/","title":{"rendered":"Zna\u010dkov\u00fd Osmo VZOREK Selsk\u00e1 barva 2203 smrkov\u011b \u017elut\u00e1"},"content":{"rendered":"<div class=\"basic-description\">\n<h3>Detailn\u00ed popis produktu<\/h3>\n<p><span style=\"font-size: 10pt; font-family: inherit;\"><span style=\"color: #585858; line-height: 17.3999996185303px;\"><strong><span class=\"show-tooltip\" title=\"OSMO jsou n\u00e1t\u011bry na d\u0159evo, kter\u00e9 prov\u011b\u0159il \u010das, zku\u0161enost a moudrost.Jsou vyrobeny na b\u00e1zi p\u0159\u00edrodn\u00edch olej\u016f a vosk\u016f. Chr\u00e1n\u00ed d\u0159evo zevnit\u0159 i z vn\u011bj\u0161ku, nevytv\u00e1\u0159\u00ed film ale vytvo\u0159\u00ed ochrann\u00fd povrch s otev\u0159en\u00fdmi p\u00f3ry, d\u00edky kter\u00e9mu m\u016f\u017ee d\u0159evo d\u00fdchat.&amp;hellip;\">Osmo<\/span> Selsk\u00e1 barva<\/strong> se hod\u00ed pro ve\u0161ker\u00e9 d\u0159evo, kter\u00e9 je vhodn\u00e9 pro exteri\u00e9r a kde je po\u017eadov\u00e1n zvl\u00e1\u0161t\u011b tvrd\u00fd n\u00e1t\u011br. <\/span><\/span><\/p>\n<p><span style=\"font-size: 10pt; font-family: inherit;\"><span style=\"color: #585858; line-height: 17.3999996185303px;\">D\u0159ev\u011bn\u00e9 fas\u00e1dy balk\u00f3ny, okna, okenice, ploty, pergoly, d\u0159ev\u011bn\u00e9 \u0161indele, <span class=\"show-tooltip\" title=\"D\u0159evo z&amp;nbsp;Ak\u00e1tu je vhodn\u00e9 na d\u0159ev\u011bn\u00fd n\u00e1bytek a p\u00edskovi\u0161t\u011b. D\u0159evina stejn\u00e9 kategorie jako dub-trvanliv\u00e1 d\u0159evina pro exteri\u00e9r. Obsahuje velk\u00e9 mno\u017estv\u00ed kyseliny t\u0159\u00edslov\u00e9. V&amp;nbsp;exteri\u00e9ru se nedoporu\u010duje impregnovat p\u0159i pou\u017eit\u00ed olejov\u00e9ho n\u00e1t\u011bru.&amp;hellip;\">zahradn\u00ed n\u00e1bytek<\/span> a zahradn\u00ed domky, p\u0159\u00edst\u0159e\u0161ky pro auta atd. <\/span><\/span><\/p>\n<p><span style=\"font-size: 10pt; font-family: inherit;\"><span style=\"color: #585858; line-height: 17.3999996185303px;\"><strong>Osmo selsk\u00e1 barva<\/strong> je ide\u00e1ln\u00ed k obnov\u011b star\u00fdch n\u00e1t\u011br\u016f s otev\u0159en\u00fdmi p\u00f3ry a zv\u011btral\u00fdch d\u0159ev\u011bn\u00fdch ploch.\u00a0<\/span><span style=\"color: #585858; line-height: 17.3999996185303px;\">\u00a0<\/span><\/span><\/p>\n<p><span style=\"font-family: inherit;\"><strong>Selsk\u00e1 barva<\/strong> je v\u00fdrobek vhodn\u00fd na jak\u00fdkoli d\u0159ev\u011bn\u00fd produkt v\u00a0exteri\u00e9ru. Jedn\u00e1 se o n\u00e1t\u011br, kter\u00fd zaji\u0161\u0165uje, \u017ee je<strong> viditeln\u00e1 strukt\u016fra d\u0159eva<\/strong>. Pro optim\u00e1ln\u00ed v\u00fdsledek je vhodn\u00e9 nan\u00e9st <strong>2 <span class=\"show-tooltip\" title=\"P\u0159i ur\u010den\u00ed nezbytn\u00e9ho po\u010dtu vrstev a&amp;nbsp;jejich tlou\u0161\u0165ky je nutno postupovat v&amp;nbsp;souladu s&amp;nbsp;pokyny v\u00fdrobce u&amp;nbsp;jednotliv\u00fdch produkt\u016f. P\u0159\u00edli\u0161 mal\u00e9 mno\u017estv\u00ed aplikovan\u00e9 vrstvy zkracuje ochrannou lh\u016ftu, p\u0159\u00edli\u0161 velk\u00e9 mno\u017estv\u00ed m\u016f\u017ee zp\u016fsobit&amp;hellip;\">vrstvy<\/span><\/strong>, mezi kter\u00fdmi nen\u00ed t\u0159eba brousit, jen akceptovat dobu <span class=\"show-tooltip\" title=\"Impregnov\u00e1n\u00ed, lazurov\u00e1n\u00ed a&amp;nbsp;lakov\u00e1n\u00ed mus\u00ed b\u00fdt prov\u00e1d\u011bno v\u017edy ve sm\u011bru vl\u00e1ken, aby aplikovan\u00e1 vrstva pat\u0159i\u010dn\u011b pronikla do hloubky d\u0159eva. D\u016fle\u017eit\u00e9 je tak\u00e9 d\u016fkladn\u00e9 p\u0159ekryt\u00ed hran a&amp;nbsp;vrcholk\u016f d\u0159ev\u011bn\u00fdch prvk\u016f (p\u0159\u00ed\u010dn\u00e9 \u0159ezy). P\u0159i n\u00e1t\u011bru oblo\u017een\u00ed,&amp;hellip;\">schnut\u00ed<\/span> cca 10 hodin. Co se obsahu t\u00fd\u010de, jedn\u00e1 se <strong>o 72 %n\u00ed pod\u00edl su\u0161iny<\/strong> a <strong>30 %n\u00ed pigmentace<\/strong>, co\u017e znamen\u00e1, \u017ee posta\u010d\u00ed m\u00e1lo pro n\u00e1t\u011br v\u011bt\u0161\u00edch ploch s\u00a0dobr\u00fdm kryt\u00edm. Pozor si dejte p\u0159edev\u0161\u00edm na venkovn\u00ed teplotu p\u0159i aplikaci. Produkt sice neobsahuje vodu, ale v\u00a0teplot\u011b pod 5 \u00b0C nemus\u00ed b\u00fdt povrch d\u0159eva ide\u00e1ln\u00ed a p\u0159ipraven pro n\u00e1t\u011br, a pozd\u011bj\u0161\u00ed optim\u00e1ln\u00ed v\u00fdsledek. Pro p\u0159\u00edjemnou konzistenci uchov\u00e1vejte barvu v\u00a0pokojov\u00e9 teplot\u011b.<span class=\"Apple-converted-space\">\u00a0<\/span><\/span><\/p>\n<p><span style=\"font-family: inherit;\">Mezn\u00ed hodnota vlhkosti <strong>d\u0159eva je 20 %,<\/strong> pokud je procento v\u011bt\u0161\u00ed, nem\u00e1 smysl prov\u00e1d\u011bt n\u00e1t\u011br, jeliko\u017e jsou p\u00f3ry pln\u00e9 vody, oleje tud\u00ed\u017e nemaj\u00ed kam prostoupit. N\u00e1t\u011br v\u00e1m na povrchu zaschne, ale po p\u016fsoben\u00ed p\u0159\u00edrodn\u00edch vliv\u016f pravd\u011bpodobn\u011b dojde k\u00a0oloup\u00e1n\u00ed.<span class=\"Apple-converted-space\">\u00a0<\/span><\/span><\/p>\n<p><span style=\"font-family: inherit;\"><strong>Selsk\u00e1 barva neobsahuje biocidy<\/strong>, je tedy vhodn\u00e1 do interi\u00e9ru i exteri\u00e9ru. Na okna, na fas\u00e1dy, na ploty. Na v\u0161echny d\u0159ev\u011bn\u00e9, kamenn\u00e9, cihlov\u00e9 nebo pozinkovan\u00e9 prvky, kter\u00e9 proch\u00e1z\u00ed z\u00a0venku dovnit\u0159.<span class=\"Apple-converted-space\">\u00a0<\/span><\/span><\/p>\n<p><span style=\"font-family: inherit;\">Pokud se jedn\u00e1 o d\u0159eviny m\u00e9n\u011b trvanliv\u00e9 jako je t\u0159eba <strong>smrk<\/strong> je pot\u0159eba ochr\u00e1nit nejd\u0159\u00edv d\u0159evo zevnit\u0159 <strong>impregnac\u00ed<\/strong>, proto\u017ee ono samo o sob\u011b \u017e\u00e1dn\u00e9 ochrann\u00e9 l\u00e1tky neobsahuje. Kdy\u017e zvol\u00edte <strong>mod\u0159\u00edn, dub a jin\u00e9 tvrd\u00e9 d\u0159eviny<\/strong>, nen\u00ed <span class=\"show-tooltip\" title=\"Nasycen\u00ed d\u0159eva \u00fa\u010dinn\u00fdmi l\u00e1tkami, kter\u00e9 zvy\u0161uj\u00ed odolnost proti ru\u0161iv\u00fdm vliv\u016fm a organism\u016fm. Impregnaci lze naj\u00edt v t\u00e9to kategorii - ImpregnacePRO\u010c IMPREGNOVAT ?D\u0159evo je p\u0159\u00edrodn\u00ed materi\u00e1l. Neo\u0161et\u0159en\u00e9 d\u0159evo \u010dasem podl\u00e9h\u00e1 zk\u00e1ze, nej\u010dast\u011bji b\u00fdv\u00e1&amp;hellip;\">impregnace<\/span> tak d\u016fle\u017eit\u00e1. Op\u011bt dbejte na obsah biocid\u016f, pokud impregnujete d\u0159evo v\u00a0interi\u00e9ru.<\/span><\/p>\n<p><span style=\"font-family: inherit;\">Aplikace selsk\u00e9 barvy je mo\u017en\u00e1 <strong>\u0161t\u011btcem i v\u00e1le\u010dkem.<span class=\"Apple-converted-space\">\u00a0<\/span><\/strong><\/span><span style=\"color: #585858; line-height: 17.3999996185303px; font-size: 16px;\"><br \/><span style=\"font-size: 10pt;\">\u00a0<\/span><\/span><br style=\"color: #585858; font-family: Arial, Helvetica, sans-serif; font-size: 12px; line-height: 17.3999996185303px;\" \/><span style=\"font-size: 10pt; font-family: inherit;\"> <strong>V\u00fdhody:<\/p>\n<p> *\u00a0<\/strong><span style=\"color: #585858; line-height: 17.3999996185303px;\">Struktura d\u0159eva z\u016fstane rozeznateln\u00e1;<\/span><\/span><br style=\"color: #585858; font-family: Arial, Helvetica, sans-serif; font-size: 12px; line-height: 17.3999996185303px;\" \/><span style=\"font-size: 10pt; font-family: inherit;\"><span style=\"color: #585858; line-height: 17.3999996185303px;\"> * V\u0161echny barevn\u00e9 <span class=\"show-tooltip\" title=\"odst\u00edny n\u00e1t\u011br\u016f d\u0159eva\u00a0Obecn\u011b plat\u00ed\u00a0\u2013 \u010d\u00edm sv\u011btlej\u0161\u00ed odst\u00edn fin\u00e1ln\u00ed \u00fapravy d\u0159eva zvol\u00edte, t\u00edm krat\u0161\u00ed bude \u017eivotnost nat\u00edran\u00e9ho povrchu. D\u016fvodem je minim\u00e1ln\u00ed obsah pigmentu ve sv\u011btl\u00fdch lazur\u00e1ch, kter\u00e9 d\u0159evo chr\u00e1n\u00ed p\u0159ed ze\u0161ednut\u00edm a \u010dern\u00e1n\u00edm.Velmi&amp;hellip;\">odst\u00edny<\/span> lze vz\u00e1jemn\u011b m\u00edchat;<\/span><\/span><br style=\"color: #585858; font-family: Arial, Helvetica, sans-serif; font-size: 12px; line-height: 17.3999996185303px;\" \/><span style=\"font-size: 10pt; font-family: inherit;\"><span style=\"color: #585858; line-height: 17.3999996185303px;\"> * Selsk\u00e1 barva je odoln\u00e1 v\u016f\u010di pov\u011btrnostn\u00edm vliv\u016fm a robusn\u00ed v\u016f\u010di mal\u00e9mu po\u0161tozen\u00ed;<\/span><\/span><br style=\"color: #585858; font-family: Arial, Helvetica, sans-serif; font-size: 12px; line-height: 17.3999996185303px;\" \/><span style=\"font-size: 10pt; font-family: inherit;\"><span style=\"color: #585858; line-height: 17.3999996185303px;\"> * Odoln\u00e1 v\u016f\u010di potu a slin\u00e1m, i pro d\u011btsk\u00e9 hra\u010dky zcela zdravotn\u011b nez\u00e1vadn\u00e1<\/span><\/span><br style=\"color: #585858; font-family: Arial, Helvetica, sans-serif; font-size: 12px; line-height: 17.3999996185303px;\" \/> <br style=\"color: #585858; font-family: Arial, Helvetica, sans-serif; font-size: 12px; line-height: 17.3999996185303px;\" \/><span style=\"font-size: 10pt; font-family: inherit;\"><span style=\"color: #585858; line-height: 17.3999996185303px;\"> <strong>N\u00e1vod na pou\u017eit\u00ed:<\/strong><br \/> * hotov\u00fd povrch za 2dny, 2 n\u00e1t\u011bry<\/span><\/span><\/p>\n<ol style=\"margin-bottom: 15px; color: #585858; font-family: Arial, Helvetica, sans-serif; font-size: 12px; line-height: 17.3999996185303px;\">\n<li><span style=\"font-size: 10pt; font-family: inherit;\">Prvn\u00ed n\u00e1t\u011br tence na surov\u00e9 (zv\u011btral\u00e9) d\u0159evo cca 35ml\/m<sup>2.<\/sup>\u00a0<\/span><\/li>\n<li><span style=\"font-size: 10pt; font-family: inherit;\">Chyby v n\u00e1t\u011bru lze opravit a\u017e do 15 minut od 1. n\u00e1nosu v je\u0161t\u011b mokr\u00e9 plo\u0161e.<\/span><\/li>\n<li><span style=\"font-size: 10pt; font-family: inherit;\">Schnut\u00ed cca 10 -12 hodin (p\u0159i norm\u00e1ln\u00edm klima cca 23<sup>0<\/sup>C \/ relativn\u00ed vlhkost vzduchu cca 50%). P\u0159i ni\u017e\u0161\u00edch teplot\u00e1ch nebo vy\u0161\u0161\u00ed \u0159elativn\u00ed vlhkosti vzduchu se doba schnut\u00ed prodlu\u017euje. Nechte schnout p\u0159i dostate\u010dn\u00e9m v\u011btr\u00e1n\u00ed.<\/span><\/li>\n<li><span style=\"font-size: 10pt; font-family: inherit;\">Druh\u00fd n\u00e1t\u011br cca 35ml\/m<sup>2.\u00a0<\/sup>( V p\u0159\u00edpad\u011b renovace sta\u010d\u00ed zpravidla 1 n\u00e1t\u011br na o\u010di\u0161t\u011bn\u00fd povrch)<\/span><\/li>\n<li><span style=\"font-size: 10pt; font-family: inherit;\">Schnut\u00ed cca 12 hodin. Podm\u00ednky viz. bod \u010d. 3.<\/span><\/li>\n<\/ol>\n<p><span style=\"font-size: 10pt;\"><strong><\/strong><\/span><\/p>\n<p><span style=\"font-size: 10pt;\"><strong>N\u00c1VOD K POU\u017dIT\u00cd<\/strong><\/span><\/p>\n<\/p><\/div>\n","protected":false},"excerpt":{"rendered":"<p>Detailn\u00ed popis produktu Osmo Selsk\u00e1 barva se hod\u00ed pro ve\u0161ker\u00e9 d\u0159evo, kter\u00e9 je vhodn\u00e9 pro exteri\u00e9r a kde je po\u017eadov\u00e1n zvl\u00e1\u0161t\u011b tvrd\u00fd n\u00e1t\u011br. D\u0159ev\u011bn\u00e9 fas\u00e1dy balk\u00f3ny, okna, okenice, ploty, pergoly, d\u0159ev\u011bn\u00e9 \u0161indele, zahradn\u00ed n\u00e1bytek a zahradn\u00ed domky, p\u0159\u00edst\u0159e\u0161ky pro auta atd. Osmo selsk\u00e1 barva je ide\u00e1ln\u00ed k obnov\u011b star\u00fdch n\u00e1t\u011br\u016f s otev\u0159en\u00fdmi p\u00f3ry a zv\u011btral\u00fdch [&hellip;]<\/p>\n","protected":false},"featured_media":35689,"comment_status":"open","ping_status":"open","template":"","meta":[],"product_brand":[],"product_cat":[129],"product_tag":[],"class_list":{"0":"post-35589","1":"product","2":"type-product","3":"status-publish","4":"has-post-thumbnail","6":"product_cat-vyrobci","8":"first","9":"instock","10":"sale","11":"shipping-taxable","12":"purchasable","13":"product-type-simple"},"yoast_head":"<!-- This site is optimized with the Yoast SEO plugin v26.8 - https:\/\/yoast.com\/product\/yoast-seo-wordpress\/ -->\n<title>Zna\u010dkov\u00fd Osmo VZOREK Selsk\u00e1 barva 2203 smrkov\u011b \u017elut\u00e1 -<\/title>\n<meta name=\"robots\" content=\"index, follow, max-snippet:-1, max-image-preview:large, max-video-preview:-1\" \/>\n<link rel=\"canonical\" href=\"https:\/\/www.domtechnikpro.com\/index.php\/produkt\/znackovy-osmo-vzorek-selska-barva-2203-smrkove-zluta-35589\/\" \/>\n<meta property=\"og:locale\" content=\"cs_CZ\" \/>\n<meta property=\"og:type\" content=\"article\" \/>\n<meta property=\"og:title\" content=\"Zna\u010dkov\u00fd Osmo VZOREK Selsk\u00e1 barva 2203 smrkov\u011b \u017elut\u00e1 -\" \/>\n<meta property=\"og:description\" content=\"Detailn\u00ed popis produktu Osmo Selsk\u00e1 barva se hod\u00ed pro ve\u0161ker\u00e9 d\u0159evo, kter\u00e9 je vhodn\u00e9 pro exteri\u00e9r a kde je po\u017eadov\u00e1n zvl\u00e1\u0161t\u011b tvrd\u00fd n\u00e1t\u011br. D\u0159ev\u011bn\u00e9 fas\u00e1dy balk\u00f3ny, okna, okenice, ploty, pergoly, d\u0159ev\u011bn\u00e9 \u0161indele, zahradn\u00ed n\u00e1bytek a zahradn\u00ed domky, p\u0159\u00edst\u0159e\u0161ky pro auta atd. Osmo selsk\u00e1 barva je ide\u00e1ln\u00ed k obnov\u011b star\u00fdch n\u00e1t\u011br\u016f s otev\u0159en\u00fdmi p\u00f3ry a zv\u011btral\u00fdch [&hellip;]\" \/>\n<meta property=\"og:url\" content=\"https:\/\/www.domtechnikpro.com\/index.php\/produkt\/znackovy-osmo-vzorek-selska-barva-2203-smrkove-zluta-35589\/\" \/>\n<meta property=\"og:image\" content=\"https:\/\/www.domtechnikpro.com\/wp-content\/uploads\/2026\/SK0002064-CZ20260425-092420-0-1777080261-3178431_osmo-vzorek-selska-barva-2203-smrkove-zluta.webp\" \/>\n\t<meta property=\"og:image:width\" content=\"1000\" \/>\n\t<meta property=\"og:image:height\" content=\"750\" \/>\n\t<meta property=\"og:image:type\" content=\"image\/webp\" \/>\n<meta name=\"twitter:card\" content=\"summary_large_image\" \/>\n<meta name=\"twitter:label1\" content=\"Odhadovan\u00e1 doba \u010dten\u00ed\" \/>\n\t<meta name=\"twitter:data1\" content=\"3 minuty\" \/>\n<script type=\"application\/ld+json\" class=\"yoast-schema-graph\">{\"@context\":\"https:\/\/schema.org\",\"@graph\":[{\"@type\":\"WebPage\",\"@id\":\"https:\/\/www.domtechnikpro.com\/index.php\/produkt\/znackovy-osmo-vzorek-selska-barva-2203-smrkove-zluta-35589\/\",\"url\":\"https:\/\/www.domtechnikpro.com\/index.php\/produkt\/znackovy-osmo-vzorek-selska-barva-2203-smrkove-zluta-35589\/\",\"name\":\"Zna\u010dkov\u00fd Osmo VZOREK Selsk\u00e1 barva 2203 smrkov\u011b \u017elut\u00e1 -\",\"isPartOf\":{\"@id\":\"https:\/\/www.domtechnikpro.com\/#website\"},\"primaryImageOfPage\":{\"@id\":\"https:\/\/www.domtechnikpro.com\/index.php\/produkt\/znackovy-osmo-vzorek-selska-barva-2203-smrkove-zluta-35589\/#primaryimage\"},\"image\":{\"@id\":\"https:\/\/www.domtechnikpro.com\/index.php\/produkt\/znackovy-osmo-vzorek-selska-barva-2203-smrkove-zluta-35589\/#primaryimage\"},\"thumbnailUrl\":\"https:\/\/www.domtechnikpro.com\/wp-content\/uploads\/2026\/SK0002064-CZ20260425-092420-0-1777080261-3178431_osmo-vzorek-selska-barva-2203-smrkove-zluta.webp\",\"datePublished\":\"2026-04-26T08:57:49+00:00\",\"breadcrumb\":{\"@id\":\"https:\/\/www.domtechnikpro.com\/index.php\/produkt\/znackovy-osmo-vzorek-selska-barva-2203-smrkove-zluta-35589\/#breadcrumb\"},\"inLanguage\":\"cs\",\"potentialAction\":[{\"@type\":\"ReadAction\",\"target\":[\"https:\/\/www.domtechnikpro.com\/index.php\/produkt\/znackovy-osmo-vzorek-selska-barva-2203-smrkove-zluta-35589\/\"]}]},{\"@type\":\"ImageObject\",\"inLanguage\":\"cs\",\"@id\":\"https:\/\/www.domtechnikpro.com\/index.php\/produkt\/znackovy-osmo-vzorek-selska-barva-2203-smrkove-zluta-35589\/#primaryimage\",\"url\":\"https:\/\/www.domtechnikpro.com\/wp-content\/uploads\/2026\/SK0002064-CZ20260425-092420-0-1777080261-3178431_osmo-vzorek-selska-barva-2203-smrkove-zluta.webp\",\"contentUrl\":\"https:\/\/www.domtechnikpro.com\/wp-content\/uploads\/2026\/SK0002064-CZ20260425-092420-0-1777080261-3178431_osmo-vzorek-selska-barva-2203-smrkove-zluta.webp\",\"width\":1000,\"height\":750},{\"@type\":\"BreadcrumbList\",\"@id\":\"https:\/\/www.domtechnikpro.com\/index.php\/produkt\/znackovy-osmo-vzorek-selska-barva-2203-smrkove-zluta-35589\/#breadcrumb\",\"itemListElement\":[{\"@type\":\"ListItem\",\"position\":1,\"name\":\"Home\",\"item\":\"https:\/\/www.domtechnikpro.com\/\"},{\"@type\":\"ListItem\",\"position\":2,\"name\":\"Products\",\"item\":\"https:\/\/www.domtechnikpro.com\/index.php\/products\/\"},{\"@type\":\"ListItem\",\"position\":3,\"name\":\"Zna\u010dkov\u00fd Osmo VZOREK Selsk\u00e1 barva 2203 smrkov\u011b \u017elut\u00e1\"}]},{\"@type\":\"WebSite\",\"@id\":\"https:\/\/www.domtechnikpro.com\/#website\",\"url\":\"https:\/\/www.domtechnikpro.com\/\",\"name\":\"\",\"description\":\"\",\"potentialAction\":[{\"@type\":\"SearchAction\",\"target\":{\"@type\":\"EntryPoint\",\"urlTemplate\":\"https:\/\/www.domtechnikpro.com\/?s={search_term_string}\"},\"query-input\":{\"@type\":\"PropertyValueSpecification\",\"valueRequired\":true,\"valueName\":\"search_term_string\"}}],\"inLanguage\":\"cs\"}]}<\/script>\n<!-- \/ Yoast SEO plugin. -->","yoast_head_json":{"title":"Zna\u010dkov\u00fd Osmo VZOREK Selsk\u00e1 barva 2203 smrkov\u011b \u017elut\u00e1 -","robots":{"index":"index","follow":"follow","max-snippet":"max-snippet:-1","max-image-preview":"max-image-preview:large","max-video-preview":"max-video-preview:-1"},"canonical":"https:\/\/www.domtechnikpro.com\/index.php\/produkt\/znackovy-osmo-vzorek-selska-barva-2203-smrkove-zluta-35589\/","og_locale":"cs_CZ","og_type":"article","og_title":"Zna\u010dkov\u00fd Osmo VZOREK Selsk\u00e1 barva 2203 smrkov\u011b \u017elut\u00e1 -","og_description":"Detailn\u00ed popis produktu Osmo Selsk\u00e1 barva se hod\u00ed pro ve\u0161ker\u00e9 d\u0159evo, kter\u00e9 je vhodn\u00e9 pro exteri\u00e9r a kde je po\u017eadov\u00e1n zvl\u00e1\u0161t\u011b tvrd\u00fd n\u00e1t\u011br. D\u0159ev\u011bn\u00e9 fas\u00e1dy balk\u00f3ny, okna, okenice, ploty, pergoly, d\u0159ev\u011bn\u00e9 \u0161indele, zahradn\u00ed n\u00e1bytek a zahradn\u00ed domky, p\u0159\u00edst\u0159e\u0161ky pro auta atd. Osmo selsk\u00e1 barva je ide\u00e1ln\u00ed k obnov\u011b star\u00fdch n\u00e1t\u011br\u016f s otev\u0159en\u00fdmi p\u00f3ry a zv\u011btral\u00fdch [&hellip;]","og_url":"https:\/\/www.domtechnikpro.com\/index.php\/produkt\/znackovy-osmo-vzorek-selska-barva-2203-smrkove-zluta-35589\/","og_image":[{"width":1000,"height":750,"url":"https:\/\/www.domtechnikpro.com\/wp-content\/uploads\/2026\/SK0002064-CZ20260425-092420-0-1777080261-3178431_osmo-vzorek-selska-barva-2203-smrkove-zluta.webp","type":"image\/webp"}],"twitter_card":"summary_large_image","twitter_misc":{"Odhadovan\u00e1 doba \u010dten\u00ed":"3 minuty"},"schema":{"@context":"https:\/\/schema.org","@graph":[{"@type":"WebPage","@id":"https:\/\/www.domtechnikpro.com\/index.php\/produkt\/znackovy-osmo-vzorek-selska-barva-2203-smrkove-zluta-35589\/","url":"https:\/\/www.domtechnikpro.com\/index.php\/produkt\/znackovy-osmo-vzorek-selska-barva-2203-smrkove-zluta-35589\/","name":"Zna\u010dkov\u00fd Osmo VZOREK Selsk\u00e1 barva 2203 smrkov\u011b \u017elut\u00e1 -","isPartOf":{"@id":"https:\/\/www.domtechnikpro.com\/#website"},"primaryImageOfPage":{"@id":"https:\/\/www.domtechnikpro.com\/index.php\/produkt\/znackovy-osmo-vzorek-selska-barva-2203-smrkove-zluta-35589\/#primaryimage"},"image":{"@id":"https:\/\/www.domtechnikpro.com\/index.php\/produkt\/znackovy-osmo-vzorek-selska-barva-2203-smrkove-zluta-35589\/#primaryimage"},"thumbnailUrl":"https:\/\/www.domtechnikpro.com\/wp-content\/uploads\/2026\/SK0002064-CZ20260425-092420-0-1777080261-3178431_osmo-vzorek-selska-barva-2203-smrkove-zluta.webp","datePublished":"2026-04-26T08:57:49+00:00","breadcrumb":{"@id":"https:\/\/www.domtechnikpro.com\/index.php\/produkt\/znackovy-osmo-vzorek-selska-barva-2203-smrkove-zluta-35589\/#breadcrumb"},"inLanguage":"cs","potentialAction":[{"@type":"ReadAction","target":["https:\/\/www.domtechnikpro.com\/index.php\/produkt\/znackovy-osmo-vzorek-selska-barva-2203-smrkove-zluta-35589\/"]}]},{"@type":"ImageObject","inLanguage":"cs","@id":"https:\/\/www.domtechnikpro.com\/index.php\/produkt\/znackovy-osmo-vzorek-selska-barva-2203-smrkove-zluta-35589\/#primaryimage","url":"https:\/\/www.domtechnikpro.com\/wp-content\/uploads\/2026\/SK0002064-CZ20260425-092420-0-1777080261-3178431_osmo-vzorek-selska-barva-2203-smrkove-zluta.webp","contentUrl":"https:\/\/www.domtechnikpro.com\/wp-content\/uploads\/2026\/SK0002064-CZ20260425-092420-0-1777080261-3178431_osmo-vzorek-selska-barva-2203-smrkove-zluta.webp","width":1000,"height":750},{"@type":"BreadcrumbList","@id":"https:\/\/www.domtechnikpro.com\/index.php\/produkt\/znackovy-osmo-vzorek-selska-barva-2203-smrkove-zluta-35589\/#breadcrumb","itemListElement":[{"@type":"ListItem","position":1,"name":"Home","item":"https:\/\/www.domtechnikpro.com\/"},{"@type":"ListItem","position":2,"name":"Products","item":"https:\/\/www.domtechnikpro.com\/index.php\/products\/"},{"@type":"ListItem","position":3,"name":"Zna\u010dkov\u00fd Osmo VZOREK Selsk\u00e1 barva 2203 smrkov\u011b \u017elut\u00e1"}]},{"@type":"WebSite","@id":"https:\/\/www.domtechnikpro.com\/#website","url":"https:\/\/www.domtechnikpro.com\/","name":"","description":"","potentialAction":[{"@type":"SearchAction","target":{"@type":"EntryPoint","urlTemplate":"https:\/\/www.domtechnikpro.com\/?s={search_term_string}"},"query-input":{"@type":"PropertyValueSpecification","valueRequired":true,"valueName":"search_term_string"}}],"inLanguage":"cs"}]}},"_links":{"self":[{"href":"https:\/\/www.domtechnikpro.com\/index.php\/wp-json\/wp\/v2\/product\/35589","targetHints":{"allow":["GET"]}}],"collection":[{"href":"https:\/\/www.domtechnikpro.com\/index.php\/wp-json\/wp\/v2\/product"}],"about":[{"href":"https:\/\/www.domtechnikpro.com\/index.php\/wp-json\/wp\/v2\/types\/product"}],"replies":[{"embeddable":true,"href":"https:\/\/www.domtechnikpro.com\/index.php\/wp-json\/wp\/v2\/comments?post=35589"}],"wp:featuredmedia":[{"embeddable":true,"href":"https:\/\/www.domtechnikpro.com\/index.php\/wp-json\/wp\/v2\/media\/35689"}],"wp:attachment":[{"href":"https:\/\/www.domtechnikpro.com\/index.php\/wp-json\/wp\/v2\/media?parent=35589"}],"wp:term":[{"taxonomy":"product_brand","embeddable":true,"href":"https:\/\/www.domtechnikpro.com\/index.php\/wp-json\/wp\/v2\/product_brand?post=35589"},{"taxonomy":"product_cat","embeddable":true,"href":"https:\/\/www.domtechnikpro.com\/index.php\/wp-json\/wp\/v2\/product_cat?post=35589"},{"taxonomy":"product_tag","embeddable":true,"href":"https:\/\/www.domtechnikpro.com\/index.php\/wp-json\/wp\/v2\/product_tag?post=35589"}],"curies":[{"name":"wp","href":"https:\/\/api.w.org\/{rel}","templated":true}]}}