{"id":32905,"date":"2026-04-26T08:57:18","date_gmt":"2026-04-26T08:57:18","guid":{"rendered":""},"modified":"2026-04-26T08:57:18","modified_gmt":"2026-04-26T08:57:18","slug":"znackovy-primalex-vrchni-barva-lesk-32905","status":"publish","type":"product","link":"https:\/\/www.domtechnikpro.com\/produkt\/znackovy-primalex-vrchni-barva-lesk-32905\/","title":{"rendered":"Zna\u010dkov\u00fd Primalex Vrchn\u00ed Barva Lesk"},"content":{"rendered":"<div class=\"basic-description\">\n<h3>Detailn\u00ed popis produktu<\/h3>\n<p>                                    Primalex Vrchn\u00ed Barva Leskl\u00e1<br \/>spolu se snadnou aplikovatelnost\u00ed a dostupnost\u00ed v \u0161irok\u00e9 \u0161k\u00e1le odst\u00edn\u016f (vych\u00e1zej\u00edc\u00ed \u010cSN) nab\u00edz\u00ed univerz\u00e1ln\u00ed pou\u017eit\u00ed v exteri\u00e9rech i interi\u00e9rech.<\/p>\n<p>Primalex Vrchn\u00ed Barva Leskl\u00e1<br \/>je vhodn\u00e1 k vrchn\u00edm n\u00e1t\u011br\u016fm d\u0159eva a kovu ve vnit\u0159n\u00edm i venkovn\u00edm prost\u0159ed\u00ed, nap\u0159. ploty, okapy, dve\u0159e, z\u00e1rubn\u011b a oblo\u017een\u00ed, drobn\u00e9 pr\u016fmyslov\u00e9 p\u0159edm\u011bty, \u010di konstru\u010dn\u00ed prvky apod. Barva nen\u00ed ur\u010dena k n\u00e1t\u011br\u016fm, kter\u00e9 p\u0159ich\u00e1zej\u00ed do p\u0159\u00edm\u00e9ho styku s potravinami, krmivy a pitnou vodou ani k n\u00e1t\u011br\u016fm d\u011btsk\u00e9ho n\u00e1bytku a hra\u010dek.<\/p>\n<p>Technick\u00e9 parametry.<br \/>Vydatnost v jedn\u00e9 vrstv\u011b:<br \/>15  m2\/ L, dle odst\u00ednu, zp\u016fsobu nan\u00e1\u0161en\u00ed a kvality povrchu<br \/>Doporu\u010dujeme aplikaci ve dvou vrstv\u00e1ch.<\/p>\n<p>Doba schnut\u00ed p\u0159i T 23 \u00b0C:<br \/>zaschnut\u00ed proti prachu, 4,5 hod.<br \/>p\u0159et\u00edratelnost, 10,5 hod.<br \/>\u00fapln\u00e9 zaschnut\u00ed, 24 hod.<\/p>\n<p>Kone\u010dn\u00fd vzhled n\u00e1t\u011bru:<br \/>leskl\u00fd<\/p>\n<p>\u0158ed\u011bn\u00ed:<br \/>p\u0159ipravena k okam\u017eit\u00e9mu pou\u017eit\u00ed (bez \u0159ed\u011bn\u00ed)<br \/>pro myt\u00ed pom\u016fcek a \u00fakap\u016f S6006 a S6001<\/p>\n<p>Balen\u00ed:<br \/>0,75 L, 5 L, 10 L                            <\/div>\n<div class=\"extended-description\">\n<h3>Dopl\u0148kov\u00e9 parametry<\/h3>\n<table class=\"detail-parameters\">\n<tbody>\n<tr>\n<th>        <span class=\"row-header-label\">            Kategorie<span class=\"row-header-label-colon\">:<\/span>        <\/span>    <\/th>\n<td>        Barva na plech hlin\u00edk pozink    <\/td>\n<\/tr>\n<\/tbody>\n<\/table><\/div>\n<\/p><\/div>\n<\/p><\/div>\n","protected":false},"excerpt":{"rendered":"<p>Detailn\u00ed popis produktu Primalex Vrchn\u00ed Barva Leskl\u00e1spolu se snadnou aplikovatelnost\u00ed a dostupnost\u00ed v \u0161irok\u00e9 \u0161k\u00e1le odst\u00edn\u016f (vych\u00e1zej\u00edc\u00ed \u010cSN) nab\u00edz\u00ed univerz\u00e1ln\u00ed pou\u017eit\u00ed v exteri\u00e9rech i interi\u00e9rech. Primalex Vrchn\u00ed Barva Leskl\u00e1je vhodn\u00e1 k vrchn\u00edm n\u00e1t\u011br\u016fm d\u0159eva a kovu ve vnit\u0159n\u00edm i venkovn\u00edm prost\u0159ed\u00ed, nap\u0159. ploty, okapy, dve\u0159e, z\u00e1rubn\u011b a oblo\u017een\u00ed, drobn\u00e9 pr\u016fmyslov\u00e9 p\u0159edm\u011bty, \u010di konstru\u010dn\u00ed prvky apod. [&hellip;]<\/p>\n","protected":false},"featured_media":33005,"comment_status":"open","ping_status":"open","template":"","meta":[],"product_brand":[],"product_cat":[122],"product_tag":[],"class_list":{"0":"post-32905","1":"product","2":"type-product","3":"status-publish","4":"has-post-thumbnail","6":"product_cat-barvy-laky-lazury","8":"first","9":"instock","10":"sale","11":"shipping-taxable","12":"purchasable","13":"product-type-simple"},"yoast_head":"<!-- This site is optimized with the Yoast SEO plugin v26.8 - https:\/\/yoast.com\/product\/yoast-seo-wordpress\/ -->\n<title>Zna\u010dkov\u00fd Primalex Vrchn\u00ed Barva Lesk - Pr\u016fmyslov\u00e9 vybaven\u00ed a p\u0159\u00edslu\u0161enstv\u00ed<\/title>\n<meta name=\"robots\" content=\"index, follow, max-snippet:-1, max-image-preview:large, max-video-preview:-1\" \/>\n<link rel=\"canonical\" href=\"https:\/\/www.domtechnikpro.com\/index.php\/produkt\/znackovy-primalex-vrchni-barva-lesk-32905\/\" \/>\n<meta property=\"og:locale\" content=\"cs_CZ\" \/>\n<meta property=\"og:type\" content=\"article\" \/>\n<meta property=\"og:title\" content=\"Zna\u010dkov\u00fd Primalex Vrchn\u00ed Barva Lesk - Pr\u016fmyslov\u00e9 vybaven\u00ed a p\u0159\u00edslu\u0161enstv\u00ed\" \/>\n<meta property=\"og:description\" content=\"Detailn\u00ed popis produktu Primalex Vrchn\u00ed Barva Leskl\u00e1spolu se snadnou aplikovatelnost\u00ed a dostupnost\u00ed v \u0161irok\u00e9 \u0161k\u00e1le odst\u00edn\u016f (vych\u00e1zej\u00edc\u00ed \u010cSN) nab\u00edz\u00ed univerz\u00e1ln\u00ed pou\u017eit\u00ed v exteri\u00e9rech i interi\u00e9rech. Primalex Vrchn\u00ed Barva Leskl\u00e1je vhodn\u00e1 k vrchn\u00edm n\u00e1t\u011br\u016fm d\u0159eva a kovu ve vnit\u0159n\u00edm i venkovn\u00edm prost\u0159ed\u00ed, nap\u0159. ploty, okapy, dve\u0159e, z\u00e1rubn\u011b a oblo\u017een\u00ed, drobn\u00e9 pr\u016fmyslov\u00e9 p\u0159edm\u011bty, \u010di konstru\u010dn\u00ed prvky apod. [&hellip;]\" \/>\n<meta property=\"og:url\" content=\"https:\/\/www.domtechnikpro.com\/index.php\/produkt\/znackovy-primalex-vrchni-barva-lesk-32905\/\" \/>\n<meta property=\"og:site_name\" content=\"Pr\u016fmyslov\u00e9 vybaven\u00ed a p\u0159\u00edslu\u0161enstv\u00ed\" \/>\n<meta property=\"og:image\" content=\"https:\/\/www.domtechnikpro.com\/wp-content\/uploads\/2026\/SK0001451-CZ20260425-092355-0-1777080235-27083_primalex-vrchni-lesk.webp\" \/>\n\t<meta property=\"og:image:width\" content=\"1000\" \/>\n\t<meta property=\"og:image:height\" content=\"750\" \/>\n\t<meta property=\"og:image:type\" content=\"image\/webp\" \/>\n<meta name=\"twitter:card\" content=\"summary_large_image\" \/>\n<meta name=\"twitter:label1\" content=\"Odhadovan\u00e1 doba \u010dten\u00ed\" \/>\n\t<meta name=\"twitter:data1\" content=\"1 minuta\" \/>\n<script type=\"application\/ld+json\" class=\"yoast-schema-graph\">{\"@context\":\"https:\/\/schema.org\",\"@graph\":[{\"@type\":\"WebPage\",\"@id\":\"https:\/\/www.domtechnikpro.com\/index.php\/produkt\/znackovy-primalex-vrchni-barva-lesk-32905\/\",\"url\":\"https:\/\/www.domtechnikpro.com\/index.php\/produkt\/znackovy-primalex-vrchni-barva-lesk-32905\/\",\"name\":\"Zna\u010dkov\u00fd Primalex Vrchn\u00ed Barva Lesk - Pr\u016fmyslov\u00e9 vybaven\u00ed a p\u0159\u00edslu\u0161enstv\u00ed\",\"isPartOf\":{\"@id\":\"https:\/\/www.domtechnikpro.com\/#website\"},\"primaryImageOfPage\":{\"@id\":\"https:\/\/www.domtechnikpro.com\/index.php\/produkt\/znackovy-primalex-vrchni-barva-lesk-32905\/#primaryimage\"},\"image\":{\"@id\":\"https:\/\/www.domtechnikpro.com\/index.php\/produkt\/znackovy-primalex-vrchni-barva-lesk-32905\/#primaryimage\"},\"thumbnailUrl\":\"https:\/\/www.domtechnikpro.com\/wp-content\/uploads\/2026\/SK0001451-CZ20260425-092355-0-1777080235-27083_primalex-vrchni-lesk.webp\",\"datePublished\":\"2026-04-26T08:57:18+00:00\",\"breadcrumb\":{\"@id\":\"https:\/\/www.domtechnikpro.com\/index.php\/produkt\/znackovy-primalex-vrchni-barva-lesk-32905\/#breadcrumb\"},\"inLanguage\":\"cs\",\"potentialAction\":[{\"@type\":\"ReadAction\",\"target\":[\"https:\/\/www.domtechnikpro.com\/index.php\/produkt\/znackovy-primalex-vrchni-barva-lesk-32905\/\"]}]},{\"@type\":\"ImageObject\",\"inLanguage\":\"cs\",\"@id\":\"https:\/\/www.domtechnikpro.com\/index.php\/produkt\/znackovy-primalex-vrchni-barva-lesk-32905\/#primaryimage\",\"url\":\"https:\/\/www.domtechnikpro.com\/wp-content\/uploads\/2026\/SK0001451-CZ20260425-092355-0-1777080235-27083_primalex-vrchni-lesk.webp\",\"contentUrl\":\"https:\/\/www.domtechnikpro.com\/wp-content\/uploads\/2026\/SK0001451-CZ20260425-092355-0-1777080235-27083_primalex-vrchni-lesk.webp\",\"width\":1000,\"height\":750},{\"@type\":\"BreadcrumbList\",\"@id\":\"https:\/\/www.domtechnikpro.com\/index.php\/produkt\/znackovy-primalex-vrchni-barva-lesk-32905\/#breadcrumb\",\"itemListElement\":[{\"@type\":\"ListItem\",\"position\":1,\"name\":\"Home\",\"item\":\"https:\/\/www.domtechnikpro.com\/\"},{\"@type\":\"ListItem\",\"position\":2,\"name\":\"Products\",\"item\":\"https:\/\/www.domtechnikpro.com\/products\/\"},{\"@type\":\"ListItem\",\"position\":3,\"name\":\"Zna\u010dkov\u00fd Primalex Vrchn\u00ed Barva Lesk\"}]},{\"@type\":\"WebSite\",\"@id\":\"https:\/\/www.domtechnikpro.com\/#website\",\"url\":\"https:\/\/www.domtechnikpro.com\/\",\"name\":\"Pr\u016fmyslov\u00e9 vybaven\u00ed a p\u0159\u00edslu\u0161enstv\u00ed\",\"description\":\"Pr\u016fmyslov\u00e9 vybaven\u00ed a p\u0159\u00edslu\u0161enstv\u00ed\",\"publisher\":{\"@id\":\"https:\/\/www.domtechnikpro.com\/#organization\"},\"potentialAction\":[{\"@type\":\"SearchAction\",\"target\":{\"@type\":\"EntryPoint\",\"urlTemplate\":\"https:\/\/www.domtechnikpro.com\/?s={search_term_string}\"},\"query-input\":{\"@type\":\"PropertyValueSpecification\",\"valueRequired\":true,\"valueName\":\"search_term_string\"}}],\"inLanguage\":\"cs\"},{\"@type\":\"Organization\",\"@id\":\"https:\/\/www.domtechnikpro.com\/#organization\",\"name\":\"Pr\u016fmyslov\u00e9 vybaven\u00ed a p\u0159\u00edslu\u0161enstv\u00ed\",\"url\":\"https:\/\/www.domtechnikpro.com\/\",\"logo\":{\"@type\":\"ImageObject\",\"inLanguage\":\"cs\",\"@id\":\"https:\/\/www.domtechnikpro.com\/#\/schema\/logo\/image\/\",\"url\":\"https:\/\/www.domtechnikpro.com\/wp-content\/uploads\/2026\/04\/domtechnikpro_logo_full.svg\",\"contentUrl\":\"https:\/\/www.domtechnikpro.com\/wp-content\/uploads\/2026\/04\/domtechnikpro_logo_full.svg\",\"width\":920,\"height\":180,\"caption\":\"Pr\u016fmyslov\u00e9 vybaven\u00ed a p\u0159\u00edslu\u0161enstv\u00ed\"},\"image\":{\"@id\":\"https:\/\/www.domtechnikpro.com\/#\/schema\/logo\/image\/\"}}]}<\/script>\n<!-- \/ Yoast SEO plugin. -->","yoast_head_json":{"title":"Zna\u010dkov\u00fd Primalex Vrchn\u00ed Barva Lesk - Pr\u016fmyslov\u00e9 vybaven\u00ed a p\u0159\u00edslu\u0161enstv\u00ed","robots":{"index":"index","follow":"follow","max-snippet":"max-snippet:-1","max-image-preview":"max-image-preview:large","max-video-preview":"max-video-preview:-1"},"canonical":"https:\/\/www.domtechnikpro.com\/index.php\/produkt\/znackovy-primalex-vrchni-barva-lesk-32905\/","og_locale":"cs_CZ","og_type":"article","og_title":"Zna\u010dkov\u00fd Primalex Vrchn\u00ed Barva Lesk - Pr\u016fmyslov\u00e9 vybaven\u00ed a p\u0159\u00edslu\u0161enstv\u00ed","og_description":"Detailn\u00ed popis produktu Primalex Vrchn\u00ed Barva Leskl\u00e1spolu se snadnou aplikovatelnost\u00ed a dostupnost\u00ed v \u0161irok\u00e9 \u0161k\u00e1le odst\u00edn\u016f (vych\u00e1zej\u00edc\u00ed \u010cSN) nab\u00edz\u00ed univerz\u00e1ln\u00ed pou\u017eit\u00ed v exteri\u00e9rech i interi\u00e9rech. Primalex Vrchn\u00ed Barva Leskl\u00e1je vhodn\u00e1 k vrchn\u00edm n\u00e1t\u011br\u016fm d\u0159eva a kovu ve vnit\u0159n\u00edm i venkovn\u00edm prost\u0159ed\u00ed, nap\u0159. ploty, okapy, dve\u0159e, z\u00e1rubn\u011b a oblo\u017een\u00ed, drobn\u00e9 pr\u016fmyslov\u00e9 p\u0159edm\u011bty, \u010di konstru\u010dn\u00ed prvky apod. [&hellip;]","og_url":"https:\/\/www.domtechnikpro.com\/index.php\/produkt\/znackovy-primalex-vrchni-barva-lesk-32905\/","og_site_name":"Pr\u016fmyslov\u00e9 vybaven\u00ed a p\u0159\u00edslu\u0161enstv\u00ed","og_image":[{"width":1000,"height":750,"url":"https:\/\/www.domtechnikpro.com\/wp-content\/uploads\/2026\/SK0001451-CZ20260425-092355-0-1777080235-27083_primalex-vrchni-lesk.webp","type":"image\/webp"}],"twitter_card":"summary_large_image","twitter_misc":{"Odhadovan\u00e1 doba \u010dten\u00ed":"1 minuta"},"schema":{"@context":"https:\/\/schema.org","@graph":[{"@type":"WebPage","@id":"https:\/\/www.domtechnikpro.com\/index.php\/produkt\/znackovy-primalex-vrchni-barva-lesk-32905\/","url":"https:\/\/www.domtechnikpro.com\/index.php\/produkt\/znackovy-primalex-vrchni-barva-lesk-32905\/","name":"Zna\u010dkov\u00fd Primalex Vrchn\u00ed Barva Lesk - Pr\u016fmyslov\u00e9 vybaven\u00ed a p\u0159\u00edslu\u0161enstv\u00ed","isPartOf":{"@id":"https:\/\/www.domtechnikpro.com\/#website"},"primaryImageOfPage":{"@id":"https:\/\/www.domtechnikpro.com\/index.php\/produkt\/znackovy-primalex-vrchni-barva-lesk-32905\/#primaryimage"},"image":{"@id":"https:\/\/www.domtechnikpro.com\/index.php\/produkt\/znackovy-primalex-vrchni-barva-lesk-32905\/#primaryimage"},"thumbnailUrl":"https:\/\/www.domtechnikpro.com\/wp-content\/uploads\/2026\/SK0001451-CZ20260425-092355-0-1777080235-27083_primalex-vrchni-lesk.webp","datePublished":"2026-04-26T08:57:18+00:00","breadcrumb":{"@id":"https:\/\/www.domtechnikpro.com\/index.php\/produkt\/znackovy-primalex-vrchni-barva-lesk-32905\/#breadcrumb"},"inLanguage":"cs","potentialAction":[{"@type":"ReadAction","target":["https:\/\/www.domtechnikpro.com\/index.php\/produkt\/znackovy-primalex-vrchni-barva-lesk-32905\/"]}]},{"@type":"ImageObject","inLanguage":"cs","@id":"https:\/\/www.domtechnikpro.com\/index.php\/produkt\/znackovy-primalex-vrchni-barva-lesk-32905\/#primaryimage","url":"https:\/\/www.domtechnikpro.com\/wp-content\/uploads\/2026\/SK0001451-CZ20260425-092355-0-1777080235-27083_primalex-vrchni-lesk.webp","contentUrl":"https:\/\/www.domtechnikpro.com\/wp-content\/uploads\/2026\/SK0001451-CZ20260425-092355-0-1777080235-27083_primalex-vrchni-lesk.webp","width":1000,"height":750},{"@type":"BreadcrumbList","@id":"https:\/\/www.domtechnikpro.com\/index.php\/produkt\/znackovy-primalex-vrchni-barva-lesk-32905\/#breadcrumb","itemListElement":[{"@type":"ListItem","position":1,"name":"Home","item":"https:\/\/www.domtechnikpro.com\/"},{"@type":"ListItem","position":2,"name":"Products","item":"https:\/\/www.domtechnikpro.com\/products\/"},{"@type":"ListItem","position":3,"name":"Zna\u010dkov\u00fd Primalex Vrchn\u00ed Barva Lesk"}]},{"@type":"WebSite","@id":"https:\/\/www.domtechnikpro.com\/#website","url":"https:\/\/www.domtechnikpro.com\/","name":"Pr\u016fmyslov\u00e9 vybaven\u00ed a p\u0159\u00edslu\u0161enstv\u00ed","description":"Pr\u016fmyslov\u00e9 vybaven\u00ed a p\u0159\u00edslu\u0161enstv\u00ed","publisher":{"@id":"https:\/\/www.domtechnikpro.com\/#organization"},"potentialAction":[{"@type":"SearchAction","target":{"@type":"EntryPoint","urlTemplate":"https:\/\/www.domtechnikpro.com\/?s={search_term_string}"},"query-input":{"@type":"PropertyValueSpecification","valueRequired":true,"valueName":"search_term_string"}}],"inLanguage":"cs"},{"@type":"Organization","@id":"https:\/\/www.domtechnikpro.com\/#organization","name":"Pr\u016fmyslov\u00e9 vybaven\u00ed a p\u0159\u00edslu\u0161enstv\u00ed","url":"https:\/\/www.domtechnikpro.com\/","logo":{"@type":"ImageObject","inLanguage":"cs","@id":"https:\/\/www.domtechnikpro.com\/#\/schema\/logo\/image\/","url":"https:\/\/www.domtechnikpro.com\/wp-content\/uploads\/2026\/04\/domtechnikpro_logo_full.svg","contentUrl":"https:\/\/www.domtechnikpro.com\/wp-content\/uploads\/2026\/04\/domtechnikpro_logo_full.svg","width":920,"height":180,"caption":"Pr\u016fmyslov\u00e9 vybaven\u00ed a p\u0159\u00edslu\u0161enstv\u00ed"},"image":{"@id":"https:\/\/www.domtechnikpro.com\/#\/schema\/logo\/image\/"}}]}},"_links":{"self":[{"href":"https:\/\/www.domtechnikpro.com\/wp-json\/wp\/v2\/product\/32905","targetHints":{"allow":["GET"]}}],"collection":[{"href":"https:\/\/www.domtechnikpro.com\/wp-json\/wp\/v2\/product"}],"about":[{"href":"https:\/\/www.domtechnikpro.com\/wp-json\/wp\/v2\/types\/product"}],"replies":[{"embeddable":true,"href":"https:\/\/www.domtechnikpro.com\/wp-json\/wp\/v2\/comments?post=32905"}],"wp:featuredmedia":[{"embeddable":true,"href":"https:\/\/www.domtechnikpro.com\/wp-json\/wp\/v2\/media\/33005"}],"wp:attachment":[{"href":"https:\/\/www.domtechnikpro.com\/wp-json\/wp\/v2\/media?parent=32905"}],"wp:term":[{"taxonomy":"product_brand","embeddable":true,"href":"https:\/\/www.domtechnikpro.com\/wp-json\/wp\/v2\/product_brand?post=32905"},{"taxonomy":"product_cat","embeddable":true,"href":"https:\/\/www.domtechnikpro.com\/wp-json\/wp\/v2\/product_cat?post=32905"},{"taxonomy":"product_tag","embeddable":true,"href":"https:\/\/www.domtechnikpro.com\/wp-json\/wp\/v2\/product_tag?post=32905"}],"curies":[{"name":"wp","href":"https:\/\/api.w.org\/{rel}","templated":true}]}}