{"id":31741,"date":"2026-04-26T08:57:02","date_gmt":"2026-04-26T08:57:02","guid":{"rendered":""},"modified":"2026-04-26T08:57:02","modified_gmt":"2026-04-26T08:57:02","slug":"plastovy-kufrik-s-vyjimatelnymi-krabickami-europlus-flex-37-13-457201-casove-omezene-31741","status":"publish","type":"product","link":"https:\/\/www.domtechnikpro.com\/index.php\/produkt\/plastovy-kufrik-s-vyjimatelnymi-krabickami-europlus-flex-37-13-457201-casove-omezene-31741\/","title":{"rendered":"Plastov\u00fd kuf\u0159\u00edk s vyj\u00edmateln\u00fdmi krabi\u010dkami EuroPlus Flex 37\/13 457201 \u010casov\u011b Omezen\u00e9"},"content":{"rendered":"<table>\n<div class=\"tab-pane active product-description\" id=\"popis\" role=\"tabpanel\">\n<div class=\"short-description\" itemprop=\"description\"><\/div>\n<div class=\"description\">\n<p>\u25ba Sortiment krabic s odn\u00edmateln\u00fdmi vlo\u017ekami<span class=\"bullet-line\">Sortiment krabic s odn\u00edmateln\u00fdmi vlo\u017ekami<\/span><br \/><span class=\"bullet-line\">Flexibiln\u00ed a univerz\u00e1ln\u00ed sortimentov\u00e9 krabi\u010dky s &#8222;p\u00ed\u0161\u0165alkou&#8220;.&nbsp;<\/span><br \/><span class=\"bullet-line\">Protiskluzov\u00fd stohovateln\u00fd na sebe s rozumn\u011b dimenzovan\u00fdmi jednotliv\u00fdmi vlo\u017ekami.<\/span><br \/><span class=\"bullet-line\">Pr\u016fhledn\u00e9 v\u00edko se stabiln\u00edm zaklapnut\u00edm<\/span><br \/><span class=\"bullet-line\">Bezpe\u010dn\u00e9 t\u0159\u00edd\u011bn\u00ed: vyj\u00edmateln\u00e9 vlo\u017eky jsou pevn\u011b uzav\u0159eny pr\u016fhledn\u00fdm v\u00edkem<\/span><br \/><span class=\"bullet-line\">Mo\u017enost individu\u00e1ln\u00edho ozna\u010dov\u00e1n\u00ed \u0161t\u00edtkem na rukojeti<\/span><br \/><span class=\"bullet-line\">Vlo\u017eka se 3 p\u0159ihr\u00e1dkami pro \u0161roubov\u00e1k, skl\u00e1dac\u00ed metr atd.<\/span><br \/><span class=\"bullet-line\">Vhodn\u00e9 pro EuroPlus Depot 37<\/span><\/p>\n<\/div>\n<div class=\"parameters\">\n<tr>\n<td>Vn\u011bj\u0161\u00ed rozm\u011bry<\/td>\n<td>370x295x55<\/td>\n<\/tr>\n<tr>\n<td>Barva<\/td>\n<td>\u010dern\u00e1, pr\u016fhledn\u00e1<\/td>\n<\/tr>\n<tr>\n<td>Materi\u00e1l<\/td>\n<td>Polypropylen \/ polystyren<\/td>\n<\/tr>\n<tr>\n<td>V\u00fdrobek<\/td>\n<td>Sortiment krabic s odn\u00edmateln\u00fdmi vlo\u017ekami<\/td>\n<\/tr>\n<tr>\n<td>\u010c.zbo\u017e\u00ed.<\/td>\n<td>457201<\/td>\n<\/tr>\n<tr>\n<td>EAN<\/td>\n<td>4005187572018<\/td>\n<\/tr><\/div>\n<\/table>\n","protected":false},"excerpt":{"rendered":"<p>\u25ba Sortiment krabic s odn\u00edmateln\u00fdmi vlo\u017ekamiSortiment krabic s odn\u00edmateln\u00fdmi vlo\u017ekamiFlexibiln\u00ed a univerz\u00e1ln\u00ed sortimentov\u00e9 krabi\u010dky s &#8222;p\u00ed\u0161\u0165alkou&#8220;.&nbsp;Protiskluzov\u00fd stohovateln\u00fd na sebe s rozumn\u011b dimenzovan\u00fdmi jednotliv\u00fdmi vlo\u017ekami.Pr\u016fhledn\u00e9 v\u00edko se stabiln\u00edm zaklapnut\u00edmBezpe\u010dn\u00e9 t\u0159\u00edd\u011bn\u00ed: vyj\u00edmateln\u00e9 vlo\u017eky jsou pevn\u011b uzav\u0159eny pr\u016fhledn\u00fdm v\u00edkemMo\u017enost individu\u00e1ln\u00edho ozna\u010dov\u00e1n\u00ed \u0161t\u00edtkem na rukojetiVlo\u017eka se 3 p\u0159ihr\u00e1dkami pro \u0161roubov\u00e1k, skl\u00e1dac\u00ed metr atd.Vhodn\u00e9 pro EuroPlus Depot 37 Vn\u011bj\u0161\u00ed rozm\u011bry [&hellip;]<\/p>\n","protected":false},"featured_media":31841,"comment_status":"open","ping_status":"open","template":"","meta":[],"product_brand":[],"product_cat":[113],"product_tag":[],"class_list":{"0":"post-31741","1":"product","2":"type-product","3":"status-publish","4":"has-post-thumbnail","6":"product_cat-dilna","8":"first","9":"instock","10":"sale","11":"shipping-taxable","12":"purchasable","13":"product-type-simple"},"yoast_head":"<!-- This site is optimized with the Yoast SEO plugin v26.8 - https:\/\/yoast.com\/product\/yoast-seo-wordpress\/ -->\n<title>Plastov\u00fd kuf\u0159\u00edk s vyj\u00edmateln\u00fdmi krabi\u010dkami EuroPlus Flex 37\/13 457201 \u010casov\u011b Omezen\u00e9 -<\/title>\n<meta name=\"robots\" content=\"index, follow, max-snippet:-1, max-image-preview:large, max-video-preview:-1\" \/>\n<link rel=\"canonical\" href=\"https:\/\/www.domtechnikpro.com\/index.php\/produkt\/plastovy-kufrik-s-vyjimatelnymi-krabickami-europlus-flex-37-13-457201-casove-omezene-31741\/\" \/>\n<meta property=\"og:locale\" content=\"cs_CZ\" \/>\n<meta property=\"og:type\" content=\"article\" \/>\n<meta property=\"og:title\" content=\"Plastov\u00fd kuf\u0159\u00edk s vyj\u00edmateln\u00fdmi krabi\u010dkami EuroPlus Flex 37\/13 457201 \u010casov\u011b Omezen\u00e9 -\" \/>\n<meta property=\"og:description\" content=\"\u25ba Sortiment krabic s odn\u00edmateln\u00fdmi vlo\u017ekamiSortiment krabic s odn\u00edmateln\u00fdmi vlo\u017ekamiFlexibiln\u00ed a univerz\u00e1ln\u00ed sortimentov\u00e9 krabi\u010dky s &#8222;p\u00ed\u0161\u0165alkou&#8220;.&nbsp;Protiskluzov\u00fd stohovateln\u00fd na sebe s rozumn\u011b dimenzovan\u00fdmi jednotliv\u00fdmi vlo\u017ekami.Pr\u016fhledn\u00e9 v\u00edko se stabiln\u00edm zaklapnut\u00edmBezpe\u010dn\u00e9 t\u0159\u00edd\u011bn\u00ed: vyj\u00edmateln\u00e9 vlo\u017eky jsou pevn\u011b uzav\u0159eny pr\u016fhledn\u00fdm v\u00edkemMo\u017enost individu\u00e1ln\u00edho ozna\u010dov\u00e1n\u00ed \u0161t\u00edtkem na rukojetiVlo\u017eka se 3 p\u0159ihr\u00e1dkami pro \u0161roubov\u00e1k, skl\u00e1dac\u00ed metr atd.Vhodn\u00e9 pro EuroPlus Depot 37 Vn\u011bj\u0161\u00ed rozm\u011bry [&hellip;]\" \/>\n<meta property=\"og:url\" content=\"https:\/\/www.domtechnikpro.com\/index.php\/produkt\/plastovy-kufrik-s-vyjimatelnymi-krabickami-europlus-flex-37-13-457201-casove-omezene-31741\/\" \/>\n<meta property=\"og:image\" content=\"https:\/\/www.domtechnikpro.com\/wp-content\/uploads\/2026\/SK0002150-CZ20260425-092328-0-1777080210-safff.webp\" \/>\n\t<meta property=\"og:image:width\" content=\"486\" \/>\n\t<meta property=\"og:image:height\" content=\"493\" \/>\n\t<meta property=\"og:image:type\" content=\"image\/webp\" \/>\n<meta name=\"twitter:card\" content=\"summary_large_image\" \/>\n<meta name=\"twitter:label1\" content=\"Odhadovan\u00e1 doba \u010dten\u00ed\" \/>\n\t<meta name=\"twitter:data1\" content=\"1 minuta\" \/>\n<script type=\"application\/ld+json\" class=\"yoast-schema-graph\">{\"@context\":\"https:\/\/schema.org\",\"@graph\":[{\"@type\":\"WebPage\",\"@id\":\"https:\/\/www.domtechnikpro.com\/index.php\/produkt\/plastovy-kufrik-s-vyjimatelnymi-krabickami-europlus-flex-37-13-457201-casove-omezene-31741\/\",\"url\":\"https:\/\/www.domtechnikpro.com\/index.php\/produkt\/plastovy-kufrik-s-vyjimatelnymi-krabickami-europlus-flex-37-13-457201-casove-omezene-31741\/\",\"name\":\"Plastov\u00fd kuf\u0159\u00edk s vyj\u00edmateln\u00fdmi krabi\u010dkami EuroPlus Flex 37\/13 457201 \u010casov\u011b Omezen\u00e9 -\",\"isPartOf\":{\"@id\":\"https:\/\/www.domtechnikpro.com\/#website\"},\"primaryImageOfPage\":{\"@id\":\"https:\/\/www.domtechnikpro.com\/index.php\/produkt\/plastovy-kufrik-s-vyjimatelnymi-krabickami-europlus-flex-37-13-457201-casove-omezene-31741\/#primaryimage\"},\"image\":{\"@id\":\"https:\/\/www.domtechnikpro.com\/index.php\/produkt\/plastovy-kufrik-s-vyjimatelnymi-krabickami-europlus-flex-37-13-457201-casove-omezene-31741\/#primaryimage\"},\"thumbnailUrl\":\"https:\/\/www.domtechnikpro.com\/wp-content\/uploads\/2026\/SK0002150-CZ20260425-092328-0-1777080210-safff.webp\",\"datePublished\":\"2026-04-26T08:57:02+00:00\",\"breadcrumb\":{\"@id\":\"https:\/\/www.domtechnikpro.com\/index.php\/produkt\/plastovy-kufrik-s-vyjimatelnymi-krabickami-europlus-flex-37-13-457201-casove-omezene-31741\/#breadcrumb\"},\"inLanguage\":\"cs\",\"potentialAction\":[{\"@type\":\"ReadAction\",\"target\":[\"https:\/\/www.domtechnikpro.com\/index.php\/produkt\/plastovy-kufrik-s-vyjimatelnymi-krabickami-europlus-flex-37-13-457201-casove-omezene-31741\/\"]}]},{\"@type\":\"ImageObject\",\"inLanguage\":\"cs\",\"@id\":\"https:\/\/www.domtechnikpro.com\/index.php\/produkt\/plastovy-kufrik-s-vyjimatelnymi-krabickami-europlus-flex-37-13-457201-casove-omezene-31741\/#primaryimage\",\"url\":\"https:\/\/www.domtechnikpro.com\/wp-content\/uploads\/2026\/SK0002150-CZ20260425-092328-0-1777080210-safff.webp\",\"contentUrl\":\"https:\/\/www.domtechnikpro.com\/wp-content\/uploads\/2026\/SK0002150-CZ20260425-092328-0-1777080210-safff.webp\",\"width\":486,\"height\":493},{\"@type\":\"BreadcrumbList\",\"@id\":\"https:\/\/www.domtechnikpro.com\/index.php\/produkt\/plastovy-kufrik-s-vyjimatelnymi-krabickami-europlus-flex-37-13-457201-casove-omezene-31741\/#breadcrumb\",\"itemListElement\":[{\"@type\":\"ListItem\",\"position\":1,\"name\":\"Home\",\"item\":\"https:\/\/www.domtechnikpro.com\/\"},{\"@type\":\"ListItem\",\"position\":2,\"name\":\"Products\",\"item\":\"https:\/\/www.domtechnikpro.com\/index.php\/products\/\"},{\"@type\":\"ListItem\",\"position\":3,\"name\":\"Plastov\u00fd kuf\u0159\u00edk s vyj\u00edmateln\u00fdmi krabi\u010dkami EuroPlus Flex 37\/13 457201 \u010casov\u011b Omezen\u00e9\"}]},{\"@type\":\"WebSite\",\"@id\":\"https:\/\/www.domtechnikpro.com\/#website\",\"url\":\"https:\/\/www.domtechnikpro.com\/\",\"name\":\"\",\"description\":\"\",\"potentialAction\":[{\"@type\":\"SearchAction\",\"target\":{\"@type\":\"EntryPoint\",\"urlTemplate\":\"https:\/\/www.domtechnikpro.com\/?s={search_term_string}\"},\"query-input\":{\"@type\":\"PropertyValueSpecification\",\"valueRequired\":true,\"valueName\":\"search_term_string\"}}],\"inLanguage\":\"cs\"}]}<\/script>\n<!-- \/ Yoast SEO plugin. -->","yoast_head_json":{"title":"Plastov\u00fd kuf\u0159\u00edk s vyj\u00edmateln\u00fdmi krabi\u010dkami EuroPlus Flex 37\/13 457201 \u010casov\u011b Omezen\u00e9 -","robots":{"index":"index","follow":"follow","max-snippet":"max-snippet:-1","max-image-preview":"max-image-preview:large","max-video-preview":"max-video-preview:-1"},"canonical":"https:\/\/www.domtechnikpro.com\/index.php\/produkt\/plastovy-kufrik-s-vyjimatelnymi-krabickami-europlus-flex-37-13-457201-casove-omezene-31741\/","og_locale":"cs_CZ","og_type":"article","og_title":"Plastov\u00fd kuf\u0159\u00edk s vyj\u00edmateln\u00fdmi krabi\u010dkami EuroPlus Flex 37\/13 457201 \u010casov\u011b Omezen\u00e9 -","og_description":"\u25ba Sortiment krabic s odn\u00edmateln\u00fdmi vlo\u017ekamiSortiment krabic s odn\u00edmateln\u00fdmi vlo\u017ekamiFlexibiln\u00ed a univerz\u00e1ln\u00ed sortimentov\u00e9 krabi\u010dky s &#8222;p\u00ed\u0161\u0165alkou&#8220;.&nbsp;Protiskluzov\u00fd stohovateln\u00fd na sebe s rozumn\u011b dimenzovan\u00fdmi jednotliv\u00fdmi vlo\u017ekami.Pr\u016fhledn\u00e9 v\u00edko se stabiln\u00edm zaklapnut\u00edmBezpe\u010dn\u00e9 t\u0159\u00edd\u011bn\u00ed: vyj\u00edmateln\u00e9 vlo\u017eky jsou pevn\u011b uzav\u0159eny pr\u016fhledn\u00fdm v\u00edkemMo\u017enost individu\u00e1ln\u00edho ozna\u010dov\u00e1n\u00ed \u0161t\u00edtkem na rukojetiVlo\u017eka se 3 p\u0159ihr\u00e1dkami pro \u0161roubov\u00e1k, skl\u00e1dac\u00ed metr atd.Vhodn\u00e9 pro EuroPlus Depot 37 Vn\u011bj\u0161\u00ed rozm\u011bry [&hellip;]","og_url":"https:\/\/www.domtechnikpro.com\/index.php\/produkt\/plastovy-kufrik-s-vyjimatelnymi-krabickami-europlus-flex-37-13-457201-casove-omezene-31741\/","og_image":[{"width":486,"height":493,"url":"https:\/\/www.domtechnikpro.com\/wp-content\/uploads\/2026\/SK0002150-CZ20260425-092328-0-1777080210-safff.webp","type":"image\/webp"}],"twitter_card":"summary_large_image","twitter_misc":{"Odhadovan\u00e1 doba \u010dten\u00ed":"1 minuta"},"schema":{"@context":"https:\/\/schema.org","@graph":[{"@type":"WebPage","@id":"https:\/\/www.domtechnikpro.com\/index.php\/produkt\/plastovy-kufrik-s-vyjimatelnymi-krabickami-europlus-flex-37-13-457201-casove-omezene-31741\/","url":"https:\/\/www.domtechnikpro.com\/index.php\/produkt\/plastovy-kufrik-s-vyjimatelnymi-krabickami-europlus-flex-37-13-457201-casove-omezene-31741\/","name":"Plastov\u00fd kuf\u0159\u00edk s vyj\u00edmateln\u00fdmi krabi\u010dkami EuroPlus Flex 37\/13 457201 \u010casov\u011b Omezen\u00e9 -","isPartOf":{"@id":"https:\/\/www.domtechnikpro.com\/#website"},"primaryImageOfPage":{"@id":"https:\/\/www.domtechnikpro.com\/index.php\/produkt\/plastovy-kufrik-s-vyjimatelnymi-krabickami-europlus-flex-37-13-457201-casove-omezene-31741\/#primaryimage"},"image":{"@id":"https:\/\/www.domtechnikpro.com\/index.php\/produkt\/plastovy-kufrik-s-vyjimatelnymi-krabickami-europlus-flex-37-13-457201-casove-omezene-31741\/#primaryimage"},"thumbnailUrl":"https:\/\/www.domtechnikpro.com\/wp-content\/uploads\/2026\/SK0002150-CZ20260425-092328-0-1777080210-safff.webp","datePublished":"2026-04-26T08:57:02+00:00","breadcrumb":{"@id":"https:\/\/www.domtechnikpro.com\/index.php\/produkt\/plastovy-kufrik-s-vyjimatelnymi-krabickami-europlus-flex-37-13-457201-casove-omezene-31741\/#breadcrumb"},"inLanguage":"cs","potentialAction":[{"@type":"ReadAction","target":["https:\/\/www.domtechnikpro.com\/index.php\/produkt\/plastovy-kufrik-s-vyjimatelnymi-krabickami-europlus-flex-37-13-457201-casove-omezene-31741\/"]}]},{"@type":"ImageObject","inLanguage":"cs","@id":"https:\/\/www.domtechnikpro.com\/index.php\/produkt\/plastovy-kufrik-s-vyjimatelnymi-krabickami-europlus-flex-37-13-457201-casove-omezene-31741\/#primaryimage","url":"https:\/\/www.domtechnikpro.com\/wp-content\/uploads\/2026\/SK0002150-CZ20260425-092328-0-1777080210-safff.webp","contentUrl":"https:\/\/www.domtechnikpro.com\/wp-content\/uploads\/2026\/SK0002150-CZ20260425-092328-0-1777080210-safff.webp","width":486,"height":493},{"@type":"BreadcrumbList","@id":"https:\/\/www.domtechnikpro.com\/index.php\/produkt\/plastovy-kufrik-s-vyjimatelnymi-krabickami-europlus-flex-37-13-457201-casove-omezene-31741\/#breadcrumb","itemListElement":[{"@type":"ListItem","position":1,"name":"Home","item":"https:\/\/www.domtechnikpro.com\/"},{"@type":"ListItem","position":2,"name":"Products","item":"https:\/\/www.domtechnikpro.com\/index.php\/products\/"},{"@type":"ListItem","position":3,"name":"Plastov\u00fd kuf\u0159\u00edk s vyj\u00edmateln\u00fdmi krabi\u010dkami EuroPlus Flex 37\/13 457201 \u010casov\u011b Omezen\u00e9"}]},{"@type":"WebSite","@id":"https:\/\/www.domtechnikpro.com\/#website","url":"https:\/\/www.domtechnikpro.com\/","name":"","description":"","potentialAction":[{"@type":"SearchAction","target":{"@type":"EntryPoint","urlTemplate":"https:\/\/www.domtechnikpro.com\/?s={search_term_string}"},"query-input":{"@type":"PropertyValueSpecification","valueRequired":true,"valueName":"search_term_string"}}],"inLanguage":"cs"}]}},"_links":{"self":[{"href":"https:\/\/www.domtechnikpro.com\/index.php\/wp-json\/wp\/v2\/product\/31741","targetHints":{"allow":["GET"]}}],"collection":[{"href":"https:\/\/www.domtechnikpro.com\/index.php\/wp-json\/wp\/v2\/product"}],"about":[{"href":"https:\/\/www.domtechnikpro.com\/index.php\/wp-json\/wp\/v2\/types\/product"}],"replies":[{"embeddable":true,"href":"https:\/\/www.domtechnikpro.com\/index.php\/wp-json\/wp\/v2\/comments?post=31741"}],"wp:featuredmedia":[{"embeddable":true,"href":"https:\/\/www.domtechnikpro.com\/index.php\/wp-json\/wp\/v2\/media\/31841"}],"wp:attachment":[{"href":"https:\/\/www.domtechnikpro.com\/index.php\/wp-json\/wp\/v2\/media?parent=31741"}],"wp:term":[{"taxonomy":"product_brand","embeddable":true,"href":"https:\/\/www.domtechnikpro.com\/index.php\/wp-json\/wp\/v2\/product_brand?post=31741"},{"taxonomy":"product_cat","embeddable":true,"href":"https:\/\/www.domtechnikpro.com\/index.php\/wp-json\/wp\/v2\/product_cat?post=31741"},{"taxonomy":"product_tag","embeddable":true,"href":"https:\/\/www.domtechnikpro.com\/index.php\/wp-json\/wp\/v2\/product_tag?post=31741"}],"curies":[{"name":"wp","href":"https:\/\/api.w.org\/{rel}","templated":true}]}}