{"id":30107,"date":"2026-04-26T08:56:43","date_gmt":"2026-04-26T08:56:43","guid":{"rendered":""},"modified":"2026-04-26T08:56:43","modified_gmt":"2026-04-26T08:56:43","slug":"polykar-glas-primo-od-vyrobce-30107","status":"publish","type":"product","link":"https:\/\/www.domtechnikpro.com\/index.php\/produkt\/polykar-glas-primo-od-vyrobce-30107\/","title":{"rendered":"PolyKar Glas P\u0159\u00edmo Od V\u00fdrobce"},"content":{"rendered":"<div class=\"row\">\n<div class=\"col-sm-12 shp-tabs-row responsive-nav\">\n<div class=\"shp-tabs-holder\">\n<ul id=\"p-detail-tabs\" class=\"shp-tabs p-detail-tabs visible-links\" role=\"tablist\">\n<li class=\"shp-tab active\" data-testid=\"tabDescription\">                Popis            <\/li>\n<\/ul>\n<\/div><\/div>\n<div class=\"col-sm-12 \">\n<div id=\"tab-content\" class=\"tab-content\">\n<div id=\"description\" class=\"tab-pane fade in active wide-tab\" role=\"tabpanel\">\n<div class=\"description-inner\">\n<div class=\"basic-description\">                                                        PolyKar Glas Tmel se nesm\u00ed pou\u017e\u00edvat na tmelen\u00ed m\u00edst, kter\u00e1 p\u0159ich\u00e1zej\u00ed do p\u0159\u00edm\u00e9ho styku s potravinami a pitnou vodou.  Aplikace: Povrch je nutn\u00e9 zbavit rzi a obrousit brusn\u00fdm pap\u00edrem P80. Povrch mus\u00ed b\u00fdt \u010dist\u00fd, such\u00fd, bez prachu a mastnoty. Pro maxim\u00e1ln\u00ed antikorozn\u00ed ochranu pou\u017eijte nejprve epoxidov\u00fd nebo polyuretanov\u00fd z\u00e1klad. Tmel neaplikujte na reaktivn\u00ed, jednoslo\u017ekov\u00e9 a nitrocelul\u00f3zov\u00e9 z\u00e1klady. Nan\u00e1\u0161\u00ed se st\u011brkou.  Tu\u017een\u00ed: Tmel se tu\u017e\u00ed tvrdidlem (PE-inici\u00e1tor, dibenzoylperoxid, \u010derven\u00e1 pasta v tub\u011b) v hmotnostn\u00edm pom\u011bru 100:2 &#8211; 100 d\u00edl\u016f tmelu : 2 d\u00edl\u016fm tvrdidla \u2013 doporu\u010den\u00fd pom\u011br pro teplotu 23\u00b0C.  Doba zpracovatelnosti: Tmel je nutn\u00e9 p\u0159i teplot\u011b 23\u00b0C a pom\u011bru tu\u017een\u00ed 100:2 zpracovat do 5 minut po sm\u00edch\u00e1n\u00ed s tvrdidlem. P\u0159i teplot\u00e1ch ni\u017e\u0161\u00edch ne\u017e 23\u00b0C (minim\u00e1ln\u011b 17\u00b0C) se doba zpracovatelnosti prodlu\u017euje, p\u0159i teplot\u00e1ch vy\u0161\u0161\u00edch se zkracuje. \u00dapravou pom\u011bru tu\u017een\u00ed lze z\u010d\u00e1sti eliminovat vliv teploty na dobu zpracovatelnosti.  Pom\u011br tu\u017een\u00ed: nejm\u00e9n\u011b 100:1 \u2013 prodlou\u017e\u00ed dobu zpracovatelnosti nejv\u00edce 100:3 \u2013 zkr\u00e1t\u00ed dobu zpracovatelnosti  Brou\u0161en\u00ed: Tmel je p\u0159i teplot\u011b 23\u00b0C a pom\u011bru tu\u017een\u00ed 100:2 brousiteln\u00fd za 20-30 minut. Pro brou\u0161en\u00ed doporu\u010dujeme pou\u017e\u00edt rota\u010dn\u00ed nebo vibra\u010dn\u00ed brusku a brusn\u00fd pap\u00edr P80-120.  Vrchn\u00ed n\u00e1t\u011bry: Na tmel je mo\u017en\u00e9 pou\u017e\u00edt v\u0161echny b\u011b\u017en\u00e9 n\u00e1t\u011brov\u00e9 syst\u00e9my. Tmel odol\u00e1v\u00e1 teplot\u00e1m 80-110\u00b0C.  \u010ci\u0161t\u011bn\u00ed pom\u016fcek: Zne\u010dist\u011bn\u00e9 \u010d\u00e1sti pom\u016fcek lze o\u010distit polyesterov\u00fdm \u0159edidlem nebo nitro\u0159edidlem C6000. O\u010distit lze pouze nevytvrzen\u00fd tmel.                            <\/div>\n<div class=\"extended-description\">\n<p><strong>Dopl\u0148kov\u00e9 parametry<\/strong><\/p>\n<table class=\"detail-parameters\">\n<tbody>\n<tr>\n<th>        <span class=\"row-header-label\">            Kategorie<span class=\"row-header-label-colon\">:<\/span>        <\/span>    <\/th>\n<td>        Plni\u010de a z\u00e1klady    <\/td>\n<\/tr>\n<tr class=\"productEan\">\n<th>          <span class=\"row-header-label productEan__label\">              EAN<span class=\"row-header-label-colon\">:<\/span>          <\/span>      <\/th>\n<td>          <span class=\"productEan__value js-productEan__value\">Zvolte variantu<\/span>      <\/td>\n<\/tr>\n<\/tbody>\n<\/table><\/div>\n<\/p><\/div>\n<\/p><\/div>\n<\/p><\/div>\n<\/p><\/div>\n<\/p><\/div>\n<\/p><\/div>\n<\/p><\/div>\n<p>                    <\/main>    <\/div>\n<\/p><\/div>\n","protected":false},"excerpt":{"rendered":"<p>Popis PolyKar Glas Tmel se nesm\u00ed pou\u017e\u00edvat na tmelen\u00ed m\u00edst, kter\u00e1 p\u0159ich\u00e1zej\u00ed do p\u0159\u00edm\u00e9ho styku s potravinami a pitnou vodou. Aplikace: Povrch je nutn\u00e9 zbavit rzi a obrousit brusn\u00fdm pap\u00edrem P80. Povrch mus\u00ed b\u00fdt \u010dist\u00fd, such\u00fd, bez prachu a mastnoty. Pro maxim\u00e1ln\u00ed antikorozn\u00ed ochranu pou\u017eijte nejprve epoxidov\u00fd nebo polyuretanov\u00fd z\u00e1klad. Tmel neaplikujte na reaktivn\u00ed, jednoslo\u017ekov\u00e9 [&hellip;]<\/p>\n","protected":false},"featured_media":30207,"comment_status":"open","ping_status":"open","template":"","meta":[],"product_brand":[],"product_cat":[107],"product_tag":[],"class_list":{"0":"post-30107","1":"product","2":"type-product","3":"status-publish","4":"has-post-thumbnail","6":"product_cat-auto-moto","8":"first","9":"instock","10":"sale","11":"shipping-taxable","12":"purchasable","13":"product-type-simple"},"yoast_head":"<!-- This site is optimized with the Yoast SEO plugin v26.8 - https:\/\/yoast.com\/product\/yoast-seo-wordpress\/ -->\n<title>PolyKar Glas P\u0159\u00edmo Od V\u00fdrobce -<\/title>\n<meta name=\"robots\" content=\"index, follow, max-snippet:-1, max-image-preview:large, max-video-preview:-1\" \/>\n<link rel=\"canonical\" href=\"https:\/\/www.domtechnikpro.com\/index.php\/produkt\/polykar-glas-primo-od-vyrobce-30107\/\" \/>\n<meta property=\"og:locale\" content=\"cs_CZ\" \/>\n<meta property=\"og:type\" content=\"article\" \/>\n<meta property=\"og:title\" content=\"PolyKar Glas P\u0159\u00edmo Od V\u00fdrobce -\" \/>\n<meta property=\"og:description\" content=\"Popis PolyKar Glas Tmel se nesm\u00ed pou\u017e\u00edvat na tmelen\u00ed m\u00edst, kter\u00e1 p\u0159ich\u00e1zej\u00ed do p\u0159\u00edm\u00e9ho styku s potravinami a pitnou vodou. Aplikace: Povrch je nutn\u00e9 zbavit rzi a obrousit brusn\u00fdm pap\u00edrem P80. Povrch mus\u00ed b\u00fdt \u010dist\u00fd, such\u00fd, bez prachu a mastnoty. Pro maxim\u00e1ln\u00ed antikorozn\u00ed ochranu pou\u017eijte nejprve epoxidov\u00fd nebo polyuretanov\u00fd z\u00e1klad. Tmel neaplikujte na reaktivn\u00ed, jednoslo\u017ekov\u00e9 [&hellip;]\" \/>\n<meta property=\"og:url\" content=\"https:\/\/www.domtechnikpro.com\/index.php\/produkt\/polykar-glas-primo-od-vyrobce-30107\/\" \/>\n<meta property=\"og:image\" content=\"https:\/\/www.domtechnikpro.com\/wp-content\/uploads\/2026\/SK0002044-CZ20260425-092254-0-1777080174-29778_polykar-glas.webp\" \/>\n\t<meta property=\"og:image:width\" content=\"1000\" \/>\n\t<meta property=\"og:image:height\" content=\"750\" \/>\n\t<meta property=\"og:image:type\" content=\"image\/webp\" \/>\n<meta name=\"twitter:card\" content=\"summary_large_image\" \/>\n<meta name=\"twitter:label1\" content=\"Odhadovan\u00e1 doba \u010dten\u00ed\" \/>\n\t<meta name=\"twitter:data1\" content=\"1 minuta\" \/>\n<script type=\"application\/ld+json\" class=\"yoast-schema-graph\">{\"@context\":\"https:\/\/schema.org\",\"@graph\":[{\"@type\":\"WebPage\",\"@id\":\"https:\/\/www.domtechnikpro.com\/index.php\/produkt\/polykar-glas-primo-od-vyrobce-30107\/\",\"url\":\"https:\/\/www.domtechnikpro.com\/index.php\/produkt\/polykar-glas-primo-od-vyrobce-30107\/\",\"name\":\"PolyKar Glas P\u0159\u00edmo Od V\u00fdrobce -\",\"isPartOf\":{\"@id\":\"https:\/\/www.domtechnikpro.com\/#website\"},\"primaryImageOfPage\":{\"@id\":\"https:\/\/www.domtechnikpro.com\/index.php\/produkt\/polykar-glas-primo-od-vyrobce-30107\/#primaryimage\"},\"image\":{\"@id\":\"https:\/\/www.domtechnikpro.com\/index.php\/produkt\/polykar-glas-primo-od-vyrobce-30107\/#primaryimage\"},\"thumbnailUrl\":\"https:\/\/www.domtechnikpro.com\/wp-content\/uploads\/2026\/SK0002044-CZ20260425-092254-0-1777080174-29778_polykar-glas.webp\",\"datePublished\":\"2026-04-26T08:56:43+00:00\",\"breadcrumb\":{\"@id\":\"https:\/\/www.domtechnikpro.com\/index.php\/produkt\/polykar-glas-primo-od-vyrobce-30107\/#breadcrumb\"},\"inLanguage\":\"cs\",\"potentialAction\":[{\"@type\":\"ReadAction\",\"target\":[\"https:\/\/www.domtechnikpro.com\/index.php\/produkt\/polykar-glas-primo-od-vyrobce-30107\/\"]}]},{\"@type\":\"ImageObject\",\"inLanguage\":\"cs\",\"@id\":\"https:\/\/www.domtechnikpro.com\/index.php\/produkt\/polykar-glas-primo-od-vyrobce-30107\/#primaryimage\",\"url\":\"https:\/\/www.domtechnikpro.com\/wp-content\/uploads\/2026\/SK0002044-CZ20260425-092254-0-1777080174-29778_polykar-glas.webp\",\"contentUrl\":\"https:\/\/www.domtechnikpro.com\/wp-content\/uploads\/2026\/SK0002044-CZ20260425-092254-0-1777080174-29778_polykar-glas.webp\",\"width\":1000,\"height\":750},{\"@type\":\"BreadcrumbList\",\"@id\":\"https:\/\/www.domtechnikpro.com\/index.php\/produkt\/polykar-glas-primo-od-vyrobce-30107\/#breadcrumb\",\"itemListElement\":[{\"@type\":\"ListItem\",\"position\":1,\"name\":\"Home\",\"item\":\"https:\/\/www.domtechnikpro.com\/\"},{\"@type\":\"ListItem\",\"position\":2,\"name\":\"Products\",\"item\":\"https:\/\/www.domtechnikpro.com\/index.php\/products\/\"},{\"@type\":\"ListItem\",\"position\":3,\"name\":\"PolyKar Glas P\u0159\u00edmo Od V\u00fdrobce\"}]},{\"@type\":\"WebSite\",\"@id\":\"https:\/\/www.domtechnikpro.com\/#website\",\"url\":\"https:\/\/www.domtechnikpro.com\/\",\"name\":\"\",\"description\":\"\",\"potentialAction\":[{\"@type\":\"SearchAction\",\"target\":{\"@type\":\"EntryPoint\",\"urlTemplate\":\"https:\/\/www.domtechnikpro.com\/?s={search_term_string}\"},\"query-input\":{\"@type\":\"PropertyValueSpecification\",\"valueRequired\":true,\"valueName\":\"search_term_string\"}}],\"inLanguage\":\"cs\"}]}<\/script>\n<!-- \/ Yoast SEO plugin. -->","yoast_head_json":{"title":"PolyKar Glas P\u0159\u00edmo Od V\u00fdrobce -","robots":{"index":"index","follow":"follow","max-snippet":"max-snippet:-1","max-image-preview":"max-image-preview:large","max-video-preview":"max-video-preview:-1"},"canonical":"https:\/\/www.domtechnikpro.com\/index.php\/produkt\/polykar-glas-primo-od-vyrobce-30107\/","og_locale":"cs_CZ","og_type":"article","og_title":"PolyKar Glas P\u0159\u00edmo Od V\u00fdrobce -","og_description":"Popis PolyKar Glas Tmel se nesm\u00ed pou\u017e\u00edvat na tmelen\u00ed m\u00edst, kter\u00e1 p\u0159ich\u00e1zej\u00ed do p\u0159\u00edm\u00e9ho styku s potravinami a pitnou vodou. Aplikace: Povrch je nutn\u00e9 zbavit rzi a obrousit brusn\u00fdm pap\u00edrem P80. Povrch mus\u00ed b\u00fdt \u010dist\u00fd, such\u00fd, bez prachu a mastnoty. Pro maxim\u00e1ln\u00ed antikorozn\u00ed ochranu pou\u017eijte nejprve epoxidov\u00fd nebo polyuretanov\u00fd z\u00e1klad. Tmel neaplikujte na reaktivn\u00ed, jednoslo\u017ekov\u00e9 [&hellip;]","og_url":"https:\/\/www.domtechnikpro.com\/index.php\/produkt\/polykar-glas-primo-od-vyrobce-30107\/","og_image":[{"width":1000,"height":750,"url":"https:\/\/www.domtechnikpro.com\/wp-content\/uploads\/2026\/SK0002044-CZ20260425-092254-0-1777080174-29778_polykar-glas.webp","type":"image\/webp"}],"twitter_card":"summary_large_image","twitter_misc":{"Odhadovan\u00e1 doba \u010dten\u00ed":"1 minuta"},"schema":{"@context":"https:\/\/schema.org","@graph":[{"@type":"WebPage","@id":"https:\/\/www.domtechnikpro.com\/index.php\/produkt\/polykar-glas-primo-od-vyrobce-30107\/","url":"https:\/\/www.domtechnikpro.com\/index.php\/produkt\/polykar-glas-primo-od-vyrobce-30107\/","name":"PolyKar Glas P\u0159\u00edmo Od V\u00fdrobce -","isPartOf":{"@id":"https:\/\/www.domtechnikpro.com\/#website"},"primaryImageOfPage":{"@id":"https:\/\/www.domtechnikpro.com\/index.php\/produkt\/polykar-glas-primo-od-vyrobce-30107\/#primaryimage"},"image":{"@id":"https:\/\/www.domtechnikpro.com\/index.php\/produkt\/polykar-glas-primo-od-vyrobce-30107\/#primaryimage"},"thumbnailUrl":"https:\/\/www.domtechnikpro.com\/wp-content\/uploads\/2026\/SK0002044-CZ20260425-092254-0-1777080174-29778_polykar-glas.webp","datePublished":"2026-04-26T08:56:43+00:00","breadcrumb":{"@id":"https:\/\/www.domtechnikpro.com\/index.php\/produkt\/polykar-glas-primo-od-vyrobce-30107\/#breadcrumb"},"inLanguage":"cs","potentialAction":[{"@type":"ReadAction","target":["https:\/\/www.domtechnikpro.com\/index.php\/produkt\/polykar-glas-primo-od-vyrobce-30107\/"]}]},{"@type":"ImageObject","inLanguage":"cs","@id":"https:\/\/www.domtechnikpro.com\/index.php\/produkt\/polykar-glas-primo-od-vyrobce-30107\/#primaryimage","url":"https:\/\/www.domtechnikpro.com\/wp-content\/uploads\/2026\/SK0002044-CZ20260425-092254-0-1777080174-29778_polykar-glas.webp","contentUrl":"https:\/\/www.domtechnikpro.com\/wp-content\/uploads\/2026\/SK0002044-CZ20260425-092254-0-1777080174-29778_polykar-glas.webp","width":1000,"height":750},{"@type":"BreadcrumbList","@id":"https:\/\/www.domtechnikpro.com\/index.php\/produkt\/polykar-glas-primo-od-vyrobce-30107\/#breadcrumb","itemListElement":[{"@type":"ListItem","position":1,"name":"Home","item":"https:\/\/www.domtechnikpro.com\/"},{"@type":"ListItem","position":2,"name":"Products","item":"https:\/\/www.domtechnikpro.com\/index.php\/products\/"},{"@type":"ListItem","position":3,"name":"PolyKar Glas P\u0159\u00edmo Od V\u00fdrobce"}]},{"@type":"WebSite","@id":"https:\/\/www.domtechnikpro.com\/#website","url":"https:\/\/www.domtechnikpro.com\/","name":"","description":"","potentialAction":[{"@type":"SearchAction","target":{"@type":"EntryPoint","urlTemplate":"https:\/\/www.domtechnikpro.com\/?s={search_term_string}"},"query-input":{"@type":"PropertyValueSpecification","valueRequired":true,"valueName":"search_term_string"}}],"inLanguage":"cs"}]}},"_links":{"self":[{"href":"https:\/\/www.domtechnikpro.com\/index.php\/wp-json\/wp\/v2\/product\/30107","targetHints":{"allow":["GET"]}}],"collection":[{"href":"https:\/\/www.domtechnikpro.com\/index.php\/wp-json\/wp\/v2\/product"}],"about":[{"href":"https:\/\/www.domtechnikpro.com\/index.php\/wp-json\/wp\/v2\/types\/product"}],"replies":[{"embeddable":true,"href":"https:\/\/www.domtechnikpro.com\/index.php\/wp-json\/wp\/v2\/comments?post=30107"}],"wp:featuredmedia":[{"embeddable":true,"href":"https:\/\/www.domtechnikpro.com\/index.php\/wp-json\/wp\/v2\/media\/30207"}],"wp:attachment":[{"href":"https:\/\/www.domtechnikpro.com\/index.php\/wp-json\/wp\/v2\/media?parent=30107"}],"wp:term":[{"taxonomy":"product_brand","embeddable":true,"href":"https:\/\/www.domtechnikpro.com\/index.php\/wp-json\/wp\/v2\/product_brand?post=30107"},{"taxonomy":"product_cat","embeddable":true,"href":"https:\/\/www.domtechnikpro.com\/index.php\/wp-json\/wp\/v2\/product_cat?post=30107"},{"taxonomy":"product_tag","embeddable":true,"href":"https:\/\/www.domtechnikpro.com\/index.php\/wp-json\/wp\/v2\/product_tag?post=30107"}],"curies":[{"name":"wp","href":"https:\/\/api.w.org\/{rel}","templated":true}]}}