{"id":28959,"date":"2026-04-26T08:56:29","date_gmt":"2026-04-26T08:56:29","guid":{"rendered":""},"modified":"2026-04-26T08:56:29","modified_gmt":"2026-04-26T08:56:29","slug":"znackovy-remmers-df-kryci-barva-28959","status":"publish","type":"product","link":"https:\/\/www.domtechnikpro.com\/produkt\/znackovy-remmers-df-kryci-barva-28959\/","title":{"rendered":"Zna\u010dkov\u00fd Remmers DF-Kryc\u00ed barva"},"content":{"rendered":"<div class=\"row\">\n<div class=\"col-sm-12 shp-tabs-row responsive-nav\">\n<div class=\"shp-tabs-holder\">\n<ul id=\"p-detail-tabs\" class=\"shp-tabs p-detail-tabs visible-links\" role=\"tablist\">\n<li class=\"shp-tab active\" data-testid=\"tabDescription\">                Popis            <\/li>\n<\/ul>\n<\/div><\/div>\n<div class=\"col-sm-12 \">\n<div id=\"tab-content\" class=\"tab-content\">\n<div id=\"description\" class=\"tab-pane fade in active wide-tab\" role=\"tabpanel\">\n<div class=\"description-inner\">\n<div class=\"basic-description\">                                                        Deckfarbe<br \/>Elastick\u00fd n\u00e1t\u011br se neodlupuje, m\u00e1 st\u00e1l\u00fd barevn\u00fd odst\u00edn a je odoln\u00fd proti vliv\u016fm po\u010das\u00ed, po vyschnut\u00ed je bez z\u00e1pachu, vodoodpudiv\u00fd, m\u00e1 hedv\u00e1bn\u00fd lesk a je odoln\u00fd proti od\u011bru podle normy DIN 53778.<br \/>Je odzkou\u0161en podle DIN EN 71-3 \u201eBezpe\u010dnost hra\u010dek \u2013 migrace ur\u010dit\u00fdch prvk\u016f\u201c. Barevn\u00e9 t\u00f3ny jsou vz\u00e1jemn\u011b sm\u00edsiteln\u00e9. N\u00e1t\u011br se pozd\u011bji jednodu\u0161e o\u0161et\u0159uje.<\/p>\n<p>Oblast pou\u017eit\u00ed:<br \/>V interi\u00e9rech a exteri\u00e9rech, nap\u0159. pro d\u0159ev\u011bn\u00e9 oblo\u017een\u00ed, hr\u00e1zd\u011bn\u00e9 zdivo, d\u0159ev\u011bn\u00e9 domy, \u0161indele, ploty, atd. Pro pozinkovan\u00e9 st\u0159e\u0161n\u00ed \u017elaby, pozinkovan\u00e9 plechy a jin\u00e9 podklady.<br \/>P\u0159i pou\u017eit\u00ed na \u017eidl\u00edch, lavic\u00edch atd. mus\u00edme posl\u00e9ze prov\u00e9st ochrann\u00fd n\u00e1t\u011br, kter\u00fd zamez\u00ed pou\u0161t\u011bn\u00ed barvy.<\/p>\n<p>\u0158ed\u011bn\u00ed:<br \/>Pokud je to nutn\u00e9 vodou (max. 30 %).<\/p>\n<p>Spot\u0159eba:<br \/>Podle podkladu cca 100 ml\/m2 n\u00e1t\u011bru.<\/p>\n<p>Schnut\u00ed:<br \/>2-4 hodiny p\u0159i 20\u00b0C a 65 % relativn\u00ed vlhkosti vzduchu. N\u00edzk\u00e9 teploty a vysok\u00e1 vlhkost vzduchu zp\u016fsobuj\u00ed prodlou\u017een\u00ed doby schnut\u00ed.<\/p>\n<p>Barevn\u00e9 t\u00f3ny:<br \/>3600 RAL 9016 Verkehrswei\u00df, 3601 hellgrau, 3602 dunkelgrau, 3603 k\u00f6nigs- blau, 3604 friesen-blau, 3605 moosgr\u00fcn, 3606 flaschengr\u00fcn, 3607 nussbraun, 3608 tabak- braun, 3610 rotbraun, 3611 schwedischrot, 3612 mais-gelb, 3614 goldgelb, 3615 schwarz, 3619 Sonderfarbt\u00f6ne<\/p>\n<p>Balen\u00ed:<br \/>0,75 L; 2,5 Ll; 5 L                            <\/div>\n<div class=\"extended-description\">\n<p><strong>Dopl\u0148kov\u00e9 parametry<\/strong><\/p>\n<table class=\"detail-parameters\">\n<tbody>\n<tr>\n<th>        <span class=\"row-header-label\">            Kategorie<span class=\"row-header-label-colon\">:<\/span>        <\/span>    <\/th>\n<td>        Barvy na d\u0159evo venkovn\u00ed    <\/td>\n<\/tr>\n<tr class=\"productEan\">\n<th>          <span class=\"row-header-label productEan__label\">              EAN<span class=\"row-header-label-colon\">:<\/span>          <\/span>      <\/th>\n<td>          <span class=\"productEan__value js-productEan__value\">Zvolte variantu<\/span>      <\/td>\n<\/tr>\n<\/tbody>\n<\/table><\/div>\n<\/p><\/div>\n<\/p><\/div>\n<\/p><\/div>\n<\/p><\/div>\n<\/p><\/div>\n<\/p><\/div>\n<\/p><\/div>\n<p>                    <\/main>    <\/div>\n<\/p><\/div>\n","protected":false},"excerpt":{"rendered":"<p>Popis DeckfarbeElastick\u00fd n\u00e1t\u011br se neodlupuje, m\u00e1 st\u00e1l\u00fd barevn\u00fd odst\u00edn a je odoln\u00fd proti vliv\u016fm po\u010das\u00ed, po vyschnut\u00ed je bez z\u00e1pachu, vodoodpudiv\u00fd, m\u00e1 hedv\u00e1bn\u00fd lesk a je odoln\u00fd proti od\u011bru podle normy DIN 53778.Je odzkou\u0161en podle DIN EN 71-3 \u201eBezpe\u010dnost hra\u010dek \u2013 migrace ur\u010dit\u00fdch prvk\u016f\u201c. Barevn\u00e9 t\u00f3ny jsou vz\u00e1jemn\u011b sm\u00edsiteln\u00e9. N\u00e1t\u011br se pozd\u011bji jednodu\u0161e o\u0161et\u0159uje. Oblast [&hellip;]<\/p>\n","protected":false},"featured_media":29059,"comment_status":"open","ping_status":"open","template":"","meta":[],"product_brand":[],"product_cat":[110],"product_tag":[],"class_list":{"0":"post-28959","1":"product","2":"type-product","3":"status-publish","4":"has-post-thumbnail","6":"product_cat-na-drevo","8":"first","9":"instock","10":"sale","11":"shipping-taxable","12":"purchasable","13":"product-type-simple"},"yoast_head":"<!-- This site is optimized with the Yoast SEO plugin v26.8 - https:\/\/yoast.com\/product\/yoast-seo-wordpress\/ -->\n<title>Zna\u010dkov\u00fd Remmers DF-Kryc\u00ed barva - Pr\u016fmyslov\u00e9 vybaven\u00ed a p\u0159\u00edslu\u0161enstv\u00ed<\/title>\n<meta name=\"robots\" content=\"index, follow, max-snippet:-1, max-image-preview:large, max-video-preview:-1\" \/>\n<link rel=\"canonical\" href=\"https:\/\/www.domtechnikpro.com\/index.php\/produkt\/znackovy-remmers-df-kryci-barva-28959\/\" \/>\n<meta property=\"og:locale\" content=\"cs_CZ\" \/>\n<meta property=\"og:type\" content=\"article\" \/>\n<meta property=\"og:title\" content=\"Zna\u010dkov\u00fd Remmers DF-Kryc\u00ed barva - Pr\u016fmyslov\u00e9 vybaven\u00ed a p\u0159\u00edslu\u0161enstv\u00ed\" \/>\n<meta property=\"og:description\" content=\"Popis DeckfarbeElastick\u00fd n\u00e1t\u011br se neodlupuje, m\u00e1 st\u00e1l\u00fd barevn\u00fd odst\u00edn a je odoln\u00fd proti vliv\u016fm po\u010das\u00ed, po vyschnut\u00ed je bez z\u00e1pachu, vodoodpudiv\u00fd, m\u00e1 hedv\u00e1bn\u00fd lesk a je odoln\u00fd proti od\u011bru podle normy DIN 53778.Je odzkou\u0161en podle DIN EN 71-3 \u201eBezpe\u010dnost hra\u010dek \u2013 migrace ur\u010dit\u00fdch prvk\u016f\u201c. Barevn\u00e9 t\u00f3ny jsou vz\u00e1jemn\u011b sm\u00edsiteln\u00e9. N\u00e1t\u011br se pozd\u011bji jednodu\u0161e o\u0161et\u0159uje. Oblast [&hellip;]\" \/>\n<meta property=\"og:url\" content=\"https:\/\/www.domtechnikpro.com\/index.php\/produkt\/znackovy-remmers-df-kryci-barva-28959\/\" \/>\n<meta property=\"og:site_name\" content=\"Pr\u016fmyslov\u00e9 vybaven\u00ed a p\u0159\u00edslu\u0161enstv\u00ed\" \/>\n<meta property=\"og:image\" content=\"https:\/\/www.domtechnikpro.com\/wp-content\/uploads\/2026\/SK0001496-CZ20260425-092254-0-1777080174-27618_remmers-df-kryci-barva.webp\" \/>\n\t<meta property=\"og:image:width\" content=\"1000\" \/>\n\t<meta property=\"og:image:height\" content=\"750\" \/>\n\t<meta property=\"og:image:type\" content=\"image\/webp\" \/>\n<meta name=\"twitter:card\" content=\"summary_large_image\" \/>\n<meta name=\"twitter:label1\" content=\"Odhadovan\u00e1 doba \u010dten\u00ed\" \/>\n\t<meta name=\"twitter:data1\" content=\"1 minuta\" \/>\n<script type=\"application\/ld+json\" class=\"yoast-schema-graph\">{\"@context\":\"https:\/\/schema.org\",\"@graph\":[{\"@type\":\"WebPage\",\"@id\":\"https:\/\/www.domtechnikpro.com\/index.php\/produkt\/znackovy-remmers-df-kryci-barva-28959\/\",\"url\":\"https:\/\/www.domtechnikpro.com\/index.php\/produkt\/znackovy-remmers-df-kryci-barva-28959\/\",\"name\":\"Zna\u010dkov\u00fd Remmers DF-Kryc\u00ed barva - Pr\u016fmyslov\u00e9 vybaven\u00ed a p\u0159\u00edslu\u0161enstv\u00ed\",\"isPartOf\":{\"@id\":\"https:\/\/www.domtechnikpro.com\/#website\"},\"primaryImageOfPage\":{\"@id\":\"https:\/\/www.domtechnikpro.com\/index.php\/produkt\/znackovy-remmers-df-kryci-barva-28959\/#primaryimage\"},\"image\":{\"@id\":\"https:\/\/www.domtechnikpro.com\/index.php\/produkt\/znackovy-remmers-df-kryci-barva-28959\/#primaryimage\"},\"thumbnailUrl\":\"https:\/\/www.domtechnikpro.com\/wp-content\/uploads\/2026\/SK0001496-CZ20260425-092254-0-1777080174-27618_remmers-df-kryci-barva.webp\",\"datePublished\":\"2026-04-26T08:56:29+00:00\",\"breadcrumb\":{\"@id\":\"https:\/\/www.domtechnikpro.com\/index.php\/produkt\/znackovy-remmers-df-kryci-barva-28959\/#breadcrumb\"},\"inLanguage\":\"cs\",\"potentialAction\":[{\"@type\":\"ReadAction\",\"target\":[\"https:\/\/www.domtechnikpro.com\/index.php\/produkt\/znackovy-remmers-df-kryci-barva-28959\/\"]}]},{\"@type\":\"ImageObject\",\"inLanguage\":\"cs\",\"@id\":\"https:\/\/www.domtechnikpro.com\/index.php\/produkt\/znackovy-remmers-df-kryci-barva-28959\/#primaryimage\",\"url\":\"https:\/\/www.domtechnikpro.com\/wp-content\/uploads\/2026\/SK0001496-CZ20260425-092254-0-1777080174-27618_remmers-df-kryci-barva.webp\",\"contentUrl\":\"https:\/\/www.domtechnikpro.com\/wp-content\/uploads\/2026\/SK0001496-CZ20260425-092254-0-1777080174-27618_remmers-df-kryci-barva.webp\",\"width\":1000,\"height\":750},{\"@type\":\"BreadcrumbList\",\"@id\":\"https:\/\/www.domtechnikpro.com\/index.php\/produkt\/znackovy-remmers-df-kryci-barva-28959\/#breadcrumb\",\"itemListElement\":[{\"@type\":\"ListItem\",\"position\":1,\"name\":\"Home\",\"item\":\"https:\/\/www.domtechnikpro.com\/\"},{\"@type\":\"ListItem\",\"position\":2,\"name\":\"Products\",\"item\":\"https:\/\/www.domtechnikpro.com\/products\/\"},{\"@type\":\"ListItem\",\"position\":3,\"name\":\"Zna\u010dkov\u00fd Remmers DF-Kryc\u00ed barva\"}]},{\"@type\":\"WebSite\",\"@id\":\"https:\/\/www.domtechnikpro.com\/#website\",\"url\":\"https:\/\/www.domtechnikpro.com\/\",\"name\":\"Pr\u016fmyslov\u00e9 vybaven\u00ed a p\u0159\u00edslu\u0161enstv\u00ed\",\"description\":\"Pr\u016fmyslov\u00e9 vybaven\u00ed a p\u0159\u00edslu\u0161enstv\u00ed\",\"publisher\":{\"@id\":\"https:\/\/www.domtechnikpro.com\/#organization\"},\"potentialAction\":[{\"@type\":\"SearchAction\",\"target\":{\"@type\":\"EntryPoint\",\"urlTemplate\":\"https:\/\/www.domtechnikpro.com\/?s={search_term_string}\"},\"query-input\":{\"@type\":\"PropertyValueSpecification\",\"valueRequired\":true,\"valueName\":\"search_term_string\"}}],\"inLanguage\":\"cs\"},{\"@type\":\"Organization\",\"@id\":\"https:\/\/www.domtechnikpro.com\/#organization\",\"name\":\"Pr\u016fmyslov\u00e9 vybaven\u00ed a p\u0159\u00edslu\u0161enstv\u00ed\",\"url\":\"https:\/\/www.domtechnikpro.com\/\",\"logo\":{\"@type\":\"ImageObject\",\"inLanguage\":\"cs\",\"@id\":\"https:\/\/www.domtechnikpro.com\/#\/schema\/logo\/image\/\",\"url\":\"https:\/\/www.domtechnikpro.com\/wp-content\/uploads\/2026\/04\/domtechnikpro_logo_full.svg\",\"contentUrl\":\"https:\/\/www.domtechnikpro.com\/wp-content\/uploads\/2026\/04\/domtechnikpro_logo_full.svg\",\"width\":920,\"height\":180,\"caption\":\"Pr\u016fmyslov\u00e9 vybaven\u00ed a p\u0159\u00edslu\u0161enstv\u00ed\"},\"image\":{\"@id\":\"https:\/\/www.domtechnikpro.com\/#\/schema\/logo\/image\/\"}}]}<\/script>\n<!-- \/ Yoast SEO plugin. -->","yoast_head_json":{"title":"Zna\u010dkov\u00fd Remmers DF-Kryc\u00ed barva - Pr\u016fmyslov\u00e9 vybaven\u00ed a p\u0159\u00edslu\u0161enstv\u00ed","robots":{"index":"index","follow":"follow","max-snippet":"max-snippet:-1","max-image-preview":"max-image-preview:large","max-video-preview":"max-video-preview:-1"},"canonical":"https:\/\/www.domtechnikpro.com\/index.php\/produkt\/znackovy-remmers-df-kryci-barva-28959\/","og_locale":"cs_CZ","og_type":"article","og_title":"Zna\u010dkov\u00fd Remmers DF-Kryc\u00ed barva - Pr\u016fmyslov\u00e9 vybaven\u00ed a p\u0159\u00edslu\u0161enstv\u00ed","og_description":"Popis DeckfarbeElastick\u00fd n\u00e1t\u011br se neodlupuje, m\u00e1 st\u00e1l\u00fd barevn\u00fd odst\u00edn a je odoln\u00fd proti vliv\u016fm po\u010das\u00ed, po vyschnut\u00ed je bez z\u00e1pachu, vodoodpudiv\u00fd, m\u00e1 hedv\u00e1bn\u00fd lesk a je odoln\u00fd proti od\u011bru podle normy DIN 53778.Je odzkou\u0161en podle DIN EN 71-3 \u201eBezpe\u010dnost hra\u010dek \u2013 migrace ur\u010dit\u00fdch prvk\u016f\u201c. Barevn\u00e9 t\u00f3ny jsou vz\u00e1jemn\u011b sm\u00edsiteln\u00e9. N\u00e1t\u011br se pozd\u011bji jednodu\u0161e o\u0161et\u0159uje. Oblast [&hellip;]","og_url":"https:\/\/www.domtechnikpro.com\/index.php\/produkt\/znackovy-remmers-df-kryci-barva-28959\/","og_site_name":"Pr\u016fmyslov\u00e9 vybaven\u00ed a p\u0159\u00edslu\u0161enstv\u00ed","og_image":[{"width":1000,"height":750,"url":"https:\/\/www.domtechnikpro.com\/wp-content\/uploads\/2026\/SK0001496-CZ20260425-092254-0-1777080174-27618_remmers-df-kryci-barva.webp","type":"image\/webp"}],"twitter_card":"summary_large_image","twitter_misc":{"Odhadovan\u00e1 doba \u010dten\u00ed":"1 minuta"},"schema":{"@context":"https:\/\/schema.org","@graph":[{"@type":"WebPage","@id":"https:\/\/www.domtechnikpro.com\/index.php\/produkt\/znackovy-remmers-df-kryci-barva-28959\/","url":"https:\/\/www.domtechnikpro.com\/index.php\/produkt\/znackovy-remmers-df-kryci-barva-28959\/","name":"Zna\u010dkov\u00fd Remmers DF-Kryc\u00ed barva - Pr\u016fmyslov\u00e9 vybaven\u00ed a p\u0159\u00edslu\u0161enstv\u00ed","isPartOf":{"@id":"https:\/\/www.domtechnikpro.com\/#website"},"primaryImageOfPage":{"@id":"https:\/\/www.domtechnikpro.com\/index.php\/produkt\/znackovy-remmers-df-kryci-barva-28959\/#primaryimage"},"image":{"@id":"https:\/\/www.domtechnikpro.com\/index.php\/produkt\/znackovy-remmers-df-kryci-barva-28959\/#primaryimage"},"thumbnailUrl":"https:\/\/www.domtechnikpro.com\/wp-content\/uploads\/2026\/SK0001496-CZ20260425-092254-0-1777080174-27618_remmers-df-kryci-barva.webp","datePublished":"2026-04-26T08:56:29+00:00","breadcrumb":{"@id":"https:\/\/www.domtechnikpro.com\/index.php\/produkt\/znackovy-remmers-df-kryci-barva-28959\/#breadcrumb"},"inLanguage":"cs","potentialAction":[{"@type":"ReadAction","target":["https:\/\/www.domtechnikpro.com\/index.php\/produkt\/znackovy-remmers-df-kryci-barva-28959\/"]}]},{"@type":"ImageObject","inLanguage":"cs","@id":"https:\/\/www.domtechnikpro.com\/index.php\/produkt\/znackovy-remmers-df-kryci-barva-28959\/#primaryimage","url":"https:\/\/www.domtechnikpro.com\/wp-content\/uploads\/2026\/SK0001496-CZ20260425-092254-0-1777080174-27618_remmers-df-kryci-barva.webp","contentUrl":"https:\/\/www.domtechnikpro.com\/wp-content\/uploads\/2026\/SK0001496-CZ20260425-092254-0-1777080174-27618_remmers-df-kryci-barva.webp","width":1000,"height":750},{"@type":"BreadcrumbList","@id":"https:\/\/www.domtechnikpro.com\/index.php\/produkt\/znackovy-remmers-df-kryci-barva-28959\/#breadcrumb","itemListElement":[{"@type":"ListItem","position":1,"name":"Home","item":"https:\/\/www.domtechnikpro.com\/"},{"@type":"ListItem","position":2,"name":"Products","item":"https:\/\/www.domtechnikpro.com\/products\/"},{"@type":"ListItem","position":3,"name":"Zna\u010dkov\u00fd Remmers DF-Kryc\u00ed barva"}]},{"@type":"WebSite","@id":"https:\/\/www.domtechnikpro.com\/#website","url":"https:\/\/www.domtechnikpro.com\/","name":"Pr\u016fmyslov\u00e9 vybaven\u00ed a p\u0159\u00edslu\u0161enstv\u00ed","description":"Pr\u016fmyslov\u00e9 vybaven\u00ed a p\u0159\u00edslu\u0161enstv\u00ed","publisher":{"@id":"https:\/\/www.domtechnikpro.com\/#organization"},"potentialAction":[{"@type":"SearchAction","target":{"@type":"EntryPoint","urlTemplate":"https:\/\/www.domtechnikpro.com\/?s={search_term_string}"},"query-input":{"@type":"PropertyValueSpecification","valueRequired":true,"valueName":"search_term_string"}}],"inLanguage":"cs"},{"@type":"Organization","@id":"https:\/\/www.domtechnikpro.com\/#organization","name":"Pr\u016fmyslov\u00e9 vybaven\u00ed a p\u0159\u00edslu\u0161enstv\u00ed","url":"https:\/\/www.domtechnikpro.com\/","logo":{"@type":"ImageObject","inLanguage":"cs","@id":"https:\/\/www.domtechnikpro.com\/#\/schema\/logo\/image\/","url":"https:\/\/www.domtechnikpro.com\/wp-content\/uploads\/2026\/04\/domtechnikpro_logo_full.svg","contentUrl":"https:\/\/www.domtechnikpro.com\/wp-content\/uploads\/2026\/04\/domtechnikpro_logo_full.svg","width":920,"height":180,"caption":"Pr\u016fmyslov\u00e9 vybaven\u00ed a p\u0159\u00edslu\u0161enstv\u00ed"},"image":{"@id":"https:\/\/www.domtechnikpro.com\/#\/schema\/logo\/image\/"}}]}},"_links":{"self":[{"href":"https:\/\/www.domtechnikpro.com\/wp-json\/wp\/v2\/product\/28959","targetHints":{"allow":["GET"]}}],"collection":[{"href":"https:\/\/www.domtechnikpro.com\/wp-json\/wp\/v2\/product"}],"about":[{"href":"https:\/\/www.domtechnikpro.com\/wp-json\/wp\/v2\/types\/product"}],"replies":[{"embeddable":true,"href":"https:\/\/www.domtechnikpro.com\/wp-json\/wp\/v2\/comments?post=28959"}],"wp:featuredmedia":[{"embeddable":true,"href":"https:\/\/www.domtechnikpro.com\/wp-json\/wp\/v2\/media\/29059"}],"wp:attachment":[{"href":"https:\/\/www.domtechnikpro.com\/wp-json\/wp\/v2\/media?parent=28959"}],"wp:term":[{"taxonomy":"product_brand","embeddable":true,"href":"https:\/\/www.domtechnikpro.com\/wp-json\/wp\/v2\/product_brand?post=28959"},{"taxonomy":"product_cat","embeddable":true,"href":"https:\/\/www.domtechnikpro.com\/wp-json\/wp\/v2\/product_cat?post=28959"},{"taxonomy":"product_tag","embeddable":true,"href":"https:\/\/www.domtechnikpro.com\/wp-json\/wp\/v2\/product_tag?post=28959"}],"curies":[{"name":"wp","href":"https:\/\/api.w.org\/{rel}","templated":true}]}}