{"id":28896,"date":"2026-04-26T08:56:29","date_gmt":"2026-04-26T08:56:29","guid":{"rendered":""},"modified":"2026-04-26T08:56:29","modified_gmt":"2026-04-26T08:56:29","slug":"super-cena-primalex-zakladni-antikorozni-barva-na-kov-28896","status":"publish","type":"product","link":"https:\/\/www.domtechnikpro.com\/produkt\/super-cena-primalex-zakladni-antikorozni-barva-na-kov-28896\/","title":{"rendered":"Super Cena Primalex Z\u00e1kladn\u00ed Antikor\u00f3zn\u00ed Barva Na Kov"},"content":{"rendered":"<div class=\"row\">\n<div class=\"col-sm-12 shp-tabs-row responsive-nav\">\n<div class=\"shp-tabs-holder\">\n<ul id=\"p-detail-tabs\" class=\"shp-tabs p-detail-tabs visible-links\" role=\"tablist\">\n<li class=\"shp-tab active\" data-testid=\"tabDescription\">                Popis            <\/li>\n<\/ul>\n<\/div><\/div>\n<div class=\"col-sm-12 \">\n<div id=\"tab-content\" class=\"tab-content\">\n<div id=\"description\" class=\"tab-pane fade in active wide-tab\" role=\"tabpanel\">\n<div class=\"description-inner\">\n<div class=\"basic-description\">                                                        Primalex Syntetick\u00e1 Z\u00e1kladn\u00ed Antikor\u00f3zn\u00ed Barva Na Kov<br \/>n\u00e1t\u011br m\u00e1 vynikaj\u00edc\u00ed p\u0159ilnavost ke kovov\u00fdm povrch\u016fm (\u017eelezo, ocel) a z\u00e1rove\u0148 tak\u00e9 zvy\u0161uje p\u0159ilnavost vrchn\u00edho n\u00e1t\u011bru.<\/p>\n<p>Primalex Syntetick\u00e1 Z\u00e1kladn\u00ed Antikor\u00f3zn\u00ed Barva Na Kov<br \/>je vhodn\u00e1 pro z\u00e1kladn\u00ed n\u00e1t\u011bry \u017eelezn\u00fdch a ocelov\u00fdch materi\u00e1l\u016f, nap\u0159. ploty, vrata, z\u00e1rubn\u011b nebo jin\u00e9 konstrukce a jejich prvky, zejm\u00e9na pod vrchn\u00ed kryc\u00ed syntetick\u00e9 barvy.<\/p>\n<p>Technick\u00e9 parametry.<\/p>\n<p>Vydatnost v jedn\u00e9 vrstv\u011b:<br \/>8 &#8211; 10 m2\/ L, dle odst\u00ednu, zp\u016fsobu nan\u00e1\u0161en\u00ed a kvality povrchu<br \/>Doporu\u010dujeme aplikaci ve dvou vrstv\u00e1ch.<\/p>\n<p>Doba schnut\u00ed p\u0159i T 23 \u00b0C:<br \/>zaschnut\u00ed proti prachu, 1 hod.<br \/>p\u0159et\u00edratelnost, 2 hod.<br \/>\u00fapln\u00e9 zaschnut\u00ed, 24 hod.<\/p>\n<p>Kone\u010dn\u00fd vzhled n\u00e1t\u011bru:<br \/>matn\u00fd<\/p>\n<p>\u0158ed\u011bn\u00ed:<br \/>p\u0159ipravena k okam\u017eit\u00e9mu pou\u017eit\u00ed (bez \u0159ed\u011bn\u00ed)<br \/>pro myt\u00ed pom\u016fcek a \u00fakap\u016f S6006 a S6001<\/p>\n<p>Balen\u00ed:<br \/>0,75 L, 5 L                            <\/div>\n<div class=\"extended-description\">\n<p><strong>Dopl\u0148kov\u00e9 parametry<\/strong><\/p>\n<table class=\"detail-parameters\">\n<tbody>\n<tr>\n<th>        <span class=\"row-header-label\">            Kategorie<span class=\"row-header-label-colon\">:<\/span>        <\/span>    <\/th>\n<td>        Antikorozn\u00ed ochrana    <\/td>\n<\/tr>\n<tr class=\"productEan\">\n<th>          <span class=\"row-header-label productEan__label\">              EAN<span class=\"row-header-label-colon\">:<\/span>          <\/span>      <\/th>\n<td>          <span class=\"productEan__value js-productEan__value\">5996281046651<\/span>      <\/td>\n<\/tr>\n<\/tbody>\n<\/table><\/div>\n<\/p><\/div>\n<\/p><\/div>\n<\/p><\/div>\n<\/p><\/div>\n<\/p><\/div>\n<\/p><\/div>\n<\/p><\/div>\n<p>                    <\/main>    <\/div>\n<\/p><\/div>\n","protected":false},"excerpt":{"rendered":"<p>Popis Primalex Syntetick\u00e1 Z\u00e1kladn\u00ed Antikor\u00f3zn\u00ed Barva Na Kovn\u00e1t\u011br m\u00e1 vynikaj\u00edc\u00ed p\u0159ilnavost ke kovov\u00fdm povrch\u016fm (\u017eelezo, ocel) a z\u00e1rove\u0148 tak\u00e9 zvy\u0161uje p\u0159ilnavost vrchn\u00edho n\u00e1t\u011bru. Primalex Syntetick\u00e1 Z\u00e1kladn\u00ed Antikor\u00f3zn\u00ed Barva Na Kovje vhodn\u00e1 pro z\u00e1kladn\u00ed n\u00e1t\u011bry \u017eelezn\u00fdch a ocelov\u00fdch materi\u00e1l\u016f, nap\u0159. ploty, vrata, z\u00e1rubn\u011b nebo jin\u00e9 konstrukce a jejich prvky, zejm\u00e9na pod vrchn\u00ed kryc\u00ed syntetick\u00e9 barvy. Technick\u00e9 [&hellip;]<\/p>\n","protected":false},"featured_media":28996,"comment_status":"open","ping_status":"open","template":"","meta":[],"product_brand":[],"product_cat":[107],"product_tag":[],"class_list":{"0":"post-28896","1":"product","2":"type-product","3":"status-publish","4":"has-post-thumbnail","6":"product_cat-auto-moto","8":"first","9":"instock","10":"sale","11":"shipping-taxable","12":"purchasable","13":"product-type-simple"},"yoast_head":"<!-- This site is optimized with the Yoast SEO plugin v26.8 - https:\/\/yoast.com\/product\/yoast-seo-wordpress\/ -->\n<title>Super Cena Primalex Z\u00e1kladn\u00ed Antikor\u00f3zn\u00ed Barva Na Kov - Pr\u016fmyslov\u00e9 vybaven\u00ed a p\u0159\u00edslu\u0161enstv\u00ed<\/title>\n<meta name=\"robots\" content=\"index, follow, max-snippet:-1, max-image-preview:large, max-video-preview:-1\" \/>\n<link rel=\"canonical\" href=\"https:\/\/www.domtechnikpro.com\/index.php\/produkt\/super-cena-primalex-zakladni-antikorozni-barva-na-kov-28896\/\" \/>\n<meta property=\"og:locale\" content=\"cs_CZ\" \/>\n<meta property=\"og:type\" content=\"article\" \/>\n<meta property=\"og:title\" content=\"Super Cena Primalex Z\u00e1kladn\u00ed Antikor\u00f3zn\u00ed Barva Na Kov - Pr\u016fmyslov\u00e9 vybaven\u00ed a p\u0159\u00edslu\u0161enstv\u00ed\" \/>\n<meta property=\"og:description\" content=\"Popis Primalex Syntetick\u00e1 Z\u00e1kladn\u00ed Antikor\u00f3zn\u00ed Barva Na Kovn\u00e1t\u011br m\u00e1 vynikaj\u00edc\u00ed p\u0159ilnavost ke kovov\u00fdm povrch\u016fm (\u017eelezo, ocel) a z\u00e1rove\u0148 tak\u00e9 zvy\u0161uje p\u0159ilnavost vrchn\u00edho n\u00e1t\u011bru. Primalex Syntetick\u00e1 Z\u00e1kladn\u00ed Antikor\u00f3zn\u00ed Barva Na Kovje vhodn\u00e1 pro z\u00e1kladn\u00ed n\u00e1t\u011bry \u017eelezn\u00fdch a ocelov\u00fdch materi\u00e1l\u016f, nap\u0159. ploty, vrata, z\u00e1rubn\u011b nebo jin\u00e9 konstrukce a jejich prvky, zejm\u00e9na pod vrchn\u00ed kryc\u00ed syntetick\u00e9 barvy. Technick\u00e9 [&hellip;]\" \/>\n<meta property=\"og:url\" content=\"https:\/\/www.domtechnikpro.com\/index.php\/produkt\/super-cena-primalex-zakladni-antikorozni-barva-na-kov-28896\/\" \/>\n<meta property=\"og:site_name\" content=\"Pr\u016fmyslov\u00e9 vybaven\u00ed a p\u0159\u00edslu\u0161enstv\u00ed\" \/>\n<meta property=\"og:image\" content=\"https:\/\/www.domtechnikpro.com\/wp-content\/uploads\/2026\/SK0001433-CZ20260425-092254-0-1777080174-27381_primalex-zakladni-antikorozni.webp\" \/>\n\t<meta property=\"og:image:width\" content=\"1000\" \/>\n\t<meta property=\"og:image:height\" content=\"750\" \/>\n\t<meta property=\"og:image:type\" content=\"image\/webp\" \/>\n<meta name=\"twitter:card\" content=\"summary_large_image\" \/>\n<meta name=\"twitter:label1\" content=\"Odhadovan\u00e1 doba \u010dten\u00ed\" \/>\n\t<meta name=\"twitter:data1\" content=\"1 minuta\" \/>\n<script type=\"application\/ld+json\" class=\"yoast-schema-graph\">{\"@context\":\"https:\/\/schema.org\",\"@graph\":[{\"@type\":\"WebPage\",\"@id\":\"https:\/\/www.domtechnikpro.com\/index.php\/produkt\/super-cena-primalex-zakladni-antikorozni-barva-na-kov-28896\/\",\"url\":\"https:\/\/www.domtechnikpro.com\/index.php\/produkt\/super-cena-primalex-zakladni-antikorozni-barva-na-kov-28896\/\",\"name\":\"Super Cena Primalex Z\u00e1kladn\u00ed Antikor\u00f3zn\u00ed Barva Na Kov - Pr\u016fmyslov\u00e9 vybaven\u00ed a p\u0159\u00edslu\u0161enstv\u00ed\",\"isPartOf\":{\"@id\":\"https:\/\/www.domtechnikpro.com\/#website\"},\"primaryImageOfPage\":{\"@id\":\"https:\/\/www.domtechnikpro.com\/index.php\/produkt\/super-cena-primalex-zakladni-antikorozni-barva-na-kov-28896\/#primaryimage\"},\"image\":{\"@id\":\"https:\/\/www.domtechnikpro.com\/index.php\/produkt\/super-cena-primalex-zakladni-antikorozni-barva-na-kov-28896\/#primaryimage\"},\"thumbnailUrl\":\"https:\/\/www.domtechnikpro.com\/wp-content\/uploads\/2026\/SK0001433-CZ20260425-092254-0-1777080174-27381_primalex-zakladni-antikorozni.webp\",\"datePublished\":\"2026-04-26T08:56:29+00:00\",\"breadcrumb\":{\"@id\":\"https:\/\/www.domtechnikpro.com\/index.php\/produkt\/super-cena-primalex-zakladni-antikorozni-barva-na-kov-28896\/#breadcrumb\"},\"inLanguage\":\"cs\",\"potentialAction\":[{\"@type\":\"ReadAction\",\"target\":[\"https:\/\/www.domtechnikpro.com\/index.php\/produkt\/super-cena-primalex-zakladni-antikorozni-barva-na-kov-28896\/\"]}]},{\"@type\":\"ImageObject\",\"inLanguage\":\"cs\",\"@id\":\"https:\/\/www.domtechnikpro.com\/index.php\/produkt\/super-cena-primalex-zakladni-antikorozni-barva-na-kov-28896\/#primaryimage\",\"url\":\"https:\/\/www.domtechnikpro.com\/wp-content\/uploads\/2026\/SK0001433-CZ20260425-092254-0-1777080174-27381_primalex-zakladni-antikorozni.webp\",\"contentUrl\":\"https:\/\/www.domtechnikpro.com\/wp-content\/uploads\/2026\/SK0001433-CZ20260425-092254-0-1777080174-27381_primalex-zakladni-antikorozni.webp\",\"width\":1000,\"height\":750},{\"@type\":\"BreadcrumbList\",\"@id\":\"https:\/\/www.domtechnikpro.com\/index.php\/produkt\/super-cena-primalex-zakladni-antikorozni-barva-na-kov-28896\/#breadcrumb\",\"itemListElement\":[{\"@type\":\"ListItem\",\"position\":1,\"name\":\"Home\",\"item\":\"https:\/\/www.domtechnikpro.com\/\"},{\"@type\":\"ListItem\",\"position\":2,\"name\":\"Products\",\"item\":\"https:\/\/www.domtechnikpro.com\/products\/\"},{\"@type\":\"ListItem\",\"position\":3,\"name\":\"Super Cena Primalex Z\u00e1kladn\u00ed Antikor\u00f3zn\u00ed Barva Na Kov\"}]},{\"@type\":\"WebSite\",\"@id\":\"https:\/\/www.domtechnikpro.com\/#website\",\"url\":\"https:\/\/www.domtechnikpro.com\/\",\"name\":\"Pr\u016fmyslov\u00e9 vybaven\u00ed a p\u0159\u00edslu\u0161enstv\u00ed\",\"description\":\"Pr\u016fmyslov\u00e9 vybaven\u00ed a p\u0159\u00edslu\u0161enstv\u00ed\",\"publisher\":{\"@id\":\"https:\/\/www.domtechnikpro.com\/#organization\"},\"potentialAction\":[{\"@type\":\"SearchAction\",\"target\":{\"@type\":\"EntryPoint\",\"urlTemplate\":\"https:\/\/www.domtechnikpro.com\/?s={search_term_string}\"},\"query-input\":{\"@type\":\"PropertyValueSpecification\",\"valueRequired\":true,\"valueName\":\"search_term_string\"}}],\"inLanguage\":\"cs\"},{\"@type\":\"Organization\",\"@id\":\"https:\/\/www.domtechnikpro.com\/#organization\",\"name\":\"Pr\u016fmyslov\u00e9 vybaven\u00ed a p\u0159\u00edslu\u0161enstv\u00ed\",\"url\":\"https:\/\/www.domtechnikpro.com\/\",\"logo\":{\"@type\":\"ImageObject\",\"inLanguage\":\"cs\",\"@id\":\"https:\/\/www.domtechnikpro.com\/#\/schema\/logo\/image\/\",\"url\":\"https:\/\/www.domtechnikpro.com\/wp-content\/uploads\/2026\/04\/domtechnikpro_logo_full.svg\",\"contentUrl\":\"https:\/\/www.domtechnikpro.com\/wp-content\/uploads\/2026\/04\/domtechnikpro_logo_full.svg\",\"width\":920,\"height\":180,\"caption\":\"Pr\u016fmyslov\u00e9 vybaven\u00ed a p\u0159\u00edslu\u0161enstv\u00ed\"},\"image\":{\"@id\":\"https:\/\/www.domtechnikpro.com\/#\/schema\/logo\/image\/\"}}]}<\/script>\n<!-- \/ Yoast SEO plugin. -->","yoast_head_json":{"title":"Super Cena Primalex Z\u00e1kladn\u00ed Antikor\u00f3zn\u00ed Barva Na Kov - Pr\u016fmyslov\u00e9 vybaven\u00ed a p\u0159\u00edslu\u0161enstv\u00ed","robots":{"index":"index","follow":"follow","max-snippet":"max-snippet:-1","max-image-preview":"max-image-preview:large","max-video-preview":"max-video-preview:-1"},"canonical":"https:\/\/www.domtechnikpro.com\/index.php\/produkt\/super-cena-primalex-zakladni-antikorozni-barva-na-kov-28896\/","og_locale":"cs_CZ","og_type":"article","og_title":"Super Cena Primalex Z\u00e1kladn\u00ed Antikor\u00f3zn\u00ed Barva Na Kov - Pr\u016fmyslov\u00e9 vybaven\u00ed a p\u0159\u00edslu\u0161enstv\u00ed","og_description":"Popis Primalex Syntetick\u00e1 Z\u00e1kladn\u00ed Antikor\u00f3zn\u00ed Barva Na Kovn\u00e1t\u011br m\u00e1 vynikaj\u00edc\u00ed p\u0159ilnavost ke kovov\u00fdm povrch\u016fm (\u017eelezo, ocel) a z\u00e1rove\u0148 tak\u00e9 zvy\u0161uje p\u0159ilnavost vrchn\u00edho n\u00e1t\u011bru. Primalex Syntetick\u00e1 Z\u00e1kladn\u00ed Antikor\u00f3zn\u00ed Barva Na Kovje vhodn\u00e1 pro z\u00e1kladn\u00ed n\u00e1t\u011bry \u017eelezn\u00fdch a ocelov\u00fdch materi\u00e1l\u016f, nap\u0159. ploty, vrata, z\u00e1rubn\u011b nebo jin\u00e9 konstrukce a jejich prvky, zejm\u00e9na pod vrchn\u00ed kryc\u00ed syntetick\u00e9 barvy. Technick\u00e9 [&hellip;]","og_url":"https:\/\/www.domtechnikpro.com\/index.php\/produkt\/super-cena-primalex-zakladni-antikorozni-barva-na-kov-28896\/","og_site_name":"Pr\u016fmyslov\u00e9 vybaven\u00ed a p\u0159\u00edslu\u0161enstv\u00ed","og_image":[{"width":1000,"height":750,"url":"https:\/\/www.domtechnikpro.com\/wp-content\/uploads\/2026\/SK0001433-CZ20260425-092254-0-1777080174-27381_primalex-zakladni-antikorozni.webp","type":"image\/webp"}],"twitter_card":"summary_large_image","twitter_misc":{"Odhadovan\u00e1 doba \u010dten\u00ed":"1 minuta"},"schema":{"@context":"https:\/\/schema.org","@graph":[{"@type":"WebPage","@id":"https:\/\/www.domtechnikpro.com\/index.php\/produkt\/super-cena-primalex-zakladni-antikorozni-barva-na-kov-28896\/","url":"https:\/\/www.domtechnikpro.com\/index.php\/produkt\/super-cena-primalex-zakladni-antikorozni-barva-na-kov-28896\/","name":"Super Cena Primalex Z\u00e1kladn\u00ed Antikor\u00f3zn\u00ed Barva Na Kov - Pr\u016fmyslov\u00e9 vybaven\u00ed a p\u0159\u00edslu\u0161enstv\u00ed","isPartOf":{"@id":"https:\/\/www.domtechnikpro.com\/#website"},"primaryImageOfPage":{"@id":"https:\/\/www.domtechnikpro.com\/index.php\/produkt\/super-cena-primalex-zakladni-antikorozni-barva-na-kov-28896\/#primaryimage"},"image":{"@id":"https:\/\/www.domtechnikpro.com\/index.php\/produkt\/super-cena-primalex-zakladni-antikorozni-barva-na-kov-28896\/#primaryimage"},"thumbnailUrl":"https:\/\/www.domtechnikpro.com\/wp-content\/uploads\/2026\/SK0001433-CZ20260425-092254-0-1777080174-27381_primalex-zakladni-antikorozni.webp","datePublished":"2026-04-26T08:56:29+00:00","breadcrumb":{"@id":"https:\/\/www.domtechnikpro.com\/index.php\/produkt\/super-cena-primalex-zakladni-antikorozni-barva-na-kov-28896\/#breadcrumb"},"inLanguage":"cs","potentialAction":[{"@type":"ReadAction","target":["https:\/\/www.domtechnikpro.com\/index.php\/produkt\/super-cena-primalex-zakladni-antikorozni-barva-na-kov-28896\/"]}]},{"@type":"ImageObject","inLanguage":"cs","@id":"https:\/\/www.domtechnikpro.com\/index.php\/produkt\/super-cena-primalex-zakladni-antikorozni-barva-na-kov-28896\/#primaryimage","url":"https:\/\/www.domtechnikpro.com\/wp-content\/uploads\/2026\/SK0001433-CZ20260425-092254-0-1777080174-27381_primalex-zakladni-antikorozni.webp","contentUrl":"https:\/\/www.domtechnikpro.com\/wp-content\/uploads\/2026\/SK0001433-CZ20260425-092254-0-1777080174-27381_primalex-zakladni-antikorozni.webp","width":1000,"height":750},{"@type":"BreadcrumbList","@id":"https:\/\/www.domtechnikpro.com\/index.php\/produkt\/super-cena-primalex-zakladni-antikorozni-barva-na-kov-28896\/#breadcrumb","itemListElement":[{"@type":"ListItem","position":1,"name":"Home","item":"https:\/\/www.domtechnikpro.com\/"},{"@type":"ListItem","position":2,"name":"Products","item":"https:\/\/www.domtechnikpro.com\/products\/"},{"@type":"ListItem","position":3,"name":"Super Cena Primalex Z\u00e1kladn\u00ed Antikor\u00f3zn\u00ed Barva Na Kov"}]},{"@type":"WebSite","@id":"https:\/\/www.domtechnikpro.com\/#website","url":"https:\/\/www.domtechnikpro.com\/","name":"Pr\u016fmyslov\u00e9 vybaven\u00ed a p\u0159\u00edslu\u0161enstv\u00ed","description":"Pr\u016fmyslov\u00e9 vybaven\u00ed a p\u0159\u00edslu\u0161enstv\u00ed","publisher":{"@id":"https:\/\/www.domtechnikpro.com\/#organization"},"potentialAction":[{"@type":"SearchAction","target":{"@type":"EntryPoint","urlTemplate":"https:\/\/www.domtechnikpro.com\/?s={search_term_string}"},"query-input":{"@type":"PropertyValueSpecification","valueRequired":true,"valueName":"search_term_string"}}],"inLanguage":"cs"},{"@type":"Organization","@id":"https:\/\/www.domtechnikpro.com\/#organization","name":"Pr\u016fmyslov\u00e9 vybaven\u00ed a p\u0159\u00edslu\u0161enstv\u00ed","url":"https:\/\/www.domtechnikpro.com\/","logo":{"@type":"ImageObject","inLanguage":"cs","@id":"https:\/\/www.domtechnikpro.com\/#\/schema\/logo\/image\/","url":"https:\/\/www.domtechnikpro.com\/wp-content\/uploads\/2026\/04\/domtechnikpro_logo_full.svg","contentUrl":"https:\/\/www.domtechnikpro.com\/wp-content\/uploads\/2026\/04\/domtechnikpro_logo_full.svg","width":920,"height":180,"caption":"Pr\u016fmyslov\u00e9 vybaven\u00ed a p\u0159\u00edslu\u0161enstv\u00ed"},"image":{"@id":"https:\/\/www.domtechnikpro.com\/#\/schema\/logo\/image\/"}}]}},"_links":{"self":[{"href":"https:\/\/www.domtechnikpro.com\/wp-json\/wp\/v2\/product\/28896","targetHints":{"allow":["GET"]}}],"collection":[{"href":"https:\/\/www.domtechnikpro.com\/wp-json\/wp\/v2\/product"}],"about":[{"href":"https:\/\/www.domtechnikpro.com\/wp-json\/wp\/v2\/types\/product"}],"replies":[{"embeddable":true,"href":"https:\/\/www.domtechnikpro.com\/wp-json\/wp\/v2\/comments?post=28896"}],"wp:featuredmedia":[{"embeddable":true,"href":"https:\/\/www.domtechnikpro.com\/wp-json\/wp\/v2\/media\/28996"}],"wp:attachment":[{"href":"https:\/\/www.domtechnikpro.com\/wp-json\/wp\/v2\/media?parent=28896"}],"wp:term":[{"taxonomy":"product_brand","embeddable":true,"href":"https:\/\/www.domtechnikpro.com\/wp-json\/wp\/v2\/product_brand?post=28896"},{"taxonomy":"product_cat","embeddable":true,"href":"https:\/\/www.domtechnikpro.com\/wp-json\/wp\/v2\/product_cat?post=28896"},{"taxonomy":"product_tag","embeddable":true,"href":"https:\/\/www.domtechnikpro.com\/wp-json\/wp\/v2\/product_tag?post=28896"}],"curies":[{"name":"wp","href":"https:\/\/api.w.org\/{rel}","templated":true}]}}