{"id":28746,"date":"2026-04-26T08:56:27","date_gmt":"2026-04-26T08:56:27","guid":{"rendered":""},"modified":"2026-04-26T08:56:27","modified_gmt":"2026-04-26T08:56:27","slug":"akcni-cena-polykar-metalik-28746","status":"publish","type":"product","link":"https:\/\/www.domtechnikpro.com\/produkt\/akcni-cena-polykar-metalik-28746\/","title":{"rendered":"Ak\u010dn\u00ed Cena Polykar Metalik"},"content":{"rendered":"<div class=\"row\">\n<div class=\"col-sm-12 shp-tabs-row responsive-nav\">\n<div class=\"shp-tabs-holder\">\n<ul id=\"p-detail-tabs\" class=\"shp-tabs p-detail-tabs visible-links\" role=\"tablist\">\n<li class=\"shp-tab active\" data-testid=\"tabDescription\">                Popis            <\/li>\n<\/ul>\n<\/div><\/div>\n<div class=\"col-sm-12 \">\n<div id=\"tab-content\" class=\"tab-content\">\n<div id=\"description\" class=\"tab-pane fade in active wide-tab\" role=\"tabpanel\">\n<div class=\"description-inner\">\n<div class=\"basic-description\">                                                        Polykar Metalik je speci\u00e1ln\u00ed tmel ur\u010den\u00fd pro tmelen\u00ed lehk\u00fdch kov\u016f, pozinkovan\u00fdch plech\u016f karos\u00e9ri\u00ed a oceli. Vzhledem k vysok\u00e9mu obsahu hlin\u00edkov\u00e9ho pr\u00e1\u0161ku m\u00e1 jemnou strukturu a dobrou aplikovatelnost, snadno se brous\u00ed.<\/p>\n<p>Polykar Metalik m\u00e1 jemnou strukturu, zv\u00fd\u0161enou p\u0159ilnavost a v\u00fdbornou aplikovatelnost.<br \/>Ur\u010den\u00fd pro b\u011b\u017en\u00fd podklad, v\u010detn\u011b litiny, hlin\u00edku, zinku a sklolamin\u00e1tu.<\/p>\n<p>Doba zpracov\u00e1n\u00ed do 6 minut po natu\u017een\u00ed, doba brou\u0161en\u00ed za 30 minut.<\/p>\n<p>Balen\u00ed: 0,2 kg; 0,5 kg; 1 kg; 1,8 kg; 5 kg; 15 kg; 3 kg pro d\u00e1vkovac\u00ed za\u0159\u00edzen\u00ed<\/p>\n<p>Barva: st\u0159\u00edbrn\u00e1 metalick\u00e1                            <\/div>\n<div class=\"extended-description\">\n<p><strong>Dopl\u0148kov\u00e9 parametry<\/strong><\/p>\n<table class=\"detail-parameters\">\n<tbody>\n<tr>\n<th>        <span class=\"row-header-label\">            Kategorie<span class=\"row-header-label-colon\">:<\/span>        <\/span>    <\/th>\n<td>        Tmely    <\/td>\n<\/tr>\n<tr class=\"productEan\">\n<th>          <span class=\"row-header-label productEan__label\">              EAN<span class=\"row-header-label-colon\">:<\/span>          <\/span>      <\/th>\n<td>          <span class=\"productEan__value js-productEan__value\">Zvolte variantu<\/span>      <\/td>\n<\/tr>\n<\/tbody>\n<\/table><\/div>\n<\/p><\/div>\n<\/p><\/div>\n<\/p><\/div>\n<\/p><\/div>\n<\/p><\/div>\n<\/p><\/div>\n<\/p><\/div>\n<p>                    <\/main>    <\/div>\n<\/p><\/div>\n","protected":false},"excerpt":{"rendered":"<p>Popis Polykar Metalik je speci\u00e1ln\u00ed tmel ur\u010den\u00fd pro tmelen\u00ed lehk\u00fdch kov\u016f, pozinkovan\u00fdch plech\u016f karos\u00e9ri\u00ed a oceli. Vzhledem k vysok\u00e9mu obsahu hlin\u00edkov\u00e9ho pr\u00e1\u0161ku m\u00e1 jemnou strukturu a dobrou aplikovatelnost, snadno se brous\u00ed. Polykar Metalik m\u00e1 jemnou strukturu, zv\u00fd\u0161enou p\u0159ilnavost a v\u00fdbornou aplikovatelnost.Ur\u010den\u00fd pro b\u011b\u017en\u00fd podklad, v\u010detn\u011b litiny, hlin\u00edku, zinku a sklolamin\u00e1tu. Doba zpracov\u00e1n\u00ed do 6 minut [&hellip;]<\/p>\n","protected":false},"featured_media":28846,"comment_status":"open","ping_status":"open","template":"","meta":[],"product_brand":[],"product_cat":[107],"product_tag":[],"class_list":{"0":"post-28746","1":"product","2":"type-product","3":"status-publish","4":"has-post-thumbnail","6":"product_cat-auto-moto","8":"first","9":"instock","10":"sale","11":"shipping-taxable","12":"purchasable","13":"product-type-simple"},"yoast_head":"<!-- This site is optimized with the Yoast SEO plugin v26.8 - https:\/\/yoast.com\/product\/yoast-seo-wordpress\/ -->\n<title>Ak\u010dn\u00ed Cena Polykar Metalik - Pr\u016fmyslov\u00e9 vybaven\u00ed a p\u0159\u00edslu\u0161enstv\u00ed<\/title>\n<meta name=\"robots\" content=\"index, follow, max-snippet:-1, max-image-preview:large, max-video-preview:-1\" \/>\n<link rel=\"canonical\" href=\"https:\/\/www.domtechnikpro.com\/index.php\/produkt\/akcni-cena-polykar-metalik-28746\/\" \/>\n<meta property=\"og:locale\" content=\"cs_CZ\" \/>\n<meta property=\"og:type\" content=\"article\" \/>\n<meta property=\"og:title\" content=\"Ak\u010dn\u00ed Cena Polykar Metalik - Pr\u016fmyslov\u00e9 vybaven\u00ed a p\u0159\u00edslu\u0161enstv\u00ed\" \/>\n<meta property=\"og:description\" content=\"Popis Polykar Metalik je speci\u00e1ln\u00ed tmel ur\u010den\u00fd pro tmelen\u00ed lehk\u00fdch kov\u016f, pozinkovan\u00fdch plech\u016f karos\u00e9ri\u00ed a oceli. Vzhledem k vysok\u00e9mu obsahu hlin\u00edkov\u00e9ho pr\u00e1\u0161ku m\u00e1 jemnou strukturu a dobrou aplikovatelnost, snadno se brous\u00ed. Polykar Metalik m\u00e1 jemnou strukturu, zv\u00fd\u0161enou p\u0159ilnavost a v\u00fdbornou aplikovatelnost.Ur\u010den\u00fd pro b\u011b\u017en\u00fd podklad, v\u010detn\u011b litiny, hlin\u00edku, zinku a sklolamin\u00e1tu. Doba zpracov\u00e1n\u00ed do 6 minut [&hellip;]\" \/>\n<meta property=\"og:url\" content=\"https:\/\/www.domtechnikpro.com\/index.php\/produkt\/akcni-cena-polykar-metalik-28746\/\" \/>\n<meta property=\"og:site_name\" content=\"Pr\u016fmyslov\u00e9 vybaven\u00ed a p\u0159\u00edslu\u0161enstv\u00ed\" \/>\n<meta property=\"og:image\" content=\"https:\/\/www.domtechnikpro.com\/wp-content\/uploads\/2026\/SK0001383-CZ20260425-092254-0-1777080174-27198_polykar-polytmel-metalik.webp\" \/>\n\t<meta property=\"og:image:width\" content=\"1000\" \/>\n\t<meta property=\"og:image:height\" content=\"750\" \/>\n\t<meta property=\"og:image:type\" content=\"image\/webp\" \/>\n<meta name=\"twitter:card\" content=\"summary_large_image\" \/>\n<meta name=\"twitter:label1\" content=\"Odhadovan\u00e1 doba \u010dten\u00ed\" \/>\n\t<meta name=\"twitter:data1\" content=\"1 minuta\" \/>\n<script type=\"application\/ld+json\" class=\"yoast-schema-graph\">{\"@context\":\"https:\/\/schema.org\",\"@graph\":[{\"@type\":\"WebPage\",\"@id\":\"https:\/\/www.domtechnikpro.com\/index.php\/produkt\/akcni-cena-polykar-metalik-28746\/\",\"url\":\"https:\/\/www.domtechnikpro.com\/index.php\/produkt\/akcni-cena-polykar-metalik-28746\/\",\"name\":\"Ak\u010dn\u00ed Cena Polykar Metalik - Pr\u016fmyslov\u00e9 vybaven\u00ed a p\u0159\u00edslu\u0161enstv\u00ed\",\"isPartOf\":{\"@id\":\"https:\/\/www.domtechnikpro.com\/#website\"},\"primaryImageOfPage\":{\"@id\":\"https:\/\/www.domtechnikpro.com\/index.php\/produkt\/akcni-cena-polykar-metalik-28746\/#primaryimage\"},\"image\":{\"@id\":\"https:\/\/www.domtechnikpro.com\/index.php\/produkt\/akcni-cena-polykar-metalik-28746\/#primaryimage\"},\"thumbnailUrl\":\"https:\/\/www.domtechnikpro.com\/wp-content\/uploads\/2026\/SK0001383-CZ20260425-092254-0-1777080174-27198_polykar-polytmel-metalik.webp\",\"datePublished\":\"2026-04-26T08:56:27+00:00\",\"breadcrumb\":{\"@id\":\"https:\/\/www.domtechnikpro.com\/index.php\/produkt\/akcni-cena-polykar-metalik-28746\/#breadcrumb\"},\"inLanguage\":\"cs\",\"potentialAction\":[{\"@type\":\"ReadAction\",\"target\":[\"https:\/\/www.domtechnikpro.com\/index.php\/produkt\/akcni-cena-polykar-metalik-28746\/\"]}]},{\"@type\":\"ImageObject\",\"inLanguage\":\"cs\",\"@id\":\"https:\/\/www.domtechnikpro.com\/index.php\/produkt\/akcni-cena-polykar-metalik-28746\/#primaryimage\",\"url\":\"https:\/\/www.domtechnikpro.com\/wp-content\/uploads\/2026\/SK0001383-CZ20260425-092254-0-1777080174-27198_polykar-polytmel-metalik.webp\",\"contentUrl\":\"https:\/\/www.domtechnikpro.com\/wp-content\/uploads\/2026\/SK0001383-CZ20260425-092254-0-1777080174-27198_polykar-polytmel-metalik.webp\",\"width\":1000,\"height\":750},{\"@type\":\"BreadcrumbList\",\"@id\":\"https:\/\/www.domtechnikpro.com\/index.php\/produkt\/akcni-cena-polykar-metalik-28746\/#breadcrumb\",\"itemListElement\":[{\"@type\":\"ListItem\",\"position\":1,\"name\":\"Home\",\"item\":\"https:\/\/www.domtechnikpro.com\/\"},{\"@type\":\"ListItem\",\"position\":2,\"name\":\"Products\",\"item\":\"https:\/\/www.domtechnikpro.com\/products\/\"},{\"@type\":\"ListItem\",\"position\":3,\"name\":\"Ak\u010dn\u00ed Cena Polykar Metalik\"}]},{\"@type\":\"WebSite\",\"@id\":\"https:\/\/www.domtechnikpro.com\/#website\",\"url\":\"https:\/\/www.domtechnikpro.com\/\",\"name\":\"Pr\u016fmyslov\u00e9 vybaven\u00ed a p\u0159\u00edslu\u0161enstv\u00ed\",\"description\":\"Pr\u016fmyslov\u00e9 vybaven\u00ed a p\u0159\u00edslu\u0161enstv\u00ed\",\"publisher\":{\"@id\":\"https:\/\/www.domtechnikpro.com\/#organization\"},\"potentialAction\":[{\"@type\":\"SearchAction\",\"target\":{\"@type\":\"EntryPoint\",\"urlTemplate\":\"https:\/\/www.domtechnikpro.com\/?s={search_term_string}\"},\"query-input\":{\"@type\":\"PropertyValueSpecification\",\"valueRequired\":true,\"valueName\":\"search_term_string\"}}],\"inLanguage\":\"cs\"},{\"@type\":\"Organization\",\"@id\":\"https:\/\/www.domtechnikpro.com\/#organization\",\"name\":\"Pr\u016fmyslov\u00e9 vybaven\u00ed a p\u0159\u00edslu\u0161enstv\u00ed\",\"url\":\"https:\/\/www.domtechnikpro.com\/\",\"logo\":{\"@type\":\"ImageObject\",\"inLanguage\":\"cs\",\"@id\":\"https:\/\/www.domtechnikpro.com\/#\/schema\/logo\/image\/\",\"url\":\"https:\/\/www.domtechnikpro.com\/wp-content\/uploads\/2026\/04\/domtechnikpro_logo_full.svg\",\"contentUrl\":\"https:\/\/www.domtechnikpro.com\/wp-content\/uploads\/2026\/04\/domtechnikpro_logo_full.svg\",\"width\":920,\"height\":180,\"caption\":\"Pr\u016fmyslov\u00e9 vybaven\u00ed a p\u0159\u00edslu\u0161enstv\u00ed\"},\"image\":{\"@id\":\"https:\/\/www.domtechnikpro.com\/#\/schema\/logo\/image\/\"}}]}<\/script>\n<!-- \/ Yoast SEO plugin. -->","yoast_head_json":{"title":"Ak\u010dn\u00ed Cena Polykar Metalik - Pr\u016fmyslov\u00e9 vybaven\u00ed a p\u0159\u00edslu\u0161enstv\u00ed","robots":{"index":"index","follow":"follow","max-snippet":"max-snippet:-1","max-image-preview":"max-image-preview:large","max-video-preview":"max-video-preview:-1"},"canonical":"https:\/\/www.domtechnikpro.com\/index.php\/produkt\/akcni-cena-polykar-metalik-28746\/","og_locale":"cs_CZ","og_type":"article","og_title":"Ak\u010dn\u00ed Cena Polykar Metalik - Pr\u016fmyslov\u00e9 vybaven\u00ed a p\u0159\u00edslu\u0161enstv\u00ed","og_description":"Popis Polykar Metalik je speci\u00e1ln\u00ed tmel ur\u010den\u00fd pro tmelen\u00ed lehk\u00fdch kov\u016f, pozinkovan\u00fdch plech\u016f karos\u00e9ri\u00ed a oceli. Vzhledem k vysok\u00e9mu obsahu hlin\u00edkov\u00e9ho pr\u00e1\u0161ku m\u00e1 jemnou strukturu a dobrou aplikovatelnost, snadno se brous\u00ed. Polykar Metalik m\u00e1 jemnou strukturu, zv\u00fd\u0161enou p\u0159ilnavost a v\u00fdbornou aplikovatelnost.Ur\u010den\u00fd pro b\u011b\u017en\u00fd podklad, v\u010detn\u011b litiny, hlin\u00edku, zinku a sklolamin\u00e1tu. Doba zpracov\u00e1n\u00ed do 6 minut [&hellip;]","og_url":"https:\/\/www.domtechnikpro.com\/index.php\/produkt\/akcni-cena-polykar-metalik-28746\/","og_site_name":"Pr\u016fmyslov\u00e9 vybaven\u00ed a p\u0159\u00edslu\u0161enstv\u00ed","og_image":[{"width":1000,"height":750,"url":"https:\/\/www.domtechnikpro.com\/wp-content\/uploads\/2026\/SK0001383-CZ20260425-092254-0-1777080174-27198_polykar-polytmel-metalik.webp","type":"image\/webp"}],"twitter_card":"summary_large_image","twitter_misc":{"Odhadovan\u00e1 doba \u010dten\u00ed":"1 minuta"},"schema":{"@context":"https:\/\/schema.org","@graph":[{"@type":"WebPage","@id":"https:\/\/www.domtechnikpro.com\/index.php\/produkt\/akcni-cena-polykar-metalik-28746\/","url":"https:\/\/www.domtechnikpro.com\/index.php\/produkt\/akcni-cena-polykar-metalik-28746\/","name":"Ak\u010dn\u00ed Cena Polykar Metalik - Pr\u016fmyslov\u00e9 vybaven\u00ed a p\u0159\u00edslu\u0161enstv\u00ed","isPartOf":{"@id":"https:\/\/www.domtechnikpro.com\/#website"},"primaryImageOfPage":{"@id":"https:\/\/www.domtechnikpro.com\/index.php\/produkt\/akcni-cena-polykar-metalik-28746\/#primaryimage"},"image":{"@id":"https:\/\/www.domtechnikpro.com\/index.php\/produkt\/akcni-cena-polykar-metalik-28746\/#primaryimage"},"thumbnailUrl":"https:\/\/www.domtechnikpro.com\/wp-content\/uploads\/2026\/SK0001383-CZ20260425-092254-0-1777080174-27198_polykar-polytmel-metalik.webp","datePublished":"2026-04-26T08:56:27+00:00","breadcrumb":{"@id":"https:\/\/www.domtechnikpro.com\/index.php\/produkt\/akcni-cena-polykar-metalik-28746\/#breadcrumb"},"inLanguage":"cs","potentialAction":[{"@type":"ReadAction","target":["https:\/\/www.domtechnikpro.com\/index.php\/produkt\/akcni-cena-polykar-metalik-28746\/"]}]},{"@type":"ImageObject","inLanguage":"cs","@id":"https:\/\/www.domtechnikpro.com\/index.php\/produkt\/akcni-cena-polykar-metalik-28746\/#primaryimage","url":"https:\/\/www.domtechnikpro.com\/wp-content\/uploads\/2026\/SK0001383-CZ20260425-092254-0-1777080174-27198_polykar-polytmel-metalik.webp","contentUrl":"https:\/\/www.domtechnikpro.com\/wp-content\/uploads\/2026\/SK0001383-CZ20260425-092254-0-1777080174-27198_polykar-polytmel-metalik.webp","width":1000,"height":750},{"@type":"BreadcrumbList","@id":"https:\/\/www.domtechnikpro.com\/index.php\/produkt\/akcni-cena-polykar-metalik-28746\/#breadcrumb","itemListElement":[{"@type":"ListItem","position":1,"name":"Home","item":"https:\/\/www.domtechnikpro.com\/"},{"@type":"ListItem","position":2,"name":"Products","item":"https:\/\/www.domtechnikpro.com\/products\/"},{"@type":"ListItem","position":3,"name":"Ak\u010dn\u00ed Cena Polykar Metalik"}]},{"@type":"WebSite","@id":"https:\/\/www.domtechnikpro.com\/#website","url":"https:\/\/www.domtechnikpro.com\/","name":"Pr\u016fmyslov\u00e9 vybaven\u00ed a p\u0159\u00edslu\u0161enstv\u00ed","description":"Pr\u016fmyslov\u00e9 vybaven\u00ed a p\u0159\u00edslu\u0161enstv\u00ed","publisher":{"@id":"https:\/\/www.domtechnikpro.com\/#organization"},"potentialAction":[{"@type":"SearchAction","target":{"@type":"EntryPoint","urlTemplate":"https:\/\/www.domtechnikpro.com\/?s={search_term_string}"},"query-input":{"@type":"PropertyValueSpecification","valueRequired":true,"valueName":"search_term_string"}}],"inLanguage":"cs"},{"@type":"Organization","@id":"https:\/\/www.domtechnikpro.com\/#organization","name":"Pr\u016fmyslov\u00e9 vybaven\u00ed a p\u0159\u00edslu\u0161enstv\u00ed","url":"https:\/\/www.domtechnikpro.com\/","logo":{"@type":"ImageObject","inLanguage":"cs","@id":"https:\/\/www.domtechnikpro.com\/#\/schema\/logo\/image\/","url":"https:\/\/www.domtechnikpro.com\/wp-content\/uploads\/2026\/04\/domtechnikpro_logo_full.svg","contentUrl":"https:\/\/www.domtechnikpro.com\/wp-content\/uploads\/2026\/04\/domtechnikpro_logo_full.svg","width":920,"height":180,"caption":"Pr\u016fmyslov\u00e9 vybaven\u00ed a p\u0159\u00edslu\u0161enstv\u00ed"},"image":{"@id":"https:\/\/www.domtechnikpro.com\/#\/schema\/logo\/image\/"}}]}},"_links":{"self":[{"href":"https:\/\/www.domtechnikpro.com\/wp-json\/wp\/v2\/product\/28746","targetHints":{"allow":["GET"]}}],"collection":[{"href":"https:\/\/www.domtechnikpro.com\/wp-json\/wp\/v2\/product"}],"about":[{"href":"https:\/\/www.domtechnikpro.com\/wp-json\/wp\/v2\/types\/product"}],"replies":[{"embeddable":true,"href":"https:\/\/www.domtechnikpro.com\/wp-json\/wp\/v2\/comments?post=28746"}],"wp:featuredmedia":[{"embeddable":true,"href":"https:\/\/www.domtechnikpro.com\/wp-json\/wp\/v2\/media\/28846"}],"wp:attachment":[{"href":"https:\/\/www.domtechnikpro.com\/wp-json\/wp\/v2\/media?parent=28746"}],"wp:term":[{"taxonomy":"product_brand","embeddable":true,"href":"https:\/\/www.domtechnikpro.com\/wp-json\/wp\/v2\/product_brand?post=28746"},{"taxonomy":"product_cat","embeddable":true,"href":"https:\/\/www.domtechnikpro.com\/wp-json\/wp\/v2\/product_cat?post=28746"},{"taxonomy":"product_tag","embeddable":true,"href":"https:\/\/www.domtechnikpro.com\/wp-json\/wp\/v2\/product_tag?post=28746"}],"curies":[{"name":"wp","href":"https:\/\/api.w.org\/{rel}","templated":true}]}}