{"id":28708,"date":"2026-04-26T08:56:27","date_gmt":"2026-04-26T08:56:27","guid":{"rendered":""},"modified":"2026-04-26T08:56:27","modified_gmt":"2026-04-26T08:56:27","slug":"omezena-nabidka-ochranny-oblek-velikost-28708","status":"publish","type":"product","link":"https:\/\/www.domtechnikpro.com\/index.php\/produkt\/omezena-nabidka-ochranny-oblek-velikost-28708\/","title":{"rendered":"Omezen\u00e1 Nab\u00eddka Ochrann\u00fd oblek velikost"},"content":{"rendered":"<div class=\"row\">\n<div class=\"col-sm-12 shp-tabs-row responsive-nav\">\n<div class=\"shp-tabs-holder\">\n<ul id=\"p-detail-tabs\" class=\"shp-tabs p-detail-tabs visible-links\" role=\"tablist\">\n<li class=\"shp-tab active\" data-testid=\"tabDescription\">                Popis            <\/li>\n<\/ul>\n<\/div><\/div>\n<div class=\"col-sm-12 \">\n<div id=\"tab-content\" class=\"tab-content\">\n<div id=\"description\" class=\"tab-pane fade in active wide-tab\" role=\"tabpanel\">\n<div class=\"description-inner\">\n<div class=\"basic-description\">                                                        Ochrann\u00fd oblek dod\u00e1v\u00e1me ve velkostech:<br \/>L, XL, XXL                            <\/div>\n<div class=\"extended-description\">\n<p><strong>Dopl\u0148kov\u00e9 parametry<\/strong><\/p>\n<table class=\"detail-parameters\">\n<tbody>\n<tr>\n<th>        <span class=\"row-header-label\">            Kategorie<span class=\"row-header-label-colon\">:<\/span>        <\/span>    <\/th>\n<td>        Jin\u00e9 n\u00e1\u0159ad\u00ed a pot\u0159eby pro \u0159emesln\u00edky    <\/td>\n<\/tr>\n<tr class=\"productEan\">\n<th>          <span class=\"row-header-label productEan__label\">              EAN<span class=\"row-header-label-colon\">:<\/span>          <\/span>      <\/th>\n<td>          <span class=\"productEan__value js-productEan__value\">Zvolte variantu<\/span>      <\/td>\n<\/tr>\n<\/tbody>\n<\/table><\/div>\n<\/p><\/div>\n<\/p><\/div>\n<\/p><\/div>\n<\/p><\/div>\n<\/p><\/div>\n<\/p><\/div>\n<\/p><\/div>\n<p>                    <\/main>    <\/div>\n<\/p><\/div>\n","protected":false},"excerpt":{"rendered":"<p>Popis Ochrann\u00fd oblek dod\u00e1v\u00e1me ve velkostech:L, XL, XXL Dopl\u0148kov\u00e9 parametry Kategorie: Jin\u00e9 n\u00e1\u0159ad\u00ed a pot\u0159eby pro \u0159emesln\u00edky EAN: Zvolte variantu<\/p>\n","protected":false},"featured_media":28808,"comment_status":"open","ping_status":"open","template":"","meta":[],"product_brand":[],"product_cat":[100],"product_tag":[],"class_list":{"0":"post-28708","1":"product","2":"type-product","3":"status-publish","4":"has-post-thumbnail","6":"product_cat-pro-malire","8":"first","9":"instock","10":"sale","11":"shipping-taxable","12":"purchasable","13":"product-type-simple"},"yoast_head":"<!-- This site is optimized with the Yoast SEO plugin v26.8 - https:\/\/yoast.com\/product\/yoast-seo-wordpress\/ -->\n<title>Omezen\u00e1 Nab\u00eddka Ochrann\u00fd oblek velikost -<\/title>\n<meta name=\"robots\" content=\"index, follow, max-snippet:-1, max-image-preview:large, max-video-preview:-1\" \/>\n<link rel=\"canonical\" href=\"https:\/\/www.domtechnikpro.com\/index.php\/produkt\/omezena-nabidka-ochranny-oblek-velikost-28708\/\" \/>\n<meta property=\"og:locale\" content=\"cs_CZ\" \/>\n<meta property=\"og:type\" content=\"article\" \/>\n<meta property=\"og:title\" content=\"Omezen\u00e1 Nab\u00eddka Ochrann\u00fd oblek velikost -\" \/>\n<meta property=\"og:description\" content=\"Popis Ochrann\u00fd oblek dod\u00e1v\u00e1me ve velkostech:L, XL, XXL Dopl\u0148kov\u00e9 parametry Kategorie: Jin\u00e9 n\u00e1\u0159ad\u00ed a pot\u0159eby pro \u0159emesln\u00edky EAN: Zvolte variantu\" \/>\n<meta property=\"og:url\" content=\"https:\/\/www.domtechnikpro.com\/index.php\/produkt\/omezena-nabidka-ochranny-oblek-velikost-28708\/\" \/>\n<meta property=\"og:image\" content=\"https:\/\/www.domtechnikpro.com\/wp-content\/uploads\/2026\/SK0001344-CZ20260425-092254-0-1777080174-27072_schuller-ochranny-oblek.webp\" \/>\n\t<meta property=\"og:image:width\" content=\"1000\" \/>\n\t<meta property=\"og:image:height\" content=\"750\" \/>\n\t<meta property=\"og:image:type\" content=\"image\/webp\" \/>\n<meta name=\"twitter:card\" content=\"summary_large_image\" \/>\n<script type=\"application\/ld+json\" class=\"yoast-schema-graph\">{\"@context\":\"https:\/\/schema.org\",\"@graph\":[{\"@type\":\"WebPage\",\"@id\":\"https:\/\/www.domtechnikpro.com\/index.php\/produkt\/omezena-nabidka-ochranny-oblek-velikost-28708\/\",\"url\":\"https:\/\/www.domtechnikpro.com\/index.php\/produkt\/omezena-nabidka-ochranny-oblek-velikost-28708\/\",\"name\":\"Omezen\u00e1 Nab\u00eddka Ochrann\u00fd oblek velikost -\",\"isPartOf\":{\"@id\":\"https:\/\/www.domtechnikpro.com\/#website\"},\"primaryImageOfPage\":{\"@id\":\"https:\/\/www.domtechnikpro.com\/index.php\/produkt\/omezena-nabidka-ochranny-oblek-velikost-28708\/#primaryimage\"},\"image\":{\"@id\":\"https:\/\/www.domtechnikpro.com\/index.php\/produkt\/omezena-nabidka-ochranny-oblek-velikost-28708\/#primaryimage\"},\"thumbnailUrl\":\"https:\/\/www.domtechnikpro.com\/wp-content\/uploads\/2026\/SK0001344-CZ20260425-092254-0-1777080174-27072_schuller-ochranny-oblek.webp\",\"datePublished\":\"2026-04-26T08:56:27+00:00\",\"breadcrumb\":{\"@id\":\"https:\/\/www.domtechnikpro.com\/index.php\/produkt\/omezena-nabidka-ochranny-oblek-velikost-28708\/#breadcrumb\"},\"inLanguage\":\"cs\",\"potentialAction\":[{\"@type\":\"ReadAction\",\"target\":[\"https:\/\/www.domtechnikpro.com\/index.php\/produkt\/omezena-nabidka-ochranny-oblek-velikost-28708\/\"]}]},{\"@type\":\"ImageObject\",\"inLanguage\":\"cs\",\"@id\":\"https:\/\/www.domtechnikpro.com\/index.php\/produkt\/omezena-nabidka-ochranny-oblek-velikost-28708\/#primaryimage\",\"url\":\"https:\/\/www.domtechnikpro.com\/wp-content\/uploads\/2026\/SK0001344-CZ20260425-092254-0-1777080174-27072_schuller-ochranny-oblek.webp\",\"contentUrl\":\"https:\/\/www.domtechnikpro.com\/wp-content\/uploads\/2026\/SK0001344-CZ20260425-092254-0-1777080174-27072_schuller-ochranny-oblek.webp\",\"width\":1000,\"height\":750},{\"@type\":\"BreadcrumbList\",\"@id\":\"https:\/\/www.domtechnikpro.com\/index.php\/produkt\/omezena-nabidka-ochranny-oblek-velikost-28708\/#breadcrumb\",\"itemListElement\":[{\"@type\":\"ListItem\",\"position\":1,\"name\":\"Home\",\"item\":\"https:\/\/www.domtechnikpro.com\/\"},{\"@type\":\"ListItem\",\"position\":2,\"name\":\"Products\",\"item\":\"https:\/\/www.domtechnikpro.com\/index.php\/products\/\"},{\"@type\":\"ListItem\",\"position\":3,\"name\":\"Omezen\u00e1 Nab\u00eddka Ochrann\u00fd oblek velikost\"}]},{\"@type\":\"WebSite\",\"@id\":\"https:\/\/www.domtechnikpro.com\/#website\",\"url\":\"https:\/\/www.domtechnikpro.com\/\",\"name\":\"\",\"description\":\"\",\"potentialAction\":[{\"@type\":\"SearchAction\",\"target\":{\"@type\":\"EntryPoint\",\"urlTemplate\":\"https:\/\/www.domtechnikpro.com\/?s={search_term_string}\"},\"query-input\":{\"@type\":\"PropertyValueSpecification\",\"valueRequired\":true,\"valueName\":\"search_term_string\"}}],\"inLanguage\":\"cs\"}]}<\/script>\n<!-- \/ Yoast SEO plugin. -->","yoast_head_json":{"title":"Omezen\u00e1 Nab\u00eddka Ochrann\u00fd oblek velikost -","robots":{"index":"index","follow":"follow","max-snippet":"max-snippet:-1","max-image-preview":"max-image-preview:large","max-video-preview":"max-video-preview:-1"},"canonical":"https:\/\/www.domtechnikpro.com\/index.php\/produkt\/omezena-nabidka-ochranny-oblek-velikost-28708\/","og_locale":"cs_CZ","og_type":"article","og_title":"Omezen\u00e1 Nab\u00eddka Ochrann\u00fd oblek velikost -","og_description":"Popis Ochrann\u00fd oblek dod\u00e1v\u00e1me ve velkostech:L, XL, XXL Dopl\u0148kov\u00e9 parametry Kategorie: Jin\u00e9 n\u00e1\u0159ad\u00ed a pot\u0159eby pro \u0159emesln\u00edky EAN: Zvolte variantu","og_url":"https:\/\/www.domtechnikpro.com\/index.php\/produkt\/omezena-nabidka-ochranny-oblek-velikost-28708\/","og_image":[{"width":1000,"height":750,"url":"https:\/\/www.domtechnikpro.com\/wp-content\/uploads\/2026\/SK0001344-CZ20260425-092254-0-1777080174-27072_schuller-ochranny-oblek.webp","type":"image\/webp"}],"twitter_card":"summary_large_image","schema":{"@context":"https:\/\/schema.org","@graph":[{"@type":"WebPage","@id":"https:\/\/www.domtechnikpro.com\/index.php\/produkt\/omezena-nabidka-ochranny-oblek-velikost-28708\/","url":"https:\/\/www.domtechnikpro.com\/index.php\/produkt\/omezena-nabidka-ochranny-oblek-velikost-28708\/","name":"Omezen\u00e1 Nab\u00eddka Ochrann\u00fd oblek velikost -","isPartOf":{"@id":"https:\/\/www.domtechnikpro.com\/#website"},"primaryImageOfPage":{"@id":"https:\/\/www.domtechnikpro.com\/index.php\/produkt\/omezena-nabidka-ochranny-oblek-velikost-28708\/#primaryimage"},"image":{"@id":"https:\/\/www.domtechnikpro.com\/index.php\/produkt\/omezena-nabidka-ochranny-oblek-velikost-28708\/#primaryimage"},"thumbnailUrl":"https:\/\/www.domtechnikpro.com\/wp-content\/uploads\/2026\/SK0001344-CZ20260425-092254-0-1777080174-27072_schuller-ochranny-oblek.webp","datePublished":"2026-04-26T08:56:27+00:00","breadcrumb":{"@id":"https:\/\/www.domtechnikpro.com\/index.php\/produkt\/omezena-nabidka-ochranny-oblek-velikost-28708\/#breadcrumb"},"inLanguage":"cs","potentialAction":[{"@type":"ReadAction","target":["https:\/\/www.domtechnikpro.com\/index.php\/produkt\/omezena-nabidka-ochranny-oblek-velikost-28708\/"]}]},{"@type":"ImageObject","inLanguage":"cs","@id":"https:\/\/www.domtechnikpro.com\/index.php\/produkt\/omezena-nabidka-ochranny-oblek-velikost-28708\/#primaryimage","url":"https:\/\/www.domtechnikpro.com\/wp-content\/uploads\/2026\/SK0001344-CZ20260425-092254-0-1777080174-27072_schuller-ochranny-oblek.webp","contentUrl":"https:\/\/www.domtechnikpro.com\/wp-content\/uploads\/2026\/SK0001344-CZ20260425-092254-0-1777080174-27072_schuller-ochranny-oblek.webp","width":1000,"height":750},{"@type":"BreadcrumbList","@id":"https:\/\/www.domtechnikpro.com\/index.php\/produkt\/omezena-nabidka-ochranny-oblek-velikost-28708\/#breadcrumb","itemListElement":[{"@type":"ListItem","position":1,"name":"Home","item":"https:\/\/www.domtechnikpro.com\/"},{"@type":"ListItem","position":2,"name":"Products","item":"https:\/\/www.domtechnikpro.com\/index.php\/products\/"},{"@type":"ListItem","position":3,"name":"Omezen\u00e1 Nab\u00eddka Ochrann\u00fd oblek velikost"}]},{"@type":"WebSite","@id":"https:\/\/www.domtechnikpro.com\/#website","url":"https:\/\/www.domtechnikpro.com\/","name":"","description":"","potentialAction":[{"@type":"SearchAction","target":{"@type":"EntryPoint","urlTemplate":"https:\/\/www.domtechnikpro.com\/?s={search_term_string}"},"query-input":{"@type":"PropertyValueSpecification","valueRequired":true,"valueName":"search_term_string"}}],"inLanguage":"cs"}]}},"_links":{"self":[{"href":"https:\/\/www.domtechnikpro.com\/index.php\/wp-json\/wp\/v2\/product\/28708","targetHints":{"allow":["GET"]}}],"collection":[{"href":"https:\/\/www.domtechnikpro.com\/index.php\/wp-json\/wp\/v2\/product"}],"about":[{"href":"https:\/\/www.domtechnikpro.com\/index.php\/wp-json\/wp\/v2\/types\/product"}],"replies":[{"embeddable":true,"href":"https:\/\/www.domtechnikpro.com\/index.php\/wp-json\/wp\/v2\/comments?post=28708"}],"wp:featuredmedia":[{"embeddable":true,"href":"https:\/\/www.domtechnikpro.com\/index.php\/wp-json\/wp\/v2\/media\/28808"}],"wp:attachment":[{"href":"https:\/\/www.domtechnikpro.com\/index.php\/wp-json\/wp\/v2\/media?parent=28708"}],"wp:term":[{"taxonomy":"product_brand","embeddable":true,"href":"https:\/\/www.domtechnikpro.com\/index.php\/wp-json\/wp\/v2\/product_brand?post=28708"},{"taxonomy":"product_cat","embeddable":true,"href":"https:\/\/www.domtechnikpro.com\/index.php\/wp-json\/wp\/v2\/product_cat?post=28708"},{"taxonomy":"product_tag","embeddable":true,"href":"https:\/\/www.domtechnikpro.com\/index.php\/wp-json\/wp\/v2\/product_tag?post=28708"}],"curies":[{"name":"wp","href":"https:\/\/api.w.org\/{rel}","templated":true}]}}