{"id":11145,"date":"2026-04-26T08:53:10","date_gmt":"2026-04-26T08:53:10","guid":{"rendered":""},"modified":"2026-04-26T08:53:10","modified_gmt":"2026-04-26T08:53:10","slug":"omezena-nabidka-denbraven-sadrokartonarska-sterka-5-kg-rl-11145","status":"publish","type":"product","link":"https:\/\/www.domtechnikpro.com\/index.php\/produkt\/omezena-nabidka-denbraven-sadrokartonarska-sterka-5-kg-rl-11145\/","title":{"rendered":"Omezen\u00e1 Nab\u00eddka DenBraven S\u00e1drokarton\u00e1\u0159sk\u00e1 st\u011brka 5 kg RL"},"content":{"rendered":"<div class=\"tmc_edt\">\n<p>Vytvrzuje odpa\u0159en\u00edm vody, vytv\u00e1\u0159\u00ed pevn\u00fd dob\u0159e brousiteln\u00fd spoj. Tmel t\u0159\u00eddy 2A (dokon\u010dovac\u00ed tmel) podle \u010cSN EN 13 963:2005.<\/p>\n<p><strong>Pou\u017eit\u00ed:<\/strong><\/p>\n<ul>\n<li>Pro interi\u00e9ry<\/li>\n<li>Tmelen\u00ed sp\u00e1r s\u00e1drokartonov\u00fdch desek na z\u00e1kladn\u00ed vrstvu, jako zakon\u010den\u00ed povrchu)<\/li>\n<li>Velkoplo\u0161n\u00e9 vyrovn\u00e1v\u00e1n\u00ed nerovnost\u00ed v om\u00edtce a s\u00e1drokartonov\u00fdch konstrukc\u00edch<\/li>\n<li>Lok\u00e1ln\u00ed opravy vnit\u0159n\u00edch om\u00edtek p\u00f3robetonov\u00fdch tv\u00e1rnic, po\u0161kozen\u00fdch desek s\u00e1drokarton\u016f<\/li>\n<li>Vyrovn\u00e1n\u00ed podklad\u016f z p\u00f3robetonov\u00fdch tv\u00e1rnic, jako YTONG, HEBEL hrub\u011b srovnan\u00fdch st\u011brkov\u00fdmi lepidly, j\u00e1drov\u00fdmi om\u00edtkami apod.<\/li>\n<\/ul>\n<p><strong>Pracovn\u00ed postup:<\/strong><\/p>\n<ul>\n<li>Tmel rozm\u00edch\u00e1me s vodou na konzistenci v z\u00e1vislosti na po\u017eadavku zpracov\u00e1n\u00ed.<\/li>\n<li>P\u0159ed ka\u017edou dal\u0161\u00ed aplikac\u00ed mus\u00ed b\u00fdt p\u0159edchoz\u00ed vrstva zcela such\u00e1.<\/li>\n<li>Nan\u00e9st prvn\u00ed vrstvu. <\/li>\n<li>V p\u0159\u00edpad\u011b opravy sp\u00e1r je pot\u0159eba ji rozt\u00e1hnout asi 5cm za oba okraje hrubovac\u00ed (z\u00e1kladn\u00ed) nebo band\u00e1\u017eovan\u00ed (z\u00e1kladn\u00ed) vrstvy. <\/li>\n<li>Po zaschnut\u00ed a p\u0159ebrou\u0161en\u00ed t\u00e9to vrstvy op\u011bt zbavit podklad prachu. <\/li>\n<li>Nan\u00e9st druhou (fin\u00e1ln\u00ed) vrstvu, op\u011bt s p\u0159esahem cca 5cm za oba okraje p\u0159edchoz\u00ed vrstvy. <\/li>\n<li>Po zaschnut\u00ed zbrousit povrch do hladka.<\/li>\n<li>Brou\u0161en\u00ed se prov\u00e1d\u00ed pomoc\u00ed Hlad\u00edtka s brusnou m\u0159\u00ed\u017ekou. <\/li>\n<li>Rozpracovan\u00fd nespot\u0159ebovan\u00fd tmel lze uschovat v uzav\u0159en\u00e9 n\u00e1dob\u011b zalit\u00fd vodou po dobu n\u011bkolika dn\u016f.<\/li>\n<\/ul>\n<p>1. Prvn\u00ed fin\u00e1ln\u00ed vrstva \u2013 hust\u0161\u00ed z d\u016fvodu p\u0159izp\u016fsoben\u00ed tvaru a tlou\u0161\u0165ky.<br \/>2. Druh\u00e1 fin\u00e1ln\u00ed vrstva \u2013 \u0159id\u0161\u00ed konzistence z d\u016fvodu uhlazen\u00ed a vyrovn\u00e1n\u00ed vytmelen\u00e9ho spoje nebo om\u00edtky \u2013 usnad\u0148uje proces brou\u0161en\u00ed.<\/p>\n<p>Pozn.: Mno\u017estv\u00ed vody je z\u00e1visl\u00e9 na po\u017eadovan\u00e9 konzistenci tmelu, kter\u00e1 je pro ka\u017edou operaci technologick\u00e9ho cyklu odli\u0161n\u00e1 a pohybuje se od 0,2 \u2013 0,8 litr\u016f\/ 10 kg st\u011brky.<\/p>\n<\/p><\/div>\n<\/p><\/div>\n","protected":false},"excerpt":{"rendered":"<p>Vytvrzuje odpa\u0159en\u00edm vody, vytv\u00e1\u0159\u00ed pevn\u00fd dob\u0159e brousiteln\u00fd spoj. Tmel t\u0159\u00eddy 2A (dokon\u010dovac\u00ed tmel) podle \u010cSN EN 13 963:2005. Pou\u017eit\u00ed: Pro interi\u00e9ry Tmelen\u00ed sp\u00e1r s\u00e1drokartonov\u00fdch desek na z\u00e1kladn\u00ed vrstvu, jako zakon\u010den\u00ed povrchu) Velkoplo\u0161n\u00e9 vyrovn\u00e1v\u00e1n\u00ed nerovnost\u00ed v om\u00edtce a s\u00e1drokartonov\u00fdch konstrukc\u00edch Lok\u00e1ln\u00ed opravy vnit\u0159n\u00edch om\u00edtek p\u00f3robetonov\u00fdch tv\u00e1rnic, po\u0161kozen\u00fdch desek s\u00e1drokarton\u016f Vyrovn\u00e1n\u00ed podklad\u016f z p\u00f3robetonov\u00fdch tv\u00e1rnic, jako YTONG, [&hellip;]<\/p>\n","protected":false},"featured_media":11245,"comment_status":"open","ping_status":"open","template":"","meta":[],"product_brand":[],"product_cat":[68],"product_tag":[],"class_list":{"0":"post-11145","1":"product","2":"type-product","3":"status-publish","4":"has-post-thumbnail","6":"product_cat-sucha-vystavba","8":"first","9":"instock","10":"sale","11":"shipping-taxable","12":"purchasable","13":"product-type-simple"},"yoast_head":"<!-- This site is optimized with the Yoast SEO plugin v26.8 - https:\/\/yoast.com\/product\/yoast-seo-wordpress\/ -->\n<title>Omezen\u00e1 Nab\u00eddka DenBraven S\u00e1drokarton\u00e1\u0159sk\u00e1 st\u011brka 5 kg RL -<\/title>\n<meta name=\"robots\" content=\"index, follow, max-snippet:-1, max-image-preview:large, max-video-preview:-1\" \/>\n<link rel=\"canonical\" href=\"https:\/\/www.domtechnikpro.com\/index.php\/produkt\/omezena-nabidka-denbraven-sadrokartonarska-sterka-5-kg-rl-11145\/\" \/>\n<meta property=\"og:locale\" content=\"cs_CZ\" \/>\n<meta property=\"og:type\" content=\"article\" \/>\n<meta property=\"og:title\" content=\"Omezen\u00e1 Nab\u00eddka DenBraven S\u00e1drokarton\u00e1\u0159sk\u00e1 st\u011brka 5 kg RL -\" \/>\n<meta property=\"og:description\" content=\"Vytvrzuje odpa\u0159en\u00edm vody, vytv\u00e1\u0159\u00ed pevn\u00fd dob\u0159e brousiteln\u00fd spoj. Tmel t\u0159\u00eddy 2A (dokon\u010dovac\u00ed tmel) podle \u010cSN EN 13 963:2005. Pou\u017eit\u00ed: Pro interi\u00e9ry Tmelen\u00ed sp\u00e1r s\u00e1drokartonov\u00fdch desek na z\u00e1kladn\u00ed vrstvu, jako zakon\u010den\u00ed povrchu) Velkoplo\u0161n\u00e9 vyrovn\u00e1v\u00e1n\u00ed nerovnost\u00ed v om\u00edtce a s\u00e1drokartonov\u00fdch konstrukc\u00edch Lok\u00e1ln\u00ed opravy vnit\u0159n\u00edch om\u00edtek p\u00f3robetonov\u00fdch tv\u00e1rnic, po\u0161kozen\u00fdch desek s\u00e1drokarton\u016f Vyrovn\u00e1n\u00ed podklad\u016f z p\u00f3robetonov\u00fdch tv\u00e1rnic, jako YTONG, [&hellip;]\" \/>\n<meta property=\"og:url\" content=\"https:\/\/www.domtechnikpro.com\/index.php\/produkt\/omezena-nabidka-denbraven-sadrokartonarska-sterka-5-kg-rl-11145\/\" \/>\n<meta property=\"og:image\" content=\"https:\/\/www.domtechnikpro.com\/wp-content\/uploads\/2026\/SK0002013-CZ20260425-091813-0-1777079894-gall_736ac2ff-2848-43cc-9f71-423a037f67d49790-denbraven-sad.webp\" \/>\n\t<meta property=\"og:image:width\" content=\"420\" \/>\n\t<meta property=\"og:image:height\" content=\"420\" \/>\n\t<meta property=\"og:image:type\" content=\"image\/webp\" \/>\n<meta name=\"twitter:card\" content=\"summary_large_image\" \/>\n<meta name=\"twitter:label1\" content=\"Odhadovan\u00e1 doba \u010dten\u00ed\" \/>\n\t<meta name=\"twitter:data1\" content=\"1 minuta\" \/>\n<script type=\"application\/ld+json\" class=\"yoast-schema-graph\">{\"@context\":\"https:\/\/schema.org\",\"@graph\":[{\"@type\":\"WebPage\",\"@id\":\"https:\/\/www.domtechnikpro.com\/index.php\/produkt\/omezena-nabidka-denbraven-sadrokartonarska-sterka-5-kg-rl-11145\/\",\"url\":\"https:\/\/www.domtechnikpro.com\/index.php\/produkt\/omezena-nabidka-denbraven-sadrokartonarska-sterka-5-kg-rl-11145\/\",\"name\":\"Omezen\u00e1 Nab\u00eddka DenBraven S\u00e1drokarton\u00e1\u0159sk\u00e1 st\u011brka 5 kg RL -\",\"isPartOf\":{\"@id\":\"https:\/\/www.domtechnikpro.com\/#website\"},\"primaryImageOfPage\":{\"@id\":\"https:\/\/www.domtechnikpro.com\/index.php\/produkt\/omezena-nabidka-denbraven-sadrokartonarska-sterka-5-kg-rl-11145\/#primaryimage\"},\"image\":{\"@id\":\"https:\/\/www.domtechnikpro.com\/index.php\/produkt\/omezena-nabidka-denbraven-sadrokartonarska-sterka-5-kg-rl-11145\/#primaryimage\"},\"thumbnailUrl\":\"https:\/\/www.domtechnikpro.com\/wp-content\/uploads\/2026\/SK0002013-CZ20260425-091813-0-1777079894-gall_736ac2ff-2848-43cc-9f71-423a037f67d49790-denbraven-sad.webp\",\"datePublished\":\"2026-04-26T08:53:10+00:00\",\"breadcrumb\":{\"@id\":\"https:\/\/www.domtechnikpro.com\/index.php\/produkt\/omezena-nabidka-denbraven-sadrokartonarska-sterka-5-kg-rl-11145\/#breadcrumb\"},\"inLanguage\":\"cs\",\"potentialAction\":[{\"@type\":\"ReadAction\",\"target\":[\"https:\/\/www.domtechnikpro.com\/index.php\/produkt\/omezena-nabidka-denbraven-sadrokartonarska-sterka-5-kg-rl-11145\/\"]}]},{\"@type\":\"ImageObject\",\"inLanguage\":\"cs\",\"@id\":\"https:\/\/www.domtechnikpro.com\/index.php\/produkt\/omezena-nabidka-denbraven-sadrokartonarska-sterka-5-kg-rl-11145\/#primaryimage\",\"url\":\"https:\/\/www.domtechnikpro.com\/wp-content\/uploads\/2026\/SK0002013-CZ20260425-091813-0-1777079894-gall_736ac2ff-2848-43cc-9f71-423a037f67d49790-denbraven-sad.webp\",\"contentUrl\":\"https:\/\/www.domtechnikpro.com\/wp-content\/uploads\/2026\/SK0002013-CZ20260425-091813-0-1777079894-gall_736ac2ff-2848-43cc-9f71-423a037f67d49790-denbraven-sad.webp\",\"width\":420,\"height\":420},{\"@type\":\"BreadcrumbList\",\"@id\":\"https:\/\/www.domtechnikpro.com\/index.php\/produkt\/omezena-nabidka-denbraven-sadrokartonarska-sterka-5-kg-rl-11145\/#breadcrumb\",\"itemListElement\":[{\"@type\":\"ListItem\",\"position\":1,\"name\":\"Home\",\"item\":\"https:\/\/www.domtechnikpro.com\/\"},{\"@type\":\"ListItem\",\"position\":2,\"name\":\"Products\",\"item\":\"https:\/\/www.domtechnikpro.com\/index.php\/products\/\"},{\"@type\":\"ListItem\",\"position\":3,\"name\":\"Omezen\u00e1 Nab\u00eddka DenBraven S\u00e1drokarton\u00e1\u0159sk\u00e1 st\u011brka 5 kg RL\"}]},{\"@type\":\"WebSite\",\"@id\":\"https:\/\/www.domtechnikpro.com\/#website\",\"url\":\"https:\/\/www.domtechnikpro.com\/\",\"name\":\"\",\"description\":\"\",\"potentialAction\":[{\"@type\":\"SearchAction\",\"target\":{\"@type\":\"EntryPoint\",\"urlTemplate\":\"https:\/\/www.domtechnikpro.com\/?s={search_term_string}\"},\"query-input\":{\"@type\":\"PropertyValueSpecification\",\"valueRequired\":true,\"valueName\":\"search_term_string\"}}],\"inLanguage\":\"cs\"}]}<\/script>\n<!-- \/ Yoast SEO plugin. -->","yoast_head_json":{"title":"Omezen\u00e1 Nab\u00eddka DenBraven S\u00e1drokarton\u00e1\u0159sk\u00e1 st\u011brka 5 kg RL -","robots":{"index":"index","follow":"follow","max-snippet":"max-snippet:-1","max-image-preview":"max-image-preview:large","max-video-preview":"max-video-preview:-1"},"canonical":"https:\/\/www.domtechnikpro.com\/index.php\/produkt\/omezena-nabidka-denbraven-sadrokartonarska-sterka-5-kg-rl-11145\/","og_locale":"cs_CZ","og_type":"article","og_title":"Omezen\u00e1 Nab\u00eddka DenBraven S\u00e1drokarton\u00e1\u0159sk\u00e1 st\u011brka 5 kg RL -","og_description":"Vytvrzuje odpa\u0159en\u00edm vody, vytv\u00e1\u0159\u00ed pevn\u00fd dob\u0159e brousiteln\u00fd spoj. Tmel t\u0159\u00eddy 2A (dokon\u010dovac\u00ed tmel) podle \u010cSN EN 13 963:2005. Pou\u017eit\u00ed: Pro interi\u00e9ry Tmelen\u00ed sp\u00e1r s\u00e1drokartonov\u00fdch desek na z\u00e1kladn\u00ed vrstvu, jako zakon\u010den\u00ed povrchu) Velkoplo\u0161n\u00e9 vyrovn\u00e1v\u00e1n\u00ed nerovnost\u00ed v om\u00edtce a s\u00e1drokartonov\u00fdch konstrukc\u00edch Lok\u00e1ln\u00ed opravy vnit\u0159n\u00edch om\u00edtek p\u00f3robetonov\u00fdch tv\u00e1rnic, po\u0161kozen\u00fdch desek s\u00e1drokarton\u016f Vyrovn\u00e1n\u00ed podklad\u016f z p\u00f3robetonov\u00fdch tv\u00e1rnic, jako YTONG, [&hellip;]","og_url":"https:\/\/www.domtechnikpro.com\/index.php\/produkt\/omezena-nabidka-denbraven-sadrokartonarska-sterka-5-kg-rl-11145\/","og_image":[{"width":420,"height":420,"url":"https:\/\/www.domtechnikpro.com\/wp-content\/uploads\/2026\/SK0002013-CZ20260425-091813-0-1777079894-gall_736ac2ff-2848-43cc-9f71-423a037f67d49790-denbraven-sad.webp","type":"image\/webp"}],"twitter_card":"summary_large_image","twitter_misc":{"Odhadovan\u00e1 doba \u010dten\u00ed":"1 minuta"},"schema":{"@context":"https:\/\/schema.org","@graph":[{"@type":"WebPage","@id":"https:\/\/www.domtechnikpro.com\/index.php\/produkt\/omezena-nabidka-denbraven-sadrokartonarska-sterka-5-kg-rl-11145\/","url":"https:\/\/www.domtechnikpro.com\/index.php\/produkt\/omezena-nabidka-denbraven-sadrokartonarska-sterka-5-kg-rl-11145\/","name":"Omezen\u00e1 Nab\u00eddka DenBraven S\u00e1drokarton\u00e1\u0159sk\u00e1 st\u011brka 5 kg RL -","isPartOf":{"@id":"https:\/\/www.domtechnikpro.com\/#website"},"primaryImageOfPage":{"@id":"https:\/\/www.domtechnikpro.com\/index.php\/produkt\/omezena-nabidka-denbraven-sadrokartonarska-sterka-5-kg-rl-11145\/#primaryimage"},"image":{"@id":"https:\/\/www.domtechnikpro.com\/index.php\/produkt\/omezena-nabidka-denbraven-sadrokartonarska-sterka-5-kg-rl-11145\/#primaryimage"},"thumbnailUrl":"https:\/\/www.domtechnikpro.com\/wp-content\/uploads\/2026\/SK0002013-CZ20260425-091813-0-1777079894-gall_736ac2ff-2848-43cc-9f71-423a037f67d49790-denbraven-sad.webp","datePublished":"2026-04-26T08:53:10+00:00","breadcrumb":{"@id":"https:\/\/www.domtechnikpro.com\/index.php\/produkt\/omezena-nabidka-denbraven-sadrokartonarska-sterka-5-kg-rl-11145\/#breadcrumb"},"inLanguage":"cs","potentialAction":[{"@type":"ReadAction","target":["https:\/\/www.domtechnikpro.com\/index.php\/produkt\/omezena-nabidka-denbraven-sadrokartonarska-sterka-5-kg-rl-11145\/"]}]},{"@type":"ImageObject","inLanguage":"cs","@id":"https:\/\/www.domtechnikpro.com\/index.php\/produkt\/omezena-nabidka-denbraven-sadrokartonarska-sterka-5-kg-rl-11145\/#primaryimage","url":"https:\/\/www.domtechnikpro.com\/wp-content\/uploads\/2026\/SK0002013-CZ20260425-091813-0-1777079894-gall_736ac2ff-2848-43cc-9f71-423a037f67d49790-denbraven-sad.webp","contentUrl":"https:\/\/www.domtechnikpro.com\/wp-content\/uploads\/2026\/SK0002013-CZ20260425-091813-0-1777079894-gall_736ac2ff-2848-43cc-9f71-423a037f67d49790-denbraven-sad.webp","width":420,"height":420},{"@type":"BreadcrumbList","@id":"https:\/\/www.domtechnikpro.com\/index.php\/produkt\/omezena-nabidka-denbraven-sadrokartonarska-sterka-5-kg-rl-11145\/#breadcrumb","itemListElement":[{"@type":"ListItem","position":1,"name":"Home","item":"https:\/\/www.domtechnikpro.com\/"},{"@type":"ListItem","position":2,"name":"Products","item":"https:\/\/www.domtechnikpro.com\/index.php\/products\/"},{"@type":"ListItem","position":3,"name":"Omezen\u00e1 Nab\u00eddka DenBraven S\u00e1drokarton\u00e1\u0159sk\u00e1 st\u011brka 5 kg RL"}]},{"@type":"WebSite","@id":"https:\/\/www.domtechnikpro.com\/#website","url":"https:\/\/www.domtechnikpro.com\/","name":"","description":"","potentialAction":[{"@type":"SearchAction","target":{"@type":"EntryPoint","urlTemplate":"https:\/\/www.domtechnikpro.com\/?s={search_term_string}"},"query-input":{"@type":"PropertyValueSpecification","valueRequired":true,"valueName":"search_term_string"}}],"inLanguage":"cs"}]}},"_links":{"self":[{"href":"https:\/\/www.domtechnikpro.com\/index.php\/wp-json\/wp\/v2\/product\/11145","targetHints":{"allow":["GET"]}}],"collection":[{"href":"https:\/\/www.domtechnikpro.com\/index.php\/wp-json\/wp\/v2\/product"}],"about":[{"href":"https:\/\/www.domtechnikpro.com\/index.php\/wp-json\/wp\/v2\/types\/product"}],"replies":[{"embeddable":true,"href":"https:\/\/www.domtechnikpro.com\/index.php\/wp-json\/wp\/v2\/comments?post=11145"}],"wp:featuredmedia":[{"embeddable":true,"href":"https:\/\/www.domtechnikpro.com\/index.php\/wp-json\/wp\/v2\/media\/11245"}],"wp:attachment":[{"href":"https:\/\/www.domtechnikpro.com\/index.php\/wp-json\/wp\/v2\/media?parent=11145"}],"wp:term":[{"taxonomy":"product_brand","embeddable":true,"href":"https:\/\/www.domtechnikpro.com\/index.php\/wp-json\/wp\/v2\/product_brand?post=11145"},{"taxonomy":"product_cat","embeddable":true,"href":"https:\/\/www.domtechnikpro.com\/index.php\/wp-json\/wp\/v2\/product_cat?post=11145"},{"taxonomy":"product_tag","embeddable":true,"href":"https:\/\/www.domtechnikpro.com\/index.php\/wp-json\/wp\/v2\/product_tag?post=11145"}],"curies":[{"name":"wp","href":"https:\/\/api.w.org\/{rel}","templated":true}]}}