{"id":10379,"date":"2026-04-26T08:53:00","date_gmt":"2026-04-26T08:53:00","guid":{"rendered":""},"modified":"2026-04-26T08:53:00","modified_gmt":"2026-04-26T08:53:00","slug":"top-prodej-metr-skladaci-drevo-profi-2-m-bily-10379","status":"publish","type":"product","link":"https:\/\/www.domtechnikpro.com\/produkt\/top-prodej-metr-skladaci-drevo-profi-2-m-bily-10379\/","title":{"rendered":"Top Prodej Metr skl\u00e1dac\u00ed d\u0159evo PROFI 2 m B\u00edl\u00fd"},"content":{"rendered":"<div class=\"tmc_edt\">\n<ul>\n<li><font face=\"Segoe UI\">CE certifik\u00e1t<\/font><\/li>\n<li><font face=\"Segoe UI\">Vyroben z kvalitn\u00edho bukov\u00e9ho d\u0159eva, \u010desk\u00fd v\u00fdrobce<\/font><\/li>\n<li><font face=\"Segoe UI\">Odoln\u00e9 a p\u0159esn\u011b zapadaj\u00edc\u00ed z\u00e1mky zaru\u010duj\u00edc\u00ed dlouhou \u017eivotnost p\u0159i \u010dast\u00e9 manipulaci s metrem<\/font><\/li>\n<li><font face=\"Segoe UI\">Mo\u017enost aretace d\u00edlku v poloze 90\u00b0<\/font><\/li>\n<li><font face=\"Segoe UI\">V\u00edcevrstv\u00e1 barevn\u00e1 \u00faprava se svrchn\u00edm UV stabiln\u00edm lakem (odoln\u00fd proti ot\u011bru, odloupnut\u00ed a pov\u011btrnostn\u00edm vliv\u016fm)<\/font><\/li>\n<li><font face=\"Segoe UI\">Oboustrann\u00e1 stupnice v mm<\/font><\/li>\n<\/ul><\/div>\n<\/p><\/div>\n","protected":false},"excerpt":{"rendered":"<p>CE certifik\u00e1t Vyroben z kvalitn\u00edho bukov\u00e9ho d\u0159eva, \u010desk\u00fd v\u00fdrobce Odoln\u00e9 a p\u0159esn\u011b zapadaj\u00edc\u00ed z\u00e1mky zaru\u010duj\u00edc\u00ed dlouhou \u017eivotnost p\u0159i \u010dast\u00e9 manipulaci s metrem Mo\u017enost aretace d\u00edlku v poloze 90\u00b0 V\u00edcevrstv\u00e1 barevn\u00e1 \u00faprava se svrchn\u00edm UV stabiln\u00edm lakem (odoln\u00fd proti ot\u011bru, odloupnut\u00ed a pov\u011btrnostn\u00edm vliv\u016fm) Oboustrann\u00e1 stupnice v mm<\/p>\n","protected":false},"featured_media":10479,"comment_status":"open","ping_status":"open","template":"","meta":[],"product_brand":[],"product_cat":[63],"product_tag":[],"class_list":{"0":"post-10379","1":"product","2":"type-product","3":"status-publish","4":"has-post-thumbnail","6":"product_cat-naradi","8":"first","9":"instock","10":"sale","11":"shipping-taxable","12":"purchasable","13":"product-type-simple"},"yoast_head":"<!-- This site is optimized with the Yoast SEO plugin v26.8 - https:\/\/yoast.com\/product\/yoast-seo-wordpress\/ -->\n<title>Top Prodej Metr skl\u00e1dac\u00ed d\u0159evo PROFI 2 m B\u00edl\u00fd - Pr\u016fmyslov\u00e9 vybaven\u00ed a p\u0159\u00edslu\u0161enstv\u00ed<\/title>\n<meta name=\"robots\" content=\"index, follow, max-snippet:-1, max-image-preview:large, max-video-preview:-1\" \/>\n<link rel=\"canonical\" href=\"https:\/\/www.domtechnikpro.com\/index.php\/produkt\/top-prodej-metr-skladaci-drevo-profi-2-m-bily-10379\/\" \/>\n<meta property=\"og:locale\" content=\"cs_CZ\" \/>\n<meta property=\"og:type\" content=\"article\" \/>\n<meta property=\"og:title\" content=\"Top Prodej Metr skl\u00e1dac\u00ed d\u0159evo PROFI 2 m B\u00edl\u00fd - Pr\u016fmyslov\u00e9 vybaven\u00ed a p\u0159\u00edslu\u0161enstv\u00ed\" \/>\n<meta property=\"og:description\" content=\"CE certifik\u00e1t Vyroben z kvalitn\u00edho bukov\u00e9ho d\u0159eva, \u010desk\u00fd v\u00fdrobce Odoln\u00e9 a p\u0159esn\u011b zapadaj\u00edc\u00ed z\u00e1mky zaru\u010duj\u00edc\u00ed dlouhou \u017eivotnost p\u0159i \u010dast\u00e9 manipulaci s metrem Mo\u017enost aretace d\u00edlku v poloze 90\u00b0 V\u00edcevrstv\u00e1 barevn\u00e1 \u00faprava se svrchn\u00edm UV stabiln\u00edm lakem (odoln\u00fd proti ot\u011bru, odloupnut\u00ed a pov\u011btrnostn\u00edm vliv\u016fm) Oboustrann\u00e1 stupnice v mm\" \/>\n<meta property=\"og:url\" content=\"https:\/\/www.domtechnikpro.com\/index.php\/produkt\/top-prodej-metr-skladaci-drevo-profi-2-m-bily-10379\/\" \/>\n<meta property=\"og:site_name\" content=\"Pr\u016fmyslov\u00e9 vybaven\u00ed a p\u0159\u00edslu\u0161enstv\u00ed\" \/>\n<meta property=\"og:image\" content=\"https:\/\/www.domtechnikpro.com\/wp-content\/uploads\/2026\/SK0001598-CZ20260425-091813-0-1777079894-gall_54d5e763-6d2e-41eb-b993-f7f5e982b8543595-euro-naradi-m.webp\" \/>\n\t<meta property=\"og:image:width\" content=\"420\" \/>\n\t<meta property=\"og:image:height\" content=\"67\" \/>\n\t<meta property=\"og:image:type\" content=\"image\/webp\" \/>\n<meta name=\"twitter:card\" content=\"summary_large_image\" \/>\n<script type=\"application\/ld+json\" class=\"yoast-schema-graph\">{\"@context\":\"https:\/\/schema.org\",\"@graph\":[{\"@type\":\"WebPage\",\"@id\":\"https:\/\/www.domtechnikpro.com\/index.php\/produkt\/top-prodej-metr-skladaci-drevo-profi-2-m-bily-10379\/\",\"url\":\"https:\/\/www.domtechnikpro.com\/index.php\/produkt\/top-prodej-metr-skladaci-drevo-profi-2-m-bily-10379\/\",\"name\":\"Top Prodej Metr skl\u00e1dac\u00ed d\u0159evo PROFI 2 m B\u00edl\u00fd - Pr\u016fmyslov\u00e9 vybaven\u00ed a p\u0159\u00edslu\u0161enstv\u00ed\",\"isPartOf\":{\"@id\":\"https:\/\/www.domtechnikpro.com\/#website\"},\"primaryImageOfPage\":{\"@id\":\"https:\/\/www.domtechnikpro.com\/index.php\/produkt\/top-prodej-metr-skladaci-drevo-profi-2-m-bily-10379\/#primaryimage\"},\"image\":{\"@id\":\"https:\/\/www.domtechnikpro.com\/index.php\/produkt\/top-prodej-metr-skladaci-drevo-profi-2-m-bily-10379\/#primaryimage\"},\"thumbnailUrl\":\"https:\/\/www.domtechnikpro.com\/wp-content\/uploads\/2026\/SK0001598-CZ20260425-091813-0-1777079894-gall_54d5e763-6d2e-41eb-b993-f7f5e982b8543595-euro-naradi-m.webp\",\"datePublished\":\"2026-04-26T08:53:00+00:00\",\"breadcrumb\":{\"@id\":\"https:\/\/www.domtechnikpro.com\/index.php\/produkt\/top-prodej-metr-skladaci-drevo-profi-2-m-bily-10379\/#breadcrumb\"},\"inLanguage\":\"cs\",\"potentialAction\":[{\"@type\":\"ReadAction\",\"target\":[\"https:\/\/www.domtechnikpro.com\/index.php\/produkt\/top-prodej-metr-skladaci-drevo-profi-2-m-bily-10379\/\"]}]},{\"@type\":\"ImageObject\",\"inLanguage\":\"cs\",\"@id\":\"https:\/\/www.domtechnikpro.com\/index.php\/produkt\/top-prodej-metr-skladaci-drevo-profi-2-m-bily-10379\/#primaryimage\",\"url\":\"https:\/\/www.domtechnikpro.com\/wp-content\/uploads\/2026\/SK0001598-CZ20260425-091813-0-1777079894-gall_54d5e763-6d2e-41eb-b993-f7f5e982b8543595-euro-naradi-m.webp\",\"contentUrl\":\"https:\/\/www.domtechnikpro.com\/wp-content\/uploads\/2026\/SK0001598-CZ20260425-091813-0-1777079894-gall_54d5e763-6d2e-41eb-b993-f7f5e982b8543595-euro-naradi-m.webp\",\"width\":420,\"height\":67},{\"@type\":\"BreadcrumbList\",\"@id\":\"https:\/\/www.domtechnikpro.com\/index.php\/produkt\/top-prodej-metr-skladaci-drevo-profi-2-m-bily-10379\/#breadcrumb\",\"itemListElement\":[{\"@type\":\"ListItem\",\"position\":1,\"name\":\"Home\",\"item\":\"https:\/\/www.domtechnikpro.com\/\"},{\"@type\":\"ListItem\",\"position\":2,\"name\":\"Products\",\"item\":\"https:\/\/www.domtechnikpro.com\/products\/\"},{\"@type\":\"ListItem\",\"position\":3,\"name\":\"Top Prodej Metr skl\u00e1dac\u00ed d\u0159evo PROFI 2 m B\u00edl\u00fd\"}]},{\"@type\":\"WebSite\",\"@id\":\"https:\/\/www.domtechnikpro.com\/#website\",\"url\":\"https:\/\/www.domtechnikpro.com\/\",\"name\":\"Pr\u016fmyslov\u00e9 vybaven\u00ed a p\u0159\u00edslu\u0161enstv\u00ed\",\"description\":\"Pr\u016fmyslov\u00e9 vybaven\u00ed a p\u0159\u00edslu\u0161enstv\u00ed\",\"publisher\":{\"@id\":\"https:\/\/www.domtechnikpro.com\/#organization\"},\"potentialAction\":[{\"@type\":\"SearchAction\",\"target\":{\"@type\":\"EntryPoint\",\"urlTemplate\":\"https:\/\/www.domtechnikpro.com\/?s={search_term_string}\"},\"query-input\":{\"@type\":\"PropertyValueSpecification\",\"valueRequired\":true,\"valueName\":\"search_term_string\"}}],\"inLanguage\":\"cs\"},{\"@type\":\"Organization\",\"@id\":\"https:\/\/www.domtechnikpro.com\/#organization\",\"name\":\"Pr\u016fmyslov\u00e9 vybaven\u00ed a p\u0159\u00edslu\u0161enstv\u00ed\",\"url\":\"https:\/\/www.domtechnikpro.com\/\",\"logo\":{\"@type\":\"ImageObject\",\"inLanguage\":\"cs\",\"@id\":\"https:\/\/www.domtechnikpro.com\/#\/schema\/logo\/image\/\",\"url\":\"https:\/\/www.domtechnikpro.com\/wp-content\/uploads\/2026\/04\/domtechnikpro_logo_full.svg\",\"contentUrl\":\"https:\/\/www.domtechnikpro.com\/wp-content\/uploads\/2026\/04\/domtechnikpro_logo_full.svg\",\"width\":920,\"height\":180,\"caption\":\"Pr\u016fmyslov\u00e9 vybaven\u00ed a p\u0159\u00edslu\u0161enstv\u00ed\"},\"image\":{\"@id\":\"https:\/\/www.domtechnikpro.com\/#\/schema\/logo\/image\/\"}}]}<\/script>\n<!-- \/ Yoast SEO plugin. -->","yoast_head_json":{"title":"Top Prodej Metr skl\u00e1dac\u00ed d\u0159evo PROFI 2 m B\u00edl\u00fd - Pr\u016fmyslov\u00e9 vybaven\u00ed a p\u0159\u00edslu\u0161enstv\u00ed","robots":{"index":"index","follow":"follow","max-snippet":"max-snippet:-1","max-image-preview":"max-image-preview:large","max-video-preview":"max-video-preview:-1"},"canonical":"https:\/\/www.domtechnikpro.com\/index.php\/produkt\/top-prodej-metr-skladaci-drevo-profi-2-m-bily-10379\/","og_locale":"cs_CZ","og_type":"article","og_title":"Top Prodej Metr skl\u00e1dac\u00ed d\u0159evo PROFI 2 m B\u00edl\u00fd - Pr\u016fmyslov\u00e9 vybaven\u00ed a p\u0159\u00edslu\u0161enstv\u00ed","og_description":"CE certifik\u00e1t Vyroben z kvalitn\u00edho bukov\u00e9ho d\u0159eva, \u010desk\u00fd v\u00fdrobce Odoln\u00e9 a p\u0159esn\u011b zapadaj\u00edc\u00ed z\u00e1mky zaru\u010duj\u00edc\u00ed dlouhou \u017eivotnost p\u0159i \u010dast\u00e9 manipulaci s metrem Mo\u017enost aretace d\u00edlku v poloze 90\u00b0 V\u00edcevrstv\u00e1 barevn\u00e1 \u00faprava se svrchn\u00edm UV stabiln\u00edm lakem (odoln\u00fd proti ot\u011bru, odloupnut\u00ed a pov\u011btrnostn\u00edm vliv\u016fm) Oboustrann\u00e1 stupnice v mm","og_url":"https:\/\/www.domtechnikpro.com\/index.php\/produkt\/top-prodej-metr-skladaci-drevo-profi-2-m-bily-10379\/","og_site_name":"Pr\u016fmyslov\u00e9 vybaven\u00ed a p\u0159\u00edslu\u0161enstv\u00ed","og_image":[{"width":420,"height":67,"url":"https:\/\/www.domtechnikpro.com\/wp-content\/uploads\/2026\/SK0001598-CZ20260425-091813-0-1777079894-gall_54d5e763-6d2e-41eb-b993-f7f5e982b8543595-euro-naradi-m.webp","type":"image\/webp"}],"twitter_card":"summary_large_image","schema":{"@context":"https:\/\/schema.org","@graph":[{"@type":"WebPage","@id":"https:\/\/www.domtechnikpro.com\/index.php\/produkt\/top-prodej-metr-skladaci-drevo-profi-2-m-bily-10379\/","url":"https:\/\/www.domtechnikpro.com\/index.php\/produkt\/top-prodej-metr-skladaci-drevo-profi-2-m-bily-10379\/","name":"Top Prodej Metr skl\u00e1dac\u00ed d\u0159evo PROFI 2 m B\u00edl\u00fd - Pr\u016fmyslov\u00e9 vybaven\u00ed a p\u0159\u00edslu\u0161enstv\u00ed","isPartOf":{"@id":"https:\/\/www.domtechnikpro.com\/#website"},"primaryImageOfPage":{"@id":"https:\/\/www.domtechnikpro.com\/index.php\/produkt\/top-prodej-metr-skladaci-drevo-profi-2-m-bily-10379\/#primaryimage"},"image":{"@id":"https:\/\/www.domtechnikpro.com\/index.php\/produkt\/top-prodej-metr-skladaci-drevo-profi-2-m-bily-10379\/#primaryimage"},"thumbnailUrl":"https:\/\/www.domtechnikpro.com\/wp-content\/uploads\/2026\/SK0001598-CZ20260425-091813-0-1777079894-gall_54d5e763-6d2e-41eb-b993-f7f5e982b8543595-euro-naradi-m.webp","datePublished":"2026-04-26T08:53:00+00:00","breadcrumb":{"@id":"https:\/\/www.domtechnikpro.com\/index.php\/produkt\/top-prodej-metr-skladaci-drevo-profi-2-m-bily-10379\/#breadcrumb"},"inLanguage":"cs","potentialAction":[{"@type":"ReadAction","target":["https:\/\/www.domtechnikpro.com\/index.php\/produkt\/top-prodej-metr-skladaci-drevo-profi-2-m-bily-10379\/"]}]},{"@type":"ImageObject","inLanguage":"cs","@id":"https:\/\/www.domtechnikpro.com\/index.php\/produkt\/top-prodej-metr-skladaci-drevo-profi-2-m-bily-10379\/#primaryimage","url":"https:\/\/www.domtechnikpro.com\/wp-content\/uploads\/2026\/SK0001598-CZ20260425-091813-0-1777079894-gall_54d5e763-6d2e-41eb-b993-f7f5e982b8543595-euro-naradi-m.webp","contentUrl":"https:\/\/www.domtechnikpro.com\/wp-content\/uploads\/2026\/SK0001598-CZ20260425-091813-0-1777079894-gall_54d5e763-6d2e-41eb-b993-f7f5e982b8543595-euro-naradi-m.webp","width":420,"height":67},{"@type":"BreadcrumbList","@id":"https:\/\/www.domtechnikpro.com\/index.php\/produkt\/top-prodej-metr-skladaci-drevo-profi-2-m-bily-10379\/#breadcrumb","itemListElement":[{"@type":"ListItem","position":1,"name":"Home","item":"https:\/\/www.domtechnikpro.com\/"},{"@type":"ListItem","position":2,"name":"Products","item":"https:\/\/www.domtechnikpro.com\/products\/"},{"@type":"ListItem","position":3,"name":"Top Prodej Metr skl\u00e1dac\u00ed d\u0159evo PROFI 2 m B\u00edl\u00fd"}]},{"@type":"WebSite","@id":"https:\/\/www.domtechnikpro.com\/#website","url":"https:\/\/www.domtechnikpro.com\/","name":"Pr\u016fmyslov\u00e9 vybaven\u00ed a p\u0159\u00edslu\u0161enstv\u00ed","description":"Pr\u016fmyslov\u00e9 vybaven\u00ed a p\u0159\u00edslu\u0161enstv\u00ed","publisher":{"@id":"https:\/\/www.domtechnikpro.com\/#organization"},"potentialAction":[{"@type":"SearchAction","target":{"@type":"EntryPoint","urlTemplate":"https:\/\/www.domtechnikpro.com\/?s={search_term_string}"},"query-input":{"@type":"PropertyValueSpecification","valueRequired":true,"valueName":"search_term_string"}}],"inLanguage":"cs"},{"@type":"Organization","@id":"https:\/\/www.domtechnikpro.com\/#organization","name":"Pr\u016fmyslov\u00e9 vybaven\u00ed a p\u0159\u00edslu\u0161enstv\u00ed","url":"https:\/\/www.domtechnikpro.com\/","logo":{"@type":"ImageObject","inLanguage":"cs","@id":"https:\/\/www.domtechnikpro.com\/#\/schema\/logo\/image\/","url":"https:\/\/www.domtechnikpro.com\/wp-content\/uploads\/2026\/04\/domtechnikpro_logo_full.svg","contentUrl":"https:\/\/www.domtechnikpro.com\/wp-content\/uploads\/2026\/04\/domtechnikpro_logo_full.svg","width":920,"height":180,"caption":"Pr\u016fmyslov\u00e9 vybaven\u00ed a p\u0159\u00edslu\u0161enstv\u00ed"},"image":{"@id":"https:\/\/www.domtechnikpro.com\/#\/schema\/logo\/image\/"}}]}},"_links":{"self":[{"href":"https:\/\/www.domtechnikpro.com\/wp-json\/wp\/v2\/product\/10379","targetHints":{"allow":["GET"]}}],"collection":[{"href":"https:\/\/www.domtechnikpro.com\/wp-json\/wp\/v2\/product"}],"about":[{"href":"https:\/\/www.domtechnikpro.com\/wp-json\/wp\/v2\/types\/product"}],"replies":[{"embeddable":true,"href":"https:\/\/www.domtechnikpro.com\/wp-json\/wp\/v2\/comments?post=10379"}],"wp:featuredmedia":[{"embeddable":true,"href":"https:\/\/www.domtechnikpro.com\/wp-json\/wp\/v2\/media\/10479"}],"wp:attachment":[{"href":"https:\/\/www.domtechnikpro.com\/wp-json\/wp\/v2\/media?parent=10379"}],"wp:term":[{"taxonomy":"product_brand","embeddable":true,"href":"https:\/\/www.domtechnikpro.com\/wp-json\/wp\/v2\/product_brand?post=10379"},{"taxonomy":"product_cat","embeddable":true,"href":"https:\/\/www.domtechnikpro.com\/wp-json\/wp\/v2\/product_cat?post=10379"},{"taxonomy":"product_tag","embeddable":true,"href":"https:\/\/www.domtechnikpro.com\/wp-json\/wp\/v2\/product_tag?post=10379"}],"curies":[{"name":"wp","href":"https:\/\/api.w.org\/{rel}","templated":true}]}}